{"id":404,"date":"2021-04-28T16:25:11","date_gmt":"2021-04-28T14:25:11","guid":{"rendered":"https:\/\/www.univ-lorraine.fr\/culture\/?page_id=404"},"modified":"2024-09-25T13:33:40","modified_gmt":"2024-09-25T11:33:40","slug":"escales-des-sciences","status":"publish","type":"page","link":"https:\/\/www.univ-lorraine.fr\/culture\/culturesci\/programmes-territoires\/escales-des-sciences\/","title":{"rendered":"Escales des sciences"},"content":{"rendered":"<div class=\"gb-container gb-container-952d73a9\"><div class=\"gb-inside-container\">\n\n<p>L\u2019Universit\u00e9 de Lorraine dispose de nombreuses expositions, con\u00e7ues par les chercheurs et composantes de l\u2019Universit\u00e9 mais aussi par des structures partenaires. Retrouvez les expositions ouvertes au public sur <a href=\"#agenda_expos\">Factuel<\/a>.<\/p>\n\n\n\n<h2 class=\"wp-block-heading\">Expositions produites par Culture Science<\/h2>\n\n\n\n<p>Les expositions Culture Science sont r\u00e9alis\u00e9es avec les chercheurs de l\u2019Universit\u00e9 de Lorraine dans le but de vulgariser la recherche. Les expositions sillonnent aujourd&rsquo;hui le Grand Est dans le cadre d&rsquo;Escales des sciences, une initiative qui vise \u00e0 faire voyager les sciences sur le territoire, \u00e0 la rencontre des citoyens, petits et grands.<\/p>\n\n\n<div class=\"gb-grid-wrapper gb-grid-wrapper-abe7c86a\">\n<div class=\"gb-grid-column gb-grid-column-434714c6\"><div class=\"gb-container gb-container-434714c6\"><div class=\"gb-inside-container\">\n\n<figure class=\"wp-block-image alignwide size-large\"><img loading=\"lazy\" decoding=\"async\" width=\"1024\" height=\"1024\" src=\"https:\/\/www.univ-lorraine.fr\/culture\/wp-content\/uploads\/sites\/10\/2021\/05\/visuel-Tiques-1024x1024.png\" alt=\"\" class=\"wp-image-510\" srcset=\"https:\/\/www.univ-lorraine.fr\/culture\/wp-content\/uploads\/sites\/10\/2021\/05\/visuel-Tiques-1024x1024.png 1024w, https:\/\/www.univ-lorraine.fr\/culture\/wp-content\/uploads\/sites\/10\/2021\/05\/visuel-Tiques-300x300.png 300w, https:\/\/www.univ-lorraine.fr\/culture\/wp-content\/uploads\/sites\/10\/2021\/05\/visuel-Tiques-150x150.png 150w, https:\/\/www.univ-lorraine.fr\/culture\/wp-content\/uploads\/sites\/10\/2021\/05\/visuel-Tiques-768x768.png 768w, https:\/\/www.univ-lorraine.fr\/culture\/wp-content\/uploads\/sites\/10\/2021\/05\/visuel-Tiques.png 1080w\" sizes=\"auto, (max-width: 1024px) 100vw, 1024px\" \/><\/figure>\n\n\n\n<h3 class=\"gb-headline gb-headline-f3b97bee gb-headline-text lien-highlight\"><a href=\"https:\/\/www.univ-lorraine.fr\/culture\/expo-tiques\/\">Tiques : s&rsquo;informer, se prot\u00e9ger<\/a><\/h3>\n\n<\/div><\/div><\/div>\n\n<div class=\"gb-grid-column gb-grid-column-d6eb8780\"><div class=\"gb-container gb-container-d6eb8780\"><div class=\"gb-inside-container\">\n\n<figure class=\"wp-block-image alignwide size-large\"><img loading=\"lazy\" decoding=\"async\" width=\"1024\" height=\"1024\" src=\"https:\/\/www.univ-lorraine.fr\/culture\/wp-content\/uploads\/sites\/10\/2021\/04\/Ca_deboite_titre-expo-1024x1024.png\" alt=\"\" class=\"wp-image-277\" srcset=\"https:\/\/www.univ-lorraine.fr\/culture\/wp-content\/uploads\/sites\/10\/2021\/04\/Ca_deboite_titre-expo-1024x1024.png 1024w, https:\/\/www.univ-lorraine.fr\/culture\/wp-content\/uploads\/sites\/10\/2021\/04\/Ca_deboite_titre-expo-300x300.png 300w, https:\/\/www.univ-lorraine.fr\/culture\/wp-content\/uploads\/sites\/10\/2021\/04\/Ca_deboite_titre-expo-150x150.png 150w, https:\/\/www.univ-lorraine.fr\/culture\/wp-content\/uploads\/sites\/10\/2021\/04\/Ca_deboite_titre-expo-768x768.png 768w, https:\/\/www.univ-lorraine.fr\/culture\/wp-content\/uploads\/sites\/10\/2021\/04\/Ca_deboite_titre-expo.png 1100w\" sizes=\"auto, (max-width: 1024px) 100vw, 1024px\" \/><\/figure>\n\n\n\n<h3 class=\"gb-headline gb-headline-7eccd1b0 gb-headline-text lien-highlight\"><a href=\"https:\/\/www.univ-lorraine.fr\/culture\/expo-ca-deboite\/\">\u00c7a d\u00e9boite ! Explorons le bois et ses usages<\/a><\/h3>\n\n<\/div><\/div><\/div>\n\n<div class=\"gb-grid-column gb-grid-column-47da9c98\"><div class=\"gb-container gb-container-47da9c98\"><div class=\"gb-inside-container\">\n\n<figure class=\"wp-block-image alignwide size-large\"><img loading=\"lazy\" decoding=\"async\" width=\"1024\" height=\"1024\" src=\"https:\/\/www.univ-lorraine.fr\/culture\/wp-content\/uploads\/sites\/10\/2021\/05\/visuel-BB-1024x1024.png\" alt=\"\" class=\"wp-image-505\" srcset=\"https:\/\/www.univ-lorraine.fr\/culture\/wp-content\/uploads\/sites\/10\/2021\/05\/visuel-BB-1024x1024.png 1024w, https:\/\/www.univ-lorraine.fr\/culture\/wp-content\/uploads\/sites\/10\/2021\/05\/visuel-BB-300x300.png 300w, https:\/\/www.univ-lorraine.fr\/culture\/wp-content\/uploads\/sites\/10\/2021\/05\/visuel-BB-150x150.png 150w, https:\/\/www.univ-lorraine.fr\/culture\/wp-content\/uploads\/sites\/10\/2021\/05\/visuel-BB-768x768.png 768w, https:\/\/www.univ-lorraine.fr\/culture\/wp-content\/uploads\/sites\/10\/2021\/05\/visuel-BB.png 1080w\" sizes=\"auto, (max-width: 1024px) 100vw, 1024px\" \/><\/figure>\n\n\n\n<h3 class=\"gb-headline gb-headline-dbe95637 gb-headline-text lien-highlight\"><a href=\"https:\/\/www.univ-lorraine.fr\/culture\/culturesci\/expositions\/expo-bling-bling\/\">Bling&nbsp;Bling&nbsp;! L\u2019art de scruter la mati\u00e8re<\/a><\/h3>\n\n<\/div><\/div><\/div>\n\n<div class=\"gb-grid-column gb-grid-column-1c6df7e0\"><div class=\"gb-container gb-container-1c6df7e0\"><div class=\"gb-inside-container\">\n\n<figure class=\"wp-block-image alignwide size-large\"><img loading=\"lazy\" decoding=\"async\" width=\"1024\" height=\"1024\" src=\"https:\/\/www.univ-lorraine.fr\/culture\/wp-content\/uploads\/sites\/10\/2021\/10\/couverture-11thbd18_contour-1024x1024.png\" alt=\"\" class=\"wp-image-1937\" srcset=\"https:\/\/www.univ-lorraine.fr\/culture\/wp-content\/uploads\/sites\/10\/2021\/10\/couverture-11thbd18_contour-1024x1024.png 1024w, https:\/\/www.univ-lorraine.fr\/culture\/wp-content\/uploads\/sites\/10\/2021\/10\/couverture-11thbd18_contour-300x300.png 300w, https:\/\/www.univ-lorraine.fr\/culture\/wp-content\/uploads\/sites\/10\/2021\/10\/couverture-11thbd18_contour-150x150.png 150w, https:\/\/www.univ-lorraine.fr\/culture\/wp-content\/uploads\/sites\/10\/2021\/10\/couverture-11thbd18_contour-768x768.png 768w, https:\/\/www.univ-lorraine.fr\/culture\/wp-content\/uploads\/sites\/10\/2021\/10\/couverture-11thbd18_contour-1536x1536.png 1536w, https:\/\/www.univ-lorraine.fr\/culture\/wp-content\/uploads\/sites\/10\/2021\/10\/couverture-11thbd18_contour.png 1887w\" sizes=\"auto, (max-width: 1024px) 100vw, 1024px\" \/><\/figure>\n\n\n\n<h3 class=\"gb-headline gb-headline-7bf16b81 gb-headline-text lien-highlight\"><a href=\"https:\/\/www.univ-lorraine.fr\/culture\/culturesci\/expositions\/11-theses-en-bd\/\">11 th\u00e8ses en BD<\/a><\/h3>\n\n<\/div><\/div><\/div>\n\n<div class=\"gb-grid-column gb-grid-column-97cd0711\"><div class=\"gb-container gb-container-97cd0711\"><div class=\"gb-inside-container\">\n\n<figure class=\"wp-block-image alignwide size-full\"><img loading=\"lazy\" decoding=\"async\" width=\"1024\" height=\"1024\" src=\"https:\/\/www.univ-lorraine.fr\/culture\/wp-content\/uploads\/sites\/10\/2024\/09\/visuel-web_histoire-dune-biomolecule-1024x1024-1.jpg\" alt=\"\" class=\"wp-image-6060\" srcset=\"https:\/\/www.univ-lorraine.fr\/culture\/wp-content\/uploads\/sites\/10\/2024\/09\/visuel-web_histoire-dune-biomolecule-1024x1024-1.jpg 1024w, https:\/\/www.univ-lorraine.fr\/culture\/wp-content\/uploads\/sites\/10\/2024\/09\/visuel-web_histoire-dune-biomolecule-1024x1024-1-300x300.jpg 300w, https:\/\/www.univ-lorraine.fr\/culture\/wp-content\/uploads\/sites\/10\/2024\/09\/visuel-web_histoire-dune-biomolecule-1024x1024-1-150x150.jpg 150w, https:\/\/www.univ-lorraine.fr\/culture\/wp-content\/uploads\/sites\/10\/2024\/09\/visuel-web_histoire-dune-biomolecule-1024x1024-1-768x768.jpg 768w\" sizes=\"auto, (max-width: 1024px) 100vw, 1024px\" \/><\/figure>\n\n\n\n<h3 class=\"gb-headline gb-headline-daa4bf85 gb-headline-text lien-highlight\"><a href=\"https:\/\/www.univ-lorraine.fr\/culture\/culturesci\/expositions\/histoire-dune-biomolecule\">Histoire d&rsquo;une biomol\u00e9cule<\/a><\/h3>\n\n<\/div><\/div><\/div>\n<\/div>\n\n\n<h2 class=\"wp-block-heading\">Escales des sciences&nbsp;: expositions itin\u00e9rantes en Grand-Est<\/h2>\n\n\n\n<p>\u00ab&nbsp;Escales des sciences&nbsp;\u00bb est une d\u00e9marche d\u2019irrigation du territoire qui b\u00e9n\u00e9ficie du soutien de la r\u00e9gion Grand Est et qui vise \u00e0 diss\u00e9miner les cultures scientifique, technique et industrielle.<\/p>\n\n\n\n<p>En partenariat avec&nbsp;Accustica et la Nef des sciences, l\u2019Universit\u00e9 de Lorraine organise l\u2019itin\u00e9rance d\u2019expositions panneaux, d\u2019expositions sc\u00e9nographi\u00e9es cl\u00e9s en main et de malles p\u00e9dagogiques qui abordent des th\u00e8mes scientifiques g\u00e9n\u00e9raux.<\/p>\n\n\n\n<p>Ces expositions sont destin\u00e9es \u00e0 \u00eatre diffus\u00e9es aupr\u00e8s d\u2019un large public.<\/p>\n\n\n<div class=\"gb-grid-wrapper gb-grid-wrapper-bc5ccc94\">\n<div class=\"gb-grid-column gb-grid-column-f83d3501\"><div class=\"gb-container gb-container-f83d3501\"><div class=\"gb-inside-container\">\n\n<figure class=\"wp-block-image alignwide size-large\"><img loading=\"lazy\" decoding=\"async\" width=\"1024\" height=\"1024\" src=\"https:\/\/www.univ-lorraine.fr\/culture\/wp-content\/uploads\/sites\/10\/2021\/05\/visuel_catalogue_escales-1024x1024.jpg\" alt=\"\" class=\"wp-image-524\" srcset=\"https:\/\/www.univ-lorraine.fr\/culture\/wp-content\/uploads\/sites\/10\/2021\/05\/visuel_catalogue_escales-1024x1024.jpg 1024w, https:\/\/www.univ-lorraine.fr\/culture\/wp-content\/uploads\/sites\/10\/2021\/05\/visuel_catalogue_escales-300x300.jpg 300w, https:\/\/www.univ-lorraine.fr\/culture\/wp-content\/uploads\/sites\/10\/2021\/05\/visuel_catalogue_escales-150x150.jpg 150w, https:\/\/www.univ-lorraine.fr\/culture\/wp-content\/uploads\/sites\/10\/2021\/05\/visuel_catalogue_escales-768x768.jpg 768w, https:\/\/www.univ-lorraine.fr\/culture\/wp-content\/uploads\/sites\/10\/2021\/05\/visuel_catalogue_escales.jpg 1080w\" sizes=\"auto, (max-width: 1024px) 100vw, 1024px\" \/><\/figure>\n\n\n\n<h3 class=\"gb-headline gb-headline-6b755990 gb-headline-text lien-highlight\"><a href=\"https:\/\/fr.calameo.com\/read\/005677052642f35723417?fbclid=IwAR00b38Crpcz85Ml2Sm6l9uPEQQYaKfp5gO04xbCr7uI7hh94u2vhxtN0jQ\">Le catalogue<\/a><\/h3>\n\n<\/div><\/div><\/div>\n\n<div class=\"gb-grid-column gb-grid-column-c8081eb8\"><div class=\"gb-container gb-container-c8081eb8\"><div class=\"gb-inside-container\">\n\n<figure class=\"wp-block-image alignwide size-large\"><img loading=\"lazy\" decoding=\"async\" width=\"1024\" height=\"1024\" src=\"https:\/\/www.univ-lorraine.fr\/culture\/wp-content\/uploads\/sites\/10\/2021\/05\/Tuto_badge_escales-1024x1024.jpg\" alt=\"\" class=\"wp-image-523\" srcset=\"https:\/\/www.univ-lorraine.fr\/culture\/wp-content\/uploads\/sites\/10\/2021\/05\/Tuto_badge_escales-1024x1024.jpg 1024w, https:\/\/www.univ-lorraine.fr\/culture\/wp-content\/uploads\/sites\/10\/2021\/05\/Tuto_badge_escales-300x300.jpg 300w, https:\/\/www.univ-lorraine.fr\/culture\/wp-content\/uploads\/sites\/10\/2021\/05\/Tuto_badge_escales-150x150.jpg 150w, https:\/\/www.univ-lorraine.fr\/culture\/wp-content\/uploads\/sites\/10\/2021\/05\/Tuto_badge_escales-768x768.jpg 768w, https:\/\/www.univ-lorraine.fr\/culture\/wp-content\/uploads\/sites\/10\/2021\/05\/Tuto_badge_escales.jpg 1080w\" sizes=\"auto, (max-width: 1024px) 100vw, 1024px\" \/><\/figure>\n\n\n\n<h3 class=\"gb-headline gb-headline-d06a94d2 gb-headline-text lien-highlight\"><a href=\"http:\/\/factuel.univ-lorraine.fr\/sites\/factuel.univ-lorraine.fr\/files\/field\/files\/2020\/06\/tuto-comment_emprunter_une_exposition_escales_des_sciences_1.pdf\">Les conditions d&#8217;emprunt<\/a><\/h3>\n\n<\/div><\/div><\/div>\n<\/div>\n<\/div><\/div>\n\n<div class=\"gb-container gb-container-9a0ecb6c\" id=\"agenda_expos\"><div class=\"gb-inside-container\">\n\n<h2 class=\"wp-block-heading\">L&rsquo;agenda des expositions<\/h2>\n\n\n\n<h3 class=\"wp-block-heading has-text-align-center\" id=\"les-actualites-culture-science\"><\/h3>\n\n\n<div class=\"gb-container gb-container-55c28f48\"><div class=\"gb-inside-container\">\n\n<div class=\"wp-block-columns is-layout-flex wp-container-core-columns-is-layout-9d6595d7 wp-block-columns-is-layout-flex\">\n<div class=\"wp-block-column is-layout-flow wp-block-column-is-layout-flow\" style=\"flex-basis:100%\"><p>[factuel-events sort=\u00a0\u00bbdesc\u00a0\u00bb keyword=\u00a0\u00bb4699&Prime;]<\/p>\n<\/div>\n<\/div>\n\n<\/div><\/div>\n<\/div><\/div>","protected":false},"excerpt":{"rendered":"<p>L\u2019Universit\u00e9 de Lorraine dispose de nombreuses expositions, con\u00e7ues par les chercheurs et composantes de l\u2019Universit\u00e9 mais aussi par des structures partenaires. Retrouvez les expositions ouvertes au public sur Factuel. Expositions produites par Culture Science Les expositions Culture Science sont r\u00e9alis\u00e9es avec les chercheurs de l\u2019Universit\u00e9 de Lorraine dans le but de vulgariser la recherche. Les &#8230; <a title=\"Escales des sciences\" class=\"read-more\" href=\"https:\/\/www.univ-lorraine.fr\/culture\/culturesci\/programmes-territoires\/escales-des-sciences\/\" aria-label=\"En savoir plus sur Escales des sciences\">Lire plus<\/a><\/p>\n","protected":false},"author":15,"featured_media":0,"parent":3127,"menu_order":0,"comment_status":"closed","ping_status":"closed","template":"","meta":{"inline_featured_image":false,"footnotes":""},"class_list":["post-404","page","type-page","status-publish"],"yoast_head":"<!-- This site is optimized with the Yoast SEO plugin v27.4 - https:\/\/yoast.com\/product\/yoast-seo-wordpress\/ -->\n<title>Escales des sciences - Culture<\/title>\n<meta name=\"description\" content=\"Les expositions produites par Culture Science \u00e0 l&#039;Universit\u00e9 de Lorraine et le dispositif d&#039;itin\u00e9rance Escales des Sciences.\" \/>\n<meta name=\"robots\" content=\"index, follow, max-snippet:-1, max-image-preview:large, max-video-preview:-1\" \/>\n<link rel=\"canonical\" href=\"https:\/\/www.univ-lorraine.fr\/culture\/culturesci\/programmes-territoires\/escales-des-sciences\/\" \/>\n<meta property=\"og:locale\" content=\"fr_FR\" \/>\n<meta property=\"og:type\" content=\"article\" \/>\n<meta property=\"og:title\" content=\"Escales des sciences - Culture\" \/>\n<meta property=\"og:description\" content=\"Les expositions produites par Culture Science \u00e0 l&#039;Universit\u00e9 de Lorraine et le dispositif d&#039;itin\u00e9rance Escales des Sciences.\" \/>\n<meta property=\"og:url\" content=\"https:\/\/www.univ-lorraine.fr\/culture\/culturesci\/programmes-territoires\/escales-des-sciences\/\" \/>\n<meta property=\"og:site_name\" content=\"Culture\" \/>\n<meta property=\"article:modified_time\" content=\"2024-09-25T11:33:40+00:00\" \/>\n<meta property=\"og:image\" content=\"https:\/\/www.univ-lorraine.fr\/culture\/wp-content\/uploads\/sites\/10\/2021\/05\/visuel-Tiques-1024x1024.png\" \/>\n<meta name=\"twitter:card\" content=\"summary_large_image\" \/>\n<meta name=\"twitter:label1\" content=\"Dur\u00e9e de lecture estim\u00e9e\" \/>\n\t<meta name=\"twitter:data1\" content=\"3 minutes\" \/>\n<script type=\"application\/ld+json\" class=\"yoast-schema-graph\">{\"@context\":\"https:\\\/\\\/schema.org\",\"@graph\":[{\"@type\":\"WebPage\",\"@id\":\"https:\\\/\\\/www.univ-lorraine.fr\\\/culture\\\/culturesci\\\/programmes-territoires\\\/escales-des-sciences\\\/\",\"url\":\"https:\\\/\\\/www.univ-lorraine.fr\\\/culture\\\/culturesci\\\/programmes-territoires\\\/escales-des-sciences\\\/\",\"name\":\"Escales des sciences - Culture\",\"isPartOf\":{\"@id\":\"https:\\\/\\\/www.univ-lorraine.fr\\\/culture\\\/#website\"},\"primaryImageOfPage\":{\"@id\":\"https:\\\/\\\/www.univ-lorraine.fr\\\/culture\\\/culturesci\\\/programmes-territoires\\\/escales-des-sciences\\\/#primaryimage\"},\"image\":{\"@id\":\"https:\\\/\\\/www.univ-lorraine.fr\\\/culture\\\/culturesci\\\/programmes-territoires\\\/escales-des-sciences\\\/#primaryimage\"},\"thumbnailUrl\":\"https:\\\/\\\/www.univ-lorraine.fr\\\/culture\\\/wp-content\\\/uploads\\\/sites\\\/10\\\/2021\\\/05\\\/visuel-Tiques-1024x1024.png\",\"datePublished\":\"2021-04-28T14:25:11+00:00\",\"dateModified\":\"2024-09-25T11:33:40+00:00\",\"description\":\"Les expositions produites par Culture Science \u00e0 l'Universit\u00e9 de Lorraine et le dispositif d'itin\u00e9rance Escales des Sciences.\",\"breadcrumb\":{\"@id\":\"https:\\\/\\\/www.univ-lorraine.fr\\\/culture\\\/culturesci\\\/programmes-territoires\\\/escales-des-sciences\\\/#breadcrumb\"},\"inLanguage\":\"fr-FR\",\"potentialAction\":[{\"@type\":\"ReadAction\",\"target\":[\"https:\\\/\\\/www.univ-lorraine.fr\\\/culture\\\/culturesci\\\/programmes-territoires\\\/escales-des-sciences\\\/\"]}]},{\"@type\":\"ImageObject\",\"inLanguage\":\"fr-FR\",\"@id\":\"https:\\\/\\\/www.univ-lorraine.fr\\\/culture\\\/culturesci\\\/programmes-territoires\\\/escales-des-sciences\\\/#primaryimage\",\"url\":\"https:\\\/\\\/www.univ-lorraine.fr\\\/culture\\\/wp-content\\\/uploads\\\/sites\\\/10\\\/2021\\\/05\\\/visuel-Tiques.png\",\"contentUrl\":\"https:\\\/\\\/www.univ-lorraine.fr\\\/culture\\\/wp-content\\\/uploads\\\/sites\\\/10\\\/2021\\\/05\\\/visuel-Tiques.png\",\"width\":1080,\"height\":1080},{\"@type\":\"BreadcrumbList\",\"@id\":\"https:\\\/\\\/www.univ-lorraine.fr\\\/culture\\\/culturesci\\\/programmes-territoires\\\/escales-des-sciences\\\/#breadcrumb\",\"itemListElement\":[{\"@type\":\"ListItem\",\"position\":1,\"name\":\"Accueil\",\"item\":\"https:\\\/\\\/www.univ-lorraine.fr\\\/culture\\\/\"},{\"@type\":\"ListItem\",\"position\":2,\"name\":\"Science Avec et Pour la Soci\u00e9t\u00e9\",\"item\":\"https:\\\/\\\/www.univ-lorraine.fr\\\/culture\\\/culturesci\\\/\"},{\"@type\":\"ListItem\",\"position\":3,\"name\":\"Programmes en territoires\",\"item\":\"https:\\\/\\\/www.univ-lorraine.fr\\\/culture\\\/culturesci\\\/programmes-territoires\\\/\"},{\"@type\":\"ListItem\",\"position\":4,\"name\":\"Escales des sciences\"}]},{\"@type\":\"WebSite\",\"@id\":\"https:\\\/\\\/www.univ-lorraine.fr\\\/culture\\\/#website\",\"url\":\"https:\\\/\\\/www.univ-lorraine.fr\\\/culture\\\/\",\"name\":\"Culture\",\"description\":\"\",\"publisher\":{\"@id\":\"https:\\\/\\\/www.univ-lorraine.fr\\\/culture\\\/#organization\"},\"potentialAction\":[{\"@type\":\"SearchAction\",\"target\":{\"@type\":\"EntryPoint\",\"urlTemplate\":\"https:\\\/\\\/www.univ-lorraine.fr\\\/culture\\\/?s={search_term_string}\"},\"query-input\":{\"@type\":\"PropertyValueSpecification\",\"valueRequired\":true,\"valueName\":\"search_term_string\"}}],\"inLanguage\":\"fr-FR\"},{\"@type\":\"Organization\",\"@id\":\"https:\\\/\\\/www.univ-lorraine.fr\\\/culture\\\/#organization\",\"name\":\"Universit\u00e9 de Lorraine\",\"url\":\"https:\\\/\\\/www.univ-lorraine.fr\\\/culture\\\/\",\"logo\":{\"@type\":\"ImageObject\",\"inLanguage\":\"fr-FR\",\"@id\":\"https:\\\/\\\/www.univ-lorraine.fr\\\/culture\\\/#\\\/schema\\\/logo\\\/image\\\/\",\"url\":\"https:\\\/\\\/www.univ-lorraine.fr\\\/culture\\\/wp-content\\\/uploads\\\/sites\\\/10\\\/2021\\\/01\\\/LOGO_UL.png\",\"contentUrl\":\"https:\\\/\\\/www.univ-lorraine.fr\\\/culture\\\/wp-content\\\/uploads\\\/sites\\\/10\\\/2021\\\/01\\\/LOGO_UL.png\",\"width\":138,\"height\":48,\"caption\":\"Universit\u00e9 de Lorraine\"},\"image\":{\"@id\":\"https:\\\/\\\/www.univ-lorraine.fr\\\/culture\\\/#\\\/schema\\\/logo\\\/image\\\/\"}}]}<\/script>\n<!-- \/ Yoast SEO plugin. -->","yoast_head_json":{"title":"Escales des sciences - Culture","description":"Les expositions produites par Culture Science \u00e0 l'Universit\u00e9 de Lorraine et le dispositif d'itin\u00e9rance Escales des Sciences.","robots":{"index":"index","follow":"follow","max-snippet":"max-snippet:-1","max-image-preview":"max-image-preview:large","max-video-preview":"max-video-preview:-1"},"canonical":"https:\/\/www.univ-lorraine.fr\/culture\/culturesci\/programmes-territoires\/escales-des-sciences\/","og_locale":"fr_FR","og_type":"article","og_title":"Escales des sciences - Culture","og_description":"Les expositions produites par Culture Science \u00e0 l'Universit\u00e9 de Lorraine et le dispositif d'itin\u00e9rance Escales des Sciences.","og_url":"https:\/\/www.univ-lorraine.fr\/culture\/culturesci\/programmes-territoires\/escales-des-sciences\/","og_site_name":"Culture","article_modified_time":"2024-09-25T11:33:40+00:00","og_image":[{"url":"https:\/\/www.univ-lorraine.fr\/culture\/wp-content\/uploads\/sites\/10\/2021\/05\/visuel-Tiques-1024x1024.png","type":"","width":"","height":""}],"twitter_card":"summary_large_image","twitter_misc":{"Dur\u00e9e de lecture estim\u00e9e":"3 minutes"},"schema":{"@context":"https:\/\/schema.org","@graph":[{"@type":"WebPage","@id":"https:\/\/www.univ-lorraine.fr\/culture\/culturesci\/programmes-territoires\/escales-des-sciences\/","url":"https:\/\/www.univ-lorraine.fr\/culture\/culturesci\/programmes-territoires\/escales-des-sciences\/","name":"Escales des sciences - Culture","isPartOf":{"@id":"https:\/\/www.univ-lorraine.fr\/culture\/#website"},"primaryImageOfPage":{"@id":"https:\/\/www.univ-lorraine.fr\/culture\/culturesci\/programmes-territoires\/escales-des-sciences\/#primaryimage"},"image":{"@id":"https:\/\/www.univ-lorraine.fr\/culture\/culturesci\/programmes-territoires\/escales-des-sciences\/#primaryimage"},"thumbnailUrl":"https:\/\/www.univ-lorraine.fr\/culture\/wp-content\/uploads\/sites\/10\/2021\/05\/visuel-Tiques-1024x1024.png","datePublished":"2021-04-28T14:25:11+00:00","dateModified":"2024-09-25T11:33:40+00:00","description":"Les expositions produites par Culture Science \u00e0 l'Universit\u00e9 de Lorraine et le dispositif d'itin\u00e9rance Escales des Sciences.","breadcrumb":{"@id":"https:\/\/www.univ-lorraine.fr\/culture\/culturesci\/programmes-territoires\/escales-des-sciences\/#breadcrumb"},"inLanguage":"fr-FR","potentialAction":[{"@type":"ReadAction","target":["https:\/\/www.univ-lorraine.fr\/culture\/culturesci\/programmes-territoires\/escales-des-sciences\/"]}]},{"@type":"ImageObject","inLanguage":"fr-FR","@id":"https:\/\/www.univ-lorraine.fr\/culture\/culturesci\/programmes-territoires\/escales-des-sciences\/#primaryimage","url":"https:\/\/www.univ-lorraine.fr\/culture\/wp-content\/uploads\/sites\/10\/2021\/05\/visuel-Tiques.png","contentUrl":"https:\/\/www.univ-lorraine.fr\/culture\/wp-content\/uploads\/sites\/10\/2021\/05\/visuel-Tiques.png","width":1080,"height":1080},{"@type":"BreadcrumbList","@id":"https:\/\/www.univ-lorraine.fr\/culture\/culturesci\/programmes-territoires\/escales-des-sciences\/#breadcrumb","itemListElement":[{"@type":"ListItem","position":1,"name":"Accueil","item":"https:\/\/www.univ-lorraine.fr\/culture\/"},{"@type":"ListItem","position":2,"name":"Science Avec et Pour la Soci\u00e9t\u00e9","item":"https:\/\/www.univ-lorraine.fr\/culture\/culturesci\/"},{"@type":"ListItem","position":3,"name":"Programmes en territoires","item":"https:\/\/www.univ-lorraine.fr\/culture\/culturesci\/programmes-territoires\/"},{"@type":"ListItem","position":4,"name":"Escales des sciences"}]},{"@type":"WebSite","@id":"https:\/\/www.univ-lorraine.fr\/culture\/#website","url":"https:\/\/www.univ-lorraine.fr\/culture\/","name":"Culture","description":"","publisher":{"@id":"https:\/\/www.univ-lorraine.fr\/culture\/#organization"},"potentialAction":[{"@type":"SearchAction","target":{"@type":"EntryPoint","urlTemplate":"https:\/\/www.univ-lorraine.fr\/culture\/?s={search_term_string}"},"query-input":{"@type":"PropertyValueSpecification","valueRequired":true,"valueName":"search_term_string"}}],"inLanguage":"fr-FR"},{"@type":"Organization","@id":"https:\/\/www.univ-lorraine.fr\/culture\/#organization","name":"Universit\u00e9 de Lorraine","url":"https:\/\/www.univ-lorraine.fr\/culture\/","logo":{"@type":"ImageObject","inLanguage":"fr-FR","@id":"https:\/\/www.univ-lorraine.fr\/culture\/#\/schema\/logo\/image\/","url":"https:\/\/www.univ-lorraine.fr\/culture\/wp-content\/uploads\/sites\/10\/2021\/01\/LOGO_UL.png","contentUrl":"https:\/\/www.univ-lorraine.fr\/culture\/wp-content\/uploads\/sites\/10\/2021\/01\/LOGO_UL.png","width":138,"height":48,"caption":"Universit\u00e9 de Lorraine"},"image":{"@id":"https:\/\/www.univ-lorraine.fr\/culture\/#\/schema\/logo\/image\/"}}]}},"_links":{"self":[{"href":"https:\/\/www.univ-lorraine.fr\/culture\/wp-json\/wp\/v2\/pages\/404","targetHints":{"allow":["GET"]}}],"collection":[{"href":"https:\/\/www.univ-lorraine.fr\/culture\/wp-json\/wp\/v2\/pages"}],"about":[{"href":"https:\/\/www.univ-lorraine.fr\/culture\/wp-json\/wp\/v2\/types\/page"}],"author":[{"embeddable":true,"href":"https:\/\/www.univ-lorraine.fr\/culture\/wp-json\/wp\/v2\/users\/15"}],"replies":[{"embeddable":true,"href":"https:\/\/www.univ-lorraine.fr\/culture\/wp-json\/wp\/v2\/comments?post=404"}],"version-history":[{"count":28,"href":"https:\/\/www.univ-lorraine.fr\/culture\/wp-json\/wp\/v2\/pages\/404\/revisions"}],"predecessor-version":[{"id":6061,"href":"https:\/\/www.univ-lorraine.fr\/culture\/wp-json\/wp\/v2\/pages\/404\/revisions\/6061"}],"up":[{"embeddable":true,"href":"https:\/\/www.univ-lorraine.fr\/culture\/wp-json\/wp\/v2\/pages\/3127"}],"wp:attachment":[{"href":"https:\/\/www.univ-lorraine.fr\/culture\/wp-json\/wp\/v2\/media?parent=404"}],"curies":[{"name":"wp","href":"https:\/\/api.w.org\/{rel}","templated":true}]}}