{"version":"1.0","provider_name":"\u00c9tudes et handicap","provider_url":"https:\/\/www.univ-lorraine.fr\/handicap","author_name":"Dominique Vucko","author_url":"https:\/\/www.univ-lorraine.fr\/handicap\/author\/dominique-vucko\/","title":"D\u00e9claration d'accessibilit\u00e9 - \u00c9tudes et handicap","type":"rich","width":600,"height":338,"html":"<blockquote class=\"wp-embedded-content\" data-secret=\"YPur3DBtTE\"><a href=\"https:\/\/www.univ-lorraine.fr\/handicap\/declaration-accessibilite\/\">D\u00e9claration d&rsquo;accessibilit\u00e9<\/a><\/blockquote><iframe sandbox=\"allow-scripts\" security=\"restricted\" src=\"https:\/\/www.univ-lorraine.fr\/handicap\/declaration-accessibilite\/embed\/#?secret=YPur3DBtTE\" width=\"600\" height=\"338\" title=\"\u00ab\u00a0D\u00e9claration d&rsquo;accessibilit\u00e9\u00a0\u00bb &#8212; \u00c9tudes et handicap\" data-secret=\"YPur3DBtTE\" frameborder=\"0\" marginwidth=\"0\" marginheight=\"0\" scrolling=\"no\" class=\"wp-embedded-content\"><\/iframe><script>\n\/*! This file is auto-generated *\/\n!function(d,l){\"use strict\";l.querySelector&&d.addEventListener&&\"undefined\"!=typeof URL&&(d.wp=d.wp||{},d.wp.receiveEmbedMessage||(d.wp.receiveEmbedMessage=function(e){var t=e.data;if((t||t.secret||t.message||t.value)&&!\/[^a-zA-Z0-9]\/.test(t.secret)){for(var s,r,n,a=l.querySelectorAll('iframe[data-secret=\"'+t.secret+'\"]'),o=l.querySelectorAll('blockquote[data-secret=\"'+t.secret+'\"]'),c=new RegExp(\"^https?:$\",\"i\"),i=0;i<o.length;i++)o[i].style.display=\"none\";for(i=0;i<a.length;i++)s=a[i],e.source===s.contentWindow&&(s.removeAttribute(\"style\"),\"height\"===t.message?(1e3<(r=parseInt(t.value,10))?r=1e3:~~r<200&&(r=200),s.height=r):\"link\"===t.message&&(r=new URL(s.getAttribute(\"src\")),n=new URL(t.value),c.test(n.protocol))&&n.host===r.host&&l.activeElement===s&&(d.top.location.href=t.value))}},d.addEventListener(\"message\",d.wp.receiveEmbedMessage,!1),l.addEventListener(\"DOMContentLoaded\",function(){for(var e,t,s=l.querySelectorAll(\"iframe.wp-embedded-content\"),r=0;r<s.length;r++)(t=(e=s[r]).getAttribute(\"data-secret\"))||(t=Math.random().toString(36).substring(2,12),e.src+=\"#?secret=\"+t,e.setAttribute(\"data-secret\",t)),e.contentWindow.postMessage({message:\"ready\",secret:t},\"*\")},!1)))}(window,document);\n\/\/# sourceURL=https:\/\/www.univ-lorraine.fr\/handicap\/wp-includes\/js\/wp-embed.min.js\n<\/script>\n","description":"L&rsquo;Universit\u00e9 de Lorraine s\u2019engage \u00e0 rendre ses sites internet, intranet, extranet et ses progiciels accessibles (et ses applications mobiles et mobilier urbain num\u00e9rique) conform\u00e9ment \u00e0 l\u2019article 47 de la loi n\u00b02005-102 du 11 f\u00e9vrier 2005. \u00c0 cette fin, elle met en \u0153uvre la strat\u00e9gie et les actions suivantes : Cette d\u00e9claration d\u2019accessibilit\u00e9 s\u2019applique \u00e0 https:\/\/www.univ-lorraine.fr\/handicap ... Lire plus"}