{"id":210,"date":"2022-03-16T09:28:09","date_gmt":"2022-03-16T08:28:09","guid":{"rendered":"https:\/\/www.univ-lorraine.fr\/handicap\/?page_id=210"},"modified":"2024-11-22T11:54:56","modified_gmt":"2024-11-22T10:54:56","slug":"declaration-accessibilite","status":"publish","type":"page","link":"https:\/\/www.univ-lorraine.fr\/handicap\/declaration-accessibilite\/","title":{"rendered":"D\u00e9claration d&rsquo;accessibilit\u00e9"},"content":{"rendered":"\n<p>L&rsquo;Universit\u00e9 de Lorraine s\u2019engage \u00e0 rendre ses sites internet, intranet, extranet et ses progiciels accessibles (et ses applications mobiles et mobilier urbain num\u00e9rique) conform\u00e9ment \u00e0 l\u2019article 47 de la loi n\u00b02005-102 du 11 f\u00e9vrier 2005.<\/p>\n\n\n\n<p>\u00c0 cette fin, elle met en \u0153uvre la strat\u00e9gie et les actions suivantes :<\/p>\n\n\n\n<ul class=\"wp-block-list\">\n<li>Sch\u00e9ma pluriannuel de mise en accessibilit\u00e9 2024-2026 &#8211; en cours de r\u00e9daction<\/li>\n\n\n\n<li>Actions r\u00e9alis\u00e9es en 2019-2021 &#8211; <a href=\"https:\/\/www.univ-lorraine.fr\/wp-content\/uploads\/2020\/12\/bilan_handi_2019_web.pdf\">bilan 2019 (pdf, 4.7 Mo),<\/a> <a href=\"https:\/\/www.univ-lorraine.fr\/egalite-diversite-inclusion\/wp-content\/uploads\/sites\/36\/2022\/03\/bilan_execution_schema_directeur_handicap_2020.pdf\">bilan 2020 (pdf, 2.2Mo)<\/a>, <a href=\"https:\/\/www.univ-lorraine.fr\/wp-content\/uploads\/2023\/09\/bilan-sdh-2021-def.pdf\">bilan 2021 (pdf, 6 Mo)<\/a><\/li>\n<\/ul>\n\n\n\n<p>Cette d\u00e9claration d\u2019accessibilit\u00e9 s\u2019applique \u00e0 <a href=\"https:\/\/www.univ-lorraine.fr\/handicap\">https:\/\/www.univ-lorraine.fr\/handicap<\/a><\/p>\n\n\n\n<h2 class=\"wp-block-heading\">\u00c9tat de conformit\u00e9<\/h2>\n\n\n\n<p>Le site du handicap, <a href=\"https:\/\/www.univ-lorraine.fr\/handicap\/\" target=\"_blank\" rel=\"noreferrer noopener\">https:\/\/www.univ-lorraine.fr\/handicap<\/a> est partiellement conforme avec le r\u00e9f\u00e9rentiel g\u00e9n\u00e9ral d\u2019am\u00e9lioration de l\u2019accessibilit\u00e9 (RGAA), version 4 en raison des non-conformit\u00e9s et des d\u00e9rogations \u00e9num\u00e9r\u00e9es ci-dessous.<\/p>\n\n\n\n<h3 class=\"wp-block-heading\">R\u00e9sultats des tests<\/h3>\n\n\n\n<p>L\u2019audit de conformit\u00e9 r\u00e9alis\u00e9 par la R\u00e9f\u00e9rente Accessibilit\u00e9 de l&rsquo;Universit\u00e9 de Lorraine r\u00e9v\u00e8le que :<\/p>\n\n\n\n<ul class=\"wp-block-list\">\n<li>97% des crit\u00e8res du RGAA version 4 sont respect\u00e9s<\/li>\n<\/ul>\n\n\n\n<h2 class=\"wp-block-heading\">Contenus non accessibles<\/h2>\n\n\n\n<h3 class=\"wp-block-heading\">Non-conformit\u00e9s<\/h3>\n\n\n\n<p><\/p>\n\n\n\n<ul class=\"wp-block-list\">\n<li>La taille du champs email dans le formulaire de contact est fix\u00e9e dans le code html de la page. Cette erreur est inh\u00e9rente \u00e0 l&rsquo;extension utilis\u00e9e pour g\u00e9n\u00e9rer le formulaire de contact et ne pourra \u00eatre corrig\u00e9e que dans une mise \u00e0 jour de l&rsquo;extension<\/li>\n\n\n\n<li>Le  nom accessible du lien du menu \u00ab\u00a0accompagnement au quotidien\u00a0\u00bb ne contient pas l&rsquo;intitul\u00e9 visible.<\/li>\n<\/ul>\n\n\n\n<h2 class=\"wp-block-heading\">\u00c9tablissement de cette d\u00e9claration d\u2019accessibilit\u00e9<\/h2>\n\n\n\n<p>Cette d\u00e9claration a \u00e9t\u00e9 \u00e9tablie le 22\/11\/2024.<\/p>\n\n\n\n<h3 class=\"wp-block-heading\">Technologies utilis\u00e9es pour la r\u00e9alisation du site du handicap, https:\/\/www.univ-lorraine.fr\/handicap<\/h3>\n\n\n\n<ul class=\"wp-block-list\">\n<li>HTML5<\/li>\n\n\n\n<li>CSS<\/li>\n\n\n\n<li>WordPress<\/li>\n<\/ul>\n\n\n\n<h3 class=\"wp-block-heading\">Environnement de test<\/h3>\n\n\n\n<p>Les v\u00e9rifications de restitution de contenus ont \u00e9t\u00e9 r\u00e9alis\u00e9es sur la base de la combinaison fournie par la base de r\u00e9f\u00e9rence du RGAA, avec les versions suivantes :<\/p>\n\n\n\n<ul class=\"wp-block-list\">\n<li>Firefox et NVDA<\/li>\n\n\n\n<li>Chrome et NVDA<\/li>\n<\/ul>\n\n\n\n<h3 class=\"wp-block-heading\">Outils pour \u00e9valuer l\u2019accessibilit\u00e9<\/h3>\n\n\n\n<ul class=\"wp-block-list\">\n<li>contrast color<\/li>\n\n\n\n<li>Grille d&rsquo;audit RGAA<\/li>\n\n\n\n<li>Wave<\/li>\n\n\n\n<li>Extension Tanaguru<\/li>\n\n\n\n<li>Lecteur d&rsquo;\u00e9cran NVDA<\/li>\n<\/ul>\n\n\n\n<h3 class=\"wp-block-heading\">Pages du site ayant fait l\u2019objet de la v\u00e9rification de conformit\u00e9<\/h3>\n\n\n\n<ol class=\"wp-block-list\">\n<li><a href=\"https:\/\/www.univ-lorraine.fr\/handicap\/\">page d\u2019accueil<\/a><\/li>\n\n\n\n<li><a href=\"https:\/\/www.univ-lorraine.fr\/handicap\/handicap-et-superieur\/\">page avant d&rsquo;entrer \u00e0 l&rsquo;universit\u00e9<\/a><\/li>\n\n\n\n<li><a href=\"https:\/\/www.univ-lorraine.fr\/handicap\/demarches-damenagement\/inscription-administrative-et-pedagogique\/\">page accueil personnalis\u00e9<\/a><\/li>\n\n\n\n<li><a href=\"https:\/\/www.univ-lorraine.fr\/handicap\/culture-sport-et-erasmus-des-services-qui-sadaptent\/\">page des services qui s&rsquo;adaptent<\/a><\/li>\n\n\n\n<li><a href=\"https:\/\/www.univ-lorraine.fr\/handicap\/contact\/\">page contact<\/a><\/li>\n\n\n\n<li><a href=\"https:\/\/www.univ-lorraine.fr\/handicap\/plan-du-site\/\">page plan du site<\/a><\/li>\n<\/ol>\n\n\n\n<h2 class=\"wp-block-heading\">Retour d\u2019information et contact<\/h2>\n\n\n\n<p>Si vous n\u2019arrivez pas \u00e0 acc\u00e9der \u00e0 un contenu ou \u00e0 un service, vous pouvez contacter le responsable du site du handicap, https:\/\/www.univ-lorraine.fr\/handicap pour \u00eatre orient\u00e9 vers une alternative accessible ou obtenir le contenu sous une autre forme.<\/p>\n\n\n\n<ul class=\"wp-block-list\">\n<li>Envoyer un message via <a href=\"https:\/\/www.univ-lorraine.fr\/handicap\/contact\/\">le formulaire en ligne<\/a><\/li>\n\n\n\n<li>Contacter l&rsquo;Universit\u00e9 de Lorraine via <a href=\"https:\/\/www.univ-lorraine.fr\/contact\/\">son formulaire en ligne<\/a> ou la<a href=\"&#x64;&#110;&#x2d;&#x61;&#99;&#x63;&#x65;&#115;&#x73;&#x69;&#98;&#x69;&#x6c;i&#x74;&#x65;w&#x65;&#98;-&#x63;&#111;n&#x74;&#97;c&#x74;&#64;u&#x6e;&#105;v&#x2d;&#108;o&#x72;&#114;a&#x69;&#110;e&#x2e;&#102;r\"> Responsable Accessibilit\u00e9 Num\u00e9rique par mail<\/a><\/li>\n<\/ul>\n\n\n\n<h2 class=\"wp-block-heading\">Voies de recours<\/h2>\n\n\n\n<p>Si vous constatez un d\u00e9faut d\u2019accessibilit\u00e9 vous emp\u00eachant d\u2019acc\u00e9der \u00e0 un contenu ou une fonctionnalit\u00e9 du site, que vous nous le signalez et que vous ne parvenez pas \u00e0 obtenir une r\u00e9ponse de notre part, vous \u00eates en droit de faire parvenir vos dol\u00e9ances ou une demande de saisine au D\u00e9fenseur des droits.<\/p>\n\n\n\n<p>Plusieurs moyens sont \u00e0 votre disposition :<\/p>\n\n\n\n<ul class=\"wp-block-list\">\n<li><a href=\"https:\/\/formulaire.defenseurdesdroits.fr\">\u00c9crire un message au D\u00e9fenseur des droits<\/a><\/li>\n\n\n\n<li><a href=\"https:\/\/www.defenseurdesdroits.fr\/saisir\/delegues\">Contacter le d\u00e9l\u00e9gu\u00e9 du D\u00e9fenseur des droits dans votre r\u00e9gion<\/a><\/li>\n\n\n\n<li>Envoyer un courrier par la poste (gratuit, ne pas mettre de timbre)<br>D\u00e9fenseur des droits<br>Libre r\u00e9ponse 71120<br>75342 Paris CEDEX 07<\/li>\n<\/ul>\n","protected":false},"excerpt":{"rendered":"<p>L&rsquo;Universit\u00e9 de Lorraine s\u2019engage \u00e0 rendre ses sites internet, intranet, extranet et ses progiciels accessibles (et ses applications mobiles et mobilier urbain num\u00e9rique) conform\u00e9ment \u00e0 l\u2019article 47 de la loi n\u00b02005-102 du 11 f\u00e9vrier 2005. \u00c0 cette fin, elle met en \u0153uvre la strat\u00e9gie et les actions suivantes : Cette d\u00e9claration d\u2019accessibilit\u00e9 s\u2019applique \u00e0 https:\/\/www.univ-lorraine.fr\/handicap &#8230; <a title=\"D\u00e9claration d&rsquo;accessibilit\u00e9\" class=\"read-more\" href=\"https:\/\/www.univ-lorraine.fr\/handicap\/declaration-accessibilite\/\" aria-label=\"En savoir plus sur D\u00e9claration d&rsquo;accessibilit\u00e9\">Lire plus<\/a><\/p>\n","protected":false},"author":3,"featured_media":0,"parent":0,"menu_order":0,"comment_status":"closed","ping_status":"closed","template":"","meta":{"inline_featured_image":false,"footnotes":""},"class_list":["post-210","page","type-page","status-publish"],"yoast_head":"<!-- This site is optimized with the Yoast SEO plugin v27.4 - https:\/\/yoast.com\/product\/yoast-seo-wordpress\/ -->\n<title>D\u00e9claration d&#039;accessibilit\u00e9 - \u00c9tudes et handicap<\/title>\n<meta name=\"robots\" content=\"index, follow, max-snippet:-1, max-image-preview:large, max-video-preview:-1\" \/>\n<link rel=\"canonical\" href=\"https:\/\/www.univ-lorraine.fr\/handicap\/declaration-accessibilite\/\" \/>\n<meta property=\"og:locale\" content=\"fr_FR\" \/>\n<meta property=\"og:type\" content=\"article\" \/>\n<meta property=\"og:title\" content=\"D\u00e9claration d&#039;accessibilit\u00e9 - \u00c9tudes et handicap\" \/>\n<meta property=\"og:description\" content=\"L&rsquo;Universit\u00e9 de Lorraine s\u2019engage \u00e0 rendre ses sites internet, intranet, extranet et ses progiciels accessibles (et ses applications mobiles et mobilier urbain num\u00e9rique) conform\u00e9ment \u00e0 l\u2019article 47 de la loi n\u00b02005-102 du 11 f\u00e9vrier 2005. \u00c0 cette fin, elle met en \u0153uvre la strat\u00e9gie et les actions suivantes : Cette d\u00e9claration d\u2019accessibilit\u00e9 s\u2019applique \u00e0 https:\/\/www.univ-lorraine.fr\/handicap ... Lire plus\" \/>\n<meta property=\"og:url\" content=\"https:\/\/www.univ-lorraine.fr\/handicap\/declaration-accessibilite\/\" \/>\n<meta property=\"og:site_name\" content=\"\u00c9tudes et handicap\" \/>\n<meta property=\"article:modified_time\" content=\"2024-11-22T10:54:56+00:00\" \/>\n<meta name=\"twitter:card\" content=\"summary_large_image\" \/>\n<script type=\"application\/ld+json\" class=\"yoast-schema-graph\">{\"@context\":\"https:\\\/\\\/schema.org\",\"@graph\":[{\"@type\":\"WebPage\",\"@id\":\"https:\\\/\\\/www.univ-lorraine.fr\\\/handicap\\\/declaration-accessibilite\\\/\",\"url\":\"https:\\\/\\\/www.univ-lorraine.fr\\\/handicap\\\/declaration-accessibilite\\\/\",\"name\":\"D\u00e9claration d'accessibilit\u00e9 - \u00c9tudes et handicap\",\"isPartOf\":{\"@id\":\"https:\\\/\\\/www.univ-lorraine.fr\\\/handicap\\\/#website\"},\"datePublished\":\"2022-03-16T08:28:09+00:00\",\"dateModified\":\"2024-11-22T10:54:56+00:00\",\"breadcrumb\":{\"@id\":\"https:\\\/\\\/www.univ-lorraine.fr\\\/handicap\\\/declaration-accessibilite\\\/#breadcrumb\"},\"inLanguage\":\"fr-FR\",\"potentialAction\":[{\"@type\":\"ReadAction\",\"target\":[\"https:\\\/\\\/www.univ-lorraine.fr\\\/handicap\\\/declaration-accessibilite\\\/\"]}]},{\"@type\":\"BreadcrumbList\",\"@id\":\"https:\\\/\\\/www.univ-lorraine.fr\\\/handicap\\\/declaration-accessibilite\\\/#breadcrumb\",\"itemListElement\":[{\"@type\":\"ListItem\",\"position\":1,\"name\":\"Accueil\",\"item\":\"https:\\\/\\\/www.univ-lorraine.fr\\\/handicap\\\/\"},{\"@type\":\"ListItem\",\"position\":2,\"name\":\"D\u00e9claration d&rsquo;accessibilit\u00e9\"}]},{\"@type\":\"WebSite\",\"@id\":\"https:\\\/\\\/www.univ-lorraine.fr\\\/handicap\\\/#website\",\"url\":\"https:\\\/\\\/www.univ-lorraine.fr\\\/handicap\\\/\",\"name\":\"\u00c9tudes et handicap\",\"description\":\"Faire dialoguer les savoirs, c\u2019est innover\",\"publisher\":{\"@id\":\"https:\\\/\\\/www.univ-lorraine.fr\\\/handicap\\\/#organization\"},\"potentialAction\":[{\"@type\":\"SearchAction\",\"target\":{\"@type\":\"EntryPoint\",\"urlTemplate\":\"https:\\\/\\\/www.univ-lorraine.fr\\\/handicap\\\/?s={search_term_string}\"},\"query-input\":{\"@type\":\"PropertyValueSpecification\",\"valueRequired\":true,\"valueName\":\"search_term_string\"}}],\"inLanguage\":\"fr-FR\"},{\"@type\":\"Organization\",\"@id\":\"https:\\\/\\\/www.univ-lorraine.fr\\\/handicap\\\/#organization\",\"name\":\"Universit\u00e9 de Lorraine\",\"url\":\"https:\\\/\\\/www.univ-lorraine.fr\\\/handicap\\\/\",\"logo\":{\"@type\":\"ImageObject\",\"inLanguage\":\"fr-FR\",\"@id\":\"https:\\\/\\\/www.univ-lorraine.fr\\\/handicap\\\/#\\\/schema\\\/logo\\\/image\\\/\",\"url\":\"https:\\\/\\\/www.univ-lorraine.fr\\\/handicap\\\/wp-content\\\/uploads\\\/sites\\\/51\\\/2021\\\/01\\\/LOGO_UL.png\",\"contentUrl\":\"https:\\\/\\\/www.univ-lorraine.fr\\\/handicap\\\/wp-content\\\/uploads\\\/sites\\\/51\\\/2021\\\/01\\\/LOGO_UL.png\",\"width\":138,\"height\":48,\"caption\":\"Universit\u00e9 de Lorraine\"},\"image\":{\"@id\":\"https:\\\/\\\/www.univ-lorraine.fr\\\/handicap\\\/#\\\/schema\\\/logo\\\/image\\\/\"}}]}<\/script>\n<!-- \/ Yoast SEO plugin. -->","yoast_head_json":{"title":"D\u00e9claration d'accessibilit\u00e9 - \u00c9tudes et handicap","robots":{"index":"index","follow":"follow","max-snippet":"max-snippet:-1","max-image-preview":"max-image-preview:large","max-video-preview":"max-video-preview:-1"},"canonical":"https:\/\/www.univ-lorraine.fr\/handicap\/declaration-accessibilite\/","og_locale":"fr_FR","og_type":"article","og_title":"D\u00e9claration d'accessibilit\u00e9 - \u00c9tudes et handicap","og_description":"L&rsquo;Universit\u00e9 de Lorraine s\u2019engage \u00e0 rendre ses sites internet, intranet, extranet et ses progiciels accessibles (et ses applications mobiles et mobilier urbain num\u00e9rique) conform\u00e9ment \u00e0 l\u2019article 47 de la loi n\u00b02005-102 du 11 f\u00e9vrier 2005. \u00c0 cette fin, elle met en \u0153uvre la strat\u00e9gie et les actions suivantes : Cette d\u00e9claration d\u2019accessibilit\u00e9 s\u2019applique \u00e0 https:\/\/www.univ-lorraine.fr\/handicap ... Lire plus","og_url":"https:\/\/www.univ-lorraine.fr\/handicap\/declaration-accessibilite\/","og_site_name":"\u00c9tudes et handicap","article_modified_time":"2024-11-22T10:54:56+00:00","twitter_card":"summary_large_image","schema":{"@context":"https:\/\/schema.org","@graph":[{"@type":"WebPage","@id":"https:\/\/www.univ-lorraine.fr\/handicap\/declaration-accessibilite\/","url":"https:\/\/www.univ-lorraine.fr\/handicap\/declaration-accessibilite\/","name":"D\u00e9claration d'accessibilit\u00e9 - \u00c9tudes et handicap","isPartOf":{"@id":"https:\/\/www.univ-lorraine.fr\/handicap\/#website"},"datePublished":"2022-03-16T08:28:09+00:00","dateModified":"2024-11-22T10:54:56+00:00","breadcrumb":{"@id":"https:\/\/www.univ-lorraine.fr\/handicap\/declaration-accessibilite\/#breadcrumb"},"inLanguage":"fr-FR","potentialAction":[{"@type":"ReadAction","target":["https:\/\/www.univ-lorraine.fr\/handicap\/declaration-accessibilite\/"]}]},{"@type":"BreadcrumbList","@id":"https:\/\/www.univ-lorraine.fr\/handicap\/declaration-accessibilite\/#breadcrumb","itemListElement":[{"@type":"ListItem","position":1,"name":"Accueil","item":"https:\/\/www.univ-lorraine.fr\/handicap\/"},{"@type":"ListItem","position":2,"name":"D\u00e9claration d&rsquo;accessibilit\u00e9"}]},{"@type":"WebSite","@id":"https:\/\/www.univ-lorraine.fr\/handicap\/#website","url":"https:\/\/www.univ-lorraine.fr\/handicap\/","name":"\u00c9tudes et handicap","description":"Faire dialoguer les savoirs, c\u2019est innover","publisher":{"@id":"https:\/\/www.univ-lorraine.fr\/handicap\/#organization"},"potentialAction":[{"@type":"SearchAction","target":{"@type":"EntryPoint","urlTemplate":"https:\/\/www.univ-lorraine.fr\/handicap\/?s={search_term_string}"},"query-input":{"@type":"PropertyValueSpecification","valueRequired":true,"valueName":"search_term_string"}}],"inLanguage":"fr-FR"},{"@type":"Organization","@id":"https:\/\/www.univ-lorraine.fr\/handicap\/#organization","name":"Universit\u00e9 de Lorraine","url":"https:\/\/www.univ-lorraine.fr\/handicap\/","logo":{"@type":"ImageObject","inLanguage":"fr-FR","@id":"https:\/\/www.univ-lorraine.fr\/handicap\/#\/schema\/logo\/image\/","url":"https:\/\/www.univ-lorraine.fr\/handicap\/wp-content\/uploads\/sites\/51\/2021\/01\/LOGO_UL.png","contentUrl":"https:\/\/www.univ-lorraine.fr\/handicap\/wp-content\/uploads\/sites\/51\/2021\/01\/LOGO_UL.png","width":138,"height":48,"caption":"Universit\u00e9 de Lorraine"},"image":{"@id":"https:\/\/www.univ-lorraine.fr\/handicap\/#\/schema\/logo\/image\/"}}]}},"_links":{"self":[{"href":"https:\/\/www.univ-lorraine.fr\/handicap\/wp-json\/wp\/v2\/pages\/210","targetHints":{"allow":["GET"]}}],"collection":[{"href":"https:\/\/www.univ-lorraine.fr\/handicap\/wp-json\/wp\/v2\/pages"}],"about":[{"href":"https:\/\/www.univ-lorraine.fr\/handicap\/wp-json\/wp\/v2\/types\/page"}],"author":[{"embeddable":true,"href":"https:\/\/www.univ-lorraine.fr\/handicap\/wp-json\/wp\/v2\/users\/3"}],"replies":[{"embeddable":true,"href":"https:\/\/www.univ-lorraine.fr\/handicap\/wp-json\/wp\/v2\/comments?post=210"}],"version-history":[{"count":12,"href":"https:\/\/www.univ-lorraine.fr\/handicap\/wp-json\/wp\/v2\/pages\/210\/revisions"}],"predecessor-version":[{"id":982,"href":"https:\/\/www.univ-lorraine.fr\/handicap\/wp-json\/wp\/v2\/pages\/210\/revisions\/982"}],"wp:attachment":[{"href":"https:\/\/www.univ-lorraine.fr\/handicap\/wp-json\/wp\/v2\/media?parent=210"}],"curies":[{"name":"wp","href":"https:\/\/api.w.org\/{rel}","templated":true}]}}