{"id":273,"date":"2024-02-15T10:46:31","date_gmt":"2024-02-15T09:46:31","guid":{"rendered":"https:\/\/www.univ-lorraine.fr\/handicap\/?page_id=273"},"modified":"2024-09-11T10:56:39","modified_gmt":"2024-09-11T08:56:39","slug":"handicap-et-superieur","status":"publish","type":"page","link":"https:\/\/www.univ-lorraine.fr\/handicap\/handicap-et-superieur\/","title":{"rendered":"Avant d&rsquo;entrer \u00e0 l&rsquo;universit\u00e9"},"content":{"rendered":"<!DOCTYPE html PUBLIC \"-\/\/W3C\/\/DTD HTML 4.0 Transitional\/\/EN\" \"http:\/\/www.w3.org\/TR\/REC-html40\/loose.dtd\">\n<?xml encoding=\"utf-8\" ?><html><body><div class=\"gb-container gb-container-f6108fac\">\n\n<p class=\"has-text-align-center\"><strong>L&rsquo;Universit&eacute; de Lorraine met tout en &oelig;uvre pour vous accueillir. De l&rsquo;accessibilit&eacute; de ses b&acirc;timents avec des am&eacute;nagements sp&eacute;cifiques, comme les bandes podotactiles, en passant par votre vie &eacute;tudiante jusqu&rsquo;&agrave; votre insertion professionnelle, elle vous accompagne pour vous permettre de b&eacute;n&eacute;ficier du meilleur environnement d&rsquo;&eacute;tudes possible.<\/strong><\/p>\n\n<\/div>\n\n<div class=\"gb-container gb-container-26688e3d\">\n<div class=\"gb-container gb-container-812f6db6\">\n<div class=\"gb-grid-wrapper gb-grid-wrapper-6d8bd692\">\n<div class=\"gb-grid-column gb-grid-column-e81607fe\"><div class=\"gb-container gb-container-e81607fe\">\n\n<figure class=\"wp-block-image size-full mirror-img\"><img decoding=\"async\" width=\"132\" height=\"318\" src=\"https:\/\/www.univ-lorraine.fr\/handicap\/wp-content\/uploads\/sites\/51\/2024\/09\/univ_lorraine_perso1.png\" alt=\"\" class=\"wp-image-856\" srcset=\"https:\/\/www.univ-lorraine.fr\/handicap\/wp-content\/uploads\/sites\/51\/2024\/09\/univ_lorraine_perso1.png 132w, https:\/\/www.univ-lorraine.fr\/handicap\/wp-content\/uploads\/sites\/51\/2024\/09\/univ_lorraine_perso1-125x300.png 125w\" sizes=\"(max-width: 132px) 100vw, 132px\" \/><\/figure>\n\n<\/div><\/div>\n\n<div class=\"gb-grid-column gb-grid-column-ef96849b\"><div class=\"gb-container gb-container-ef96849b\">\n\n<h2 class=\"wp-block-heading\">Qu&rsquo;est-ce que le handicap ?<\/h2>\n\n\n\n<p>Selon la loi du 11 f&eacute;vrier 2005 pour l&rsquo;&eacute;galit&eacute; des droits et des chances, la participation et la citoyennet&eacute; des personnes handicap&eacute;es :<\/p>\n\n\n\n<p>&laquo; Constitue un handicap, au sens de la pr&eacute;sente loi, toute limitation d&rsquo;activit&eacute; ou restriction de participation &agrave; la vie en soci&eacute;t&eacute; subie dans son environnement par une personne en raison d&rsquo;une alt&eacute;ration substantielle, durable ou d&eacute;finitive d&rsquo;une ou plusieurs fonctions physiques, sensorielles, mentales, cognitives ou psychiques, d&rsquo;un poly handicap ou d&rsquo;un trouble de sant&eacute; invalidant. &raquo;<\/p>\n\n\n\n<p>La loi a profond&eacute;ment chang&eacute; les obligations des universit&eacute;s en mati&egrave;re d&rsquo;accueil des personnes handicap&eacute;es. Son article 20 pr&eacute;voit que &laquo; les &eacute;tablissements d&rsquo;enseignement sup&eacute;rieur inscrivent les &eacute;tudiants handicap&eacute;s ou pr&eacute;sentant un trouble de sant&eacute; invalidant, dans le cadre des dispositions r&eacute;glementant leur acc&egrave;s au m&ecirc;me titre que les autres &eacute;tudiants, et assurent leur formation en mettant en &oelig;uvre les am&eacute;nagements n&eacute;cessaires &agrave; leur situation dans l&rsquo;organisation, le d&eacute;roulement et l&rsquo;accompagnement de leurs &eacute;tudes &raquo;.<\/p>\n\n<\/div><\/div>\n<\/div>\n<\/div>\n<\/div>\n\n<div class=\"gb-container gb-container-2687bc8d\">\n<div class=\"gb-grid-wrapper gb-grid-wrapper-67b8c129\">\n<div class=\"gb-grid-column gb-grid-column-2739cf34\"><div class=\"gb-container gb-container-2739cf34\">\n\n<h2 class=\"gb-headline gb-headline-2e6cdec3 gb-headline-text\">Pourquoi d&eacute;clarer son handicap ?<\/h2>\n\n\n\n<p>D&eacute;clarer son handicap, c&rsquo;est am&eacute;liorer ses conditions d&rsquo;&eacute;tudes. Le handicap peut &ecirc;tre compens&eacute; si la personne a des besoins particuliers. De nombreuses solutions humaines, organisationnelles ou techniques existent pour concilier contraintes li&eacute;es &agrave; une situation de handicap et &eacute;tudes r&eacute;ussies. <br>Pour cela, l&rsquo;universit&eacute; peut vous proposer des am&eacute;nagements p&eacute;dagogiques, mais aussi vous informer dans vos d&eacute;marches pour obtenir des aides<br>&agrave; la vie quotidienne de la part de la <strong>Maison d&eacute;partementale des personnes handicap&eacute;es (MDPH)<\/strong>, pour le transport, etc.<\/p>\n\n<\/div><\/div>\n\n<div class=\"gb-grid-column gb-grid-column-d12af7d4\"><div class=\"gb-container gb-container-d12af7d4\">\n\n<h2 class=\"wp-block-heading\">La reconnaissance de votre handicap par la MDPH est-elle n&eacute;cessaire ?&nbsp;<\/h2>\n\n\n\n<p>La possibilit&eacute; de b&eacute;n&eacute;ficier d&rsquo;am&eacute;nagements p&eacute;dagogiques n&rsquo;est pas conditionn&eacute;e par la d&eacute;claration pr&eacute;alable aupr&egrave;s de la MDPH car les m&eacute;decins du SSE (Service de sant&eacute; &eacute;tudiante) sont eux-m&ecirc;mes nomm&eacute;s par la CDAPH (commission des droits et de l&rsquo;autonomie des personnes handicap&eacute;es), instance de la MDPH.<\/p>\n\n\n\n<p>Cependant cette reconnaissance peut vous ouvrir d&rsquo;autres droits couvrant la vie quotidienne comme des prestations financi&egrave;res ou en nature : aides<br>techniques, assistance d&rsquo;un auxiliaire de vie, transports adapt&eacute;s et l&rsquo;octroi de la RQTH (Reconnaissance de la qualit&eacute; de travailleur handicap&eacute;), utile pour vos stages, votre insertion professionnelle ou si vous &ecirc;tes en formation par alternance.<\/p>\n\n<\/div><\/div>\n<\/div>\n<\/div>\n\n<div class=\"gb-container gb-container-be78d92b\">\n<div class=\"gb-container gb-container-8729bc12\">\n<div class=\"gb-container gb-container-5b297476\">\n\n<h2 class=\"wp-block-heading\">&Agrave; chaque cat&eacute;gorie de handicap, un accompagnement sur mesure<\/h2>\n\n<\/div>\n\n<div class=\"gb-container gb-container-55788312\">\n<div class=\"gb-container gb-container-c70fdef8\">\n<div class=\"gb-container gb-container-0d89c5db\">\n<div class=\"wp-block-image\">\n<figure class=\"aligncenter size-full is-resized\"><img decoding=\"async\" width=\"481\" height=\"535\" src=\"https:\/\/www.univ-lorraine.fr\/handicap\/wp-content\/uploads\/sites\/51\/2024\/07\/handicap-psychique.png\" alt=\"\" class=\"wp-image-793\" style=\"width:auto;height:60px\" srcset=\"https:\/\/www.univ-lorraine.fr\/handicap\/wp-content\/uploads\/sites\/51\/2024\/07\/handicap-psychique.png 481w, https:\/\/www.univ-lorraine.fr\/handicap\/wp-content\/uploads\/sites\/51\/2024\/07\/handicap-psychique-270x300.png 270w\" sizes=\"(max-width: 481px) 100vw, 481px\" \/><\/figure>\n<\/div>\n\n\n<h3 class=\"gb-headline gb-headline-c7c4fa0c gb-headline-text\">handicap psychique<\/h3>\n\n<\/div>\n\n<div class=\"gb-container gb-container-8bf411ba\">\n\n<p class=\"gb-headline gb-headline-17a805b1 gb-headline-text\">Il est la cons&eacute;quence d&rsquo;une maladie mentale, de troubles psychiatriques, d&rsquo;une perturbation de l&rsquo;&eacute;quilibre psychologique.<\/p>\n\n<\/div>\n<\/div>\n\n<div class=\"gb-container gb-container-1a3669fb\">\n<div class=\"gb-container gb-container-3463c365\">\n<div class=\"wp-block-image\">\n<figure class=\"aligncenter size-full is-resized\"><img decoding=\"async\" src=\"https:\/\/www.univ-lorraine.fr\/handicap\/wp-content\/uploads\/sites\/51\/2024\/07\/handicap-moteur1.svg\" alt=\"\" class=\"wp-image-816\" style=\"aspect-ratio:1;width:64px;height:auto\"><\/figure>\n<\/div>\n\n\n<h3 class=\"gb-headline gb-headline-411dabdc gb-headline-text\">handicap moteur<\/h3>\n\n<\/div>\n\n<div class=\"gb-container gb-container-44d05473\">\n\n<p class=\"gb-headline gb-headline-df33ef47 gb-headline-text\">Il recouvre l&rsquo;ensemble des troubles pouvant entra&icirc;ner une atteinte partielle ou totale de la motricit&eacute;.<\/p>\n\n<\/div>\n<\/div>\n\n<div class=\"gb-container gb-container-07f1e064\">\n<div class=\"gb-container gb-container-826c662a\">\n<div class=\"wp-block-image\">\n<figure class=\"aligncenter size-full is-resized\"><img decoding=\"async\" width=\"539\" height=\"524\" src=\"https:\/\/www.univ-lorraine.fr\/handicap\/wp-content\/uploads\/sites\/51\/2024\/07\/handicap-auditif.png\" alt=\"\" class=\"wp-image-819\" style=\"width:58px;height:auto\" srcset=\"https:\/\/www.univ-lorraine.fr\/handicap\/wp-content\/uploads\/sites\/51\/2024\/07\/handicap-auditif.png 539w, https:\/\/www.univ-lorraine.fr\/handicap\/wp-content\/uploads\/sites\/51\/2024\/07\/handicap-auditif-300x292.png 300w\" sizes=\"(max-width: 539px) 100vw, 539px\" \/><\/figure>\n<\/div>\n\n\n<h3 class=\"gb-headline gb-headline-4ef869a2 gb-headline-text\">handicap auditif<\/h3>\n\n<\/div>\n\n<div class=\"gb-container gb-container-0cc504aa\">\n\n<p class=\"gb-headline gb-headline-f6a5c2cf gb-headline-text\">La d&eacute;ficience auditive est la diminution ou la suppression de la capacit&eacute; d&rsquo;entendre des sons.<\/p>\n\n<\/div>\n<\/div>\n\n<div class=\"gb-container gb-container-5b837584\">\n<div class=\"gb-container gb-container-1ad487ec\">\n<div class=\"wp-block-image\">\n<figure class=\"aligncenter size-full is-resized\"><img decoding=\"async\" width=\"672\" height=\"548\" src=\"https:\/\/www.univ-lorraine.fr\/handicap\/wp-content\/uploads\/sites\/51\/2024\/07\/handicap-visuel-1.png\" alt=\"\" class=\"wp-image-827\" style=\"width:58px;height:auto\" srcset=\"https:\/\/www.univ-lorraine.fr\/handicap\/wp-content\/uploads\/sites\/51\/2024\/07\/handicap-visuel-1.png 672w, https:\/\/www.univ-lorraine.fr\/handicap\/wp-content\/uploads\/sites\/51\/2024\/07\/handicap-visuel-1-300x245.png 300w\" sizes=\"(max-width: 672px) 100vw, 672px\" \/><\/figure>\n<\/div>\n\n\n<h3 class=\"gb-headline gb-headline-610ff8f2 gb-headline-text\">handicap Visuel<\/h3>\n\n<\/div>\n\n<div class=\"gb-container gb-container-92b10933\">\n\n<p class=\"gb-headline gb-headline-99cd196c gb-headline-text\">La d&eacute;ficience visuelle est une diminution, une alt&eacute;ration, voire une suppression de la capacit&eacute; de voir des images, des couleurs.<\/p>\n\n<\/div>\n<\/div>\n\n<div class=\"gb-container gb-container-f08ae340\">\n<div class=\"gb-container gb-container-3be95ee0\">\n<div class=\"wp-block-image\">\n<figure class=\"aligncenter size-full is-resized\"><img decoding=\"async\" src=\"https:\/\/www.univ-lorraine.fr\/handicap\/wp-content\/uploads\/sites\/51\/2024\/07\/handicap-cognitif.svg\" alt=\"\" class=\"wp-image-822\" style=\"width:auto;height:62px\"><\/figure>\n<\/div>\n\n\n<h3 class=\"gb-headline gb-headline-313d59e4 gb-headline-text\">handicap cognitif sp&eacute;cifique<\/h3>\n\n<\/div>\n\n<div class=\"gb-container gb-container-ef9c183e\">\n\n<p class=\"gb-headline gb-headline-988620bf gb-headline-text\">Le handicap cognitif est la cons&eacute;quence de dysfonctionnements des fonctions cognitives : troubles de l&rsquo;attention, de la m&eacute;moire, du langage, des identifications perceptives et des gestes.<\/p>\n\n<\/div>\n<\/div>\n\n<div class=\"gb-container gb-container-314418b5\">\n<div class=\"gb-container gb-container-524b534c\">\n<div class=\"wp-block-image\">\n<figure class=\"aligncenter size-full is-resized\"><img decoding=\"async\" src=\"https:\/\/www.univ-lorraine.fr\/handicap\/wp-content\/uploads\/sites\/51\/2024\/07\/maladie-invalidante.svg\" alt=\"\" class=\"wp-image-823\" style=\"aspect-ratio:1;width:58px;height:auto\"><\/figure>\n<\/div>\n\n\n<h3 class=\"gb-headline gb-headline-b990e4f1 gb-headline-text\">maladie invalidante<\/h3>\n\n<\/div>\n\n<div class=\"gb-container gb-container-fedaf9c0\">\n\n<p class=\"gb-headline gb-headline-57384058 gb-headline-text\">Toutes les maladies respiratoires, digestives, parasitaires, infectieuses, peuvent entra&icirc;ner des d&eacute;ficiences ou des contraintes plus ou moins importantes.<\/p>\n\n<\/div>\n<\/div>\n<\/div>\n<\/div>\n<\/div>\n\n<div class=\"gb-container gb-container-0fc09f88\">\n<div class=\"gb-container gb-container-3692fc6c\">\n<div class=\"gb-grid-wrapper gb-grid-wrapper-ee120c25\">\n<div class=\"gb-grid-column gb-grid-column-2ffd284d\"><div class=\"gb-container gb-container-2ffd284d\">\n\n<h2 class=\"wp-block-heading has-text-align-center\">D&eacute;couvrir l&rsquo;universit&eacute;<\/h2>\n\n<\/div><\/div>\n\n<div class=\"gb-grid-column gb-grid-column-4b55fa46\"><div class=\"gb-container gb-container-4b55fa46\">\n\n<h3 class=\"gb-headline gb-headline-a431ba12 gb-headline-text\">Visites de campus<\/h3>\n\n\n\n<p class=\"has-medium-font-size\">Les charg&eacute;s d&rsquo;accueil vous accompagnent avant m&ecirc;me votre inscription &agrave; l&rsquo;universit&eacute;, notamment pour visiter un campus.<\/p>\n\n\n\n<p>Pour organiser une visite de campus, contactez votre charg&eacute;e d&rsquo;accueil.<\/p>\n\n\n\n<div class=\"wp-block-buttons is-content-justification-center is-layout-flex wp-container-core-buttons-is-layout-16018d1d wp-block-buttons-is-layout-flex\">\n<div class=\"wp-block-button\"><a class=\"wp-block-button__link has-text-align-center wp-element-button\" href=\"https:\/\/www.univ-lorraine.fr\/handicap\/contact\/\">Faire une demande de visite de campus <\/a><\/div>\n<\/div>\n\n<\/div><\/div>\n\n<div class=\"gb-grid-column gb-grid-column-67523422\"><div class=\"gb-container gb-container-67523422\">\n\n<h3 class=\"gb-headline gb-headline-561c555c gb-headline-text\">Un jour &agrave; l&rsquo;universit&eacute; (UJALU)<\/h3>\n\n\n\n<p>Avec l&rsquo;op&eacute;ration &laquo;&nbsp;Un jour &agrave; l&rsquo;universit&eacute;&nbsp;&raquo;, l&rsquo;Universit&eacute; de Lorraine, (en partenariat avec le rectorat de l&rsquo;acad&eacute;mie Nancy-Metz et le projet Ailes) vous offre<strong> l&rsquo;opportunit&eacute; de vous &laquo; mettre dans la peau &raquo; d&rsquo;un &eacute;tudiant ou d&rsquo;une &eacute;tudiante quelques heures durant.<\/strong><\/p>\n\n\n\n<p>Bref, c&rsquo;est une occasion privil&eacute;gi&eacute;e de pr&eacute;parer votre orientation et de d&eacute;couvrir un environnement qui sera peut-&ecirc;tre bient&ocirc;t le v&ocirc;tre.&nbsp;N&rsquo;h&eacute;sitez pas <a href=\"https:\/\/immersion.univ-lorraine.fr\/\">&agrave; vous inscrire sur la plateforme<\/a> et &agrave; r&eacute;server un cr&eacute;neau !<\/p>\n\n<\/div><\/div>\n\n<div class=\"gb-grid-column gb-grid-column-f3f33fad\"><div class=\"gb-container gb-container-f3f33fad\">\n\n<h3 class=\"gb-headline gb-headline-89c633f8 gb-headline-text wp-embed-aspect-16-9 wp-has-aspect-ratio\">Journ&eacute;es handicap et &eacute;tudes sup&eacute;rieures<\/h3>\n\n\n\n<p>Les journ&eacute;es Handicap et &Eacute;tudes sup&eacute;rieures s&rsquo;adressent aux &eacute;l&egrave;ves des classes de Premi&egrave;re et Terminale, en situation de handicap reconnus ou non par la MDPH, &agrave; leur famille, aux professionnels et &agrave; l&rsquo;ensemble des personnes qui se sentent concern&eacute;es.<\/p>\n\n\n<div class=\"gb-grid-wrapper gb-grid-wrapper-3e231dbf\">\n<div class=\"gb-grid-column gb-grid-column-b5b24d01\"><div class=\"gb-container gb-container-b5b24d01\">\n\n<p class=\"wp-embed-aspect-16-9 wp-has-aspect-ratio has-medium-font-size\"><strong>Les journ&eacute;es Handicap et &Eacute;tudes sup&eacute;rieures se d&eacute;roulent en d&eacute;but d&rsquo;ann&eacute;e civile. <\/strong><\/p>\n\n\n\n<p class=\"wp-embed-aspect-16-9 wp-has-aspect-ratio has-medium-font-size\">Les objectifs de ces journ&eacute;es&nbsp;:<\/p>\n\n\n\n<ul class=\"wp-block-list wp-embed-aspect-16-9 wp-has-aspect-ratio\">\n<li class=\"has-medium-font-size\">Informer sur l&rsquo;accessibilit&eacute; selon les types de handicap, sur les dispositifs d&rsquo;accueil sp&eacute;cifiques en Lorraine et sur les d&eacute;marches n&eacute;cessaires pour pouvoir b&eacute;n&eacute;ficier de mesures d&rsquo;accompagnement facilitant le quotidien des &eacute;tudiantes et des &eacute;tudiants (prise de notes, aide &agrave; la locomotion, temps major&eacute;s aux examens&hellip;).<\/li>\n\n\n\n<li class=\"has-medium-font-size\">Rencontrer des &eacute;tudiantes et &eacute;tudiants en situation de handicap<\/li>\n\n\n\n<li class=\"has-medium-font-size\">Rencontrer des interlocuteurs et interlocutrices privil&eacute;gi&eacute;.es de divers &eacute;tablissements d&rsquo;enseignement sup&eacute;rieur et des partenaires de ces &eacute;tablissements.<\/li>\n<\/ul>\n\n<\/div><\/div>\n\n<div class=\"gb-grid-column gb-grid-column-f5918530\"><div class=\"gb-container gb-container-f5918530\">\n<div class=\"gb-container gb-container-3abba451\">\n\n<figure class=\"wp-block-embed is-type-wp-embed is-provider-vid-oth-que-de-lul wp-block-embed-vid-oth-que-de-lul wp-embed-aspect-16-9 wp-has-aspect-ratio\"><div class=\"wp-block-embed__wrapper\">\n<iframe class=\"wp-embedded-content\" title=\"Guide de l'&eacute;tudiant en situation de handicap \/ &Eacute;pisode 1\" src=\"https:\/\/ultv.univ-lorraine.fr\/video\/18261-guide-de-letudiant-en-situation-de-handicap-episode-1\/?is_iframe=true#?secret=vEZlD7JS3d\" data-secret=\"vEZlD7JS3d\" loading=\"lazy\" allowfullscreen=\"\"><\/iframe>\n<\/div><\/figure>\n\n<\/div>\n\n\n<div class=\"wp-block-buttons is-content-justification-center is-layout-flex wp-container-core-buttons-is-layout-16018d1d wp-block-buttons-is-layout-flex\">\n<div class=\"wp-block-button\"><a class=\"wp-block-button__link has-text-align-center wp-element-button\" href=\"https:\/\/www.univ-lorraine.fr\/wp-content\/uploads\/2024\/05\/univ-lorraine-guide_etudiant_2024_web-1.pdf\" target=\"_blank\" rel=\"noreferrer noopener\">T&eacute;l&eacute;charger le Guide de l&rsquo;&eacute;tudiant&middot;e en situation de handicap<\/a><\/div>\n<\/div>\n\n<\/div><\/div>\n<\/div>\n<\/div><\/div>\n<\/div>\n<\/div>\n<\/div><\/body><\/html>\n","protected":false},"excerpt":{"rendered":"<p>L&rsquo;Universit\u00e9 de Lorraine met tout en \u0153uvre pour vous accueillir. De l&rsquo;accessibilit\u00e9 de ses b\u00e2timents avec des am\u00e9nagements sp\u00e9cifiques, comme les bandes podotactiles, en passant par votre vie \u00e9tudiante jusqu&rsquo;\u00e0 votre insertion professionnelle, elle vous accompagne pour vous permettre de b\u00e9n\u00e9ficier du meilleur environnement d&rsquo;\u00e9tudes possible. \u00c0 chaque cat\u00e9gorie de handicap, un accompagnement sur mesure &#8230; <a title=\"Avant d&rsquo;entrer \u00e0 l&rsquo;universit\u00e9\" class=\"read-more\" href=\"https:\/\/www.univ-lorraine.fr\/handicap\/handicap-et-superieur\/\" aria-label=\"En savoir plus sur Avant d&rsquo;entrer \u00e0 l&rsquo;universit\u00e9\">Lire plus<\/a><\/p>\n","protected":false},"author":580,"featured_media":0,"parent":0,"menu_order":0,"comment_status":"closed","ping_status":"closed","template":"","meta":{"inline_featured_image":false,"footnotes":""},"class_list":["post-273","page","type-page","status-publish"],"yoast_head":"<!-- This site is optimized with the Yoast SEO plugin v27.4 - https:\/\/yoast.com\/product\/yoast-seo-wordpress\/ -->\n<title>Avant d&#039;entrer \u00e0 l&#039;universit\u00e9 - \u00c9tudes et handicap<\/title>\n<meta name=\"description\" content=\"D\u00e9couvrez comment l&#039;Universit\u00e9 de Lorraine accompagne ses \u00e9tudiantes et \u00e9tudiants en situation de handicap.\" \/>\n<meta name=\"robots\" content=\"index, follow, max-snippet:-1, max-image-preview:large, max-video-preview:-1\" \/>\n<link rel=\"canonical\" href=\"https:\/\/www.univ-lorraine.fr\/handicap\/handicap-et-superieur\/\" \/>\n<meta property=\"og:locale\" content=\"fr_FR\" \/>\n<meta property=\"og:type\" content=\"article\" \/>\n<meta property=\"og:title\" content=\"Avant d&#039;entrer \u00e0 l&#039;universit\u00e9 - \u00c9tudes et handicap\" \/>\n<meta property=\"og:description\" content=\"D\u00e9couvrez comment l&#039;Universit\u00e9 de Lorraine accompagne ses \u00e9tudiantes et \u00e9tudiants en situation de handicap.\" \/>\n<meta property=\"og:url\" content=\"https:\/\/www.univ-lorraine.fr\/handicap\/handicap-et-superieur\/\" \/>\n<meta property=\"og:site_name\" content=\"\u00c9tudes et handicap\" \/>\n<meta property=\"article:modified_time\" content=\"2024-09-11T08:56:39+00:00\" \/>\n<meta property=\"og:image\" content=\"https:\/\/www.univ-lorraine.fr\/handicap\/wp-content\/uploads\/sites\/51\/2024\/09\/univ_lorraine_perso1.png\" \/>\n<meta name=\"twitter:card\" content=\"summary_large_image\" \/>\n<meta name=\"twitter:label1\" content=\"Dur\u00e9e de lecture estim\u00e9e\" \/>\n\t<meta name=\"twitter:data1\" content=\"5 minutes\" \/>\n<script type=\"application\/ld+json\" class=\"yoast-schema-graph\">{\"@context\":\"https:\\\/\\\/schema.org\",\"@graph\":[{\"@type\":\"WebPage\",\"@id\":\"https:\\\/\\\/www.univ-lorraine.fr\\\/handicap\\\/handicap-et-superieur\\\/\",\"url\":\"https:\\\/\\\/www.univ-lorraine.fr\\\/handicap\\\/handicap-et-superieur\\\/\",\"name\":\"Avant d'entrer \u00e0 l'universit\u00e9 - \u00c9tudes et handicap\",\"isPartOf\":{\"@id\":\"https:\\\/\\\/www.univ-lorraine.fr\\\/handicap\\\/#website\"},\"primaryImageOfPage\":{\"@id\":\"https:\\\/\\\/www.univ-lorraine.fr\\\/handicap\\\/handicap-et-superieur\\\/#primaryimage\"},\"image\":{\"@id\":\"https:\\\/\\\/www.univ-lorraine.fr\\\/handicap\\\/handicap-et-superieur\\\/#primaryimage\"},\"thumbnailUrl\":\"https:\\\/\\\/www.univ-lorraine.fr\\\/handicap\\\/wp-content\\\/uploads\\\/sites\\\/51\\\/2024\\\/09\\\/univ_lorraine_perso1.png\",\"datePublished\":\"2024-02-15T09:46:31+00:00\",\"dateModified\":\"2024-09-11T08:56:39+00:00\",\"description\":\"D\u00e9couvrez comment l'Universit\u00e9 de Lorraine accompagne ses \u00e9tudiantes et \u00e9tudiants en situation de handicap.\",\"breadcrumb\":{\"@id\":\"https:\\\/\\\/www.univ-lorraine.fr\\\/handicap\\\/handicap-et-superieur\\\/#breadcrumb\"},\"inLanguage\":\"fr-FR\",\"potentialAction\":[{\"@type\":\"ReadAction\",\"target\":[\"https:\\\/\\\/www.univ-lorraine.fr\\\/handicap\\\/handicap-et-superieur\\\/\"]}]},{\"@type\":\"ImageObject\",\"inLanguage\":\"fr-FR\",\"@id\":\"https:\\\/\\\/www.univ-lorraine.fr\\\/handicap\\\/handicap-et-superieur\\\/#primaryimage\",\"url\":\"https:\\\/\\\/www.univ-lorraine.fr\\\/handicap\\\/wp-content\\\/uploads\\\/sites\\\/51\\\/2024\\\/09\\\/univ_lorraine_perso1.png\",\"contentUrl\":\"https:\\\/\\\/www.univ-lorraine.fr\\\/handicap\\\/wp-content\\\/uploads\\\/sites\\\/51\\\/2024\\\/09\\\/univ_lorraine_perso1.png\",\"width\":132,\"height\":318},{\"@type\":\"BreadcrumbList\",\"@id\":\"https:\\\/\\\/www.univ-lorraine.fr\\\/handicap\\\/handicap-et-superieur\\\/#breadcrumb\",\"itemListElement\":[{\"@type\":\"ListItem\",\"position\":1,\"name\":\"Accueil\",\"item\":\"https:\\\/\\\/www.univ-lorraine.fr\\\/handicap\\\/\"},{\"@type\":\"ListItem\",\"position\":2,\"name\":\"Avant d&rsquo;entrer \u00e0 l&rsquo;universit\u00e9\"}]},{\"@type\":\"WebSite\",\"@id\":\"https:\\\/\\\/www.univ-lorraine.fr\\\/handicap\\\/#website\",\"url\":\"https:\\\/\\\/www.univ-lorraine.fr\\\/handicap\\\/\",\"name\":\"\u00c9tudes et handicap\",\"description\":\"Faire dialoguer les savoirs, c\u2019est innover\",\"publisher\":{\"@id\":\"https:\\\/\\\/www.univ-lorraine.fr\\\/handicap\\\/#organization\"},\"potentialAction\":[{\"@type\":\"SearchAction\",\"target\":{\"@type\":\"EntryPoint\",\"urlTemplate\":\"https:\\\/\\\/www.univ-lorraine.fr\\\/handicap\\\/?s={search_term_string}\"},\"query-input\":{\"@type\":\"PropertyValueSpecification\",\"valueRequired\":true,\"valueName\":\"search_term_string\"}}],\"inLanguage\":\"fr-FR\"},{\"@type\":\"Organization\",\"@id\":\"https:\\\/\\\/www.univ-lorraine.fr\\\/handicap\\\/#organization\",\"name\":\"Universit\u00e9 de Lorraine\",\"url\":\"https:\\\/\\\/www.univ-lorraine.fr\\\/handicap\\\/\",\"logo\":{\"@type\":\"ImageObject\",\"inLanguage\":\"fr-FR\",\"@id\":\"https:\\\/\\\/www.univ-lorraine.fr\\\/handicap\\\/#\\\/schema\\\/logo\\\/image\\\/\",\"url\":\"https:\\\/\\\/www.univ-lorraine.fr\\\/handicap\\\/wp-content\\\/uploads\\\/sites\\\/51\\\/2021\\\/01\\\/LOGO_UL.png\",\"contentUrl\":\"https:\\\/\\\/www.univ-lorraine.fr\\\/handicap\\\/wp-content\\\/uploads\\\/sites\\\/51\\\/2021\\\/01\\\/LOGO_UL.png\",\"width\":138,\"height\":48,\"caption\":\"Universit\u00e9 de Lorraine\"},\"image\":{\"@id\":\"https:\\\/\\\/www.univ-lorraine.fr\\\/handicap\\\/#\\\/schema\\\/logo\\\/image\\\/\"}}]}<\/script>\n<!-- \/ Yoast SEO plugin. -->","yoast_head_json":{"title":"Avant d'entrer \u00e0 l'universit\u00e9 - \u00c9tudes et handicap","description":"D\u00e9couvrez comment l'Universit\u00e9 de Lorraine accompagne ses \u00e9tudiantes et \u00e9tudiants en situation de handicap.","robots":{"index":"index","follow":"follow","max-snippet":"max-snippet:-1","max-image-preview":"max-image-preview:large","max-video-preview":"max-video-preview:-1"},"canonical":"https:\/\/www.univ-lorraine.fr\/handicap\/handicap-et-superieur\/","og_locale":"fr_FR","og_type":"article","og_title":"Avant d'entrer \u00e0 l'universit\u00e9 - \u00c9tudes et handicap","og_description":"D\u00e9couvrez comment l'Universit\u00e9 de Lorraine accompagne ses \u00e9tudiantes et \u00e9tudiants en situation de handicap.","og_url":"https:\/\/www.univ-lorraine.fr\/handicap\/handicap-et-superieur\/","og_site_name":"\u00c9tudes et handicap","article_modified_time":"2024-09-11T08:56:39+00:00","og_image":[{"url":"https:\/\/www.univ-lorraine.fr\/handicap\/wp-content\/uploads\/sites\/51\/2024\/09\/univ_lorraine_perso1.png","type":"","width":"","height":""}],"twitter_card":"summary_large_image","twitter_misc":{"Dur\u00e9e de lecture estim\u00e9e":"5 minutes"},"schema":{"@context":"https:\/\/schema.org","@graph":[{"@type":"WebPage","@id":"https:\/\/www.univ-lorraine.fr\/handicap\/handicap-et-superieur\/","url":"https:\/\/www.univ-lorraine.fr\/handicap\/handicap-et-superieur\/","name":"Avant d'entrer \u00e0 l'universit\u00e9 - \u00c9tudes et handicap","isPartOf":{"@id":"https:\/\/www.univ-lorraine.fr\/handicap\/#website"},"primaryImageOfPage":{"@id":"https:\/\/www.univ-lorraine.fr\/handicap\/handicap-et-superieur\/#primaryimage"},"image":{"@id":"https:\/\/www.univ-lorraine.fr\/handicap\/handicap-et-superieur\/#primaryimage"},"thumbnailUrl":"https:\/\/www.univ-lorraine.fr\/handicap\/wp-content\/uploads\/sites\/51\/2024\/09\/univ_lorraine_perso1.png","datePublished":"2024-02-15T09:46:31+00:00","dateModified":"2024-09-11T08:56:39+00:00","description":"D\u00e9couvrez comment l'Universit\u00e9 de Lorraine accompagne ses \u00e9tudiantes et \u00e9tudiants en situation de handicap.","breadcrumb":{"@id":"https:\/\/www.univ-lorraine.fr\/handicap\/handicap-et-superieur\/#breadcrumb"},"inLanguage":"fr-FR","potentialAction":[{"@type":"ReadAction","target":["https:\/\/www.univ-lorraine.fr\/handicap\/handicap-et-superieur\/"]}]},{"@type":"ImageObject","inLanguage":"fr-FR","@id":"https:\/\/www.univ-lorraine.fr\/handicap\/handicap-et-superieur\/#primaryimage","url":"https:\/\/www.univ-lorraine.fr\/handicap\/wp-content\/uploads\/sites\/51\/2024\/09\/univ_lorraine_perso1.png","contentUrl":"https:\/\/www.univ-lorraine.fr\/handicap\/wp-content\/uploads\/sites\/51\/2024\/09\/univ_lorraine_perso1.png","width":132,"height":318},{"@type":"BreadcrumbList","@id":"https:\/\/www.univ-lorraine.fr\/handicap\/handicap-et-superieur\/#breadcrumb","itemListElement":[{"@type":"ListItem","position":1,"name":"Accueil","item":"https:\/\/www.univ-lorraine.fr\/handicap\/"},{"@type":"ListItem","position":2,"name":"Avant d&rsquo;entrer \u00e0 l&rsquo;universit\u00e9"}]},{"@type":"WebSite","@id":"https:\/\/www.univ-lorraine.fr\/handicap\/#website","url":"https:\/\/www.univ-lorraine.fr\/handicap\/","name":"\u00c9tudes et handicap","description":"Faire dialoguer les savoirs, c\u2019est innover","publisher":{"@id":"https:\/\/www.univ-lorraine.fr\/handicap\/#organization"},"potentialAction":[{"@type":"SearchAction","target":{"@type":"EntryPoint","urlTemplate":"https:\/\/www.univ-lorraine.fr\/handicap\/?s={search_term_string}"},"query-input":{"@type":"PropertyValueSpecification","valueRequired":true,"valueName":"search_term_string"}}],"inLanguage":"fr-FR"},{"@type":"Organization","@id":"https:\/\/www.univ-lorraine.fr\/handicap\/#organization","name":"Universit\u00e9 de Lorraine","url":"https:\/\/www.univ-lorraine.fr\/handicap\/","logo":{"@type":"ImageObject","inLanguage":"fr-FR","@id":"https:\/\/www.univ-lorraine.fr\/handicap\/#\/schema\/logo\/image\/","url":"https:\/\/www.univ-lorraine.fr\/handicap\/wp-content\/uploads\/sites\/51\/2021\/01\/LOGO_UL.png","contentUrl":"https:\/\/www.univ-lorraine.fr\/handicap\/wp-content\/uploads\/sites\/51\/2021\/01\/LOGO_UL.png","width":138,"height":48,"caption":"Universit\u00e9 de Lorraine"},"image":{"@id":"https:\/\/www.univ-lorraine.fr\/handicap\/#\/schema\/logo\/image\/"}}]}},"_links":{"self":[{"href":"https:\/\/www.univ-lorraine.fr\/handicap\/wp-json\/wp\/v2\/pages\/273","targetHints":{"allow":["GET"]}}],"collection":[{"href":"https:\/\/www.univ-lorraine.fr\/handicap\/wp-json\/wp\/v2\/pages"}],"about":[{"href":"https:\/\/www.univ-lorraine.fr\/handicap\/wp-json\/wp\/v2\/types\/page"}],"author":[{"embeddable":true,"href":"https:\/\/www.univ-lorraine.fr\/handicap\/wp-json\/wp\/v2\/users\/580"}],"replies":[{"embeddable":true,"href":"https:\/\/www.univ-lorraine.fr\/handicap\/wp-json\/wp\/v2\/comments?post=273"}],"version-history":[{"count":71,"href":"https:\/\/www.univ-lorraine.fr\/handicap\/wp-json\/wp\/v2\/pages\/273\/revisions"}],"predecessor-version":[{"id":1047,"href":"https:\/\/www.univ-lorraine.fr\/handicap\/wp-json\/wp\/v2\/pages\/273\/revisions\/1047"}],"wp:attachment":[{"href":"https:\/\/www.univ-lorraine.fr\/handicap\/wp-json\/wp\/v2\/media?parent=273"}],"curies":[{"name":"wp","href":"https:\/\/api.w.org\/{rel}","templated":true}]}}