{"id":650,"date":"2024-03-05T11:06:48","date_gmt":"2024-03-05T10:06:48","guid":{"rendered":"https:\/\/www.univ-lorraine.fr\/handicap\/?page_id=650"},"modified":"2026-04-23T15:20:34","modified_gmt":"2026-04-23T13:20:34","slug":"culture-sport-et-erasmus-des-services-qui-sadaptent","status":"publish","type":"page","link":"https:\/\/www.univ-lorraine.fr\/handicap\/culture-sport-et-erasmus-des-services-qui-sadaptent\/","title":{"rendered":"Des services qui s&rsquo;adaptent"},"content":{"rendered":"\n<p class=\"has-text-align-center\"><strong>L&rsquo;Universit\u00e9 de Lorraine s&rsquo;engage \u00e0 faire participer les \u00e9tudiant\u00b7es en situation de handicap \u00e0 la vie universitaire et adapte ses services \u00e0 chacun\u00b7es<\/strong>.<\/p>\n\n\n<div class=\"gb-container gb-container-a1e782e1\">\n<div class=\"gb-container gb-container-5d30e1ef\">\n<div class=\"gb-grid-wrapper gb-grid-wrapper-85ce1d8a\">\n<div class=\"gb-grid-column gb-grid-column-f72711fa\"><div class=\"gb-container gb-container-f72711fa\">\n\n<h2 class=\"gb-headline gb-headline-79aa2c37 gb-headline-text\">Service d&rsquo;adaptation des documents des BU<\/h2>\n\n<\/div><\/div>\n\n<div class=\"gb-grid-column gb-grid-column-260577e2\"><div class=\"gb-container gb-container-260577e2\">\n<div class=\"gb-container gb-container-b4757d3f\">\n\n<figure class=\"wp-block-image alignwide size-full\"><img decoding=\"async\" width=\"856\" height=\"1280\" src=\"https:\/\/www.univ-lorraine.fr\/handicap\/wp-content\/uploads\/sites\/51\/2024\/06\/dessin-livre-accessibilite2.jpg\" alt=\"\" class=\"wp-image-759\" srcset=\"https:\/\/www.univ-lorraine.fr\/handicap\/wp-content\/uploads\/sites\/51\/2024\/06\/dessin-livre-accessibilite2.jpg 856w, https:\/\/www.univ-lorraine.fr\/handicap\/wp-content\/uploads\/sites\/51\/2024\/06\/dessin-livre-accessibilite2-201x300.jpg 201w, https:\/\/www.univ-lorraine.fr\/handicap\/wp-content\/uploads\/sites\/51\/2024\/06\/dessin-livre-accessibilite2-685x1024.jpg 685w, https:\/\/www.univ-lorraine.fr\/handicap\/wp-content\/uploads\/sites\/51\/2024\/06\/dessin-livre-accessibilite2-768x1148.jpg 768w\" sizes=\"(max-width: 856px) 100vw, 856px\" \/><\/figure>\n\n<\/div>\n<\/div><\/div>\n\n<div class=\"gb-grid-column gb-grid-column-26953f4e\"><div class=\"gb-container gb-container-26953f4e\">\n\n<p class=\"has-base-3-color has-text-color has-link-color has-medium-font-size wp-elements-6ad4d84b692bf0755aae0200f4833a26\">Vous pouvez demander l&rsquo;adaptation des documents de votre choix. Les biblioth\u00e8ques de l&rsquo;Universit\u00e9 de Lorraine sont inscrites sur la liste des \u00e9tablissements b\u00e9n\u00e9ficiant de l&rsquo;exception handicap au droit d&rsquo;auteur. Elles sont habilit\u00e9s \u00e0 adapter des documents issus de leurs collections et \u00e0 transmettre des fichiers d\u00e9pos\u00e9s par d&rsquo;autres organismes.<\/p>\n\n\n\n<div class=\"wp-block-buttons is-content-justification-right is-layout-flex wp-container-core-buttons-is-layout-e6df00e8 wp-block-buttons-is-layout-flex\">\n<div class=\"wp-block-button\"><a class=\"wp-block-button__link wp-element-button\" href=\"https:\/\/www.univ-lorraine.fr\/la-vie-a-luniversite-de-lorraine\/sante\/#trouver\" target=\"_blank\" rel=\"noreferrer noopener\">Pour savoir si vous \u00eates b\u00e9n\u00e9ficiaire de ce service, contactez le m\u00e9decin universitaire<\/a><\/div>\n\n\n\n<div class=\"wp-block-button\"><a class=\"wp-block-button__link wp-element-button\" href=\"https:\/\/ultv.univ-lorraine.fr\/video\/17885-nouveau-service-des-bu-ladaptation-de-livres-et-darticles\/\" target=\"_blank\" rel=\"noreferrer noopener\">D\u00e9couvrir le service d&rsquo;adaptation des documents en vid\u00e9o<\/a><\/div>\n<\/div>\n\n<\/div><\/div>\n<\/div>\n<\/div>\n\n<div class=\"gb-container gb-container-def95d59\">\n<div class=\"gb-grid-wrapper gb-grid-wrapper-66018cb0\">\n<div class=\"gb-grid-column gb-grid-column-592a4f3a\"><div class=\"gb-container gb-container-592a4f3a\">\n\n<h2 class=\"gb-headline gb-headline-c286fff4 gb-headline-text\">Associations \u00e9tudiantes<\/h2>\n\n<\/div><\/div>\n\n<div class=\"gb-grid-column gb-grid-column-2f48fc9a\"><div class=\"gb-container gb-container-2f48fc9a\">\n<div class=\"gb-container gb-container-c2503a1a\">\n\n<figure class=\"wp-block-image alignwide size-full\"><a href=\"https:\/\/asso-ul.univ-lorraine.fr\/recherche?continue\"><img decoding=\"async\" width=\"772\" height=\"247\" src=\"https:\/\/www.univ-lorraine.fr\/handicap\/wp-content\/uploads\/sites\/51\/2024\/06\/sans-titre-1.png\" alt=\"Lien vers la liste des associations \u00e9tudiantes de l'Universit\u00e9 de Lorraine\" class=\"wp-image-760\" srcset=\"https:\/\/www.univ-lorraine.fr\/handicap\/wp-content\/uploads\/sites\/51\/2024\/06\/sans-titre-1.png 772w, https:\/\/www.univ-lorraine.fr\/handicap\/wp-content\/uploads\/sites\/51\/2024\/06\/sans-titre-1-300x96.png 300w, https:\/\/www.univ-lorraine.fr\/handicap\/wp-content\/uploads\/sites\/51\/2024\/06\/sans-titre-1-768x246.png 768w\" sizes=\"(max-width: 772px) 100vw, 772px\" \/><\/a><\/figure>\n\n<\/div>\n<\/div><\/div>\n\n<div class=\"gb-grid-column gb-grid-column-9280060a\"><div class=\"gb-container gb-container-9280060a\">\n\n<p class=\"has-base-3-color has-text-color has-link-color has-medium-font-size wp-elements-cbcba18625ded722b1f810f3e523c933\">Chaque ann\u00e9e, pr\u00e8s de 200 associations sont actives sur l&rsquo;ensemble des campus de l&rsquo;Universit\u00e9 de Lorraine et en dehors. Vous trouverez forc\u00e9ment une association dans laquelle vous investir. Les charg\u00e9\u00b7es d&rsquo;accueil peuvent vous aider \u00e0 faire le lien avec les associations.<\/p>\n\n\n\n<div class=\"wp-block-buttons is-content-justification-right is-layout-flex wp-container-core-buttons-is-layout-e6df00e8 wp-block-buttons-is-layout-flex\">\n<div class=\"wp-block-button\"><a class=\"wp-block-button__link wp-element-button\" href=\"https:\/\/asso-ul.univ-lorraine.fr\/recherche?continue\" target=\"_blank\" rel=\"noreferrer noopener\">Liste des associations \u00e9tudiantes de l&rsquo;Universit\u00e9 de Lorraine<\/a><\/div>\n<\/div>\n\n<\/div><\/div>\n<\/div>\n<\/div>\n\n<div class=\"gb-container gb-container-f9010158\">\n<div class=\"gb-grid-wrapper gb-grid-wrapper-888c44de\">\n<div class=\"gb-grid-column gb-grid-column-b6a77ace\"><div class=\"gb-container gb-container-b6a77ace\">\n\n<h2 class=\"gb-headline gb-headline-b5ecb77f gb-headline-text\">Des logements adapt\u00e9s<\/h2>\n\n<\/div><\/div>\n\n<div class=\"gb-grid-column gb-grid-column-02f9e8be\"><div class=\"gb-container gb-container-02f9e8be\">\n<div class=\"gb-container gb-container-4ffa2966\">\n\n<figure class=\"wp-block-image alignwide size-full\"><a href=\"https:\/\/www.crous-lorraine.fr\/social-et-accompagnement\/accompagnement-au-quotidien\/etudiants-en-situation-de-handicap-les-crous-a-vos-cotes-au-quotidien\/\"><img decoding=\"async\" width=\"568\" height=\"569\" src=\"https:\/\/www.univ-lorraine.fr\/handicap\/wp-content\/uploads\/sites\/51\/2024\/06\/logo_crous.png\" alt=\"Lien vers le site du CROUQ\" class=\"wp-image-756\" srcset=\"https:\/\/www.univ-lorraine.fr\/handicap\/wp-content\/uploads\/sites\/51\/2024\/06\/logo_crous.png 568w, https:\/\/www.univ-lorraine.fr\/handicap\/wp-content\/uploads\/sites\/51\/2024\/06\/logo_crous-300x300.png 300w, https:\/\/www.univ-lorraine.fr\/handicap\/wp-content\/uploads\/sites\/51\/2024\/06\/logo_crous-150x150.png 150w\" sizes=\"(max-width: 568px) 100vw, 568px\" \/><\/a><\/figure>\n\n<\/div>\n<\/div><\/div>\n\n<div class=\"gb-grid-column gb-grid-column-b270cc77\"><div class=\"gb-container gb-container-b270cc77\">\n\n<p class=\"has-base-3-color has-text-color has-link-color has-medium-font-size wp-elements-9e6bd02f5315531f3b38abc15093787b\">Des logements adapt\u00e9s aux personnes \u00e0 mobilit\u00e9 r\u00e9duite (PMR) et autres situations de handicap sont disponibles au CROUS. Veillez \u00e0 respecter la proc\u00e9dure, indiqu\u00e9e sur le site du CROUS, pour en obtenir un.<\/p>\n\n\n\n<div class=\"wp-block-buttons is-content-justification-right is-layout-flex wp-container-core-buttons-is-layout-e6df00e8 wp-block-buttons-is-layout-flex\">\n<div class=\"wp-block-button\"><a class=\"wp-block-button__link wp-element-button\" href=\"https:\/\/www.crous-lorraine.fr\/social-et-accompagnement\/accompagnement-au-quotidien\/etudiants-en-situation-de-handicap-les-crous-a-vos-cotes-au-quotidien\/\" target=\"_blank\" rel=\"noreferrer noopener\">CROUS Lorraine<\/a><\/div>\n<\/div>\n\n<\/div><\/div>\n<\/div>\n<\/div>\n\n<div class=\"gb-container gb-container-0867b481\">\n<div class=\"gb-grid-wrapper gb-grid-wrapper-b6201e72\">\n<div class=\"gb-grid-column gb-grid-column-1e2eb4dc\"><div class=\"gb-container gb-container-1e2eb4dc\">\n\n<h2 class=\"gb-headline gb-headline-17f8ff67 gb-headline-text\">Un acc\u00e8s adapt\u00e9 au sport<\/h2>\n\n<\/div><\/div>\n\n<div class=\"gb-grid-column gb-grid-column-6d30a5e9\"><div class=\"gb-container gb-container-6d30a5e9\">\n<div class=\"gb-container gb-container-815ee053\">\n\n<figure class=\"wp-block-image alignwide size-full\"><a href=\"https:\/\/sport.univ-lorraine.fr\/\"><img decoding=\"async\" width=\"281\" height=\"201\" src=\"https:\/\/www.univ-lorraine.fr\/handicap\/wp-content\/uploads\/sites\/51\/2024\/03\/sports-signature.png\" alt=\"Lien vers le site SUAPS\" class=\"wp-image-654\"\/><\/a><\/figure>\n\n<\/div>\n<\/div><\/div>\n\n<div class=\"gb-grid-column gb-grid-column-20c757f4\"><div class=\"gb-container gb-container-20c757f4\">\n\n<p class=\"has-base-3-color has-text-color has-link-color has-medium-font-size wp-elements-cf6f0190e7d28e05433e74cf85ba591d\">Toutes les activit\u00e9s physiques propos\u00e9es par le SUAPS sont adaptables aux personnes pr\u00e9sentant un handicap. Dans tous les cas et quelque soit votre handicap, n&rsquo;h\u00e9sitez pas \u00e0 vous pr\u00e9senter \u00e0 l&rsquo;intervenant et \u00e0 discuter sur l&rsquo;am\u00e9nagement possible afin de pratiquer l&rsquo;activit\u00e9 que vous avez choisie.<\/p>\n\n\n\n<div class=\"wp-block-buttons is-content-justification-right is-layout-flex wp-container-core-buttons-is-layout-e6df00e8 wp-block-buttons-is-layout-flex\">\n<div class=\"wp-block-button\"><a class=\"wp-block-button__link wp-element-button\" href=\"https:\/\/sport.univ-lorraine.fr\/content\/29-handisport\" target=\"_blank\" rel=\"noreferrer noopener\">SUAPS<\/a><\/div>\n<\/div>\n\n<\/div><\/div>\n<\/div>\n<\/div>\n\n<div class=\"gb-container gb-container-8d7c2871\">\n<div class=\"gb-grid-wrapper gb-grid-wrapper-1129639e\">\n<div class=\"gb-grid-column gb-grid-column-32a491a3\"><div class=\"gb-container gb-container-32a491a3\">\n\n<h2 class=\"gb-headline gb-headline-720224bd gb-headline-text\">Un acc\u00e8s \u00e9galitaire \u00e0 la culture<\/h2>\n\n<\/div><\/div>\n\n<div class=\"gb-grid-column gb-grid-column-a232da0d\"><div class=\"gb-container gb-container-a232da0d\">\n<div class=\"gb-container gb-container-371d09d8\">\n<div class=\"wp-block-image\">\n<figure class=\"aligncenter size-full\"><a href=\"https:\/\/www.univ-lorraine.fr\/culture\/\"><img decoding=\"async\" width=\"300\" height=\"134\" src=\"https:\/\/www.univ-lorraine.fr\/handicap\/wp-content\/uploads\/sites\/51\/2024\/02\/services-ul_culture-300x134.png.webp\" alt=\"Lien vers le site Culture\" class=\"wp-image-585\"\/><\/a><\/figure>\n<\/div>\n<\/div>\n<\/div><\/div>\n\n<div class=\"gb-grid-column gb-grid-column-88c164e5\"><div class=\"gb-container gb-container-88c164e5\">\n\n<p class=\"has-medium-font-size\">L&rsquo;Universit\u00e9 de Lorraine fait en sorte de s&rsquo;adapter pour rendre toute l&rsquo;offre culturelle accessible \u00e0 tous. Retrouvez sur le site <a href=\"https:\/\/www.univ-lorraine.fr\/culture\/\">Culture<\/a>, l&rsquo;ensemble des activit\u00e9s culturelles \u00e0 l&rsquo;UL.<\/p>\n\n\n\n<div class=\"wp-block-buttons is-content-justification-right is-layout-flex wp-container-core-buttons-is-layout-765c4724 wp-block-buttons-is-layout-flex\">\n<div class=\"wp-block-button\"><a class=\"wp-block-button__link wp-element-button\" href=\"https:\/\/www.univ-lorraine.fr\/culture\/\">Culture<\/a><\/div>\n<\/div>\n\n<\/div><\/div>\n<\/div>\n<\/div>\n\n<div class=\"gb-container gb-container-2383e2b4\">\n<div class=\"gb-grid-wrapper gb-grid-wrapper-4f1e610f\">\n<div class=\"gb-grid-column gb-grid-column-3e7a2ebe\"><div class=\"gb-container gb-container-3e7a2ebe\">\n\n<h2 class=\"gb-headline gb-headline-61b9c201 gb-headline-text\">Un s\u00e9jour international adapt\u00e9<\/h2>\n\n<\/div><\/div>\n\n<div class=\"gb-grid-column gb-grid-column-38a53b92\"><div class=\"gb-container gb-container-38a53b92\">\n<div class=\"gb-container gb-container-46b185a1\">\n\n<figure class=\"wp-block-image alignwide size-full\"><a href=\"https:\/\/agence.erasmusplus.fr\/erasmus-accompagne-les-personnes-en-situation-de-handicap\/\"><img decoding=\"async\" width=\"371\" height=\"209\" src=\"https:\/\/www.univ-lorraine.fr\/handicap\/wp-content\/uploads\/sites\/51\/2024\/02\/logo-erasmus-.png\" alt=\"Lien vers le site ERASMUS+\" class=\"wp-image-584\" srcset=\"https:\/\/www.univ-lorraine.fr\/handicap\/wp-content\/uploads\/sites\/51\/2024\/02\/logo-erasmus-.png 371w, https:\/\/www.univ-lorraine.fr\/handicap\/wp-content\/uploads\/sites\/51\/2024\/02\/logo-erasmus--300x169.png 300w\" sizes=\"(max-width: 371px) 100vw, 371px\" \/><\/a><\/figure>\n\n<\/div>\n<\/div><\/div>\n\n<div class=\"gb-grid-column gb-grid-column-ffdef9a9\"><div class=\"gb-container gb-container-ffdef9a9\">\n\n<p class=\"has-medium-font-size\">Gr\u00e2ce \u00e0 <a href=\"https:\/\/agence.erasmusplus.fr\/erasmus-accompagne-les-personnes-en-situation-de-handicap\/\">Erasmus+<\/a> l&rsquo;Universit\u00e9 de Lorraine permet \u00e0 ses \u00e9tudiant\u00b7es de partir \u00e0 l&rsquo;\u00e9tranger pour un semestre. Un accompagnement universitaire personnalis\u00e9 est mis en place. Et il existe \u00e9galement la possibilit\u00e9 d&rsquo;obtenir des fonds suppl\u00e9mentaires allou\u00e9s par l&rsquo;agence Erasmus+<\/p>\n\n\n\n<div class=\"wp-block-buttons is-content-justification-right is-layout-flex wp-container-core-buttons-is-layout-765c4724 wp-block-buttons-is-layout-flex\">\n<div class=\"wp-block-button\"><a class=\"wp-block-button__link wp-element-button\" href=\"https:\/\/agence.erasmusplus.fr\/erasmus-accompagne-les-personnes-en-situation-de-handicap\/\">ERASMUS+<\/a><\/div>\n<\/div>\n\n<\/div><\/div>\n<\/div>\n<\/div>\n<\/div>","protected":false},"excerpt":{"rendered":"<p>L&rsquo;Universit\u00e9 de Lorraine s&rsquo;engage \u00e0 faire participer les \u00e9tudiant\u00b7es en situation de handicap \u00e0 la vie universitaire et adapte ses services \u00e0 chacun\u00b7es.<\/p>\n","protected":false},"author":580,"featured_media":0,"parent":0,"menu_order":0,"comment_status":"closed","ping_status":"closed","template":"","meta":{"inline_featured_image":false,"footnotes":""},"class_list":["post-650","page","type-page","status-publish"],"yoast_head":"<!-- This site is optimized with the Yoast SEO plugin v27.4 - https:\/\/yoast.com\/product\/yoast-seo-wordpress\/ -->\n<title>Des services qui s&#039;adaptent - \u00c9tudes et handicap<\/title>\n<meta name=\"description\" content=\"L&#039;Universit\u00e9 de Lorraine s&#039;engage \u00e0 faire participer les \u00e9tudiant\u00b7es en situation de handicap \u00e0 la vie universitaire.\" \/>\n<meta name=\"robots\" content=\"index, follow, max-snippet:-1, max-image-preview:large, max-video-preview:-1\" \/>\n<link rel=\"canonical\" href=\"https:\/\/www.univ-lorraine.fr\/handicap\/culture-sport-et-erasmus-des-services-qui-sadaptent\/\" \/>\n<meta property=\"og:locale\" content=\"fr_FR\" \/>\n<meta property=\"og:type\" content=\"article\" \/>\n<meta property=\"og:title\" content=\"Des services qui s&#039;adaptent - \u00c9tudes et handicap\" \/>\n<meta property=\"og:description\" content=\"L&#039;Universit\u00e9 de Lorraine s&#039;engage \u00e0 faire participer les \u00e9tudiant\u00b7es en situation de handicap \u00e0 la vie universitaire.\" \/>\n<meta property=\"og:url\" content=\"https:\/\/www.univ-lorraine.fr\/handicap\/culture-sport-et-erasmus-des-services-qui-sadaptent\/\" \/>\n<meta property=\"og:site_name\" content=\"\u00c9tudes et handicap\" \/>\n<meta property=\"article:modified_time\" content=\"2026-04-23T13:20:34+00:00\" \/>\n<meta property=\"og:image\" content=\"https:\/\/www.univ-lorraine.fr\/handicap\/wp-content\/uploads\/sites\/51\/2024\/06\/dessin-livre-accessibilite2.jpg\" \/>\n\t<meta property=\"og:image:width\" content=\"856\" \/>\n\t<meta property=\"og:image:height\" content=\"1280\" \/>\n\t<meta property=\"og:image:type\" content=\"image\/jpeg\" \/>\n<meta name=\"twitter:card\" content=\"summary_large_image\" \/>\n<meta name=\"twitter:label1\" content=\"Dur\u00e9e de lecture estim\u00e9e\" \/>\n\t<meta name=\"twitter:data1\" content=\"2 minutes\" \/>\n<script type=\"application\/ld+json\" class=\"yoast-schema-graph\">{\"@context\":\"https:\\\/\\\/schema.org\",\"@graph\":[{\"@type\":\"WebPage\",\"@id\":\"https:\\\/\\\/www.univ-lorraine.fr\\\/handicap\\\/culture-sport-et-erasmus-des-services-qui-sadaptent\\\/\",\"url\":\"https:\\\/\\\/www.univ-lorraine.fr\\\/handicap\\\/culture-sport-et-erasmus-des-services-qui-sadaptent\\\/\",\"name\":\"Des services qui s'adaptent - \u00c9tudes et handicap\",\"isPartOf\":{\"@id\":\"https:\\\/\\\/www.univ-lorraine.fr\\\/handicap\\\/#website\"},\"primaryImageOfPage\":{\"@id\":\"https:\\\/\\\/www.univ-lorraine.fr\\\/handicap\\\/culture-sport-et-erasmus-des-services-qui-sadaptent\\\/#primaryimage\"},\"image\":{\"@id\":\"https:\\\/\\\/www.univ-lorraine.fr\\\/handicap\\\/culture-sport-et-erasmus-des-services-qui-sadaptent\\\/#primaryimage\"},\"thumbnailUrl\":\"https:\\\/\\\/www.univ-lorraine.fr\\\/handicap\\\/wp-content\\\/uploads\\\/sites\\\/51\\\/2024\\\/06\\\/dessin-livre-accessibilite2.jpg\",\"datePublished\":\"2024-03-05T10:06:48+00:00\",\"dateModified\":\"2026-04-23T13:20:34+00:00\",\"description\":\"L'Universit\u00e9 de Lorraine s'engage \u00e0 faire participer les \u00e9tudiant\u00b7es en situation de handicap \u00e0 la vie universitaire.\",\"breadcrumb\":{\"@id\":\"https:\\\/\\\/www.univ-lorraine.fr\\\/handicap\\\/culture-sport-et-erasmus-des-services-qui-sadaptent\\\/#breadcrumb\"},\"inLanguage\":\"fr-FR\",\"potentialAction\":[{\"@type\":\"ReadAction\",\"target\":[\"https:\\\/\\\/www.univ-lorraine.fr\\\/handicap\\\/culture-sport-et-erasmus-des-services-qui-sadaptent\\\/\"]}]},{\"@type\":\"ImageObject\",\"inLanguage\":\"fr-FR\",\"@id\":\"https:\\\/\\\/www.univ-lorraine.fr\\\/handicap\\\/culture-sport-et-erasmus-des-services-qui-sadaptent\\\/#primaryimage\",\"url\":\"https:\\\/\\\/www.univ-lorraine.fr\\\/handicap\\\/wp-content\\\/uploads\\\/sites\\\/51\\\/2024\\\/06\\\/dessin-livre-accessibilite2.jpg\",\"contentUrl\":\"https:\\\/\\\/www.univ-lorraine.fr\\\/handicap\\\/wp-content\\\/uploads\\\/sites\\\/51\\\/2024\\\/06\\\/dessin-livre-accessibilite2.jpg\",\"width\":856,\"height\":1280},{\"@type\":\"BreadcrumbList\",\"@id\":\"https:\\\/\\\/www.univ-lorraine.fr\\\/handicap\\\/culture-sport-et-erasmus-des-services-qui-sadaptent\\\/#breadcrumb\",\"itemListElement\":[{\"@type\":\"ListItem\",\"position\":1,\"name\":\"Accueil\",\"item\":\"https:\\\/\\\/www.univ-lorraine.fr\\\/handicap\\\/\"},{\"@type\":\"ListItem\",\"position\":2,\"name\":\"Des services qui s&rsquo;adaptent\"}]},{\"@type\":\"WebSite\",\"@id\":\"https:\\\/\\\/www.univ-lorraine.fr\\\/handicap\\\/#website\",\"url\":\"https:\\\/\\\/www.univ-lorraine.fr\\\/handicap\\\/\",\"name\":\"\u00c9tudes et handicap\",\"description\":\"Faire dialoguer les savoirs, c\u2019est innover\",\"publisher\":{\"@id\":\"https:\\\/\\\/www.univ-lorraine.fr\\\/handicap\\\/#organization\"},\"potentialAction\":[{\"@type\":\"SearchAction\",\"target\":{\"@type\":\"EntryPoint\",\"urlTemplate\":\"https:\\\/\\\/www.univ-lorraine.fr\\\/handicap\\\/?s={search_term_string}\"},\"query-input\":{\"@type\":\"PropertyValueSpecification\",\"valueRequired\":true,\"valueName\":\"search_term_string\"}}],\"inLanguage\":\"fr-FR\"},{\"@type\":\"Organization\",\"@id\":\"https:\\\/\\\/www.univ-lorraine.fr\\\/handicap\\\/#organization\",\"name\":\"Universit\u00e9 de Lorraine\",\"url\":\"https:\\\/\\\/www.univ-lorraine.fr\\\/handicap\\\/\",\"logo\":{\"@type\":\"ImageObject\",\"inLanguage\":\"fr-FR\",\"@id\":\"https:\\\/\\\/www.univ-lorraine.fr\\\/handicap\\\/#\\\/schema\\\/logo\\\/image\\\/\",\"url\":\"https:\\\/\\\/www.univ-lorraine.fr\\\/handicap\\\/wp-content\\\/uploads\\\/sites\\\/51\\\/2021\\\/01\\\/LOGO_UL.png\",\"contentUrl\":\"https:\\\/\\\/www.univ-lorraine.fr\\\/handicap\\\/wp-content\\\/uploads\\\/sites\\\/51\\\/2021\\\/01\\\/LOGO_UL.png\",\"width\":138,\"height\":48,\"caption\":\"Universit\u00e9 de Lorraine\"},\"image\":{\"@id\":\"https:\\\/\\\/www.univ-lorraine.fr\\\/handicap\\\/#\\\/schema\\\/logo\\\/image\\\/\"}}]}<\/script>\n<!-- \/ Yoast SEO plugin. -->","yoast_head_json":{"title":"Des services qui s'adaptent - \u00c9tudes et handicap","description":"L'Universit\u00e9 de Lorraine s'engage \u00e0 faire participer les \u00e9tudiant\u00b7es en situation de handicap \u00e0 la vie universitaire.","robots":{"index":"index","follow":"follow","max-snippet":"max-snippet:-1","max-image-preview":"max-image-preview:large","max-video-preview":"max-video-preview:-1"},"canonical":"https:\/\/www.univ-lorraine.fr\/handicap\/culture-sport-et-erasmus-des-services-qui-sadaptent\/","og_locale":"fr_FR","og_type":"article","og_title":"Des services qui s'adaptent - \u00c9tudes et handicap","og_description":"L'Universit\u00e9 de Lorraine s'engage \u00e0 faire participer les \u00e9tudiant\u00b7es en situation de handicap \u00e0 la vie universitaire.","og_url":"https:\/\/www.univ-lorraine.fr\/handicap\/culture-sport-et-erasmus-des-services-qui-sadaptent\/","og_site_name":"\u00c9tudes et handicap","article_modified_time":"2026-04-23T13:20:34+00:00","og_image":[{"width":856,"height":1280,"url":"https:\/\/www.univ-lorraine.fr\/handicap\/wp-content\/uploads\/sites\/51\/2024\/06\/dessin-livre-accessibilite2.jpg","type":"image\/jpeg"}],"twitter_card":"summary_large_image","twitter_misc":{"Dur\u00e9e de lecture estim\u00e9e":"2 minutes"},"schema":{"@context":"https:\/\/schema.org","@graph":[{"@type":"WebPage","@id":"https:\/\/www.univ-lorraine.fr\/handicap\/culture-sport-et-erasmus-des-services-qui-sadaptent\/","url":"https:\/\/www.univ-lorraine.fr\/handicap\/culture-sport-et-erasmus-des-services-qui-sadaptent\/","name":"Des services qui s'adaptent - \u00c9tudes et handicap","isPartOf":{"@id":"https:\/\/www.univ-lorraine.fr\/handicap\/#website"},"primaryImageOfPage":{"@id":"https:\/\/www.univ-lorraine.fr\/handicap\/culture-sport-et-erasmus-des-services-qui-sadaptent\/#primaryimage"},"image":{"@id":"https:\/\/www.univ-lorraine.fr\/handicap\/culture-sport-et-erasmus-des-services-qui-sadaptent\/#primaryimage"},"thumbnailUrl":"https:\/\/www.univ-lorraine.fr\/handicap\/wp-content\/uploads\/sites\/51\/2024\/06\/dessin-livre-accessibilite2.jpg","datePublished":"2024-03-05T10:06:48+00:00","dateModified":"2026-04-23T13:20:34+00:00","description":"L'Universit\u00e9 de Lorraine s'engage \u00e0 faire participer les \u00e9tudiant\u00b7es en situation de handicap \u00e0 la vie universitaire.","breadcrumb":{"@id":"https:\/\/www.univ-lorraine.fr\/handicap\/culture-sport-et-erasmus-des-services-qui-sadaptent\/#breadcrumb"},"inLanguage":"fr-FR","potentialAction":[{"@type":"ReadAction","target":["https:\/\/www.univ-lorraine.fr\/handicap\/culture-sport-et-erasmus-des-services-qui-sadaptent\/"]}]},{"@type":"ImageObject","inLanguage":"fr-FR","@id":"https:\/\/www.univ-lorraine.fr\/handicap\/culture-sport-et-erasmus-des-services-qui-sadaptent\/#primaryimage","url":"https:\/\/www.univ-lorraine.fr\/handicap\/wp-content\/uploads\/sites\/51\/2024\/06\/dessin-livre-accessibilite2.jpg","contentUrl":"https:\/\/www.univ-lorraine.fr\/handicap\/wp-content\/uploads\/sites\/51\/2024\/06\/dessin-livre-accessibilite2.jpg","width":856,"height":1280},{"@type":"BreadcrumbList","@id":"https:\/\/www.univ-lorraine.fr\/handicap\/culture-sport-et-erasmus-des-services-qui-sadaptent\/#breadcrumb","itemListElement":[{"@type":"ListItem","position":1,"name":"Accueil","item":"https:\/\/www.univ-lorraine.fr\/handicap\/"},{"@type":"ListItem","position":2,"name":"Des services qui s&rsquo;adaptent"}]},{"@type":"WebSite","@id":"https:\/\/www.univ-lorraine.fr\/handicap\/#website","url":"https:\/\/www.univ-lorraine.fr\/handicap\/","name":"\u00c9tudes et handicap","description":"Faire dialoguer les savoirs, c\u2019est innover","publisher":{"@id":"https:\/\/www.univ-lorraine.fr\/handicap\/#organization"},"potentialAction":[{"@type":"SearchAction","target":{"@type":"EntryPoint","urlTemplate":"https:\/\/www.univ-lorraine.fr\/handicap\/?s={search_term_string}"},"query-input":{"@type":"PropertyValueSpecification","valueRequired":true,"valueName":"search_term_string"}}],"inLanguage":"fr-FR"},{"@type":"Organization","@id":"https:\/\/www.univ-lorraine.fr\/handicap\/#organization","name":"Universit\u00e9 de Lorraine","url":"https:\/\/www.univ-lorraine.fr\/handicap\/","logo":{"@type":"ImageObject","inLanguage":"fr-FR","@id":"https:\/\/www.univ-lorraine.fr\/handicap\/#\/schema\/logo\/image\/","url":"https:\/\/www.univ-lorraine.fr\/handicap\/wp-content\/uploads\/sites\/51\/2021\/01\/LOGO_UL.png","contentUrl":"https:\/\/www.univ-lorraine.fr\/handicap\/wp-content\/uploads\/sites\/51\/2021\/01\/LOGO_UL.png","width":138,"height":48,"caption":"Universit\u00e9 de Lorraine"},"image":{"@id":"https:\/\/www.univ-lorraine.fr\/handicap\/#\/schema\/logo\/image\/"}}]}},"_links":{"self":[{"href":"https:\/\/www.univ-lorraine.fr\/handicap\/wp-json\/wp\/v2\/pages\/650","targetHints":{"allow":["GET"]}}],"collection":[{"href":"https:\/\/www.univ-lorraine.fr\/handicap\/wp-json\/wp\/v2\/pages"}],"about":[{"href":"https:\/\/www.univ-lorraine.fr\/handicap\/wp-json\/wp\/v2\/types\/page"}],"author":[{"embeddable":true,"href":"https:\/\/www.univ-lorraine.fr\/handicap\/wp-json\/wp\/v2\/users\/580"}],"replies":[{"embeddable":true,"href":"https:\/\/www.univ-lorraine.fr\/handicap\/wp-json\/wp\/v2\/comments?post=650"}],"version-history":[{"count":70,"href":"https:\/\/www.univ-lorraine.fr\/handicap\/wp-json\/wp\/v2\/pages\/650\/revisions"}],"predecessor-version":[{"id":1211,"href":"https:\/\/www.univ-lorraine.fr\/handicap\/wp-json\/wp\/v2\/pages\/650\/revisions\/1211"}],"wp:attachment":[{"href":"https:\/\/www.univ-lorraine.fr\/handicap\/wp-json\/wp\/v2\/media?parent=650"}],"curies":[{"name":"wp","href":"https:\/\/api.w.org\/{rel}","templated":true}]}}