{"id":10460,"date":"2023-09-27T10:26:01","date_gmt":"2023-09-27T08:26:01","guid":{"rendered":"https:\/\/www.univ-lorraine.fr\/orientation-insertion-professionnelle\/?page_id=10460"},"modified":"2025-11-04T09:03:52","modified_gmt":"2025-11-04T08:03:52","slug":"stage-en-poche","status":"publish","type":"page","link":"https:\/\/www.univ-lorraine.fr\/orientation-insertion-professionnelle\/stage-en-poche\/","title":{"rendered":"Stage en poche 2025"},"content":{"rendered":"<div class=\"gb-container gb-container-ab8a30f4\">\n<div class=\"gb-container gb-container-0c94b158\">\n<div class=\"wp-block-image\">\n<figure class=\"aligncenter size-large is-resized\"><img loading=\"lazy\" decoding=\"async\" width=\"1024\" height=\"576\" src=\"https:\/\/www.univ-lorraine.fr\/orientation-insertion-professionnelle\/wp-content\/uploads\/sites\/7\/2025\/10\/visuel-pour-mail-etu-1024x576.png\" alt=\"\" class=\"wp-image-14781\" style=\"width:704px;height:auto\" srcset=\"https:\/\/www.univ-lorraine.fr\/orientation-insertion-professionnelle\/wp-content\/uploads\/sites\/7\/2025\/10\/visuel-pour-mail-etu-1024x576.png 1024w, https:\/\/www.univ-lorraine.fr\/orientation-insertion-professionnelle\/wp-content\/uploads\/sites\/7\/2025\/10\/visuel-pour-mail-etu-300x169.png 300w, https:\/\/www.univ-lorraine.fr\/orientation-insertion-professionnelle\/wp-content\/uploads\/sites\/7\/2025\/10\/visuel-pour-mail-etu-768x432.png 768w, https:\/\/www.univ-lorraine.fr\/orientation-insertion-professionnelle\/wp-content\/uploads\/sites\/7\/2025\/10\/visuel-pour-mail-etu-1536x864.png 1536w, https:\/\/www.univ-lorraine.fr\/orientation-insertion-professionnelle\/wp-content\/uploads\/sites\/7\/2025\/10\/visuel-pour-mail-etu.png 1920w\" sizes=\"auto, (max-width: 1024px) 100vw, 1024px\" \/><\/figure>\n<\/div>\n<\/div>\n\n\n<p class=\"has-text-align-center\">L\u2019universit\u00e9 de Lorraine et ses partenaires organisent la <strong>17<sup>e<\/sup> \u00e9dition du forum Stage en poche<\/strong>, un \u00e9v\u00e9nement incontournable, qui vise \u00e0 r\u00e9pondre aux besoins en stages des \u00e9tudiantes et des \u00e9tudiants et aux besoins en comp\u00e9tences des entreprises locales et transfrontali\u00e8res !<\/p>\n\n\n\n<p class=\"has-text-align-center\"><strong>Les partenaires&nbsp;:&nbsp;<\/strong><em>l\u2019Eurom\u00e9tropole de Metz, la M\u00e9tropole du Grand Nancy, la Ville de Metz, la Ville de Nancy, France travail, l\u2019Apec, la CCI Moselle, la Maison de l\u2019emploi du Grand Nancy.<\/em><\/p>\n\n<\/div>\n\n\n<div class=\"wp-block-buttons is-content-justification-center is-layout-flex wp-container-core-buttons-is-layout-16018d1d wp-block-buttons-is-layout-flex\">\n<div class=\"wp-block-button\"><a class=\"wp-block-button__link has-contrast-background-color has-background wp-element-button\" href=\"&#109;&#x61;i&#108;&#x74;o&#58;&#x73;e&#112;&#x2d;c&#111;&#x6e;&#116;&#x61;&#x63;&#116;&#x40;&#x75;&#110;&#x69;v&#45;&#x6c;o&#114;&#x72;a&#105;&#x6e;e&#46;&#x66;&#114;\" target=\"_blank\" rel=\"noreferrer noopener\">Nous contacter<\/a><\/div>\n<\/div>\n\n\n\n<h2 class=\"gb-headline gb-headline-8e1ce70f gb-headline-text\">Stage en poche, <strong>\u00e0 Nancy<\/strong><\/h2>\n\n\n\n<p class=\"has-text-align-center has-text-color has-link-color wp-elements-4b8af939641ab0bd50387e9b42f0aab8\" style=\"color:#eb6e27\"><strong>H\u00f4tel de ville (place Stanislas &#8211; 54 000 Nancy<\/strong>)<br>Jeudi 06\/11\/2025, 10 h &#8211; 12 h 30 et 13 h 30 &#8211; 16 h<\/p>\n\n\n<div class=\"gb-container gb-container-ec9faf8c\">\n\n<div class=\"wp-block-buttons is-content-justification-center is-layout-flex wp-container-core-buttons-is-layout-16018d1d wp-block-buttons-is-layout-flex\">\n<div class=\"wp-block-button\"><a class=\"wp-block-button__link has-contrast-color has-text-color has-background has-link-color wp-element-button\" href=\"https:\/\/www.univ-lorraine.fr\/orientation-insertion-professionnelle\/wp-content\/uploads\/sites\/7\/2025\/11\/plan-sep-2025-nancy.pdf\" style=\"background-color:#eb6e27\" target=\"_blank\" rel=\"noreferrer noopener\">T\u00e9l\u00e9charger le programme<\/a><\/div>\n<\/div>\n\n<\/div>\n\n\n<p class=\"has-text-align-center has-text-color has-link-color wp-elements-464ec9905b06709eca0c7f12a2a3aa87\" style=\"color:#a40133\"><strong>INFORMATION DE DERNI\u00c8RE MINUTE :<\/strong><\/p>\n\n\n\n<p class=\"has-text-align-center has-text-color has-link-color wp-elements-723a3dc5ef416142bf00d5355c1a533e\" style=\"color:#a40133\"><strong>Cette ann\u00e9e, Stage en poche se d\u00e9roulera uniquement \u00e0 Nancy.<\/strong><\/p>\n\n\n\n<h2 class=\"gb-headline gb-headline-cd098fe6 gb-headline-text\">Stage en poche, <strong>\u00e0 Metz <\/strong>: ANNUL\u00c9<\/h2>\n\n\n<div class=\"gb-grid-wrapper gb-grid-wrapper-ab1b54cd\">\n<div class=\"gb-grid-column gb-grid-column-1f39fe80\"><div class=\"gb-container gb-container-1f39fe80\">\n\n<h2 class=\"wp-block-heading has-text-align-center has-base-3-color has-text-color has-link-color wp-elements-8d9da91e3ab867fae842ae8317c39e8c\" style=\"font-size:30px;text-transform:uppercase\"><strong>Entreprises<\/strong><\/h2>\n\n\n\n<p class=\"has-base-3-color has-text-color has-link-color wp-elements-5f007457fef61ff5f887db3d0b2f02b1\">Ce forum a pour objectif de vous permettre&nbsp;de :<\/p>\n\n\n\n<ul class=\"wp-block-list has-base-3-color has-text-color has-link-color wp-elements-8d6dffd74d53b18d81448dbefdf880dc\">\n<li>Recruter un \u00e9tudiant en stage<\/li>\n\n\n\n<li>Rencontrer et cibler des profils \u00e9tudiants diversifi\u00e9s<\/li>\n\n\n\n<li>Pr\u00e9senter vos activit\u00e9s et faire conna\u00eetre vos m\u00e9tiers<\/li>\n\n\n\n<li>D\u00e9velopper votre notori\u00e9t\u00e9 et votre image aupr\u00e8s des \u00e9tudiantes et des \u00e9tudiants<\/li>\n<\/ul>\n\n\n\n<div class=\"wp-block-buttons is-content-justification-center is-layout-flex wp-container-core-buttons-is-layout-16018d1d wp-block-buttons-is-layout-flex\">\n<div class=\"wp-block-button\"><a class=\"wp-block-button__link wp-element-button\" href=\"https:\/\/enquetes.univ-lorraine.fr\/index.php\/71255?lang=fr\" target=\"_blank\" rel=\"noreferrer noopener\">S&rsquo;inscrire au forum<\/a><\/div>\n<\/div>\n\n\n\n<p class=\"gb-headline gb-headline-da7ade52 gb-headline-text\"><strong>Inscriptions jusqu\u2019au vendredi 31 octobre \u00e0 Nancy. <\/strong><\/p>\n\n\n\n<p><\/p>\n\n<\/div><\/div>\n\n<div class=\"gb-grid-column gb-grid-column-f3141e78\"><div class=\"gb-container gb-container-f3141e78\">\n\n<h2 class=\"wp-block-heading has-text-align-center\" style=\"font-size:30px;text-transform:uppercase\"><strong>\u00c9tudiantes et \u00e9tudiants<\/strong><\/h2>\n\n\n\n<h3 class=\"wp-block-heading has-text-align-center has-medium-font-size\"><strong>Stage en poche<\/strong> a pour objectif de&nbsp;vous permettre de&nbsp;:<\/h3>\n\n\n\n<ul class=\"wp-block-list\">\n<li>D\u00e9crocher un stage<\/li>\n\n\n\n<li>\u00c9changer de fa\u00e7on individuelle avec des entreprises de nombreux secteurs d\u2019activit\u00e9<\/li>\n\n\n\n<li>Vous faire conna\u00eetre et cr\u00e9er des r\u00e9seaux<\/li>\n\n\n\n<li>Am\u00e9liorer votre pr\u00e9sentation professionnelle (CV, pr\u00e9paration en amont et conseils le jour du forum)<\/li>\n\n\n\n<li>D\u00e9couvrir des m\u00e9tiers et des entreprises<\/li>\n<\/ul>\n\n\n\n<p class=\"has-text-align-center\"><strong>Entr\u00e9e libre \u2013 Ne pas oublier de venir avec vos CV.<\/strong><\/p>\n\n\n\n<h2 class=\"wp-block-heading has-text-align-center has-medium-font-size\" style=\"text-transform:uppercase\"><strong>Entreprises et offres de stage<\/strong><\/h2>\n\n\n\n<div class=\"wp-block-pb-accordion-item c-accordion__item js-accordion-item no-js\" data-initially-open=\"false\" data-click-to-close=\"true\" data-auto-close=\"true\" data-scroll=\"false\" data-scroll-offset=\"0\"><h4 id=\"at-104600\" class=\"c-accordion__title js-accordion-controller\" role=\"button\">Audit-Comptabilit\u00e9-Conseil<\/h4><div id=\"ac-104600\" class=\"c-accordion__content\">\n<ul class=\"wp-block-list\">\n<li><strong><a href=\"http:\/\/www.batt.eu\" target=\"_blank\" rel=\"noreferrer noopener\">Batt &amp; associ\u00e9s<\/a> : <\/strong>expertise comptable, audit (bac+3 \u00e0 5)<\/li>\n\n\n\n<li><strong><a href=\"http:\/\/www.groupe3e.fr\" target=\"_blank\" rel=\"noreferrer noopener\">3E Consultants<\/a> : <\/strong>assistance RH (bac+3 \u00e0 5), \u00e9tudes \u00e9conomique, analyse financi\u00e8re (bac+3)<\/li>\n<\/ul>\n<\/div><\/div>\n\n\n\n<div class=\"wp-block-pb-accordion-item c-accordion__item js-accordion-item no-js\" data-initially-open=\"false\" data-click-to-close=\"true\" data-auto-close=\"true\" data-scroll=\"false\" data-scroll-offset=\"0\"><h4 id=\"at-104601\" class=\"c-accordion__title js-accordion-controller\" role=\"button\">BTP<\/h4><div id=\"ac-104601\" class=\"c-accordion__content\">\n<ul class=\"wp-block-list\">\n<li><strong><a href=\"http:\/\/www.lebatiment.fr\" target=\"_blank\" rel=\"noreferrer noopener\">F\u00e9d\u00e9ration du BTP 54<\/a> : <\/strong>\u00e9tudes, construction, conduite de travaux, encadrement, g\u00e9nie climatique, charg\u00e9 d&rsquo;affaire (bac+2 \u00e0 5)<\/li>\n\n\n\n<li><strong><a href=\"https:\/\/sogea-environnement.fr\/\" target=\"_blank\" rel=\"noreferrer noopener\">SOGEA Est BTP<\/a> :<\/strong> travaux publics, g\u00e9nie civil, construction durable, contruction, s\u00e9curit\u00e9, QSE (bac+2 \u00e0 5)<\/li>\n<\/ul>\n<\/div><\/div>\n\n\n\n<div class=\"wp-block-pb-accordion-item c-accordion__item js-accordion-item no-js\" data-initially-open=\"false\" data-click-to-close=\"true\" data-auto-close=\"true\" data-scroll=\"false\" data-scroll-offset=\"0\"><h4 id=\"at-104602\" class=\"c-accordion__title js-accordion-controller\" role=\"button\">Commerce &#8211; Grande distribution<\/h4><div id=\"ac-104602\" class=\"c-accordion__content\">\n<ul class=\"wp-block-list\">\n<li><a href=\"https:\/\/www.intermarche.com\/\" target=\"_blank\" rel=\"noreferrer noopener\"><strong>Intermarch\u00e9<\/strong> <strong>Mussipontum <\/strong><\/a>: commerce, HSEQ, qualit\u00e9, management, gestion de rayon<\/li>\n\n\n\n<li><strong><a href=\"http:\/\/www.vegafruits.fr\/qui-sommes-nous\/\" target=\"_blank\" rel=\"noreferrer noopener\">V\u00e9gafruits <\/a><\/strong>: informatique, maintenance, commerce, production (bac+2 \u00e0 5)<\/li>\n<\/ul>\n<\/div><\/div>\n\n\n\n<div class=\"wp-block-pb-accordion-item c-accordion__item js-accordion-item no-js\" data-initially-open=\"false\" data-click-to-close=\"true\" data-auto-close=\"true\" data-scroll=\"false\" data-scroll-offset=\"0\"><h4 id=\"at-104603\" class=\"c-accordion__title js-accordion-controller\" role=\"button\">Conseil en ing\u00e9nierie<\/h4><div id=\"ac-104603\" class=\"c-accordion__content\">\n<ul class=\"wp-block-list\">\n<li><strong><a href=\"http:\/\/www.iecorp.eu\" target=\"_blank\" rel=\"noreferrer noopener\">Iecorp SA<\/a> : <\/strong>informatique et automatisme (bac+5), d\u00e9veloppement front-end et back-end (bac+5)<\/li>\n\n\n\n<li><strong><a href=\"http:\/\/www.powdercraft.fr\" target=\"_blank\" rel=\"noreferrer noopener\">PowderCraft<\/a> :<\/strong> sciences physiques (bac+4 \u00e0 5)<\/li>\n<\/ul>\n<\/div><\/div>\n\n\n\n<div class=\"wp-block-pb-accordion-item c-accordion__item js-accordion-item no-js\" data-initially-open=\"false\" data-click-to-close=\"true\" data-auto-close=\"true\" data-scroll=\"false\" data-scroll-offset=\"0\"><h4 id=\"at-104604\" class=\"c-accordion__title js-accordion-controller\" role=\"button\">\u00c9nergie<\/h4><div id=\"ac-104604\" class=\"c-accordion__content\">\n<ul class=\"wp-block-list\">\n<li><strong><a href=\"https:\/\/www.rte-france.com\/\" target=\"_blank\" rel=\"noreferrer noopener\">RTE<\/a> :<\/strong> transition \u00e9nerg\u00e9tique, \u00e9lectrotechnique, \u00e9nergie (bac+5), \u00e9lectro-technique (bac+2), g\u00e9nie \u00e9lectrique, g\u00e9nie \u00e9lectrique et informatique industrielle (bac+2), informatique (bac+2), informatique, IA (bac+5)<\/li>\n<\/ul>\n<\/div><\/div>\n\n\n\n<div class=\"wp-block-pb-accordion-item c-accordion__item js-accordion-item no-js\" data-initially-open=\"false\" data-click-to-close=\"true\" data-auto-close=\"true\" data-scroll=\"false\" data-scroll-offset=\"0\"><h4 id=\"at-104605\" class=\"c-accordion__title js-accordion-controller\" role=\"button\">Environnement<\/h4><div id=\"ac-104605\" class=\"c-accordion__content\">\n<ul class=\"wp-block-list\">\n<li><strong><a href=\"https:\/\/www.kalies.com\/\" target=\"_blank\" rel=\"noreferrer noopener\">Kali\u00e8s<\/a><\/strong> : environnement, protection de l&rsquo;environnement ICPE (bac+5)<\/li>\n<\/ul>\n<\/div><\/div>\n\n\n\n<div class=\"wp-block-pb-accordion-item c-accordion__item js-accordion-item no-js\" data-initially-open=\"false\" data-click-to-close=\"true\" data-auto-close=\"true\" data-scroll=\"false\" data-scroll-offset=\"0\"><h4 id=\"at-104606\" class=\"c-accordion__title js-accordion-controller\" role=\"button\">Fonction publique territoriale<\/h4><div id=\"ac-104606\" class=\"c-accordion__content\">\n<ul class=\"wp-block-list\">\n<li><strong><a href=\"http:\/\/www.grandnancy.eu\" target=\"_blank\" rel=\"noreferrer noopener\">M\u00e9tropole du Grand Nancy<\/a> et <a href=\"https:\/\/www.nancy.fr\/accueil\" target=\"_blank\" rel=\"noreferrer noopener\">Ville de Nancy<\/a> :<\/strong> tous domaines et tous niveaux<\/li>\n<\/ul>\n<\/div><\/div>\n\n\n\n<div class=\"wp-block-pb-accordion-item c-accordion__item js-accordion-item no-js\" data-initially-open=\"false\" data-click-to-close=\"true\" data-auto-close=\"true\" data-scroll=\"false\" data-scroll-offset=\"0\"><h4 id=\"at-104607\" class=\"c-accordion__title js-accordion-controller\" role=\"button\">Formation<\/h4><div id=\"ac-104607\" class=\"c-accordion__content\">\n<ul class=\"wp-block-list\">\n<li><strong><a href=\"http:\/\/www.cciformation.org\" target=\"_blank\" rel=\"noreferrer noopener\">CCI Moselle<\/a> : <\/strong>administration, commerce<\/li>\n\n\n\n<li><strong><a href=\"http:\/\/www.roville.fr\" target=\"_blank\" rel=\"noreferrer noopener\">\u00c9cole d&rsquo;horticulture et de paysage de Roville<\/a> :<\/strong> commerce, marketing (bac+2 et plus)<\/li>\n<\/ul>\n<\/div><\/div>\n\n\n\n<div class=\"wp-block-pb-accordion-item c-accordion__item js-accordion-item no-js\" data-initially-open=\"false\" data-click-to-close=\"true\" data-auto-close=\"true\" data-scroll=\"false\" data-scroll-offset=\"0\"><h4 id=\"at-104608\" class=\"c-accordion__title js-accordion-controller\" role=\"button\">Industrie : automobile<\/h4><div id=\"ac-104608\" class=\"c-accordion__content\">\n<ul class=\"wp-block-list\">\n<li><strong><a href=\"http:\/\/www.iee-sensing.com\" target=\"_blank\" rel=\"noreferrer noopener\">IEE S.A. <\/a>: <\/strong>g\u00e9nie \u00e9lectronique et informatique industrielle, informatique, ing\u00e9nierie des syst\u00e8mes complexes, math\u00e9matiques, physique, r\u00e9seaux et t\u00e9l\u00e9communications, sciences et g\u00e9nie des mat\u00e9riaux (bac+5)<\/li>\n<\/ul>\n<\/div><\/div>\n\n\n\n<div class=\"wp-block-pb-accordion-item c-accordion__item js-accordion-item no-js\" data-initially-open=\"false\" data-click-to-close=\"true\" data-auto-close=\"true\" data-scroll=\"false\" data-scroll-offset=\"0\"><h4 id=\"at-104609\" class=\"c-accordion__title js-accordion-controller\" role=\"button\">Industrie : sid\u00e9rurgie<\/h4><div id=\"ac-104609\" class=\"c-accordion__content\">\n<ul class=\"wp-block-list\">\n<li><strong><a href=\"https:\/\/www.pamline.fr\/\" target=\"_blank\" rel=\"noreferrer noopener\">Saint-Gobain PAM<\/a> : <\/strong>maintenance, automatisme, qualit\u00e9<\/li>\n<\/ul>\n<\/div><\/div>\n\n\n\n<div class=\"wp-block-pb-accordion-item c-accordion__item js-accordion-item no-js\" data-initially-open=\"false\" data-click-to-close=\"true\" data-auto-close=\"true\" data-scroll=\"false\" data-scroll-offset=\"0\"><h4 id=\"at-1046010\" class=\"c-accordion__title js-accordion-controller\" role=\"button\">Industrie : moteurs \u00e9lectriques, convertisseurs<\/h4><div id=\"ac-1046010\" class=\"c-accordion__content\">\n<ul class=\"wp-block-list\">\n<li><strong><a href=\"https:\/\/www.gevernova.com\/\" target=\"_blank\" rel=\"noreferrer noopener\">GE Vernova Power Conversion<\/a> : <\/strong>g\u00e9nie m\u00e9canique, production m\u00e9canique, logistique, informatique<\/li>\n<\/ul>\n<\/div><\/div>\n\n\n\n<div class=\"wp-block-pb-accordion-item c-accordion__item js-accordion-item no-js\" data-initially-open=\"false\" data-click-to-close=\"true\" data-auto-close=\"true\" data-scroll=\"false\" data-scroll-offset=\"0\"><h4 id=\"at-1046011\" class=\"c-accordion__title js-accordion-controller\" role=\"button\">M\u00e9dia<\/h4><div id=\"ac-1046011\" class=\"c-accordion__content\">\n<ul class=\"wp-block-list\">\n<li><strong><a href=\"https:\/\/www.reworldmediaconnect.com\/\" target=\"_blank\" rel=\"noreferrer noopener\">Reworld media<\/a> :<\/strong> communication, m\u00e9dia print et digital (bac+4 \u00e0 5)<\/li>\n<\/ul>\n<\/div><\/div>\n\n\n\n<div class=\"wp-block-pb-accordion-item c-accordion__item js-accordion-item no-js\" data-initially-open=\"false\" data-click-to-close=\"true\" data-auto-close=\"true\" data-scroll=\"false\" data-scroll-offset=\"0\"><h4 id=\"at-1046012\" class=\"c-accordion__title js-accordion-controller\" role=\"button\">Restauration<\/h4><div id=\"ac-1046012\" class=\"c-accordion__content\">\n<ul class=\"wp-block-list\">\n<li><strong><a href=\"https:\/\/www.margueriteriolait.fr\/\" target=\"_blank\" rel=\"noreferrer noopener\">Marguerite Riolait<\/a> <\/strong>(uniquement l&rsquo;apr\u00e8s-midi) : marketing digital (bac+2 \u00e0 3)<\/li>\n<\/ul>\n<\/div><\/div>\n\n\n\n<div class=\"wp-block-pb-accordion-item c-accordion__item js-accordion-item no-js\" data-initially-open=\"false\" data-click-to-close=\"true\" data-auto-close=\"true\" data-scroll=\"false\" data-scroll-offset=\"0\"><h4 id=\"at-1046013\" class=\"c-accordion__title js-accordion-controller\" role=\"button\">Sant\u00e9<\/h4><div id=\"ac-1046013\" class=\"c-accordion__content\">\n<ul class=\"wp-block-list\">\n<li><strong><a href=\"https:\/\/addictions-france.org\/\" target=\"_blank\" rel=\"noreferrer noopener\">Association Addictions France<\/a> : <\/strong>communication (bac+3 \u00e0 5)<\/li>\n\n\n\n<li><strong><a href=\"http:\/\/www.lacooperativewelcoop.com\" target=\"_blank\" rel=\"noreferrer noopener\">La coop\u00e9rative Welcoop<\/a> :<\/strong> commerce (bac+3 \u00e0 5), contr\u00f4le de gestion, audit, comptabilit\u00e9 (bac+4 \u00e0 5)<\/li>\n<\/ul>\n<\/div><\/div>\n\n\n\n<div class=\"wp-block-pb-accordion-item c-accordion__item js-accordion-item no-js\" data-initially-open=\"false\" data-click-to-close=\"true\" data-auto-close=\"true\" data-scroll=\"false\" data-scroll-offset=\"0\"><h4 id=\"at-1046014\" class=\"c-accordion__title js-accordion-controller\" role=\"button\">Social : protection de l&rsquo;enfance<\/h4><div id=\"ac-1046014\" class=\"c-accordion__content\">\n<ul class=\"wp-block-list\">\n<li><strong><a href=\"http:\/\/www.realise.asso.fr\" target=\"_blank\" rel=\"noreferrer noopener\">Association REALISE<\/a> :<\/strong> communication, archivage (bac+2 \u00e0 5)<\/li>\n<\/ul>\n<\/div><\/div>\n\n\n\n<div class=\"wp-block-pb-accordion-item c-accordion__item js-accordion-item no-js\" data-initially-open=\"false\" data-click-to-close=\"true\" data-auto-close=\"true\" data-scroll=\"false\" data-scroll-offset=\"0\"><h4 id=\"at-1046015\" class=\"c-accordion__title js-accordion-controller\" role=\"button\">T\u00e9l\u00e9communications<\/h4><div id=\"ac-1046015\" class=\"c-accordion__content\">\n<ul class=\"wp-block-list\">\n<li><strong><a href=\"http:\/\/www.axyscom.com\" target=\"_blank\" rel=\"noreferrer noopener\">Axyscom<\/a> : <\/strong>gestion, administration, comptabilit\u00e9, RH, automatisme (bac+2 \u00e0 5)<\/li>\n<\/ul>\n<\/div><\/div>\n\n\n\n<div class=\"wp-block-pb-accordion-item c-accordion__item js-accordion-item no-js\" data-initially-open=\"false\" data-click-to-close=\"true\" data-auto-close=\"true\" data-scroll=\"false\" data-scroll-offset=\"0\"><h4 id=\"at-1046016\" class=\"c-accordion__title js-accordion-controller\" role=\"button\">Transport et logistique<\/h4><div id=\"ac-1046016\" class=\"c-accordion__content\">\n<ul class=\"wp-block-list\">\n<li><strong><a href=\"https:\/\/martinbrower.com\/\" target=\"_blank\" rel=\"noreferrer noopener\">Martin Brower<\/a> :<\/strong> administration (bac+2), communication (bac+3 \u00e0 5)<\/li>\n<\/ul>\n<\/div><\/div>\n\n<\/div><\/div>\n\n<div class=\"gb-grid-column gb-grid-column-ad69ec4a\"><div class=\"gb-container gb-container-ad69ec4a\"><\/div><\/div>\n<\/div>\n\n\n<p><\/p>\n\n\n\n<p><\/p>\n","protected":false},"excerpt":{"rendered":"<p>L\u2019universit\u00e9 de Lorraine et ses partenaires organisent la 17e \u00e9dition du forum Stage en poche, un \u00e9v\u00e9nement incontournable, qui vise \u00e0 r\u00e9pondre aux besoins en stages des \u00e9tudiantes et des \u00e9tudiants et aux besoins en comp\u00e9tences des entreprises locales et transfrontali\u00e8res ! Les partenaires&nbsp;:&nbsp;l\u2019Eurom\u00e9tropole de Metz, la M\u00e9tropole du Grand Nancy, la Ville de Metz, &#8230; <a title=\"Stage en poche 2025\" class=\"read-more\" href=\"https:\/\/www.univ-lorraine.fr\/orientation-insertion-professionnelle\/stage-en-poche\/\" aria-label=\"En savoir plus sur Stage en poche 2025\">Lire plus<\/a><\/p>\n","protected":false},"author":37,"featured_media":0,"parent":0,"menu_order":0,"comment_status":"closed","ping_status":"closed","template":"","meta":{"inline_featured_image":false,"footnotes":""},"categories":[],"tags":[],"class_list":["post-10460","page","type-page","status-publish"],"yoast_head":"<!-- This site is optimized with the Yoast SEO plugin v27.4 - https:\/\/yoast.com\/product\/yoast-seo-wordpress\/ -->\n<title>Stage en poche 2025 - Orientation et insertion professionnelle<\/title>\n<meta name=\"robots\" content=\"index, follow, max-snippet:-1, max-image-preview:large, max-video-preview:-1\" \/>\n<link rel=\"canonical\" href=\"https:\/\/www.univ-lorraine.fr\/orientation-insertion-professionnelle\/stage-en-poche\/\" \/>\n<meta property=\"og:locale\" content=\"fr_FR\" \/>\n<meta property=\"og:type\" content=\"article\" \/>\n<meta property=\"og:title\" content=\"Stage en poche 2025 - Orientation et insertion professionnelle\" \/>\n<meta property=\"og:description\" content=\"L\u2019universit\u00e9 de Lorraine et ses partenaires organisent la 17e \u00e9dition du forum Stage en poche, un \u00e9v\u00e9nement incontournable, qui vise \u00e0 r\u00e9pondre aux besoins en stages des \u00e9tudiantes et des \u00e9tudiants et aux besoins en comp\u00e9tences des entreprises locales et transfrontali\u00e8res ! Les partenaires&nbsp;:&nbsp;l\u2019Eurom\u00e9tropole de Metz, la M\u00e9tropole du Grand Nancy, la Ville de Metz, ... Lire plus\" \/>\n<meta property=\"og:url\" content=\"https:\/\/www.univ-lorraine.fr\/orientation-insertion-professionnelle\/stage-en-poche\/\" \/>\n<meta property=\"og:site_name\" content=\"Orientation et insertion professionnelle\" \/>\n<meta property=\"article:modified_time\" content=\"2025-11-04T08:03:52+00:00\" \/>\n<meta property=\"og:image\" content=\"https:\/\/www.univ-lorraine.fr\/orientation-insertion-professionnelle\/wp-content\/uploads\/sites\/7\/2025\/10\/visuel-pour-mail-etu.png\" \/>\n\t<meta property=\"og:image:width\" content=\"1920\" \/>\n\t<meta property=\"og:image:height\" content=\"1080\" \/>\n\t<meta property=\"og:image:type\" content=\"image\/png\" \/>\n<meta name=\"twitter:card\" content=\"summary_large_image\" \/>\n<meta name=\"twitter:label1\" content=\"Dur\u00e9e de lecture estim\u00e9e\" \/>\n\t<meta name=\"twitter:data1\" content=\"3 minutes\" \/>\n<script type=\"application\/ld+json\" class=\"yoast-schema-graph\">{\"@context\":\"https:\\\/\\\/schema.org\",\"@graph\":[{\"@type\":\"WebPage\",\"@id\":\"https:\\\/\\\/www.univ-lorraine.fr\\\/orientation-insertion-professionnelle\\\/stage-en-poche\\\/\",\"url\":\"https:\\\/\\\/www.univ-lorraine.fr\\\/orientation-insertion-professionnelle\\\/stage-en-poche\\\/\",\"name\":\"Stage en poche 2025 - Orientation et insertion professionnelle\",\"isPartOf\":{\"@id\":\"https:\\\/\\\/www.univ-lorraine.fr\\\/orientation-insertion-professionnelle\\\/#website\"},\"primaryImageOfPage\":{\"@id\":\"https:\\\/\\\/www.univ-lorraine.fr\\\/orientation-insertion-professionnelle\\\/stage-en-poche\\\/#primaryimage\"},\"image\":{\"@id\":\"https:\\\/\\\/www.univ-lorraine.fr\\\/orientation-insertion-professionnelle\\\/stage-en-poche\\\/#primaryimage\"},\"thumbnailUrl\":\"https:\\\/\\\/www.univ-lorraine.fr\\\/orientation-insertion-professionnelle\\\/wp-content\\\/uploads\\\/sites\\\/7\\\/2025\\\/10\\\/visuel-pour-mail-etu-1024x576.png\",\"datePublished\":\"2023-09-27T08:26:01+00:00\",\"dateModified\":\"2025-11-04T08:03:52+00:00\",\"breadcrumb\":{\"@id\":\"https:\\\/\\\/www.univ-lorraine.fr\\\/orientation-insertion-professionnelle\\\/stage-en-poche\\\/#breadcrumb\"},\"inLanguage\":\"fr-FR\",\"potentialAction\":[{\"@type\":\"ReadAction\",\"target\":[\"https:\\\/\\\/www.univ-lorraine.fr\\\/orientation-insertion-professionnelle\\\/stage-en-poche\\\/\"]}]},{\"@type\":\"ImageObject\",\"inLanguage\":\"fr-FR\",\"@id\":\"https:\\\/\\\/www.univ-lorraine.fr\\\/orientation-insertion-professionnelle\\\/stage-en-poche\\\/#primaryimage\",\"url\":\"https:\\\/\\\/www.univ-lorraine.fr\\\/orientation-insertion-professionnelle\\\/wp-content\\\/uploads\\\/sites\\\/7\\\/2025\\\/10\\\/visuel-pour-mail-etu.png\",\"contentUrl\":\"https:\\\/\\\/www.univ-lorraine.fr\\\/orientation-insertion-professionnelle\\\/wp-content\\\/uploads\\\/sites\\\/7\\\/2025\\\/10\\\/visuel-pour-mail-etu.png\",\"width\":1920,\"height\":1080},{\"@type\":\"BreadcrumbList\",\"@id\":\"https:\\\/\\\/www.univ-lorraine.fr\\\/orientation-insertion-professionnelle\\\/stage-en-poche\\\/#breadcrumb\",\"itemListElement\":[{\"@type\":\"ListItem\",\"position\":1,\"name\":\"Accueil\",\"item\":\"https:\\\/\\\/www.univ-lorraine.fr\\\/orientation-insertion-professionnelle\\\/\"},{\"@type\":\"ListItem\",\"position\":2,\"name\":\"Stage en poche 2025\"}]},{\"@type\":\"WebSite\",\"@id\":\"https:\\\/\\\/www.univ-lorraine.fr\\\/orientation-insertion-professionnelle\\\/#website\",\"url\":\"https:\\\/\\\/www.univ-lorraine.fr\\\/orientation-insertion-professionnelle\\\/\",\"name\":\"Orientation et insertion professionnelle\",\"description\":\"\",\"publisher\":{\"@id\":\"https:\\\/\\\/www.univ-lorraine.fr\\\/orientation-insertion-professionnelle\\\/#organization\"},\"potentialAction\":[{\"@type\":\"SearchAction\",\"target\":{\"@type\":\"EntryPoint\",\"urlTemplate\":\"https:\\\/\\\/www.univ-lorraine.fr\\\/orientation-insertion-professionnelle\\\/?s={search_term_string}\"},\"query-input\":{\"@type\":\"PropertyValueSpecification\",\"valueRequired\":true,\"valueName\":\"search_term_string\"}}],\"inLanguage\":\"fr-FR\"},{\"@type\":\"Organization\",\"@id\":\"https:\\\/\\\/www.univ-lorraine.fr\\\/orientation-insertion-professionnelle\\\/#organization\",\"name\":\"Universit\u00e9 de Lorraine\",\"url\":\"https:\\\/\\\/www.univ-lorraine.fr\\\/orientation-insertion-professionnelle\\\/\",\"logo\":{\"@type\":\"ImageObject\",\"inLanguage\":\"fr-FR\",\"@id\":\"https:\\\/\\\/www.univ-lorraine.fr\\\/orientation-insertion-professionnelle\\\/#\\\/schema\\\/logo\\\/image\\\/\",\"url\":\"https:\\\/\\\/www.univ-lorraine.fr\\\/orientation-insertion-professionnelle\\\/wp-content\\\/uploads\\\/sites\\\/7\\\/2023\\\/04\\\/logo_siteweb2_Plan-de-travail-1.png\",\"contentUrl\":\"https:\\\/\\\/www.univ-lorraine.fr\\\/orientation-insertion-professionnelle\\\/wp-content\\\/uploads\\\/sites\\\/7\\\/2023\\\/04\\\/logo_siteweb2_Plan-de-travail-1.png\",\"width\":852,\"height\":492,\"caption\":\"Universit\u00e9 de Lorraine\"},\"image\":{\"@id\":\"https:\\\/\\\/www.univ-lorraine.fr\\\/orientation-insertion-professionnelle\\\/#\\\/schema\\\/logo\\\/image\\\/\"}}]}<\/script>\n<!-- \/ Yoast SEO plugin. -->","yoast_head_json":{"title":"Stage en poche 2025 - Orientation et insertion professionnelle","robots":{"index":"index","follow":"follow","max-snippet":"max-snippet:-1","max-image-preview":"max-image-preview:large","max-video-preview":"max-video-preview:-1"},"canonical":"https:\/\/www.univ-lorraine.fr\/orientation-insertion-professionnelle\/stage-en-poche\/","og_locale":"fr_FR","og_type":"article","og_title":"Stage en poche 2025 - Orientation et insertion professionnelle","og_description":"L\u2019universit\u00e9 de Lorraine et ses partenaires organisent la 17e \u00e9dition du forum Stage en poche, un \u00e9v\u00e9nement incontournable, qui vise \u00e0 r\u00e9pondre aux besoins en stages des \u00e9tudiantes et des \u00e9tudiants et aux besoins en comp\u00e9tences des entreprises locales et transfrontali\u00e8res ! Les partenaires&nbsp;:&nbsp;l\u2019Eurom\u00e9tropole de Metz, la M\u00e9tropole du Grand Nancy, la Ville de Metz, ... Lire plus","og_url":"https:\/\/www.univ-lorraine.fr\/orientation-insertion-professionnelle\/stage-en-poche\/","og_site_name":"Orientation et insertion professionnelle","article_modified_time":"2025-11-04T08:03:52+00:00","og_image":[{"width":1920,"height":1080,"url":"https:\/\/www.univ-lorraine.fr\/orientation-insertion-professionnelle\/wp-content\/uploads\/sites\/7\/2025\/10\/visuel-pour-mail-etu.png","type":"image\/png"}],"twitter_card":"summary_large_image","twitter_misc":{"Dur\u00e9e de lecture estim\u00e9e":"3 minutes"},"schema":{"@context":"https:\/\/schema.org","@graph":[{"@type":"WebPage","@id":"https:\/\/www.univ-lorraine.fr\/orientation-insertion-professionnelle\/stage-en-poche\/","url":"https:\/\/www.univ-lorraine.fr\/orientation-insertion-professionnelle\/stage-en-poche\/","name":"Stage en poche 2025 - Orientation et insertion professionnelle","isPartOf":{"@id":"https:\/\/www.univ-lorraine.fr\/orientation-insertion-professionnelle\/#website"},"primaryImageOfPage":{"@id":"https:\/\/www.univ-lorraine.fr\/orientation-insertion-professionnelle\/stage-en-poche\/#primaryimage"},"image":{"@id":"https:\/\/www.univ-lorraine.fr\/orientation-insertion-professionnelle\/stage-en-poche\/#primaryimage"},"thumbnailUrl":"https:\/\/www.univ-lorraine.fr\/orientation-insertion-professionnelle\/wp-content\/uploads\/sites\/7\/2025\/10\/visuel-pour-mail-etu-1024x576.png","datePublished":"2023-09-27T08:26:01+00:00","dateModified":"2025-11-04T08:03:52+00:00","breadcrumb":{"@id":"https:\/\/www.univ-lorraine.fr\/orientation-insertion-professionnelle\/stage-en-poche\/#breadcrumb"},"inLanguage":"fr-FR","potentialAction":[{"@type":"ReadAction","target":["https:\/\/www.univ-lorraine.fr\/orientation-insertion-professionnelle\/stage-en-poche\/"]}]},{"@type":"ImageObject","inLanguage":"fr-FR","@id":"https:\/\/www.univ-lorraine.fr\/orientation-insertion-professionnelle\/stage-en-poche\/#primaryimage","url":"https:\/\/www.univ-lorraine.fr\/orientation-insertion-professionnelle\/wp-content\/uploads\/sites\/7\/2025\/10\/visuel-pour-mail-etu.png","contentUrl":"https:\/\/www.univ-lorraine.fr\/orientation-insertion-professionnelle\/wp-content\/uploads\/sites\/7\/2025\/10\/visuel-pour-mail-etu.png","width":1920,"height":1080},{"@type":"BreadcrumbList","@id":"https:\/\/www.univ-lorraine.fr\/orientation-insertion-professionnelle\/stage-en-poche\/#breadcrumb","itemListElement":[{"@type":"ListItem","position":1,"name":"Accueil","item":"https:\/\/www.univ-lorraine.fr\/orientation-insertion-professionnelle\/"},{"@type":"ListItem","position":2,"name":"Stage en poche 2025"}]},{"@type":"WebSite","@id":"https:\/\/www.univ-lorraine.fr\/orientation-insertion-professionnelle\/#website","url":"https:\/\/www.univ-lorraine.fr\/orientation-insertion-professionnelle\/","name":"Orientation et insertion professionnelle","description":"","publisher":{"@id":"https:\/\/www.univ-lorraine.fr\/orientation-insertion-professionnelle\/#organization"},"potentialAction":[{"@type":"SearchAction","target":{"@type":"EntryPoint","urlTemplate":"https:\/\/www.univ-lorraine.fr\/orientation-insertion-professionnelle\/?s={search_term_string}"},"query-input":{"@type":"PropertyValueSpecification","valueRequired":true,"valueName":"search_term_string"}}],"inLanguage":"fr-FR"},{"@type":"Organization","@id":"https:\/\/www.univ-lorraine.fr\/orientation-insertion-professionnelle\/#organization","name":"Universit\u00e9 de Lorraine","url":"https:\/\/www.univ-lorraine.fr\/orientation-insertion-professionnelle\/","logo":{"@type":"ImageObject","inLanguage":"fr-FR","@id":"https:\/\/www.univ-lorraine.fr\/orientation-insertion-professionnelle\/#\/schema\/logo\/image\/","url":"https:\/\/www.univ-lorraine.fr\/orientation-insertion-professionnelle\/wp-content\/uploads\/sites\/7\/2023\/04\/logo_siteweb2_Plan-de-travail-1.png","contentUrl":"https:\/\/www.univ-lorraine.fr\/orientation-insertion-professionnelle\/wp-content\/uploads\/sites\/7\/2023\/04\/logo_siteweb2_Plan-de-travail-1.png","width":852,"height":492,"caption":"Universit\u00e9 de Lorraine"},"image":{"@id":"https:\/\/www.univ-lorraine.fr\/orientation-insertion-professionnelle\/#\/schema\/logo\/image\/"}}]}},"_links":{"self":[{"href":"https:\/\/www.univ-lorraine.fr\/orientation-insertion-professionnelle\/wp-json\/wp\/v2\/pages\/10460","targetHints":{"allow":["GET"]}}],"collection":[{"href":"https:\/\/www.univ-lorraine.fr\/orientation-insertion-professionnelle\/wp-json\/wp\/v2\/pages"}],"about":[{"href":"https:\/\/www.univ-lorraine.fr\/orientation-insertion-professionnelle\/wp-json\/wp\/v2\/types\/page"}],"author":[{"embeddable":true,"href":"https:\/\/www.univ-lorraine.fr\/orientation-insertion-professionnelle\/wp-json\/wp\/v2\/users\/37"}],"replies":[{"embeddable":true,"href":"https:\/\/www.univ-lorraine.fr\/orientation-insertion-professionnelle\/wp-json\/wp\/v2\/comments?post=10460"}],"version-history":[{"count":70,"href":"https:\/\/www.univ-lorraine.fr\/orientation-insertion-professionnelle\/wp-json\/wp\/v2\/pages\/10460\/revisions"}],"predecessor-version":[{"id":15038,"href":"https:\/\/www.univ-lorraine.fr\/orientation-insertion-professionnelle\/wp-json\/wp\/v2\/pages\/10460\/revisions\/15038"}],"wp:attachment":[{"href":"https:\/\/www.univ-lorraine.fr\/orientation-insertion-professionnelle\/wp-json\/wp\/v2\/media?parent=10460"}],"wp:term":[{"taxonomy":"category","embeddable":true,"href":"https:\/\/www.univ-lorraine.fr\/orientation-insertion-professionnelle\/wp-json\/wp\/v2\/categories?post=10460"},{"taxonomy":"post_tag","embeddable":true,"href":"https:\/\/www.univ-lorraine.fr\/orientation-insertion-professionnelle\/wp-json\/wp\/v2\/tags?post=10460"}],"curies":[{"name":"wp","href":"https:\/\/api.w.org\/{rel}","templated":true}]}}