{"id":2221,"date":"2021-09-20T12:27:08","date_gmt":"2021-09-20T10:27:08","guid":{"rendered":"https:\/\/www.univ-lorraine.fr\/orientation-insertion-professionnelle\/?page_id=2221"},"modified":"2022-09-16T17:40:20","modified_gmt":"2022-09-16T15:40:20","slug":"explorer-les-pistes-demploi","status":"publish","type":"page","link":"https:\/\/www.univ-lorraine.fr\/orientation-insertion-professionnelle\/ressources\/stage-emploi-et-alternance\/explorer-les-pistes-demploi\/","title":{"rendered":"Explorer les pistes d&#8217;emploi"},"content":{"rendered":"\n<h2 class=\"wp-block-heading\"><strong>LE MARCH\u00c9 OUVERT : O\u00d9 TROUVER DES OFFRES<\/strong><\/h2>\n\n\n\n<p>&nbsp;le march\u00e9 de l\u2019emploi est un point de rencontre entre une demande : les employeurs qui recherchent des comp\u00e9tences et une offre : des personnes qui peuvent les satisfaire, les chercheurs d\u2019emploi.<\/p>\n\n\n\n<p>Dans le langage courant on distingue le march\u00e9 ouvert et le march\u00e9 cach\u00e9<\/p>\n\n\n\n<p>Le march\u00e9 ouvert est constitu\u00e9 de l&rsquo;ensemble des offres publi\u00e9es par les employeurs<\/p>\n\n\n\n<p>Il est plus facile \u00e0 aborder car il est facile d\u2019acc\u00e8s.<\/p>\n\n\n\n<p>En revanche, il est plus concurrentiel, une annonce mise en ligne g\u00e9n\u00e8re un volume de candidatures important.<\/p>\n\n\n\n<p>Quelques conseils afin de prospecter ce march\u00e9 :<\/p>\n\n\n\n<ul class=\"wp-block-list\"><li>\u00eatre pr\u00e9cis dans le choix de vos mots cl\u00e9s caract\u00e9risant le ou les m\u00e9tiers recherch\u00e9s,<\/li><li>\u00e9tendre \u00e9galement votre recherche \u00e0 des offres sur des m\u00e9tiers connexes.<\/li><li>vous cr\u00e9er des profils m\u00e9tiers sur les sites d&#8217;emploi pour recevoir directement les offres en fonction des crit\u00e8res de choix que vous aurez d\u00e9limit\u00e9.<\/li><\/ul>\n\n\n\n<p>Diff\u00e9rentes pistes pour trouver des offres :<\/p>\n\n\n\n<ul class=\"wp-block-list\"><li><a href=\"https:\/\/www.univ-lorraine.fr\/orientation-insertion-professionnelle\/?page_id=2421\">offres sur le Career Center de l&rsquo;UL<\/a><\/li><li><a href=\"https:\/\/candidat.pole-emploi.fr\/candidat\/rechercheoffres\/avancee\/A______P__________INDIFFERENT_______________________;JSESSIONID_CANDIDAT=glynWZ1RQjJRCB8QmKf2yLVY1hS5SJMsrkLSCHk0N2n4hMk1hfh6!-94953632\" target=\"_blank\" rel=\"noreferrer noopener\">offres de P\u00f4le Emploi<\/a><\/li><li><a href=\"https:\/\/www.apec.fr\/candidat.html\" target=\"_blank\" rel=\"noreferrer noopener\">offres de l&rsquo;Apec<\/a><\/li><li><a href=\"https:\/\/www.univ-lorraine.fr\/orientation-insertion-professionnelle\/?page_id=2204\">offres des r\u00e9seaux<\/a><\/li><li>les annonces de la presse sp\u00e9cialis\u00e9e<\/li><li>les sites des f\u00e9d\u00e9rations professionnelles (Apecita, BRGM, etc)<\/li><li>les sites des grandes entreprises (rubrique recrutement)<\/li><li>les agences d&rsquo;int\u00e9rim et cabinets de recrutement<\/li><li>les\u00a0<a href=\"https:\/\/www.univ-lorraine.fr\/orientation-insertion-professionnelle\/?page_id=2421\">salons et forums de l&#8217;emploi<\/a><\/li><li>les offres contractuelles de l&#8217;emploi public<\/li><\/ul>\n\n\n\n<p>Attention aux <a href=\"https:\/\/www.service-public.fr\/particuliers\/actualites\/A13328\" target=\"_blank\" rel=\"noreferrer noopener\">offres frauduleuses<\/a><\/p>\n\n\n\n<p>D&rsquo;autres liens de&nbsp;<a href=\"http:\/\/www.netvibes.com\/udl-stage-emploi#Sites_par_secteurs\" target=\"_blank\" rel=\"noreferrer noopener\">sites ressources d&#8217;emploi par secteur<\/a><\/p>\n\n\n\n<p>Valorisez vos Jobs \u00e9tudiants dans votre CV<\/p>\n\n\n\n<p>Postulez aux&nbsp;<a href=\"http:\/\/www.univ-lorraine.fr\/recrutement\/recrutement-etudiants\" target=\"_blank\" rel=\"noreferrer noopener\">Jobs \u00e9tudiants de l&rsquo;UL<\/a><\/p>\n\n\n\n<h2 class=\"wp-block-heading\"><strong>LE MARCH\u00c9 CACH\u00c9 : PROSPECTER LES OFFRES NON AFFICH\u00c9ES<\/strong><\/h2>\n\n\n\n<p>&nbsp;il recouvre l&rsquo;ensemble des emploi qui ne font pas l&rsquo;objet d&rsquo;annonce par les entreprises.<\/p>\n\n\n\n<p>L\u2019entreprise ne souhaite pas communiquer largement sur son recrutement, ou elle n\u2019a pas encore identifi\u00e9 dans l\u2019imm\u00e9diat un besoin de recrutement.<\/p>\n\n\n\n<p>Pour prospecter ce march\u00e9, plusieurs moyens sont possibles :<\/p>\n\n\n\n<ul class=\"wp-block-list\"><li>la<a href=\"https:\/\/www.univ-lorraine.fr\/orientation-insertion-professionnelle\/?page_id=2182\">\u00a0candidature spontan\u00e9e<\/a>\u00a0aupr\u00e8s de listing d\u2019entreprises d\u00e9limit\u00e9es<\/li><li>la\u00a0<a href=\"https:\/\/www.univ-lorraine.fr\/orientation-insertion-professionnelle\/?page_id=2204\">d\u00e9marche r\u00e9seaux personnel et professionnel<\/a><\/li><li>la lecture des revues sp\u00e9cialis\u00e9es\u00a0 et des actualit\u00e9s r\u00e9gionales\u00a0: pour rep\u00e9rer les ouvertures d\u2019entreprises, les \u00a0investissements importants \u00a0de soci\u00e9t\u00e9s qui vous int\u00e9ressent pouvant g\u00e9n\u00e9rer \u00e0 terme du recrutement.<\/li><li>Faire une veille sur les offres publi\u00e9es proche de votre m\u00e9tier pour candidater<\/li><\/ul>\n\n\n\n<p>Vous trouverez dans nos&nbsp;<a href=\"https:\/\/www.univ-lorraine.fr\/orientation-insertion-professionnelle\/\" target=\"_blank\" rel=\"noreferrer noopener\">SOIP<\/a>&nbsp;cette documentation.<\/p>\n\n\n\n<figure class=\"wp-block-image size-full\"><a href=\"https:\/\/www.apec.fr\/candidat\/etre-accompagne-dans-votre-recherche-demploi\/evaluer-votre-marche\/fiches-services\/votre-potentiel-marche.html?gclid=EAIaIQobChMIsZ62vYfZ8wIV_hoGAB3ZXANCEAAYASAAEgKRVvD_BwE&amp;gclsrc=aw.ds\" target=\"_blank\" rel=\"noopener\"><img loading=\"lazy\" decoding=\"async\" width=\"374\" height=\"250\" src=\"https:\/\/www.univ-lorraine.fr\/orientation-insertion-professionnelle\/wp-content\/uploads\/sites\/7\/2021\/10\/APEC_POTENTIEL_MARCHE.png\" alt=\"\" class=\"wp-image-2419\" srcset=\"https:\/\/www.univ-lorraine.fr\/orientation-insertion-professionnelle\/wp-content\/uploads\/sites\/7\/2021\/10\/APEC_POTENTIEL_MARCHE.png 374w, https:\/\/www.univ-lorraine.fr\/orientation-insertion-professionnelle\/wp-content\/uploads\/sites\/7\/2021\/10\/APEC_POTENTIEL_MARCHE-300x201.png 300w\" sizes=\"auto, (max-width: 374px) 100vw, 374px\" \/><\/a><\/figure>\n","protected":false},"excerpt":{"rendered":"<p>LE MARCH\u00c9 OUVERT : O\u00d9 TROUVER DES OFFRES &nbsp;le march\u00e9 de l\u2019emploi est un point de rencontre entre une demande : les employeurs qui recherchent des comp\u00e9tences et une offre : des personnes qui peuvent les satisfaire, les chercheurs d\u2019emploi. Dans le langage courant on distingue le march\u00e9 ouvert et le march\u00e9 cach\u00e9 Le march\u00e9 &#8230; <a title=\"Explorer les pistes d&#8217;emploi\" class=\"read-more\" href=\"https:\/\/www.univ-lorraine.fr\/orientation-insertion-professionnelle\/ressources\/stage-emploi-et-alternance\/explorer-les-pistes-demploi\/\" aria-label=\"En savoir plus sur Explorer les pistes d&#8217;emploi\">Lire plus<\/a><\/p>\n","protected":false},"author":7,"featured_media":0,"parent":4903,"menu_order":0,"comment_status":"closed","ping_status":"closed","template":"","meta":{"inline_featured_image":false,"footnotes":""},"categories":[15,21],"tags":[],"class_list":{"0":"post-2221","1":"page","2":"type-page","3":"status-publish","5":"category-insertion-professionnelle","6":"category-marche-de-lemploi"},"yoast_head":"<!-- This site is optimized with the Yoast SEO plugin v27.4 - https:\/\/yoast.com\/product\/yoast-seo-wordpress\/ -->\n<title>Explorer les pistes d&#039;emploi - Orientation et insertion professionnelle<\/title>\n<meta name=\"robots\" content=\"index, follow, max-snippet:-1, max-image-preview:large, max-video-preview:-1\" \/>\n<link rel=\"canonical\" href=\"https:\/\/www.univ-lorraine.fr\/orientation-insertion-professionnelle\/ressources\/stage-emploi-et-alternance\/explorer-les-pistes-demploi\/\" \/>\n<meta property=\"og:locale\" content=\"fr_FR\" \/>\n<meta property=\"og:type\" content=\"article\" \/>\n<meta property=\"og:title\" content=\"Explorer les pistes d&#039;emploi - Orientation et insertion professionnelle\" \/>\n<meta property=\"og:description\" content=\"LE MARCH\u00c9 OUVERT : O\u00d9 TROUVER DES OFFRES &nbsp;le march\u00e9 de l\u2019emploi est un point de rencontre entre une demande : les employeurs qui recherchent des comp\u00e9tences et une offre : des personnes qui peuvent les satisfaire, les chercheurs d\u2019emploi. Dans le langage courant on distingue le march\u00e9 ouvert et le march\u00e9 cach\u00e9 Le march\u00e9 ... Lire plus\" \/>\n<meta property=\"og:url\" content=\"https:\/\/www.univ-lorraine.fr\/orientation-insertion-professionnelle\/ressources\/stage-emploi-et-alternance\/explorer-les-pistes-demploi\/\" \/>\n<meta property=\"og:site_name\" content=\"Orientation et insertion professionnelle\" \/>\n<meta property=\"article:modified_time\" content=\"2022-09-16T15:40:20+00:00\" \/>\n<meta property=\"og:image\" content=\"https:\/\/www.univ-lorraine.fr\/orientation-insertion-professionnelle\/wp-content\/uploads\/sites\/7\/2021\/10\/APEC_POTENTIEL_MARCHE.png\" \/>\n<meta name=\"twitter:card\" content=\"summary_large_image\" \/>\n<meta name=\"twitter:label1\" content=\"Dur\u00e9e de lecture estim\u00e9e\" \/>\n\t<meta name=\"twitter:data1\" content=\"2 minutes\" \/>\n<script type=\"application\/ld+json\" class=\"yoast-schema-graph\">{\"@context\":\"https:\\\/\\\/schema.org\",\"@graph\":[{\"@type\":\"WebPage\",\"@id\":\"https:\\\/\\\/www.univ-lorraine.fr\\\/orientation-insertion-professionnelle\\\/ressources\\\/stage-emploi-et-alternance\\\/explorer-les-pistes-demploi\\\/\",\"url\":\"https:\\\/\\\/www.univ-lorraine.fr\\\/orientation-insertion-professionnelle\\\/ressources\\\/stage-emploi-et-alternance\\\/explorer-les-pistes-demploi\\\/\",\"name\":\"Explorer les pistes d'emploi - Orientation et insertion professionnelle\",\"isPartOf\":{\"@id\":\"https:\\\/\\\/www.univ-lorraine.fr\\\/orientation-insertion-professionnelle\\\/#website\"},\"primaryImageOfPage\":{\"@id\":\"https:\\\/\\\/www.univ-lorraine.fr\\\/orientation-insertion-professionnelle\\\/ressources\\\/stage-emploi-et-alternance\\\/explorer-les-pistes-demploi\\\/#primaryimage\"},\"image\":{\"@id\":\"https:\\\/\\\/www.univ-lorraine.fr\\\/orientation-insertion-professionnelle\\\/ressources\\\/stage-emploi-et-alternance\\\/explorer-les-pistes-demploi\\\/#primaryimage\"},\"thumbnailUrl\":\"https:\\\/\\\/www.univ-lorraine.fr\\\/orientation-insertion-professionnelle\\\/wp-content\\\/uploads\\\/sites\\\/7\\\/2021\\\/10\\\/APEC_POTENTIEL_MARCHE.png\",\"datePublished\":\"2021-09-20T10:27:08+00:00\",\"dateModified\":\"2022-09-16T15:40:20+00:00\",\"breadcrumb\":{\"@id\":\"https:\\\/\\\/www.univ-lorraine.fr\\\/orientation-insertion-professionnelle\\\/ressources\\\/stage-emploi-et-alternance\\\/explorer-les-pistes-demploi\\\/#breadcrumb\"},\"inLanguage\":\"fr-FR\",\"potentialAction\":[{\"@type\":\"ReadAction\",\"target\":[\"https:\\\/\\\/www.univ-lorraine.fr\\\/orientation-insertion-professionnelle\\\/ressources\\\/stage-emploi-et-alternance\\\/explorer-les-pistes-demploi\\\/\"]}]},{\"@type\":\"ImageObject\",\"inLanguage\":\"fr-FR\",\"@id\":\"https:\\\/\\\/www.univ-lorraine.fr\\\/orientation-insertion-professionnelle\\\/ressources\\\/stage-emploi-et-alternance\\\/explorer-les-pistes-demploi\\\/#primaryimage\",\"url\":\"https:\\\/\\\/www.univ-lorraine.fr\\\/orientation-insertion-professionnelle\\\/wp-content\\\/uploads\\\/sites\\\/7\\\/2021\\\/10\\\/APEC_POTENTIEL_MARCHE.png\",\"contentUrl\":\"https:\\\/\\\/www.univ-lorraine.fr\\\/orientation-insertion-professionnelle\\\/wp-content\\\/uploads\\\/sites\\\/7\\\/2021\\\/10\\\/APEC_POTENTIEL_MARCHE.png\",\"width\":374,\"height\":250},{\"@type\":\"BreadcrumbList\",\"@id\":\"https:\\\/\\\/www.univ-lorraine.fr\\\/orientation-insertion-professionnelle\\\/ressources\\\/stage-emploi-et-alternance\\\/explorer-les-pistes-demploi\\\/#breadcrumb\",\"itemListElement\":[{\"@type\":\"ListItem\",\"position\":1,\"name\":\"Accueil\",\"item\":\"https:\\\/\\\/www.univ-lorraine.fr\\\/orientation-insertion-professionnelle\\\/\"},{\"@type\":\"ListItem\",\"position\":2,\"name\":\"Ressources\",\"item\":\"https:\\\/\\\/www.univ-lorraine.fr\\\/orientation-insertion-professionnelle\\\/ressources\\\/\"},{\"@type\":\"ListItem\",\"position\":3,\"name\":\"Stage, emploi et alternance\",\"item\":\"https:\\\/\\\/www.univ-lorraine.fr\\\/orientation-insertion-professionnelle\\\/ressources\\\/stage-emploi-et-alternance\\\/\"},{\"@type\":\"ListItem\",\"position\":4,\"name\":\"Explorer les pistes d&#8217;emploi\"}]},{\"@type\":\"WebSite\",\"@id\":\"https:\\\/\\\/www.univ-lorraine.fr\\\/orientation-insertion-professionnelle\\\/#website\",\"url\":\"https:\\\/\\\/www.univ-lorraine.fr\\\/orientation-insertion-professionnelle\\\/\",\"name\":\"Orientation et insertion professionnelle\",\"description\":\"\",\"publisher\":{\"@id\":\"https:\\\/\\\/www.univ-lorraine.fr\\\/orientation-insertion-professionnelle\\\/#organization\"},\"potentialAction\":[{\"@type\":\"SearchAction\",\"target\":{\"@type\":\"EntryPoint\",\"urlTemplate\":\"https:\\\/\\\/www.univ-lorraine.fr\\\/orientation-insertion-professionnelle\\\/?s={search_term_string}\"},\"query-input\":{\"@type\":\"PropertyValueSpecification\",\"valueRequired\":true,\"valueName\":\"search_term_string\"}}],\"inLanguage\":\"fr-FR\"},{\"@type\":\"Organization\",\"@id\":\"https:\\\/\\\/www.univ-lorraine.fr\\\/orientation-insertion-professionnelle\\\/#organization\",\"name\":\"Universit\u00e9 de Lorraine\",\"url\":\"https:\\\/\\\/www.univ-lorraine.fr\\\/orientation-insertion-professionnelle\\\/\",\"logo\":{\"@type\":\"ImageObject\",\"inLanguage\":\"fr-FR\",\"@id\":\"https:\\\/\\\/www.univ-lorraine.fr\\\/orientation-insertion-professionnelle\\\/#\\\/schema\\\/logo\\\/image\\\/\",\"url\":\"https:\\\/\\\/www.univ-lorraine.fr\\\/orientation-insertion-professionnelle\\\/wp-content\\\/uploads\\\/sites\\\/7\\\/2023\\\/04\\\/logo_siteweb2_Plan-de-travail-1.png\",\"contentUrl\":\"https:\\\/\\\/www.univ-lorraine.fr\\\/orientation-insertion-professionnelle\\\/wp-content\\\/uploads\\\/sites\\\/7\\\/2023\\\/04\\\/logo_siteweb2_Plan-de-travail-1.png\",\"width\":852,\"height\":492,\"caption\":\"Universit\u00e9 de Lorraine\"},\"image\":{\"@id\":\"https:\\\/\\\/www.univ-lorraine.fr\\\/orientation-insertion-professionnelle\\\/#\\\/schema\\\/logo\\\/image\\\/\"}}]}<\/script>\n<!-- \/ Yoast SEO plugin. -->","yoast_head_json":{"title":"Explorer les pistes d'emploi - Orientation et insertion professionnelle","robots":{"index":"index","follow":"follow","max-snippet":"max-snippet:-1","max-image-preview":"max-image-preview:large","max-video-preview":"max-video-preview:-1"},"canonical":"https:\/\/www.univ-lorraine.fr\/orientation-insertion-professionnelle\/ressources\/stage-emploi-et-alternance\/explorer-les-pistes-demploi\/","og_locale":"fr_FR","og_type":"article","og_title":"Explorer les pistes d'emploi - Orientation et insertion professionnelle","og_description":"LE MARCH\u00c9 OUVERT : O\u00d9 TROUVER DES OFFRES &nbsp;le march\u00e9 de l\u2019emploi est un point de rencontre entre une demande : les employeurs qui recherchent des comp\u00e9tences et une offre : des personnes qui peuvent les satisfaire, les chercheurs d\u2019emploi. Dans le langage courant on distingue le march\u00e9 ouvert et le march\u00e9 cach\u00e9 Le march\u00e9 ... Lire plus","og_url":"https:\/\/www.univ-lorraine.fr\/orientation-insertion-professionnelle\/ressources\/stage-emploi-et-alternance\/explorer-les-pistes-demploi\/","og_site_name":"Orientation et insertion professionnelle","article_modified_time":"2022-09-16T15:40:20+00:00","og_image":[{"url":"https:\/\/www.univ-lorraine.fr\/orientation-insertion-professionnelle\/wp-content\/uploads\/sites\/7\/2021\/10\/APEC_POTENTIEL_MARCHE.png","type":"","width":"","height":""}],"twitter_card":"summary_large_image","twitter_misc":{"Dur\u00e9e de lecture estim\u00e9e":"2 minutes"},"schema":{"@context":"https:\/\/schema.org","@graph":[{"@type":"WebPage","@id":"https:\/\/www.univ-lorraine.fr\/orientation-insertion-professionnelle\/ressources\/stage-emploi-et-alternance\/explorer-les-pistes-demploi\/","url":"https:\/\/www.univ-lorraine.fr\/orientation-insertion-professionnelle\/ressources\/stage-emploi-et-alternance\/explorer-les-pistes-demploi\/","name":"Explorer les pistes d'emploi - Orientation et insertion professionnelle","isPartOf":{"@id":"https:\/\/www.univ-lorraine.fr\/orientation-insertion-professionnelle\/#website"},"primaryImageOfPage":{"@id":"https:\/\/www.univ-lorraine.fr\/orientation-insertion-professionnelle\/ressources\/stage-emploi-et-alternance\/explorer-les-pistes-demploi\/#primaryimage"},"image":{"@id":"https:\/\/www.univ-lorraine.fr\/orientation-insertion-professionnelle\/ressources\/stage-emploi-et-alternance\/explorer-les-pistes-demploi\/#primaryimage"},"thumbnailUrl":"https:\/\/www.univ-lorraine.fr\/orientation-insertion-professionnelle\/wp-content\/uploads\/sites\/7\/2021\/10\/APEC_POTENTIEL_MARCHE.png","datePublished":"2021-09-20T10:27:08+00:00","dateModified":"2022-09-16T15:40:20+00:00","breadcrumb":{"@id":"https:\/\/www.univ-lorraine.fr\/orientation-insertion-professionnelle\/ressources\/stage-emploi-et-alternance\/explorer-les-pistes-demploi\/#breadcrumb"},"inLanguage":"fr-FR","potentialAction":[{"@type":"ReadAction","target":["https:\/\/www.univ-lorraine.fr\/orientation-insertion-professionnelle\/ressources\/stage-emploi-et-alternance\/explorer-les-pistes-demploi\/"]}]},{"@type":"ImageObject","inLanguage":"fr-FR","@id":"https:\/\/www.univ-lorraine.fr\/orientation-insertion-professionnelle\/ressources\/stage-emploi-et-alternance\/explorer-les-pistes-demploi\/#primaryimage","url":"https:\/\/www.univ-lorraine.fr\/orientation-insertion-professionnelle\/wp-content\/uploads\/sites\/7\/2021\/10\/APEC_POTENTIEL_MARCHE.png","contentUrl":"https:\/\/www.univ-lorraine.fr\/orientation-insertion-professionnelle\/wp-content\/uploads\/sites\/7\/2021\/10\/APEC_POTENTIEL_MARCHE.png","width":374,"height":250},{"@type":"BreadcrumbList","@id":"https:\/\/www.univ-lorraine.fr\/orientation-insertion-professionnelle\/ressources\/stage-emploi-et-alternance\/explorer-les-pistes-demploi\/#breadcrumb","itemListElement":[{"@type":"ListItem","position":1,"name":"Accueil","item":"https:\/\/www.univ-lorraine.fr\/orientation-insertion-professionnelle\/"},{"@type":"ListItem","position":2,"name":"Ressources","item":"https:\/\/www.univ-lorraine.fr\/orientation-insertion-professionnelle\/ressources\/"},{"@type":"ListItem","position":3,"name":"Stage, emploi et alternance","item":"https:\/\/www.univ-lorraine.fr\/orientation-insertion-professionnelle\/ressources\/stage-emploi-et-alternance\/"},{"@type":"ListItem","position":4,"name":"Explorer les pistes d&#8217;emploi"}]},{"@type":"WebSite","@id":"https:\/\/www.univ-lorraine.fr\/orientation-insertion-professionnelle\/#website","url":"https:\/\/www.univ-lorraine.fr\/orientation-insertion-professionnelle\/","name":"Orientation et insertion professionnelle","description":"","publisher":{"@id":"https:\/\/www.univ-lorraine.fr\/orientation-insertion-professionnelle\/#organization"},"potentialAction":[{"@type":"SearchAction","target":{"@type":"EntryPoint","urlTemplate":"https:\/\/www.univ-lorraine.fr\/orientation-insertion-professionnelle\/?s={search_term_string}"},"query-input":{"@type":"PropertyValueSpecification","valueRequired":true,"valueName":"search_term_string"}}],"inLanguage":"fr-FR"},{"@type":"Organization","@id":"https:\/\/www.univ-lorraine.fr\/orientation-insertion-professionnelle\/#organization","name":"Universit\u00e9 de Lorraine","url":"https:\/\/www.univ-lorraine.fr\/orientation-insertion-professionnelle\/","logo":{"@type":"ImageObject","inLanguage":"fr-FR","@id":"https:\/\/www.univ-lorraine.fr\/orientation-insertion-professionnelle\/#\/schema\/logo\/image\/","url":"https:\/\/www.univ-lorraine.fr\/orientation-insertion-professionnelle\/wp-content\/uploads\/sites\/7\/2023\/04\/logo_siteweb2_Plan-de-travail-1.png","contentUrl":"https:\/\/www.univ-lorraine.fr\/orientation-insertion-professionnelle\/wp-content\/uploads\/sites\/7\/2023\/04\/logo_siteweb2_Plan-de-travail-1.png","width":852,"height":492,"caption":"Universit\u00e9 de Lorraine"},"image":{"@id":"https:\/\/www.univ-lorraine.fr\/orientation-insertion-professionnelle\/#\/schema\/logo\/image\/"}}]}},"_links":{"self":[{"href":"https:\/\/www.univ-lorraine.fr\/orientation-insertion-professionnelle\/wp-json\/wp\/v2\/pages\/2221","targetHints":{"allow":["GET"]}}],"collection":[{"href":"https:\/\/www.univ-lorraine.fr\/orientation-insertion-professionnelle\/wp-json\/wp\/v2\/pages"}],"about":[{"href":"https:\/\/www.univ-lorraine.fr\/orientation-insertion-professionnelle\/wp-json\/wp\/v2\/types\/page"}],"author":[{"embeddable":true,"href":"https:\/\/www.univ-lorraine.fr\/orientation-insertion-professionnelle\/wp-json\/wp\/v2\/users\/7"}],"replies":[{"embeddable":true,"href":"https:\/\/www.univ-lorraine.fr\/orientation-insertion-professionnelle\/wp-json\/wp\/v2\/comments?post=2221"}],"version-history":[{"count":12,"href":"https:\/\/www.univ-lorraine.fr\/orientation-insertion-professionnelle\/wp-json\/wp\/v2\/pages\/2221\/revisions"}],"predecessor-version":[{"id":2976,"href":"https:\/\/www.univ-lorraine.fr\/orientation-insertion-professionnelle\/wp-json\/wp\/v2\/pages\/2221\/revisions\/2976"}],"up":[{"embeddable":true,"href":"https:\/\/www.univ-lorraine.fr\/orientation-insertion-professionnelle\/wp-json\/wp\/v2\/pages\/4903"}],"wp:attachment":[{"href":"https:\/\/www.univ-lorraine.fr\/orientation-insertion-professionnelle\/wp-json\/wp\/v2\/media?parent=2221"}],"wp:term":[{"taxonomy":"category","embeddable":true,"href":"https:\/\/www.univ-lorraine.fr\/orientation-insertion-professionnelle\/wp-json\/wp\/v2\/categories?post=2221"},{"taxonomy":"post_tag","embeddable":true,"href":"https:\/\/www.univ-lorraine.fr\/orientation-insertion-professionnelle\/wp-json\/wp\/v2\/tags?post=2221"}],"curies":[{"name":"wp","href":"https:\/\/api.w.org\/{rel}","templated":true}]}}