{"id":2254,"date":"2021-10-07T10:07:43","date_gmt":"2021-10-07T08:07:43","guid":{"rendered":"https:\/\/www.univ-lorraine.fr\/orientation-insertion-professionnelle\/?page_id=2254"},"modified":"2025-11-21T10:59:07","modified_gmt":"2025-11-21T09:59:07","slug":"fete-des-metiers-du-btp","status":"publish","type":"page","link":"https:\/\/www.univ-lorraine.fr\/orientation-insertion-professionnelle\/fete-des-metiers-du-btp\/","title":{"rendered":"F\u00eate des m\u00e9tiers du BTP &#8211; \u00c9dition 2025"},"content":{"rendered":"\n<figure class=\"gb-block-image gb-block-image-8cb566e5\"><img loading=\"lazy\" decoding=\"async\" width=\"2560\" height=\"1440\" class=\"gb-image gb-image-8cb566e5\" src=\"https:\/\/www.univ-lorraine.fr\/orientation-insertion-professionnelle\/wp-content\/uploads\/sites\/7\/2025\/09\/visu-career-center-1920x1080pix.png\" alt=\"\" title=\"visu Career Center 1920x1080pix\" srcset=\"https:\/\/www.univ-lorraine.fr\/orientation-insertion-professionnelle\/wp-content\/uploads\/sites\/7\/2025\/09\/visu-career-center-1920x1080pix.png 2560w, https:\/\/www.univ-lorraine.fr\/orientation-insertion-professionnelle\/wp-content\/uploads\/sites\/7\/2025\/09\/visu-career-center-1920x1080pix-300x169.png 300w, https:\/\/www.univ-lorraine.fr\/orientation-insertion-professionnelle\/wp-content\/uploads\/sites\/7\/2025\/09\/visu-career-center-1920x1080pix-1024x576.png 1024w, https:\/\/www.univ-lorraine.fr\/orientation-insertion-professionnelle\/wp-content\/uploads\/sites\/7\/2025\/09\/visu-career-center-1920x1080pix-768x432.png 768w, https:\/\/www.univ-lorraine.fr\/orientation-insertion-professionnelle\/wp-content\/uploads\/sites\/7\/2025\/09\/visu-career-center-1920x1080pix-1536x864.png 1536w, https:\/\/www.univ-lorraine.fr\/orientation-insertion-professionnelle\/wp-content\/uploads\/sites\/7\/2025\/09\/visu-career-center-1920x1080pix-2048x1152.png 2048w\" sizes=\"auto, (max-width: 2560px) 100vw, 2560px\" \/><\/figure>\n\n\n<div class=\"gb-container gb-container-59b096b1\">\n\n<h2 class=\"wp-block-heading has-text-align-center\"><strong>Forte du succ\u00e8s des six pr\u00e9c\u00e9dentes \u00e9ditions, <\/strong><br><strong>la F\u00eate des m\u00e9tiers du BTP se pr\u00e9pare ! <\/strong><\/h2>\n\n\n\n<p class=\"has-text-align-left\"><strong>En acc\u00e8s libre<\/strong>, cette manifestation aura lieu le <strong>mercredi 19 novembre 2025, de 9 h \u00e0 12 h 30, <\/strong>et se d\u00e9roulera<strong> \u00e0 l&rsquo;UFR MIM <\/strong>(campus Technop\u00f4le, \u00e0 Metz).<\/p>\n\n\n\n<p class=\"has-text-align-left\">Que vous soyez&nbsp; : <\/p>\n\n\n\n<ul class=\"wp-block-list\">\n<li>dipl\u00f4m\u00e9\u00b7e,<\/li>\n\n\n\n<li>\u00e9tudiant\u00b7e dans une fili\u00e8re en lien avec le BTP ou d\u00e9sireux de vous r\u00e9orienter,<\/li>\n<\/ul>\n\n\n\n<p class=\"has-text-align-left\">cette manifestation, co-organis\u00e9e par l&rsquo;Universit\u00e9 de Lorraine et la F\u00e9d\u00e9ration du BTP-Moselle s&rsquo;adresse \u00e0 vous.<\/p>\n\n\n\n<p class=\"has-text-align-left\">Pour aller au-del\u00e0 des clich\u00e9s et &#8211; qui sait&nbsp;? \u2013 d\u00e9crocher un stage, une alternance ou un projet de formation, vous pourrez y rencontrer des entreprises qui recrutent et d\u00e9couvrir les formations dans le domaine du BTP. <\/p>\n\n<\/div>\n\n<div class=\"gb-container gb-container-d57ab172\"><div class=\"gb-inside-container\">\n<div class=\"gb-grid-wrapper gb-grid-wrapper-4fd58deb\">\n<div class=\"gb-grid-column gb-grid-column-203ca5f4\"><div class=\"gb-container gb-container-203ca5f4\"><div class=\"gb-inside-container\">\n\n<h3 class=\"wp-block-heading has-text-align-center\"><strong>Une organisation en deux temps :&nbsp;<\/strong><\/h3>\n\n\n\n<p class=\"has-text-align-center\"><strong>9 h &#8211; 10 h 15 Conf\u00e9rence, table-ronde <\/strong><br><em>anim\u00e9e par Guy Keckhut, journaliste  <\/em><br>&#8211; Introduction <br> &#8211; Pratiques de recrutement dans le secteur du BTP<br><em>Intervenant :  David Arslan, DRH (PFF)<\/em><br>&#8211; Les mat\u00e9riaux et leur r\u00e9emploi &#8211; Les mat\u00e9riaux bio-sourc\u00e9s <br><em>Intervenant :<\/em> <em>Hadrien G\u00e9rard (FFB Grand Est)<\/em><\/p>\n\n\n\n<p class=\"has-text-align-center\"><strong>10 h 30 &#8211; 12 h 30<\/strong><br><em>Rencontres avec des entreprises, des responsables de formation et des professionnels de l&rsquo;orientation et de l&rsquo;insertion professionnelle<\/em><br><strong>Espace \u00ab\u00a0Stage et emploi<\/strong>\u00a0\u00bb : <br>Briotet, Costantini, Eurovia, F\u00e9d\u00e9ration du BTP, FFP,&nbsp;etc.<br><strong>Espace \u00ab\u00a0Formations BTP de l&rsquo;UFR MIM\u00a0\u00bb <\/strong><br><strong>Espace \u00ab\u00a0Orientation et insertion professionnelle\u00a0\u00bb<\/strong><\/p>\n\n<\/div><\/div><\/div>\n\n<div class=\"gb-grid-column gb-grid-column-63eb922b\"><div class=\"gb-container gb-container-63eb922b\"><div class=\"gb-inside-container\">\n\n<h3 class=\"wp-block-heading has-text-align-center\"><strong>guide DES FORMATIONS SUP\u00c9RIEURES <\/strong><br><strong>AUX M\u00c9TIERS DU btp<\/strong><\/h3>\n\n\n\n<p class=\"has-text-align-center\">Du bac + 1 au bac + 5 : retrouvez toutes les formations sup\u00e9rieures propos\u00e9es en Lorraine dans le domaine du BTP !<\/p>\n\n\n\n<a class=\"gb-button gb-button-f1838ff3 gb-button-text\" href=\"https:\/\/www.univ-lorraine.fr\/orientation-insertion-professionnelle\/wp-content\/uploads\/sites\/7\/2025\/11\/livret-a5_formations-btp-25_num.pdf\" target=\"_blank\" rel=\"noopener noreferrer\">T\u00e9l\u00e9charger le guide 2025<\/a>\n\n<\/div><\/div><\/div>\n<\/div>\n<\/div><\/div>\n\n\n<h3 class=\"gb-headline gb-headline-663ab0b9 gb-headline-text\"><strong>pratique<\/strong><\/h3>\n\n\n\n<h4 class=\"wp-block-heading\"><strong>Se rendre \u00e0 l&rsquo;UFR MIM :<\/strong><\/h4>\n\n\n\n<ul class=\"wp-block-list\">\n<li>3, rue Augustin Fresnel 57070 Metz &#8211; Technop\u00f4le <\/li>\n<\/ul>\n\n\n\n<h4 class=\"wp-block-heading\"><strong>S&rsquo;y rendre en train :<\/strong><\/h4>\n\n\n\n<ul class=\"wp-block-list\">\n<li><strong>Gare SNCF de Metz<\/strong>, puis suivre le trajet en bus Mettis B arr\u00eat grandes \u00c9coles (20 min).<\/li>\n<\/ul>\n\n\n\n<h4 class=\"wp-block-heading\"><strong>S&rsquo;y rendre en bus ou Mettis :<\/strong><\/h4>\n\n\n\n<ul class=\"wp-block-list\">\n<li>Prendre la <strong>ligne de bus L4 ou Mettis B<\/strong>, direction \u00ab\u00a0H\u00f4pital Mercy\u00a0\u00bb et descendre \u00e0 l\u2019arr\u00eat \u00ab\u00a0Grandes \u00c9coles\u00a0\u00bb ou \u00ab\u00a0Lini\u00e8res\u00a0\u00bb.<\/li>\n\n\n\n<li>Dur\u00e9e du trajet : env. 20 min depuis la gare<\/li>\n\n\n\n<li>Plus d\u2019information : <a href=\"http:\/\/lemet.fr\">http:\/\/lemet.fr\/<\/a><\/li>\n<\/ul>\n\n\n\n<h4 class=\"wp-block-heading\"><strong>S&rsquo;y rendre en voiture&nbsp;:&nbsp;<\/strong><\/h4>\n\n\n\n<ul class=\"wp-block-list\">\n<li>Coordonn\u00e9es GPS \u2013 degr\u00e9s d\u00e9cimaux&nbsp;: Latitude&nbsp;: 49.09612509999999\/ Longitude&nbsp;: 6.227747000000022 <\/li>\n\n\n\n<li>Coordonn\u00e9es GPS \u2013 degr\u00e9s, minutes, secondes : N 49\u00b0 5\u2019 46.05\u2019\u2019 \/ E 6\u00b0 13\u2019 39.889\u2019\u2019 <\/li>\n\n\n\n<li><a href=\"http:\/\/mim.univ-lorraine.fr\/sites\/mim.univ-lorraine.fr\/files\/users\/documents\/venir_de_nancy.docx\"><strong>Venir de Nancy par l\u2019A31<\/strong><\/a> <\/li>\n\n\n\n<li><a href=\"http:\/\/mim.univ-lorraine.fr\/sites\/mim.univ-lorraine.fr\/files\/users\/images\/images_libres\/acces-lux.png\"><strong>Venir depuis le Luxembourg<\/strong><\/a><\/li>\n<\/ul>\n\n\n\n<p><\/p>\n","protected":false},"excerpt":{"rendered":"<p>Forte du succ\u00e8s des six pr\u00e9c\u00e9dentes \u00e9ditions, la F\u00eate des m\u00e9tiers du BTP se pr\u00e9pare ! En acc\u00e8s libre, cette manifestation aura lieu le mercredi 19 novembre 2025, de 9 h \u00e0 12 h 30, et se d\u00e9roulera \u00e0 l&rsquo;UFR MIM (campus Technop\u00f4le, \u00e0 Metz). Que vous soyez&nbsp; : cette manifestation, co-organis\u00e9e par l&rsquo;Universit\u00e9 de &#8230; <a title=\"F\u00eate des m\u00e9tiers du BTP &#8211; \u00c9dition 2025\" class=\"read-more\" href=\"https:\/\/www.univ-lorraine.fr\/orientation-insertion-professionnelle\/fete-des-metiers-du-btp\/\" aria-label=\"En savoir plus sur F\u00eate des m\u00e9tiers du BTP &#8211; \u00c9dition 2025\">Lire plus<\/a><\/p>\n","protected":false},"author":37,"featured_media":0,"parent":0,"menu_order":0,"comment_status":"closed","ping_status":"closed","template":"","meta":{"inline_featured_image":false,"footnotes":""},"categories":[],"tags":[],"class_list":["post-2254","page","type-page","status-publish"],"yoast_head":"<!-- This site is optimized with the Yoast SEO plugin v27.4 - https:\/\/yoast.com\/product\/yoast-seo-wordpress\/ -->\n<title>F\u00eate des m\u00e9tiers du BTP - \u00c9dition 2025 - Orientation et insertion professionnelle<\/title>\n<meta name=\"robots\" content=\"index, follow, max-snippet:-1, max-image-preview:large, max-video-preview:-1\" \/>\n<link rel=\"canonical\" href=\"https:\/\/www.univ-lorraine.fr\/orientation-insertion-professionnelle\/fete-des-metiers-du-btp\/\" \/>\n<meta property=\"og:locale\" content=\"fr_FR\" \/>\n<meta property=\"og:type\" content=\"article\" \/>\n<meta property=\"og:title\" content=\"F\u00eate des m\u00e9tiers du BTP - \u00c9dition 2025 - Orientation et insertion professionnelle\" \/>\n<meta property=\"og:description\" content=\"Forte du succ\u00e8s des six pr\u00e9c\u00e9dentes \u00e9ditions, la F\u00eate des m\u00e9tiers du BTP se pr\u00e9pare ! En acc\u00e8s libre, cette manifestation aura lieu le mercredi 19 novembre 2025, de 9 h \u00e0 12 h 30, et se d\u00e9roulera \u00e0 l&rsquo;UFR MIM (campus Technop\u00f4le, \u00e0 Metz). Que vous soyez&nbsp; : cette manifestation, co-organis\u00e9e par l&rsquo;Universit\u00e9 de ... Lire plus\" \/>\n<meta property=\"og:url\" content=\"https:\/\/www.univ-lorraine.fr\/orientation-insertion-professionnelle\/fete-des-metiers-du-btp\/\" \/>\n<meta property=\"og:site_name\" content=\"Orientation et insertion professionnelle\" \/>\n<meta property=\"article:modified_time\" content=\"2025-11-21T09:59:07+00:00\" \/>\n<meta property=\"og:image\" content=\"https:\/\/www.univ-lorraine.fr\/orientation-insertion-professionnelle\/wp-content\/uploads\/sites\/7\/2025\/09\/visu-career-center-1920x1080pix.png\" \/>\n<meta name=\"twitter:card\" content=\"summary_large_image\" \/>\n<meta name=\"twitter:label1\" content=\"Dur\u00e9e de lecture estim\u00e9e\" \/>\n\t<meta name=\"twitter:data1\" content=\"2 minutes\" \/>\n<script type=\"application\/ld+json\" class=\"yoast-schema-graph\">{\"@context\":\"https:\\\/\\\/schema.org\",\"@graph\":[{\"@type\":\"WebPage\",\"@id\":\"https:\\\/\\\/www.univ-lorraine.fr\\\/orientation-insertion-professionnelle\\\/fete-des-metiers-du-btp\\\/\",\"url\":\"https:\\\/\\\/www.univ-lorraine.fr\\\/orientation-insertion-professionnelle\\\/fete-des-metiers-du-btp\\\/\",\"name\":\"F\u00eate des m\u00e9tiers du BTP - \u00c9dition 2025 - Orientation et insertion professionnelle\",\"isPartOf\":{\"@id\":\"https:\\\/\\\/www.univ-lorraine.fr\\\/orientation-insertion-professionnelle\\\/#website\"},\"primaryImageOfPage\":{\"@id\":\"https:\\\/\\\/www.univ-lorraine.fr\\\/orientation-insertion-professionnelle\\\/fete-des-metiers-du-btp\\\/#primaryimage\"},\"image\":{\"@id\":\"https:\\\/\\\/www.univ-lorraine.fr\\\/orientation-insertion-professionnelle\\\/fete-des-metiers-du-btp\\\/#primaryimage\"},\"thumbnailUrl\":\"https:\\\/\\\/www.univ-lorraine.fr\\\/orientation-insertion-professionnelle\\\/wp-content\\\/uploads\\\/sites\\\/7\\\/2025\\\/09\\\/visu-career-center-1920x1080pix.png\",\"datePublished\":\"2021-10-07T08:07:43+00:00\",\"dateModified\":\"2025-11-21T09:59:07+00:00\",\"breadcrumb\":{\"@id\":\"https:\\\/\\\/www.univ-lorraine.fr\\\/orientation-insertion-professionnelle\\\/fete-des-metiers-du-btp\\\/#breadcrumb\"},\"inLanguage\":\"fr-FR\",\"potentialAction\":[{\"@type\":\"ReadAction\",\"target\":[\"https:\\\/\\\/www.univ-lorraine.fr\\\/orientation-insertion-professionnelle\\\/fete-des-metiers-du-btp\\\/\"]}]},{\"@type\":\"ImageObject\",\"inLanguage\":\"fr-FR\",\"@id\":\"https:\\\/\\\/www.univ-lorraine.fr\\\/orientation-insertion-professionnelle\\\/fete-des-metiers-du-btp\\\/#primaryimage\",\"url\":\"https:\\\/\\\/www.univ-lorraine.fr\\\/orientation-insertion-professionnelle\\\/wp-content\\\/uploads\\\/sites\\\/7\\\/2025\\\/09\\\/visu-career-center-1920x1080pix.png\",\"contentUrl\":\"https:\\\/\\\/www.univ-lorraine.fr\\\/orientation-insertion-professionnelle\\\/wp-content\\\/uploads\\\/sites\\\/7\\\/2025\\\/09\\\/visu-career-center-1920x1080pix.png\",\"width\":2560,\"height\":1440},{\"@type\":\"BreadcrumbList\",\"@id\":\"https:\\\/\\\/www.univ-lorraine.fr\\\/orientation-insertion-professionnelle\\\/fete-des-metiers-du-btp\\\/#breadcrumb\",\"itemListElement\":[{\"@type\":\"ListItem\",\"position\":1,\"name\":\"Accueil\",\"item\":\"https:\\\/\\\/www.univ-lorraine.fr\\\/orientation-insertion-professionnelle\\\/\"},{\"@type\":\"ListItem\",\"position\":2,\"name\":\"F\u00eate des m\u00e9tiers du BTP &#8211; \u00c9dition 2025\"}]},{\"@type\":\"WebSite\",\"@id\":\"https:\\\/\\\/www.univ-lorraine.fr\\\/orientation-insertion-professionnelle\\\/#website\",\"url\":\"https:\\\/\\\/www.univ-lorraine.fr\\\/orientation-insertion-professionnelle\\\/\",\"name\":\"Orientation et insertion professionnelle\",\"description\":\"\",\"publisher\":{\"@id\":\"https:\\\/\\\/www.univ-lorraine.fr\\\/orientation-insertion-professionnelle\\\/#organization\"},\"potentialAction\":[{\"@type\":\"SearchAction\",\"target\":{\"@type\":\"EntryPoint\",\"urlTemplate\":\"https:\\\/\\\/www.univ-lorraine.fr\\\/orientation-insertion-professionnelle\\\/?s={search_term_string}\"},\"query-input\":{\"@type\":\"PropertyValueSpecification\",\"valueRequired\":true,\"valueName\":\"search_term_string\"}}],\"inLanguage\":\"fr-FR\"},{\"@type\":\"Organization\",\"@id\":\"https:\\\/\\\/www.univ-lorraine.fr\\\/orientation-insertion-professionnelle\\\/#organization\",\"name\":\"Universit\u00e9 de Lorraine\",\"url\":\"https:\\\/\\\/www.univ-lorraine.fr\\\/orientation-insertion-professionnelle\\\/\",\"logo\":{\"@type\":\"ImageObject\",\"inLanguage\":\"fr-FR\",\"@id\":\"https:\\\/\\\/www.univ-lorraine.fr\\\/orientation-insertion-professionnelle\\\/#\\\/schema\\\/logo\\\/image\\\/\",\"url\":\"https:\\\/\\\/www.univ-lorraine.fr\\\/orientation-insertion-professionnelle\\\/wp-content\\\/uploads\\\/sites\\\/7\\\/2023\\\/04\\\/logo_siteweb2_Plan-de-travail-1.png\",\"contentUrl\":\"https:\\\/\\\/www.univ-lorraine.fr\\\/orientation-insertion-professionnelle\\\/wp-content\\\/uploads\\\/sites\\\/7\\\/2023\\\/04\\\/logo_siteweb2_Plan-de-travail-1.png\",\"width\":852,\"height\":492,\"caption\":\"Universit\u00e9 de Lorraine\"},\"image\":{\"@id\":\"https:\\\/\\\/www.univ-lorraine.fr\\\/orientation-insertion-professionnelle\\\/#\\\/schema\\\/logo\\\/image\\\/\"}}]}<\/script>\n<!-- \/ Yoast SEO plugin. -->","yoast_head_json":{"title":"F\u00eate des m\u00e9tiers du BTP - \u00c9dition 2025 - Orientation et insertion professionnelle","robots":{"index":"index","follow":"follow","max-snippet":"max-snippet:-1","max-image-preview":"max-image-preview:large","max-video-preview":"max-video-preview:-1"},"canonical":"https:\/\/www.univ-lorraine.fr\/orientation-insertion-professionnelle\/fete-des-metiers-du-btp\/","og_locale":"fr_FR","og_type":"article","og_title":"F\u00eate des m\u00e9tiers du BTP - \u00c9dition 2025 - Orientation et insertion professionnelle","og_description":"Forte du succ\u00e8s des six pr\u00e9c\u00e9dentes \u00e9ditions, la F\u00eate des m\u00e9tiers du BTP se pr\u00e9pare ! En acc\u00e8s libre, cette manifestation aura lieu le mercredi 19 novembre 2025, de 9 h \u00e0 12 h 30, et se d\u00e9roulera \u00e0 l&rsquo;UFR MIM (campus Technop\u00f4le, \u00e0 Metz). Que vous soyez&nbsp; : cette manifestation, co-organis\u00e9e par l&rsquo;Universit\u00e9 de ... Lire plus","og_url":"https:\/\/www.univ-lorraine.fr\/orientation-insertion-professionnelle\/fete-des-metiers-du-btp\/","og_site_name":"Orientation et insertion professionnelle","article_modified_time":"2025-11-21T09:59:07+00:00","og_image":[{"url":"https:\/\/www.univ-lorraine.fr\/orientation-insertion-professionnelle\/wp-content\/uploads\/sites\/7\/2025\/09\/visu-career-center-1920x1080pix.png","type":"","width":"","height":""}],"twitter_card":"summary_large_image","twitter_misc":{"Dur\u00e9e de lecture estim\u00e9e":"2 minutes"},"schema":{"@context":"https:\/\/schema.org","@graph":[{"@type":"WebPage","@id":"https:\/\/www.univ-lorraine.fr\/orientation-insertion-professionnelle\/fete-des-metiers-du-btp\/","url":"https:\/\/www.univ-lorraine.fr\/orientation-insertion-professionnelle\/fete-des-metiers-du-btp\/","name":"F\u00eate des m\u00e9tiers du BTP - \u00c9dition 2025 - Orientation et insertion professionnelle","isPartOf":{"@id":"https:\/\/www.univ-lorraine.fr\/orientation-insertion-professionnelle\/#website"},"primaryImageOfPage":{"@id":"https:\/\/www.univ-lorraine.fr\/orientation-insertion-professionnelle\/fete-des-metiers-du-btp\/#primaryimage"},"image":{"@id":"https:\/\/www.univ-lorraine.fr\/orientation-insertion-professionnelle\/fete-des-metiers-du-btp\/#primaryimage"},"thumbnailUrl":"https:\/\/www.univ-lorraine.fr\/orientation-insertion-professionnelle\/wp-content\/uploads\/sites\/7\/2025\/09\/visu-career-center-1920x1080pix.png","datePublished":"2021-10-07T08:07:43+00:00","dateModified":"2025-11-21T09:59:07+00:00","breadcrumb":{"@id":"https:\/\/www.univ-lorraine.fr\/orientation-insertion-professionnelle\/fete-des-metiers-du-btp\/#breadcrumb"},"inLanguage":"fr-FR","potentialAction":[{"@type":"ReadAction","target":["https:\/\/www.univ-lorraine.fr\/orientation-insertion-professionnelle\/fete-des-metiers-du-btp\/"]}]},{"@type":"ImageObject","inLanguage":"fr-FR","@id":"https:\/\/www.univ-lorraine.fr\/orientation-insertion-professionnelle\/fete-des-metiers-du-btp\/#primaryimage","url":"https:\/\/www.univ-lorraine.fr\/orientation-insertion-professionnelle\/wp-content\/uploads\/sites\/7\/2025\/09\/visu-career-center-1920x1080pix.png","contentUrl":"https:\/\/www.univ-lorraine.fr\/orientation-insertion-professionnelle\/wp-content\/uploads\/sites\/7\/2025\/09\/visu-career-center-1920x1080pix.png","width":2560,"height":1440},{"@type":"BreadcrumbList","@id":"https:\/\/www.univ-lorraine.fr\/orientation-insertion-professionnelle\/fete-des-metiers-du-btp\/#breadcrumb","itemListElement":[{"@type":"ListItem","position":1,"name":"Accueil","item":"https:\/\/www.univ-lorraine.fr\/orientation-insertion-professionnelle\/"},{"@type":"ListItem","position":2,"name":"F\u00eate des m\u00e9tiers du BTP &#8211; \u00c9dition 2025"}]},{"@type":"WebSite","@id":"https:\/\/www.univ-lorraine.fr\/orientation-insertion-professionnelle\/#website","url":"https:\/\/www.univ-lorraine.fr\/orientation-insertion-professionnelle\/","name":"Orientation et insertion professionnelle","description":"","publisher":{"@id":"https:\/\/www.univ-lorraine.fr\/orientation-insertion-professionnelle\/#organization"},"potentialAction":[{"@type":"SearchAction","target":{"@type":"EntryPoint","urlTemplate":"https:\/\/www.univ-lorraine.fr\/orientation-insertion-professionnelle\/?s={search_term_string}"},"query-input":{"@type":"PropertyValueSpecification","valueRequired":true,"valueName":"search_term_string"}}],"inLanguage":"fr-FR"},{"@type":"Organization","@id":"https:\/\/www.univ-lorraine.fr\/orientation-insertion-professionnelle\/#organization","name":"Universit\u00e9 de Lorraine","url":"https:\/\/www.univ-lorraine.fr\/orientation-insertion-professionnelle\/","logo":{"@type":"ImageObject","inLanguage":"fr-FR","@id":"https:\/\/www.univ-lorraine.fr\/orientation-insertion-professionnelle\/#\/schema\/logo\/image\/","url":"https:\/\/www.univ-lorraine.fr\/orientation-insertion-professionnelle\/wp-content\/uploads\/sites\/7\/2023\/04\/logo_siteweb2_Plan-de-travail-1.png","contentUrl":"https:\/\/www.univ-lorraine.fr\/orientation-insertion-professionnelle\/wp-content\/uploads\/sites\/7\/2023\/04\/logo_siteweb2_Plan-de-travail-1.png","width":852,"height":492,"caption":"Universit\u00e9 de Lorraine"},"image":{"@id":"https:\/\/www.univ-lorraine.fr\/orientation-insertion-professionnelle\/#\/schema\/logo\/image\/"}}]}},"_links":{"self":[{"href":"https:\/\/www.univ-lorraine.fr\/orientation-insertion-professionnelle\/wp-json\/wp\/v2\/pages\/2254","targetHints":{"allow":["GET"]}}],"collection":[{"href":"https:\/\/www.univ-lorraine.fr\/orientation-insertion-professionnelle\/wp-json\/wp\/v2\/pages"}],"about":[{"href":"https:\/\/www.univ-lorraine.fr\/orientation-insertion-professionnelle\/wp-json\/wp\/v2\/types\/page"}],"author":[{"embeddable":true,"href":"https:\/\/www.univ-lorraine.fr\/orientation-insertion-professionnelle\/wp-json\/wp\/v2\/users\/37"}],"replies":[{"embeddable":true,"href":"https:\/\/www.univ-lorraine.fr\/orientation-insertion-professionnelle\/wp-json\/wp\/v2\/comments?post=2254"}],"version-history":[{"count":58,"href":"https:\/\/www.univ-lorraine.fr\/orientation-insertion-professionnelle\/wp-json\/wp\/v2\/pages\/2254\/revisions"}],"predecessor-version":[{"id":15163,"href":"https:\/\/www.univ-lorraine.fr\/orientation-insertion-professionnelle\/wp-json\/wp\/v2\/pages\/2254\/revisions\/15163"}],"wp:attachment":[{"href":"https:\/\/www.univ-lorraine.fr\/orientation-insertion-professionnelle\/wp-json\/wp\/v2\/media?parent=2254"}],"wp:term":[{"taxonomy":"category","embeddable":true,"href":"https:\/\/www.univ-lorraine.fr\/orientation-insertion-professionnelle\/wp-json\/wp\/v2\/categories?post=2254"},{"taxonomy":"post_tag","embeddable":true,"href":"https:\/\/www.univ-lorraine.fr\/orientation-insertion-professionnelle\/wp-json\/wp\/v2\/tags?post=2254"}],"curies":[{"name":"wp","href":"https:\/\/api.w.org\/{rel}","templated":true}]}}