{"id":231,"date":"2021-03-18T21:37:46","date_gmt":"2021-03-18T20:37:46","guid":{"rendered":"https:\/\/www.univ-lorraine.fr\/orientation-insertion-professionnelle\/?page_id=231"},"modified":"2026-04-27T14:55:59","modified_gmt":"2026-04-27T12:55:59","slug":"vous-etes-etudiant-e","status":"publish","type":"page","link":"https:\/\/www.univ-lorraine.fr\/orientation-insertion-professionnelle\/vous-etes-etudiant-e\/","title":{"rendered":"Vous \u00eates \u00e9tudiant\u00b7e"},"content":{"rendered":"<!DOCTYPE html PUBLIC \"-\/\/W3C\/\/DTD HTML 4.0 Transitional\/\/EN\" \"http:\/\/www.w3.org\/TR\/REC-html40\/loose.dtd\">\n<?xml encoding=\"utf-8\" ?><html><body><div class=\"wp-block-columns is-layout-flex wp-container-core-columns-is-layout-9d6595d7 wp-block-columns-is-layout-flex\">\n<div class=\"wp-block-column is-layout-flow wp-block-column-is-layout-flow\" style=\"flex-basis:50%\">\n<figure class=\"wp-block-image size-full is-resized\"><img loading=\"lazy\" decoding=\"async\" width=\"500\" height=\"500\" src=\"https:\/\/www.univ-lorraine.fr\/orientation-insertion-professionnelle\/wp-content\/uploads\/sites\/7\/2023\/07\/etudiant.png\" alt=\"\" class=\"wp-image-10124\" srcset=\"https:\/\/www.univ-lorraine.fr\/orientation-insertion-professionnelle\/wp-content\/uploads\/sites\/7\/2023\/07\/etudiant.png 500w, https:\/\/www.univ-lorraine.fr\/orientation-insertion-professionnelle\/wp-content\/uploads\/sites\/7\/2023\/07\/etudiant-300x300.png 300w, https:\/\/www.univ-lorraine.fr\/orientation-insertion-professionnelle\/wp-content\/uploads\/sites\/7\/2023\/07\/etudiant-150x150.png 150w\" sizes=\"auto, (max-width: 500px) 100vw, 500px\" \/><\/figure>\n<\/div>\n\n\n\n<div class=\"wp-block-column is-layout-flow wp-block-column-is-layout-flow\" style=\"flex-basis:75%\">\n<p class=\"gb-headline gb-headline-b18b960f gb-headline-text\">Vous souhaitez &ecirc;tre conseill&eacute;&middot;e dans la construction de votre projet&nbsp;(poursuite d&rsquo;&eacute;tudes, r&eacute;orientation, projet professionnel)&nbsp;ou dans votre recherche de stage, d&rsquo;emploi, d&rsquo;alternance ?<\/p>\n\n\n\n<p class=\"gb-headline gb-headline-6c3e8166 gb-headline-text\">Le Service d&rsquo;orientation et d&rsquo;insertion professionnelle est &agrave; vos cot&eacute;s !<\/p>\n\n\n\n<ul class=\"wp-block-list\">\n<li><strong><a href=\"#oreoppp\">Orientation, r&eacute;orientation, projet personnel et professionnel<\/a>&nbsp;<\/strong><\/li>\n\n\n\n<li><strong><a href=\"#stage\">Recherche de stage, d&rsquo;emploi, d&rsquo;alternance, candidature en fili&egrave;re s&eacute;lective&nbsp;<\/a><\/strong><\/li>\n<\/ul>\n<\/div>\n<\/div>\n\n\n\n<h2 class=\"gb-headline gb-headline-c3c19f82 gb-headline-text\" id=\"oreoppp\"><strong>Orientation, r&eacute;orientation, projet personnel et professionnel&nbsp;<\/strong><\/h2>\n\n\n<div class=\"gb-grid-wrapper gb-grid-wrapper-9440edfe\">\n<div class=\"gb-grid-column gb-grid-column-14bc1aaa\"><div class=\"gb-container gb-container-14bc1aaa\"><div class=\"gb-inside-container\">\n\n<h3 class=\"gb-headline gb-headline-d0811141\"><span class=\"gb-icon\"><svg viewbox=\"0 0 164.79 350.35\" xmlns=\"http:\/\/www.w3.org\/2000\/svg\" data-name=\"Calque 2\" id=\"Calque_2\">   <defs>     <style>       .cls-1 {         fill: #fff;       }     <\/style>   <\/defs>   <g data-name=\"Calque 1\" id=\"Calque_1-2\">     <path d=\"m0,294.37c0-30.11,24.17-56.81,55.12-56.81,28.41,0,55.55,23.74,55.55,56.39,0,28.84-22.48,56.39-55.12,56.39-28.41,0-55.55-23.32-55.55-55.97Zm97.95-3.82c0-27.14-22.48-47.06-46.22-47.06-25.86,0-45.79,22.47-45.79,47.49,0,27.14,22.47,46.64,46.22,46.64,27.14,0,45.8-22.9,45.8-47.07ZM26.29,224.84c-4.24-.85-8.06-5.51-7.63-9.75L30.95,9.01C31.38,3.5,36.04-.74,41.55.11l115.33,17.81c5.51.85,8.91,5.94,7.63,11.45l-49.19,203.95c-1.27,4.67-5.94,8.06-10.6,7.21l-78.44-15.69ZM152.23,23.85L36.89,6.04l-12.3,206.07,78.44,15.69L152.23,23.85Z\" class=\"cls-1\"><\/path>   <\/g> <\/svg><\/span><span class=\"gb-headline-text\">Prendre RDV avec un&middot;E Psy-EN :<\/span><\/h3>\n\n\n<div class=\"gb-container gb-container-983e3ebf\"><div class=\"gb-inside-container\">\n\n<h4 class=\"wp-block-heading has-text-align-center\">PAR MAIL<\/h4>\n\n\n\n<div class=\"wp-block-buttons is-content-justification-center is-layout-flex wp-container-core-buttons-is-layout-16018d1d wp-block-buttons-is-layout-flex\">\n<div class=\"wp-block-button is-style-fill\"><a class=\"wp-block-button__link has-custom-font-size wp-element-button\" href=\"https:\/\/www.univ-lorraine.fr\/orientation-insertion-professionnelle\/contact\/\" style=\"font-size:15px\" target=\"_blank\" rel=\"noreferrer noopener\">Contacter le SOIP<\/a><\/div>\n<\/div>\n\n<\/div><\/div>\n\n<div class=\"gb-container gb-container-1dfb9102\"><div class=\"gb-inside-container\">\n\n<h4 class=\"wp-block-heading has-text-align-center\">PAR TEL<\/h4>\n\n<\/div><\/div>\n\n\n<p class=\"has-text-align-center\">&agrave; <strong>Metz :<\/strong> <a href=\"tel:03%2072%2074%2003%2062\">03 72 74 03 62<\/a> <br>&agrave; <strong>Nancy :<\/strong> <a href=\"tel:03%2072%2074%2003%2061\">03 72 74 03 61<\/a> <br>&agrave; <strong>Vand&oelig;uvre :<\/strong> <a href=\"tel:03%2072%2074%2003%2069\">03 72 74 03 60<\/a><\/p>\n\n\n<div class=\"gb-container gb-container-75352e60\"><div class=\"gb-inside-container\">\n\n<div class=\"wp-block-buttons is-content-justification-center is-layout-flex wp-container-core-buttons-is-layout-16018d1d wp-block-buttons-is-layout-flex\">\n<div class=\"wp-block-button\"><a class=\"wp-block-button__link has-custom-font-size wp-element-button\" href=\"https:\/\/www.univ-lorraine.fr\/orientation-insertion-professionnelle\/infos-pratiques\/\" style=\"font-size:15px\" target=\"_blank\" rel=\"noreferrer noopener\">Coordonn&eacute;es &amp; horaires du SOIP<\/a><\/div>\n<\/div>\n\n<\/div><\/div>\n\n<div class=\"gb-container gb-container-2a74e587\">\n\n<ul class=\"wp-block-social-links has-normal-icon-size has-icon-color has-icon-background-color is-style-pill-shape is-content-justification-center is-layout-flex wp-container-core-social-links-is-layout-16018d1d wp-block-social-links-is-layout-flex\"><li style=\"color:var(--base-3);background-color:var(--contrast);\" class=\"wp-social-link wp-social-link-facebook has-base-3-color has-contrast-background-color wp-block-social-link\"><a href=\"https:\/\/www.facebook.com\/soipunivlorraine\" class=\"wp-block-social-link-anchor\"><svg width=\"24\" height=\"24\" viewbox=\"0 0 24 24\" version=\"1.1\" xmlns=\"http:\/\/www.w3.org\/2000\/svg\" aria-hidden=\"true\" focusable=\"false\"><path d=\"M12 2C6.5 2 2 6.5 2 12c0 5 3.7 9.1 8.4 9.9v-7H7.9V12h2.5V9.8c0-2.5 1.5-3.9 3.8-3.9 1.1 0 2.2.2 2.2.2v2.5h-1.3c-1.2 0-1.6.8-1.6 1.6V12h2.8l-.4 2.9h-2.3v7C18.3 21.1 22 17 22 12c0-5.5-4.5-10-10-10z\"><\/path><\/svg><span class=\"wp-block-social-link-label screen-reader-text\">Facebook<\/span><\/a><\/li><\/ul>\n\n<\/div>\n<\/div><\/div><\/div>\n\n<div class=\"gb-grid-column gb-grid-column-f9b1071f\"><div class=\"gb-container gb-container-f9b1071f\"><div class=\"gb-inside-container\">\n\n<div class=\"wp-block-pb-accordion-item c-accordion__item js-accordion-item no-js is-open\" data-initially-open=\"true\" data-click-to-close=\"true\" data-auto-close=\"true\" data-scroll=\"true\" data-scroll-offset=\"0\"><h3 id=\"at-2310\" class=\"c-accordion__title js-accordion-controller\" role=\"button\">DES ACTIONS INDIVIDUELLES<\/h3><div id=\"ac-2310\" class=\"c-accordion__content\">\n<ul class=\"wp-block-list\">\n<li><strong>Accueil et information lors de permanences,<\/strong> dans ses locaux, &agrave; Metz, Nancy et Vand&oelig;uvre<\/li>\n\n\n\n<li><strong>Entretiens individuels sur place ou &agrave; distance<\/strong> (sur rendez-vous), avec des <strong>PsyEN (Psychologues de l&rsquo;&eacute;ducation nationale), conseiller&middot;&egrave;res en orientation scolaire et professionnelle<\/strong>, pour vous aider &agrave; faire le point &agrave; chaque &eacute;tape de votre parcours, pour vous guider dans vos choix d&rsquo;&eacute;tudes et dans la construction de votre projet personnel et professionnel<\/li>\n\n\n\n<li>&laquo; <strong>Ricocher <\/strong>&raquo;<strong>, <\/strong>dispositif d&rsquo;accompagnement individuel pour des &eacute;tudiant&middot;es souhaitant se r&eacute;orienter dans une formation hors universit&eacute; (acc&egrave;s apr&egrave;s avis d&rsquo;un des PsyEN du SOIP)<\/li>\n\n\n\n<li><strong>C&eacute;sure : <\/strong> accompagnement personnalis&eacute;, sur rendez-vous, pour vous aider &agrave; d&eacute;finir et r&eacute;diger votre projet de c&eacute;sure, ou &agrave; valoriser l&rsquo;exp&eacute;rience (connaissances, comp&eacute;tences, etc.) acquise durant ce dispositif. \n\n\n\n\n\n\n\n\n\n\n\n<\/li>\n<\/ul>\n\n\n\n<div class=\"wp-block-buttons is-content-justification-center is-layout-flex wp-container-core-buttons-is-layout-16018d1d wp-block-buttons-is-layout-flex\">\n<div class=\"wp-block-button\"><a class=\"wp-block-button__link has-custom-font-size wp-element-button\" href=\"https:\/\/www.etudiant.gouv.fr\/fr\/faq-la-cesure-comment-ca-marche-1453\" style=\"font-size:15px\" target=\"_blank\" rel=\"noreferrer noopener\">Tout savoir sur la C&eacute;sure<\/a><\/div>\n<\/div>\n<\/div><\/div>\n\n\n\n<div class=\"wp-block-pb-accordion-item c-accordion__item js-accordion-item no-js\" data-initially-open=\"false\" data-click-to-close=\"true\" data-auto-close=\"true\" data-scroll=\"false\" data-scroll-offset=\"0\"><h3 id=\"at-2311\" class=\"c-accordion__title js-accordion-controller\" role=\"button\">DES ACTIONS COLLECTIVES<strong>&nbsp;<\/strong><\/h3><div id=\"ac-2311\" class=\"c-accordion__content\">\n<ul class=\"wp-block-list\">\n<li><strong>Manifestations s&rsquo;adressant aux &eacute;tudiant.e.s d&eacute;sireux.ses de se r&eacute;orienter : <\/strong><a href=\"http:\/\/u2l.fr\/srop\" target=\"_blank\" rel=\"noreferrer noopener\">E-conf&eacute;rences &laquo; Se r&eacute;orienter&hellip; ou pas ! &raquo;<\/a>, &laquo; <a href=\"http:\/\/u2l.fr\/econfpass\" target=\"_blank\" rel=\"noreferrer noopener\">Forum Le PASS&hellip; et apr&egrave;s ? <\/a>&raquo;, etc. avec des supports d&rsquo;information sp&eacute;cifiques<\/li>\n\n\n\n<li><strong>Dispositifs favorisant les r&eacute;orientations :<\/strong> \n<ul class=\"wp-block-list\">\n<li><a href=\"https:\/\/www.univ-lorraine.fr\/orientation-insertion-professionnelle\/wp-content\/uploads\/sites\/7\/2026\/01\/depliant-cycle-de-decouverte-paramedical-25-26.pdf\" target=\"_blank\" rel=\"noreferrer noopener\">&laquo; Cycle de d&eacute;couverte du secteur param&eacute;dical &raquo;<\/a> (d&eacute;couverte des m&eacute;tiers et pr&eacute;paration au dossier d&rsquo;admission Parcoursup dans les IFSI)<\/li>\n\n\n\n<li><a href=\"https:\/\/www.univ-lorraine.fr\/orientation-insertion-professionnelle\/wp-content\/uploads\/sites\/7\/2026\/01\/depliant-cycle-decouverte-social-25-26.pdf\" target=\"_blank\" rel=\"noreferrer noopener\">&laquo; Cycle de d&eacute;couverte du secteur social &raquo;&nbsp;<\/a>(d&eacute;couverte des m&eacute;tiers et pr&eacute;paration au dossier d&rsquo;admission Parcoursup dans les IRTS)<\/li>\n\n\n\n<li><a href=\"https:\/\/www.univ-lorraine.fr\/orientation-insertion-professionnelle\/wp-content\/uploads\/sites\/7\/2026\/01\/depliant-semestre-rebond-metz-et-nancy-25-26-1.pdf\" target=\"_blank\" rel=\"noreferrer noopener\">Semestre rebond<\/a><\/li>\n<\/ul>\n<\/li>\n<\/ul>\n<\/div><\/div>\n\n\n\n<div class=\"wp-block-pb-accordion-item c-accordion__item js-accordion-item no-js\" data-initially-open=\"false\" data-click-to-close=\"true\" data-auto-close=\"true\" data-scroll=\"false\" data-scroll-offset=\"0\"><h3 id=\"at-2312\" class=\"c-accordion__title js-accordion-controller\" role=\"button\">DES RESSOURCES<\/h3><div id=\"ac-2312\" class=\"c-accordion__content\">\n<ul class=\"wp-block-list\">\n<li><strong>Un fonds documentaire sp&eacute;cialis&eacute;<\/strong>, en acc&egrave;s libre ou guid&eacute; (presse, ouvrages sur les &eacute;tudes sup&eacute;rieures, les m&eacute;tiers, la fonction publique, etc.)<\/li>\n<\/ul>\n\n\n<div class=\"gb-container gb-container-7e6b30a8\"><div class=\"gb-inside-container\">\n\n<div class=\"wp-block-buttons is-content-justification-center is-layout-flex wp-container-core-buttons-is-layout-16018d1d wp-block-buttons-is-layout-flex\">\n<div class=\"wp-block-button\"><a class=\"wp-block-button__link has-custom-font-size wp-element-button\" href=\"https:\/\/www.univ-lorraine.fr\/orientation-insertion-professionnelle\/ressources\/formations-metiers-concours-insertion-professionnelle\/\" style=\"font-size:15px\">Acc&eacute;der au fonds documentaire<\/a><\/div>\n<\/div>\n\n<\/div><\/div>\n\n\n<ul class=\"wp-block-list\"><\/ul>\n\n\n\n<ul class=\"wp-block-list\">\n<li><strong>Des e<strong>nqu&ecirc;tes sur le devenir des &eacute;tudiant&middot;es<\/strong><\/strong> <strong>: <\/strong>Bien conna&icirc;tre les &eacute;tudiant&middot;es, c&rsquo;est pouvoir mieux les accompagner dans la construction de leurs parcours universitaire et professionnel. C&rsquo;est la raison pour laquelle l&rsquo;Universit&eacute; de Lorraine r&eacute;alise aupr&egrave;s de ses &eacute;tudiants des enqu&ecirc;tes statistiques syst&eacute;matiques.<\/li>\n<\/ul>\n\n\n\n<div class=\"wp-block-buttons is-content-justification-center is-layout-flex wp-container-core-buttons-is-layout-16018d1d wp-block-buttons-is-layout-flex\">\n<div class=\"wp-block-button\"><a class=\"wp-block-button__link has-custom-font-size wp-element-button\" href=\"https:\/\/insertion.univ-lorraine.fr\/\" style=\"font-size:15px\" target=\"_blank\" rel=\"noreferrer noopener\">Conna&icirc;tre les poursuites d&rsquo;&eacute;tudes<br>effectu&eacute;es par les &eacute;tudiant&middot;es <br>de l&rsquo;universit&eacute; de Lorraine<\/a><\/div>\n<\/div>\n\n\n<div class=\"gb-container gb-container-8641d9b7\">\n\n<ul class=\"wp-block-list\">\n<li><strong>Nouveau  : <\/strong>Le guide &laquo;&nbsp;Construction du projet d&rsquo;&eacute;tudes&nbsp;&raquo; du SOIP vient de para&icirc;tre !<\/li>\n<\/ul>\n\n\n<div class=\"wp-block-image\">\n<figure class=\"aligncenter size-large is-resized\"><a href=\"https:\/\/www.univ-lorraine.fr\/orientation-insertion-professionnelle\/wp-content\/uploads\/sites\/7\/2024\/12\/guide-soip-livret-2024.pdf\" target=\"_blank\" rel=\" noreferrer noopener\"><img loading=\"lazy\" decoding=\"async\" width=\"722\" height=\"1024\" src=\"https:\/\/www.univ-lorraine.fr\/orientation-insertion-professionnelle\/wp-content\/uploads\/sites\/7\/2024\/12\/guide-soip-couv-722x1024.png\" alt=\"\" class=\"wp-image-13157\" style=\"width:133px;height:auto\" srcset=\"https:\/\/www.univ-lorraine.fr\/orientation-insertion-professionnelle\/wp-content\/uploads\/sites\/7\/2024\/12\/guide-soip-couv-722x1024.png 722w, https:\/\/www.univ-lorraine.fr\/orientation-insertion-professionnelle\/wp-content\/uploads\/sites\/7\/2024\/12\/guide-soip-couv-212x300.png 212w, https:\/\/www.univ-lorraine.fr\/orientation-insertion-professionnelle\/wp-content\/uploads\/sites\/7\/2024\/12\/guide-soip-couv-768x1089.png 768w, https:\/\/www.univ-lorraine.fr\/orientation-insertion-professionnelle\/wp-content\/uploads\/sites\/7\/2024\/12\/guide-soip-couv-1083x1536.png 1083w, https:\/\/www.univ-lorraine.fr\/orientation-insertion-professionnelle\/wp-content\/uploads\/sites\/7\/2024\/12\/guide-soip-couv.png 1410w\" sizes=\"auto, (max-width: 722px) 100vw, 722px\" \/><\/a><\/figure>\n<\/div>\n\n\n<div class=\"wp-block-buttons is-content-justification-center is-layout-flex wp-container-core-buttons-is-layout-16018d1d wp-block-buttons-is-layout-flex\">\n<div class=\"wp-block-button\"><a class=\"wp-block-button__link has-custom-font-size wp-element-button\" href=\"https:\/\/www.univ-lorraine.fr\/orientation-insertion-professionnelle\/wp-content\/uploads\/sites\/7\/2024\/12\/guide-soip-livret-2024.pdf\" style=\"font-size:15px\" target=\"_blank\" rel=\"noreferrer noopener\">Consulter le guide<\/a><\/div>\n<\/div>\n\n<\/div><\/div><\/div>\n\n<\/div><\/div><\/div>\n<\/div>\n\n\n<h2 class=\"gb-headline gb-headline-2475a282 gb-headline-text\" id=\"stage\"><strong>Recherche de stage, d&rsquo;emploi, d&rsquo;alternance, candidature en fili&egrave;re s&eacute;lective&nbsp;<\/strong><\/h2>\n\n\n<div class=\"gb-grid-wrapper gb-grid-wrapper-2bb56f45\">\n<div class=\"gb-grid-column gb-grid-column-90ce8ccf\"><div class=\"gb-container gb-container-90ce8ccf\"><div class=\"gb-inside-container\">\n<div class=\"gb-container gb-container-9739c44c\"><div class=\"gb-inside-container\">\n\n<h3 class=\"gb-headline gb-headline-07329a77\"><span class=\"gb-icon\"><svg id=\"Calque_2\" data-name=\"Calque 2\" xmlns=\"http:\/\/www.w3.org\/2000\/svg\" viewbox=\"0 0 164.79 350.35\">   <defs>     <style>       .cls-1 {         fill: #fff;       }     <\/style>   <\/defs>   <g id=\"Calque_1-2\" data-name=\"Calque 1\">     <path class=\"cls-1\" d=\"m0,294.37c0-30.11,24.17-56.81,55.12-56.81,28.41,0,55.55,23.74,55.55,56.39,0,28.84-22.48,56.39-55.12,56.39-28.41,0-55.55-23.32-55.55-55.97Zm97.95-3.82c0-27.14-22.48-47.06-46.22-47.06-25.86,0-45.79,22.47-45.79,47.49,0,27.14,22.47,46.64,46.22,46.64,27.14,0,45.8-22.9,45.8-47.07ZM26.29,224.84c-4.24-.85-8.06-5.51-7.63-9.75L30.95,9.01C31.38,3.5,36.04-.74,41.55.11l115.33,17.81c5.51.85,8.91,5.94,7.63,11.45l-49.19,203.95c-1.27,4.67-5.94,8.06-10.6,7.21l-78.44-15.69ZM152.23,23.85L36.89,6.04l-12.3,206.07,78.44,15.69L152.23,23.85Z\"><\/path>   <\/g> <\/svg><\/span><span class=\"gb-headline-text\">Prendre RDV avec un&middot;E conseiller&middot;&egrave;re en insertion professionnelle :<\/span><\/h3>\n\n\n\n<h4 class=\"wp-block-heading has-text-align-center\">EN LIGNE<\/h4>\n\n\n\n<div class=\"wp-block-buttons is-content-justification-center is-layout-flex wp-container-core-buttons-is-layout-16018d1d wp-block-buttons-is-layout-flex\">\n<div class=\"wp-block-button\"><a class=\"wp-block-button__link has-custom-font-size wp-element-button\" href=\"https:\/\/univ-lorraine.jobteaser.com\" style=\"border-radius:30px;font-size:15px\" target=\"_blank\" rel=\"noreferrer noopener\">Prendre RDV<br>directement sur le Career Center*<\/a><\/div>\n<\/div>\n\n\n\n<p>*Au besoin, cr&eacute;ez votre compte sur le Career Center<\/p>\n\n\n<div class=\"gb-container gb-container-545f4a54\"><div class=\"gb-inside-container\">\n\n<h4 class=\"wp-block-heading\">PAR MAIL<\/h4>\n\n\n\n<div class=\"wp-block-buttons is-content-justification-center is-layout-flex wp-container-core-buttons-is-layout-16018d1d wp-block-buttons-is-layout-flex\">\n<div class=\"wp-block-button is-style-fill\"><a class=\"wp-block-button__link has-custom-font-size wp-element-button\" href=\"https:\/\/www.univ-lorraine.fr\/orientation-insertion-professionnelle\/contact\/\" style=\"font-size:15px\" target=\"_blank\" rel=\"noreferrer noopener\">Contacter le SOIP<\/a><\/div>\n<\/div>\n\n<\/div><\/div>\n\n\n<h4 class=\"wp-block-heading\">PAR TEL<\/h4>\n\n\n\n<p>&agrave; <strong>Metz :<\/strong> <a href=\"tel:03%2072%2074%2003%2062\">03 72 74 03 62<\/a> <br>&agrave; <strong>Nancy :<\/strong> <a href=\"tel:03%2072%2074%2003%2061\">03 72 74 03 61<\/a> <br>&agrave; <strong>Vand&oelig;uvre :<\/strong> <a href=\"tel:03%2072%2074%2003%2069\">03 72 74 03 69<\/a><\/p>\n\n\n<div class=\"gb-container gb-container-64605e45\"><div class=\"gb-inside-container\">\n<div class=\"gb-container gb-container-7ac92863\">\n\n<ul class=\"wp-block-social-links has-normal-icon-size has-icon-color has-icon-background-color is-style-pill-shape is-content-justification-center is-layout-flex wp-container-core-social-links-is-layout-16018d1d wp-block-social-links-is-layout-flex\"><li style=\"color:var(--base-3);background-color:var(--contrast);\" class=\"wp-social-link wp-social-link-facebook has-base-3-color has-contrast-background-color wp-block-social-link\"><a href=\"https:\/\/www.facebook.com\/soipunivlorraine\" class=\"wp-block-social-link-anchor\"><svg width=\"24\" height=\"24\" viewbox=\"0 0 24 24\" version=\"1.1\" xmlns=\"http:\/\/www.w3.org\/2000\/svg\" aria-hidden=\"true\" focusable=\"false\"><path d=\"M12 2C6.5 2 2 6.5 2 12c0 5 3.7 9.1 8.4 9.9v-7H7.9V12h2.5V9.8c0-2.5 1.5-3.9 3.8-3.9 1.1 0 2.2.2 2.2.2v2.5h-1.3c-1.2 0-1.6.8-1.6 1.6V12h2.8l-.4 2.9h-2.3v7C18.3 21.1 22 17 22 12c0-5.5-4.5-10-10-10z\"><\/path><\/svg><span class=\"wp-block-social-link-label screen-reader-text\">Facebook<\/span><\/a><\/li><\/ul>\n\n<\/div>\n<\/div><\/div>\n<\/div><\/div>\n<\/div><\/div><\/div>\n\n<div class=\"gb-grid-column gb-grid-column-bdeeafbf\"><div class=\"gb-container gb-container-bdeeafbf\"><div class=\"gb-inside-container\">\n\n<div class=\"wp-block-pb-accordion-item c-accordion__item js-accordion-item no-js is-open\" data-initially-open=\"true\" data-click-to-close=\"true\" data-auto-close=\"true\" data-scroll=\"false\" data-scroll-offset=\"0\"><h3 id=\"at-2313\" class=\"c-accordion__title js-accordion-controller\" role=\"button\">DES ACTIONS INDIVIDUELLES<\/h3><div id=\"ac-2313\" class=\"c-accordion__content\">\n<ul class=\"wp-block-list\">\n<li><strong>Entretiens individuels sur place ou &agrave; distance <\/strong>(sur rendez-vous), avec des conseill&egrave;res en insertion professionnelle, pour vous accompagner dans l&rsquo;&eacute;laboration de vos CV et lettres de motivation, pour un stage, un premier emploi, une alternance ou une candidature dans une fili&egrave;re s&eacute;lective ;<\/li>\n\n\n\n<li><strong>Simulations d&rsquo;entretien <\/strong>(sur rendez-vous), avec des professionnels (DRH-RRH, recruteurs, consultants, conseillers en insertion professionnelle) pour vous pr&eacute;parer aux entretiens de recrutement ou d&rsquo;admission dans une fili&egrave;re s&eacute;lective ou une &eacute;cole.<\/li>\n<\/ul>\n<\/div><\/div>\n\n\n\n<div class=\"wp-block-pb-accordion-item c-accordion__item js-accordion-item no-js\" data-initially-open=\"false\" data-click-to-close=\"true\" data-auto-close=\"true\" data-scroll=\"false\" data-scroll-offset=\"0\"><h3 id=\"at-2314\" class=\"c-accordion__title js-accordion-controller\" role=\"button\">DES ACTIONS COLLECTIVES<strong>&nbsp;<\/strong><\/h3><div id=\"ac-2314\" class=\"c-accordion__content\">\n<ul class=\"wp-block-list\">\n<li><strong>Modules de formation et ateliers <\/strong>(connaissance de soi \/ bilan personnel, projet personnel et professionnel, techniques de recherche d&rsquo;emploi, etc.)&nbsp;: &laquo;&nbsp;&Agrave; vos CV &ndash; R&eacute;ussissez vos entretiens&nbsp;&raquo;, &laquo; <a href=\"https:\/\/www.univ-lorraine.fr\/orientation-insertion-professionnelle\/les-ateliers-du-soip\/\">Ateliers du SOIP<\/a> &raquo;, etc.<\/li>\n\n\n\n<li><strong>Manifestations : <\/strong>\n<ul class=\"wp-block-list\">\n<li><a href=\"https:\/\/www.univ-lorraine.fr\/orientation-insertion-professionnelle\/stage-en-poche\/\" target=\"_blank\" rel=\"noreferrer noopener\">Forum &laquo; Stage en poche &raquo;<\/a> (en novembre),<\/li>\n\n\n\n<li><a href=\"https:\/\/www.univ-lorraine.fr\/orientation-insertion-professionnelle\/fete-des-metiers-du-btp\/\" target=\"_blank\" rel=\"noreferrer noopener\">F&ecirc;te des m&eacute;tiers du BTP<\/a>, <\/li>\n\n\n\n<li>Les RDV des jeunes dipl&ocirc;m&eacute;&middot;es,&nbsp;<\/li>\n\n\n\n<li>Les RED (Rencontres &eacute;tudiant&middot;es\/dipl&ocirc;m&eacute;&middot;es),<\/li>\n\n\n\n<li>Etc.<\/li>\n<\/ul>\n<\/li>\n<\/ul>\n\n\n<div class=\"gb-container gb-container-af05d1bd\"><div class=\"gb-inside-container\">\n\n<div class=\"wp-block-buttons is-content-justification-center is-layout-flex wp-container-core-buttons-is-layout-16018d1d wp-block-buttons-is-layout-flex\">\n<div class=\"wp-block-button\"><a class=\"wp-block-button__link has-custom-font-size wp-element-button\" href=\"https:\/\/www.univ-lorraine.fr\/orientation-insertion-professionnelle\/agenda-ateliers\/\" style=\"font-size:15px\" target=\"_blank\" rel=\"noreferrer noopener\">Consulter l&rsquo;agenda des actions <br> &laquo;&nbsp;stage, emploi, alternance&nbsp;&raquo;<\/a><\/div>\n<\/div>\n\n<\/div><\/div><\/div><\/div>\n\n\n\n<div class=\"wp-block-pb-accordion-item c-accordion__item js-accordion-item no-js\" data-initially-open=\"false\" data-click-to-close=\"true\" data-auto-close=\"true\" data-scroll=\"false\" data-scroll-offset=\"0\"><h3 id=\"at-2315\" class=\"c-accordion__title js-accordion-controller\" role=\"button\">DES RESSOURCES<\/h3><div id=\"ac-2315\" class=\"c-accordion__content\">\n<ul class=\"wp-block-list\">\n<li><strong>Un fonds documentaire sp&eacute;cialis&eacute;<\/strong>, en acc&egrave;s libre ou guid&eacute; (presse, ouvrages sur les &eacute;tudes sup&eacute;rieures, les m&eacute;tiers, la fonction publique, etc.)<\/li>\n<\/ul>\n\n\n<div class=\"gb-container gb-container-d10802f6\"><div class=\"gb-inside-container\">\n\n<div class=\"wp-block-buttons is-content-justification-center is-layout-flex wp-container-core-buttons-is-layout-16018d1d wp-block-buttons-is-layout-flex\">\n<div class=\"wp-block-button\"><a class=\"wp-block-button__link has-custom-font-size wp-element-button\" href=\"https:\/\/www.univ-lorraine.fr\/orientation-insertion-professionnelle\/ressources\/stage-emploi-et-alternance\/\" style=\"font-size:15px\">Acc&eacute;der au fonds documentaire<\/a><\/div>\n<\/div>\n\n<\/div><\/div>\n\n\n<ul class=\"wp-block-list\">\n<li>\n<\/ul>\n\n\n\n<ul class=\"wp-block-list\">\n<li><strong>Des e<strong>nqu&ecirc;tes sur le devenir des &eacute;tudiant&middot;es<\/strong><\/strong> <strong>: <\/strong>Bien conna&icirc;tre les &eacute;tudiant&middot;es, c&rsquo;est pouvoir mieux les accompagner dans la construction de leurs parcours universitaire et professionnel. C&rsquo;est la raison pour laquelle l&rsquo;Universit&eacute; de Lorraine r&eacute;alise aupr&egrave;s de ses &eacute;tudiants des enqu&ecirc;tes statistiques syst&eacute;matiques.<\/li>\n<\/ul>\n\n\n\n<div class=\"wp-block-buttons is-content-justification-center is-layout-flex wp-container-core-buttons-is-layout-16018d1d wp-block-buttons-is-layout-flex\">\n<div class=\"wp-block-button\"><a class=\"wp-block-button__link has-custom-font-size wp-element-button\" href=\"https:\/\/insertion.univ-lorraine.fr\/\" style=\"font-size:15px\" target=\"_blank\" rel=\"noreferrer noopener\">Conna&icirc;tre les emplois occup&eacute;s <br>par les dipl&ocirc;m&eacute;&middot;es de l&rsquo;universit&eacute; de Lorraine<\/a><\/div>\n<\/div>\n<\/div><\/div>\n\n\n\n<p><\/p>\n\n<\/div><\/div><\/div>\n<\/div>\n\n<div class=\"gb-container gb-container-f2c604e9\"><div class=\"gb-inside-container\">\n<div class=\"gb-grid-wrapper gb-grid-wrapper-f39a3587\">\n<div class=\"gb-grid-column gb-grid-column-deea1db5\"><div class=\"gb-container gb-container-deea1db5\"><div class=\"gb-inside-container\">\n\n<h2 class=\"gb-headline gb-headline-51c8a472 gb-headline-text\"><strong>ZOOM <\/strong><\/h2>\n\n<\/div><\/div><\/div>\n\n<div class=\"gb-grid-column gb-grid-column-7d2f95a5\"><div class=\"gb-container gb-container-7d2f95a5\"><div class=\"gb-inside-container\"><\/div><\/div><\/div>\n\n<div class=\"gb-grid-column gb-grid-column-eb330df3\"><div class=\"gb-container gb-container-eb330df3\"><div class=\"gb-inside-container\"><\/div><\/div><\/div>\n<\/div>\n\n<div class=\"gb-container gb-container-492307e8\"><div class=\"gb-inside-container\">\n<div class=\"gb-grid-wrapper gb-grid-wrapper-9a046545 la\">\n<div class=\"gb-grid-column gb-grid-column-7447c0a6\"><div class=\"gb-container gb-container-7447c0a6 ici\"><div class=\"gb-inside-container\">\n\n<h3 class=\"gb-headline gb-headline-391b3df3 gb-headline-text\">Career center JOBTEASER<\/h3>\n\n\n\n<p><strong>Inscrivez-vous sur votre Career Center<\/strong> et recevez des offres de stage, d&rsquo;alternance et d&rsquo;emploi sans m&ecirc;me avoir &agrave; postuler ! Des ressources sur les m&eacute;thodologies de recherche y sont aussi accessibles, pour un auto-apprentissage.<\/p>\n\n\n<div class=\"gb-container gb-container-2ddf0784\"><div class=\"gb-inside-container\">\n<div class=\"gb-button-wrapper gb-button-wrapper-b1308c3b\">\n\n<a class=\"gb-button gb-button-ca29a896 gb-button-text\" href=\"http:\/\/univ-lorraine.jobteaser.com\/\" target=\"_blank\" rel=\"noopener noreferrer\">S&rsquo;inscrire sur le Career Center<\/a>\n\n<\/div>\n\n\n<p><\/p>\n\n<\/div><\/div>\n\n<div class=\"gb-grid-wrapper gb-grid-wrapper-d6bc4aab\">\n<div class=\"gb-grid-column gb-grid-column-864a8e9d\"><div class=\"gb-container gb-container-864a8e9d\"><div class=\"gb-inside-container\">\n\n<h3 class=\"wp-block-heading\">vos premiers pas dans le Career Center !<\/h3>\n\n<\/div><\/div><\/div>\n\n<div class=\"gb-grid-column gb-grid-column-de2f606e\"><div class=\"gb-container gb-container-de2f606e\"><div class=\"gb-inside-container\">\n\n<figure class=\"wp-block-video\"><video height=\"1080\" style=\"aspect-ratio: 1920 \/ 1080;\" width=\"1920\" controls poster=\"https:\/\/www.univ-lorraine.fr\/orientation-insertion-professionnelle\/wp-content\/uploads\/sites\/7\/2022\/09\/career.jpg\" src=\"https:\/\/www.univ-lorraine.fr\/orientation-insertion-professionnelle\/wp-content\/uploads\/sites\/7\/2022\/09\/Tuto-Career-Center-3.mp4\"><\/video><\/figure>\n\n\n<div class=\"gb-container gb-container-22b63853\"><div class=\"gb-inside-container\"><\/div><\/div>\n<\/div><\/div><\/div>\n<\/div>\n\n\n<h3 class=\"wp-block-heading\" style=\"font-size:25px\">Bient&ocirc;t dipl&ocirc;m&eacute;&middot;e ?<\/h3>\n\n\n\n<p>Sit&ocirc;t dipl&ocirc;m&eacute;&middot;e, pensez &agrave; <a href=\"https:\/\/www.univ-lorraine.fr\/orientation-insertion-professionnelle\/wp-content\/uploads\/sites\/7\/2022\/07\/Tuto-changement-de-mail-pour-JD-2.pdf\">modifier votre identifiant d&rsquo;acc&egrave;s<\/a> au Career Center.<\/p>\n\n<\/div><\/div><\/div>\n\n<div class=\"gb-grid-column gb-grid-column-f3fe3951\"><div class=\"gb-container gb-container-f3fe3951\"><div class=\"gb-inside-container\">\n\n<h3 class=\"wp-block-heading has-text-align-center\" id=\"infos-et-conseils-en-ligne\"> INFOS <br>ET CONSEILS EN LIGNE <\/h3>\n\n\n\n<p class=\"has-text-align-center\">  Bilan, CV, lettre de motivation, entretien, stage, march&eacute; de l&rsquo;emploi&hellip; Le SOIP vous propose en auto-apprentissage tous les conseils et les ressources utiles &agrave; votre strat&eacute;gie de recherche de stage ou d&rsquo;emploi. <\/p>\n\n\n<div class=\"gb-container gb-container-c96e91f3\"><div class=\"gb-inside-container\">\n\n<ul class=\"wp-block-list\">\n<li><strong>Conseils <\/strong>: <a href=\"https:\/\/www.univ-lorraine.fr\/orientation-insertion-professionnelle\/stage-emploi\/insertion-professionnelle\/bilan-projet\/\" target=\"_blank\" rel=\"noreferrer noopener\">Bilan \/ projet<\/a>, <a href=\"https:\/\/www.univ-lorraine.fr\/orientation-insertion-professionnelle\/stage-emploi\/insertion-professionnelle\/curriculum-vitae\/\" target=\"_blank\" rel=\"noreferrer noopener\">Curriculum vitae<\/a>, <a href=\"https:\/\/www.univ-lorraine.fr\/orientation-insertion-professionnelle\/stage-emploi\/insertion-professionnelle\/lettre-de-motivation\/\" target=\"_blank\" rel=\"noreferrer noopener\">Lettre de motivation<\/a>, <a href=\"https:\/\/www.univ-lorraine.fr\/orientation-insertion-professionnelle\/stage-emploi\/insertion-professionnelle\/lentretien-de-recrutement\/\" target=\"_blank\" rel=\"noreferrer noopener\">Entretien de recrutement<\/a>, <a href=\"https:\/\/www.univ-lorraine.fr\/orientation-insertion-professionnelle\/stage-emploi\/insertion-professionnelle\/la-demarche-reseau\/\" target=\"_blank\" rel=\"noreferrer noopener\">D&eacute;marche r&eacute;seau<\/a><\/li>\n\n\n\n<li><strong>Stage <\/strong>: <a href=\"https:\/\/www.univ-lorraine.fr\/orientation-insertion-professionnelle\/stage-emploi\/insertion-professionnelle\/la-reglementation\/\" target=\"_blank\" rel=\"noreferrer noopener\">R&eacute;glementation<\/a>, <a href=\"https:\/\/www.univ-lorraine.fr\/orientation-insertion-professionnelle\/stage-emploi\/insertion-professionnelle\/convention-de-stage\/\" target=\"_blank\" rel=\"noreferrer noopener\">Convention de stage<\/a>, <a href=\"https:\/\/www.univ-lorraine.fr\/orientation-insertion-professionnelle\/stage-emploi\/insertion-professionnelle\/organiser-sa-recherche-de-stage\/\" target=\"_blank\" rel=\"noreferrer noopener\">Organisation de la recherche de stage<\/a>, <a href=\"https:\/\/www.univ-lorraine.fr\/orientation-insertion-professionnelle\/stage-emploi\/insertion-professionnelle\/stage-a-letranger-4-types-de-bourses-et-aides\/\" target=\"_blank\" rel=\"noreferrer noopener\">Stage &agrave; l&rsquo;&eacute;tranger : bourses et aides<\/a><\/li>\n\n\n\n<li><strong>March&eacute; de l&rsquo;emploi<\/strong> : <a href=\"https:\/\/www.univ-lorraine.fr\/orientation-insertion-professionnelle\/stage-emploi\/insertion-professionnelle\/definir-vos-cibles-demploi\/\" target=\"_blank\" rel=\"noreferrer noopener\">D&eacute;finition des cibles<\/a>, <a href=\"https:\/\/www.univ-lorraine.fr\/orientation-insertion-professionnelle\/stage-emploi\/insertion-professionnelle\/explorer-les-pistes-demploi\/\" target=\"_blank\" rel=\"noreferrer noopener\">Exploration des pistes<\/a><\/li>\n\n\n\n<li><strong>Premier emploi<\/strong> (en cours)<\/li>\n<\/ul>\n\n<\/div><\/div>\n<\/div><\/div><\/div>\n<\/div>\n<\/div><\/div>\n<\/div><\/div>\n\n<div class=\"gb-container gb-container-d2e8c95a\">\n\n<h2 class=\"wp-block-heading has-text-align-center\">Le SOIP recrute !<\/h2>\n\n\n<div class=\"gb-grid-wrapper gb-grid-wrapper-9d0664a4\">\n<div class=\"gb-grid-column gb-grid-column-db09bcf7\"><div class=\"gb-container gb-container-db09bcf7\">\n\n<p class=\"has-text-align-center\">Tous les ans, le SOIP recrute des <strong>&eacute;tudiants ambassadeurs.<\/strong> <\/p>\n\n\n\n<p class=\"has-text-align-center\"><strong>Leur mission ?<\/strong> Aller &agrave; la rencontre des &eacute;l&egrave;ves dans leurs lyc&eacute;es pour t&eacute;moigner et &eacute;changer sur la vie &eacute;tudiante. <\/p>\n\n\n\n<p class=\"has-text-align-center\"><strong>Objectif : <\/strong>aider les lyc&eacute;ens &agrave; se projeter &agrave; l&rsquo;universit&eacute;, en levant appr&eacute;hensions et id&eacute;es re&ccedil;ues ! <\/p>\n\n\n\n<p class=\"has-text-align-center\">Le recrutement s&rsquo;effectue de d&eacute;but juin &agrave; fin ao&ucirc;t.<\/p>\n\n\n\n<p class=\"has-text-align-center\"><strong>Contact :<\/strong> <a href=\"&#x6d;&#x61;&#x69;&#108;&#116;&#111;:s&#x61;&#x72;&#x61;&#x68;&#46;&#98;og&#x61;&#x74;&#x61;&#x79;&#64;&#117;ni&#x76;&#x2d;&#x6c;&#x6f;&#114;&#114;&#97;in&#x65;&#x2e;&#x66;&#x72;\" target=\"_blank\" rel=\"noreferrer noopener\">Sarah BOGATAY<\/a> 03 72 74 03 79<\/p>\n\n<\/div><\/div>\n\n<div class=\"gb-grid-column gb-grid-column-cd878784\"><div class=\"gb-container gb-container-cd878784\">\n\n<p><\/p>\n\n\n\n<figure class=\"wp-block-embed wp-embed-aspect-16-9 wp-has-aspect-ratio\"><div class=\"wp-block-embed__wrapper\"><iframe src=\"https:\/\/ultv.univ-lorraine.fr\/video\/16650-les-etudiants-ambassadeurs-de-luniversite-de-lorraine\/?is_iframe=true\" style=\"padding: 0;  border:0\" allowfullscreen=\"\" title=\"Explore ton potentiel - T&eacute;moignage d'Arthu Arthur Testelin\" loading=\"lazy\" class=\"wp-embedded-content\"><\/iframe><\/div><\/figure>\n\n<\/div><\/div>\n<\/div>\n<\/div>\n\n\n<h2 class=\"wp-block-heading\" id=\"le-soip-c-est-encore-les-etudiant-e-s-qui-en-parlent-le-mieux\">Le SOIP, c&rsquo;est encore les &eacute;tudiant&middot;es qui en parlent le mieux !<\/h2>\n\n\n<div class=\"gb-grid-wrapper gb-grid-wrapper-034f2fd0\">\n<div class=\"gb-grid-column gb-grid-column-14ed6765\"><div class=\"gb-container gb-container-14ed6765\"><div class=\"gb-inside-container\">\n<div class=\"gb-container gb-container-6dcc6793\"><div class=\"gb-inside-container\">\n\n<h3 class=\"wp-block-heading has-text-align-center\" id=\"clara\">CLARA<\/h3>\n\n\n\n<figure class=\"wp-block-embed wp-embed-aspect-16-9 wp-has-aspect-ratio\"><div class=\"wp-block-embed__wrapper\"><iframe src=\"https:\/\/ultv.univ-lorraine.fr\/video\/4159-parlez-nous-du-soip-clara-etudiante-en-licence-1-psychologie\/?is_iframe=true;&amp;autostart=false\" allowfullscreen=\"\" style=\"width: 100%;\nheight: 95px;\" loading=\"lazy\" class=\"wp-embedded-content\"><\/iframe><\/div><\/figure>\n\n\n\n<p class=\"has-text-align-center\">&Eacute;tudiante en licence 1 (1&egrave;re ann&eacute;e de licence) de psychologie <\/p>\n\n\n\n<div class=\"wp-block-buttons is-layout-flex wp-block-buttons-is-layout-flex\">\n<div class=\"wp-block-button aligncenter\"><a class=\"wp-block-button__link wp-element-button\" href=\"https:\/\/videos.univ-lorraine.fr\/index.php?act=view&amp;id=9860\" target=\"_blank\" rel=\"noreferrer noopener\">Voir la vid&eacute;o<\/a><\/div>\n<\/div>\n\n<\/div><\/div>\n<\/div><\/div><\/div>\n\n<div class=\"gb-grid-column gb-grid-column-03633f5f\"><div class=\"gb-container gb-container-03633f5f\"><div class=\"gb-inside-container\">\n<div class=\"gb-container gb-container-993f1a3c\"><div class=\"gb-inside-container\">\n\n<h3 class=\"wp-block-heading has-text-align-center\" id=\"ines\">IN&egrave;s<\/h3>\n\n\n\n<figure class=\"wp-block-embed wp-embed-aspect-16-9 wp-has-aspect-ratio\"><div class=\"wp-block-embed__wrapper\"><iframe src=\"https:\/\/videos.univ-lorraine.fr\/video.php?id=9861&amp;autostart=false\" allowfullscreen=\"\" style=\"width: 100%;\nheight: 95px;\" loading=\"lazy\" class=\"wp-embedded-content\"><\/iframe><\/div><\/figure>\n\n\n\n<p class=\"has-text-align-center\">&Eacute;tudiante en master 2 (2&egrave;me ann&eacute;e de master) Biologie de la sant&eacute; <\/p>\n\n\n\n<div class=\"wp-block-buttons is-layout-flex wp-block-buttons-is-layout-flex\">\n<div class=\"wp-block-button aligncenter\"><a class=\"wp-block-button__link wp-element-button\" href=\"https:\/\/videos.univ-lorraine.fr\/index.php?act=view&amp;id=9861\" target=\"_blank\" rel=\"noreferrer noopener\">Voir la vid&eacute;o<\/a><\/div>\n<\/div>\n\n<\/div><\/div>\n<\/div><\/div><\/div>\n\n<div class=\"gb-grid-column gb-grid-column-0e22dc67\"><div class=\"gb-container gb-container-0e22dc67\"><div class=\"gb-inside-container\">\n<div class=\"gb-container gb-container-52c7017c\"><div class=\"gb-inside-container\">\n\n<h3 class=\"wp-block-heading has-text-align-center\" id=\"judith\">JUDITH<\/h3>\n\n\n\n<figure class=\"wp-block-embed wp-embed-aspect-16-9 wp-has-aspect-ratio\"><div class=\"wp-block-embed__wrapper\"><iframe src=\"https:\/\/videos.univ-lorraine.fr\/video.php?id=16016&amp;autostart=false\" allowfullscreen=\"\" style=\"width: 100%;\nheight: 95px;\" loading=\"lazy\" class=\"wp-embedded-content\"><\/iframe><\/div><\/figure>\n\n\n\n<p class=\"has-text-align-center\">&Eacute;tudiante en master 1 (1&egrave;re ann&eacute;e de master) <br>Microbiologie <\/p>\n\n\n\n<div class=\"wp-block-buttons is-layout-flex wp-block-buttons-is-layout-flex\">\n<div class=\"wp-block-button aligncenter\"><a class=\"wp-block-button__link wp-element-button\" href=\"https:\/\/videos.univ-lorraine.fr\/index.php?act=view&amp;id=16016\" target=\"_blank\" rel=\"noreferrer noopener\">Voir la vid&eacute;o<\/a><\/div>\n<\/div>\n\n<\/div><\/div>\n<\/div><\/div><\/div>\n\n<div class=\"gb-grid-column gb-grid-column-5f043369\"><div class=\"gb-container gb-container-5f043369\"><div class=\"gb-inside-container\">\n<div class=\"gb-container gb-container-be67d1eb\"><div class=\"gb-inside-container\">\n<div class=\"gb-container gb-container-3d471a58\"><div class=\"gb-inside-container\">\n\n<h3 class=\"wp-block-heading has-text-align-center\" id=\"yehia\">Y&eacute;hia<\/h3>\n\n\n\n<figure class=\"wp-block-embed wp-embed-aspect-16-9 wp-has-aspect-ratio\"><div class=\"wp-block-embed__wrapper\"><iframe src=\"https:\/\/videos.univ-lorraine.fr\/video.php?id=9863&amp;autostart=false\" allowfullscreen=\"\" style=\"width: 100%;\nheight: 95px;\" loading=\"lazy\" class=\"wp-embedded-content\"><\/iframe><\/div><\/figure>\n\n\n\n<p class=\"has-text-align-center\">&Eacute;tudiant D&eacute;FLe (Dipl&ocirc;me d&rsquo;&eacute;tudes de fran&ccedil;ais, langue &eacute;trang&egrave;re)<\/p>\n\n\n\n<div class=\"wp-block-buttons is-layout-flex wp-block-buttons-is-layout-flex\">\n<div class=\"wp-block-button aligncenter\"><a class=\"wp-block-button__link wp-element-button\" href=\"https:\/\/videos.univ-lorraine.fr\/index.php?act=view&amp;id=9863\" target=\"_blank\" rel=\"noreferrer noopener\">Voir la vid&eacute;o<\/a><\/div>\n<\/div>\n\n<\/div><\/div>\n<\/div><\/div>\n<\/div><\/div><\/div>\n<\/div>\n\n<div class=\"gb-grid-wrapper gb-grid-wrapper-8331d77e\">\n<div class=\"gb-grid-column gb-grid-column-c785a99f\"><div class=\"gb-container gb-container-c785a99f\"><div class=\"gb-inside-container\"><\/div><\/div><\/div>\n\n<div class=\"gb-grid-column gb-grid-column-6ffdbc89\"><div class=\"gb-container gb-container-6ffdbc89\"><div class=\"gb-inside-container\"><\/div><\/div><\/div>\n<\/div>\n\n<div class=\"gb-container gb-container-1119423d\"><div class=\"gb-inside-container\">\n<div class=\"gb-grid-wrapper gb-grid-wrapper-478ae140\">\n<div class=\"gb-grid-column gb-grid-column-0a00828d\"><div class=\"gb-container gb-container-0a00828d\"><div class=\"gb-inside-container\">\n\n<h2 class=\"wp-block-heading has-text-align-right\" id=\"les-actus-du-soip-sur\" style=\"font-size:30px\">LES ACTUS DU SOIP SUR <\/h2>\n\n<\/div><\/div><\/div>\n\n<div class=\"gb-grid-column gb-grid-column-949704bd\"><div class=\"gb-container gb-container-949704bd\"><div class=\"gb-inside-container\"><\/div><\/div><\/div>\n<\/div>\n\n<div class=\"gb-grid-wrapper gb-grid-wrapper-f2d6eb52\">\n<div class=\"gb-grid-column gb-grid-column-4ee59e23\"><div class=\"gb-container gb-container-4ee59e23\"><div class=\"gb-inside-container\">\n\n<h3 class=\"gb-headline gb-headline-10668de5 gb-headline-text\"><a href=\"https:\/\/factuel.univ-lorraine.fr\" target=\"_blank\" rel=\"noreferrer noopener\">LES DERNI&Egrave;RES ACTUALIT&Eacute;S<\/a><\/h3>\n\n\n<div id=\"ul-factuel-actus-home\"><div class=\"factuel_first_col\"><div class=\"factuel_one_actu\"><a href=\"https:\/\/factuel.univ-lorraine.fr\/?p=81045\" target=\"blank\"><div class=\"factuel_one_actu_img\"><img decoding=\"async\" src=\"https:\/\/www.univ-lorraine.fr\/orientation-insertion-professionnelle\/wp-content\/uploads\/2026\/04\/03-dsc_6622-300x200.jpg\" alt=\"Accueil de coll&eacute;giens au Campus Grandville : une immersion dans les m&eacute;tiers de l&amp;rsquo;ing&eacute;nierie\"\/><\/div><div class=\"factuel_one_actu_rubrique\">Formation<\/div><div class=\"factuel_one_actu_title\">Accueil de coll\u00e9giens au Campus Grandville : une immersion dans les m\u00e9tiers de l&rsquo;ing\u00e9nierie<\/div><\/a><\/div><\/div><div class=\"factuel_second_col\"><div class=\"factuel_one_actu\"><div class=\"factuel_one_actu_img\"><a href=\"https:\/\/factuel.univ-lorraine.fr\/?p=80395\" target=\"blank\"><img decoding=\"async\" src=\"https:\/\/www.univ-lorraine.fr\/orientation-insertion-professionnelle\/wp-content\/uploads\/2026\/04\/visuel-fc-rapport-activite-soip-24-25-225x300.jpg\" alt=\"Le SOIP en action(s) : une ann&eacute;e 2024-2025 d&rsquo;engagement au service des parcours&nbsp;!\"\/><\/a><\/div><div class=\"factuel_actu_group\"><div class=\"factuel_one_actu_rubrique\">Formation<\/div><div class=\"factuel_one_actu_title\"><a href=\"https:\/\/factuel.univ-lorraine.fr\/?p=80395\" target=\"blank\" title=\"Acc\u00e9der \u00e0 : Le SOIP en action(s) : une ann&eacute;e 2024-2025 d&rsquo;engagement au service des parcours&nbsp;!\">Le SOIP en action(s) : une ann\u00e9e 2024-2025 d\u2019engagement au service des parcours\u00a0!<\/a><\/div><\/div><\/div><div class=\"factuel_one_actu\"><div class=\"factuel_one_actu_img\"><a href=\"https:\/\/factuel.univ-lorraine.fr\/?p=79502\" target=\"blank\"><img decoding=\"async\" src=\"https:\/\/www.univ-lorraine.fr\/orientation-insertion-professionnelle\/wp-content\/uploads\/2026\/04\/visuel-sharee-240x300.jpg\" alt=\"Bient&ocirc;t dipl&ocirc;m&eacute;&middot;e ? Inscrivez-vous d&egrave;s &agrave; pr&eacute;sent au Mois de l&rsquo;emploi&nbsp;!\"\/><\/a><\/div><div class=\"factuel_actu_group\"><div class=\"factuel_one_actu_rubrique\">Formation<\/div><div class=\"factuel_one_actu_title\"><a href=\"https:\/\/factuel.univ-lorraine.fr\/?p=79502\" target=\"blank\" title=\"Acc\u00e9der \u00e0 : Bient&ocirc;t dipl&ocirc;m&eacute;&middot;e ? Inscrivez-vous d&egrave;s &agrave; pr&eacute;sent au Mois de l&rsquo;emploi&nbsp;!\">Bient\u00f4t dipl\u00f4m\u00e9\u00b7e ? Inscrivez-vous d\u00e8s \u00e0 pr\u00e9sent au Mois de l\u2019emploi\u00a0!<\/a><\/div><\/div><\/div><div class=\"factuel_one_actu\"><div class=\"factuel_one_actu_img\"><a href=\"https:\/\/factuel.univ-lorraine.fr\/?p=79359\" target=\"blank\"><img decoding=\"async\" src=\"https:\/\/www.univ-lorraine.fr\/orientation-insertion-professionnelle\/wp-content\/uploads\/2026\/04\/visuel-parcoursup-300x300.png\" alt=\"Parcoursup 2026 : confirmer ses voeux avant le 1er avril 2026, 23h59 (heure de Paris) !\"\/><\/a><\/div><div class=\"factuel_actu_group\"><div class=\"factuel_one_actu_rubrique\">Formation<\/div><div class=\"factuel_one_actu_title\"><a href=\"https:\/\/factuel.univ-lorraine.fr\/?p=79359\" target=\"blank\" title=\"Acc\u00e9der \u00e0 : Parcoursup 2026 : confirmer ses voeux avant le 1er avril 2026, 23h59 (heure de Paris) !\">Parcoursup 2026 : confirmer ses voeux avant le 1er avril 2026, 23h59 (heure de Paris) !<\/a><\/div><\/div><\/div><\/div><\/div>\n\n<\/div><\/div><\/div>\n\n<div class=\"gb-grid-column gb-grid-column-81276394\"><div class=\"gb-container gb-container-81276394\"><div class=\"gb-inside-container\">\n\n<h3 class=\"gb-headline gb-headline-0f595786 gb-headline-text\"><a href=\"https:\/\/factuel.univ-lorraine.fr\/archives\/agenda\">bient&ocirc;t<\/a><a href=\"https:\/\/factuel.univ-lorraine.fr\/archives\/agenda\" target=\"_blank\" rel=\"noreferrer noopener\"><\/a><\/h3>\n\n\n<div id=\"ul-factuel-events-home\"><div class=\"factuel_one_event factuel_event_1\"><div class=\"factuel_one_event_up\"><a href=\"https:\/\/factuel.univ-lorraine.fr\/?p=76907\" target=\"blank\"><div class=\"factuel_one_event_img\"><img decoding=\"async\" src=\"https:\/\/www.univ-lorraine.fr\/orientation-insertion-professionnelle\/wp-content\/uploads\/2026\/03\/visuel-fc-tre-mai-2026-300x300.png\" alt=\"Journ&eacute;es (Techniques de recherche d&amp;#8217;emploi) sp&eacute;cial doctorant&middot;es\"\/><\/div><\/a><div class=\"factuel_one_event_dates\">4 mai<\/div><\/div><div class=\"factuel_one_event_bottom\"><div class=\"factuel_one_event_title\"><a href=\"https:\/\/factuel.univ-lorraine.fr\/?p=76907\" target=\"blank\"  title=\"Acc\u00e9der \u00e0 : Journ&eacute;es (Techniques de recherche d&amp;#8217;emploi) sp&eacute;cial doctorant&middot;es\">Journ\u00e9es (Techniques de recherche d&#8217;emploi) sp\u00e9cial doctorant\u00b7es<\/a><\/div><div class=\"factuel_one_event_bottom_right\"><div class=\"factuel_one_event_next\" data-page-next=\"2\" data-page-current=\"1\"><\/div><div class=\"factuel_one_event_prev disable\"><\/div><div class=\"factuel_one_event_count\">1\/3<\/div><\/div><\/div><\/div><div class=\"factuel_one_event factuel_event_2\"><div class=\"factuel_one_event_up\"><a href=\"https:\/\/factuel.univ-lorraine.fr\/?p=78990\" target=\"blank\"><div class=\"factuel_one_event_img\"><img decoding=\"async\" src=\"https:\/\/www.univ-lorraine.fr\/orientation-insertion-professionnelle\/wp-content\/uploads\/2026\/04\/visuel-fc-conference-sans-logo-france-t-300x300.jpg\" alt=\"Le mois de l&amp;#8217;emploi sp&eacute;cial Jeunes dipl&ocirc;m&eacute;&middot;es : Conf&eacute;rence &laquo;&nbsp;Le march&eacute; de l&amp;#8217;emploi&nbsp;&raquo;\"\/><\/div><\/a><div class=\"factuel_one_event_dates\">17 sept.<\/div><\/div><div class=\"factuel_one_event_bottom\"><div class=\"factuel_one_event_title\"><a href=\"https:\/\/factuel.univ-lorraine.fr\/?p=78990\" target=\"blank\"  title=\"Acc\u00e9der \u00e0 : Le mois de l&amp;#8217;emploi sp&eacute;cial Jeunes dipl&ocirc;m&eacute;&middot;es : Conf&eacute;rence &laquo;&nbsp;Le march&eacute; de l&amp;#8217;emploi&nbsp;&raquo;\">Le mois de l&#8217;emploi sp\u00e9cial Jeunes dipl\u00f4m\u00e9\u00b7es : Conf\u00e9rence \u00ab\u00a0Le march\u00e9 de l&#8217;emploi\u00a0\u00bb<\/a><\/div><div class=\"factuel_one_event_bottom_right\"><div class=\"factuel_one_event_next\" data-page-next=\"3\" data-page-current=\"2\"><\/div><div class=\"factuel_one_event_prev\" data-page-prev=\"1\" data-page-current=\"2\"><\/div><div class=\"factuel_one_event_count\">2\/3<\/div><\/div><\/div><\/div><div class=\"factuel_one_event factuel_event_3\"><div class=\"factuel_one_event_up\"><a href=\"https:\/\/factuel.univ-lorraine.fr\/?p=78995\" target=\"blank\"><div class=\"factuel_one_event_img\"><img decoding=\"async\" src=\"https:\/\/www.univ-lorraine.fr\/orientation-insertion-professionnelle\/wp-content\/uploads\/2026\/04\/2-300x300.jpg\" alt=\"Le mois de l&rsquo;emploi sp&eacute;cial Jeunes dipl&ocirc;m&eacute;&middot;es : Webinaire &laquo;&nbsp;Aborder la r&eacute;mun&eacute;ration pour un 1er emploi&nbsp;&raquo;\"\/><\/div><\/a><div class=\"factuel_one_event_dates\">22 sept.<\/div><\/div><div class=\"factuel_one_event_bottom\"><div class=\"factuel_one_event_title\"><a href=\"https:\/\/factuel.univ-lorraine.fr\/?p=78995\" target=\"blank\"  title=\"Acc\u00e9der \u00e0 : Le mois de l&rsquo;emploi sp&eacute;cial Jeunes dipl&ocirc;m&eacute;&middot;es : Webinaire &laquo;&nbsp;Aborder la r&eacute;mun&eacute;ration pour un 1er emploi&nbsp;&raquo;\">Le mois de l\u2019emploi sp\u00e9cial Jeunes dipl\u00f4m\u00e9\u00b7es : Webinaire \u00ab\u00a0Aborder la r\u00e9mun\u00e9ration pour un 1er emploi\u00a0\u00bb<\/a><\/div><div class=\"factuel_one_event_bottom_right\"><div class=\"factuel_one_event_next disable\"><\/div><div class=\"factuel_one_event_prev\" data-page-prev=\"2\" data-page-current=\"3\"><\/div><div class=\"factuel_one_event_count\">3\/3<\/div><\/div><\/div><\/div><\/div>\n\n<\/div><\/div><\/div>\n<\/div>\n<\/div><\/div>\n\n\n<p><\/p>\n<\/body><\/html>\n","protected":false},"excerpt":{"rendered":"<p>Vous souhaitez \u00eatre conseill\u00e9\u00b7e dans la construction de votre projet&nbsp;(poursuite d\u2019\u00e9tudes, r\u00e9orientation, projet professionnel)&nbsp;ou dans votre recherche de stage, d\u2019emploi, d\u2019alternance ? Le Service d&rsquo;orientation et d&rsquo;insertion professionnelle est \u00e0 vos cot\u00e9s ! Orientation, r\u00e9orientation, projet personnel et professionnel&nbsp; Recherche de stage, d\u2019emploi, d\u2019alternance, candidature en fili\u00e8re s\u00e9lective&nbsp; Le SOIP recrute ! Le SOIP, c&rsquo;est &#8230; <a title=\"Vous \u00eates \u00e9tudiant\u00b7e\" class=\"read-more\" href=\"https:\/\/www.univ-lorraine.fr\/orientation-insertion-professionnelle\/vous-etes-etudiant-e\/\" aria-label=\"En savoir plus sur Vous \u00eates \u00e9tudiant\u00b7e\">Lire plus<\/a><\/p>\n","protected":false},"author":7,"featured_media":0,"parent":0,"menu_order":0,"comment_status":"closed","ping_status":"closed","template":"","meta":{"inline_featured_image":false,"footnotes":""},"categories":[],"tags":[],"class_list":["post-231","page","type-page","status-publish"],"yoast_head":"<!-- This site is optimized with the Yoast SEO plugin v27.4 - https:\/\/yoast.com\/product\/yoast-seo-wordpress\/ -->\n<title>Vous \u00eates \u00e9tudiant\u00b7e - Orientation et insertion professionnelle<\/title>\n<meta name=\"robots\" content=\"index, follow, max-snippet:-1, max-image-preview:large, max-video-preview:-1\" \/>\n<link rel=\"canonical\" href=\"https:\/\/www.univ-lorraine.fr\/orientation-insertion-professionnelle\/vous-etes-etudiant-e\/\" \/>\n<meta property=\"og:locale\" content=\"fr_FR\" \/>\n<meta property=\"og:type\" content=\"article\" \/>\n<meta property=\"og:title\" content=\"Vous \u00eates \u00e9tudiant\u00b7e - Orientation et insertion professionnelle\" \/>\n<meta property=\"og:description\" content=\"Vous souhaitez \u00eatre conseill\u00e9\u00b7e dans la construction de votre projet&nbsp;(poursuite d\u2019\u00e9tudes, r\u00e9orientation, projet professionnel)&nbsp;ou dans votre recherche de stage, d\u2019emploi, d\u2019alternance ? Le Service d&rsquo;orientation et d&rsquo;insertion professionnelle est \u00e0 vos cot\u00e9s ! Orientation, r\u00e9orientation, projet personnel et professionnel&nbsp; Recherche de stage, d\u2019emploi, d\u2019alternance, candidature en fili\u00e8re s\u00e9lective&nbsp; Le SOIP recrute ! Le SOIP, c&rsquo;est ... Lire plus\" \/>\n<meta property=\"og:url\" content=\"https:\/\/www.univ-lorraine.fr\/orientation-insertion-professionnelle\/vous-etes-etudiant-e\/\" \/>\n<meta property=\"og:site_name\" content=\"Orientation et insertion professionnelle\" \/>\n<meta property=\"article:modified_time\" content=\"2026-04-27T12:55:59+00:00\" \/>\n<meta property=\"og:image\" content=\"https:\/\/www.univ-lorraine.fr\/orientation-insertion-professionnelle\/wp-content\/uploads\/sites\/7\/2023\/07\/etudiant.png\" \/>\n\t<meta property=\"og:image:width\" content=\"500\" \/>\n\t<meta property=\"og:image:height\" content=\"500\" \/>\n\t<meta property=\"og:image:type\" content=\"image\/png\" \/>\n<meta name=\"twitter:card\" content=\"summary_large_image\" \/>\n<meta name=\"twitter:label1\" content=\"Dur\u00e9e de lecture estim\u00e9e\" \/>\n\t<meta name=\"twitter:data1\" content=\"6 minutes\" \/>\n<script type=\"application\/ld+json\" class=\"yoast-schema-graph\">{\"@context\":\"https:\\\/\\\/schema.org\",\"@graph\":[{\"@type\":\"WebPage\",\"@id\":\"https:\\\/\\\/www.univ-lorraine.fr\\\/orientation-insertion-professionnelle\\\/vous-etes-etudiant-e\\\/\",\"url\":\"https:\\\/\\\/www.univ-lorraine.fr\\\/orientation-insertion-professionnelle\\\/vous-etes-etudiant-e\\\/\",\"name\":\"Vous \u00eates \u00e9tudiant\u00b7e - Orientation et insertion professionnelle\",\"isPartOf\":{\"@id\":\"https:\\\/\\\/www.univ-lorraine.fr\\\/orientation-insertion-professionnelle\\\/#website\"},\"primaryImageOfPage\":{\"@id\":\"https:\\\/\\\/www.univ-lorraine.fr\\\/orientation-insertion-professionnelle\\\/vous-etes-etudiant-e\\\/#primaryimage\"},\"image\":{\"@id\":\"https:\\\/\\\/www.univ-lorraine.fr\\\/orientation-insertion-professionnelle\\\/vous-etes-etudiant-e\\\/#primaryimage\"},\"thumbnailUrl\":\"https:\\\/\\\/www.univ-lorraine.fr\\\/orientation-insertion-professionnelle\\\/wp-content\\\/uploads\\\/sites\\\/7\\\/2023\\\/07\\\/etudiant.png\",\"datePublished\":\"2021-03-18T20:37:46+00:00\",\"dateModified\":\"2026-04-27T12:55:59+00:00\",\"breadcrumb\":{\"@id\":\"https:\\\/\\\/www.univ-lorraine.fr\\\/orientation-insertion-professionnelle\\\/vous-etes-etudiant-e\\\/#breadcrumb\"},\"inLanguage\":\"fr-FR\",\"potentialAction\":[{\"@type\":\"ReadAction\",\"target\":[\"https:\\\/\\\/www.univ-lorraine.fr\\\/orientation-insertion-professionnelle\\\/vous-etes-etudiant-e\\\/\"]}]},{\"@type\":\"ImageObject\",\"inLanguage\":\"fr-FR\",\"@id\":\"https:\\\/\\\/www.univ-lorraine.fr\\\/orientation-insertion-professionnelle\\\/vous-etes-etudiant-e\\\/#primaryimage\",\"url\":\"https:\\\/\\\/www.univ-lorraine.fr\\\/orientation-insertion-professionnelle\\\/wp-content\\\/uploads\\\/sites\\\/7\\\/2023\\\/07\\\/etudiant.png\",\"contentUrl\":\"https:\\\/\\\/www.univ-lorraine.fr\\\/orientation-insertion-professionnelle\\\/wp-content\\\/uploads\\\/sites\\\/7\\\/2023\\\/07\\\/etudiant.png\",\"width\":500,\"height\":500},{\"@type\":\"BreadcrumbList\",\"@id\":\"https:\\\/\\\/www.univ-lorraine.fr\\\/orientation-insertion-professionnelle\\\/vous-etes-etudiant-e\\\/#breadcrumb\",\"itemListElement\":[{\"@type\":\"ListItem\",\"position\":1,\"name\":\"Accueil\",\"item\":\"https:\\\/\\\/www.univ-lorraine.fr\\\/orientation-insertion-professionnelle\\\/\"},{\"@type\":\"ListItem\",\"position\":2,\"name\":\"Vous \u00eates \u00e9tudiant\u00b7e\"}]},{\"@type\":\"WebSite\",\"@id\":\"https:\\\/\\\/www.univ-lorraine.fr\\\/orientation-insertion-professionnelle\\\/#website\",\"url\":\"https:\\\/\\\/www.univ-lorraine.fr\\\/orientation-insertion-professionnelle\\\/\",\"name\":\"Orientation et insertion professionnelle\",\"description\":\"\",\"publisher\":{\"@id\":\"https:\\\/\\\/www.univ-lorraine.fr\\\/orientation-insertion-professionnelle\\\/#organization\"},\"potentialAction\":[{\"@type\":\"SearchAction\",\"target\":{\"@type\":\"EntryPoint\",\"urlTemplate\":\"https:\\\/\\\/www.univ-lorraine.fr\\\/orientation-insertion-professionnelle\\\/?s={search_term_string}\"},\"query-input\":{\"@type\":\"PropertyValueSpecification\",\"valueRequired\":true,\"valueName\":\"search_term_string\"}}],\"inLanguage\":\"fr-FR\"},{\"@type\":\"Organization\",\"@id\":\"https:\\\/\\\/www.univ-lorraine.fr\\\/orientation-insertion-professionnelle\\\/#organization\",\"name\":\"Universit\u00e9 de Lorraine\",\"url\":\"https:\\\/\\\/www.univ-lorraine.fr\\\/orientation-insertion-professionnelle\\\/\",\"logo\":{\"@type\":\"ImageObject\",\"inLanguage\":\"fr-FR\",\"@id\":\"https:\\\/\\\/www.univ-lorraine.fr\\\/orientation-insertion-professionnelle\\\/#\\\/schema\\\/logo\\\/image\\\/\",\"url\":\"https:\\\/\\\/www.univ-lorraine.fr\\\/orientation-insertion-professionnelle\\\/wp-content\\\/uploads\\\/sites\\\/7\\\/2023\\\/04\\\/logo_siteweb2_Plan-de-travail-1.png\",\"contentUrl\":\"https:\\\/\\\/www.univ-lorraine.fr\\\/orientation-insertion-professionnelle\\\/wp-content\\\/uploads\\\/sites\\\/7\\\/2023\\\/04\\\/logo_siteweb2_Plan-de-travail-1.png\",\"width\":852,\"height\":492,\"caption\":\"Universit\u00e9 de Lorraine\"},\"image\":{\"@id\":\"https:\\\/\\\/www.univ-lorraine.fr\\\/orientation-insertion-professionnelle\\\/#\\\/schema\\\/logo\\\/image\\\/\"}}]}<\/script>\n<!-- \/ Yoast SEO plugin. -->","yoast_head_json":{"title":"Vous \u00eates \u00e9tudiant\u00b7e - Orientation et insertion professionnelle","robots":{"index":"index","follow":"follow","max-snippet":"max-snippet:-1","max-image-preview":"max-image-preview:large","max-video-preview":"max-video-preview:-1"},"canonical":"https:\/\/www.univ-lorraine.fr\/orientation-insertion-professionnelle\/vous-etes-etudiant-e\/","og_locale":"fr_FR","og_type":"article","og_title":"Vous \u00eates \u00e9tudiant\u00b7e - Orientation et insertion professionnelle","og_description":"Vous souhaitez \u00eatre conseill\u00e9\u00b7e dans la construction de votre projet&nbsp;(poursuite d\u2019\u00e9tudes, r\u00e9orientation, projet professionnel)&nbsp;ou dans votre recherche de stage, d\u2019emploi, d\u2019alternance ? Le Service d&rsquo;orientation et d&rsquo;insertion professionnelle est \u00e0 vos cot\u00e9s ! Orientation, r\u00e9orientation, projet personnel et professionnel&nbsp; Recherche de stage, d\u2019emploi, d\u2019alternance, candidature en fili\u00e8re s\u00e9lective&nbsp; Le SOIP recrute ! Le SOIP, c&rsquo;est ... Lire plus","og_url":"https:\/\/www.univ-lorraine.fr\/orientation-insertion-professionnelle\/vous-etes-etudiant-e\/","og_site_name":"Orientation et insertion professionnelle","article_modified_time":"2026-04-27T12:55:59+00:00","og_image":[{"width":500,"height":500,"url":"https:\/\/www.univ-lorraine.fr\/orientation-insertion-professionnelle\/wp-content\/uploads\/sites\/7\/2023\/07\/etudiant.png","type":"image\/png"}],"twitter_card":"summary_large_image","twitter_misc":{"Dur\u00e9e de lecture estim\u00e9e":"6 minutes"},"schema":{"@context":"https:\/\/schema.org","@graph":[{"@type":"WebPage","@id":"https:\/\/www.univ-lorraine.fr\/orientation-insertion-professionnelle\/vous-etes-etudiant-e\/","url":"https:\/\/www.univ-lorraine.fr\/orientation-insertion-professionnelle\/vous-etes-etudiant-e\/","name":"Vous \u00eates \u00e9tudiant\u00b7e - Orientation et insertion professionnelle","isPartOf":{"@id":"https:\/\/www.univ-lorraine.fr\/orientation-insertion-professionnelle\/#website"},"primaryImageOfPage":{"@id":"https:\/\/www.univ-lorraine.fr\/orientation-insertion-professionnelle\/vous-etes-etudiant-e\/#primaryimage"},"image":{"@id":"https:\/\/www.univ-lorraine.fr\/orientation-insertion-professionnelle\/vous-etes-etudiant-e\/#primaryimage"},"thumbnailUrl":"https:\/\/www.univ-lorraine.fr\/orientation-insertion-professionnelle\/wp-content\/uploads\/sites\/7\/2023\/07\/etudiant.png","datePublished":"2021-03-18T20:37:46+00:00","dateModified":"2026-04-27T12:55:59+00:00","breadcrumb":{"@id":"https:\/\/www.univ-lorraine.fr\/orientation-insertion-professionnelle\/vous-etes-etudiant-e\/#breadcrumb"},"inLanguage":"fr-FR","potentialAction":[{"@type":"ReadAction","target":["https:\/\/www.univ-lorraine.fr\/orientation-insertion-professionnelle\/vous-etes-etudiant-e\/"]}]},{"@type":"ImageObject","inLanguage":"fr-FR","@id":"https:\/\/www.univ-lorraine.fr\/orientation-insertion-professionnelle\/vous-etes-etudiant-e\/#primaryimage","url":"https:\/\/www.univ-lorraine.fr\/orientation-insertion-professionnelle\/wp-content\/uploads\/sites\/7\/2023\/07\/etudiant.png","contentUrl":"https:\/\/www.univ-lorraine.fr\/orientation-insertion-professionnelle\/wp-content\/uploads\/sites\/7\/2023\/07\/etudiant.png","width":500,"height":500},{"@type":"BreadcrumbList","@id":"https:\/\/www.univ-lorraine.fr\/orientation-insertion-professionnelle\/vous-etes-etudiant-e\/#breadcrumb","itemListElement":[{"@type":"ListItem","position":1,"name":"Accueil","item":"https:\/\/www.univ-lorraine.fr\/orientation-insertion-professionnelle\/"},{"@type":"ListItem","position":2,"name":"Vous \u00eates \u00e9tudiant\u00b7e"}]},{"@type":"WebSite","@id":"https:\/\/www.univ-lorraine.fr\/orientation-insertion-professionnelle\/#website","url":"https:\/\/www.univ-lorraine.fr\/orientation-insertion-professionnelle\/","name":"Orientation et insertion professionnelle","description":"","publisher":{"@id":"https:\/\/www.univ-lorraine.fr\/orientation-insertion-professionnelle\/#organization"},"potentialAction":[{"@type":"SearchAction","target":{"@type":"EntryPoint","urlTemplate":"https:\/\/www.univ-lorraine.fr\/orientation-insertion-professionnelle\/?s={search_term_string}"},"query-input":{"@type":"PropertyValueSpecification","valueRequired":true,"valueName":"search_term_string"}}],"inLanguage":"fr-FR"},{"@type":"Organization","@id":"https:\/\/www.univ-lorraine.fr\/orientation-insertion-professionnelle\/#organization","name":"Universit\u00e9 de Lorraine","url":"https:\/\/www.univ-lorraine.fr\/orientation-insertion-professionnelle\/","logo":{"@type":"ImageObject","inLanguage":"fr-FR","@id":"https:\/\/www.univ-lorraine.fr\/orientation-insertion-professionnelle\/#\/schema\/logo\/image\/","url":"https:\/\/www.univ-lorraine.fr\/orientation-insertion-professionnelle\/wp-content\/uploads\/sites\/7\/2023\/04\/logo_siteweb2_Plan-de-travail-1.png","contentUrl":"https:\/\/www.univ-lorraine.fr\/orientation-insertion-professionnelle\/wp-content\/uploads\/sites\/7\/2023\/04\/logo_siteweb2_Plan-de-travail-1.png","width":852,"height":492,"caption":"Universit\u00e9 de Lorraine"},"image":{"@id":"https:\/\/www.univ-lorraine.fr\/orientation-insertion-professionnelle\/#\/schema\/logo\/image\/"}}]}},"_links":{"self":[{"href":"https:\/\/www.univ-lorraine.fr\/orientation-insertion-professionnelle\/wp-json\/wp\/v2\/pages\/231","targetHints":{"allow":["GET"]}}],"collection":[{"href":"https:\/\/www.univ-lorraine.fr\/orientation-insertion-professionnelle\/wp-json\/wp\/v2\/pages"}],"about":[{"href":"https:\/\/www.univ-lorraine.fr\/orientation-insertion-professionnelle\/wp-json\/wp\/v2\/types\/page"}],"author":[{"embeddable":true,"href":"https:\/\/www.univ-lorraine.fr\/orientation-insertion-professionnelle\/wp-json\/wp\/v2\/users\/7"}],"replies":[{"embeddable":true,"href":"https:\/\/www.univ-lorraine.fr\/orientation-insertion-professionnelle\/wp-json\/wp\/v2\/comments?post=231"}],"version-history":[{"count":70,"href":"https:\/\/www.univ-lorraine.fr\/orientation-insertion-professionnelle\/wp-json\/wp\/v2\/pages\/231\/revisions"}],"predecessor-version":[{"id":15891,"href":"https:\/\/www.univ-lorraine.fr\/orientation-insertion-professionnelle\/wp-json\/wp\/v2\/pages\/231\/revisions\/15891"}],"wp:attachment":[{"href":"https:\/\/www.univ-lorraine.fr\/orientation-insertion-professionnelle\/wp-json\/wp\/v2\/media?parent=231"}],"wp:term":[{"taxonomy":"category","embeddable":true,"href":"https:\/\/www.univ-lorraine.fr\/orientation-insertion-professionnelle\/wp-json\/wp\/v2\/categories?post=231"},{"taxonomy":"post_tag","embeddable":true,"href":"https:\/\/www.univ-lorraine.fr\/orientation-insertion-professionnelle\/wp-json\/wp\/v2\/tags?post=231"}],"curies":[{"name":"wp","href":"https:\/\/api.w.org\/{rel}","templated":true}]}}