{"id":235,"date":"2021-03-18T21:39:19","date_gmt":"2021-03-18T20:39:19","guid":{"rendered":"https:\/\/www.univ-lorraine.fr\/orientation-insertion-professionnelle\/?page_id=235"},"modified":"2026-04-14T14:36:46","modified_gmt":"2026-04-14T12:36:46","slug":"vous-etes-une-entreprise-un-recruteur","status":"publish","type":"page","link":"https:\/\/www.univ-lorraine.fr\/orientation-insertion-professionnelle\/vous-etes-une-entreprise-un-recruteur\/","title":{"rendered":"Vous \u00eates une entreprise, un\u00b7e recruteur\u00b7euse"},"content":{"rendered":"<div class=\"gb-grid-wrapper gb-grid-wrapper-c34d3629\">\n<div class=\"gb-grid-column gb-grid-column-930b185e\"><div class=\"gb-container gb-container-930b185e\"><div class=\"gb-inside-container\">\n\n<figure class=\"wp-block-image size-full is-resized\"><img loading=\"lazy\" decoding=\"async\" width=\"500\" height=\"500\" src=\"https:\/\/www.univ-lorraine.fr\/orientation-insertion-professionnelle\/wp-content\/uploads\/sites\/7\/2023\/07\/entreprise_recruteur.png\" alt=\"\" class=\"wp-image-10133\" srcset=\"https:\/\/www.univ-lorraine.fr\/orientation-insertion-professionnelle\/wp-content\/uploads\/sites\/7\/2023\/07\/entreprise_recruteur.png 500w, https:\/\/www.univ-lorraine.fr\/orientation-insertion-professionnelle\/wp-content\/uploads\/sites\/7\/2023\/07\/entreprise_recruteur-300x300.png 300w, https:\/\/www.univ-lorraine.fr\/orientation-insertion-professionnelle\/wp-content\/uploads\/sites\/7\/2023\/07\/entreprise_recruteur-150x150.png 150w\" sizes=\"auto, (max-width: 500px) 100vw, 500px\" \/><\/figure>\n\n<\/div><\/div><\/div>\n\n<div class=\"gb-grid-column gb-grid-column-267ade75\"><div class=\"gb-container gb-container-267ade75\"><div class=\"gb-inside-container\">\n\n<p style=\"font-size:25px;text-transform:none\"><strong>Vous souhaitez&nbsp;:<\/strong><\/p>\n\n\n\n<ul class=\"wp-block-list\">\n<li style=\"font-size:25px\"><strong>recruter un stagiaire, un\u00b7e jeune dipl\u00f4m\u00e9\u00b7e<\/strong>, <strong>un\u00b7e alternant\u00b7e <\/strong><\/li>\n\n\n\n<li style=\"font-size:25px\"><strong>diffuser une offre de stage ou d\u2019emploi<\/strong><\/li>\n\n\n\n<li style=\"font-size:25px\"><strong>faire conna\u00eetre vos m\u00e9tiers<\/strong> aux \u00e9tudiant\u00b7es de l\u2019universit\u00e9<\/li>\n\n\n\n<li style=\"font-size:25px\"><strong>vous rep\u00e9rer<\/strong> dans l\u2019offre de formation<\/li>\n<\/ul>\n\n<\/div><\/div><\/div>\n<\/div>\n\n\n<h2 class=\"gb-headline gb-headline-0de1b62f gb-headline-text\"><strong>Le SOIP vous propose&nbsp;:<\/strong><\/h2>\n\n\n<div class=\"gb-grid-wrapper gb-grid-wrapper-e231bdb9\">\n<div class=\"gb-grid-column gb-grid-column-85547d07\"><div class=\"gb-container gb-container-85547d07\"><div class=\"gb-inside-container\">\n\n<h3 class=\"gb-headline gb-headline-f17d0c7b gb-headline-text\">un accompagnement dans le recrutement de vos futurs stagiaires ou collaborateurs\u00b7trices&nbsp;:<\/h3>\n\n\n\n<p class=\"has-text-align-center has-contrast-color has-text-color\"><strong>Organisation de forums de recrutement \u00ab&nbsp;stages&nbsp;\u00bb ou \u00ab&nbsp;emplois&nbsp;\u00bb<\/strong>&nbsp;: <\/p>\n\n\n\n<ul class=\"wp-block-list has-contrast-color has-text-color\">\n<li>\u00ab&nbsp;Stage en poche&nbsp;\u00bb, tous les ans (fin nov. ou d\u00e9but d\u00e9c.) \u00e0 Metz et \u00e0 Nancy,<\/li>\n\n\n\n<li><a href=\"https:\/\/www.univ-lorraine.fr\/orientation-insertion-professionnelle\/fete-des-metiers-du-btp\/\" target=\"_blank\" rel=\"noreferrer noopener\">F\u00eate des m\u00e9tiers du BTP<\/a>, <\/li>\n\n\n\n<li>Etc.<\/li>\n<\/ul>\n\n\n\n<h3 class=\"gb-headline gb-headline-dbb84239 gb-headline-text\"> <strong>une approche simplifi\u00e9e de l\u2019offre de formation de l\u2019universit\u00e9&nbsp;: <\/strong><\/h3>\n\n\n\n<p class=\"has-text-align-center has-contrast-color has-text-color\"><strong>Conseil <\/strong>(analyse de vos besoins, rep\u00e9rage des formations) et <strong>mise en relation<\/strong> avec les responsables de fili\u00e8res<\/p>\n\n\n\n<p class=\"has-text-align-center has-contrast-color has-text-color\"><strong>Pr\u00e9sentation des fili\u00e8res<\/strong> de l\u2019universit\u00e9 aux entreprises<\/p>\n\n<\/div><\/div><\/div>\n\n<div class=\"gb-grid-column gb-grid-column-e7de3d75\"><div class=\"gb-container gb-container-e7de3d75\"><div class=\"gb-inside-container\">\n\n<h3 class=\"gb-headline gb-headline-b16d6b5c gb-headline-text\">un appui pour valoriser votre marque employeur et faire conna\u00eetre vos m\u00e9tiers&nbsp;et vos activit\u00e9s aux futur\u00b7es dipl\u00f4m\u00e9\u00b7es &nbsp;<\/h3>\n\n\n\n<p class=\"has-text-align-center\"><strong>Coordination en vue d\u2019une visite de votre entreprise <\/strong>par nos \u00e9tudiant\u00b7es ou nos doctorant\u00b7es<\/p>\n\n\n\n<p class=\"has-text-align-center\"><strong>Co-organisation d\u2019\u00e9v\u00e9nements sur vos m\u00e9tiers<\/strong> ou votre secteur d\u2019activit\u00e9 dans les fili\u00e8res de l\u2019universit\u00e9<\/p>\n\n\n\n<p class=\"has-text-align-center\"><strong>Collaboration aux ateliers \u00ab&nbsp;candidatures en stage\/emploi\/alternance&nbsp;\u00bb<\/strong> organis\u00e9s pour nos \u00e9tudiant\u00b7es tout au long de l\u2019ann\u00e9e<\/p>\n\n<\/div><\/div><\/div>\n\n<div class=\"gb-grid-column gb-grid-column-78727995\"><div class=\"gb-container gb-container-78727995\"><div class=\"gb-inside-container\">\n\n<h3 class=\"gb-headline gb-headline-6fdf8dd8 gb-headline-text\">UN cAREER CENTER :<\/h3>\n\n\n\n<p class=\"has-text-align-center\"><strong>Diffusion gratuite de vos offres<\/strong> de stage\/emploi\/alternance\/VIE-VIA&nbsp;sur le<strong> Career Center de l&rsquo;Universit\u00e9 de Lorraine<\/strong><\/p>\n\n\n\n<p class=\"has-text-align-center\"><strong>Diffusion de vos campagnes et programmes de recrutement&nbsp;<\/strong><\/p>\n\n\n\n<div class=\"wp-block-buttons alignwide is-content-justification-center is-layout-flex wp-container-core-buttons-is-layout-16018d1d wp-block-buttons-is-layout-flex\"><\/div>\n\n\n\n<a class=\"gb-button gb-button-e3867f17 gb-button-text\" href=\"http:\/\/u2l.fr\/careercenter\" target=\"_blank\" rel=\"noopener noreferrer\">Acc\u00e9der au Career center<\/a>\n\n\n<div class=\"gb-container gb-container-7bd25c4b\"><div class=\"gb-inside-container\">\n\n<p class=\"has-text-align-center has-contrast-color has-text-color\"><strong>Contact : <\/strong><br><a href=\"mail&#116;&#111;&#58;&#99;&#97;&#x72;&#x65;&#x65;&#x72;&#x2d;&#x63;&#x65;nter&#64;&#117;&#110;&#105;&#118;&#x2d;&#x6c;&#x6f;&#x72;&#x72;&#x61;&#x69;&#x6e;e&#46;fr\" target=\"_blank\" rel=\"noreferrer noopener\">&#x63;&#97;&#114;e&#x65;&#x72;&#45;c&#x65;&#x6e;&#116;er&#x40;&#117;&#110;i&#x76;&#x2d;&#108;o&#x72;&#x72;&#97;&#105;n&#x65;&#x2e;&#102;r<\/a><\/p>\n\n\n\n<p><a href=\"https:\/\/www.univ-lorraine.fr\/orientation-insertion-professionnelle\/wp-content\/uploads\/sites\/7\/2022\/02\/Carte-A6-entreprises.pdf\" target=\"_blank\" rel=\"noreferrer noopener\">Flyer Career Center<\/a><\/p>\n\n<\/div><\/div>\n\n<div class=\"gb-button-wrapper gb-button-wrapper-f0265bf3\">\n\n<a class=\"gb-button gb-button-0e2cf7fa gb-button-text\" href=\"https:\/\/www.univ-lorraine.fr\/orientation-insertion-professionnelle\/stage-emploi\/insertion-professionnelle\/la-reglementation\/#reglementationstage\" target=\"_blank\" rel=\"noopener noreferrer\">S&rsquo;informer sur la r\u00e9glementation des stages<\/a>\n\n<\/div>\n<\/div><\/div><\/div>\n\n<div class=\"gb-grid-column gb-grid-column-765839c8\"><div class=\"gb-container gb-container-765839c8\"><div class=\"gb-inside-container\">\n\n<h3 class=\"gb-headline gb-headline-69bfb8d5 gb-headline-text\">CONTACTS&nbsp;:<\/h3>\n\n\n\n<p class=\"has-text-align-center\"><a href=\"&#109;a&#105;l&#116;o&#x3a;M&#x61;g&#x61;l&#x69;&#46;&#x62;r&#x75;n&#x65;l&#x40;u&#x6e;i&#x76;&#45;&#x6c;&#111;&#x72;&#114;&#x61;&#105;&#x6e;&#101;&#x2e;&#102;&#x72;\">&#x6d;&#x61;&#x67;&#x61;&#108;&#105;&#46;&#98;run&#x65;&#x6c;&#x40;&#x75;&#x6e;&#105;&#118;&#45;lor&#x72;&#x61;&#x69;&#x6e;&#x65;&#46;&#102;&#114;<\/a> <br>03 72 74 03 80 <br>ou 06 27 45 56 07<\/p>\n\n\n\n<p class=\"has-text-align-center\"><a href=\"mail&#116;&#111;&#58;&#108;&#97;&#x75;&#x72;&#x65;&#x2e;&#x6d;&#x6f;&#x72;y&#64;un&#105;&#118;&#45;&#108;&#111;&#x72;&#x72;&#x61;&#x69;&#x6e;&#x65;&#x2e;&#x66;r\" target=\"_blank\" rel=\"noreferrer noopener\">l&#97;&#117;&#114;&#x65;&#x2e;&#x6d;or&#121;&#64;&#x75;&#x6e;&#x69;&#x76;-l&#111;&#114;&#x72;&#x61;&#x69;&#x6e;e&#46;&#102;&#114;<\/a>  <br>03 72 74 03 75 <\/p>\n\n\n\n<p class=\"has-text-align-center\"><a href=\"&#x6d;&#x61;&#x69;&#x6c;&#x74;&#x6f;&#x3a;&#x6a;&#117;&#108;&#105;&#101;&#110;&#46;&#102;ranc&#x6c;&#x65;&#x74;&#x40;&#x75;&#x6e;&#x69;&#x76;&#x2d;&#108;&#111;&#114;&#114;&#97;&#105;&#110;e&#46;fr\" target=\"_blank\" rel=\"noreferrer noopener\">&#x6a;&#x75;&#x6c;&#x69;&#x65;&#x6e;&#x2e;&#x66;&#x72;&#x61;&#x6e;&#x63;&#x6c;&#x65;&#x74;&#x40;&#x75;&#x6e;&#x69;&#x76;&#x2d;&#x6c;&#111;&#114;&#114;&#97;&#105;&#110;&#101;&#46;&#102;&#114;<\/a><br>03 72 74 03 78<\/p>\n\n\n\n<p><\/p>\n\n\n\n<p><\/p>\n\n\n<div class=\"gb-container gb-container-4cb01057\"><div class=\"gb-inside-container\">\n\n<h3 class=\"wp-block-heading has-text-align-center\">infos pratiques :<\/h3>\n\n<\/div><\/div>\n\n\n<div class=\"wp-block-buttons is-content-justification-center is-layout-flex wp-container-core-buttons-is-layout-16018d1d wp-block-buttons-is-layout-flex\">\n<div class=\"wp-block-button\"><a class=\"wp-block-button__link wp-element-button\" href=\"https:\/\/www.univ-lorraine.fr\/orientation-insertion-professionnelle\/infos-pratiques\/\" target=\"_blank\" rel=\"noreferrer noopener\">Retrouver les adresses, <br>horaires et \u00e9quipes du SOIP<\/a><\/div>\n<\/div>\n\n\n<div class=\"gb-container gb-container-0cecbbb0\"><div class=\"gb-inside-container\">\n\n<h3 class=\"wp-block-heading has-text-align-center\">AGENDA :<\/h3>\n\n<\/div><\/div>\n\n\n<div class=\"wp-block-buttons is-content-justification-center is-layout-flex wp-container-core-buttons-is-layout-16018d1d wp-block-buttons-is-layout-flex\">\n<div class=\"wp-block-button has-custom-width wp-block-button__width-75\"><a class=\"wp-block-button__link wp-element-button\" href=\"https:\/\/factuel.univ-lorraine.fr\/taxonomy\/term\/723\" target=\"_blank\" rel=\"noreferrer noopener\">D\u00e9couvrir toutes les actions \u00ab\u00a0insertion professionnelle\u00a0\u00bb<\/a><\/div>\n<\/div>\n\n<\/div><\/div><\/div>\n<\/div>\n\n\n<p><\/p>\n\n\n<div class=\"gb-container gb-container-38227910\"><div class=\"gb-inside-container\">\n<div class=\"gb-grid-wrapper gb-grid-wrapper-023f0f85\">\n<div class=\"gb-grid-column gb-grid-column-b8463a78\"><div class=\"gb-container gb-container-b8463a78\"><div class=\"gb-inside-container\">\n<div class=\"gb-container gb-container-b75c4db1\"><div class=\"gb-inside-container\">\n<div class=\"gb-grid-wrapper gb-grid-wrapper-ab1f0175\">\n<div class=\"gb-grid-column gb-grid-column-0c6e98d7\"><div class=\"gb-container gb-container-0c6e98d7\"><div class=\"gb-inside-container\"><\/div><\/div><\/div>\n\n<div class=\"gb-grid-column gb-grid-column-12c96a8b\"><div class=\"gb-container gb-container-12c96a8b\"><div class=\"gb-inside-container\">\n\n<h3 class=\"gb-headline gb-headline-529f00eb gb-headline-text\">zoom<\/h3>\n\n<\/div><\/div><\/div>\n\n<div class=\"gb-grid-column gb-grid-column-1ea92b7d\"><div class=\"gb-container gb-container-1ea92b7d\"><div class=\"gb-inside-container\"><\/div><\/div><\/div>\n<\/div>\n\n<div class=\"gb-container gb-container-2db68128\"><div class=\"gb-inside-container\">\n\n<p>Bien conna\u00eetre les \u00e9tudiants, c&rsquo;est pouvoir mieux les accompagner dans la construction de leurs parcours universitaire et professionnel. C&rsquo;est la raison pour laquelle l\u2019Universit\u00e9 de Lorraine r\u00e9alise aupr\u00e8s de ses \u00e9tudiants des enqu\u00eates statistiques syst\u00e9matiques, portant en particulier sur leur devenir professionnel.<\/p>\n\n\n\n<div class=\"wp-block-buttons is-layout-flex wp-block-buttons-is-layout-flex\">\n<div class=\"wp-block-button has-custom-width wp-block-button__width-100\"><a class=\"wp-block-button__link wp-element-button\" href=\"https:\/\/insertion.univ-lorraine.fr\/\" target=\"_blank\" rel=\"noreferrer noopener\"><strong>Enqu\u00eates sur le devenir des \u00e9tudiant\u00b7es<\/strong><\/a><\/div>\n<\/div>\n\n<\/div><\/div>\n<\/div><\/div>\n<\/div><\/div><\/div>\n\n<div class=\"gb-grid-column gb-grid-column-6093d858\"><div class=\"gb-container gb-container-6093d858\"><div class=\"gb-inside-container\">\n<div class=\"gb-container gb-container-4ba2a58d\"><div class=\"gb-inside-container\">\n<div class=\"gb-grid-wrapper gb-grid-wrapper-b9486286\">\n<div class=\"gb-grid-column gb-grid-column-5e31ae3d\"><div class=\"gb-container gb-container-5e31ae3d\"><div class=\"gb-inside-container\"><\/div><\/div><\/div>\n\n<div class=\"gb-grid-column gb-grid-column-bcde6e5a\"><div class=\"gb-container gb-container-bcde6e5a\"><div class=\"gb-inside-container\">\n\n<h3 class=\"gb-headline gb-headline-4943c007 gb-headline-text\"> \u00e9v\u00e9nements <\/h3>\n\n<\/div><\/div><\/div>\n\n<div class=\"gb-grid-column gb-grid-column-7e14dd53\"><div class=\"gb-container gb-container-7e14dd53\"><div class=\"gb-inside-container\"><\/div><\/div><\/div>\n<\/div>\n\n<div class=\"gb-container gb-container-9ba9ccec\"><div class=\"gb-inside-container\">\n<div class=\"gb-container gb-container-fb3c6991\"><div class=\"gb-inside-container\">\n\n<h3 class=\"wp-block-heading has-text-align-center has-text-color\" style=\"color:#769d1c\">le forum \u00ab\u00a0Stage en poche\u00a0\u00bb \u00e9dition 2026 se pr\u00e9pare !<\/h3>\n\n\n<div class=\"gb-container gb-container-cdf269e8\">\n\n<p>L\u2019universit\u00e9 de Lorraine et ses partenaires organisent, pour le mois de novembre 2026, la 18<sup>e<\/sup> \u00e9dition du forum Stage en Poche, un forum incontournable, qui vise \u00e0 r\u00e9pondre aux besoins en stages des \u00e9tudiantes et des \u00e9tudiants et aux besoins en comp\u00e9tences des entreprises locales et transfrontali\u00e8res !<\/p>\n\n\n\n<p>Vous souhaitez recruter un stagiaire et participer au forum, \u00e0 Metz et\/ou \u00e0 Nancy ? Contactez-nous !<\/p>\n\n<\/div>\n<\/div><\/div>\n<\/div><\/div>\n<\/div><\/div>\n<\/div><\/div><\/div>\n<\/div>\n<\/div><\/div>\n\n\n<p><\/p>\n","protected":false},"excerpt":{"rendered":"<p>Le SOIP vous propose&nbsp;:<\/p>\n","protected":false},"author":7,"featured_media":0,"parent":0,"menu_order":0,"comment_status":"closed","ping_status":"closed","template":"","meta":{"inline_featured_image":false,"footnotes":""},"categories":[],"tags":[],"class_list":["post-235","page","type-page","status-publish"],"yoast_head":"<!-- This site is optimized with the Yoast SEO plugin v27.4 - https:\/\/yoast.com\/product\/yoast-seo-wordpress\/ -->\n<title>Vous \u00eates une entreprise, un\u00b7e recruteur\u00b7euse - Orientation et insertion professionnelle<\/title>\n<meta name=\"robots\" content=\"index, follow, max-snippet:-1, max-image-preview:large, max-video-preview:-1\" \/>\n<link rel=\"canonical\" href=\"https:\/\/www.univ-lorraine.fr\/orientation-insertion-professionnelle\/vous-etes-une-entreprise-un-recruteur\/\" \/>\n<meta property=\"og:locale\" content=\"fr_FR\" \/>\n<meta property=\"og:type\" content=\"article\" \/>\n<meta property=\"og:title\" content=\"Vous \u00eates une entreprise, un\u00b7e recruteur\u00b7euse - Orientation et insertion professionnelle\" \/>\n<meta property=\"og:description\" content=\"Le SOIP vous propose&nbsp;:\" \/>\n<meta property=\"og:url\" content=\"https:\/\/www.univ-lorraine.fr\/orientation-insertion-professionnelle\/vous-etes-une-entreprise-un-recruteur\/\" \/>\n<meta property=\"og:site_name\" content=\"Orientation et insertion professionnelle\" \/>\n<meta property=\"article:modified_time\" content=\"2026-04-14T12:36:46+00:00\" \/>\n<meta property=\"og:image\" content=\"https:\/\/www.univ-lorraine.fr\/orientation-insertion-professionnelle\/wp-content\/uploads\/sites\/7\/2023\/07\/entreprise_recruteur.png\" \/>\n\t<meta property=\"og:image:width\" content=\"500\" \/>\n\t<meta property=\"og:image:height\" content=\"500\" \/>\n\t<meta property=\"og:image:type\" content=\"image\/png\" \/>\n<meta name=\"twitter:card\" content=\"summary_large_image\" \/>\n<meta name=\"twitter:label1\" content=\"Dur\u00e9e de lecture estim\u00e9e\" \/>\n\t<meta name=\"twitter:data1\" content=\"3 minutes\" \/>\n<script type=\"application\/ld+json\" class=\"yoast-schema-graph\">{\"@context\":\"https:\\\/\\\/schema.org\",\"@graph\":[{\"@type\":\"WebPage\",\"@id\":\"https:\\\/\\\/www.univ-lorraine.fr\\\/orientation-insertion-professionnelle\\\/vous-etes-une-entreprise-un-recruteur\\\/\",\"url\":\"https:\\\/\\\/www.univ-lorraine.fr\\\/orientation-insertion-professionnelle\\\/vous-etes-une-entreprise-un-recruteur\\\/\",\"name\":\"Vous \u00eates une entreprise, un\u00b7e recruteur\u00b7euse - Orientation et insertion professionnelle\",\"isPartOf\":{\"@id\":\"https:\\\/\\\/www.univ-lorraine.fr\\\/orientation-insertion-professionnelle\\\/#website\"},\"primaryImageOfPage\":{\"@id\":\"https:\\\/\\\/www.univ-lorraine.fr\\\/orientation-insertion-professionnelle\\\/vous-etes-une-entreprise-un-recruteur\\\/#primaryimage\"},\"image\":{\"@id\":\"https:\\\/\\\/www.univ-lorraine.fr\\\/orientation-insertion-professionnelle\\\/vous-etes-une-entreprise-un-recruteur\\\/#primaryimage\"},\"thumbnailUrl\":\"https:\\\/\\\/www.univ-lorraine.fr\\\/orientation-insertion-professionnelle\\\/wp-content\\\/uploads\\\/sites\\\/7\\\/2023\\\/07\\\/entreprise_recruteur.png\",\"datePublished\":\"2021-03-18T20:39:19+00:00\",\"dateModified\":\"2026-04-14T12:36:46+00:00\",\"breadcrumb\":{\"@id\":\"https:\\\/\\\/www.univ-lorraine.fr\\\/orientation-insertion-professionnelle\\\/vous-etes-une-entreprise-un-recruteur\\\/#breadcrumb\"},\"inLanguage\":\"fr-FR\",\"potentialAction\":[{\"@type\":\"ReadAction\",\"target\":[\"https:\\\/\\\/www.univ-lorraine.fr\\\/orientation-insertion-professionnelle\\\/vous-etes-une-entreprise-un-recruteur\\\/\"]}]},{\"@type\":\"ImageObject\",\"inLanguage\":\"fr-FR\",\"@id\":\"https:\\\/\\\/www.univ-lorraine.fr\\\/orientation-insertion-professionnelle\\\/vous-etes-une-entreprise-un-recruteur\\\/#primaryimage\",\"url\":\"https:\\\/\\\/www.univ-lorraine.fr\\\/orientation-insertion-professionnelle\\\/wp-content\\\/uploads\\\/sites\\\/7\\\/2023\\\/07\\\/entreprise_recruteur.png\",\"contentUrl\":\"https:\\\/\\\/www.univ-lorraine.fr\\\/orientation-insertion-professionnelle\\\/wp-content\\\/uploads\\\/sites\\\/7\\\/2023\\\/07\\\/entreprise_recruteur.png\",\"width\":500,\"height\":500},{\"@type\":\"BreadcrumbList\",\"@id\":\"https:\\\/\\\/www.univ-lorraine.fr\\\/orientation-insertion-professionnelle\\\/vous-etes-une-entreprise-un-recruteur\\\/#breadcrumb\",\"itemListElement\":[{\"@type\":\"ListItem\",\"position\":1,\"name\":\"Accueil\",\"item\":\"https:\\\/\\\/www.univ-lorraine.fr\\\/orientation-insertion-professionnelle\\\/\"},{\"@type\":\"ListItem\",\"position\":2,\"name\":\"Vous \u00eates une entreprise, un\u00b7e recruteur\u00b7euse\"}]},{\"@type\":\"WebSite\",\"@id\":\"https:\\\/\\\/www.univ-lorraine.fr\\\/orientation-insertion-professionnelle\\\/#website\",\"url\":\"https:\\\/\\\/www.univ-lorraine.fr\\\/orientation-insertion-professionnelle\\\/\",\"name\":\"Orientation et insertion professionnelle\",\"description\":\"\",\"publisher\":{\"@id\":\"https:\\\/\\\/www.univ-lorraine.fr\\\/orientation-insertion-professionnelle\\\/#organization\"},\"potentialAction\":[{\"@type\":\"SearchAction\",\"target\":{\"@type\":\"EntryPoint\",\"urlTemplate\":\"https:\\\/\\\/www.univ-lorraine.fr\\\/orientation-insertion-professionnelle\\\/?s={search_term_string}\"},\"query-input\":{\"@type\":\"PropertyValueSpecification\",\"valueRequired\":true,\"valueName\":\"search_term_string\"}}],\"inLanguage\":\"fr-FR\"},{\"@type\":\"Organization\",\"@id\":\"https:\\\/\\\/www.univ-lorraine.fr\\\/orientation-insertion-professionnelle\\\/#organization\",\"name\":\"Universit\u00e9 de Lorraine\",\"url\":\"https:\\\/\\\/www.univ-lorraine.fr\\\/orientation-insertion-professionnelle\\\/\",\"logo\":{\"@type\":\"ImageObject\",\"inLanguage\":\"fr-FR\",\"@id\":\"https:\\\/\\\/www.univ-lorraine.fr\\\/orientation-insertion-professionnelle\\\/#\\\/schema\\\/logo\\\/image\\\/\",\"url\":\"https:\\\/\\\/www.univ-lorraine.fr\\\/orientation-insertion-professionnelle\\\/wp-content\\\/uploads\\\/sites\\\/7\\\/2023\\\/04\\\/logo_siteweb2_Plan-de-travail-1.png\",\"contentUrl\":\"https:\\\/\\\/www.univ-lorraine.fr\\\/orientation-insertion-professionnelle\\\/wp-content\\\/uploads\\\/sites\\\/7\\\/2023\\\/04\\\/logo_siteweb2_Plan-de-travail-1.png\",\"width\":852,\"height\":492,\"caption\":\"Universit\u00e9 de Lorraine\"},\"image\":{\"@id\":\"https:\\\/\\\/www.univ-lorraine.fr\\\/orientation-insertion-professionnelle\\\/#\\\/schema\\\/logo\\\/image\\\/\"}}]}<\/script>\n<!-- \/ Yoast SEO plugin. -->","yoast_head_json":{"title":"Vous \u00eates une entreprise, un\u00b7e recruteur\u00b7euse - Orientation et insertion professionnelle","robots":{"index":"index","follow":"follow","max-snippet":"max-snippet:-1","max-image-preview":"max-image-preview:large","max-video-preview":"max-video-preview:-1"},"canonical":"https:\/\/www.univ-lorraine.fr\/orientation-insertion-professionnelle\/vous-etes-une-entreprise-un-recruteur\/","og_locale":"fr_FR","og_type":"article","og_title":"Vous \u00eates une entreprise, un\u00b7e recruteur\u00b7euse - Orientation et insertion professionnelle","og_description":"Le SOIP vous propose&nbsp;:","og_url":"https:\/\/www.univ-lorraine.fr\/orientation-insertion-professionnelle\/vous-etes-une-entreprise-un-recruteur\/","og_site_name":"Orientation et insertion professionnelle","article_modified_time":"2026-04-14T12:36:46+00:00","og_image":[{"width":500,"height":500,"url":"https:\/\/www.univ-lorraine.fr\/orientation-insertion-professionnelle\/wp-content\/uploads\/sites\/7\/2023\/07\/entreprise_recruteur.png","type":"image\/png"}],"twitter_card":"summary_large_image","twitter_misc":{"Dur\u00e9e de lecture estim\u00e9e":"3 minutes"},"schema":{"@context":"https:\/\/schema.org","@graph":[{"@type":"WebPage","@id":"https:\/\/www.univ-lorraine.fr\/orientation-insertion-professionnelle\/vous-etes-une-entreprise-un-recruteur\/","url":"https:\/\/www.univ-lorraine.fr\/orientation-insertion-professionnelle\/vous-etes-une-entreprise-un-recruteur\/","name":"Vous \u00eates une entreprise, un\u00b7e recruteur\u00b7euse - Orientation et insertion professionnelle","isPartOf":{"@id":"https:\/\/www.univ-lorraine.fr\/orientation-insertion-professionnelle\/#website"},"primaryImageOfPage":{"@id":"https:\/\/www.univ-lorraine.fr\/orientation-insertion-professionnelle\/vous-etes-une-entreprise-un-recruteur\/#primaryimage"},"image":{"@id":"https:\/\/www.univ-lorraine.fr\/orientation-insertion-professionnelle\/vous-etes-une-entreprise-un-recruteur\/#primaryimage"},"thumbnailUrl":"https:\/\/www.univ-lorraine.fr\/orientation-insertion-professionnelle\/wp-content\/uploads\/sites\/7\/2023\/07\/entreprise_recruteur.png","datePublished":"2021-03-18T20:39:19+00:00","dateModified":"2026-04-14T12:36:46+00:00","breadcrumb":{"@id":"https:\/\/www.univ-lorraine.fr\/orientation-insertion-professionnelle\/vous-etes-une-entreprise-un-recruteur\/#breadcrumb"},"inLanguage":"fr-FR","potentialAction":[{"@type":"ReadAction","target":["https:\/\/www.univ-lorraine.fr\/orientation-insertion-professionnelle\/vous-etes-une-entreprise-un-recruteur\/"]}]},{"@type":"ImageObject","inLanguage":"fr-FR","@id":"https:\/\/www.univ-lorraine.fr\/orientation-insertion-professionnelle\/vous-etes-une-entreprise-un-recruteur\/#primaryimage","url":"https:\/\/www.univ-lorraine.fr\/orientation-insertion-professionnelle\/wp-content\/uploads\/sites\/7\/2023\/07\/entreprise_recruteur.png","contentUrl":"https:\/\/www.univ-lorraine.fr\/orientation-insertion-professionnelle\/wp-content\/uploads\/sites\/7\/2023\/07\/entreprise_recruteur.png","width":500,"height":500},{"@type":"BreadcrumbList","@id":"https:\/\/www.univ-lorraine.fr\/orientation-insertion-professionnelle\/vous-etes-une-entreprise-un-recruteur\/#breadcrumb","itemListElement":[{"@type":"ListItem","position":1,"name":"Accueil","item":"https:\/\/www.univ-lorraine.fr\/orientation-insertion-professionnelle\/"},{"@type":"ListItem","position":2,"name":"Vous \u00eates une entreprise, un\u00b7e recruteur\u00b7euse"}]},{"@type":"WebSite","@id":"https:\/\/www.univ-lorraine.fr\/orientation-insertion-professionnelle\/#website","url":"https:\/\/www.univ-lorraine.fr\/orientation-insertion-professionnelle\/","name":"Orientation et insertion professionnelle","description":"","publisher":{"@id":"https:\/\/www.univ-lorraine.fr\/orientation-insertion-professionnelle\/#organization"},"potentialAction":[{"@type":"SearchAction","target":{"@type":"EntryPoint","urlTemplate":"https:\/\/www.univ-lorraine.fr\/orientation-insertion-professionnelle\/?s={search_term_string}"},"query-input":{"@type":"PropertyValueSpecification","valueRequired":true,"valueName":"search_term_string"}}],"inLanguage":"fr-FR"},{"@type":"Organization","@id":"https:\/\/www.univ-lorraine.fr\/orientation-insertion-professionnelle\/#organization","name":"Universit\u00e9 de Lorraine","url":"https:\/\/www.univ-lorraine.fr\/orientation-insertion-professionnelle\/","logo":{"@type":"ImageObject","inLanguage":"fr-FR","@id":"https:\/\/www.univ-lorraine.fr\/orientation-insertion-professionnelle\/#\/schema\/logo\/image\/","url":"https:\/\/www.univ-lorraine.fr\/orientation-insertion-professionnelle\/wp-content\/uploads\/sites\/7\/2023\/04\/logo_siteweb2_Plan-de-travail-1.png","contentUrl":"https:\/\/www.univ-lorraine.fr\/orientation-insertion-professionnelle\/wp-content\/uploads\/sites\/7\/2023\/04\/logo_siteweb2_Plan-de-travail-1.png","width":852,"height":492,"caption":"Universit\u00e9 de Lorraine"},"image":{"@id":"https:\/\/www.univ-lorraine.fr\/orientation-insertion-professionnelle\/#\/schema\/logo\/image\/"}}]}},"_links":{"self":[{"href":"https:\/\/www.univ-lorraine.fr\/orientation-insertion-professionnelle\/wp-json\/wp\/v2\/pages\/235","targetHints":{"allow":["GET"]}}],"collection":[{"href":"https:\/\/www.univ-lorraine.fr\/orientation-insertion-professionnelle\/wp-json\/wp\/v2\/pages"}],"about":[{"href":"https:\/\/www.univ-lorraine.fr\/orientation-insertion-professionnelle\/wp-json\/wp\/v2\/types\/page"}],"author":[{"embeddable":true,"href":"https:\/\/www.univ-lorraine.fr\/orientation-insertion-professionnelle\/wp-json\/wp\/v2\/users\/7"}],"replies":[{"embeddable":true,"href":"https:\/\/www.univ-lorraine.fr\/orientation-insertion-professionnelle\/wp-json\/wp\/v2\/comments?post=235"}],"version-history":[{"count":70,"href":"https:\/\/www.univ-lorraine.fr\/orientation-insertion-professionnelle\/wp-json\/wp\/v2\/pages\/235\/revisions"}],"predecessor-version":[{"id":15799,"href":"https:\/\/www.univ-lorraine.fr\/orientation-insertion-professionnelle\/wp-json\/wp\/v2\/pages\/235\/revisions\/15799"}],"wp:attachment":[{"href":"https:\/\/www.univ-lorraine.fr\/orientation-insertion-professionnelle\/wp-json\/wp\/v2\/media?parent=235"}],"wp:term":[{"taxonomy":"category","embeddable":true,"href":"https:\/\/www.univ-lorraine.fr\/orientation-insertion-professionnelle\/wp-json\/wp\/v2\/categories?post=235"},{"taxonomy":"post_tag","embeddable":true,"href":"https:\/\/www.univ-lorraine.fr\/orientation-insertion-professionnelle\/wp-json\/wp\/v2\/tags?post=235"}],"curies":[{"name":"wp","href":"https:\/\/api.w.org\/{rel}","templated":true}]}}