{"id":239,"date":"2021-03-18T21:40:45","date_gmt":"2021-03-18T20:40:45","guid":{"rendered":"https:\/\/www.univ-lorraine.fr\/orientation-insertion-professionnelle\/?page_id=239"},"modified":"2026-02-13T10:57:38","modified_gmt":"2026-02-13T09:57:38","slug":"equipes-educatives-du-secondaire-vous-etes-enseignant-e-psy-en-professeur-e-principal-e-proviseur-e","status":"publish","type":"page","link":"https:\/\/www.univ-lorraine.fr\/orientation-insertion-professionnelle\/equipes-educatives-du-secondaire-vous-etes-enseignant-e-psy-en-professeur-e-principal-e-proviseur-e\/","title":{"rendered":"Vous \u00eates enseignant\u00b7e, psy-EN, professeur\u00b7e principal\u00b7e, proviseur\u00b7e, membre d&rsquo;une \u00e9quipe \u00e9ducative du secondaire"},"content":{"rendered":"<!DOCTYPE html PUBLIC \"-\/\/W3C\/\/DTD HTML 4.0 Transitional\/\/EN\" \"http:\/\/www.w3.org\/TR\/REC-html40\/loose.dtd\">\n<?xml encoding=\"utf-8\" ?><html><body><div class=\"gb-container gb-container-e5e7dd3d\">\n\n<h6 class=\"wp-block-heading has-text-align-center has-medium-font-size\"><strong>Vous avez une question ?<\/strong><\/h6>\n\n\n\n<p class=\"has-text-align-center\">Les professionnels du SOIP sont l&agrave; pour vous r&eacute;pondre, n&rsquo;h&eacute;sitez pas &agrave; les solliciter !<\/p>\n\n\n\n<div class=\"wp-block-buttons is-content-justification-center is-layout-flex wp-container-core-buttons-is-layout-16018d1d wp-block-buttons-is-layout-flex\">\n<div class=\"wp-block-button\"><a class=\"wp-block-button__link wp-element-button\" href=\"https:\/\/www.univ-lorraine.fr\/orientation-insertion-professionnelle\/contact\/\" style=\"border-radius:30px\" target=\"_blank\" rel=\"noreferrer noopener\">Contacter le SOIP<\/a><\/div>\n<\/div>\n\n<\/div>\n\n<div class=\"gb-grid-wrapper gb-grid-wrapper-cfe401e2\">\n<div class=\"gb-grid-column gb-grid-column-14b96cef\"><div class=\"gb-container gb-container-14b96cef\"><div class=\"gb-inside-container\">\n\n<figure class=\"wp-block-image size-full is-resized\"><img loading=\"lazy\" decoding=\"async\" width=\"500\" height=\"500\" src=\"https:\/\/www.univ-lorraine.fr\/orientation-insertion-professionnelle\/wp-content\/uploads\/sites\/7\/2023\/09\/equipe-educ-lycee.png\" alt=\"\" class=\"wp-image-10402\" style=\"object-fit:cover;width:300px;height:300px\" srcset=\"https:\/\/www.univ-lorraine.fr\/orientation-insertion-professionnelle\/wp-content\/uploads\/sites\/7\/2023\/09\/equipe-educ-lycee.png 500w, https:\/\/www.univ-lorraine.fr\/orientation-insertion-professionnelle\/wp-content\/uploads\/sites\/7\/2023\/09\/equipe-educ-lycee-300x300.png 300w, https:\/\/www.univ-lorraine.fr\/orientation-insertion-professionnelle\/wp-content\/uploads\/sites\/7\/2023\/09\/equipe-educ-lycee-150x150.png 150w\" sizes=\"auto, (max-width: 500px) 100vw, 500px\" \/><\/figure>\n\n<\/div><\/div><\/div>\n\n<div class=\"gb-grid-column gb-grid-column-3c185e01\"><div class=\"gb-container gb-container-3c185e01\"><div class=\"gb-inside-container\">\n\n<p class=\"has-text-align-left\" style=\"font-size:25px\">Vous voulez&nbsp;:<\/p>\n\n\n\n<ul class=\"wp-block-list\">\n<li style=\"font-size:25px\">&Ecirc;tre en mesure de pr&eacute;parer et d&rsquo;accompagner efficacement vos lyc&eacute;ens vers l&rsquo;enseignement sup&eacute;rieur<\/li>\n\n\n\n<li style=\"font-size:25px\">Mettre &agrave; jour vos connaissances sur les formations de l&rsquo;universit&eacute;&nbsp;: programmes, organisation p&eacute;dagogique, activit&eacute;s propos&eacute;es aux &eacute;tudiants, pr&eacute;-requis, etc.<\/li>\n\n\n\n<li style=\"font-size:25px\">Rencontrer des acteurs de l&rsquo;universit&eacute; et &eacute;changer avec eux<\/li>\n<\/ul>\n\n<\/div><\/div><\/div>\n<\/div>\n\n<div class=\"gb-grid-wrapper gb-grid-wrapper-6f544198\">\n<div class=\"gb-grid-column gb-grid-column-e4089e9e\"><div class=\"gb-container gb-container-e4089e9e\"><div class=\"gb-inside-container\">\n\n<h3 class=\"gb-headline gb-headline-6da1a939\"><span class=\"gb-icon\"><svg id=\"Calque_2\" data-name=\"Calque 2\" xmlns=\"http:\/\/www.w3.org\/2000\/svg\" viewbox=\"0 0 164.79 350.35\">   <defs>     <style>       .cls-1 {         fill: #fff;       }     <\/style>   <\/defs>   <g id=\"Calque_1-2\" data-name=\"Calque 1\">     <path class=\"cls-1\" d=\"m0,294.37c0-30.11,24.17-56.81,55.12-56.81,28.41,0,55.55,23.74,55.55,56.39,0,28.84-22.48,56.39-55.12,56.39-28.41,0-55.55-23.32-55.55-55.97Zm97.95-3.82c0-27.14-22.48-47.06-46.22-47.06-25.86,0-45.79,22.47-45.79,47.49,0,27.14,22.47,46.64,46.22,46.64,27.14,0,45.8-22.9,45.8-47.07ZM26.29,224.84c-4.24-.85-8.06-5.51-7.63-9.75L30.95,9.01C31.38,3.5,36.04-.74,41.55.11l115.33,17.81c5.51.85,8.91,5.94,7.63,11.45l-49.19,203.95c-1.27,4.67-5.94,8.06-10.6,7.21l-78.44-15.69ZM152.23,23.85L36.89,6.04l-12.3,206.07,78.44,15.69L152.23,23.85Z\"><\/path>   <\/g> <\/svg><\/span><span class=\"gb-headline-text\">Le SOIP vous accompagne dans votre mission d&rsquo;orientation&nbsp;:<\/span><\/h3>\n\n\n\n<h4 class=\"wp-block-heading\" id=\"en-vous-aidant-a-mieux-connaitre-les-formations-et-l-environnement-universitaires\"><strong>En vous aidant &agrave; mieux conna&icirc;tre les formations et l&rsquo;environnement universitaires&nbsp;:<\/strong><\/h4>\n\n\n\n<ul class=\"wp-block-list\">\n<li><strong>Journ&eacute;es d&rsquo;immersion &agrave; l&rsquo;universit&eacute;&nbsp;: <\/strong>rencontres, sur diff&eacute;rents campus et dans un cadre informel, d&rsquo;enseignants de l&rsquo;universit&eacute;<\/li>\n\n\n\n<li><strong>Mise en relation <\/strong>(enseignant&middot;es, &eacute;tudiant&middot;es, doctorant&middot;es, &hellip;)<\/li>\n<\/ul>\n\n\n\n<p>Ou, &eacute;ventuellement, toute <strong>autre action, &agrave; d&eacute;finir ensemble en fonction de vos besoins.<\/strong><\/p>\n\n\n<div class=\"gb-container gb-container-dd0c591d\">\n\n<div class=\"wp-block-buttons is-layout-flex wp-block-buttons-is-layout-flex\">\n<div class=\"wp-block-button\"><a class=\"wp-block-button__link wp-element-button\" href=\"https:\/\/www.univ-lorraine.fr\/orientation-insertion-professionnelle\/wp-content\/uploads\/sites\/7\/2026\/02\/depliant-24-25-partenaires-du-secondaire-13-02-26.pdf\">T&eacute;l&eacute;charger le flyer sur les services propos&eacute;s par le SOIP<\/a><\/div>\n<\/div>\n\n<\/div>\n\n\n<h4 class=\"wp-block-heading\" id=\"en-vous-proposant-des-ressources-sur-l-orientation-et-les-formations-universitaires\"><strong>En vous proposant des ressources<\/strong> <strong>sur l&rsquo;orientation et les formations universitaires<\/strong><\/h4>\n\n\n\n<div class=\"wp-block-buttons alignwide is-content-justification-center is-layout-flex wp-container-core-buttons-is-layout-16018d1d wp-block-buttons-is-layout-flex\">\n<div class=\"wp-block-button\"><a class=\"wp-block-button__link wp-element-button\" href=\"https:\/\/www.univ-lorraine.fr\/orientation-insertion-professionnelle\/ressources\/ressources-pour-les-equipes-educatives-du-secondaire\/\" target=\"_blank\" rel=\"noreferrer noopener\">Acc&eacute;der aux ressources<\/a><\/div>\n<\/div>\n\n\n<div class=\"gb-container gb-container-1da13b4d\"><\/div>\n\n\n<h3 class=\"wp-block-heading has-text-align-center\"><strong>SP&Eacute;CIAL PSY-EN : <\/strong><br><strong>Les zooms du soip<\/strong><\/h3>\n\n\n\n<p class=\"has-text-align-center\">S&rsquo;adressant aux psy-EN, les Zooms du SOIP sont con&ccedil;us comme des temps d&rsquo;&eacute;changes sur les formations de l&rsquo;universit&eacute;, au b&eacute;n&eacute;fice de l&rsquo;orientation des &eacute;tudiants, futurs et actuels. D&rsquo;un format souple, ils sont propos&eacute;s &agrave; distance, et, accessibles en un clic, durent en moyenne une heure. Des responsables de fili&egrave;res pr&eacute;sentent leur formation et r&eacute;pondent aux questions. <\/p>\n\n\n\n<p><strong>Contacts :<\/strong><\/p>\n\n\n\n<ul class=\"wp-block-list\">\n<li><a href=\"ma&#105;&#108;&#116;&#x6f;&#x3a;&#x74;&#x61;ti&#97;&#110;&#97;&#x2e;&#x73;&#x74;&#x61;ra&#64;&#117;&#110;&#x69;&#x76;&#x2d;&#x6c;or&#114;&#97;&#105;&#x6e;&#x65;&#x2e;&#x66;r\" target=\"_blank\" rel=\"noreferrer noopener\">Tatiana STARA<\/a><\/li>\n\n\n\n<li><a href=\"&#109;a&#x69;l&#x74;&#111;&#x3a;&#109;&#x69;&#114;e&#x69;l&#x6c;&#101;&#x2e;&#119;&#x6f;&#101;&#x66;&#102;l&#x65;r&#x40;&#117;&#x6e;&#105;&#x76;&#45;l&#x6f;r&#x72;&#97;&#x69;&#110;&#x65;&#46;&#x66;&#114;\" target=\"_blank\" rel=\"noreferrer noopener\">Mireille WOEFFLER<\/a><\/li>\n<\/ul>\n\n<\/div><\/div><\/div>\n\n<div class=\"gb-grid-column gb-grid-column-342ceb59\"><div class=\"gb-container gb-container-342ceb59\"><div class=\"gb-inside-container\">\n\n<h3 class=\"gb-headline gb-headline-540ac9a0\"><span class=\"gb-icon\"><svg id=\"Calque_1\" data-name=\"Calque 1\" xmlns=\"http:\/\/www.w3.org\/2000\/svg\" viewbox=\"0 0 244.78 244.78\">   <defs>     <style>       .cls-1 {         fill: #fff;       }        .cls-2 {         fill: none;         stroke: #fff;         stroke-miterlimit: 10;         stroke-width: 22.09px;       }     <\/style>   <\/defs>   <circle class=\"cls-2\" cx=\"122.39\" cy=\"122.39\" r=\"111.33\"><\/circle>   <path class=\"cls-1\" d=\"m46.47,168.94l97.5-11.8,54.87-81.73-97.5,11.8-54.87,81.73Zm93.34-57.17c5.61,9.2,2.7,21.21-6.51,26.82-9.2,5.61-21.21,2.7-26.82-6.51-5.61-9.2-2.7-21.21,6.51-26.82,9.2-5.61,21.21-2.7,26.82,6.51Z\"><\/path> <\/svg><\/span><span class=\"gb-headline-text\">Le SOIP guide vos lyc&eacute;en&middot;nes dans leur choix d&rsquo;orientation&nbsp;:<\/span><\/h3>\n\n\n\n<h4 class=\"wp-block-heading has-text-align-left\" id=\"en-allant-a-leur-rencontre-dans-vos-etablissements\"><strong>En allant &agrave; leur rencontre dans vos &eacute;tablissements :<\/strong><\/h4>\n\n\n\n<ul class=\"wp-block-list\">\n<li><strong>&Eacute;tudiant&middot;es ambassadeurs&middot;rices<\/strong> <strong>:<\/strong> ils peuvent intervenir dans votre lyc&eacute;e, qu&rsquo;il soit g&eacute;n&eacute;ral ou technologique, pour t&eacute;moigner aupr&egrave;s de vos &eacute;l&egrave;ves de leur exp&eacute;rience de la vie &eacute;tudiante<\/li>\n\n\n\n<li><strong>Information g&eacute;n&eacute;rale <\/strong>(toutes classes confondues) sur les &eacute;tudes universitaires (offre de formation de l&rsquo;universit&eacute; de Lorraine, fili&egrave;res et leurs attendus)<\/li>\n\n\n\n<li><strong>Participation aux &eacute;v&egrave;nements organis&eacute;s dans vos murs <\/strong>: forums sur les &eacute;tudes sup&eacute;rieures, tables rondes, etc.<\/li>\n<\/ul>\n\n\n<div class=\"gb-container gb-container-536ca348\">\n\n<a class=\"gb-button gb-button-b2ea71cd gb-button-text\" href=\"https:\/\/www.univ-lorraine.fr\/orientation-insertion-professionnelle\/wp-content\/uploads\/sites\/7\/2025\/09\/depliant-etudiants-ambassadeurs-25-26-num.pdf\" target=\"_blank\" rel=\"noopener noreferrer\">T&eacute;l&eacute;charger le flyer sur les ambassadeurs<\/a>\n\n\n\n<p><figure class=\"wp-block-embed wp-embed-aspect-16-9 wp-has-aspect-ratio\"><div class=\"wp-block-embed__wrapper\"><iframe class=\"wp-embedded-content\" title=\"Les &eacute;tudiants ambassadeurs de l'universit&eacute; de Lorraine !\" src=\"https:\/\/ultv.univ-lorraine.fr\/video\/16650-les-etudiants-ambassadeurs-de-luniversite-de-lorraine\/?is_iframe=true#?secret=9Eo1AvIXi9\" data-secret=\"9Eo1AvIXi9\" loading=\"lazy\" allowfullscreen=\"\"><\/iframe><\/div><\/figure><\/p>\n\n<\/div>\n\n\n<h4 class=\"wp-block-heading\" id=\"en-les-accueillant-sur-nos-campus\"><strong>En les accueillant sur nos campus :<\/strong><\/h4>\n\n\n\n<ul class=\"wp-block-list\">\n<li><strong>Un jour &agrave; l&rsquo;universit&eacute; (UJALU) : <\/strong>journ&eacute;es d&rsquo;immersion, sur inscription, pour les &eacute;l&egrave;ves de premi&egrave;re et terminale (vacances de la Toussaint et d&rsquo;hiver)<\/li>\n<\/ul>\n\n\n<div class=\"gb-button-wrapper gb-button-wrapper-41106a44\">\n\n<a class=\"gb-button gb-button-25cff5ae gb-button-text\" href=\"https:\/\/immersion.univ-lorraine.fr\/\" target=\"_blank\" rel=\"noopener noreferrer\">Inscrire votre lyc&eacute;e &agrave; UJALU<\/a>\n\n<\/div>\n\n\n<ul class=\"wp-block-list\">\n<li><strong>Explore l&rsquo;universit&eacute;&nbsp;: <\/strong>journ&eacute;e de d&eacute;couverte pour les  premi&egrave;res, par classe ou par groupe, avec participation &agrave; un cours (CM, TD), pr&eacute;sentation des formations, d&eacute;couverte des services de l&rsquo;universit&eacute;.<\/li>\n<\/ul>\n\n\n\n<h4 class=\"gb-headline gb-headline-8f65b162 gb-headline-text\"><strong>En leur proposant des ressources<\/strong> <strong>sur l&rsquo;orientation et les &eacute;tudes dans le sup&eacute;rieur<\/strong>.<\/h4>\n\n\n\n<div class=\"wp-block-buttons alignwide is-layout-flex wp-block-buttons-is-layout-flex\">\n<div class=\"wp-block-button aligncenter\"><a class=\"wp-block-button__link wp-element-button\" href=\"https:\/\/www.univ-lorraine.fr\/orientation-insertion-professionnelle\/ressources\/ressources-pour-les-lyceen%c2%b7ne%c2%b7s\/\" target=\"_blank\" rel=\"noreferrer noopener\">Acc&eacute;der aux ressources<\/a><\/div>\n<\/div>\n\n<\/div><\/div><\/div>\n\n<div class=\"gb-grid-column gb-grid-column-51e8a9f7\"><div class=\"gb-container gb-container-51e8a9f7\"><div class=\"gb-inside-container\">\n\n<h3 class=\"wp-block-heading has-text-align-center\" id=\"contact\">contact<\/h3>\n\n\n\n<p class=\"has-text-align-center\"><a href=\"&#x6d;a&#x69;&#108;t&#x6f;&#58;&#x72;&#111;m&#x61;&#105;&#x6e;&#46;m&#x61;&#116;&#x68;&#x69;e&#x75;&#64;u&#x6e;&#105;&#x76;&#45;l&#x6f;&#114;&#x72;&#97;i&#x6e;&#101;&#x2e;&#x66;r\" target=\"_blank\" rel=\"noreferrer noopener\">&#x72;&#111;&#x6d;&#97;i&#x6e;&#46;m&#x61;&#116;&#x68;&#x69;e&#x75;&#64;u&#x6e;&#105;&#x76;&#x2d;l&#x6f;&#114;r&#x61;&#105;n&#x65;&#46;&#x66;&#114;<\/a><\/p>\n\n\n\n<h6 class=\"wp-block-heading has-text-align-center\" id=\"sous-directrice-du-pole-liaison-secondaire-superieur\">(Sous-directeur charg&eacute; du p&ocirc;le &ldquo;Liaison secondaire\/sup&eacute;rieur&rdquo;)<br><\/h6>\n\n\n<div class=\"gb-container gb-container-7ed60f16\"><div class=\"gb-inside-container\">\n\n<p><\/p>\n\n<\/div><\/div>\n\n<div class=\"gb-container gb-container-e322a57e\"><div class=\"gb-inside-container\">\n\n<h3 class=\"wp-block-heading has-text-align-center\">infos pratiques<\/h3>\n\n\n\n<div class=\"wp-block-buttons is-content-justification-center is-layout-flex wp-container-core-buttons-is-layout-16018d1d wp-block-buttons-is-layout-flex\">\n<div class=\"wp-block-button\"><a class=\"wp-block-button__link wp-element-button\" href=\"https:\/\/www.univ-lorraine.fr\/orientation-insertion-professionnelle\/infos-pratiques\/\" target=\"_blank\" rel=\"noreferrer noopener\">Retrouver les adresses, <br>horaires et &eacute;quipes du SOIP<\/a><\/div>\n<\/div>\n\n<\/div><\/div>\n\n\n<p><\/p>\n\n\n<div class=\"gb-container gb-container-4df7efcd\"><div class=\"gb-inside-container\">\n\n<h3 class=\"gb-headline gb-headline-5b9af038 gb-headline-text\"><a href=\"https:\/\/www.univ-lorraine.fr\/orientation-insertion-professionnelle\/agenda-ateliers\/\" target=\"_blank\" rel=\"noreferrer noopener\">AGENDA<\/a><\/h3>\n\n<\/div><\/div>\n\n\n<div class=\"wp-block-buttons is-content-justification-center is-layout-flex wp-container-core-buttons-is-layout-16018d1d wp-block-buttons-is-layout-flex\">\n<div class=\"wp-block-button has-custom-width wp-block-button__width-75\"><a class=\"wp-block-button__link wp-element-button\" href=\"https:\/\/factuel.univ-lorraine.fr\/taxonomy\/term\/9118\" target=\"_blank\" rel=\"noreferrer noopener\">D&eacute;couvrir toutes les actions &laquo;&nbsp;(r&eacute;-)orientation&nbsp;&raquo;<\/a><\/div>\n<\/div>\n\n<\/div><\/div><\/div>\n<\/div>\n\n<div class=\"gb-container gb-container-602d667a\"><div class=\"gb-inside-container\">\n<div class=\"gb-grid-wrapper gb-grid-wrapper-6919cc9e\">\n<div class=\"gb-grid-column gb-grid-column-09c3860d\"><div class=\"gb-container gb-container-09c3860d\"><div class=\"gb-inside-container\"><\/div><\/div><\/div>\n\n<div class=\"gb-grid-column gb-grid-column-8d1135e6\"><div class=\"gb-container gb-container-8d1135e6\"><div class=\"gb-inside-container\">\n\n<h3 class=\"gb-headline gb-headline-8ee445e2 gb-headline-text\">GROS PLAN<\/h3>\n\n<\/div><\/div><\/div>\n\n<div class=\"gb-grid-column gb-grid-column-dd5f6569\"><div class=\"gb-container gb-container-dd5f6569\"><div class=\"gb-inside-container\"><\/div><\/div><\/div>\n<\/div>\n\n<div class=\"gb-container gb-container-809668e4\"><div class=\"gb-inside-container\">\n<div class=\"gb-grid-wrapper gb-grid-wrapper-45b9a34d\">\n<div class=\"gb-grid-column gb-grid-column-e739e119\"><div class=\"gb-container gb-container-e739e119\"><div class=\"gb-inside-container\">\n<div class=\"gb-container gb-container-407ab7c3\"><div class=\"gb-inside-container\">\n\n<div class=\"wp-block-buttons is-horizontal is-content-justification-center is-layout-flex wp-container-core-buttons-is-layout-499968f5 wp-block-buttons-is-layout-flex\">\n<div class=\"wp-block-button has-custom-width wp-block-button__width-75\"><a class=\"wp-block-button__link wp-element-button\" href=\"https:\/\/www.univ-lorraine.fr\/orientation-insertion-professionnelle\/appels-a-projets\/#ailes\" target=\"_blank\" rel=\"noreferrer noopener\"><strong>Projet Ailes<\/strong><br>(Accompagnement &agrave; l&rsquo;int&eacute;gration des lyc&eacute;ens dans l&rsquo;enseignement sup&eacute;rieur)<\/a><\/div>\n<\/div>\n\n\n<div class=\"gb-container gb-container-4b868f40\"><div class=\"gb-inside-container\">\n\n<ul class=\"wp-block-list\">\n<li>Appuyer l&rsquo;accompagnement de proximit&eacute; dans les lyc&eacute;es ;<\/li>\n\n\n\n<li>Mieux informer les lyc&eacute;ens sur l&rsquo;enseignement sup&eacute;rieur ;<\/li>\n\n\n\n<li>Donner confiance aux jeunes dans leurs choix d&rsquo;orientation ;<\/li>\n\n\n\n<li>Faire d&eacute;couvrir les m&eacute;tiers pour ouvrir le champ des possibles.<\/li>\n<\/ul>\n\n<\/div><\/div>\n<\/div><\/div>\n<\/div><\/div><\/div>\n\n<div class=\"gb-grid-column gb-grid-column-e1f18c02\"><div class=\"gb-container gb-container-e1f18c02\"><div class=\"gb-inside-container\">\n<div class=\"gb-container gb-container-88ab6a56\"><div class=\"gb-inside-container\">\n\n<div class=\"wp-block-buttons is-layout-flex wp-block-buttons-is-layout-flex\">\n<div class=\"wp-block-button has-custom-width wp-block-button__width-50 aligncenter\"><a class=\"wp-block-button__link wp-element-button\" href=\"https:\/\/insertion.univ-lorraine.fr\/\" target=\"_blank\" rel=\"noreferrer noopener\"><strong>Enqu&ecirc;tes sur le devenir des &eacute;tudiant&middot;es<\/strong><\/a><\/div>\n<\/div>\n\n<\/div><\/div>\n\n<div class=\"gb-container gb-container-d39e348c\"><div class=\"gb-inside-container\">\n\n<p class=\"has-text-align-center\">Bien conna&icirc;tre les &eacute;tudiant&middot;es, c&rsquo;est pouvoir mieux les accompagner dans la construction de leurs parcours universitaire et professionnel. C&rsquo;est la raison pour laquelle l&rsquo;Universit&eacute; de Lorraine r&eacute;alise aupr&egrave;s de ses &eacute;tudiants des enqu&ecirc;tes statistiques syst&eacute;matiques.<\/p>\n\n<\/div><\/div>\n<\/div><\/div><\/div>\n<\/div>\n<\/div><\/div>\n<\/div><\/div>\n\n\n<p><\/p>\n<\/body><\/html>\n","protected":false},"excerpt":{"rendered":"<p>Vous avez une question ? Les professionnels du SOIP sont l\u00e0 pour vous r\u00e9pondre, n&rsquo;h\u00e9sitez pas \u00e0 les solliciter !<\/p>\n","protected":false},"author":7,"featured_media":0,"parent":0,"menu_order":0,"comment_status":"closed","ping_status":"closed","template":"","meta":{"inline_featured_image":false,"footnotes":""},"categories":[],"tags":[],"class_list":["post-239","page","type-page","status-publish"],"yoast_head":"<!-- This site is optimized with the Yoast SEO plugin v27.4 - https:\/\/yoast.com\/product\/yoast-seo-wordpress\/ -->\n<title>Vous \u00eates enseignant\u00b7e, psy-EN, professeur\u00b7e principal\u00b7e, proviseur\u00b7e, membre d&#039;une \u00e9quipe \u00e9ducative du secondaire - Orientation et insertion professionnelle<\/title>\n<meta name=\"robots\" content=\"index, follow, max-snippet:-1, max-image-preview:large, max-video-preview:-1\" \/>\n<link rel=\"canonical\" href=\"https:\/\/www.univ-lorraine.fr\/orientation-insertion-professionnelle\/equipes-educatives-du-secondaire-vous-etes-enseignant-e-psy-en-professeur-e-principal-e-proviseur-e\/\" \/>\n<meta property=\"og:locale\" content=\"fr_FR\" \/>\n<meta property=\"og:type\" content=\"article\" \/>\n<meta property=\"og:title\" content=\"Vous \u00eates enseignant\u00b7e, psy-EN, professeur\u00b7e principal\u00b7e, proviseur\u00b7e, membre d&#039;une \u00e9quipe \u00e9ducative du secondaire - Orientation et insertion professionnelle\" \/>\n<meta property=\"og:description\" content=\"Vous avez une question ? Les professionnels du SOIP sont l\u00e0 pour vous r\u00e9pondre, n&rsquo;h\u00e9sitez pas \u00e0 les solliciter !\" \/>\n<meta property=\"og:url\" content=\"https:\/\/www.univ-lorraine.fr\/orientation-insertion-professionnelle\/equipes-educatives-du-secondaire-vous-etes-enseignant-e-psy-en-professeur-e-principal-e-proviseur-e\/\" \/>\n<meta property=\"og:site_name\" content=\"Orientation et insertion professionnelle\" \/>\n<meta property=\"article:modified_time\" content=\"2026-02-13T09:57:38+00:00\" \/>\n<meta property=\"og:image\" content=\"https:\/\/www.univ-lorraine.fr\/orientation-insertion-professionnelle\/wp-content\/uploads\/sites\/7\/2023\/09\/equipe-educ-lycee.png\" \/>\n\t<meta property=\"og:image:width\" content=\"500\" \/>\n\t<meta property=\"og:image:height\" content=\"500\" \/>\n\t<meta property=\"og:image:type\" content=\"image\/png\" \/>\n<meta name=\"twitter:card\" content=\"summary_large_image\" \/>\n<meta name=\"twitter:label1\" content=\"Dur\u00e9e de lecture estim\u00e9e\" \/>\n\t<meta name=\"twitter:data1\" content=\"3 minutes\" \/>\n<script type=\"application\/ld+json\" class=\"yoast-schema-graph\">{\"@context\":\"https:\\\/\\\/schema.org\",\"@graph\":[{\"@type\":\"WebPage\",\"@id\":\"https:\\\/\\\/www.univ-lorraine.fr\\\/orientation-insertion-professionnelle\\\/equipes-educatives-du-secondaire-vous-etes-enseignant-e-psy-en-professeur-e-principal-e-proviseur-e\\\/\",\"url\":\"https:\\\/\\\/www.univ-lorraine.fr\\\/orientation-insertion-professionnelle\\\/equipes-educatives-du-secondaire-vous-etes-enseignant-e-psy-en-professeur-e-principal-e-proviseur-e\\\/\",\"name\":\"Vous \u00eates enseignant\u00b7e, psy-EN, professeur\u00b7e principal\u00b7e, proviseur\u00b7e, membre d'une \u00e9quipe \u00e9ducative du secondaire - Orientation et insertion professionnelle\",\"isPartOf\":{\"@id\":\"https:\\\/\\\/www.univ-lorraine.fr\\\/orientation-insertion-professionnelle\\\/#website\"},\"primaryImageOfPage\":{\"@id\":\"https:\\\/\\\/www.univ-lorraine.fr\\\/orientation-insertion-professionnelle\\\/equipes-educatives-du-secondaire-vous-etes-enseignant-e-psy-en-professeur-e-principal-e-proviseur-e\\\/#primaryimage\"},\"image\":{\"@id\":\"https:\\\/\\\/www.univ-lorraine.fr\\\/orientation-insertion-professionnelle\\\/equipes-educatives-du-secondaire-vous-etes-enseignant-e-psy-en-professeur-e-principal-e-proviseur-e\\\/#primaryimage\"},\"thumbnailUrl\":\"https:\\\/\\\/www.univ-lorraine.fr\\\/orientation-insertion-professionnelle\\\/wp-content\\\/uploads\\\/sites\\\/7\\\/2023\\\/09\\\/equipe-educ-lycee.png\",\"datePublished\":\"2021-03-18T20:40:45+00:00\",\"dateModified\":\"2026-02-13T09:57:38+00:00\",\"breadcrumb\":{\"@id\":\"https:\\\/\\\/www.univ-lorraine.fr\\\/orientation-insertion-professionnelle\\\/equipes-educatives-du-secondaire-vous-etes-enseignant-e-psy-en-professeur-e-principal-e-proviseur-e\\\/#breadcrumb\"},\"inLanguage\":\"fr-FR\",\"potentialAction\":[{\"@type\":\"ReadAction\",\"target\":[\"https:\\\/\\\/www.univ-lorraine.fr\\\/orientation-insertion-professionnelle\\\/equipes-educatives-du-secondaire-vous-etes-enseignant-e-psy-en-professeur-e-principal-e-proviseur-e\\\/\"]}]},{\"@type\":\"ImageObject\",\"inLanguage\":\"fr-FR\",\"@id\":\"https:\\\/\\\/www.univ-lorraine.fr\\\/orientation-insertion-professionnelle\\\/equipes-educatives-du-secondaire-vous-etes-enseignant-e-psy-en-professeur-e-principal-e-proviseur-e\\\/#primaryimage\",\"url\":\"https:\\\/\\\/www.univ-lorraine.fr\\\/orientation-insertion-professionnelle\\\/wp-content\\\/uploads\\\/sites\\\/7\\\/2023\\\/09\\\/equipe-educ-lycee.png\",\"contentUrl\":\"https:\\\/\\\/www.univ-lorraine.fr\\\/orientation-insertion-professionnelle\\\/wp-content\\\/uploads\\\/sites\\\/7\\\/2023\\\/09\\\/equipe-educ-lycee.png\",\"width\":500,\"height\":500},{\"@type\":\"BreadcrumbList\",\"@id\":\"https:\\\/\\\/www.univ-lorraine.fr\\\/orientation-insertion-professionnelle\\\/equipes-educatives-du-secondaire-vous-etes-enseignant-e-psy-en-professeur-e-principal-e-proviseur-e\\\/#breadcrumb\",\"itemListElement\":[{\"@type\":\"ListItem\",\"position\":1,\"name\":\"Accueil\",\"item\":\"https:\\\/\\\/www.univ-lorraine.fr\\\/orientation-insertion-professionnelle\\\/\"},{\"@type\":\"ListItem\",\"position\":2,\"name\":\"Vous \u00eates enseignant\u00b7e, psy-EN, professeur\u00b7e principal\u00b7e, proviseur\u00b7e, membre d&rsquo;une \u00e9quipe \u00e9ducative du secondaire\"}]},{\"@type\":\"WebSite\",\"@id\":\"https:\\\/\\\/www.univ-lorraine.fr\\\/orientation-insertion-professionnelle\\\/#website\",\"url\":\"https:\\\/\\\/www.univ-lorraine.fr\\\/orientation-insertion-professionnelle\\\/\",\"name\":\"Orientation et insertion professionnelle\",\"description\":\"\",\"publisher\":{\"@id\":\"https:\\\/\\\/www.univ-lorraine.fr\\\/orientation-insertion-professionnelle\\\/#organization\"},\"potentialAction\":[{\"@type\":\"SearchAction\",\"target\":{\"@type\":\"EntryPoint\",\"urlTemplate\":\"https:\\\/\\\/www.univ-lorraine.fr\\\/orientation-insertion-professionnelle\\\/?s={search_term_string}\"},\"query-input\":{\"@type\":\"PropertyValueSpecification\",\"valueRequired\":true,\"valueName\":\"search_term_string\"}}],\"inLanguage\":\"fr-FR\"},{\"@type\":\"Organization\",\"@id\":\"https:\\\/\\\/www.univ-lorraine.fr\\\/orientation-insertion-professionnelle\\\/#organization\",\"name\":\"Universit\u00e9 de Lorraine\",\"url\":\"https:\\\/\\\/www.univ-lorraine.fr\\\/orientation-insertion-professionnelle\\\/\",\"logo\":{\"@type\":\"ImageObject\",\"inLanguage\":\"fr-FR\",\"@id\":\"https:\\\/\\\/www.univ-lorraine.fr\\\/orientation-insertion-professionnelle\\\/#\\\/schema\\\/logo\\\/image\\\/\",\"url\":\"https:\\\/\\\/www.univ-lorraine.fr\\\/orientation-insertion-professionnelle\\\/wp-content\\\/uploads\\\/sites\\\/7\\\/2023\\\/04\\\/logo_siteweb2_Plan-de-travail-1.png\",\"contentUrl\":\"https:\\\/\\\/www.univ-lorraine.fr\\\/orientation-insertion-professionnelle\\\/wp-content\\\/uploads\\\/sites\\\/7\\\/2023\\\/04\\\/logo_siteweb2_Plan-de-travail-1.png\",\"width\":852,\"height\":492,\"caption\":\"Universit\u00e9 de Lorraine\"},\"image\":{\"@id\":\"https:\\\/\\\/www.univ-lorraine.fr\\\/orientation-insertion-professionnelle\\\/#\\\/schema\\\/logo\\\/image\\\/\"}}]}<\/script>\n<!-- \/ Yoast SEO plugin. -->","yoast_head_json":{"title":"Vous \u00eates enseignant\u00b7e, psy-EN, professeur\u00b7e principal\u00b7e, proviseur\u00b7e, membre d'une \u00e9quipe \u00e9ducative du secondaire - Orientation et insertion professionnelle","robots":{"index":"index","follow":"follow","max-snippet":"max-snippet:-1","max-image-preview":"max-image-preview:large","max-video-preview":"max-video-preview:-1"},"canonical":"https:\/\/www.univ-lorraine.fr\/orientation-insertion-professionnelle\/equipes-educatives-du-secondaire-vous-etes-enseignant-e-psy-en-professeur-e-principal-e-proviseur-e\/","og_locale":"fr_FR","og_type":"article","og_title":"Vous \u00eates enseignant\u00b7e, psy-EN, professeur\u00b7e principal\u00b7e, proviseur\u00b7e, membre d'une \u00e9quipe \u00e9ducative du secondaire - Orientation et insertion professionnelle","og_description":"Vous avez une question ? Les professionnels du SOIP sont l\u00e0 pour vous r\u00e9pondre, n&rsquo;h\u00e9sitez pas \u00e0 les solliciter !","og_url":"https:\/\/www.univ-lorraine.fr\/orientation-insertion-professionnelle\/equipes-educatives-du-secondaire-vous-etes-enseignant-e-psy-en-professeur-e-principal-e-proviseur-e\/","og_site_name":"Orientation et insertion professionnelle","article_modified_time":"2026-02-13T09:57:38+00:00","og_image":[{"width":500,"height":500,"url":"https:\/\/www.univ-lorraine.fr\/orientation-insertion-professionnelle\/wp-content\/uploads\/sites\/7\/2023\/09\/equipe-educ-lycee.png","type":"image\/png"}],"twitter_card":"summary_large_image","twitter_misc":{"Dur\u00e9e de lecture estim\u00e9e":"3 minutes"},"schema":{"@context":"https:\/\/schema.org","@graph":[{"@type":"WebPage","@id":"https:\/\/www.univ-lorraine.fr\/orientation-insertion-professionnelle\/equipes-educatives-du-secondaire-vous-etes-enseignant-e-psy-en-professeur-e-principal-e-proviseur-e\/","url":"https:\/\/www.univ-lorraine.fr\/orientation-insertion-professionnelle\/equipes-educatives-du-secondaire-vous-etes-enseignant-e-psy-en-professeur-e-principal-e-proviseur-e\/","name":"Vous \u00eates enseignant\u00b7e, psy-EN, professeur\u00b7e principal\u00b7e, proviseur\u00b7e, membre d'une \u00e9quipe \u00e9ducative du secondaire - Orientation et insertion professionnelle","isPartOf":{"@id":"https:\/\/www.univ-lorraine.fr\/orientation-insertion-professionnelle\/#website"},"primaryImageOfPage":{"@id":"https:\/\/www.univ-lorraine.fr\/orientation-insertion-professionnelle\/equipes-educatives-du-secondaire-vous-etes-enseignant-e-psy-en-professeur-e-principal-e-proviseur-e\/#primaryimage"},"image":{"@id":"https:\/\/www.univ-lorraine.fr\/orientation-insertion-professionnelle\/equipes-educatives-du-secondaire-vous-etes-enseignant-e-psy-en-professeur-e-principal-e-proviseur-e\/#primaryimage"},"thumbnailUrl":"https:\/\/www.univ-lorraine.fr\/orientation-insertion-professionnelle\/wp-content\/uploads\/sites\/7\/2023\/09\/equipe-educ-lycee.png","datePublished":"2021-03-18T20:40:45+00:00","dateModified":"2026-02-13T09:57:38+00:00","breadcrumb":{"@id":"https:\/\/www.univ-lorraine.fr\/orientation-insertion-professionnelle\/equipes-educatives-du-secondaire-vous-etes-enseignant-e-psy-en-professeur-e-principal-e-proviseur-e\/#breadcrumb"},"inLanguage":"fr-FR","potentialAction":[{"@type":"ReadAction","target":["https:\/\/www.univ-lorraine.fr\/orientation-insertion-professionnelle\/equipes-educatives-du-secondaire-vous-etes-enseignant-e-psy-en-professeur-e-principal-e-proviseur-e\/"]}]},{"@type":"ImageObject","inLanguage":"fr-FR","@id":"https:\/\/www.univ-lorraine.fr\/orientation-insertion-professionnelle\/equipes-educatives-du-secondaire-vous-etes-enseignant-e-psy-en-professeur-e-principal-e-proviseur-e\/#primaryimage","url":"https:\/\/www.univ-lorraine.fr\/orientation-insertion-professionnelle\/wp-content\/uploads\/sites\/7\/2023\/09\/equipe-educ-lycee.png","contentUrl":"https:\/\/www.univ-lorraine.fr\/orientation-insertion-professionnelle\/wp-content\/uploads\/sites\/7\/2023\/09\/equipe-educ-lycee.png","width":500,"height":500},{"@type":"BreadcrumbList","@id":"https:\/\/www.univ-lorraine.fr\/orientation-insertion-professionnelle\/equipes-educatives-du-secondaire-vous-etes-enseignant-e-psy-en-professeur-e-principal-e-proviseur-e\/#breadcrumb","itemListElement":[{"@type":"ListItem","position":1,"name":"Accueil","item":"https:\/\/www.univ-lorraine.fr\/orientation-insertion-professionnelle\/"},{"@type":"ListItem","position":2,"name":"Vous \u00eates enseignant\u00b7e, psy-EN, professeur\u00b7e principal\u00b7e, proviseur\u00b7e, membre d&rsquo;une \u00e9quipe \u00e9ducative du secondaire"}]},{"@type":"WebSite","@id":"https:\/\/www.univ-lorraine.fr\/orientation-insertion-professionnelle\/#website","url":"https:\/\/www.univ-lorraine.fr\/orientation-insertion-professionnelle\/","name":"Orientation et insertion professionnelle","description":"","publisher":{"@id":"https:\/\/www.univ-lorraine.fr\/orientation-insertion-professionnelle\/#organization"},"potentialAction":[{"@type":"SearchAction","target":{"@type":"EntryPoint","urlTemplate":"https:\/\/www.univ-lorraine.fr\/orientation-insertion-professionnelle\/?s={search_term_string}"},"query-input":{"@type":"PropertyValueSpecification","valueRequired":true,"valueName":"search_term_string"}}],"inLanguage":"fr-FR"},{"@type":"Organization","@id":"https:\/\/www.univ-lorraine.fr\/orientation-insertion-professionnelle\/#organization","name":"Universit\u00e9 de Lorraine","url":"https:\/\/www.univ-lorraine.fr\/orientation-insertion-professionnelle\/","logo":{"@type":"ImageObject","inLanguage":"fr-FR","@id":"https:\/\/www.univ-lorraine.fr\/orientation-insertion-professionnelle\/#\/schema\/logo\/image\/","url":"https:\/\/www.univ-lorraine.fr\/orientation-insertion-professionnelle\/wp-content\/uploads\/sites\/7\/2023\/04\/logo_siteweb2_Plan-de-travail-1.png","contentUrl":"https:\/\/www.univ-lorraine.fr\/orientation-insertion-professionnelle\/wp-content\/uploads\/sites\/7\/2023\/04\/logo_siteweb2_Plan-de-travail-1.png","width":852,"height":492,"caption":"Universit\u00e9 de Lorraine"},"image":{"@id":"https:\/\/www.univ-lorraine.fr\/orientation-insertion-professionnelle\/#\/schema\/logo\/image\/"}}]}},"_links":{"self":[{"href":"https:\/\/www.univ-lorraine.fr\/orientation-insertion-professionnelle\/wp-json\/wp\/v2\/pages\/239","targetHints":{"allow":["GET"]}}],"collection":[{"href":"https:\/\/www.univ-lorraine.fr\/orientation-insertion-professionnelle\/wp-json\/wp\/v2\/pages"}],"about":[{"href":"https:\/\/www.univ-lorraine.fr\/orientation-insertion-professionnelle\/wp-json\/wp\/v2\/types\/page"}],"author":[{"embeddable":true,"href":"https:\/\/www.univ-lorraine.fr\/orientation-insertion-professionnelle\/wp-json\/wp\/v2\/users\/7"}],"replies":[{"embeddable":true,"href":"https:\/\/www.univ-lorraine.fr\/orientation-insertion-professionnelle\/wp-json\/wp\/v2\/comments?post=239"}],"version-history":[{"count":69,"href":"https:\/\/www.univ-lorraine.fr\/orientation-insertion-professionnelle\/wp-json\/wp\/v2\/pages\/239\/revisions"}],"predecessor-version":[{"id":15533,"href":"https:\/\/www.univ-lorraine.fr\/orientation-insertion-professionnelle\/wp-json\/wp\/v2\/pages\/239\/revisions\/15533"}],"wp:attachment":[{"href":"https:\/\/www.univ-lorraine.fr\/orientation-insertion-professionnelle\/wp-json\/wp\/v2\/media?parent=239"}],"wp:term":[{"taxonomy":"category","embeddable":true,"href":"https:\/\/www.univ-lorraine.fr\/orientation-insertion-professionnelle\/wp-json\/wp\/v2\/categories?post=239"},{"taxonomy":"post_tag","embeddable":true,"href":"https:\/\/www.univ-lorraine.fr\/orientation-insertion-professionnelle\/wp-json\/wp\/v2\/tags?post=239"}],"curies":[{"name":"wp","href":"https:\/\/api.w.org\/{rel}","templated":true}]}}