{"id":67,"date":"2021-02-12T09:54:57","date_gmt":"2021-02-12T08:54:57","guid":{"rendered":"https:\/\/www.univ-lorraine.fr\/orientation-insertion-professionnelle\/?page_id=67"},"modified":"2026-01-12T09:46:08","modified_gmt":"2026-01-12T08:46:08","slug":"contact","status":"publish","type":"page","link":"https:\/\/www.univ-lorraine.fr\/orientation-insertion-professionnelle\/contact\/","title":{"rendered":"Contact"},"content":{"rendered":"<div class=\"gb-container gb-container-dec9e42b\">\n<div class=\"gb-container gb-container-45f068e6 alignwide\"><div class=\"gb-inside-container\">\n\n<p class=\"has-text-align-center has-normal-font-size\">Les champs avec un * sont obligatoires<\/p>\n\n\n\n<div class=\"wp-block-contact-form-7-contact-form-selector\">\n<div class=\"wpcf7 no-js\" id=\"wpcf7-f3846-o1\" lang=\"fr-FR\" dir=\"ltr\" data-wpcf7-id=\"3846\">\n<div class=\"screen-reader-response\"><p role=\"status\" aria-live=\"polite\" aria-atomic=\"true\"><\/p> <ul><\/ul><\/div>\n<form action=\"\/orientation-insertion-professionnelle\/wp-json\/wp\/v2\/pages\/67#wpcf7-f3846-o1\" method=\"post\" class=\"wpcf7-form init\" aria-label=\"Formulaire de contact\" novalidate=\"novalidate\" data-status=\"init\">\n<fieldset class=\"hidden-fields-container\"><input type=\"hidden\" name=\"_wpcf7\" value=\"3846\" \/><input type=\"hidden\" name=\"_wpcf7_version\" value=\"6.1.5\" \/><input type=\"hidden\" name=\"_wpcf7_locale\" value=\"fr_FR\" \/><input type=\"hidden\" name=\"_wpcf7_unit_tag\" value=\"wpcf7-f3846-o1\" \/><input type=\"hidden\" name=\"_wpcf7_container_post\" value=\"0\" \/><input type=\"hidden\" name=\"_wpcf7_posted_data_hash\" value=\"\" \/><input type=\"hidden\" name=\"_wpcf7cf_hidden_group_fields\" value=\"[]\" \/><input type=\"hidden\" name=\"_wpcf7cf_hidden_groups\" value=\"[]\" \/><input type=\"hidden\" name=\"_wpcf7cf_visible_groups\" value=\"[]\" \/><input type=\"hidden\" name=\"_wpcf7cf_repeaters\" value=\"[]\" \/><input type=\"hidden\" name=\"_wpcf7cf_steps\" value=\"{}\" \/><input type=\"hidden\" name=\"_wpcf7cf_options\" value=\"{&quot;form_id&quot;:3846,&quot;conditions&quot;:[{&quot;then_field&quot;:&quot;group-istudent-true&quot;,&quot;and_rules&quot;:[{&quot;if_field&quot;:&quot;istudent&quot;,&quot;operator&quot;:&quot;equals&quot;,&quot;if_value&quot;:&quot;Oui&quot;}]},{&quot;then_field&quot;:&quot;group-istudent-false&quot;,&quot;and_rules&quot;:[{&quot;if_field&quot;:&quot;istudent&quot;,&quot;operator&quot;:&quot;equals&quot;,&quot;if_value&quot;:&quot;Non&quot;}]},{&quot;then_field&quot;:&quot;group-vousetes-autre&quot;,&quot;and_rules&quot;:[{&quot;if_field&quot;:&quot;vous-etes&quot;,&quot;operator&quot;:&quot;equals&quot;,&quot;if_value&quot;:&quot;Autre&quot;}]},{&quot;then_field&quot;:&quot;demande-pour-sur-autre&quot;,&quot;and_rules&quot;:[{&quot;if_field&quot;:&quot;demande-pour-sur&quot;,&quot;operator&quot;:&quot;equals&quot;,&quot;if_value&quot;:&quot;Autre&quot;}]}],&quot;settings&quot;:{&quot;animation&quot;:&quot;yes&quot;,&quot;animation_intime&quot;:200,&quot;animation_outtime&quot;:200,&quot;conditions_ui&quot;:&quot;normal&quot;,&quot;notice_dismissed&quot;:false,&quot;notice_dismissed_rollback-cf7-5.5.6&quot;:true,&quot;notice_dismissed_rollback-cf7-5.9.2&quot;:true}}\" \/>\n<\/fieldset>\n<p><label> Nom*<br \/>\n<span class=\"wpcf7-form-control-wrap\" data-name=\"lastname\"><input size=\"40\" maxlength=\"400\" class=\"wpcf7-form-control wpcf7-text wpcf7-validates-as-required\" aria-required=\"true\" aria-invalid=\"false\" value=\"\" type=\"text\" name=\"lastname\" \/><\/span><br \/>\n<\/label><br \/>\n<label> Pr\u00e9nom*<br \/>\n<span class=\"wpcf7-form-control-wrap\" data-name=\"firstname\"><input size=\"40\" maxlength=\"400\" class=\"wpcf7-form-control wpcf7-text wpcf7-validates-as-required\" aria-required=\"true\" aria-invalid=\"false\" value=\"\" type=\"text\" name=\"firstname\" \/><\/span><br \/>\n<\/label><br \/>\n<label> E-Mail*<br \/>\n<span class=\"wpcf7-form-control-wrap\" data-name=\"email\"><input size=\"40\" maxlength=\"400\" class=\"wpcf7-form-control wpcf7-email wpcf7-validates-as-required wpcf7-text wpcf7-validates-as-email\" aria-required=\"true\" aria-invalid=\"false\" value=\"\" type=\"email\" name=\"email\" \/><\/span><br \/>\n<\/label><br \/>\n<label> T\u00e9l\u00e9phone<br \/>\n<span class=\"wpcf7-form-control-wrap\" data-name=\"phone\"><input size=\"40\" maxlength=\"400\" class=\"wpcf7-form-control wpcf7-text\" aria-invalid=\"false\" value=\"\" type=\"text\" name=\"phone\" \/><\/span><br \/>\n<\/label><br \/>\n<label> \u00cates-vous actuellement \u00e9tudiant inscrit \u00e0 l\u2019universit\u00e9 de Lorraine* <\/label>\n<\/p>\n<p><span class=\"wpcf7-form-control-wrap\" data-name=\"istudent\"><span class=\"wpcf7-form-control wpcf7-checkbox wpcf7-validates-as-required wpcf7-exclusive-checkbox\"><span class=\"wpcf7-list-item first\"><label><span class=\"wpcf7-list-item-label\">Oui<\/span><input type=\"checkbox\" name=\"istudent\" value=\"Oui\" \/><\/label><\/span><span class=\"wpcf7-list-item last\"><label><span class=\"wpcf7-list-item-label\">Non<\/span><input type=\"checkbox\" name=\"istudent\" value=\"Non\" \/><\/label><\/span><\/span><\/span>\n<\/p>\n<div data-id=\"group-istudent-true\" data-orig_data_id=\"group-istudent-true\"  class=\"\" data-class=\"wpcf7cf_group\">\n\t<fieldset>\n\t\t<legend>Vous \u00eates actuellement \u00e9tudiant inscrit \u00e0 l\u2019universit\u00e9 de Lorraine, compl\u00e9tez les informations suivantes\n\t\t<\/legend>\n\t\t<p><label> Fili\u00e8re<br \/>\n<span class=\"wpcf7-form-control-wrap\" data-name=\"filiere\"><select class=\"wpcf7-form-control wpcf7-select wpcf7-validates-as-required\" aria-required=\"true\" aria-invalid=\"false\" name=\"filiere\"><option value=\"\"><\/option><option value=\"Arts, lettres et langues\">Arts, lettres et langues<\/option><option value=\"Droit, \u00e9conomie, gestion\">Droit, \u00e9conomie, gestion<\/option><option value=\"M\u00e9tiers de l&#039;enseignement\">M\u00e9tiers de l&#039;enseignement<\/option><option value=\"Sant\u00e9 &amp; Sport\">Sant\u00e9 &amp; Sport<\/option><option value=\"Sciences humaines et sociales\">Sciences humaines et sociales<\/option><option value=\"Sciences, technologies et sciences de l&#039;ing\u00e9nieur\">Sciences, technologies et sciences de l&#039;ing\u00e9nieur<\/option><\/select><\/span><br \/>\n<\/label><br \/>\n<label> Ann\u00e9e d'\u00e9tude actuelle<br \/>\n<span class=\"wpcf7-form-control-wrap\" data-name=\"annee-etude\"><input size=\"40\" maxlength=\"400\" class=\"wpcf7-form-control wpcf7-text wpcf7-validates-as-required\" aria-required=\"true\" aria-invalid=\"false\" value=\"\" type=\"text\" name=\"annee-etude\" \/><\/span><br \/>\n<\/label><br \/>\n<label> Dans quelle ville\/campus faites-vous vos \u00e9tudes ?<br \/>\n<span class=\"wpcf7-form-control-wrap\" data-name=\"campus\"><select class=\"wpcf7-form-control wpcf7-select wpcf7-validates-as-required\" aria-required=\"true\" aria-invalid=\"false\" name=\"campus\"><option value=\"\"><\/option><option value=\"Faulquemont\">Faulquemont<\/option><option value=\"Chesny\">Chesny<\/option><option value=\"Bridoux\">Bridoux<\/option><option value=\"Thionville-Yutz\">Thionville-Yutz<\/option><option value=\"Cosnes-et-Romain\">Cosnes-et-Romain<\/option><option value=\"Campus Carnot\">Campus Carnot<\/option><option value=\"Brabois-CHU\">Brabois-CHU<\/option><option value=\"Brabois-Ing\u00e9nierie\">Brabois-Ing\u00e9nierie<\/option><option value=\"Campus Brabois-Sant\u00e9\">Campus Brabois-Sant\u00e9<\/option><option value=\"L&#039;Hellieule\">L&#039;Hellieule<\/option><option value=\"Bar-le-Duc\">Bar-le-Duc<\/option><option value=\"Montigny-l\u00e9s-Metz\">Montigny-l\u00e9s-Metz<\/option><option value=\"Campus Lettres et Sciences Humaines\">Campus Lettres et Sciences Humaines<\/option><option value=\"Roubault\">Roubault<\/option><option value=\"V\u00e9lodrome\">V\u00e9lodrome<\/option><option value=\"Remicourt\">Remicourt<\/option><option value=\"Campus ARTEM\">Campus ARTEM<\/option><option value=\"Clerey\">Clerey<\/option><option value=\"Hom\u00e9court\">Hom\u00e9court<\/option><option value=\"La Bouzule\">La Bouzule<\/option><option value=\"Lun\u00e9ville\">Lun\u00e9ville<\/option><option value=\"Max\u00e9ville\">Max\u00e9ville<\/option><option value=\"Charmois\">Charmois<\/option><option value=\"Haute Malgrange\">Haute Malgrange<\/option><option value=\"Montet\">Montet<\/option><option value=\"Forbach\">Forbach<\/option><option value=\"Saulcy\">Saulcy<\/option><option value=\"Technop\u00f4le\">Technop\u00f4le<\/option><option value=\"Porcelette\">Porcelette<\/option><option value=\"Saint-Avold\">Saint-Avold<\/option><option value=\"Alexandre de Geiger\">Alexandre de Geiger<\/option><option value=\"Jeanne d&#039;Arc\">Jeanne d&#039;Arc<\/option><option value=\"Perrault\">Perrault<\/option><option value=\"Louvi\u00e8re\">Louvi\u00e8re<\/option><option value=\"Maix\">Maix<\/option><option value=\"Philippe S\u00e9guin\">Philippe S\u00e9guin<\/option><option value=\"R\u00e9sistance\">R\u00e9sistance<\/option><option value=\"Universit\u00e9\">Universit\u00e9<\/option><option value=\"Haut Chitelet\">Haut Chitelet<\/option><option value=\"Campus Aiguillettes\">Campus Aiguillettes<\/option><option value=\"Austrasie\">Austrasie<\/option><option value=\"Charlemagne\">Charlemagne<\/option><option value=\"Campus Grandville\">Campus Grandville<\/option><option value=\"L\u00e9opold\">L\u00e9opold<\/option><option value=\"Lepage\">Lepage<\/option><option value=\"Lionnois\">Lionnois<\/option><option value=\"Manufacture\">Manufacture<\/option><option value=\"Monbois\">Monbois<\/option><option value=\"Scarpone\">Scarpone<\/option><option value=\"Site Lib\u00e9ration\">Site Lib\u00e9ration<\/option><option value=\"Celles-sur-Plaine\">Celles-sur-Plaine<\/option><option value=\"Ludres\">Ludres<\/option><option value=\"Pfister\">Pfister<\/option><\/select><\/span><br \/>\n<\/label>\n\t\t<\/p>\n\t<\/fieldset>\n<\/div>\n<div data-id=\"group-istudent-false\" data-orig_data_id=\"group-istudent-false\"  class=\"\" data-class=\"wpcf7cf_group\">\n\t<fieldset>\n\t\t<legend>Vous n'\u00eates actuellement pas \u00e9tudiant inscrit \u00e0 l\u2019universit\u00e9 de Lorraine, compl\u00e9tez les informations suivantes\n\t\t<\/legend>\n\t\t<p><label> Vous-\u00eates :<br \/>\n<span class=\"wpcf7-form-control-wrap\" data-name=\"vous-etes\"><select class=\"wpcf7-form-control wpcf7-select wpcf7-validates-as-required\" aria-required=\"true\" aria-invalid=\"false\" name=\"vous-etes\"><option value=\"\"><\/option><option value=\"Lyc\u00e9en\">Lyc\u00e9en<\/option><option value=\"\u00c9tudiant europ\u00e9en\">\u00c9tudiant europ\u00e9en<\/option><option value=\"\u00c9tudiant hors UE (Union Europ\u00e9enne)\">\u00c9tudiant hors UE (Union Europ\u00e9enne)<\/option><option value=\"Actif (salari\u00e9, demandeur d\u2019emploi, reprise d\u2019\u00e9tudes \u2026)\">Actif (salari\u00e9, demandeur d\u2019emploi, reprise d\u2019\u00e9tudes \u2026)<\/option><option value=\"Autre\">Autre<\/option><\/select><\/span><br \/>\n<\/label>\n\t\t<\/p>\n\t\t<div data-id=\"group-vousetes-autre\" data-orig_data_id=\"group-vousetes-autre\"  class=\"\" data-class=\"wpcf7cf_group\">\n\t\t\t<p><label> Autre, pr\u00e9ciser <span class=\"wpcf7-form-control-wrap\" data-name=\"vous-etes-autre\"><input size=\"40\" maxlength=\"400\" class=\"wpcf7-form-control wpcf7-text wpcf7-validates-as-required\" aria-required=\"true\" aria-invalid=\"false\" value=\"\" type=\"text\" name=\"vous-etes-autre\" \/><\/span> <\/label>\n\t\t\t<\/p>\n\t\t<\/div>\n\t<\/fieldset>\n<\/div>\n<p><label> Votre demande porte sur*<br \/>\n<span class=\"wpcf7-form-control-wrap\" data-name=\"demande-pour-sur\"><select class=\"wpcf7-form-control wpcf7-select wpcf7-validates-as-required\" aria-required=\"true\" aria-invalid=\"false\" name=\"demande-pour-sur\"><option value=\"\"><\/option><option value=\"Information sur les formations de l\u2019UL\">Information sur les formations de l\u2019UL<\/option><option value=\"Candidature\/inscription \u00e0 une formation de l\u2019UL\">Candidature\/inscription \u00e0 une formation de l\u2019UL<\/option><option value=\"Conseil sur votre orientation\/r\u00e9orientation\">Conseil sur votre orientation\/r\u00e9orientation<\/option><option value=\"Techniques de recherche de stage\/emploi (CV, lettre de motivation, simulation d\u2019entretien \u2026)\">Techniques de recherche de stage\/emploi (CV, lettre de motivation, simulation d\u2019entretien \u2026)<\/option><option value=\"Reprise d\u2019\u00e9tudes\/VAE\">Reprise d\u2019\u00e9tudes\/VAE<\/option><option value=\"Autre\">Autre<\/option><\/select><\/span><br \/>\n<\/label>\n<\/p>\n<div data-id=\"demande-pour-sur-autre\" data-orig_data_id=\"demande-pour-sur-autre\"  class=\"\" data-class=\"wpcf7cf_group\">\n\t<p><label> Autre, pr\u00e9ciser <span class=\"wpcf7-form-control-wrap\" data-name=\"demande-pour-sur-autre\"><input size=\"40\" maxlength=\"400\" class=\"wpcf7-form-control wpcf7-text wpcf7-validates-as-required\" aria-required=\"true\" aria-invalid=\"false\" value=\"\" type=\"text\" name=\"demande-pour-sur-autre\" \/><\/span> <\/label>\n\t<\/p>\n<\/div>\n<p><label> Message<br \/>\n<span class=\"wpcf7-form-control-wrap\" data-name=\"message\"><textarea cols=\"40\" rows=\"10\" maxlength=\"2000\" class=\"wpcf7-form-control wpcf7-textarea\" aria-invalid=\"false\" name=\"message\"><\/textarea><\/span><br \/>\n<\/label>\n<\/p>\n<p><label for=\"quizz\">R\u00e9pondre \u00e0 la question suivante afin de v\u00e9rifier que vous n'\u00eates pas un robot : <\/label><span class=\"wpcf7-form-control-wrap\" data-name=\"spam-quiz\"><label><span class=\"wpcf7-quiz-label\">quel chiffre est le plus petit, 4 ou 8 ?<\/span> <input size=\"40\" class=\"wpcf7-form-control wpcf7-quiz\" autocomplete=\"off\" aria-required=\"true\" aria-invalid=\"false\" type=\"text\" name=\"spam-quiz\" \/><\/label><input type=\"hidden\" name=\"_wpcf7_quiz_answer_spam-quiz\" value=\"5120f9a22b73a6b50aef01c1eb9259fa\" \/><\/span>\n<\/p>\n<p><span class=\"wpcf7-form-control-wrap\" data-name=\"your-consent\"><span class=\"wpcf7-form-control wpcf7-acceptance\"><span class=\"wpcf7-list-item\"><label><input type=\"checkbox\" name=\"your-consent\" value=\"1\" aria-invalid=\"false\" \/><span class=\"wpcf7-list-item-label\">En soumettant ce formulaire, j\u2019accepte que mes donn\u00e9es soient utilis\u00e9es dans le but d\u2019\u00eatre recontact\u00e9.<\/span><\/label><\/span><\/span><\/span>\n<\/p>\n<p><input class=\"wpcf7-form-control wpcf7-submit has-spinner\" type=\"submit\" value=\"Envoyer\" \/>\n<\/p><p style=\"display: none !important;\" class=\"akismet-fields-container\" data-prefix=\"_wpcf7_ak_\"><label>&#916;<textarea name=\"_wpcf7_ak_hp_textarea\" cols=\"45\" rows=\"8\" maxlength=\"100\"><\/textarea><\/label><input type=\"hidden\" id=\"ak_js_1\" name=\"_wpcf7_ak_js\" value=\"6\"\/><script>document.getElementById( \"ak_js_1\" ).setAttribute( \"value\", ( new Date() ).getTime() );<\/script><\/p><input type='hidden' class='wpcf7-pum' value='{\"closepopup\":false,\"closedelay\":0,\"openpopup\":false,\"openpopup_id\":0}' \/><div class=\"wpcf7-response-output\" aria-hidden=\"true\"><\/div>\n<\/form>\n<\/div>\n<\/div>\n\n<\/div><\/div>\n<\/div>\n\n\n<p><\/p>\n","protected":false},"excerpt":{"rendered":"<p>Les champs avec un * sont obligatoires<\/p>\n","protected":false},"author":4,"featured_media":0,"parent":0,"menu_order":0,"comment_status":"closed","ping_status":"closed","template":"","meta":{"inline_featured_image":false,"footnotes":""},"categories":[],"tags":[],"class_list":["post-67","page","type-page","status-publish"],"yoast_head":"<!-- This site is optimized with the Yoast SEO plugin v27.4 - https:\/\/yoast.com\/product\/yoast-seo-wordpress\/ -->\n<title>Contact - Orientation et insertion professionnelle<\/title>\n<meta name=\"robots\" content=\"index, follow, max-snippet:-1, max-image-preview:large, max-video-preview:-1\" \/>\n<link rel=\"canonical\" href=\"https:\/\/www.univ-lorraine.fr\/orientation-insertion-professionnelle\/contact\/\" \/>\n<meta property=\"og:locale\" content=\"fr_FR\" \/>\n<meta property=\"og:type\" content=\"article\" \/>\n<meta property=\"og:title\" content=\"Contact - Orientation et insertion professionnelle\" \/>\n<meta property=\"og:description\" content=\"Les champs avec un * sont obligatoires\" \/>\n<meta property=\"og:url\" content=\"https:\/\/www.univ-lorraine.fr\/orientation-insertion-professionnelle\/contact\/\" \/>\n<meta property=\"og:site_name\" content=\"Orientation et insertion professionnelle\" \/>\n<meta property=\"article:modified_time\" content=\"2026-01-12T08:46:08+00:00\" \/>\n<meta name=\"twitter:card\" content=\"summary_large_image\" \/>\n<meta name=\"twitter:label1\" content=\"Dur\u00e9e de lecture estim\u00e9e\" \/>\n\t<meta name=\"twitter:data1\" content=\"1 minute\" \/>\n<script type=\"application\/ld+json\" class=\"yoast-schema-graph\">{\"@context\":\"https:\\\/\\\/schema.org\",\"@graph\":[{\"@type\":\"WebPage\",\"@id\":\"https:\\\/\\\/www.univ-lorraine.fr\\\/orientation-insertion-professionnelle\\\/contact\\\/\",\"url\":\"https:\\\/\\\/www.univ-lorraine.fr\\\/orientation-insertion-professionnelle\\\/contact\\\/\",\"name\":\"Contact - Orientation et insertion professionnelle\",\"isPartOf\":{\"@id\":\"https:\\\/\\\/www.univ-lorraine.fr\\\/orientation-insertion-professionnelle\\\/#website\"},\"datePublished\":\"2021-02-12T08:54:57+00:00\",\"dateModified\":\"2026-01-12T08:46:08+00:00\",\"breadcrumb\":{\"@id\":\"https:\\\/\\\/www.univ-lorraine.fr\\\/orientation-insertion-professionnelle\\\/contact\\\/#breadcrumb\"},\"inLanguage\":\"fr-FR\",\"potentialAction\":[{\"@type\":\"ReadAction\",\"target\":[\"https:\\\/\\\/www.univ-lorraine.fr\\\/orientation-insertion-professionnelle\\\/contact\\\/\"]}]},{\"@type\":\"BreadcrumbList\",\"@id\":\"https:\\\/\\\/www.univ-lorraine.fr\\\/orientation-insertion-professionnelle\\\/contact\\\/#breadcrumb\",\"itemListElement\":[{\"@type\":\"ListItem\",\"position\":1,\"name\":\"Accueil\",\"item\":\"https:\\\/\\\/www.univ-lorraine.fr\\\/orientation-insertion-professionnelle\\\/\"},{\"@type\":\"ListItem\",\"position\":2,\"name\":\"Contact\"}]},{\"@type\":\"WebSite\",\"@id\":\"https:\\\/\\\/www.univ-lorraine.fr\\\/orientation-insertion-professionnelle\\\/#website\",\"url\":\"https:\\\/\\\/www.univ-lorraine.fr\\\/orientation-insertion-professionnelle\\\/\",\"name\":\"Orientation et insertion professionnelle\",\"description\":\"\",\"publisher\":{\"@id\":\"https:\\\/\\\/www.univ-lorraine.fr\\\/orientation-insertion-professionnelle\\\/#organization\"},\"potentialAction\":[{\"@type\":\"SearchAction\",\"target\":{\"@type\":\"EntryPoint\",\"urlTemplate\":\"https:\\\/\\\/www.univ-lorraine.fr\\\/orientation-insertion-professionnelle\\\/?s={search_term_string}\"},\"query-input\":{\"@type\":\"PropertyValueSpecification\",\"valueRequired\":true,\"valueName\":\"search_term_string\"}}],\"inLanguage\":\"fr-FR\"},{\"@type\":\"Organization\",\"@id\":\"https:\\\/\\\/www.univ-lorraine.fr\\\/orientation-insertion-professionnelle\\\/#organization\",\"name\":\"Universit\u00e9 de Lorraine\",\"url\":\"https:\\\/\\\/www.univ-lorraine.fr\\\/orientation-insertion-professionnelle\\\/\",\"logo\":{\"@type\":\"ImageObject\",\"inLanguage\":\"fr-FR\",\"@id\":\"https:\\\/\\\/www.univ-lorraine.fr\\\/orientation-insertion-professionnelle\\\/#\\\/schema\\\/logo\\\/image\\\/\",\"url\":\"https:\\\/\\\/www.univ-lorraine.fr\\\/orientation-insertion-professionnelle\\\/wp-content\\\/uploads\\\/sites\\\/7\\\/2023\\\/04\\\/logo_siteweb2_Plan-de-travail-1.png\",\"contentUrl\":\"https:\\\/\\\/www.univ-lorraine.fr\\\/orientation-insertion-professionnelle\\\/wp-content\\\/uploads\\\/sites\\\/7\\\/2023\\\/04\\\/logo_siteweb2_Plan-de-travail-1.png\",\"width\":852,\"height\":492,\"caption\":\"Universit\u00e9 de Lorraine\"},\"image\":{\"@id\":\"https:\\\/\\\/www.univ-lorraine.fr\\\/orientation-insertion-professionnelle\\\/#\\\/schema\\\/logo\\\/image\\\/\"}}]}<\/script>\n<!-- \/ Yoast SEO plugin. -->","yoast_head_json":{"title":"Contact - Orientation et insertion professionnelle","robots":{"index":"index","follow":"follow","max-snippet":"max-snippet:-1","max-image-preview":"max-image-preview:large","max-video-preview":"max-video-preview:-1"},"canonical":"https:\/\/www.univ-lorraine.fr\/orientation-insertion-professionnelle\/contact\/","og_locale":"fr_FR","og_type":"article","og_title":"Contact - Orientation et insertion professionnelle","og_description":"Les champs avec un * sont obligatoires","og_url":"https:\/\/www.univ-lorraine.fr\/orientation-insertion-professionnelle\/contact\/","og_site_name":"Orientation et insertion professionnelle","article_modified_time":"2026-01-12T08:46:08+00:00","twitter_card":"summary_large_image","twitter_misc":{"Dur\u00e9e de lecture estim\u00e9e":"1 minute"},"schema":{"@context":"https:\/\/schema.org","@graph":[{"@type":"WebPage","@id":"https:\/\/www.univ-lorraine.fr\/orientation-insertion-professionnelle\/contact\/","url":"https:\/\/www.univ-lorraine.fr\/orientation-insertion-professionnelle\/contact\/","name":"Contact - Orientation et insertion professionnelle","isPartOf":{"@id":"https:\/\/www.univ-lorraine.fr\/orientation-insertion-professionnelle\/#website"},"datePublished":"2021-02-12T08:54:57+00:00","dateModified":"2026-01-12T08:46:08+00:00","breadcrumb":{"@id":"https:\/\/www.univ-lorraine.fr\/orientation-insertion-professionnelle\/contact\/#breadcrumb"},"inLanguage":"fr-FR","potentialAction":[{"@type":"ReadAction","target":["https:\/\/www.univ-lorraine.fr\/orientation-insertion-professionnelle\/contact\/"]}]},{"@type":"BreadcrumbList","@id":"https:\/\/www.univ-lorraine.fr\/orientation-insertion-professionnelle\/contact\/#breadcrumb","itemListElement":[{"@type":"ListItem","position":1,"name":"Accueil","item":"https:\/\/www.univ-lorraine.fr\/orientation-insertion-professionnelle\/"},{"@type":"ListItem","position":2,"name":"Contact"}]},{"@type":"WebSite","@id":"https:\/\/www.univ-lorraine.fr\/orientation-insertion-professionnelle\/#website","url":"https:\/\/www.univ-lorraine.fr\/orientation-insertion-professionnelle\/","name":"Orientation et insertion professionnelle","description":"","publisher":{"@id":"https:\/\/www.univ-lorraine.fr\/orientation-insertion-professionnelle\/#organization"},"potentialAction":[{"@type":"SearchAction","target":{"@type":"EntryPoint","urlTemplate":"https:\/\/www.univ-lorraine.fr\/orientation-insertion-professionnelle\/?s={search_term_string}"},"query-input":{"@type":"PropertyValueSpecification","valueRequired":true,"valueName":"search_term_string"}}],"inLanguage":"fr-FR"},{"@type":"Organization","@id":"https:\/\/www.univ-lorraine.fr\/orientation-insertion-professionnelle\/#organization","name":"Universit\u00e9 de Lorraine","url":"https:\/\/www.univ-lorraine.fr\/orientation-insertion-professionnelle\/","logo":{"@type":"ImageObject","inLanguage":"fr-FR","@id":"https:\/\/www.univ-lorraine.fr\/orientation-insertion-professionnelle\/#\/schema\/logo\/image\/","url":"https:\/\/www.univ-lorraine.fr\/orientation-insertion-professionnelle\/wp-content\/uploads\/sites\/7\/2023\/04\/logo_siteweb2_Plan-de-travail-1.png","contentUrl":"https:\/\/www.univ-lorraine.fr\/orientation-insertion-professionnelle\/wp-content\/uploads\/sites\/7\/2023\/04\/logo_siteweb2_Plan-de-travail-1.png","width":852,"height":492,"caption":"Universit\u00e9 de Lorraine"},"image":{"@id":"https:\/\/www.univ-lorraine.fr\/orientation-insertion-professionnelle\/#\/schema\/logo\/image\/"}}]}},"_links":{"self":[{"href":"https:\/\/www.univ-lorraine.fr\/orientation-insertion-professionnelle\/wp-json\/wp\/v2\/pages\/67","targetHints":{"allow":["GET"]}}],"collection":[{"href":"https:\/\/www.univ-lorraine.fr\/orientation-insertion-professionnelle\/wp-json\/wp\/v2\/pages"}],"about":[{"href":"https:\/\/www.univ-lorraine.fr\/orientation-insertion-professionnelle\/wp-json\/wp\/v2\/types\/page"}],"author":[{"embeddable":true,"href":"https:\/\/www.univ-lorraine.fr\/orientation-insertion-professionnelle\/wp-json\/wp\/v2\/users\/4"}],"replies":[{"embeddable":true,"href":"https:\/\/www.univ-lorraine.fr\/orientation-insertion-professionnelle\/wp-json\/wp\/v2\/comments?post=67"}],"version-history":[{"count":26,"href":"https:\/\/www.univ-lorraine.fr\/orientation-insertion-professionnelle\/wp-json\/wp\/v2\/pages\/67\/revisions"}],"predecessor-version":[{"id":15375,"href":"https:\/\/www.univ-lorraine.fr\/orientation-insertion-professionnelle\/wp-json\/wp\/v2\/pages\/67\/revisions\/15375"}],"wp:attachment":[{"href":"https:\/\/www.univ-lorraine.fr\/orientation-insertion-professionnelle\/wp-json\/wp\/v2\/media?parent=67"}],"wp:term":[{"taxonomy":"category","embeddable":true,"href":"https:\/\/www.univ-lorraine.fr\/orientation-insertion-professionnelle\/wp-json\/wp\/v2\/categories?post=67"},{"taxonomy":"post_tag","embeddable":true,"href":"https:\/\/www.univ-lorraine.fr\/orientation-insertion-professionnelle\/wp-json\/wp\/v2\/tags?post=67"}],"curies":[{"name":"wp","href":"https:\/\/api.w.org\/{rel}","templated":true}]}}