{"id":238,"date":"2021-08-27T16:09:32","date_gmt":"2021-08-27T14:09:32","guid":{"rendered":"https:\/\/www.univ-lorraine.fr\/osezlarecherche\/?page_id=238"},"modified":"2025-03-11T15:01:10","modified_gmt":"2025-03-11T14:01:10","slug":"temoignages","status":"publish","type":"page","link":"https:\/\/www.univ-lorraine.fr\/osezlarecherche\/temoignages\/","title":{"rendered":"T\u00e9moignages"},"content":{"rendered":"\n<h2 class=\"gb-headline gb-headline-a5a8fccb gb-headline-text\">Retrouvez les t\u00e9moignages de celles et ceux qui ont \u00ab\u00a0os\u00e9 la recherche\u00a0\u00bb<\/h2>\n\n\n\n<div class=\"wp-block-query is-layout-flow wp-block-query-is-layout-flow\"><ul class=\"columns-3 wp-block-post-template is-layout-grid wp-container-core-post-template-is-layout-2fc57c17 wp-block-post-template-is-layout-grid\"><li class=\"wp-block-post post-5418 post type-post status-publish format-standard has-post-thumbnail hentry category-temoignages\">\n<div class=\"gb-container gb-container-9ff0ddad conteneur\">\n<div class=\"gb-container gb-container-acc7ced7\">\n<h3 style=\"font-size:20px;text-transform:none;\" class=\"wp-block-post-title\"><a href=\"https:\/\/www.univ-lorraine.fr\/osezlarecherche\/2026\/03\/03\/lucie-bourdon-boursiere-dexcellence-orion-entre-biologie-marine-et-ecotoxicologie\/\" target=\"_self\" >Lucie Bourdon, boursi\u00e8re d\u2019excellence ORION : entre biologie marine et \u00e9cotoxicologie<\/a><\/h3>\n\n<div class=\"gb-container gb-container-b0c8bef4\">\n<figure style=\"aspect-ratio:1;\" class=\"wp-block-post-featured-image wp-duotone-unset-1\"><img loading=\"lazy\" decoding=\"async\" width=\"1080\" height=\"1080\" src=\"https:\/\/www.univ-lorraine.fr\/osezlarecherche\/wp-content\/uploads\/sites\/32\/2026\/03\/lucie-.png\" class=\"attachment-full size-full wp-post-image\" alt=\"\" style=\"width:100%;height:100%;object-fit:cover;\" srcset=\"https:\/\/www.univ-lorraine.fr\/osezlarecherche\/wp-content\/uploads\/sites\/32\/2026\/03\/lucie-.png 1080w, https:\/\/www.univ-lorraine.fr\/osezlarecherche\/wp-content\/uploads\/sites\/32\/2026\/03\/lucie--300x300.png 300w, https:\/\/www.univ-lorraine.fr\/osezlarecherche\/wp-content\/uploads\/sites\/32\/2026\/03\/lucie--1024x1024.png 1024w, https:\/\/www.univ-lorraine.fr\/osezlarecherche\/wp-content\/uploads\/sites\/32\/2026\/03\/lucie--150x150.png 150w, https:\/\/www.univ-lorraine.fr\/osezlarecherche\/wp-content\/uploads\/sites\/32\/2026\/03\/lucie--768x768.png 768w\" sizes=\"auto, (max-width: 1080px) 100vw, 1080px\" \/><\/figure>\n<\/div>\n\n<div class=\"wp-block-post-excerpt\"><p class=\"wp-block-post-excerpt__excerpt\">Dans le cadre de la Journ\u00e9e internationale des droits des femmes du 8 mars, nous vous pr\u00e9sentons&nbsp;Lucie Bourdon, boursi\u00e8re d\u2019excellence du programme ORION. Originaire de Brest, elle poursuit aujourd\u2019hui un\u2026 <\/p><\/div>\n<\/div>\n<\/div>\n<\/li><li class=\"wp-block-post post-5362 post type-post status-publish format-standard has-post-thumbnail hentry category-temoignages\">\n<div class=\"gb-container gb-container-9ff0ddad conteneur\">\n<div class=\"gb-container gb-container-acc7ced7\">\n<h3 style=\"font-size:20px;text-transform:none;\" class=\"wp-block-post-title\"><a href=\"https:\/\/www.univ-lorraine.fr\/osezlarecherche\/2026\/02\/17\/grace-au-club-orion-esteban-integre-le-loria-pour-un-stage-en-cybersecurite\/\" target=\"_self\" >Gr\u00e2ce au club ORION, Esteban int\u00e8gre le LORIA pour un stage en cybers\u00e9curit\u00e9<\/a><\/h3>\n\n<div class=\"gb-container gb-container-b0c8bef4\">\n<figure style=\"aspect-ratio:1;\" class=\"wp-block-post-featured-image wp-duotone-unset-2\"><img loading=\"lazy\" decoding=\"async\" width=\"1080\" height=\"1350\" src=\"https:\/\/www.univ-lorraine.fr\/osezlarecherche\/wp-content\/uploads\/sites\/32\/2026\/02\/esteban.jpg\" class=\"attachment-full size-full wp-post-image\" alt=\"\" style=\"width:100%;height:100%;object-fit:cover;\" srcset=\"https:\/\/www.univ-lorraine.fr\/osezlarecherche\/wp-content\/uploads\/sites\/32\/2026\/02\/esteban.jpg 1080w, https:\/\/www.univ-lorraine.fr\/osezlarecherche\/wp-content\/uploads\/sites\/32\/2026\/02\/esteban-240x300.jpg 240w, https:\/\/www.univ-lorraine.fr\/osezlarecherche\/wp-content\/uploads\/sites\/32\/2026\/02\/esteban-819x1024.jpg 819w, https:\/\/www.univ-lorraine.fr\/osezlarecherche\/wp-content\/uploads\/sites\/32\/2026\/02\/esteban-768x960.jpg 768w\" sizes=\"auto, (max-width: 1080px) 100vw, 1080px\" \/><\/figure>\n<\/div>\n\n<div class=\"wp-block-post-excerpt\"><p class=\"wp-block-post-excerpt__excerpt\">Au sein du LORIA, Esteban Romera-Romary a d\u00e9couvert la recherche en cybers\u00e9curit\u00e9 de l\u2019int\u00e9rieur. Son stage, consacr\u00e9 \u00e0 l\u2019utilisation de l\u2019intelligence artificielle pour automatiser des strat\u00e9gies d\u2019attaque en cybers\u00e9curit\u00e9 offensive,\u2026 <\/p><\/div>\n<\/div>\n<\/div>\n<\/li><li class=\"wp-block-post post-5355 post type-post status-publish format-standard has-post-thumbnail hentry category-temoignages\">\n<div class=\"gb-container gb-container-9ff0ddad conteneur\">\n<div class=\"gb-container gb-container-acc7ced7\">\n<h3 style=\"font-size:20px;text-transform:none;\" class=\"wp-block-post-title\"><a href=\"https:\/\/www.univ-lorraine.fr\/osezlarecherche\/2026\/02\/13\/esteban-et-le-club-orion-resaia-explorer-la-recherche-pour-construire-son-avenir\/\" target=\"_self\" >Esteban et le club ORION RESAIA : explorer la recherche pour construire son avenir<\/a><\/h3>\n\n<div class=\"gb-container gb-container-b0c8bef4\">\n<figure style=\"aspect-ratio:1;\" class=\"wp-block-post-featured-image wp-duotone-unset-3\"><img loading=\"lazy\" decoding=\"async\" width=\"1080\" height=\"1350\" src=\"https:\/\/www.univ-lorraine.fr\/osezlarecherche\/wp-content\/uploads\/sites\/32\/2026\/02\/esteban.jpg\" class=\"attachment-full size-full wp-post-image\" alt=\"\" style=\"width:100%;height:100%;object-fit:cover;\" srcset=\"https:\/\/www.univ-lorraine.fr\/osezlarecherche\/wp-content\/uploads\/sites\/32\/2026\/02\/esteban.jpg 1080w, https:\/\/www.univ-lorraine.fr\/osezlarecherche\/wp-content\/uploads\/sites\/32\/2026\/02\/esteban-240x300.jpg 240w, https:\/\/www.univ-lorraine.fr\/osezlarecherche\/wp-content\/uploads\/sites\/32\/2026\/02\/esteban-819x1024.jpg 819w, https:\/\/www.univ-lorraine.fr\/osezlarecherche\/wp-content\/uploads\/sites\/32\/2026\/02\/esteban-768x960.jpg 768w\" sizes=\"auto, (max-width: 1080px) 100vw, 1080px\" \/><\/figure>\n<\/div>\n\n<div class=\"wp-block-post-excerpt\"><p class=\"wp-block-post-excerpt__excerpt\">\u00c9tudiant en premi\u00e8re ann\u00e9e du cycle ing\u00e9nieur sp\u00e9cialis\u00e9 en cybers\u00e9curit\u00e9 \u00e0 T\u00e9l\u00e9com Nancy, Esteban Romera-Romary a d\u2019abord suivi une licence Informatique \u00e0 l\u2019Universit\u00e9 de Lorraine. Int\u00e9ress\u00e9 par la cybers\u00e9curit\u00e9 offensive\u2026 <\/p><\/div>\n<\/div>\n<\/div>\n<\/li><li class=\"wp-block-post post-5358 post type-post status-publish format-standard has-post-thumbnail hentry category-temoignages\">\n<div class=\"gb-container gb-container-9ff0ddad conteneur\">\n<div class=\"gb-container gb-container-acc7ced7\">\n<h3 style=\"font-size:20px;text-transform:none;\" class=\"wp-block-post-title\"><a href=\"https:\/\/www.univ-lorraine.fr\/osezlarecherche\/2026\/01\/28\/alumni-orion-doriane-nemes-de-la-bourse-dexcellence-au-doctorat-en-litterature-anglophone\/\" target=\"_self\" >[Alumni ORION] Doriane Nemes, de la bourse d\u2019excellence au doctorat en litt\u00e9rature anglophone<\/a><\/h3>\n\n<div class=\"gb-container gb-container-b0c8bef4\">\n<figure style=\"aspect-ratio:1;\" class=\"wp-block-post-featured-image wp-duotone-unset-4\"><img loading=\"lazy\" decoding=\"async\" width=\"750\" height=\"750\" src=\"https:\/\/www.univ-lorraine.fr\/osezlarecherche\/wp-content\/uploads\/sites\/32\/2026\/02\/doriane-factuel.jpg\" class=\"attachment-full size-full wp-post-image\" alt=\"\" style=\"width:100%;height:100%;object-fit:cover;\" srcset=\"https:\/\/www.univ-lorraine.fr\/osezlarecherche\/wp-content\/uploads\/sites\/32\/2026\/02\/doriane-factuel.jpg 750w, https:\/\/www.univ-lorraine.fr\/osezlarecherche\/wp-content\/uploads\/sites\/32\/2026\/02\/doriane-factuel-300x300.jpg 300w, https:\/\/www.univ-lorraine.fr\/osezlarecherche\/wp-content\/uploads\/sites\/32\/2026\/02\/doriane-factuel-150x150.jpg 150w\" sizes=\"auto, (max-width: 750px) 100vw, 750px\" \/><\/figure>\n<\/div>\n\n<div class=\"wp-block-post-excerpt\"><p class=\"wp-block-post-excerpt__excerpt\">Boursi\u00e8re d\u2019excellence ORION durant son Master,&nbsp;Doriane Nemes&nbsp;est aujourd\u2019hui doctorante en litt\u00e9rature anglophone au sein de l\u2019Unit\u00e9 de Recherche IDEA. Elle revient sur son parcours, son exp\u00e9rience de la bourse ORION\u2026 <\/p><\/div>\n<\/div>\n<\/div>\n<\/li><li class=\"wp-block-post post-5367 post type-post status-publish format-standard has-post-thumbnail hentry category-temoignages\">\n<div class=\"gb-container gb-container-9ff0ddad conteneur\">\n<div class=\"gb-container gb-container-acc7ced7\">\n<h3 style=\"font-size:20px;text-transform:none;\" class=\"wp-block-post-title\"><a href=\"https:\/\/www.univ-lorraine.fr\/osezlarecherche\/2025\/12\/12\/doctorat-entrepreneurial-orion-le-projet-de-laura-boulange-distingue-par-le-cnrs-rise\/\" target=\"_self\" >Doctorat entrepreneurial ORION : le projet de Laura Boulang\u00e9 distingu\u00e9 par le CNRS (RISE)<\/a><\/h3>\n\n<div class=\"gb-container gb-container-b0c8bef4\">\n<figure style=\"aspect-ratio:1;\" class=\"wp-block-post-featured-image wp-duotone-unset-5\"><img loading=\"lazy\" decoding=\"async\" width=\"750\" height=\"750\" src=\"https:\/\/www.univ-lorraine.fr\/osezlarecherche\/wp-content\/uploads\/sites\/32\/2026\/02\/lb-factuel.jpg\" class=\"attachment-full size-full wp-post-image\" alt=\"\" style=\"width:100%;height:100%;object-fit:cover;\" srcset=\"https:\/\/www.univ-lorraine.fr\/osezlarecherche\/wp-content\/uploads\/sites\/32\/2026\/02\/lb-factuel.jpg 750w, https:\/\/www.univ-lorraine.fr\/osezlarecherche\/wp-content\/uploads\/sites\/32\/2026\/02\/lb-factuel-300x300.jpg 300w, https:\/\/www.univ-lorraine.fr\/osezlarecherche\/wp-content\/uploads\/sites\/32\/2026\/02\/lb-factuel-150x150.jpg 150w\" sizes=\"auto, (max-width: 750px) 100vw, 750px\" \/><\/figure>\n<\/div>\n\n<div class=\"wp-block-post-excerpt\"><p class=\"wp-block-post-excerpt__excerpt\">Laur\u00e9ate de l\u2019appel \u00e0 projet de financement de contrats doctoraux \u00e0 orientation entrepreneuriale du programme ORION,&nbsp;Laura Boulang\u00e9&nbsp;d\u00e9veloppe une th\u00e8se en biologie \u00e0 vis\u00e9e entrepreneuriale, r\u00e9cemment distingu\u00e9e par son int\u00e9gration \u00e0\u2026 <\/p><\/div>\n<\/div>\n<\/div>\n<\/li><li class=\"wp-block-post post-5372 post type-post status-publish format-standard has-post-thumbnail hentry category-temoignages\">\n<div class=\"gb-container gb-container-9ff0ddad conteneur\">\n<div class=\"gb-container gb-container-acc7ced7\">\n<h3 style=\"font-size:20px;text-transform:none;\" class=\"wp-block-post-title\"><a href=\"https:\/\/www.univ-lorraine.fr\/osezlarecherche\/2025\/12\/11\/rencontre-avec-montaine-et-thomas-participants-aux-48-heures-pour-faire-vivre-des-idees\/\" target=\"_self\" >Rencontre avec Montaine et Thomas, participants aux 48 heures pour faire vivre des id\u00e9es \u00ae<\/a><\/h3>\n\n<div class=\"gb-container gb-container-b0c8bef4\">\n<figure style=\"aspect-ratio:1;\" class=\"wp-block-post-featured-image wp-duotone-unset-6\"><img loading=\"lazy\" decoding=\"async\" width=\"750\" height=\"750\" src=\"https:\/\/www.univ-lorraine.fr\/osezlarecherche\/wp-content\/uploads\/sites\/32\/2026\/02\/m-et-t-factuel-1.jpg\" class=\"attachment-full size-full wp-post-image\" alt=\"\" style=\"width:100%;height:100%;object-fit:cover;\" srcset=\"https:\/\/www.univ-lorraine.fr\/osezlarecherche\/wp-content\/uploads\/sites\/32\/2026\/02\/m-et-t-factuel-1.jpg 750w, https:\/\/www.univ-lorraine.fr\/osezlarecherche\/wp-content\/uploads\/sites\/32\/2026\/02\/m-et-t-factuel-1-300x300.jpg 300w, https:\/\/www.univ-lorraine.fr\/osezlarecherche\/wp-content\/uploads\/sites\/32\/2026\/02\/m-et-t-factuel-1-150x150.jpg 150w\" sizes=\"auto, (max-width: 750px) 100vw, 750px\" \/><\/figure>\n<\/div>\n\n<div class=\"wp-block-post-excerpt\"><p class=\"wp-block-post-excerpt__excerpt\">Montaine Michel et Thomas Caratozzolo reviennent sur leur exp\u00e9rience des&nbsp;48 heures pour faire vivre des id\u00e9es \u00ae&nbsp;: un workshop o\u00f9 ils ont d\u00e9couvert la cr\u00e9ativit\u00e9, la multidisciplinarit\u00e9 et la force\u2026 <\/p><\/div>\n<\/div>\n<\/div>\n<\/li><\/ul>\n\n<div class=\"gb-container gb-container-fdfd3f1f\">\n<nav class=\"wp-block-query-pagination is-layout-flex wp-block-query-pagination-is-layout-flex\" aria-label=\"Pagination\">\n\n\n<div class=\"wp-block-query-pagination-numbers\"><span aria-current=\"page\" class=\"page-numbers current\">1<\/span>\n<a class=\"page-numbers\" href=\"?query-1-page=2\">2<\/a>\n<a class=\"page-numbers\" href=\"?query-1-page=3\">3<\/a>\n<span class=\"page-numbers dots\">\u2026<\/span>\n<a class=\"page-numbers\" href=\"?query-1-page=7\">7<\/a><\/div>\n\n<a href=\"\/osezlarecherche\/wp-json\/wp\/v2\/pages\/238?query-1-page=2\" class=\"wp-block-query-pagination-next\">Page suivante<\/a>\n<\/nav>\n<\/div><\/div>\n","protected":false},"excerpt":{"rendered":"<p>Retrouvez les t\u00e9moignages de celles et ceux qui ont \u00ab\u00a0os\u00e9 la recherche\u00a0\u00bb<\/p>\n","protected":false},"author":30,"featured_media":0,"parent":0,"menu_order":0,"comment_status":"closed","ping_status":"closed","template":"","meta":{"inline_featured_image":false,"footnotes":""},"class_list":["post-238","page","type-page","status-publish"],"yoast_head":"<!-- This site is optimized with the Yoast SEO plugin v27.4 - https:\/\/yoast.com\/product\/yoast-seo-wordpress\/ -->\n<title>T\u00e9moignages - ORION : Osez la recherche<\/title>\n<meta name=\"description\" content=\"Retrouvez les t\u00e9moignages de celles et ceux qui ont &quot;os\u00e9 la recherche&quot; en participant \u00e0 un ou plusieurs dispositifs ORION.\" \/>\n<meta name=\"robots\" content=\"index, follow, max-snippet:-1, max-image-preview:large, max-video-preview:-1\" \/>\n<link rel=\"canonical\" href=\"https:\/\/www.univ-lorraine.fr\/osezlarecherche\/temoignages\/\" \/>\n<link rel=\"next\" href=\"https:\/\/www.univ-lorraine.fr\/osezlarecherche\/temoignages\/238?query-1-page=2\" \/>\n<meta property=\"og:locale\" content=\"fr_FR\" \/>\n<meta property=\"og:type\" content=\"article\" \/>\n<meta property=\"og:title\" content=\"T\u00e9moignages - ORION : Osez la recherche\" \/>\n<meta property=\"og:description\" content=\"Retrouvez les t\u00e9moignages de celles et ceux qui ont &quot;os\u00e9 la recherche&quot; en participant \u00e0 un ou plusieurs dispositifs ORION.\" \/>\n<meta property=\"og:url\" content=\"https:\/\/www.univ-lorraine.fr\/osezlarecherche\/temoignages\/\" \/>\n<meta property=\"og:site_name\" content=\"Osez la recherche\" \/>\n<meta property=\"article:modified_time\" content=\"2025-03-11T14:01:10+00:00\" \/>\n<meta name=\"twitter:card\" content=\"summary_large_image\" \/>\n<script type=\"application\/ld+json\" class=\"yoast-schema-graph\">{\"@context\":\"https:\\\/\\\/schema.org\",\"@graph\":[{\"@type\":\"WebPage\",\"@id\":\"https:\\\/\\\/www.univ-lorraine.fr\\\/osezlarecherche\\\/temoignages\\\/\",\"url\":\"https:\\\/\\\/www.univ-lorraine.fr\\\/osezlarecherche\\\/temoignages\\\/\",\"name\":\"T\u00e9moignages - ORION : Osez la recherche\",\"isPartOf\":{\"@id\":\"https:\\\/\\\/www.univ-lorraine.fr\\\/osezlarecherche\\\/#website\"},\"datePublished\":\"2021-08-27T14:09:32+00:00\",\"dateModified\":\"2025-03-11T14:01:10+00:00\",\"description\":\"Retrouvez les t\u00e9moignages de celles et ceux qui ont \\\"os\u00e9 la recherche\\\" en participant \u00e0 un ou plusieurs dispositifs ORION.\",\"breadcrumb\":{\"@id\":\"https:\\\/\\\/www.univ-lorraine.fr\\\/osezlarecherche\\\/temoignages\\\/#breadcrumb\"},\"inLanguage\":\"fr-FR\",\"potentialAction\":[{\"@type\":\"ReadAction\",\"target\":[\"https:\\\/\\\/www.univ-lorraine.fr\\\/osezlarecherche\\\/temoignages\\\/\"]}]},{\"@type\":\"BreadcrumbList\",\"@id\":\"https:\\\/\\\/www.univ-lorraine.fr\\\/osezlarecherche\\\/temoignages\\\/#breadcrumb\",\"itemListElement\":[{\"@type\":\"ListItem\",\"position\":1,\"name\":\"Accueil\",\"item\":\"https:\\\/\\\/www.univ-lorraine.fr\\\/osezlarecherche\\\/\"},{\"@type\":\"ListItem\",\"position\":2,\"name\":\"T\u00e9moignages\"}]},{\"@type\":\"WebSite\",\"@id\":\"https:\\\/\\\/www.univ-lorraine.fr\\\/osezlarecherche\\\/#website\",\"url\":\"https:\\\/\\\/www.univ-lorraine.fr\\\/osezlarecherche\\\/\",\"name\":\"Osez la recherche\",\"description\":\"\",\"publisher\":{\"@id\":\"https:\\\/\\\/www.univ-lorraine.fr\\\/osezlarecherche\\\/#organization\"},\"potentialAction\":[{\"@type\":\"SearchAction\",\"target\":{\"@type\":\"EntryPoint\",\"urlTemplate\":\"https:\\\/\\\/www.univ-lorraine.fr\\\/osezlarecherche\\\/?s={search_term_string}\"},\"query-input\":{\"@type\":\"PropertyValueSpecification\",\"valueRequired\":true,\"valueName\":\"search_term_string\"}}],\"inLanguage\":\"fr-FR\"},{\"@type\":\"Organization\",\"@id\":\"https:\\\/\\\/www.univ-lorraine.fr\\\/osezlarecherche\\\/#organization\",\"name\":\"Osez la recherche\",\"url\":\"https:\\\/\\\/www.univ-lorraine.fr\\\/osezlarecherche\\\/\",\"logo\":{\"@type\":\"ImageObject\",\"inLanguage\":\"fr-FR\",\"@id\":\"https:\\\/\\\/www.univ-lorraine.fr\\\/osezlarecherche\\\/#\\\/schema\\\/logo\\\/image\\\/\",\"url\":\"https:\\\/\\\/www.univ-lorraine.fr\\\/osezlarecherche\\\/wp-content\\\/uploads\\\/sites\\\/32\\\/2021\\\/12\\\/logo.png\",\"contentUrl\":\"https:\\\/\\\/www.univ-lorraine.fr\\\/osezlarecherche\\\/wp-content\\\/uploads\\\/sites\\\/32\\\/2021\\\/12\\\/logo.png\",\"width\":130,\"height\":65,\"caption\":\"Osez la recherche\"},\"image\":{\"@id\":\"https:\\\/\\\/www.univ-lorraine.fr\\\/osezlarecherche\\\/#\\\/schema\\\/logo\\\/image\\\/\"}}]}<\/script>\n<!-- \/ Yoast SEO plugin. -->","yoast_head_json":{"title":"T\u00e9moignages - ORION : Osez la recherche","description":"Retrouvez les t\u00e9moignages de celles et ceux qui ont \"os\u00e9 la recherche\" en participant \u00e0 un ou plusieurs dispositifs ORION.","robots":{"index":"index","follow":"follow","max-snippet":"max-snippet:-1","max-image-preview":"max-image-preview:large","max-video-preview":"max-video-preview:-1"},"canonical":"https:\/\/www.univ-lorraine.fr\/osezlarecherche\/temoignages\/","next":"https:\/\/www.univ-lorraine.fr\/osezlarecherche\/temoignages\/238?query-1-page=2","og_locale":"fr_FR","og_type":"article","og_title":"T\u00e9moignages - ORION : Osez la recherche","og_description":"Retrouvez les t\u00e9moignages de celles et ceux qui ont \"os\u00e9 la recherche\" en participant \u00e0 un ou plusieurs dispositifs ORION.","og_url":"https:\/\/www.univ-lorraine.fr\/osezlarecherche\/temoignages\/","og_site_name":"Osez la recherche","article_modified_time":"2025-03-11T14:01:10+00:00","twitter_card":"summary_large_image","schema":{"@context":"https:\/\/schema.org","@graph":[{"@type":"WebPage","@id":"https:\/\/www.univ-lorraine.fr\/osezlarecherche\/temoignages\/","url":"https:\/\/www.univ-lorraine.fr\/osezlarecherche\/temoignages\/","name":"T\u00e9moignages - ORION : Osez la recherche","isPartOf":{"@id":"https:\/\/www.univ-lorraine.fr\/osezlarecherche\/#website"},"datePublished":"2021-08-27T14:09:32+00:00","dateModified":"2025-03-11T14:01:10+00:00","description":"Retrouvez les t\u00e9moignages de celles et ceux qui ont \"os\u00e9 la recherche\" en participant \u00e0 un ou plusieurs dispositifs ORION.","breadcrumb":{"@id":"https:\/\/www.univ-lorraine.fr\/osezlarecherche\/temoignages\/#breadcrumb"},"inLanguage":"fr-FR","potentialAction":[{"@type":"ReadAction","target":["https:\/\/www.univ-lorraine.fr\/osezlarecherche\/temoignages\/"]}]},{"@type":"BreadcrumbList","@id":"https:\/\/www.univ-lorraine.fr\/osezlarecherche\/temoignages\/#breadcrumb","itemListElement":[{"@type":"ListItem","position":1,"name":"Accueil","item":"https:\/\/www.univ-lorraine.fr\/osezlarecherche\/"},{"@type":"ListItem","position":2,"name":"T\u00e9moignages"}]},{"@type":"WebSite","@id":"https:\/\/www.univ-lorraine.fr\/osezlarecherche\/#website","url":"https:\/\/www.univ-lorraine.fr\/osezlarecherche\/","name":"Osez la recherche","description":"","publisher":{"@id":"https:\/\/www.univ-lorraine.fr\/osezlarecherche\/#organization"},"potentialAction":[{"@type":"SearchAction","target":{"@type":"EntryPoint","urlTemplate":"https:\/\/www.univ-lorraine.fr\/osezlarecherche\/?s={search_term_string}"},"query-input":{"@type":"PropertyValueSpecification","valueRequired":true,"valueName":"search_term_string"}}],"inLanguage":"fr-FR"},{"@type":"Organization","@id":"https:\/\/www.univ-lorraine.fr\/osezlarecherche\/#organization","name":"Osez la recherche","url":"https:\/\/www.univ-lorraine.fr\/osezlarecherche\/","logo":{"@type":"ImageObject","inLanguage":"fr-FR","@id":"https:\/\/www.univ-lorraine.fr\/osezlarecherche\/#\/schema\/logo\/image\/","url":"https:\/\/www.univ-lorraine.fr\/osezlarecherche\/wp-content\/uploads\/sites\/32\/2021\/12\/logo.png","contentUrl":"https:\/\/www.univ-lorraine.fr\/osezlarecherche\/wp-content\/uploads\/sites\/32\/2021\/12\/logo.png","width":130,"height":65,"caption":"Osez la recherche"},"image":{"@id":"https:\/\/www.univ-lorraine.fr\/osezlarecherche\/#\/schema\/logo\/image\/"}}]}},"_links":{"self":[{"href":"https:\/\/www.univ-lorraine.fr\/osezlarecherche\/wp-json\/wp\/v2\/pages\/238","targetHints":{"allow":["GET"]}}],"collection":[{"href":"https:\/\/www.univ-lorraine.fr\/osezlarecherche\/wp-json\/wp\/v2\/pages"}],"about":[{"href":"https:\/\/www.univ-lorraine.fr\/osezlarecherche\/wp-json\/wp\/v2\/types\/page"}],"author":[{"embeddable":true,"href":"https:\/\/www.univ-lorraine.fr\/osezlarecherche\/wp-json\/wp\/v2\/users\/30"}],"replies":[{"embeddable":true,"href":"https:\/\/www.univ-lorraine.fr\/osezlarecherche\/wp-json\/wp\/v2\/comments?post=238"}],"version-history":[{"count":34,"href":"https:\/\/www.univ-lorraine.fr\/osezlarecherche\/wp-json\/wp\/v2\/pages\/238\/revisions"}],"predecessor-version":[{"id":4452,"href":"https:\/\/www.univ-lorraine.fr\/osezlarecherche\/wp-json\/wp\/v2\/pages\/238\/revisions\/4452"}],"wp:attachment":[{"href":"https:\/\/www.univ-lorraine.fr\/osezlarecherche\/wp-json\/wp\/v2\/media?parent=238"}],"curies":[{"name":"wp","href":"https:\/\/api.w.org\/{rel}","templated":true}]}}