{"id":12254,"date":"2021-02-24T16:49:26","date_gmt":"2021-02-24T15:49:26","guid":{"rendered":"https:\/\/www.univ-lorraine.fr\/raa\/?page_id=12254"},"modified":"2025-04-22T15:09:11","modified_gmt":"2025-04-22T13:09:11","slug":"decisions-prises-dans-le-cadre-de-la-delegation-du-ca","status":"publish","type":"page","link":"https:\/\/www.univ-lorraine.fr\/raa\/decisions-prises-dans-le-cadre-de-la-delegation-du-ca\/","title":{"rendered":"D\u00e9cisions prises dans le cadre de la d\u00e9l\u00e9gation du CA"},"content":{"rendered":"<div class=\"gb-container gb-container-e0cefb2f\"><div class=\"gb-inside-container\">\n\n<p>Le Pr\u00e9sident de l&rsquo;Universit\u00e9 de Lorraine b\u00e9n\u00e9ficie d&rsquo;une d\u00e9l\u00e9gation de pouvoir du Conseil d&rsquo;Administration aux fins d&rsquo;exercer certaines de ses attributions. En vertu de celle-ci, le Pr\u00e9sident est comp\u00e9tent pour prendre certaines d\u00e9cisions, ici publi\u00e9es<\/p>\n\n\n\n<p class=\"has-text-align-center\"><a href=\"\/raa\/decisions-prises-dans-le-cadre-de-la-delegation-du-ca\/#goto_list_actes\">Vider les filtres<\/a><\/p>\n\n\n<div class=\"list_annee\"><a name=\"goto_list_year_3078a180\"><\/a><ul><li><a href=\"?annee=2012#goto_list_year_3078a180\" title=\"Filtrer les r\u00e9sultats sur l'ann\u00e9e 2012\">2012 (4)<\/a><\/li><li><a href=\"?annee=2013#goto_list_year_3078a180\" title=\"Filtrer les r\u00e9sultats sur l'ann\u00e9e 2013\">2013 (133)<\/a><\/li><li><a href=\"?annee=2014#goto_list_year_3078a180\" title=\"Filtrer les r\u00e9sultats sur l'ann\u00e9e 2014\">2014 (105)<\/a><\/li><li><a href=\"?annee=2015#goto_list_year_3078a180\" title=\"Filtrer les r\u00e9sultats sur l'ann\u00e9e 2015\">2015 (116)<\/a><\/li><li><a href=\"?annee=2016#goto_list_year_3078a180\" title=\"Filtrer les r\u00e9sultats sur l'ann\u00e9e 2016\">2016 (132)<\/a><\/li><li><a href=\"?annee=2017#goto_list_year_3078a180\" title=\"Filtrer les r\u00e9sultats sur l'ann\u00e9e 2017\">2017 (223)<\/a><\/li><li><a href=\"?annee=2018#goto_list_year_3078a180\" title=\"Filtrer les r\u00e9sultats sur l'ann\u00e9e 2018\">2018 (221)<\/a><\/li><li><a href=\"?annee=2019#goto_list_year_3078a180\" title=\"Filtrer les r\u00e9sultats sur l'ann\u00e9e 2019\">2019 (281)<\/a><\/li><li><a href=\"?annee=2020#goto_list_year_3078a180\" title=\"Filtrer les r\u00e9sultats sur l'ann\u00e9e 2020\">2020 (296)<\/a><\/li><li><a href=\"?annee=2021#goto_list_year_3078a180\" title=\"Filtrer les r\u00e9sultats sur l'ann\u00e9e 2021\">2021 (286)<\/a><\/li><li><a href=\"?annee=2022#goto_list_year_3078a180\" title=\"Filtrer les r\u00e9sultats sur l'ann\u00e9e 2022\">2022 (271)<\/a><\/li><li><a href=\"?annee=2023#goto_list_year_3078a180\" title=\"Filtrer les r\u00e9sultats sur l'ann\u00e9e 2023\">2023 (315)<\/a><\/li><li><a href=\"?annee=2024#goto_list_year_3078a180\" title=\"Filtrer les r\u00e9sultats sur l'ann\u00e9e 2024\">2024 (312)<\/a><\/li><li><a href=\"?annee=2025#goto_list_year_3078a180\" title=\"Filtrer les r\u00e9sultats sur l'ann\u00e9e 2025\">2025 (440)<\/a><\/li><li><a href=\"?annee=2026#goto_list_year_3078a180\" title=\"Filtrer les r\u00e9sultats sur l'ann\u00e9e 2026\">2026 (125)<\/a><\/li><\/ul><\/div>\n\n\n<div id=\"liste_actes\"><a name=\"goto_list_actes_2232abb7\"><\/a><div class=\"acte_pagination\"><div class=\"pagination-container\"><ul class=\"pagination\"><li><a href=\"\/raa\/wp-json\/wp\/v2\/pages\/12254?pg-2232abb7=1#goto_list_actes_2232abb7\" class=\"page-change active-page\" data-page=\"1\" title=\"Aller \u00e0 la page 1 de la liste des actes\">1<\/a><\/li><li><a href=\"\/raa\/wp-json\/wp\/v2\/pages\/12254?pg-2232abb7=2#goto_list_actes_2232abb7\" class=\"page-change \" data-page=\"2\" title=\"Aller \u00e0 la page 2 de la liste des actes\">2<\/a><\/li><li><a href=\"\/raa\/wp-json\/wp\/v2\/pages\/12254?pg-2232abb7=3#goto_list_actes_2232abb7\" class=\"page-change \" data-page=\"3\" title=\"Aller \u00e0 la page 3 de la liste des actes\">3<\/a><\/li><li><a href=\"\/raa\/wp-json\/wp\/v2\/pages\/12254?pg-2232abb7=4#goto_list_actes_2232abb7\" class=\"page-change \" data-page=\"4\" title=\"Aller \u00e0 la page 4 de la liste des actes\">4<\/a><\/li><li><a href=\"\/raa\/wp-json\/wp\/v2\/pages\/12254?pg-2232abb7=5#goto_list_actes_2232abb7\" class=\"page-change \" data-page=\"5\" title=\"Aller \u00e0 la page 5 de la liste des actes\">5<\/a><\/li><li><a href=\"\/raa\/wp-json\/wp\/v2\/pages\/12254?pg-2232abb7=6#goto_list_actes_2232abb7\" class=\"page-change \" data-page=\"6\" title=\"Aller \u00e0 la page 6 de la liste des actes\">6<\/a><\/li><li><a href=\"\/raa\/wp-json\/wp\/v2\/pages\/12254?pg-2232abb7=7#goto_list_actes_2232abb7\" class=\"page-change \" data-page=\"7\" title=\"Aller \u00e0 la page 7 de la liste des actes\">7<\/a><\/li><li><a href=\"\/raa\/wp-json\/wp\/v2\/pages\/12254?pg-2232abb7=8#goto_list_actes_2232abb7\" class=\"page-change \" data-page=\"8\" title=\"Aller \u00e0 la page 8 de la liste des actes\">8<\/a><\/li><li><a href=\"\/raa\/wp-json\/wp\/v2\/pages\/12254?pg-2232abb7=9#goto_list_actes_2232abb7\" class=\"page-change \" data-page=\"9\" title=\"Aller \u00e0 la page 9 de la liste des actes\">9<\/a><\/li><li><a href=\"\/raa\/wp-json\/wp\/v2\/pages\/12254?pg-2232abb7=10#goto_list_actes_2232abb7\" class=\"page-change \" data-page=\"10\" title=\"Aller \u00e0 la page 10 de la liste des actes\">10<\/a><\/li><li><a href=\"\/raa\/wp-json\/wp\/v2\/pages\/12254?pg-2232abb7=3#goto_list_actes_2232abb7\" class=\"page-change\" data-page=\"next\" title=\"Aller \u00e0 la page suivante de la liste des actes\">><\/a><\/li><li><a href=\"\/raa\/wp-json\/wp\/v2\/pages\/12254?pg-2232abb7=131#goto_list_actes_2232abb7\" class=\"page-change end\" data-page=\"131\" title=\"Aller \u00e0 la derni\u00e8re page de la liste des actes\">>><\/a><\/li><\/ul><\/div><\/div><ul class=\"liste_des_actes\"><li><a href=\"#\" data-featherlight=\"#actelightbox_25950\" title=\"Voir le d\u00e9tail de l'acte 2026-083-LAE-Deux formations MAEC le 6 f\u00e9vrier 2026 en Zone Est et en Zone Ouest\">2026-083-LAE-Deux formations MAEC le 6 f\u00e9vrier 2026 en Zone Est et en Zone Ouest<\/a><div id=\"actelightbox_25950\" class=\"actelightbox\"><div class=\"acte_name\">2026-083-LAE-Deux formations MAEC le 6 f\u00e9vrier 2026 en Zone Est et en Zone Ouest<\/div><div class=\"acte_type\">2026 - D\u00e9cisions prises dans le cadre de la d\u00e9l\u00e9gation du CA<\/div><div class=\"acte_pub_date\">Publi\u00e9 le : 27\/04\/2026<\/div><div class=\"acte_files\"><ul><li><a href=\"https:\/\/www.univ-lorraine.fr\/raa\/wp-content\/uploads\/sites\/6\/2026\/04\/2026-083-lae-deux-formations-maec-le-6-fevrier-2026-en-zone-est-et-en-zone-ouest.pdf\" target=\"_blank\" title=\"T\u00e9l\u00e9charger le fichier 2026-083-LAE-Deux formations MAEC le 6 f\u00e9vrier 2026 en Zone Est et en Zone Ouest\"><img decoding=\"async\" src=\"https:\/\/www.univ-lorraine.fr\/raa\/wp-content\/plugins\/ul-raa\/img\/pdf.svg\" alt=\"\" \/>2026-083-LAE-Deux formations MAEC le 6 f\u00e9vrier 2026 en Zone Est et en Zone Ouest (40.86 Ko)<\/a><\/li><\/ul><\/div><\/div><\/li><li><a href=\"#\" data-featherlight=\"#actelightbox_25948\" title=\"Voir le d\u00e9tail de l'acte 2026-082-ODONTO-diverses prestations\">2026-082-ODONTO-diverses prestations<\/a><div id=\"actelightbox_25948\" class=\"actelightbox\"><div class=\"acte_name\">2026-082-ODONTO-diverses prestations<\/div><div class=\"acte_type\">2026 - D\u00e9cisions prises dans le cadre de la d\u00e9l\u00e9gation du CA<\/div><div class=\"acte_pub_date\">Publi\u00e9 le : 27\/04\/2026<\/div><div class=\"acte_files\"><ul><li><a href=\"https:\/\/www.univ-lorraine.fr\/raa\/wp-content\/uploads\/sites\/6\/2026\/04\/2026-082-odonto-diverses-prestations.pdf\" target=\"_blank\" title=\"T\u00e9l\u00e9charger le fichier 2026-082-ODONTO-diverses prestations\"><img decoding=\"async\" src=\"https:\/\/www.univ-lorraine.fr\/raa\/wp-content\/plugins\/ul-raa\/img\/pdf.svg\" alt=\"\" \/>2026-082-ODONTO-diverses prestations (49.80 Ko)<\/a><\/li><\/ul><\/div><\/div><\/li><li><a href=\"#\" data-featherlight=\"#actelightbox_25946\" title=\"Voir le d\u00e9tail de l'acte 2026-081-LERMAB-diverses prestations\">2026-081-LERMAB-diverses prestations<\/a><div id=\"actelightbox_25946\" class=\"actelightbox\"><div class=\"acte_name\">2026-081-LERMAB-diverses prestations<\/div><div class=\"acte_type\">2026 - D\u00e9cisions prises dans le cadre de la d\u00e9l\u00e9gation du CA<\/div><div class=\"acte_pub_date\">Publi\u00e9 le : 27\/04\/2026<\/div><div class=\"acte_files\"><ul><li><a href=\"https:\/\/www.univ-lorraine.fr\/raa\/wp-content\/uploads\/sites\/6\/2026\/04\/2026-081-lermab-diverses-prestations.pdf\" target=\"_blank\" title=\"T\u00e9l\u00e9charger le fichier 2026-081-LERMAB-diverses prestations\"><img decoding=\"async\" src=\"https:\/\/www.univ-lorraine.fr\/raa\/wp-content\/plugins\/ul-raa\/img\/pdf.svg\" alt=\"\" \/>2026-081-LERMAB-diverses prestations (52.02 Ko)<\/a><\/li><\/ul><\/div><\/div><\/li><li><a href=\"#\" data-featherlight=\"#actelightbox_25944\" title=\"Voir le d\u00e9tail de l'acte 2026-080-georessources-catalogue\">2026-080-georessources-catalogue<\/a><div id=\"actelightbox_25944\" class=\"actelightbox\"><div class=\"acte_name\">2026-080-georessources-catalogue<\/div><div class=\"acte_type\">2026 - D\u00e9cisions prises dans le cadre de la d\u00e9l\u00e9gation du CA<\/div><div class=\"acte_pub_date\">Publi\u00e9 le : 27\/04\/2026<\/div><div class=\"acte_files\"><ul><li><a href=\"https:\/\/www.univ-lorraine.fr\/raa\/wp-content\/uploads\/sites\/6\/2026\/04\/2026-080-georessources-catalogue.pdf\" target=\"_blank\" title=\"T\u00e9l\u00e9charger le fichier 2026-080-georessources-catalogue\"><img decoding=\"async\" src=\"https:\/\/www.univ-lorraine.fr\/raa\/wp-content\/plugins\/ul-raa\/img\/pdf.svg\" alt=\"\" \/>2026-080-georessources-catalogue (122.77 Ko)<\/a><\/li><\/ul><\/div><\/div><\/li><li><a href=\"#\" data-featherlight=\"#actelightbox_25942\" title=\"Voir le d\u00e9tail de l'acte 2026-079-ENIM-diverses prestations\">2026-079-ENIM-diverses prestations<\/a><div id=\"actelightbox_25942\" class=\"actelightbox\"><div class=\"acte_name\">2026-079-ENIM-diverses prestations<\/div><div class=\"acte_type\">2026 - D\u00e9cisions prises dans le cadre de la d\u00e9l\u00e9gation du CA<\/div><div class=\"acte_pub_date\">Publi\u00e9 le : 27\/04\/2026<\/div><div class=\"acte_files\"><ul><li><a href=\"https:\/\/www.univ-lorraine.fr\/raa\/wp-content\/uploads\/sites\/6\/2026\/04\/2026-079-enim-diverses-prestations.pdf\" target=\"_blank\" title=\"T\u00e9l\u00e9charger le fichier 2026-079-ENIM-diverses prestations\"><img decoding=\"async\" src=\"https:\/\/www.univ-lorraine.fr\/raa\/wp-content\/plugins\/ul-raa\/img\/pdf.svg\" alt=\"\" \/>2026-079-ENIM-diverses prestations (52.20 Ko)<\/a><\/li><\/ul><\/div><\/div><\/li><li><a href=\"#\" data-featherlight=\"#actelightbox_25940\" title=\"Voir le d\u00e9tail de l'acte 2026-078-POLE BMS- plateforme b2s\">2026-078-POLE BMS- plateforme b2s<\/a><div id=\"actelightbox_25940\" class=\"actelightbox\"><div class=\"acte_name\">2026-078-POLE BMS- plateforme b2s<\/div><div class=\"acte_type\">2026 - D\u00e9cisions prises dans le cadre de la d\u00e9l\u00e9gation du CA<\/div><div class=\"acte_pub_date\">Publi\u00e9 le : 27\/04\/2026<\/div><div class=\"acte_files\"><ul><li><a href=\"https:\/\/www.univ-lorraine.fr\/raa\/wp-content\/uploads\/sites\/6\/2026\/04\/2026-078-pole-bms-plateforme-b2s.pdf\" target=\"_blank\" title=\"T\u00e9l\u00e9charger le fichier 2026-078-POLE BMS- plateforme b2s\"><img decoding=\"async\" src=\"https:\/\/www.univ-lorraine.fr\/raa\/wp-content\/plugins\/ul-raa\/img\/pdf.svg\" alt=\"\" \/>2026-078-POLE BMS- plateforme b2s (116.89 Ko)<\/a><\/li><\/ul><\/div><\/div><\/li><li><a href=\"#\" data-featherlight=\"#actelightbox_25938\" title=\"Voir le d\u00e9tail de l'acte 2026-077-UFR ALLL 2026 2027\">2026-077-UFR ALLL 2026 2027<\/a><div id=\"actelightbox_25938\" class=\"actelightbox\"><div class=\"acte_name\">2026-077-UFR ALLL 2026 2027<\/div><div class=\"acte_type\">2026 - D\u00e9cisions prises dans le cadre de la d\u00e9l\u00e9gation du CA<\/div><div class=\"acte_pub_date\">Publi\u00e9 le : 27\/04\/2026<\/div><div class=\"acte_files\"><ul><li><a href=\"https:\/\/www.univ-lorraine.fr\/raa\/wp-content\/uploads\/sites\/6\/2026\/04\/2026-077-ufr-alll-2026-2027.pdf\" target=\"_blank\" title=\"T\u00e9l\u00e9charger le fichier 2026-077-UFR ALLL 2026 2027\"><img decoding=\"async\" src=\"https:\/\/www.univ-lorraine.fr\/raa\/wp-content\/plugins\/ul-raa\/img\/pdf.svg\" alt=\"\" \/>2026-077-UFR ALLL 2026 2027 (482.32 Ko)<\/a><\/li><\/ul><\/div><\/div><\/li><li><a href=\"#\" data-featherlight=\"#actelightbox_25936\" title=\"Voir le d\u00e9tail de l'acte 2026-076-Collegium TECH-complement tarif 2025-2026\">2026-076-Collegium TECH-complement tarif 2025-2026<\/a><div id=\"actelightbox_25936\" class=\"actelightbox\"><div class=\"acte_name\">2026-076-Collegium TECH-complement tarif 2025-2026<\/div><div class=\"acte_type\">2026 - D\u00e9cisions prises dans le cadre de la d\u00e9l\u00e9gation du CA<\/div><div class=\"acte_pub_date\">Publi\u00e9 le : 27\/04\/2026<\/div><div class=\"acte_files\"><ul><li><a href=\"https:\/\/www.univ-lorraine.fr\/raa\/wp-content\/uploads\/sites\/6\/2026\/04\/2026-076-collegium-tech-complement-tarif-2025-2026.pdf\" target=\"_blank\" title=\"T\u00e9l\u00e9charger le fichier 2026-076-Collegium TECH-complement tarif 2025-2026\"><img decoding=\"async\" src=\"https:\/\/www.univ-lorraine.fr\/raa\/wp-content\/plugins\/ul-raa\/img\/pdf.svg\" alt=\"\" \/>2026-076-Collegium TECH-complement tarif 2025-2026 (96.28 Ko)<\/a><\/li><\/ul><\/div><\/div><\/li><li><a href=\"#\" data-featherlight=\"#actelightbox_25934\" title=\"Voir le d\u00e9tail de l'acte 2026-075-MEDIAL 2026 2027\">2026-075-MEDIAL 2026 2027<\/a><div id=\"actelightbox_25934\" class=\"actelightbox\"><div class=\"acte_name\">2026-075-MEDIAL 2026 2027<\/div><div class=\"acte_type\">2026 - D\u00e9cisions prises dans le cadre de la d\u00e9l\u00e9gation du CA<\/div><div class=\"acte_pub_date\">Publi\u00e9 le : 27\/04\/2026<\/div><div class=\"acte_files\"><ul><li><a href=\"https:\/\/www.univ-lorraine.fr\/raa\/wp-content\/uploads\/sites\/6\/2026\/04\/2026-075-medial-2026-2027.pdf\" target=\"_blank\" title=\"T\u00e9l\u00e9charger le fichier 2026-075-MEDIAL 2026 2027\"><img decoding=\"async\" src=\"https:\/\/www.univ-lorraine.fr\/raa\/wp-content\/plugins\/ul-raa\/img\/pdf.svg\" alt=\"\" \/>2026-075-MEDIAL 2026 2027 (144.27 Ko)<\/a><\/li><\/ul><\/div><\/div><\/li><li><a href=\"#\" data-featherlight=\"#actelightbox_25932\" title=\"Voir le d\u00e9tail de l'acte 2026-074-compl\u00e9ment Collegium sante-tarif 2025-2026\">2026-074-compl\u00e9ment Collegium sante-tarif 2025-2026<\/a><div id=\"actelightbox_25932\" class=\"actelightbox\"><div class=\"acte_name\">2026-074-compl\u00e9ment Collegium sante-tarif 2025-2026<\/div><div class=\"acte_type\">2026 - D\u00e9cisions prises dans le cadre de la d\u00e9l\u00e9gation du CA<\/div><div class=\"acte_pub_date\">Publi\u00e9 le : 27\/04\/2026<\/div><div class=\"acte_files\"><ul><li><a href=\"https:\/\/www.univ-lorraine.fr\/raa\/wp-content\/uploads\/sites\/6\/2026\/04\/2026-074-complement-collegium-sante-tarif-2025-2026.pdf\" target=\"_blank\" title=\"T\u00e9l\u00e9charger le fichier 2026-074-compl\u00e9ment Collegium sante-tarif 2025-2026\"><img decoding=\"async\" src=\"https:\/\/www.univ-lorraine.fr\/raa\/wp-content\/plugins\/ul-raa\/img\/pdf.svg\" alt=\"\" \/>2026-074-compl\u00e9ment Collegium sante-tarif 2025-2026 (96.58 Ko)<\/a><\/li><\/ul><\/div><\/div><\/li><li><a href=\"#\" data-featherlight=\"#actelightbox_25930\" title=\"Voir le d\u00e9tail de l'acte 2026-073-EEIGM-diverses prestations\">2026-073-EEIGM-diverses prestations<\/a><div id=\"actelightbox_25930\" class=\"actelightbox\"><div class=\"acte_name\">2026-073-EEIGM-diverses prestations<\/div><div class=\"acte_type\">2026 - D\u00e9cisions prises dans le cadre de la d\u00e9l\u00e9gation du CA<\/div><div class=\"acte_pub_date\">Publi\u00e9 le : 27\/04\/2026<\/div><div class=\"acte_files\"><ul><li><a href=\"https:\/\/www.univ-lorraine.fr\/raa\/wp-content\/uploads\/sites\/6\/2026\/04\/2026-073-eeigm-diverses-prestations.pdf\" target=\"_blank\" title=\"T\u00e9l\u00e9charger le fichier 2026-073-EEIGM-diverses prestations\"><img decoding=\"async\" src=\"https:\/\/www.univ-lorraine.fr\/raa\/wp-content\/plugins\/ul-raa\/img\/pdf.svg\" alt=\"\" \/>2026-073-EEIGM-diverses prestations (65.83 Ko)<\/a><\/li><\/ul><\/div><\/div><\/li><li><a href=\"#\" data-featherlight=\"#actelightbox_25815\" title=\"Voir le d\u00e9tail de l'acte 2026-072-LERMAB-diverses prestations\">2026-072-LERMAB-diverses prestations<\/a><div id=\"actelightbox_25815\" class=\"actelightbox\"><div class=\"acte_name\">2026-072-LERMAB-diverses prestations<\/div><div class=\"acte_type\">2026 - D\u00e9cisions prises dans le cadre de la d\u00e9l\u00e9gation du CA<\/div><div class=\"acte_pub_date\">Publi\u00e9 le : 7\/04\/2026<\/div><div class=\"acte_files\"><ul><li><a href=\"https:\/\/www.univ-lorraine.fr\/raa\/wp-content\/uploads\/sites\/6\/2026\/04\/2026-072-lermab-diverses-prestations.pdf\" target=\"_blank\" title=\"T\u00e9l\u00e9charger le fichier 2026-072-LERMAB-diverses prestations\"><img decoding=\"async\" src=\"https:\/\/www.univ-lorraine.fr\/raa\/wp-content\/plugins\/ul-raa\/img\/pdf.svg\" alt=\"\" \/>2026-072-LERMAB-diverses prestations (52.27 Ko)<\/a><\/li><\/ul><\/div><\/div><\/li><li><a href=\"#\" data-featherlight=\"#actelightbox_25813\" title=\"Voir le d\u00e9tail de l'acte 2026-071-IUT NB-\u00c9tude de l\u2019effet neutralisant de produits \u00e0 base d\u2019argile vis-\u00e0-vis de la fumonisine B\">2026-071-IUT NB-\u00c9tude de l\u2019effet neutralisant de produits \u00e0 base d\u2019argile vis-\u00e0-vis de la fumonisine B<\/a><div id=\"actelightbox_25813\" class=\"actelightbox\"><div class=\"acte_name\">2026-071-IUT NB-\u00c9tude de l\u2019effet neutralisant de produits \u00e0 base d\u2019argile vis-\u00e0-vis de la fumonisine B<\/div><div class=\"acte_type\">2026 - D\u00e9cisions prises dans le cadre de la d\u00e9l\u00e9gation du CA<\/div><div class=\"acte_pub_date\">Publi\u00e9 le : 7\/04\/2026<\/div><div class=\"acte_files\"><ul><li><a href=\"https:\/\/www.univ-lorraine.fr\/raa\/wp-content\/uploads\/sites\/6\/2026\/04\/2026-071-iut-nb-etude-de-leffet-neutralisant-de-produits-a-base-dargile-vis-a-vis-de-la-fumonisine-b1.pdf\" target=\"_blank\" title=\"T\u00e9l\u00e9charger le fichier 2026-071-IUT NB-\u00c9tude de l\u2019effet neutralisant de produits \u00e0 base d\u2019argile vis-\u00e0-vis de la fumonisine B1\"><img decoding=\"async\" src=\"https:\/\/www.univ-lorraine.fr\/raa\/wp-content\/plugins\/ul-raa\/img\/pdf.svg\" alt=\"\" \/>2026-071-IUT NB-\u00c9tude de l\u2019effet neutralisant de produits \u00e0 base d\u2019argile vis-\u00e0-vis de la fumonisine B1 (44.87 Ko)<\/a><\/li><\/ul><\/div><\/div><\/li><li><a href=\"#\" data-featherlight=\"#actelightbox_25811\" title=\"Voir le d\u00e9tail de l'acte 2026-070-UFR DEA-SUMMER SCHOOl\">2026-070-UFR DEA-SUMMER SCHOOl<\/a><div id=\"actelightbox_25811\" class=\"actelightbox\"><div class=\"acte_name\">2026-070-UFR DEA-SUMMER SCHOOl<\/div><div class=\"acte_type\">2026 - D\u00e9cisions prises dans le cadre de la d\u00e9l\u00e9gation du CA<\/div><div class=\"acte_pub_date\">Publi\u00e9 le : 7\/04\/2026<\/div><div class=\"acte_files\"><ul><li><a href=\"https:\/\/www.univ-lorraine.fr\/raa\/wp-content\/uploads\/sites\/6\/2026\/04\/2026-070-ufr-dea-summer-school.pdf\" target=\"_blank\" title=\"T\u00e9l\u00e9charger le fichier 2026-070-UFR DEA-SUMMER SCHOOl\"><img decoding=\"async\" src=\"https:\/\/www.univ-lorraine.fr\/raa\/wp-content\/plugins\/ul-raa\/img\/pdf.svg\" alt=\"\" \/>2026-070-UFR DEA-SUMMER SCHOOl (48.76 Ko)<\/a><\/li><\/ul><\/div><\/div><\/li><li><a href=\"#\" data-featherlight=\"#actelightbox_25801\" title=\"Voir le d\u00e9tail de l'acte 2026-069-MEDECINE-dept anatomie\">2026-069-MEDECINE-dept anatomie<\/a><div id=\"actelightbox_25801\" class=\"actelightbox\"><div class=\"acte_name\">2026-069-MEDECINE-dept anatomie<\/div><div class=\"acte_type\">2026 - D\u00e9cisions prises dans le cadre de la d\u00e9l\u00e9gation du CA<\/div><div class=\"acte_pub_date\">Publi\u00e9 le : 26\/03\/2026<\/div><div class=\"acte_files\"><ul><li><a href=\"https:\/\/www.univ-lorraine.fr\/raa\/wp-content\/uploads\/sites\/6\/2026\/03\/2026-069-medecine-dept-anatomie.pdf\" target=\"_blank\" title=\"T\u00e9l\u00e9charger le fichier 2026-069-MEDECINE-dept anatomie\"><img decoding=\"async\" src=\"https:\/\/www.univ-lorraine.fr\/raa\/wp-content\/plugins\/ul-raa\/img\/pdf.svg\" alt=\"\" \/>2026-069-MEDECINE-dept anatomie (114.82 Ko)<\/a><\/li><\/ul><\/div><\/div><\/li><li><a href=\"#\" data-featherlight=\"#actelightbox_25799\" title=\"Voir le d\u00e9tail de l'acte 2026-068-MEDECINE-dept CUESIM\">2026-068-MEDECINE-dept CUESIM<\/a><div id=\"actelightbox_25799\" class=\"actelightbox\"><div class=\"acte_name\">2026-068-MEDECINE-dept CUESIM<\/div><div class=\"acte_type\">2026 - D\u00e9cisions prises dans le cadre de la d\u00e9l\u00e9gation du CA<\/div><div class=\"acte_pub_date\">Publi\u00e9 le : 26\/03\/2026<\/div><div class=\"acte_files\"><ul><li><a href=\"https:\/\/www.univ-lorraine.fr\/raa\/wp-content\/uploads\/sites\/6\/2026\/03\/2026-068-medecine-dept-cuesim.pdf\" target=\"_blank\" title=\"T\u00e9l\u00e9charger le fichier 2026-068-MEDECINE-dept CUESIM\"><img decoding=\"async\" src=\"https:\/\/www.univ-lorraine.fr\/raa\/wp-content\/plugins\/ul-raa\/img\/pdf.svg\" alt=\"\" \/>2026-068-MEDECINE-dept CUESIM (364.46 Ko)<\/a><\/li><\/ul><\/div><\/div><\/li><li><a href=\"#\" data-featherlight=\"#actelightbox_25797\" title=\"Voir le d\u00e9tail de l'acte 2026-067-EEIGM-diverses prestations\">2026-067-EEIGM-diverses prestations<\/a><div id=\"actelightbox_25797\" class=\"actelightbox\"><div class=\"acte_name\">2026-067-EEIGM-diverses prestations<\/div><div class=\"acte_type\">2026 - D\u00e9cisions prises dans le cadre de la d\u00e9l\u00e9gation du CA<\/div><div class=\"acte_pub_date\">Publi\u00e9 le : 26\/03\/2026<\/div><div class=\"acte_files\"><ul><li><a href=\"https:\/\/www.univ-lorraine.fr\/raa\/wp-content\/uploads\/sites\/6\/2026\/03\/2026-067-eeigm-diverses-prestations.pdf\" target=\"_blank\" title=\"T\u00e9l\u00e9charger le fichier 2026-067-EEIGM-diverses prestations\"><img decoding=\"async\" src=\"https:\/\/www.univ-lorraine.fr\/raa\/wp-content\/plugins\/ul-raa\/img\/pdf.svg\" alt=\"\" \/>2026-067-EEIGM-diverses prestations (57.77 Ko)<\/a><\/li><\/ul><\/div><\/div><\/li><li><a href=\"#\" data-featherlight=\"#actelightbox_25792\" title=\"Voir le d\u00e9tail de l'acte 2026-066-IRENEE-ECOLE ETE\">2026-066-IRENEE-ECOLE ETE<\/a><div id=\"actelightbox_25792\" class=\"actelightbox\"><div class=\"acte_name\">2026-066-IRENEE-ECOLE ETE<\/div><div class=\"acte_type\">2026 - D\u00e9cisions prises dans le cadre de la d\u00e9l\u00e9gation du CA<\/div><div class=\"acte_pub_date\">Publi\u00e9 le : 23\/03\/2026<\/div><div class=\"acte_files\"><ul><li><a href=\"https:\/\/www.univ-lorraine.fr\/raa\/wp-content\/uploads\/sites\/6\/2026\/03\/2026-066-irenee-ecole-ete.pdf\" target=\"_blank\" title=\"T\u00e9l\u00e9charger le fichier 2026-066-IRENEE-ECOLE ETE\"><img decoding=\"async\" src=\"https:\/\/www.univ-lorraine.fr\/raa\/wp-content\/plugins\/ul-raa\/img\/pdf.svg\" alt=\"\" \/>2026-066-IRENEE-ECOLE ETE (59.10 Ko)<\/a><\/li><\/ul><\/div><\/div><\/li><li><a href=\"#\" data-featherlight=\"#actelightbox_25790\" title=\"Voir le d\u00e9tail de l'acte 2026-065-CRULH-ouvrages des PHEst\">2026-065-CRULH-ouvrages des PHEst<\/a><div id=\"actelightbox_25790\" class=\"actelightbox\"><div class=\"acte_name\">2026-065-CRULH-ouvrages des PHEst<\/div><div class=\"acte_type\">2026 - D\u00e9cisions prises dans le cadre de la d\u00e9l\u00e9gation du CA<\/div><div class=\"acte_pub_date\">Publi\u00e9 le : 23\/03\/2026<\/div><div class=\"acte_files\"><ul><li><a href=\"https:\/\/www.univ-lorraine.fr\/raa\/wp-content\/uploads\/sites\/6\/2026\/03\/2026-065-crulh-ouvrages-des-phest.pdf\" target=\"_blank\" title=\"T\u00e9l\u00e9charger le fichier 2026-065-CRULH-ouvrages des PHEst\"><img decoding=\"async\" src=\"https:\/\/www.univ-lorraine.fr\/raa\/wp-content\/plugins\/ul-raa\/img\/pdf.svg\" alt=\"\" \/>2026-065-CRULH-ouvrages des PHEst (40.81 Ko)<\/a><\/li><\/ul><\/div><\/div><\/li><li><a href=\"#\" data-featherlight=\"#actelightbox_25788\" title=\"Voir le d\u00e9tail de l'acte 2026-064-LORIA-ECOLE ETE\">2026-064-LORIA-ECOLE ETE<\/a><div id=\"actelightbox_25788\" class=\"actelightbox\"><div class=\"acte_name\">2026-064-LORIA-ECOLE ETE<\/div><div class=\"acte_type\">2026 - D\u00e9cisions prises dans le cadre de la d\u00e9l\u00e9gation du CA<\/div><div class=\"acte_pub_date\">Publi\u00e9 le : 23\/03\/2026<\/div><div class=\"acte_files\"><ul><li><a href=\"https:\/\/www.univ-lorraine.fr\/raa\/wp-content\/uploads\/sites\/6\/2026\/03\/2026-064-loria-ecole-ete.pdf\" target=\"_blank\" title=\"T\u00e9l\u00e9charger le fichier 2026-064-LORIA-ECOLE ETE\"><img decoding=\"async\" src=\"https:\/\/www.univ-lorraine.fr\/raa\/wp-content\/plugins\/ul-raa\/img\/pdf.svg\" alt=\"\" \/>2026-064-LORIA-ECOLE ETE (62.81 Ko)<\/a><\/li><\/ul><\/div><\/div><\/li><\/ul><\/div>\n\n<\/div><\/div>","protected":false},"excerpt":{"rendered":"<p>Le Pr\u00e9sident de l&rsquo;Universit\u00e9 de Lorraine b\u00e9n\u00e9ficie d&rsquo;une d\u00e9l\u00e9gation de pouvoir du Conseil d&rsquo;Administration aux fins d&rsquo;exercer certaines de ses attributions. En vertu de celle-ci, le Pr\u00e9sident est comp\u00e9tent pour prendre certaines d\u00e9cisions, ici publi\u00e9es Vider les filtres<\/p>\n","protected":false},"author":4,"featured_media":0,"parent":0,"menu_order":0,"comment_status":"closed","ping_status":"closed","template":"","meta":{"inline_featured_image":false,"footnotes":""},"class_list":["post-12254","page","type-page","status-publish"],"yoast_head":"<!-- This site is optimized with the Yoast SEO plugin v27.4 - https:\/\/yoast.com\/product\/yoast-seo-wordpress\/ -->\n<title>D\u00e9cisions prises dans le cadre de la d\u00e9l\u00e9gation du CA - Recueil des Actes Administratifs (RAA)<\/title>\n<meta name=\"robots\" content=\"index, follow, max-snippet:-1, max-image-preview:large, max-video-preview:-1\" \/>\n<link rel=\"canonical\" href=\"https:\/\/www.univ-lorraine.fr\/raa\/decisions-prises-dans-le-cadre-de-la-delegation-du-ca\/\" \/>\n<meta property=\"og:locale\" content=\"fr_FR\" \/>\n<meta property=\"og:type\" content=\"article\" \/>\n<meta property=\"og:title\" content=\"D\u00e9cisions prises dans le cadre de la d\u00e9l\u00e9gation du CA - Recueil des Actes Administratifs (RAA)\" \/>\n<meta property=\"og:description\" content=\"Le Pr\u00e9sident de l&rsquo;Universit\u00e9 de Lorraine b\u00e9n\u00e9ficie d&rsquo;une d\u00e9l\u00e9gation de pouvoir du Conseil d&rsquo;Administration aux fins d&rsquo;exercer certaines de ses attributions. En vertu de celle-ci, le Pr\u00e9sident est comp\u00e9tent pour prendre certaines d\u00e9cisions, ici publi\u00e9es Vider les filtres\" \/>\n<meta property=\"og:url\" content=\"https:\/\/www.univ-lorraine.fr\/raa\/decisions-prises-dans-le-cadre-de-la-delegation-du-ca\/\" \/>\n<meta property=\"og:site_name\" content=\"Recueil des Actes Administratifs (RAA)\" \/>\n<meta property=\"article:modified_time\" content=\"2025-04-22T13:09:11+00:00\" \/>\n<meta name=\"twitter:card\" content=\"summary_large_image\" \/>\n<meta name=\"twitter:label1\" content=\"Dur\u00e9e de lecture estim\u00e9e\" \/>\n\t<meta name=\"twitter:data1\" content=\"1 minute\" \/>\n<script type=\"application\/ld+json\" class=\"yoast-schema-graph\">{\"@context\":\"https:\\\/\\\/schema.org\",\"@graph\":[{\"@type\":\"WebPage\",\"@id\":\"https:\\\/\\\/www.univ-lorraine.fr\\\/raa\\\/decisions-prises-dans-le-cadre-de-la-delegation-du-ca\\\/\",\"url\":\"https:\\\/\\\/www.univ-lorraine.fr\\\/raa\\\/decisions-prises-dans-le-cadre-de-la-delegation-du-ca\\\/\",\"name\":\"D\u00e9cisions prises dans le cadre de la d\u00e9l\u00e9gation du CA - Recueil des Actes Administratifs (RAA)\",\"isPartOf\":{\"@id\":\"https:\\\/\\\/www.univ-lorraine.fr\\\/raa\\\/#website\"},\"datePublished\":\"2021-02-24T15:49:26+00:00\",\"dateModified\":\"2025-04-22T13:09:11+00:00\",\"breadcrumb\":{\"@id\":\"https:\\\/\\\/www.univ-lorraine.fr\\\/raa\\\/decisions-prises-dans-le-cadre-de-la-delegation-du-ca\\\/#breadcrumb\"},\"inLanguage\":\"fr-FR\",\"potentialAction\":[{\"@type\":\"ReadAction\",\"target\":[\"https:\\\/\\\/www.univ-lorraine.fr\\\/raa\\\/decisions-prises-dans-le-cadre-de-la-delegation-du-ca\\\/\"]}]},{\"@type\":\"BreadcrumbList\",\"@id\":\"https:\\\/\\\/www.univ-lorraine.fr\\\/raa\\\/decisions-prises-dans-le-cadre-de-la-delegation-du-ca\\\/#breadcrumb\",\"itemListElement\":[{\"@type\":\"ListItem\",\"position\":1,\"name\":\"Accueil\",\"item\":\"https:\\\/\\\/www.univ-lorraine.fr\\\/raa\\\/\"},{\"@type\":\"ListItem\",\"position\":2,\"name\":\"D\u00e9cisions prises dans le cadre de la d\u00e9l\u00e9gation du CA\"}]},{\"@type\":\"WebSite\",\"@id\":\"https:\\\/\\\/www.univ-lorraine.fr\\\/raa\\\/#website\",\"url\":\"https:\\\/\\\/www.univ-lorraine.fr\\\/raa\\\/\",\"name\":\"Recueil des Actes Administratifs (RAA)\",\"description\":\"\",\"publisher\":{\"@id\":\"https:\\\/\\\/www.univ-lorraine.fr\\\/raa\\\/#organization\"},\"potentialAction\":[{\"@type\":\"SearchAction\",\"target\":{\"@type\":\"EntryPoint\",\"urlTemplate\":\"https:\\\/\\\/www.univ-lorraine.fr\\\/raa\\\/?s={search_term_string}\"},\"query-input\":{\"@type\":\"PropertyValueSpecification\",\"valueRequired\":true,\"valueName\":\"search_term_string\"}}],\"inLanguage\":\"fr-FR\"},{\"@type\":\"Organization\",\"@id\":\"https:\\\/\\\/www.univ-lorraine.fr\\\/raa\\\/#organization\",\"name\":\"Universit\u00e9 de Lorraine\",\"url\":\"https:\\\/\\\/www.univ-lorraine.fr\\\/raa\\\/\",\"logo\":{\"@type\":\"ImageObject\",\"inLanguage\":\"fr-FR\",\"@id\":\"https:\\\/\\\/www.univ-lorraine.fr\\\/raa\\\/#\\\/schema\\\/logo\\\/image\\\/\",\"url\":\"https:\\\/\\\/www.univ-lorraine.fr\\\/raa\\\/wp-content\\\/uploads\\\/sites\\\/6\\\/2021\\\/01\\\/LOGO_UL.png\",\"contentUrl\":\"https:\\\/\\\/www.univ-lorraine.fr\\\/raa\\\/wp-content\\\/uploads\\\/sites\\\/6\\\/2021\\\/01\\\/LOGO_UL.png\",\"width\":138,\"height\":48,\"caption\":\"Universit\u00e9 de Lorraine\"},\"image\":{\"@id\":\"https:\\\/\\\/www.univ-lorraine.fr\\\/raa\\\/#\\\/schema\\\/logo\\\/image\\\/\"}}]}<\/script>\n<!-- \/ Yoast SEO plugin. -->","yoast_head_json":{"title":"D\u00e9cisions prises dans le cadre de la d\u00e9l\u00e9gation du CA - Recueil des Actes Administratifs (RAA)","robots":{"index":"index","follow":"follow","max-snippet":"max-snippet:-1","max-image-preview":"max-image-preview:large","max-video-preview":"max-video-preview:-1"},"canonical":"https:\/\/www.univ-lorraine.fr\/raa\/decisions-prises-dans-le-cadre-de-la-delegation-du-ca\/","og_locale":"fr_FR","og_type":"article","og_title":"D\u00e9cisions prises dans le cadre de la d\u00e9l\u00e9gation du CA - Recueil des Actes Administratifs (RAA)","og_description":"Le Pr\u00e9sident de l&rsquo;Universit\u00e9 de Lorraine b\u00e9n\u00e9ficie d&rsquo;une d\u00e9l\u00e9gation de pouvoir du Conseil d&rsquo;Administration aux fins d&rsquo;exercer certaines de ses attributions. En vertu de celle-ci, le Pr\u00e9sident est comp\u00e9tent pour prendre certaines d\u00e9cisions, ici publi\u00e9es Vider les filtres","og_url":"https:\/\/www.univ-lorraine.fr\/raa\/decisions-prises-dans-le-cadre-de-la-delegation-du-ca\/","og_site_name":"Recueil des Actes Administratifs (RAA)","article_modified_time":"2025-04-22T13:09:11+00:00","twitter_card":"summary_large_image","twitter_misc":{"Dur\u00e9e de lecture estim\u00e9e":"1 minute"},"schema":{"@context":"https:\/\/schema.org","@graph":[{"@type":"WebPage","@id":"https:\/\/www.univ-lorraine.fr\/raa\/decisions-prises-dans-le-cadre-de-la-delegation-du-ca\/","url":"https:\/\/www.univ-lorraine.fr\/raa\/decisions-prises-dans-le-cadre-de-la-delegation-du-ca\/","name":"D\u00e9cisions prises dans le cadre de la d\u00e9l\u00e9gation du CA - Recueil des Actes Administratifs (RAA)","isPartOf":{"@id":"https:\/\/www.univ-lorraine.fr\/raa\/#website"},"datePublished":"2021-02-24T15:49:26+00:00","dateModified":"2025-04-22T13:09:11+00:00","breadcrumb":{"@id":"https:\/\/www.univ-lorraine.fr\/raa\/decisions-prises-dans-le-cadre-de-la-delegation-du-ca\/#breadcrumb"},"inLanguage":"fr-FR","potentialAction":[{"@type":"ReadAction","target":["https:\/\/www.univ-lorraine.fr\/raa\/decisions-prises-dans-le-cadre-de-la-delegation-du-ca\/"]}]},{"@type":"BreadcrumbList","@id":"https:\/\/www.univ-lorraine.fr\/raa\/decisions-prises-dans-le-cadre-de-la-delegation-du-ca\/#breadcrumb","itemListElement":[{"@type":"ListItem","position":1,"name":"Accueil","item":"https:\/\/www.univ-lorraine.fr\/raa\/"},{"@type":"ListItem","position":2,"name":"D\u00e9cisions prises dans le cadre de la d\u00e9l\u00e9gation du CA"}]},{"@type":"WebSite","@id":"https:\/\/www.univ-lorraine.fr\/raa\/#website","url":"https:\/\/www.univ-lorraine.fr\/raa\/","name":"Recueil des Actes Administratifs (RAA)","description":"","publisher":{"@id":"https:\/\/www.univ-lorraine.fr\/raa\/#organization"},"potentialAction":[{"@type":"SearchAction","target":{"@type":"EntryPoint","urlTemplate":"https:\/\/www.univ-lorraine.fr\/raa\/?s={search_term_string}"},"query-input":{"@type":"PropertyValueSpecification","valueRequired":true,"valueName":"search_term_string"}}],"inLanguage":"fr-FR"},{"@type":"Organization","@id":"https:\/\/www.univ-lorraine.fr\/raa\/#organization","name":"Universit\u00e9 de Lorraine","url":"https:\/\/www.univ-lorraine.fr\/raa\/","logo":{"@type":"ImageObject","inLanguage":"fr-FR","@id":"https:\/\/www.univ-lorraine.fr\/raa\/#\/schema\/logo\/image\/","url":"https:\/\/www.univ-lorraine.fr\/raa\/wp-content\/uploads\/sites\/6\/2021\/01\/LOGO_UL.png","contentUrl":"https:\/\/www.univ-lorraine.fr\/raa\/wp-content\/uploads\/sites\/6\/2021\/01\/LOGO_UL.png","width":138,"height":48,"caption":"Universit\u00e9 de Lorraine"},"image":{"@id":"https:\/\/www.univ-lorraine.fr\/raa\/#\/schema\/logo\/image\/"}}]}},"_links":{"self":[{"href":"https:\/\/www.univ-lorraine.fr\/raa\/wp-json\/wp\/v2\/pages\/12254","targetHints":{"allow":["GET"]}}],"collection":[{"href":"https:\/\/www.univ-lorraine.fr\/raa\/wp-json\/wp\/v2\/pages"}],"about":[{"href":"https:\/\/www.univ-lorraine.fr\/raa\/wp-json\/wp\/v2\/types\/page"}],"author":[{"embeddable":true,"href":"https:\/\/www.univ-lorraine.fr\/raa\/wp-json\/wp\/v2\/users\/4"}],"replies":[{"embeddable":true,"href":"https:\/\/www.univ-lorraine.fr\/raa\/wp-json\/wp\/v2\/comments?post=12254"}],"version-history":[{"count":2,"href":"https:\/\/www.univ-lorraine.fr\/raa\/wp-json\/wp\/v2\/pages\/12254\/revisions"}],"predecessor-version":[{"id":24502,"href":"https:\/\/www.univ-lorraine.fr\/raa\/wp-json\/wp\/v2\/pages\/12254\/revisions\/24502"}],"wp:attachment":[{"href":"https:\/\/www.univ-lorraine.fr\/raa\/wp-json\/wp\/v2\/media?parent=12254"}],"curies":[{"name":"wp","href":"https:\/\/api.w.org\/{rel}","templated":true}]}}