{"id":16030,"date":"2021-03-01T12:21:26","date_gmt":"2021-03-01T11:21:26","guid":{"rendered":"https:\/\/www.univ-lorraine.fr\/raa\/?page_id=16030"},"modified":"2025-03-26T10:22:08","modified_gmt":"2025-03-26T09:22:08","slug":"statuts-et-reglements","status":"publish","type":"page","link":"https:\/\/www.univ-lorraine.fr\/raa\/statuts-et-reglements\/","title":{"rendered":"Statuts et r\u00e8glements"},"content":{"rendered":"\n<p>Apparaissent au sein de cette rubrique, le d\u00e9cret statutaire n\u00b0 2011-1169 du 22 septembre 2011 portant cr\u00e9ation de l&rsquo;Universit\u00e9 de Lorraine, ainsi que son r\u00e8glement int\u00e9rieur actuellement en vigueur.<\/p>\n\n\n<div id=\"liste_actes\"><a name=\"goto_list_actes_13d4a649\"><\/a><ul class=\"liste_des_actes\"><li><a href=\"#\" data-featherlight=\"#actelightbox_16401\" title=\"Voir le d\u00e9tail de l'acte D\u00e9cret n\u00b02011-1169 du 22 septembre 2011 modifi\u00e9 portant cr\u00e9ation de l'universit\u00e9 de Lorraine\">D\u00e9cret n\u00b02011-1169 du 22 septembre 2011 modifi\u00e9 portant cr\u00e9ation de l'universit\u00e9 de Lorraine<\/a><div id=\"actelightbox_16401\" class=\"actelightbox\"><div class=\"acte_name\">D\u00e9cret n\u00b02011-1169 du 22 septembre 2011 modifi\u00e9 portant cr\u00e9ation de l'universit\u00e9 de Lorraine<\/div><div class=\"acte_type\">2020 - Statut et r\u00e8glements<\/div><div class=\"acte_pub_date\">Publi\u00e9 le : 14\/04\/2021<\/div><div class=\"acte_files\"><ul><li><a href=\"https:\/\/www.univ-lorraine.fr\/raa\/wp-content\/uploads\/sites\/6\/2021\/04\/decret_2011-1169_creation_ul.pdf\" target=\"_blank\" title=\"T\u00e9l\u00e9charger le fichier decret_2011-1169_creation_ul\"><img decoding=\"async\" src=\"https:\/\/www.univ-lorraine.fr\/raa\/wp-content\/plugins\/ul-raa\/img\/pdf.svg\" alt=\"\" \/>decret_2011-1169_creation_ul (121.60 Ko)<\/a><\/li><\/ul><\/div><\/div><\/li><li><a href=\"#\" data-featherlight=\"#actelightbox_16399\" title=\"Voir le d\u00e9tail de l'acte R\u00e8glement int\u00e9rieur de l'universit\u00e9 de Lorraine (+ Coll\u00e9giums, P\u00f4les scientifiques et autres annexes)\">R\u00e8glement int\u00e9rieur de l'universit\u00e9 de Lorraine (+ Coll\u00e9giums, P\u00f4les scientifiques et autres annexes)<\/a><div id=\"actelightbox_16399\" class=\"actelightbox\"><div class=\"acte_name\">R\u00e8glement int\u00e9rieur de l'universit\u00e9 de Lorraine (+ Coll\u00e9giums, P\u00f4les scientifiques et autres annexes)<\/div><div class=\"acte_type\">2022 - Statut et r\u00e8glements<\/div><div class=\"acte_pub_date\">Publi\u00e9 le : 11\/07\/2020<\/div><div class=\"acte_files\"><ul><li><a href=\"https:\/\/www.univ-lorraine.fr\/raa\/wp-content\/uploads\/sites\/6\/2024\/02\/reglement-interieur.pdf\" target=\"_blank\" title=\"T\u00e9l\u00e9charger le fichier R\u00e8glement int\u00e9rieur de l'Universit\u00e9 de Lorraine\"><img decoding=\"async\" src=\"https:\/\/www.univ-lorraine.fr\/raa\/wp-content\/plugins\/ul-raa\/img\/pdf.svg\" alt=\"\" \/>R\u00e8glement int\u00e9rieur de l'Universit\u00e9 de Lorraine (556.44 Ko)<\/a><\/li><li><a href=\"https:\/\/www.univ-lorraine.fr\/raa\/wp-content\/uploads\/sites\/6\/2024\/02\/annexe-1-definition-des-sites-universitaires.pdf\" target=\"_blank\" title=\"T\u00e9l\u00e9charger le fichier Annexe 1 - D\u00e9finition des sites universitaires\"><img decoding=\"async\" src=\"https:\/\/www.univ-lorraine.fr\/raa\/wp-content\/plugins\/ul-raa\/img\/pdf.svg\" alt=\"\" \/>Annexe 1 - D\u00e9finition des sites universitaires (90.36 Ko)<\/a><\/li><li><a href=\"https:\/\/www.univ-lorraine.fr\/raa\/wp-content\/uploads\/sites\/6\/2024\/02\/annexe-2-repartition-des-electeurs-ec-dans-les-secteurs-de-formation-pour-les-elections-des-conseils.pdf\" target=\"_blank\" title=\"T\u00e9l\u00e9charger le fichier Annexe 2 - R\u00e9partition des \u00e9lecteurs EC dans les secteurs de formation pour les \u00e9lections des conseils\"><img decoding=\"async\" src=\"https:\/\/www.univ-lorraine.fr\/raa\/wp-content\/plugins\/ul-raa\/img\/pdf.svg\" alt=\"\" \/>Annexe 2 - R\u00e9partition des \u00e9lecteurs EC dans les secteurs de formation pour les \u00e9lections des conseils (109.36 Ko)<\/a><\/li><li><a href=\"https:\/\/www.univ-lorraine.fr\/raa\/wp-content\/uploads\/sites\/6\/2024\/02\/annexe-3-repartition-des-electeurs-usagers-dans-les-secteurs-de-formation-pour-les-elections-des-conseils.pdf\" target=\"_blank\" title=\"T\u00e9l\u00e9charger le fichier Annexe 3 - R\u00e9partition des \u00e9lecteurs usagers dans les secteurs de formation pour les \u00e9lections des conseils\"><img decoding=\"async\" src=\"https:\/\/www.univ-lorraine.fr\/raa\/wp-content\/plugins\/ul-raa\/img\/pdf.svg\" alt=\"\" \/>Annexe 3 - R\u00e9partition des \u00e9lecteurs usagers dans les secteurs de formation pour les \u00e9lections des conseils (119.38 Ko)<\/a><\/li><li><a href=\"https:\/\/www.univ-lorraine.fr\/raa\/wp-content\/uploads\/sites\/6\/2024\/02\/annexe-4-liste-et-composition-des-collegiums.pdf\" target=\"_blank\" title=\"T\u00e9l\u00e9charger le fichier Annexe 4 - Liste et composition des coll\u00e9giums\"><img decoding=\"async\" src=\"https:\/\/www.univ-lorraine.fr\/raa\/wp-content\/plugins\/ul-raa\/img\/pdf.svg\" alt=\"\" \/>Annexe 4 - Liste et composition des coll\u00e9giums (111.37 Ko)<\/a><\/li><li><a href=\"https:\/\/www.univ-lorraine.fr\/raa\/wp-content\/uploads\/sites\/6\/2025\/04\/annexe-5-liste-et-composition-des-poles-scientifiques-2.pdf\" target=\"_blank\" title=\"T\u00e9l\u00e9charger le fichier Annexe 5 - Liste et composition des P\u00f4les Scientifiques\"><img decoding=\"async\" src=\"https:\/\/www.univ-lorraine.fr\/raa\/wp-content\/plugins\/ul-raa\/img\/pdf.svg\" alt=\"\" \/>Annexe 5 - Liste et composition des P\u00f4les Scientifiques (152.69 Ko)<\/a><\/li><li><a href=\"https:\/\/www.univ-lorraine.fr\/raa\/wp-content\/uploads\/sites\/6\/2024\/02\/annexe-6.1-reglement-interieur-du-collegium-all.pdf\" target=\"_blank\" title=\"T\u00e9l\u00e9charger le fichier Annexe 6.1 - R\u00e8glement int\u00e9rieur du Coll\u00e9gium ALL\"><img decoding=\"async\" src=\"https:\/\/www.univ-lorraine.fr\/raa\/wp-content\/plugins\/ul-raa\/img\/pdf.svg\" alt=\"\" \/>Annexe 6.1 - R\u00e8glement int\u00e9rieur du Coll\u00e9gium ALL (131.51 Ko)<\/a><\/li><li><a href=\"https:\/\/www.univ-lorraine.fr\/raa\/wp-content\/uploads\/sites\/6\/2024\/02\/annexe-6.2-reglement-interieur-du-collegium-deg.pdf\" target=\"_blank\" title=\"T\u00e9l\u00e9charger le fichier Annexe 6.2 - R\u00e8glement int\u00e9rieur du Coll\u00e9gium DEG\"><img decoding=\"async\" src=\"https:\/\/www.univ-lorraine.fr\/raa\/wp-content\/plugins\/ul-raa\/img\/pdf.svg\" alt=\"\" \/>Annexe 6.2 - R\u00e8glement int\u00e9rieur du Coll\u00e9gium DEG (144.73 Ko)<\/a><\/li><li><a href=\"https:\/\/www.univ-lorraine.fr\/raa\/wp-content\/uploads\/sites\/6\/2024\/02\/annexe-6.3-reglement-interieur-du-collegium-lorraine-inp.pdf\" target=\"_blank\" title=\"T\u00e9l\u00e9charger le fichier Annexe 6.3 - R\u00e8glement int\u00e9rieur du Coll\u00e9gium Lorraine INP\"><img decoding=\"async\" src=\"https:\/\/www.univ-lorraine.fr\/raa\/wp-content\/plugins\/ul-raa\/img\/pdf.svg\" alt=\"\" \/>Annexe 6.3 - R\u00e8glement int\u00e9rieur du Coll\u00e9gium Lorraine INP (139.85 Ko)<\/a><\/li><li><a href=\"https:\/\/www.univ-lorraine.fr\/raa\/wp-content\/uploads\/sites\/6\/2024\/02\/annexe-6.4-reglement-interieur-du-collegium-lmi.pdf\" target=\"_blank\" title=\"T\u00e9l\u00e9charger le fichier Annexe 6.4 - R\u00e8glement int\u00e9rieur du Coll\u00e9gium LMI\"><img decoding=\"async\" src=\"https:\/\/www.univ-lorraine.fr\/raa\/wp-content\/plugins\/ul-raa\/img\/pdf.svg\" alt=\"\" \/>Annexe 6.4 - R\u00e8glement int\u00e9rieur du Coll\u00e9gium LMI (142.06 Ko)<\/a><\/li><li><a href=\"https:\/\/www.univ-lorraine.fr\/raa\/wp-content\/uploads\/sites\/6\/2024\/02\/annexe-6.5-reglement-interieur-du-collegium-interface.pdf\" target=\"_blank\" title=\"T\u00e9l\u00e9charger le fichier Annexe 6.5 - R\u00e8glement int\u00e9rieur du Coll\u00e9gium Interface\"><img decoding=\"async\" src=\"https:\/\/www.univ-lorraine.fr\/raa\/wp-content\/plugins\/ul-raa\/img\/pdf.svg\" alt=\"\" \/>Annexe 6.5 - R\u00e8glement int\u00e9rieur du Coll\u00e9gium Interface (187.45 Ko)<\/a><\/li><li><a href=\"https:\/\/www.univ-lorraine.fr\/raa\/wp-content\/uploads\/sites\/6\/2025\/06\/annexe-6.6-reglement-interieur-du-collegium-technologie-1.pdf\" target=\"_blank\" title=\"T\u00e9l\u00e9charger le fichier Annexe 6.6 - R\u00e8glement int\u00e9rieur du Coll\u00e9gium Technologie\"><img decoding=\"async\" src=\"https:\/\/www.univ-lorraine.fr\/raa\/wp-content\/plugins\/ul-raa\/img\/pdf.svg\" alt=\"\" \/>Annexe 6.6 - R\u00e8glement int\u00e9rieur du Coll\u00e9gium Technologie (134.24 Ko)<\/a><\/li><li><a href=\"https:\/\/www.univ-lorraine.fr\/raa\/wp-content\/uploads\/sites\/6\/2024\/02\/annexe-6.7-reglement-interieur-du-collegium-sante.pdf\" target=\"_blank\" title=\"T\u00e9l\u00e9charger le fichier Annexe 6.7 - R\u00e8glement int\u00e9rieur du Coll\u00e9gium Sant\u00e9\"><img decoding=\"async\" src=\"https:\/\/www.univ-lorraine.fr\/raa\/wp-content\/plugins\/ul-raa\/img\/pdf.svg\" alt=\"\" \/>Annexe 6.7 - R\u00e8glement int\u00e9rieur du Coll\u00e9gium Sant\u00e9 (107.23 Ko)<\/a><\/li><li><a href=\"https:\/\/www.univ-lorraine.fr\/raa\/wp-content\/uploads\/sites\/6\/2024\/02\/annexe-6.8-reglement-interieur-du-collegium-sciences-technologies.pdf\" target=\"_blank\" title=\"T\u00e9l\u00e9charger le fichier Annexe 6.8 - R\u00e8glement int\u00e9rieur du Coll\u00e9gium Sciences & Technologies\"><img decoding=\"async\" src=\"https:\/\/www.univ-lorraine.fr\/raa\/wp-content\/plugins\/ul-raa\/img\/pdf.svg\" alt=\"\" \/>Annexe 6.8 - R\u00e8glement int\u00e9rieur du Coll\u00e9gium Sciences & Technologies (154.12 Ko)<\/a><\/li><li><a href=\"https:\/\/www.univ-lorraine.fr\/raa\/wp-content\/uploads\/sites\/6\/2024\/02\/annexe-6.9-reglement-interieur-du-collegium-shs.pdf\" target=\"_blank\" title=\"T\u00e9l\u00e9charger le fichier Annexe 6.9 - R\u00e8glement int\u00e9rieur du Coll\u00e9gium SHS\"><img decoding=\"async\" src=\"https:\/\/www.univ-lorraine.fr\/raa\/wp-content\/plugins\/ul-raa\/img\/pdf.svg\" alt=\"\" \/>Annexe 6.9 - R\u00e8glement int\u00e9rieur du Coll\u00e9gium SHS (129.72 Ko)<\/a><\/li><li><a href=\"https:\/\/www.univ-lorraine.fr\/raa\/wp-content\/uploads\/sites\/6\/2024\/02\/annexe-7.01-reglement-interieur-du-pole-scientifique-a2f.pdf\" target=\"_blank\" title=\"T\u00e9l\u00e9charger le fichier Annexe 7.01 - R\u00e8glement int\u00e9rieur du P\u00f4le Scientifique A2F\"><img decoding=\"async\" src=\"https:\/\/www.univ-lorraine.fr\/raa\/wp-content\/plugins\/ul-raa\/img\/pdf.svg\" alt=\"\" \/>Annexe 7.01 - R\u00e8glement int\u00e9rieur du P\u00f4le Scientifique A2F (166.32 Ko)<\/a><\/li><li><a href=\"https:\/\/www.univ-lorraine.fr\/raa\/wp-content\/uploads\/sites\/6\/2024\/02\/annexe-7.02-reglement-interieur-du-pole-scientifique-am2i.pdf\" target=\"_blank\" title=\"T\u00e9l\u00e9charger le fichier Annexe 7.02 - R\u00e8glement int\u00e9rieur du P\u00f4le Scientifique AM2I\"><img decoding=\"async\" src=\"https:\/\/www.univ-lorraine.fr\/raa\/wp-content\/plugins\/ul-raa\/img\/pdf.svg\" alt=\"\" \/>Annexe 7.02 - R\u00e8glement int\u00e9rieur du P\u00f4le Scientifique AM2I (180.71 Ko)<\/a><\/li><li><a href=\"https:\/\/www.univ-lorraine.fr\/raa\/wp-content\/uploads\/sites\/6\/2024\/02\/annexe-7.03-reglement-interieur-du-pole-scientifique-bms.pdf\" target=\"_blank\" title=\"T\u00e9l\u00e9charger le fichier Annexe 7.03 - R\u00e8glement int\u00e9rieur du P\u00f4le Scientifique BMS\"><img decoding=\"async\" src=\"https:\/\/www.univ-lorraine.fr\/raa\/wp-content\/plugins\/ul-raa\/img\/pdf.svg\" alt=\"\" \/>Annexe 7.03 - R\u00e8glement int\u00e9rieur du P\u00f4le Scientifique BMS (132.51 Ko)<\/a><\/li><li><a href=\"https:\/\/www.univ-lorraine.fr\/raa\/wp-content\/uploads\/sites\/6\/2024\/02\/annexe-7.04-reglement-interieur-du-pole-scientifique-clcs.pdf\" target=\"_blank\" title=\"T\u00e9l\u00e9charger le fichier Annexe 7.04 - R\u00e8glement int\u00e9rieur du P\u00f4le Scientifique CLCS\"><img decoding=\"async\" src=\"https:\/\/www.univ-lorraine.fr\/raa\/wp-content\/plugins\/ul-raa\/img\/pdf.svg\" alt=\"\" \/>Annexe 7.04 - R\u00e8glement int\u00e9rieur du P\u00f4le Scientifique CLCS (169.92 Ko)<\/a><\/li><li><a href=\"https:\/\/www.univ-lorraine.fr\/raa\/wp-content\/uploads\/sites\/6\/2026\/02\/annexe-7.05-reglement-interieur-du-pole-scientifique-cpm.pdf\" target=\"_blank\" title=\"T\u00e9l\u00e9charger le fichier Annexe 7.05 - R\u00e8glement int\u00e9rieur du P\u00f4le Scientifique CPM\"><img decoding=\"async\" src=\"https:\/\/www.univ-lorraine.fr\/raa\/wp-content\/plugins\/ul-raa\/img\/pdf.svg\" alt=\"\" \/>Annexe 7.05 - R\u00e8glement int\u00e9rieur du P\u00f4le Scientifique CPM (173.40 Ko)<\/a><\/li><li><a href=\"https:\/\/www.univ-lorraine.fr\/raa\/wp-content\/uploads\/sites\/6\/2024\/02\/annexe-7.06-reglement-interieur-du-pole-scientifique-empp.pdf\" target=\"_blank\" title=\"T\u00e9l\u00e9charger le fichier Annexe 7.06 - R\u00e8glement int\u00e9rieur du P\u00f4le Scientifique EMPP\"><img decoding=\"async\" src=\"https:\/\/www.univ-lorraine.fr\/raa\/wp-content\/plugins\/ul-raa\/img\/pdf.svg\" alt=\"\" \/>Annexe 7.06 - R\u00e8glement int\u00e9rieur du P\u00f4le Scientifique EMPP (145.08 Ko)<\/a><\/li><li><a href=\"https:\/\/www.univ-lorraine.fr\/raa\/wp-content\/uploads\/sites\/6\/2025\/04\/annexe-7.07-reglement-interieur-du-pole-scientifique-llect.pdf\" target=\"_blank\" title=\"T\u00e9l\u00e9charger le fichier Annexe 7.07 - R\u00e8glement int\u00e9rieur du P\u00f4le Scientifique LLECT\"><img decoding=\"async\" src=\"https:\/\/www.univ-lorraine.fr\/raa\/wp-content\/plugins\/ul-raa\/img\/pdf.svg\" alt=\"\" \/>Annexe 7.07 - R\u00e8glement int\u00e9rieur du P\u00f4le Scientifique LLECT (1.22 Mo)<\/a><\/li><li><a href=\"https:\/\/www.univ-lorraine.fr\/raa\/wp-content\/uploads\/sites\/6\/2024\/02\/annexe-7.08-reglement-interieur-du-pole-scientifique-m4.pdf\" target=\"_blank\" title=\"T\u00e9l\u00e9charger le fichier Annexe 7.08 - R\u00e8glement int\u00e9rieur du P\u00f4le Scientifique M4\"><img decoding=\"async\" src=\"https:\/\/www.univ-lorraine.fr\/raa\/wp-content\/plugins\/ul-raa\/img\/pdf.svg\" alt=\"\" \/>Annexe 7.08 - R\u00e8glement int\u00e9rieur du P\u00f4le Scientifique M4 (169.61 Ko)<\/a><\/li><li><a href=\"https:\/\/www.univ-lorraine.fr\/raa\/wp-content\/uploads\/sites\/6\/2024\/02\/annexe-7.09-reglement-interieur-du-pole-scientifique-otelo.pdf\" target=\"_blank\" title=\"T\u00e9l\u00e9charger le fichier Annexe 7.09 - R\u00e8glement int\u00e9rieur du P\u00f4le Scientifique OTELO\"><img decoding=\"async\" src=\"https:\/\/www.univ-lorraine.fr\/raa\/wp-content\/plugins\/ul-raa\/img\/pdf.svg\" alt=\"\" \/>Annexe 7.09 - R\u00e8glement int\u00e9rieur du P\u00f4le Scientifique OTELO (162.86 Ko)<\/a><\/li><li><a href=\"https:\/\/www.univ-lorraine.fr\/raa\/wp-content\/uploads\/sites\/6\/2024\/02\/annexe-7.10-reglement-interieur-du-pole-scientifique-sjpeg.pdf\" target=\"_blank\" title=\"T\u00e9l\u00e9charger le fichier Annexe 7.10 - R\u00e8glement int\u00e9rieur du P\u00f4le Scientifique SJPEG\"><img decoding=\"async\" src=\"https:\/\/www.univ-lorraine.fr\/raa\/wp-content\/plugins\/ul-raa\/img\/pdf.svg\" alt=\"\" \/>Annexe 7.10 - R\u00e8glement int\u00e9rieur du P\u00f4le Scientifique SJPEG (121.82 Ko)<\/a><\/li><li><a href=\"https:\/\/www.univ-lorraine.fr\/raa\/wp-content\/uploads\/sites\/6\/2025\/07\/annexe-8.01-reglement-interieur-du-cled.pdf\" target=\"_blank\" title=\"T\u00e9l\u00e9charger le fichier Annexe 8.01 - R\u00e8glement int\u00e9rieur du CLED\"><img decoding=\"async\" src=\"https:\/\/www.univ-lorraine.fr\/raa\/wp-content\/plugins\/ul-raa\/img\/pdf.svg\" alt=\"\" \/>Annexe 8.01 - R\u00e8glement int\u00e9rieur du CLED (236.14 Ko)<\/a><\/li><li><a href=\"https:\/\/www.univ-lorraine.fr\/raa\/wp-content\/uploads\/sites\/6\/2024\/02\/annexe-8.02-reglement-interieur-du-cfalor.pdf\" target=\"_blank\" title=\"T\u00e9l\u00e9charger le fichier Annexe 8.02 - R\u00e8glement int\u00e9rieur du CFALor\"><img decoding=\"async\" src=\"https:\/\/www.univ-lorraine.fr\/raa\/wp-content\/plugins\/ul-raa\/img\/pdf.svg\" alt=\"\" \/>Annexe 8.02 - R\u00e8glement int\u00e9rieur du CFALor (140.68 Ko)<\/a><\/li><li><a href=\"https:\/\/www.univ-lorraine.fr\/raa\/wp-content\/uploads\/sites\/6\/2024\/02\/annexe-8.03-reglement-interieur-du-centre-de-coordination-explor.pdf\" target=\"_blank\" title=\"T\u00e9l\u00e9charger le fichier Annexe 8.03 - R\u00e8glement int\u00e9rieur du centre de coordination EXPLOR\"><img decoding=\"async\" src=\"https:\/\/www.univ-lorraine.fr\/raa\/wp-content\/plugins\/ul-raa\/img\/pdf.svg\" alt=\"\" \/>Annexe 8.03 - R\u00e8glement int\u00e9rieur du centre de coordination EXPLOR (198.69 Ko)<\/a><\/li><li><a href=\"https:\/\/www.univ-lorraine.fr\/raa\/wp-content\/uploads\/sites\/6\/2024\/02\/annexe-8.04-reglement-interieur-du-centre-pierre-janet.pdf\" target=\"_blank\" title=\"T\u00e9l\u00e9charger le fichier Annexe 8.04 - R\u00e8glement int\u00e9rieur du Centre Pierre Janet\"><img decoding=\"async\" src=\"https:\/\/www.univ-lorraine.fr\/raa\/wp-content\/plugins\/ul-raa\/img\/pdf.svg\" alt=\"\" \/>Annexe 8.04 - R\u00e8glement int\u00e9rieur du Centre Pierre Janet (164.90 Ko)<\/a><\/li><li><a href=\"https:\/\/www.univ-lorraine.fr\/raa\/wp-content\/uploads\/sites\/6\/2024\/02\/annexe-8.05-reglement-interieur-lanimalerie-du-campus-brabois-sante.pdf\" target=\"_blank\" title=\"T\u00e9l\u00e9charger le fichier Annexe 8.05 - R\u00e8glement int\u00e9rieur l'Animalerie du Campus Brabois Sant\u00e9\"><img decoding=\"async\" src=\"https:\/\/www.univ-lorraine.fr\/raa\/wp-content\/plugins\/ul-raa\/img\/pdf.svg\" alt=\"\" \/>Annexe 8.05 - R\u00e8glement int\u00e9rieur l'Animalerie du Campus Brabois Sant\u00e9 (148.02 Ko)<\/a><\/li><li><a href=\"https:\/\/www.univ-lorraine.fr\/raa\/wp-content\/uploads\/sites\/6\/2025\/04\/annexe-11-reglement-interieur-des-edul-editions-de-l-universite-de-lorraine-1-1.pdf\" target=\"_blank\" title=\"T\u00e9l\u00e9charger le fichier Annexe 8.06 - R\u00e8glement int\u00e9rieur des EDUL\"><img decoding=\"async\" src=\"https:\/\/www.univ-lorraine.fr\/raa\/wp-content\/plugins\/ul-raa\/img\/pdf.svg\" alt=\"\" \/>Annexe 8.06 - R\u00e8glement int\u00e9rieur des EDUL (1.18 Mo)<\/a><\/li><li><a href=\"https:\/\/www.univ-lorraine.fr\/raa\/wp-content\/uploads\/sites\/6\/2024\/02\/annexe-8.07-reglement-interieur-du-peel.pdf\" target=\"_blank\" title=\"T\u00e9l\u00e9charger le fichier Annexe 8.07 - R\u00e8glement int\u00e9rieur du PeeL\"><img decoding=\"async\" src=\"https:\/\/www.univ-lorraine.fr\/raa\/wp-content\/plugins\/ul-raa\/img\/pdf.svg\" alt=\"\" \/>Annexe 8.07 - R\u00e8glement int\u00e9rieur du PeeL (202.66 Ko)<\/a><\/li><\/ul><\/div><\/div><\/li><\/ul><\/div>\n\n\n\n<h2 class=\"gb-headline gb-headline-f6160cf2 gb-headline-text\">Statuts des composantes de formation<\/h2>\n\n\n<div id=\"liste_actes\"><a name=\"goto_list_actes_6e144f63\"><\/a><div class=\"acte_pagination\"><div class=\"pagination-container\"><ul class=\"pagination\"><li><a href=\"\/raa\/wp-json\/wp\/v2\/pages\/16030?pg-6e144f63=1#goto_list_actes_6e144f63\" class=\"page-change active-page\" data-page=\"1\" title=\"Aller \u00e0 la page 1 de la liste des actes\">1<\/a><\/li><li><a href=\"\/raa\/wp-json\/wp\/v2\/pages\/16030?pg-6e144f63=2#goto_list_actes_6e144f63\" class=\"page-change \" data-page=\"2\" title=\"Aller \u00e0 la page 2 de la liste des actes\">2<\/a><\/li><li><a href=\"\/raa\/wp-json\/wp\/v2\/pages\/16030?pg-6e144f63=3#goto_list_actes_6e144f63\" class=\"page-change \" data-page=\"3\" title=\"Aller \u00e0 la page 3 de la liste des actes\">3<\/a><\/li><\/ul><\/div><\/div><ul class=\"liste_des_actes\"><li><a href=\"#\" data-featherlight=\"#actelightbox_24270\" title=\"Voir le d\u00e9tail de l'acte Statuts CEU - Centre Europ\u00e9en Universitaire\">Statuts CEU - Centre Europ\u00e9en Universitaire<\/a><div id=\"actelightbox_24270\" class=\"actelightbox\"><div class=\"acte_name\">Statuts CEU - Centre Europ\u00e9en Universitaire<\/div><div class=\"acte_type\">2025 - Statut et r\u00e8glements - composantes<\/div><div class=\"acte_pub_date\">Publi\u00e9 le : 28\/02\/2025<\/div><div class=\"acte_files\"><ul><li><a href=\"https:\/\/www.univ-lorraine.fr\/raa\/wp-content\/uploads\/sites\/6\/2025\/02\/ceu.pdf\" target=\"_blank\" title=\"T\u00e9l\u00e9charger le fichier Statuts CEU au 24\/11\/2009\"><img decoding=\"async\" src=\"https:\/\/www.univ-lorraine.fr\/raa\/wp-content\/plugins\/ul-raa\/img\/pdf.svg\" alt=\"\" \/>Statuts CEU au 24\/11\/2009 (52.98 Ko)<\/a><\/li><\/ul><\/div><\/div><\/li><li><a href=\"#\" data-featherlight=\"#actelightbox_24435\" title=\"Voir le d\u00e9tail de l'acte Statuts EEIGM - Ecole Europ\u00e9enne d'Ing\u00e9nieurs en G\u00e9nie des Mat\u00e9riaux\">Statuts EEIGM - Ecole Europ\u00e9enne d'Ing\u00e9nieurs en G\u00e9nie des Mat\u00e9riaux<\/a><div id=\"actelightbox_24435\" class=\"actelightbox\"><div class=\"acte_name\">Statuts EEIGM - Ecole Europ\u00e9enne d'Ing\u00e9nieurs en G\u00e9nie des Mat\u00e9riaux<\/div><div class=\"acte_type\">2025 - Statut et r\u00e8glements - composantes<\/div><div class=\"acte_pub_date\">Publi\u00e9 le : 3\/04\/2025<\/div><div class=\"acte_files\"><ul><li><a href=\"https:\/\/www.univ-lorraine.fr\/raa\/wp-content\/uploads\/sites\/6\/2025\/04\/annexe_16__statuts_eeigm_-_ecole_europeenne_dingenieurs_en_genie_des_materiaux.pdf\" target=\"_blank\" title=\"T\u00e9l\u00e9charger le fichier Statuts  EEIGM au 23\/12\/2016\"><img decoding=\"async\" src=\"https:\/\/www.univ-lorraine.fr\/raa\/wp-content\/plugins\/ul-raa\/img\/pdf.svg\" alt=\"\" \/>Statuts  EEIGM au 23\/12\/2016 (128.43 Ko)<\/a><\/li><\/ul><\/div><\/div><\/li><li><a href=\"#\" data-featherlight=\"#actelightbox_24437\" title=\"Voir le d\u00e9tail de l'acte Statuts ENIM - Ecole Nationale d'Ing\u00e9nieurs de Metz\">Statuts ENIM - Ecole Nationale d'Ing\u00e9nieurs de Metz<\/a><div id=\"actelightbox_24437\" class=\"actelightbox\"><div class=\"acte_name\">Statuts ENIM - Ecole Nationale d'Ing\u00e9nieurs de Metz<\/div><div class=\"acte_type\">2025 - Statut et r\u00e8glements - composantes<\/div><div class=\"acte_pub_date\">Publi\u00e9 le : 3\/04\/2025<\/div><div class=\"acte_files\"><ul><li><a href=\"https:\/\/www.univ-lorraine.fr\/raa\/wp-content\/uploads\/sites\/6\/2025\/04\/annexe_07__statuts_enim-ca-03-novembre-2020.pdf\" target=\"_blank\" title=\"T\u00e9l\u00e9charger le fichier Statuts ENIM au 03\/11\/2020\"><img decoding=\"async\" src=\"https:\/\/www.univ-lorraine.fr\/raa\/wp-content\/plugins\/ul-raa\/img\/pdf.svg\" alt=\"\" \/>Statuts ENIM au 03\/11\/2020 (254.34 Ko)<\/a><\/li><\/ul><\/div><\/div><\/li><li><a href=\"#\" data-featherlight=\"#actelightbox_24439\" title=\"Voir le d\u00e9tail de l'acte Statuts ENSAIA - Ecole Nationale Sup\u00e9rieure d\u2019Agronomie et des Industries Alimentaires\">Statuts ENSAIA - Ecole Nationale Sup\u00e9rieure d\u2019Agronomie et des Industries Alimentaires<\/a><div id=\"actelightbox_24439\" class=\"actelightbox\"><div class=\"acte_name\">Statuts ENSAIA - Ecole Nationale Sup\u00e9rieure d\u2019Agronomie et des Industries Alimentaires<\/div><div class=\"acte_type\">2025 - Statut et r\u00e8glements - composantes<\/div><div class=\"acte_pub_date\">Publi\u00e9 le : 3\/04\/2025<\/div><div class=\"acte_files\"><ul><li><a href=\"https:\/\/www.univ-lorraine.fr\/raa\/wp-content\/uploads\/sites\/6\/2025\/04\/statuts_ensaia_ca-du-29-09-2020.pdf\" target=\"_blank\" title=\"T\u00e9l\u00e9charger le fichier Statuts ENSAIA au 29\/09\/2020\"><img decoding=\"async\" src=\"https:\/\/www.univ-lorraine.fr\/raa\/wp-content\/plugins\/ul-raa\/img\/pdf.svg\" alt=\"\" \/>Statuts ENSAIA au 29\/09\/2020 (149.65 Ko)<\/a><\/li><\/ul><\/div><\/div><\/li><li><a href=\"#\" data-featherlight=\"#actelightbox_24441\" title=\"Voir le d\u00e9tail de l'acte Statuts ENSEM - Ecole Nationale Sup\u00e9rieure d\u2019Electricit\u00e9 et de M\u00e9canique\">Statuts ENSEM - Ecole Nationale Sup\u00e9rieure d\u2019Electricit\u00e9 et de M\u00e9canique<\/a><div id=\"actelightbox_24441\" class=\"actelightbox\"><div class=\"acte_name\">Statuts ENSEM - Ecole Nationale Sup\u00e9rieure d\u2019Electricit\u00e9 et de M\u00e9canique<\/div><div class=\"acte_type\">2025 - Statut et r\u00e8glements - composantes<\/div><div class=\"acte_pub_date\">Publi\u00e9 le : 3\/04\/2025<\/div><div class=\"acte_files\"><ul><li><a href=\"https:\/\/www.univ-lorraine.fr\/raa\/wp-content\/uploads\/sites\/6\/2025\/04\/annexe_11__modifications_statuts_ensem_-_ecole_nationale_superieure_delectricite_et_de_mecanique.pdf\" target=\"_blank\" title=\"T\u00e9l\u00e9charger le fichier Statuts ENSEM au 16\/02\/2018\"><img decoding=\"async\" src=\"https:\/\/www.univ-lorraine.fr\/raa\/wp-content\/plugins\/ul-raa\/img\/pdf.svg\" alt=\"\" \/>Statuts ENSEM au 16\/02\/2018 (89.41 Ko)<\/a><\/li><\/ul><\/div><\/div><\/li><li><a href=\"#\" data-featherlight=\"#actelightbox_24396\" title=\"Voir le d\u00e9tail de l'acte Statuts ENSG - \u00c9cole Nationale Sup\u00e9rieure de G\u00e9ologie\">Statuts ENSG - \u00c9cole Nationale Sup\u00e9rieure de G\u00e9ologie<\/a><div id=\"actelightbox_24396\" class=\"actelightbox\"><div class=\"acte_name\">Statuts ENSG - \u00c9cole Nationale Sup\u00e9rieure de G\u00e9ologie<\/div><div class=\"acte_type\">2025 - Statut et r\u00e8glements - composantes<\/div><div class=\"acte_pub_date\">Publi\u00e9 le : 27\/03\/2025<\/div><div class=\"acte_files\"><ul><li><a href=\"https:\/\/www.univ-lorraine.fr\/raa\/wp-content\/uploads\/sites\/6\/2025\/03\/annexe_27__statuts_ensg_-_ecole_nationale_superieure_de_geologie.pdf\" target=\"_blank\" title=\"T\u00e9l\u00e9charger le fichier Statuts ENSG au 26\/09\/2017\"><img decoding=\"async\" src=\"https:\/\/www.univ-lorraine.fr\/raa\/wp-content\/plugins\/ul-raa\/img\/pdf.svg\" alt=\"\" \/>Statuts ENSG au 26\/09\/2017 (94.59 Ko)<\/a><\/li><\/ul><\/div><\/div><\/li><li><a href=\"#\" data-featherlight=\"#actelightbox_24443\" title=\"Voir le d\u00e9tail de l'acte Statuts ENSG - Ecole nationale sup\u00e9rieure de g\u00e9ologie\">Statuts ENSG - Ecole nationale sup\u00e9rieure de g\u00e9ologie<\/a><div id=\"actelightbox_24443\" class=\"actelightbox\"><div class=\"acte_name\">Statuts ENSG - Ecole nationale sup\u00e9rieure de g\u00e9ologie<\/div><div class=\"acte_type\">2025 - Statut et r\u00e8glements - composantes<\/div><div class=\"acte_pub_date\">Publi\u00e9 le : 3\/04\/2025<\/div><div class=\"acte_files\"><ul><li><a href=\"https:\/\/www.univ-lorraine.fr\/raa\/wp-content\/uploads\/sites\/6\/2025\/06\/statuts-ensg-au-03-06-2025.pdf\" target=\"_blank\" title=\"T\u00e9l\u00e9charger le fichier Statuts ENSG au 03\/06\/2025\"><img decoding=\"async\" src=\"https:\/\/www.univ-lorraine.fr\/raa\/wp-content\/plugins\/ul-raa\/img\/pdf.svg\" alt=\"\" \/>Statuts ENSG au 03\/06\/2025 (240.52 Ko)<\/a><\/li><\/ul><\/div><\/div><\/li><li><a href=\"#\" data-featherlight=\"#actelightbox_24445\" title=\"Voir le d\u00e9tail de l'acte Statuts ENSGSI - \u00c9cole Nationale Sup\u00e9rieure d'Ing\u00e9nieurs en G\u00e9nie des Syst\u00e8mes et de l\u2019Innovation\">Statuts ENSGSI - \u00c9cole Nationale Sup\u00e9rieure d'Ing\u00e9nieurs en G\u00e9nie des Syst\u00e8mes et de l\u2019Innovation<\/a><div id=\"actelightbox_24445\" class=\"actelightbox\"><div class=\"acte_name\">Statuts ENSGSI - \u00c9cole Nationale Sup\u00e9rieure d'Ing\u00e9nieurs en G\u00e9nie des Syst\u00e8mes et de l\u2019Innovation<\/div><div class=\"acte_type\">2025 - Statut et r\u00e8glements - composantes<\/div><div class=\"acte_pub_date\">Publi\u00e9 le : 3\/04\/2025<\/div><div class=\"acte_files\"><ul><li><a href=\"https:\/\/www.univ-lorraine.fr\/raa\/wp-content\/uploads\/sites\/6\/2025\/04\/annexe_29__statuts_ensgsi.pdf\" target=\"_blank\" title=\"T\u00e9l\u00e9charger le fichier Statuts ENSGSI au 11\/072022\"><img decoding=\"async\" src=\"https:\/\/www.univ-lorraine.fr\/raa\/wp-content\/plugins\/ul-raa\/img\/pdf.svg\" alt=\"\" \/>Statuts ENSGSI au 11\/072022 (1.20 Mo)<\/a><\/li><\/ul><\/div><\/div><\/li><li><a href=\"#\" data-featherlight=\"#actelightbox_24509\" title=\"Voir le d\u00e9tail de l'acte Statuts ENSIC - Ecole Nationale Sup\u00e9rieure des Industries Chimiques\">Statuts ENSIC - Ecole Nationale Sup\u00e9rieure des Industries Chimiques<\/a><div id=\"actelightbox_24509\" class=\"actelightbox\"><div class=\"acte_name\">Statuts ENSIC - Ecole Nationale Sup\u00e9rieure des Industries Chimiques<\/div><div class=\"acte_type\">2025 - Statut et r\u00e8glements - composantes<\/div><div class=\"acte_pub_date\">Publi\u00e9 le : 24\/04\/2025<\/div><div class=\"acte_files\"><ul><li><a href=\"https:\/\/www.univ-lorraine.fr\/raa\/wp-content\/uploads\/sites\/6\/2025\/04\/annexe_25__statuts_ensic_-_ecole_nationale_superieure_des_industries_chimiques-1.pdf\" target=\"_blank\" title=\"T\u00e9l\u00e9charger le fichier Statuts ENSIC au 15\/03\/2016\"><img decoding=\"async\" src=\"https:\/\/www.univ-lorraine.fr\/raa\/wp-content\/plugins\/ul-raa\/img\/pdf.svg\" alt=\"\" \/>Statuts ENSIC au 15\/03\/2016 (112.47 Ko)<\/a><\/li><\/ul><\/div><\/div><\/li><li><a href=\"#\" data-featherlight=\"#actelightbox_24511\" title=\"Voir le d\u00e9tail de l'acte Statuts ENSTIB - Ecole Nationale Sup\u00e9rieure des Technologies et Industries du Bois\">Statuts ENSTIB - Ecole Nationale Sup\u00e9rieure des Technologies et Industries du Bois<\/a><div id=\"actelightbox_24511\" class=\"actelightbox\"><div class=\"acte_name\">Statuts ENSTIB - Ecole Nationale Sup\u00e9rieure des Technologies et Industries du Bois<\/div><div class=\"acte_type\">2025 - Statut et r\u00e8glements - composantes<\/div><div class=\"acte_pub_date\">Publi\u00e9 le : 24\/04\/2025<\/div><div class=\"acte_files\"><ul><li><a href=\"https:\/\/www.univ-lorraine.fr\/raa\/wp-content\/uploads\/sites\/6\/2025\/04\/annexe_15__statuts_enstib_-_ecole_nationales_superieur_des_technos_et_industries_du_bois.pdf\" target=\"_blank\" title=\"T\u00e9l\u00e9charger le fichier Statuts ENSTIB au 18\/12\/2018\"><img decoding=\"async\" src=\"https:\/\/www.univ-lorraine.fr\/raa\/wp-content\/plugins\/ul-raa\/img\/pdf.svg\" alt=\"\" \/>Statuts ENSTIB au 18\/12\/2018 (107.40 Ko)<\/a><\/li><\/ul><\/div><\/div><\/li><li><a href=\"#\" data-featherlight=\"#actelightbox_24530\" title=\"Voir le d\u00e9tail de l'acte Statuts Facult\u00e9 d'Odontologie de Lorraine\">Statuts Facult\u00e9 d'Odontologie de Lorraine<\/a><div id=\"actelightbox_24530\" class=\"actelightbox\"><div class=\"acte_name\">Statuts Facult\u00e9 d'Odontologie de Lorraine<\/div><div class=\"acte_type\">2025 - Statut et r\u00e8glements - composantes<\/div><div class=\"acte_pub_date\">Publi\u00e9 le : 24\/04\/2025<\/div><div class=\"acte_files\"><ul><li><a href=\"https:\/\/www.univ-lorraine.fr\/raa\/wp-content\/uploads\/sites\/6\/2025\/04\/annexe_11__statuts_ufr-faculte_odontologie_de_lorraine.pdf\" target=\"_blank\" title=\"T\u00e9l\u00e9charger le fichier Statuts Odontologie au 15\/05\/2018\"><img decoding=\"async\" src=\"https:\/\/www.univ-lorraine.fr\/raa\/wp-content\/plugins\/ul-raa\/img\/pdf.svg\" alt=\"\" \/>Statuts Odontologie au 15\/05\/2018 (114.72 Ko)<\/a><\/li><\/ul><\/div><\/div><\/li><li><a href=\"#\" data-featherlight=\"#actelightbox_24526\" title=\"Voir le d\u00e9tail de l'acte Statuts Facult\u00e9 de M\u00e9decine, Ma\u00efeutique et M\u00e9tiers de la Sant\u00e9 de Nancy\">Statuts Facult\u00e9 de M\u00e9decine, Ma\u00efeutique et M\u00e9tiers de la Sant\u00e9 de Nancy<\/a><div id=\"actelightbox_24526\" class=\"actelightbox\"><div class=\"acte_name\">Statuts Facult\u00e9 de M\u00e9decine, Ma\u00efeutique et M\u00e9tiers de la Sant\u00e9 de Nancy<\/div><div class=\"acte_type\">2025 - Statut et r\u00e8glements - composantes<\/div><div class=\"acte_pub_date\">Publi\u00e9 le : 24\/04\/2025<\/div><div class=\"acte_files\"><ul><li><a href=\"https:\/\/www.univ-lorraine.fr\/raa\/wp-content\/uploads\/sites\/6\/2025\/04\/statuts-ufr-medecine-07-07-2020.pdf\" target=\"_blank\" title=\"T\u00e9l\u00e9charger le fichier STATUTS M\u00e9decine au 07\/07\/2020\"><img decoding=\"async\" src=\"https:\/\/www.univ-lorraine.fr\/raa\/wp-content\/plugins\/ul-raa\/img\/pdf.svg\" alt=\"\" \/>STATUTS M\u00e9decine au 07\/07\/2020 (147.26 Ko)<\/a><\/li><\/ul><\/div><\/div><\/li><li><a href=\"#\" data-featherlight=\"#actelightbox_24528\" title=\"Voir le d\u00e9tail de l'acte Statuts Facult\u00e9 de Pharmacie\">Statuts Facult\u00e9 de Pharmacie<\/a><div id=\"actelightbox_24528\" class=\"actelightbox\"><div class=\"acte_name\">Statuts Facult\u00e9 de Pharmacie<\/div><div class=\"acte_type\">2025 - Statut et r\u00e8glements - composantes<\/div><div class=\"acte_pub_date\">Publi\u00e9 le : 24\/04\/2025<\/div><div class=\"acte_files\"><ul><li><a href=\"https:\/\/www.univ-lorraine.fr\/raa\/wp-content\/uploads\/sites\/6\/2025\/04\/20210928_statuts_ufr_pharmacie.pdf\" target=\"_blank\" title=\"T\u00e9l\u00e9charger le fichier Statuts Pharmacie au 28\/09\/2021\"><img decoding=\"async\" src=\"https:\/\/www.univ-lorraine.fr\/raa\/wp-content\/plugins\/ul-raa\/img\/pdf.svg\" alt=\"\" \/>Statuts Pharmacie au 28\/09\/2021 (211.34 Ko)<\/a><\/li><\/ul><\/div><\/div><\/li><li><a href=\"#\" data-featherlight=\"#actelightbox_24534\" title=\"Voir le d\u00e9tail de l'acte Statuts FST - Facult\u00e9 des Sciences et Technologies\">Statuts FST - Facult\u00e9 des Sciences et Technologies<\/a><div id=\"actelightbox_24534\" class=\"actelightbox\"><div class=\"acte_name\">Statuts FST - Facult\u00e9 des Sciences et Technologies<\/div><div class=\"acte_type\">2025 - Statut et r\u00e8glements - composantes<\/div><div class=\"acte_pub_date\">Publi\u00e9 le : 24\/04\/2025<\/div><div class=\"acte_files\"><ul><li><a href=\"https:\/\/www.univ-lorraine.fr\/raa\/wp-content\/uploads\/sites\/6\/2025\/04\/annexe-32-statuts-de-la-fst.pdf\" target=\"_blank\" title=\"T\u00e9l\u00e9charger le fichier Statuts FST au 11\/07\/2022\"><img decoding=\"async\" src=\"https:\/\/www.univ-lorraine.fr\/raa\/wp-content\/plugins\/ul-raa\/img\/pdf.svg\" alt=\"\" \/>Statuts FST au 11\/07\/2022 (260.44 Ko)<\/a><\/li><\/ul><\/div><\/div><\/li><li><a href=\"#\" data-featherlight=\"#actelightbox_24520\" title=\"Voir le d\u00e9tail de l'acte Statuts IAE Metz - Institut d\u2019Administration des Entreprises Metz\">Statuts IAE Metz - Institut d\u2019Administration des Entreprises Metz<\/a><div id=\"actelightbox_24520\" class=\"actelightbox\"><div class=\"acte_name\">Statuts IAE Metz - Institut d\u2019Administration des Entreprises Metz<\/div><div class=\"acte_type\">2025 - Statut et r\u00e8glements - composantes<\/div><div class=\"acte_pub_date\">Publi\u00e9 le : 24\/04\/2025<\/div><div class=\"acte_files\"><ul><li><a href=\"https:\/\/www.univ-lorraine.fr\/raa\/wp-content\/uploads\/sites\/6\/2025\/04\/annexe_09__statuts_iae_metz.pdf\" target=\"_blank\" title=\"T\u00e9l\u00e9charger le fichier Statuts IAE METZ au 15\/05\/2018\"><img decoding=\"async\" src=\"https:\/\/www.univ-lorraine.fr\/raa\/wp-content\/plugins\/ul-raa\/img\/pdf.svg\" alt=\"\" \/>Statuts IAE METZ au 15\/05\/2018 (125.10 Ko)<\/a><\/li><\/ul><\/div><\/div><\/li><li><a href=\"#\" data-featherlight=\"#actelightbox_24522\" title=\"Voir le d\u00e9tail de l'acte Statuts IAE Nancy - Institut d\u2019Administration des Entreprises Nancy\">Statuts IAE Nancy - Institut d\u2019Administration des Entreprises Nancy<\/a><div id=\"actelightbox_24522\" class=\"actelightbox\"><div class=\"acte_name\">Statuts IAE Nancy - Institut d\u2019Administration des Entreprises Nancy<\/div><div class=\"acte_type\">2025 - Statut et r\u00e8glements - composantes<\/div><div class=\"acte_pub_date\">Publi\u00e9 le : 24\/04\/2025<\/div><div class=\"acte_files\"><ul><li><a href=\"https:\/\/www.univ-lorraine.fr\/raa\/wp-content\/uploads\/sites\/6\/2025\/04\/annexe_09__statuts_iae_nancy.pdf\" target=\"_blank\" title=\"T\u00e9l\u00e9charger le fichier Statuts IAE NANCY au 15\/05\/2018\"><img decoding=\"async\" src=\"https:\/\/www.univ-lorraine.fr\/raa\/wp-content\/plugins\/ul-raa\/img\/pdf.svg\" alt=\"\" \/>Statuts IAE NANCY au 15\/05\/2018 (121.96 Ko)<\/a><\/li><\/ul><\/div><\/div><\/li><li><a href=\"#\" data-featherlight=\"#actelightbox_24524\" title=\"Voir le d\u00e9tail de l'acte Statuts IDMC - Institut des Sciences du Digital, Management et Cognition\">Statuts IDMC - Institut des Sciences du Digital, Management et Cognition<\/a><div id=\"actelightbox_24524\" class=\"actelightbox\"><div class=\"acte_name\">Statuts IDMC - Institut des Sciences du Digital, Management et Cognition<\/div><div class=\"acte_type\">2025 - Statut et r\u00e8glements - composantes<\/div><div class=\"acte_pub_date\">Publi\u00e9 le : 24\/04\/2025<\/div><div class=\"acte_files\"><ul><li><a href=\"https:\/\/www.univ-lorraine.fr\/raa\/wp-content\/uploads\/sites\/6\/2025\/04\/statuts-idmc-a-jour-du-ca-du-14-mars-2023.pdf\" target=\"_blank\" title=\"T\u00e9l\u00e9charger le fichier Statuts IDMC  au 14\/03\/2023\"><img decoding=\"async\" src=\"https:\/\/www.univ-lorraine.fr\/raa\/wp-content\/plugins\/ul-raa\/img\/pdf.svg\" alt=\"\" \/>Statuts IDMC  au 14\/03\/2023 (190.35 Ko)<\/a><\/li><\/ul><\/div><\/div><\/li><li><a href=\"#\" data-featherlight=\"#actelightbox_24041\" title=\"Voir le d\u00e9tail de l'acte Statuts IECA - Institut Europ\u00e9en du Cin\u00e9ma et de l'Audiovisuel\">Statuts IECA - Institut Europ\u00e9en du Cin\u00e9ma et de l'Audiovisuel<\/a><div id=\"actelightbox_24041\" class=\"actelightbox\"><div class=\"acte_name\">Statuts IECA - Institut Europ\u00e9en du Cin\u00e9ma et de l'Audiovisuel<\/div><div class=\"acte_type\">2025 - Statut et r\u00e8glements - composantes<\/div><div class=\"acte_pub_date\">Publi\u00e9 le : 4\/02\/2025<\/div><div class=\"acte_files\"><ul><li><a href=\"https:\/\/www.univ-lorraine.fr\/raa\/wp-content\/uploads\/sites\/6\/2025\/02\/annexe_25__statuts_ieca_au_19-12-2017-1.pdf\" target=\"_blank\" title=\"T\u00e9l\u00e9charger le fichier Statuts de l'IECA au 19\/12\/2017\"><img decoding=\"async\" src=\"https:\/\/www.univ-lorraine.fr\/raa\/wp-content\/plugins\/ul-raa\/img\/pdf.svg\" alt=\"\" \/>Statuts de l'IECA au 19\/12\/2017 (102.44 Ko)<\/a><\/li><\/ul><\/div><\/div><\/li><li><a href=\"#\" data-featherlight=\"#actelightbox_24359\" title=\"Voir le d\u00e9tail de l'acte Statuts INSP\u00c9 - Institut National Sup\u00e9rieur du Professorat et de l\u2019\u00c9ducation de l\u2019acad\u00e9mie de Nancy-Metz\">Statuts INSP\u00c9 - Institut National Sup\u00e9rieur du Professorat et de l\u2019\u00c9ducation de l\u2019acad\u00e9mie de Nancy-Metz<\/a><div id=\"actelightbox_24359\" class=\"actelightbox\"><div class=\"acte_name\">Statuts INSP\u00c9 - Institut National Sup\u00e9rieur du Professorat et de l\u2019\u00c9ducation de l\u2019acad\u00e9mie de Nancy-Metz<\/div><div class=\"acte_type\">2025 - Statut et r\u00e8glements - composantes<\/div><div class=\"acte_pub_date\">Publi\u00e9 le : 18\/03\/2025<\/div><div class=\"acte_files\"><ul><li><a href=\"https:\/\/www.univ-lorraine.fr\/raa\/wp-content\/uploads\/sites\/6\/2025\/03\/11-annexe-statuts-inspe-1.pdf\" target=\"_blank\" title=\"T\u00e9l\u00e9charger le fichier Statuts INSP\u00c9 au 11\/03\/2025\"><img decoding=\"async\" src=\"https:\/\/www.univ-lorraine.fr\/raa\/wp-content\/plugins\/ul-raa\/img\/pdf.svg\" alt=\"\" \/>Statuts INSP\u00c9 au 11\/03\/2025 (785.65 Ko)<\/a><\/li><\/ul><\/div><\/div><\/li><li><a href=\"#\" data-featherlight=\"#actelightbox_24272\" title=\"Voir le d\u00e9tail de l'acte Statuts IPAG - Institut de Pr\u00e9paration \u00e0 l'Administration G\u00e9n\u00e9rale\">Statuts IPAG - Institut de Pr\u00e9paration \u00e0 l'Administration G\u00e9n\u00e9rale<\/a><div id=\"actelightbox_24272\" class=\"actelightbox\"><div class=\"acte_name\">Statuts IPAG - Institut de Pr\u00e9paration \u00e0 l'Administration G\u00e9n\u00e9rale<\/div><div class=\"acte_type\">2025 - Statut et r\u00e8glements - composantes<\/div><div class=\"acte_pub_date\">Publi\u00e9 le : 28\/02\/2025<\/div><div class=\"acte_files\"><ul><li><a href=\"https:\/\/www.univ-lorraine.fr\/raa\/wp-content\/uploads\/sites\/6\/2025\/02\/annexe_29_statuts_ipag.pdf\" target=\"_blank\" title=\"T\u00e9l\u00e9charger le fichier Statuts IPAG ai 9\/02\/2021\"><img decoding=\"async\" src=\"https:\/\/www.univ-lorraine.fr\/raa\/wp-content\/plugins\/ul-raa\/img\/pdf.svg\" alt=\"\" \/>Statuts IPAG ai 9\/02\/2021 (72.77 Ko)<\/a><\/li><\/ul><\/div><\/div><\/li><\/ul><\/div>\n\n\n\n<h2 class=\"gb-headline gb-headline-bcc927e7 gb-headline-text\">Statuts des laboratoires de recherche<\/h2>\n\n\n<div id=\"liste_actes\"><a name=\"goto_list_actes_ac840a73\"><\/a><div class=\"acte_pagination\"><div class=\"pagination-container\"><ul class=\"pagination\"><li><a href=\"\/raa\/wp-json\/wp\/v2\/pages\/16030?pg-ac840a73=1#goto_list_actes_ac840a73\" class=\"page-change active-page\" data-page=\"1\" title=\"Aller \u00e0 la page 1 de la liste des actes\">1<\/a><\/li><li><a href=\"\/raa\/wp-json\/wp\/v2\/pages\/16030?pg-ac840a73=2#goto_list_actes_ac840a73\" class=\"page-change \" data-page=\"2\" title=\"Aller \u00e0 la page 2 de la liste des actes\">2<\/a><\/li><li><a href=\"\/raa\/wp-json\/wp\/v2\/pages\/16030?pg-ac840a73=3#goto_list_actes_ac840a73\" class=\"page-change \" data-page=\"3\" title=\"Aller \u00e0 la page 3 de la liste des actes\">3<\/a><\/li><\/ul><\/div><\/div><ul class=\"liste_des_actes\"><li><a href=\"#\" data-featherlight=\"#actelightbox_24064\" title=\"Voir le d\u00e9tail de l'acte Statuts 2LPN - Laboratoire Lorrain de Psychologie et Neurosciences de la dynamique des comportements\">Statuts 2LPN - Laboratoire Lorrain de Psychologie et Neurosciences de la dynamique des comportements<\/a><div id=\"actelightbox_24064\" class=\"actelightbox\"><div class=\"acte_name\">Statuts 2LPN - Laboratoire Lorrain de Psychologie et Neurosciences de la dynamique des comportements<\/div><div class=\"acte_type\">2025 - Statut et r\u00e8glements \u2013 laboratoires<\/div><div class=\"acte_pub_date\">Publi\u00e9 le : 10\/02\/2025<\/div><div class=\"acte_files\"><ul><li><a href=\"https:\/\/www.univ-lorraine.fr\/raa\/wp-content\/uploads\/sites\/6\/2025\/02\/statuts-2lpn-12-mars-2024.pdf\" target=\"_blank\" title=\"T\u00e9l\u00e9charger le fichier Statuts 2LPN au 12\/03\/2024\"><img decoding=\"async\" src=\"https:\/\/www.univ-lorraine.fr\/raa\/wp-content\/plugins\/ul-raa\/img\/pdf.svg\" alt=\"\" \/>Statuts 2LPN au 12\/03\/2024 (328.91 Ko)<\/a><\/li><\/ul><\/div><\/div><\/li><li><a href=\"#\" data-featherlight=\"#actelightbox_24066\" title=\"Voir le d\u00e9tail de l'acte Statuts AHP-PReST - Archives Henri-Poincar\u00e9 - Philosophie et Recherches sur les Sciences et les Technologies\">Statuts AHP-PReST - Archives Henri-Poincar\u00e9 - Philosophie et Recherches sur les Sciences et les Technologies<\/a><div id=\"actelightbox_24066\" class=\"actelightbox\"><div class=\"acte_name\">Statuts AHP-PReST - Archives Henri-Poincar\u00e9 - Philosophie et Recherches sur les Sciences et les Technologies<\/div><div class=\"acte_type\">2025 - Statut et r\u00e8glements \u2013 laboratoires<\/div><div class=\"acte_pub_date\">Publi\u00e9 le : 10\/02\/2025<\/div><div class=\"acte_files\"><ul><li><a href=\"https:\/\/www.univ-lorraine.fr\/raa\/wp-content\/uploads\/sites\/6\/2025\/02\/annexe_14__statuts_des_ahp-prest__creation_-archives_henri_poincare-philo_et_recherches_sur_les_technologies.pdf\" target=\"_blank\" title=\"T\u00e9l\u00e9charger le fichier Statuts AHP-PReST au 01\/10\/2024\"><img decoding=\"async\" src=\"https:\/\/www.univ-lorraine.fr\/raa\/wp-content\/plugins\/ul-raa\/img\/pdf.svg\" alt=\"\" \/>Statuts AHP-PReST au 01\/10\/2024 (1.24 Mo)<\/a><\/li><\/ul><\/div><\/div><\/li><li><a href=\"#\" data-featherlight=\"#actelightbox_24068\" title=\"Voir le d\u00e9tail de l'acte Statuts ATILF - Analyse et Traitement Informatique de la Langue Fran\u00e7aise\">Statuts ATILF - Analyse et Traitement Informatique de la Langue Fran\u00e7aise<\/a><div id=\"actelightbox_24068\" class=\"actelightbox\"><div class=\"acte_name\">Statuts ATILF - Analyse et Traitement Informatique de la Langue Fran\u00e7aise<\/div><div class=\"acte_type\">2025 - Statut et r\u00e8glements \u2013 laboratoires<\/div><div class=\"acte_pub_date\">Publi\u00e9 le : 10\/02\/2025<\/div><div class=\"acte_files\"><ul><li><a href=\"https:\/\/www.univ-lorraine.fr\/raa\/wp-content\/uploads\/sites\/6\/2025\/02\/statuts-datilf.pdf\" target=\"_blank\" title=\"T\u00e9l\u00e9charger le fichier Statuts ATILF au 12\/03\/2024\"><img decoding=\"async\" src=\"https:\/\/www.univ-lorraine.fr\/raa\/wp-content\/plugins\/ul-raa\/img\/pdf.svg\" alt=\"\" \/>Statuts ATILF au 12\/03\/2024 (383.12 Ko)<\/a><\/li><\/ul><\/div><\/div><\/li><li><a href=\"#\" data-featherlight=\"#actelightbox_24124\" title=\"Voir le d\u00e9tail de l'acte Statuts BETA - Bureau d\u2019\u00c9conomie Th\u00e9orique et Appliqu\u00e9e).\">Statuts BETA - Bureau d\u2019\u00c9conomie Th\u00e9orique et Appliqu\u00e9e).<\/a><div id=\"actelightbox_24124\" class=\"actelightbox\"><div class=\"acte_name\">Statuts BETA - Bureau d\u2019\u00c9conomie Th\u00e9orique et Appliqu\u00e9e).<\/div><div class=\"acte_type\">2025 - Statut et r\u00e8glements \u2013 laboratoires<\/div><div class=\"acte_pub_date\">Publi\u00e9 le : 10\/02\/2025<\/div><div class=\"acte_files\"><ul><li><a href=\"https:\/\/www.univ-lorraine.fr\/raa\/wp-content\/uploads\/sites\/6\/2025\/02\/statuts_umr_beta_ca-30-01-2024.pdf\" target=\"_blank\" title=\"T\u00e9l\u00e9charger le fichier Statuts BETA au 30\/01\/2024\"><img decoding=\"async\" src=\"https:\/\/www.univ-lorraine.fr\/raa\/wp-content\/plugins\/ul-raa\/img\/pdf.svg\" alt=\"\" \/>Statuts BETA au 30\/01\/2024 (383.90 Ko)<\/a><\/li><\/ul><\/div><\/div><\/li><li><a href=\"#\" data-featherlight=\"#actelightbox_24088\" title=\"Voir le d\u00e9tail de l'acte Statuts CALBINOTOX - Compos\u00e9 Alimentaire, Biofonctionnalit\u00e9s et Risques Neurotoxiques\">Statuts CALBINOTOX - Compos\u00e9 Alimentaire, Biofonctionnalit\u00e9s et Risques Neurotoxiques<\/a><div id=\"actelightbox_24088\" class=\"actelightbox\"><div class=\"acte_name\">Statuts CALBINOTOX - Compos\u00e9 Alimentaire, Biofonctionnalit\u00e9s et Risques Neurotoxiques<\/div><div class=\"acte_type\">2025 - Statut et r\u00e8glements \u2013 laboratoires<\/div><div class=\"acte_pub_date\">Publi\u00e9 le : 10\/02\/2025<\/div><div class=\"acte_files\"><ul><li><a href=\"https:\/\/www.univ-lorraine.fr\/raa\/wp-content\/uploads\/sites\/6\/2025\/02\/statuts-calbinotox_ca-12-03-2019_ca-09-11-2021.pdf\" target=\"_blank\" title=\"T\u00e9l\u00e9charger le fichier Statuts CALBINOTOX au 09\/11\/2021\"><img decoding=\"async\" src=\"https:\/\/www.univ-lorraine.fr\/raa\/wp-content\/plugins\/ul-raa\/img\/pdf.svg\" alt=\"\" \/>Statuts CALBINOTOX au 09\/11\/2021 (284.97 Ko)<\/a><\/li><\/ul><\/div><\/div><\/li><li><a href=\"#\" data-featherlight=\"#actelightbox_24096\" title=\"Voir le d\u00e9tail de l'acte Statuts CEGIL - Centre d\u2019\u00e9tudes germaniques interculturelles de Lorraine\">Statuts CEGIL - Centre d\u2019\u00e9tudes germaniques interculturelles de Lorraine<\/a><div id=\"actelightbox_24096\" class=\"actelightbox\"><div class=\"acte_name\">Statuts CEGIL - Centre d\u2019\u00e9tudes germaniques interculturelles de Lorraine<\/div><div class=\"acte_type\">2025 - Statut et r\u00e8glements \u2013 laboratoires<\/div><div class=\"acte_pub_date\">Publi\u00e9 le : 10\/02\/2025<\/div><div class=\"acte_files\"><ul><li><a href=\"https:\/\/www.univ-lorraine.fr\/raa\/wp-content\/uploads\/sites\/6\/2026\/02\/statuts-cegil-version-16-12-2025.pdf\" target=\"_blank\" title=\"T\u00e9l\u00e9charger le fichier Statuts CEGIL au 16\/12\/2025\"><img decoding=\"async\" src=\"https:\/\/www.univ-lorraine.fr\/raa\/wp-content\/plugins\/ul-raa\/img\/pdf.svg\" alt=\"\" \/>Statuts CEGIL au 16\/12\/2025 (259.69 Ko)<\/a><\/li><\/ul><\/div><\/div><\/li><li><a href=\"#\" data-featherlight=\"#actelightbox_24098\" title=\"Voir le d\u00e9tail de l'acte Statuts CERCLE - Centre de recherche sur les cultures et les litt\u00e9ratures europ\u00e9ennes \u2013 France - Europe centrale et Europe orientale\">Statuts CERCLE - Centre de recherche sur les cultures et les litt\u00e9ratures europ\u00e9ennes \u2013 France - Europe centrale et Europe orientale<\/a><div id=\"actelightbox_24098\" class=\"actelightbox\"><div class=\"acte_name\">Statuts CERCLE - Centre de recherche sur les cultures et les litt\u00e9ratures europ\u00e9ennes \u2013 France - Europe centrale et Europe orientale<\/div><div class=\"acte_type\">2025 - Statut et r\u00e8glements \u2013 laboratoires<\/div><div class=\"acte_pub_date\">Publi\u00e9 le : 10\/02\/2025<\/div><div class=\"acte_files\"><ul><li><a href=\"https:\/\/www.univ-lorraine.fr\/raa\/wp-content\/uploads\/sites\/6\/2025\/02\/annexe_21__statuts_cercle.pdf\" target=\"_blank\" title=\"T\u00e9l\u00e9charger le fichier Statuts CERCLE au 5\/02\/2019\"><img decoding=\"async\" src=\"https:\/\/www.univ-lorraine.fr\/raa\/wp-content\/plugins\/ul-raa\/img\/pdf.svg\" alt=\"\" \/>Statuts CERCLE au 5\/02\/2019 (141.01 Ko)<\/a><\/li><\/ul><\/div><\/div><\/li><li><a href=\"#\" data-featherlight=\"#actelightbox_24126\" title=\"Voir le d\u00e9tail de l'acte Statuts CEREFIGE - Centre Europ\u00e9en de Recherche en Economie Financi\u00e8re et en Gestion des Entreprises\">Statuts CEREFIGE - Centre Europ\u00e9en de Recherche en Economie Financi\u00e8re et en Gestion des Entreprises<\/a><div id=\"actelightbox_24126\" class=\"actelightbox\"><div class=\"acte_name\">Statuts CEREFIGE - Centre Europ\u00e9en de Recherche en Economie Financi\u00e8re et en Gestion des Entreprises<\/div><div class=\"acte_type\">2025 - Statut et r\u00e8glements \u2013 laboratoires<\/div><div class=\"acte_pub_date\">Publi\u00e9 le : 10\/02\/2025<\/div><div class=\"acte_files\"><ul><li><a href=\"https:\/\/www.univ-lorraine.fr\/raa\/wp-content\/uploads\/sites\/6\/2025\/02\/statuts-ur-cerefige-15-mai-2018.pdf\" target=\"_blank\" title=\"T\u00e9l\u00e9charger le fichier Statuts CEREFIGE au 15\/05\/2018\"><img decoding=\"async\" src=\"https:\/\/www.univ-lorraine.fr\/raa\/wp-content\/plugins\/ul-raa\/img\/pdf.svg\" alt=\"\" \/>Statuts CEREFIGE au 15\/05\/2018 (161.49 Ko)<\/a><\/li><\/ul><\/div><\/div><\/li><li><a href=\"#\" data-featherlight=\"#actelightbox_24070\" title=\"Voir le d\u00e9tail de l'acte Statuts CREAT - Centre de Recherche sur les Expertises, les Arts et les Transitions\">Statuts CREAT - Centre de Recherche sur les Expertises, les Arts et les Transitions<\/a><div id=\"actelightbox_24070\" class=\"actelightbox\"><div class=\"acte_name\">Statuts CREAT - Centre de Recherche sur les Expertises, les Arts et les Transitions<\/div><div class=\"acte_type\">2025 - Statut et r\u00e8glements \u2013 laboratoires<\/div><div class=\"acte_pub_date\">Publi\u00e9 le : 10\/02\/2025<\/div><div class=\"acte_files\"><ul><li><a href=\"https:\/\/www.univ-lorraine.fr\/raa\/wp-content\/uploads\/sites\/6\/2025\/02\/creat-statuts.pdf\" target=\"_blank\" title=\"T\u00e9l\u00e9charger le fichier Statuts CREAT au 12\/12\/2023\"><img decoding=\"async\" src=\"https:\/\/www.univ-lorraine.fr\/raa\/wp-content\/plugins\/ul-raa\/img\/pdf.svg\" alt=\"\" \/>Statuts CREAT au 12\/12\/2023 (385.34 Ko)<\/a><\/li><\/ul><\/div><\/div><\/li><li><a href=\"#\" data-featherlight=\"#actelightbox_24072\" title=\"Voir le d\u00e9tail de l'acte Statuts CREM - Centre de recherche sur les m\u00e9diations\">Statuts CREM - Centre de recherche sur les m\u00e9diations<\/a><div id=\"actelightbox_24072\" class=\"actelightbox\"><div class=\"acte_name\">Statuts CREM - Centre de recherche sur les m\u00e9diations<\/div><div class=\"acte_type\">2025 - Statut et r\u00e8glements \u2013 laboratoires<\/div><div class=\"acte_pub_date\">Publi\u00e9 le : 10\/02\/2025<\/div><div class=\"acte_files\"><ul><li><a href=\"https:\/\/www.univ-lorraine.fr\/raa\/wp-content\/uploads\/sites\/6\/2025\/02\/statuts-crem-04.02.2025-.pdf\" target=\"_blank\" title=\"T\u00e9l\u00e9charger le fichier Statuts CREM au 04\/02\/2025\"><img decoding=\"async\" src=\"https:\/\/www.univ-lorraine.fr\/raa\/wp-content\/plugins\/ul-raa\/img\/pdf.svg\" alt=\"\" \/>Statuts CREM au 04\/02\/2025 (259.87 Ko)<\/a><\/li><\/ul><\/div><\/div><\/li><li><a href=\"#\" data-featherlight=\"#actelightbox_24080\" title=\"Voir le d\u00e9tail de l'acte Statuts CRM2 - Cristallographie R\u00e9sonance Magn\u00e9tique et Mod\u00e9lisation\">Statuts CRM2 - Cristallographie R\u00e9sonance Magn\u00e9tique et Mod\u00e9lisation<\/a><div id=\"actelightbox_24080\" class=\"actelightbox\"><div class=\"acte_name\">Statuts CRM2 - Cristallographie R\u00e9sonance Magn\u00e9tique et Mod\u00e9lisation<\/div><div class=\"acte_type\">2025 - Statut et r\u00e8glements \u2013 laboratoires<\/div><div class=\"acte_pub_date\">Publi\u00e9 le : 10\/02\/2025<\/div><div class=\"acte_files\"><ul><li><a href=\"https:\/\/www.univ-lorraine.fr\/raa\/wp-content\/uploads\/sites\/6\/2025\/02\/annexe_20__statuts_crm2_-_cristallographie_resonance_magnetique_et_modelisation.pdf\" target=\"_blank\" title=\"T\u00e9l\u00e9charger le fichier Statuts CRM2 au 12\/12\/2023\"><img decoding=\"async\" src=\"https:\/\/www.univ-lorraine.fr\/raa\/wp-content\/plugins\/ul-raa\/img\/pdf.svg\" alt=\"\" \/>Statuts CRM2 au 12\/12\/2023 (2.31 Mo)<\/a><\/li><\/ul><\/div><\/div><\/li><li><a href=\"#\" data-featherlight=\"#actelightbox_24118\" title=\"Voir le d\u00e9tail de l'acte Statuts CRPG - Centre de Recherches P\u00e9trographiques et G\u00e9ochimiques\">Statuts CRPG - Centre de Recherches P\u00e9trographiques et G\u00e9ochimiques<\/a><div id=\"actelightbox_24118\" class=\"actelightbox\"><div class=\"acte_name\">Statuts CRPG - Centre de Recherches P\u00e9trographiques et G\u00e9ochimiques<\/div><div class=\"acte_type\">2025 - Statut et r\u00e8glements \u2013 laboratoires<\/div><div class=\"acte_pub_date\">Publi\u00e9 le : 10\/02\/2025<\/div><div class=\"acte_files\"><ul><li><a href=\"https:\/\/www.univ-lorraine.fr\/raa\/wp-content\/uploads\/sites\/6\/2025\/02\/statuts-crpg-12-mars-2024.pdf\" target=\"_blank\" title=\"T\u00e9l\u00e9charger le fichier Statuts CRPG au 12\/03\/2024\"><img decoding=\"async\" src=\"https:\/\/www.univ-lorraine.fr\/raa\/wp-content\/plugins\/ul-raa\/img\/pdf.svg\" alt=\"\" \/>Statuts CRPG au 12\/03\/2024 (290.94 Ko)<\/a><\/li><\/ul><\/div><\/div><\/li><li><a href=\"#\" data-featherlight=\"#actelightbox_24100\" title=\"Voir le d\u00e9tail de l'acte Statuts CRULH - Centre de Recherche Universitaire Lorrain d\u2019Histoire\">Statuts CRULH - Centre de Recherche Universitaire Lorrain d\u2019Histoire<\/a><div id=\"actelightbox_24100\" class=\"actelightbox\"><div class=\"acte_name\">Statuts CRULH - Centre de Recherche Universitaire Lorrain d\u2019Histoire<\/div><div class=\"acte_type\">2025 - Statut et r\u00e8glements \u2013 laboratoires<\/div><div class=\"acte_pub_date\">Publi\u00e9 le : 10\/02\/2025<\/div><div class=\"acte_files\"><ul><li><a href=\"https:\/\/www.univ-lorraine.fr\/raa\/wp-content\/uploads\/sites\/6\/2025\/02\/statuts-du-cruhl-ca-05-novembre-2024.pdf\" target=\"_blank\" title=\"T\u00e9l\u00e9charger le fichier Statuts CRUHL au 05\/11\/2024\"><img decoding=\"async\" src=\"https:\/\/www.univ-lorraine.fr\/raa\/wp-content\/plugins\/ul-raa\/img\/pdf.svg\" alt=\"\" \/>Statuts CRUHL au 05\/11\/2024 (246.80 Ko)<\/a><\/li><\/ul><\/div><\/div><\/li><li><a href=\"#\" data-featherlight=\"#actelightbox_25597\" title=\"Voir le d\u00e9tail de l'acte Statuts DCAC - D\u00e9faillance Cardiovasculaire Aigue Chronique\">Statuts DCAC - D\u00e9faillance Cardiovasculaire Aigue Chronique<\/a><div id=\"actelightbox_25597\" class=\"actelightbox\"><div class=\"acte_name\">Statuts DCAC - D\u00e9faillance Cardiovasculaire Aigue Chronique<\/div><div class=\"acte_type\">2026 - Statut et r\u00e8glements \u2013 laboratoires<\/div><div class=\"acte_pub_date\">Publi\u00e9 le : 6\/02\/2026<\/div><div class=\"acte_files\"><ul><li><a href=\"https:\/\/www.univ-lorraine.fr\/raa\/wp-content\/uploads\/sites\/6\/2026\/02\/statuts-dcac-au-16-12-2025-.pdf\" target=\"_blank\" title=\"T\u00e9l\u00e9charger le fichier Statuts DCAC au 16\/12\/2025\"><img decoding=\"async\" src=\"https:\/\/www.univ-lorraine.fr\/raa\/wp-content\/plugins\/ul-raa\/img\/pdf.svg\" alt=\"\" \/>Statuts DCAC au 16\/12\/2025 (219.06 Ko)<\/a><\/li><\/ul><\/div><\/div><\/li><li><a href=\"#\" data-featherlight=\"#actelightbox_25599\" title=\"Voir le d\u00e9tail de l'acte Statuts DevAH - D\u00e9veloppement Adaptation Handicap\">Statuts DevAH - D\u00e9veloppement Adaptation Handicap<\/a><div id=\"actelightbox_25599\" class=\"actelightbox\"><div class=\"acte_name\">Statuts DevAH - D\u00e9veloppement Adaptation Handicap<\/div><div class=\"acte_type\">2026 - Statut et r\u00e8glements \u2013 laboratoires<\/div><div class=\"acte_pub_date\">Publi\u00e9 le : 6\/02\/2026<\/div><div class=\"acte_files\"><ul><li><a href=\"https:\/\/www.univ-lorraine.fr\/raa\/wp-content\/uploads\/sites\/6\/2026\/02\/statuts-devah-au-16-12-2025.pdf\" target=\"_blank\" title=\"T\u00e9l\u00e9charger le fichier Statuts DevAH au 16\/12\/2025\"><img decoding=\"async\" src=\"https:\/\/www.univ-lorraine.fr\/raa\/wp-content\/plugins\/ul-raa\/img\/pdf.svg\" alt=\"\" \/>Statuts DevAH au 16\/12\/2025 (229.69 Ko)<\/a><\/li><\/ul><\/div><\/div><\/li><li><a href=\"#\" data-featherlight=\"#actelightbox_24102\" title=\"Voir le d\u00e9tail de l'acte Statuts ECRITURES - Centre lorrain de recherches interdisciplinaires dans les domaines des litt\u00e9ratures, des cultures et de la th\u00e9ologie\">Statuts ECRITURES - Centre lorrain de recherches interdisciplinaires dans les domaines des litt\u00e9ratures, des cultures et de la th\u00e9ologie<\/a><div id=\"actelightbox_24102\" class=\"actelightbox\"><div class=\"acte_name\">Statuts ECRITURES - Centre lorrain de recherches interdisciplinaires dans les domaines des litt\u00e9ratures, des cultures et de la th\u00e9ologie<\/div><div class=\"acte_type\">2025 - Statut et r\u00e8glements \u2013 laboratoires<\/div><div class=\"acte_pub_date\">Publi\u00e9 le : 10\/02\/2025<\/div><div class=\"acte_files\"><ul><li><a href=\"https:\/\/www.univ-lorraine.fr\/raa\/wp-content\/uploads\/sites\/6\/2025\/02\/annexe_06__statuts_ecritures.pdf\" target=\"_blank\" title=\"T\u00e9l\u00e9charger le fichier Statuts ECRITURES au 03\/11\/2020\"><img decoding=\"async\" src=\"https:\/\/www.univ-lorraine.fr\/raa\/wp-content\/plugins\/ul-raa\/img\/pdf.svg\" alt=\"\" \/>Statuts ECRITURES au 03\/11\/2020 (158.84 Ko)<\/a><\/li><\/ul><\/div><\/div><\/li><li><a href=\"#\" data-featherlight=\"#actelightbox_24090\" title=\"Voir le d\u00e9tail de l'acte Statuts ERPI - \u00c9quipe de Recherche sur les Processus Innovatifs\">Statuts ERPI - \u00c9quipe de Recherche sur les Processus Innovatifs<\/a><div id=\"actelightbox_24090\" class=\"actelightbox\"><div class=\"acte_name\">Statuts ERPI - \u00c9quipe de Recherche sur les Processus Innovatifs<\/div><div class=\"acte_type\">2025 - Statut et r\u00e8glements \u2013 laboratoires<\/div><div class=\"acte_pub_date\">Publi\u00e9 le : 10\/02\/2025<\/div><div class=\"acte_files\"><ul><li><a href=\"https:\/\/www.univ-lorraine.fr\/raa\/wp-content\/uploads\/sites\/6\/2025\/02\/annexe_03__statuts_erpi_-equipe_de_recherche_sur_les_processus_innovatifs.pdf\" target=\"_blank\" title=\"T\u00e9l\u00e9charger le fichier Statuts ERPI au 10\/07\/2018\"><img decoding=\"async\" src=\"https:\/\/www.univ-lorraine.fr\/raa\/wp-content\/plugins\/ul-raa\/img\/pdf.svg\" alt=\"\" \/>Statuts ERPI au 10\/07\/2018 (478.81 Ko)<\/a><\/li><\/ul><\/div><\/div><\/li><li><a href=\"#\" data-featherlight=\"#actelightbox_24120\" title=\"Voir le d\u00e9tail de l'acte Statuts G\u00e9oRessources\">Statuts G\u00e9oRessources<\/a><div id=\"actelightbox_24120\" class=\"actelightbox\"><div class=\"acte_name\">Statuts G\u00e9oRessources<\/div><div class=\"acte_type\">2025 - Statut et r\u00e8glements \u2013 laboratoires<\/div><div class=\"acte_pub_date\">Publi\u00e9 le : 10\/02\/2025<\/div><div class=\"acte_files\"><ul><li><a href=\"https:\/\/www.univ-lorraine.fr\/raa\/wp-content\/uploads\/sites\/6\/2025\/02\/statuts_umr_georessources_ca-30-01-2024.pdf\" target=\"_blank\" title=\"T\u00e9l\u00e9charger le fichier Statuts GeoRessources au 30\/01\/2024\"><img decoding=\"async\" src=\"https:\/\/www.univ-lorraine.fr\/raa\/wp-content\/plugins\/ul-raa\/img\/pdf.svg\" alt=\"\" \/>Statuts GeoRessources au 30\/01\/2024 (186.97 Ko)<\/a><\/li><\/ul><\/div><\/div><\/li><li><a href=\"#\" data-featherlight=\"#actelightbox_24060\" title=\"Voir le d\u00e9tail de l'acte Statuts IADI - Imagerie Adaptative Diagnostique et Interventionnelle\">Statuts IADI - Imagerie Adaptative Diagnostique et Interventionnelle<\/a><div id=\"actelightbox_24060\" class=\"actelightbox\"><div class=\"acte_name\">Statuts IADI - Imagerie Adaptative Diagnostique et Interventionnelle<\/div><div class=\"acte_type\">2025 - Statut et r\u00e8glements \u2013 laboratoires<\/div><div class=\"acte_pub_date\">Publi\u00e9 le : 10\/02\/2025<\/div><div class=\"acte_files\"><ul><li><a href=\"https:\/\/www.univ-lorraine.fr\/raa\/wp-content\/uploads\/sites\/6\/2025\/02\/annexe_13__statuts_d_iadi_creation_-_imagerie_adaptative_diagnostique_et_interventionnelle_.pdf\" target=\"_blank\" title=\"T\u00e9l\u00e9charger le fichier Statuts IADI au 01\/10\/2024\"><img decoding=\"async\" src=\"https:\/\/www.univ-lorraine.fr\/raa\/wp-content\/plugins\/ul-raa\/img\/pdf.svg\" alt=\"\" \/>Statuts IADI au 01\/10\/2024 (1.20 Mo)<\/a><\/li><\/ul><\/div><\/div><\/li><li><a href=\"#\" data-featherlight=\"#actelightbox_24104\" title=\"Voir le d\u00e9tail de l'acte Statuts IDEA -  Interdisciplinarit\u00e9 Dans les Etudes Anglophones\">Statuts IDEA -  Interdisciplinarit\u00e9 Dans les Etudes Anglophones<\/a><div id=\"actelightbox_24104\" class=\"actelightbox\"><div class=\"acte_name\">Statuts IDEA -  Interdisciplinarit\u00e9 Dans les Etudes Anglophones<\/div><div class=\"acte_type\">2025 - Statut et r\u00e8glements \u2013 laboratoires<\/div><div class=\"acte_pub_date\">Publi\u00e9 le : 10\/02\/2025<\/div><div class=\"acte_files\"><ul><li><a href=\"https:\/\/www.univ-lorraine.fr\/raa\/wp-content\/uploads\/sites\/6\/2025\/02\/statuts-idea-04.02.2025-.pdf\" target=\"_blank\" title=\"T\u00e9l\u00e9charger le fichier Statuts IDEA au 04\/02\/2025\"><img decoding=\"async\" src=\"https:\/\/www.univ-lorraine.fr\/raa\/wp-content\/plugins\/ul-raa\/img\/pdf.svg\" alt=\"\" \/>Statuts IDEA au 04\/02\/2025 (186.48 Ko)<\/a><\/li><\/ul><\/div><\/div><\/li><\/ul><\/div>\n","protected":false},"excerpt":{"rendered":"<p>Apparaissent au sein de cette rubrique, le d\u00e9cret statutaire n\u00b0 2011-1169 du 22 septembre 2011 portant cr\u00e9ation de l&rsquo;Universit\u00e9 de Lorraine, ainsi que son r\u00e8glement int\u00e9rieur actuellement en vigueur. Statuts des composantes de formation Statuts des laboratoires de recherche<\/p>\n","protected":false},"author":7,"featured_media":0,"parent":0,"menu_order":0,"comment_status":"closed","ping_status":"closed","template":"","meta":{"inline_featured_image":false,"footnotes":""},"class_list":["post-16030","page","type-page","status-publish"],"yoast_head":"<!-- This site is optimized with the Yoast SEO plugin v27.4 - https:\/\/yoast.com\/product\/yoast-seo-wordpress\/ -->\n<title>Statuts et r\u00e8glements - Recueil des Actes Administratifs (RAA)<\/title>\n<meta name=\"robots\" content=\"index, follow, max-snippet:-1, max-image-preview:large, max-video-preview:-1\" \/>\n<link rel=\"canonical\" href=\"https:\/\/www.univ-lorraine.fr\/raa\/statuts-et-reglements\/\" \/>\n<meta property=\"og:locale\" content=\"fr_FR\" \/>\n<meta property=\"og:type\" content=\"article\" \/>\n<meta property=\"og:title\" content=\"Statuts et r\u00e8glements - Recueil des Actes Administratifs (RAA)\" \/>\n<meta property=\"og:description\" content=\"Apparaissent au sein de cette rubrique, le d\u00e9cret statutaire n\u00b0 2011-1169 du 22 septembre 2011 portant cr\u00e9ation de l&rsquo;Universit\u00e9 de Lorraine, ainsi que son r\u00e8glement int\u00e9rieur actuellement en vigueur. Statuts des composantes de formation Statuts des laboratoires de recherche\" \/>\n<meta property=\"og:url\" content=\"https:\/\/www.univ-lorraine.fr\/raa\/statuts-et-reglements\/\" \/>\n<meta property=\"og:site_name\" content=\"Recueil des Actes Administratifs (RAA)\" \/>\n<meta property=\"article:modified_time\" content=\"2025-03-26T09:22:08+00:00\" \/>\n<meta name=\"twitter:card\" content=\"summary_large_image\" \/>\n<meta name=\"twitter:label1\" content=\"Dur\u00e9e de lecture estim\u00e9e\" \/>\n\t<meta name=\"twitter:data1\" content=\"1 minute\" \/>\n<script type=\"application\/ld+json\" class=\"yoast-schema-graph\">{\"@context\":\"https:\\\/\\\/schema.org\",\"@graph\":[{\"@type\":\"WebPage\",\"@id\":\"https:\\\/\\\/www.univ-lorraine.fr\\\/raa\\\/statuts-et-reglements\\\/\",\"url\":\"https:\\\/\\\/www.univ-lorraine.fr\\\/raa\\\/statuts-et-reglements\\\/\",\"name\":\"Statuts et r\u00e8glements - Recueil des Actes Administratifs (RAA)\",\"isPartOf\":{\"@id\":\"https:\\\/\\\/www.univ-lorraine.fr\\\/raa\\\/#website\"},\"datePublished\":\"2021-03-01T11:21:26+00:00\",\"dateModified\":\"2025-03-26T09:22:08+00:00\",\"breadcrumb\":{\"@id\":\"https:\\\/\\\/www.univ-lorraine.fr\\\/raa\\\/statuts-et-reglements\\\/#breadcrumb\"},\"inLanguage\":\"fr-FR\",\"potentialAction\":[{\"@type\":\"ReadAction\",\"target\":[\"https:\\\/\\\/www.univ-lorraine.fr\\\/raa\\\/statuts-et-reglements\\\/\"]}]},{\"@type\":\"BreadcrumbList\",\"@id\":\"https:\\\/\\\/www.univ-lorraine.fr\\\/raa\\\/statuts-et-reglements\\\/#breadcrumb\",\"itemListElement\":[{\"@type\":\"ListItem\",\"position\":1,\"name\":\"Accueil\",\"item\":\"https:\\\/\\\/www.univ-lorraine.fr\\\/raa\\\/\"},{\"@type\":\"ListItem\",\"position\":2,\"name\":\"Statuts et r\u00e8glements\"}]},{\"@type\":\"WebSite\",\"@id\":\"https:\\\/\\\/www.univ-lorraine.fr\\\/raa\\\/#website\",\"url\":\"https:\\\/\\\/www.univ-lorraine.fr\\\/raa\\\/\",\"name\":\"Recueil des Actes Administratifs (RAA)\",\"description\":\"\",\"publisher\":{\"@id\":\"https:\\\/\\\/www.univ-lorraine.fr\\\/raa\\\/#organization\"},\"potentialAction\":[{\"@type\":\"SearchAction\",\"target\":{\"@type\":\"EntryPoint\",\"urlTemplate\":\"https:\\\/\\\/www.univ-lorraine.fr\\\/raa\\\/?s={search_term_string}\"},\"query-input\":{\"@type\":\"PropertyValueSpecification\",\"valueRequired\":true,\"valueName\":\"search_term_string\"}}],\"inLanguage\":\"fr-FR\"},{\"@type\":\"Organization\",\"@id\":\"https:\\\/\\\/www.univ-lorraine.fr\\\/raa\\\/#organization\",\"name\":\"Universit\u00e9 de Lorraine\",\"url\":\"https:\\\/\\\/www.univ-lorraine.fr\\\/raa\\\/\",\"logo\":{\"@type\":\"ImageObject\",\"inLanguage\":\"fr-FR\",\"@id\":\"https:\\\/\\\/www.univ-lorraine.fr\\\/raa\\\/#\\\/schema\\\/logo\\\/image\\\/\",\"url\":\"https:\\\/\\\/www.univ-lorraine.fr\\\/raa\\\/wp-content\\\/uploads\\\/sites\\\/6\\\/2021\\\/01\\\/LOGO_UL.png\",\"contentUrl\":\"https:\\\/\\\/www.univ-lorraine.fr\\\/raa\\\/wp-content\\\/uploads\\\/sites\\\/6\\\/2021\\\/01\\\/LOGO_UL.png\",\"width\":138,\"height\":48,\"caption\":\"Universit\u00e9 de Lorraine\"},\"image\":{\"@id\":\"https:\\\/\\\/www.univ-lorraine.fr\\\/raa\\\/#\\\/schema\\\/logo\\\/image\\\/\"}}]}<\/script>\n<!-- \/ Yoast SEO plugin. -->","yoast_head_json":{"title":"Statuts et r\u00e8glements - Recueil des Actes Administratifs (RAA)","robots":{"index":"index","follow":"follow","max-snippet":"max-snippet:-1","max-image-preview":"max-image-preview:large","max-video-preview":"max-video-preview:-1"},"canonical":"https:\/\/www.univ-lorraine.fr\/raa\/statuts-et-reglements\/","og_locale":"fr_FR","og_type":"article","og_title":"Statuts et r\u00e8glements - Recueil des Actes Administratifs (RAA)","og_description":"Apparaissent au sein de cette rubrique, le d\u00e9cret statutaire n\u00b0 2011-1169 du 22 septembre 2011 portant cr\u00e9ation de l&rsquo;Universit\u00e9 de Lorraine, ainsi que son r\u00e8glement int\u00e9rieur actuellement en vigueur. Statuts des composantes de formation Statuts des laboratoires de recherche","og_url":"https:\/\/www.univ-lorraine.fr\/raa\/statuts-et-reglements\/","og_site_name":"Recueil des Actes Administratifs (RAA)","article_modified_time":"2025-03-26T09:22:08+00:00","twitter_card":"summary_large_image","twitter_misc":{"Dur\u00e9e de lecture estim\u00e9e":"1 minute"},"schema":{"@context":"https:\/\/schema.org","@graph":[{"@type":"WebPage","@id":"https:\/\/www.univ-lorraine.fr\/raa\/statuts-et-reglements\/","url":"https:\/\/www.univ-lorraine.fr\/raa\/statuts-et-reglements\/","name":"Statuts et r\u00e8glements - Recueil des Actes Administratifs (RAA)","isPartOf":{"@id":"https:\/\/www.univ-lorraine.fr\/raa\/#website"},"datePublished":"2021-03-01T11:21:26+00:00","dateModified":"2025-03-26T09:22:08+00:00","breadcrumb":{"@id":"https:\/\/www.univ-lorraine.fr\/raa\/statuts-et-reglements\/#breadcrumb"},"inLanguage":"fr-FR","potentialAction":[{"@type":"ReadAction","target":["https:\/\/www.univ-lorraine.fr\/raa\/statuts-et-reglements\/"]}]},{"@type":"BreadcrumbList","@id":"https:\/\/www.univ-lorraine.fr\/raa\/statuts-et-reglements\/#breadcrumb","itemListElement":[{"@type":"ListItem","position":1,"name":"Accueil","item":"https:\/\/www.univ-lorraine.fr\/raa\/"},{"@type":"ListItem","position":2,"name":"Statuts et r\u00e8glements"}]},{"@type":"WebSite","@id":"https:\/\/www.univ-lorraine.fr\/raa\/#website","url":"https:\/\/www.univ-lorraine.fr\/raa\/","name":"Recueil des Actes Administratifs (RAA)","description":"","publisher":{"@id":"https:\/\/www.univ-lorraine.fr\/raa\/#organization"},"potentialAction":[{"@type":"SearchAction","target":{"@type":"EntryPoint","urlTemplate":"https:\/\/www.univ-lorraine.fr\/raa\/?s={search_term_string}"},"query-input":{"@type":"PropertyValueSpecification","valueRequired":true,"valueName":"search_term_string"}}],"inLanguage":"fr-FR"},{"@type":"Organization","@id":"https:\/\/www.univ-lorraine.fr\/raa\/#organization","name":"Universit\u00e9 de Lorraine","url":"https:\/\/www.univ-lorraine.fr\/raa\/","logo":{"@type":"ImageObject","inLanguage":"fr-FR","@id":"https:\/\/www.univ-lorraine.fr\/raa\/#\/schema\/logo\/image\/","url":"https:\/\/www.univ-lorraine.fr\/raa\/wp-content\/uploads\/sites\/6\/2021\/01\/LOGO_UL.png","contentUrl":"https:\/\/www.univ-lorraine.fr\/raa\/wp-content\/uploads\/sites\/6\/2021\/01\/LOGO_UL.png","width":138,"height":48,"caption":"Universit\u00e9 de Lorraine"},"image":{"@id":"https:\/\/www.univ-lorraine.fr\/raa\/#\/schema\/logo\/image\/"}}]}},"_links":{"self":[{"href":"https:\/\/www.univ-lorraine.fr\/raa\/wp-json\/wp\/v2\/pages\/16030","targetHints":{"allow":["GET"]}}],"collection":[{"href":"https:\/\/www.univ-lorraine.fr\/raa\/wp-json\/wp\/v2\/pages"}],"about":[{"href":"https:\/\/www.univ-lorraine.fr\/raa\/wp-json\/wp\/v2\/types\/page"}],"author":[{"embeddable":true,"href":"https:\/\/www.univ-lorraine.fr\/raa\/wp-json\/wp\/v2\/users\/7"}],"replies":[{"embeddable":true,"href":"https:\/\/www.univ-lorraine.fr\/raa\/wp-json\/wp\/v2\/comments?post=16030"}],"version-history":[{"count":25,"href":"https:\/\/www.univ-lorraine.fr\/raa\/wp-json\/wp\/v2\/pages\/16030\/revisions"}],"predecessor-version":[{"id":24501,"href":"https:\/\/www.univ-lorraine.fr\/raa\/wp-json\/wp\/v2\/pages\/16030\/revisions\/24501"}],"wp:attachment":[{"href":"https:\/\/www.univ-lorraine.fr\/raa\/wp-json\/wp\/v2\/media?parent=16030"}],"curies":[{"name":"wp","href":"https:\/\/api.w.org\/{rel}","templated":true}]}}