{"id":16045,"date":"2021-03-01T16:25:26","date_gmt":"2021-03-01T15:25:26","guid":{"rendered":"https:\/\/www.univ-lorraine.fr\/raa\/?page_id=16045"},"modified":"2026-03-09T09:20:47","modified_gmt":"2026-03-09T08:20:47","slug":"designation-responsable-de-la-securite-incendie","status":"publish","type":"page","link":"https:\/\/www.univ-lorraine.fr\/raa\/designation-responsable-de-la-securite-incendie\/","title":{"rendered":"D\u00e9signation responsable de la s\u00e9curit\u00e9 Incendie"},"content":{"rendered":"<div class=\"gb-container gb-container-1a7cc746\"><div class=\"gb-inside-container\">\n<div id=\"liste_actes\"><a name=\"goto_list_actes_e7f5e6c6\"><\/a><div class=\"acte_pagination\"><div class=\"pagination-container\"><ul class=\"pagination\"><li><a href=\"\/raa\/wp-json\/wp\/v2\/pages\/16045?pg-e7f5e6c6=1#goto_list_actes_e7f5e6c6\" class=\"page-change active-page\" data-page=\"1\" title=\"Aller \u00e0 la page 1 de la liste des actes\">1<\/a><\/li><li><a href=\"\/raa\/wp-json\/wp\/v2\/pages\/16045?pg-e7f5e6c6=2#goto_list_actes_e7f5e6c6\" class=\"page-change \" data-page=\"2\" title=\"Aller \u00e0 la page 2 de la liste des actes\">2<\/a><\/li><li><a href=\"\/raa\/wp-json\/wp\/v2\/pages\/16045?pg-e7f5e6c6=3#goto_list_actes_e7f5e6c6\" class=\"page-change \" data-page=\"3\" title=\"Aller \u00e0 la page 3 de la liste des actes\">3<\/a><\/li><\/ul><\/div><\/div><ul class=\"liste_des_actes\"><li><a href=\"#\" data-featherlight=\"#actelightbox_14784\" title=\"Voir le d\u00e9tail de l'acte B.U SAULCY\">B.U SAULCY<\/a><div id=\"actelightbox_14784\" class=\"actelightbox\"><div class=\"acte_name\">B.U SAULCY<\/div><div class=\"acte_type\">2018 - D\u00e9signation responsable s\u00e9curit\u00e9 incendie<\/div><div class=\"acte_pub_date\">Publi\u00e9 le : 26\/04\/2016<\/div><div class=\"acte_files\"><ul><li><a href=\"https:\/\/www.univ-lorraine.fr\/raa\/wp-content\/uploads\/sites\/6\/2021\/02\/bu_saulcy_2018.pdf\" target=\"_blank\" title=\"T\u00e9l\u00e9charger le fichier bu_saulcy_2018.pdf\"><img decoding=\"async\" src=\"https:\/\/www.univ-lorraine.fr\/raa\/wp-content\/plugins\/ul-raa\/img\/pdf.svg\" alt=\"\" \/>bu_saulcy_2018.pdf (641.72 Ko)<\/a><\/li><\/ul><\/div><\/div><\/li><li><a href=\"#\" data-featherlight=\"#actelightbox_15325\" title=\"Voir le d\u00e9tail de l'acte CAMPUS CARNOT-RAVINELLE\">CAMPUS CARNOT-RAVINELLE<\/a><div id=\"actelightbox_15325\" class=\"actelightbox\"><div class=\"acte_name\">CAMPUS CARNOT-RAVINELLE<\/div><div class=\"acte_type\">2025 - D\u00e9signation responsable s\u00e9curit\u00e9 incendie<\/div><div class=\"acte_pub_date\">Publi\u00e9 le : 17\/06\/2015<\/div><div class=\"acte_files\"><ul><li><a href=\"https:\/\/www.univ-lorraine.fr\/raa\/wp-content\/uploads\/sites\/6\/2025\/10\/rus-campus-carnot-ravinelle-2025.pdf\" target=\"_blank\" title=\"T\u00e9l\u00e9charger le fichier RUS CAMPUS CARNOT RAVINELLE 2025\"><img decoding=\"async\" src=\"https:\/\/www.univ-lorraine.fr\/raa\/wp-content\/plugins\/ul-raa\/img\/pdf.svg\" alt=\"\" \/>RUS CAMPUS CARNOT RAVINELLE 2025 (86.85 Ko)<\/a><\/li><\/ul><\/div><\/div><\/li><li><a href=\"#\" data-featherlight=\"#actelightbox_15323\" title=\"Voir le d\u00e9tail de l'acte CAMPUS LETTRES ET SCIENCES HUMAINES-IRT\">CAMPUS LETTRES ET SCIENCES HUMAINES-IRT<\/a><div id=\"actelightbox_15323\" class=\"actelightbox\"><div class=\"acte_name\">CAMPUS LETTRES ET SCIENCES HUMAINES-IRT<\/div><div class=\"acte_type\">2025 - D\u00e9signation responsable s\u00e9curit\u00e9 incendie<\/div><div class=\"acte_pub_date\">Publi\u00e9 le : 18\/09\/2023<\/div><div class=\"acte_files\"><ul><li><a href=\"https:\/\/www.univ-lorraine.fr\/raa\/wp-content\/uploads\/sites\/6\/2025\/03\/rus-clsh-2025.pdf\" target=\"_blank\" title=\"T\u00e9l\u00e9charger le fichier RUS CLSH 2025\"><img decoding=\"async\" src=\"https:\/\/www.univ-lorraine.fr\/raa\/wp-content\/plugins\/ul-raa\/img\/pdf.svg\" alt=\"\" \/>RUS CLSH 2025 (91.24 Ko)<\/a><\/li><\/ul><\/div><\/div><\/li><li><a href=\"#\" data-featherlight=\"#actelightbox_15337\" title=\"Voir le d\u00e9tail de l'acte Chateau du Montet\">Chateau du Montet<\/a><div id=\"actelightbox_15337\" class=\"actelightbox\"><div class=\"acte_name\">Chateau du Montet<\/div><div class=\"acte_type\">2025 - D\u00e9signation responsable s\u00e9curit\u00e9 incendie<\/div><div class=\"acte_pub_date\">Publi\u00e9 le : 7\/03\/2022<\/div><div class=\"acte_files\"><ul><li><a href=\"https:\/\/www.univ-lorraine.fr\/raa\/wp-content\/uploads\/sites\/6\/2025\/06\/rus-dgs-2025.pdf\" target=\"_blank\" title=\"T\u00e9l\u00e9charger le fichier RUS DGS 2025\"><img decoding=\"async\" src=\"https:\/\/www.univ-lorraine.fr\/raa\/wp-content\/plugins\/ul-raa\/img\/pdf.svg\" alt=\"\" \/>RUS DGS 2025 (92.21 Ko)<\/a><\/li><\/ul><\/div><\/div><\/li><li><a href=\"#\" data-featherlight=\"#actelightbox_15367\" title=\"Voir le d\u00e9tail de l'acte EEIGM - ENSGSI\">EEIGM - ENSGSI<\/a><div id=\"actelightbox_15367\" class=\"actelightbox\"><div class=\"acte_name\">EEIGM - ENSGSI<\/div><div class=\"acte_type\">2025 - D\u00e9signation responsable s\u00e9curit\u00e9 incendie<\/div><div class=\"acte_pub_date\">Publi\u00e9 le : 17\/06\/2015<\/div><div class=\"acte_files\"><ul><li><a href=\"https:\/\/www.univ-lorraine.fr\/raa\/wp-content\/uploads\/sites\/6\/2025\/09\/rus-eeigm-ensgi-2025.pdf\" target=\"_blank\" title=\"T\u00e9l\u00e9charger le fichier RUS EEIGM ENSGI 2025\"><img decoding=\"async\" src=\"https:\/\/www.univ-lorraine.fr\/raa\/wp-content\/plugins\/ul-raa\/img\/pdf.svg\" alt=\"\" \/>RUS EEIGM ENSGI 2025 (83.98 Ko)<\/a><\/li><\/ul><\/div><\/div><\/li><li><a href=\"#\" data-featherlight=\"#actelightbox_14755\" title=\"Voir le d\u00e9tail de l'acte ENIM\">ENIM<\/a><div id=\"actelightbox_14755\" class=\"actelightbox\"><div class=\"acte_name\">ENIM<\/div><div class=\"acte_type\">2018 - D\u00e9signation responsable s\u00e9curit\u00e9 incendie<\/div><div class=\"acte_pub_date\">Publi\u00e9 le : 1\/06\/2016<\/div><div class=\"acte_files\"><ul><li><a href=\"https:\/\/www.univ-lorraine.fr\/raa\/wp-content\/uploads\/sites\/6\/2021\/02\/enim_2018.pdf\" target=\"_blank\" title=\"T\u00e9l\u00e9charger le fichier enim_2018.pdf\"><img decoding=\"async\" src=\"https:\/\/www.univ-lorraine.fr\/raa\/wp-content\/plugins\/ul-raa\/img\/pdf.svg\" alt=\"\" \/>enim_2018.pdf (651.94 Ko)<\/a><\/li><\/ul><\/div><\/div><\/li><li><a href=\"#\" data-featherlight=\"#actelightbox_20379\" title=\"Voir le d\u00e9tail de l'acte ENSAIA\">ENSAIA<\/a><div id=\"actelightbox_20379\" class=\"actelightbox\"><div class=\"acte_name\">ENSAIA<\/div><div class=\"acte_type\">2022 - D\u00e9signation responsable s\u00e9curit\u00e9 incendie<\/div><div class=\"acte_pub_date\">Publi\u00e9 le : 26\/10\/2022<\/div><div class=\"acte_files\"><ul><li><a href=\"https:\/\/www.univ-lorraine.fr\/raa\/wp-content\/uploads\/sites\/6\/2022\/10\/RUS-ENSAIA-GUIDO-RYCHEN.pdf\" target=\"_blank\" title=\"T\u00e9l\u00e9charger le fichier RUS ENSAIA GUIDO RYCHEN\"><img decoding=\"async\" src=\"https:\/\/www.univ-lorraine.fr\/raa\/wp-content\/plugins\/ul-raa\/img\/pdf.svg\" alt=\"\" \/>RUS ENSAIA GUIDO RYCHEN (625.41 Ko)<\/a><\/li><\/ul><\/div><\/div><\/li><li><a href=\"#\" data-featherlight=\"#actelightbox_15369\" title=\"Voir le d\u00e9tail de l'acte ENSEM\">ENSEM<\/a><div id=\"actelightbox_15369\" class=\"actelightbox\"><div class=\"acte_name\">ENSEM<\/div><div class=\"acte_type\">2018 - D\u00e9signation responsable s\u00e9curit\u00e9 incendie<\/div><div class=\"acte_pub_date\">Publi\u00e9 le : 17\/06\/2015<\/div><div class=\"acte_files\"><ul><li><a href=\"https:\/\/www.univ-lorraine.fr\/raa\/wp-content\/uploads\/sites\/6\/2021\/02\/ensem_2018.pdf\" target=\"_blank\" title=\"T\u00e9l\u00e9charger le fichier ensem_2018.pdf\"><img decoding=\"async\" src=\"https:\/\/www.univ-lorraine.fr\/raa\/wp-content\/plugins\/ul-raa\/img\/pdf.svg\" alt=\"\" \/>ensem_2018.pdf (655.87 Ko)<\/a><\/li><\/ul><\/div><\/div><\/li><li><a href=\"#\" data-featherlight=\"#actelightbox_15371\" title=\"Voir le d\u00e9tail de l'acte ENSG\">ENSG<\/a><div id=\"actelightbox_15371\" class=\"actelightbox\"><div class=\"acte_name\">ENSG<\/div><div class=\"acte_type\">2018 - D\u00e9signation responsable s\u00e9curit\u00e9 incendie<\/div><div class=\"acte_pub_date\">Publi\u00e9 le : 23\/03\/2021<\/div><div class=\"acte_files\"><ul><li><a href=\"https:\/\/www.univ-lorraine.fr\/raa\/wp-content\/uploads\/sites\/6\/2015\/06\/RUS-ENSG-J.-SAUSSE.-2021.pdf\" target=\"_blank\" title=\"T\u00e9l\u00e9charger le fichier RUS ENSG J. SAUSSE. 2021\"><img decoding=\"async\" src=\"https:\/\/www.univ-lorraine.fr\/raa\/wp-content\/plugins\/ul-raa\/img\/pdf.svg\" alt=\"\" \/>RUS ENSG J. SAUSSE. 2021 (622.38 Ko)<\/a><\/li><\/ul><\/div><\/div><\/li><li><a href=\"#\" data-featherlight=\"#actelightbox_15373\" title=\"Voir le d\u00e9tail de l'acte ENSIC\">ENSIC<\/a><div id=\"actelightbox_15373\" class=\"actelightbox\"><div class=\"acte_name\">ENSIC<\/div><div class=\"acte_type\">2018 - D\u00e9signation responsable s\u00e9curit\u00e9 incendie<\/div><div class=\"acte_pub_date\">Publi\u00e9 le : 17\/06\/2015<\/div><div class=\"acte_files\"><ul><li><a href=\"https:\/\/www.univ-lorraine.fr\/raa\/wp-content\/uploads\/sites\/6\/2015\/06\/RUS-ENSIC-ALAIN-DURAND-2021-1.pdf\" target=\"_blank\" title=\"T\u00e9l\u00e9charger le fichier RUS ENSIC ALAIN DURAND 2021\"><img decoding=\"async\" src=\"https:\/\/www.univ-lorraine.fr\/raa\/wp-content\/plugins\/ul-raa\/img\/pdf.svg\" alt=\"\" \/>RUS ENSIC ALAIN DURAND 2021 (570.47 Ko)<\/a><\/li><\/ul><\/div><\/div><\/li><li><a href=\"#\" data-featherlight=\"#actelightbox_15375\" title=\"Voir le d\u00e9tail de l'acte ENSTIB\">ENSTIB<\/a><div id=\"actelightbox_15375\" class=\"actelightbox\"><div class=\"acte_name\">ENSTIB<\/div><div class=\"acte_type\">2018 - D\u00e9signation responsable s\u00e9curit\u00e9 incendie<\/div><div class=\"acte_pub_date\">Publi\u00e9 le : 17\/06\/2015<\/div><div class=\"acte_files\"><ul><li><a href=\"https:\/\/www.univ-lorraine.fr\/raa\/wp-content\/uploads\/sites\/6\/2021\/02\/enstib_2.pdf\" target=\"_blank\" title=\"T\u00e9l\u00e9charger le fichier enstib_2.pdf\"><img decoding=\"async\" src=\"https:\/\/www.univ-lorraine.fr\/raa\/wp-content\/plugins\/ul-raa\/img\/pdf.svg\" alt=\"\" \/>enstib_2.pdf (683.81 Ko)<\/a><\/li><\/ul><\/div><\/div><\/li><li><a href=\"#\" data-featherlight=\"#actelightbox_14711\" title=\"Voir le d\u00e9tail de l'acte IECA\">IECA<\/a><div id=\"actelightbox_14711\" class=\"actelightbox\"><div class=\"acte_name\">IECA<\/div><div class=\"acte_type\">2024 - D\u00e9signation responsable s\u00e9curit\u00e9 incendie<\/div><div class=\"acte_pub_date\">Publi\u00e9 le : 19\/02\/2024<\/div><div class=\"acte_files\"><ul><li><a href=\"https:\/\/www.univ-lorraine.fr\/raa\/wp-content\/uploads\/sites\/6\/2024\/11\/rus-iut-ieca-2024.pdf\" target=\"_blank\" title=\"T\u00e9l\u00e9charger le fichier RUS IUT IECA 2024\"><img decoding=\"async\" src=\"https:\/\/www.univ-lorraine.fr\/raa\/wp-content\/plugins\/ul-raa\/img\/pdf.svg\" alt=\"\" \/>RUS IUT IECA 2024 (79.63 Ko)<\/a><\/li><\/ul><\/div><\/div><\/li><li><a href=\"#\" data-featherlight=\"#actelightbox_15328\" title=\"Voir le d\u00e9tail de l'acte INSPE\">INSPE<\/a><div id=\"actelightbox_15328\" class=\"actelightbox\"><div class=\"acte_name\">INSPE<\/div><div class=\"acte_type\">2023 - D\u00e9signation responsable s\u00e9curit\u00e9 incendie<\/div><div class=\"acte_pub_date\">Publi\u00e9 le : 6\/04\/2023<\/div><div class=\"acte_files\"><ul><li><a href=\"https:\/\/www.univ-lorraine.fr\/raa\/wp-content\/uploads\/sites\/6\/2023\/04\/RUS-2023-N.-SEVILLA.pdf\" target=\"_blank\" title=\"T\u00e9l\u00e9charger le fichier RUS 2023 N. SEVILLA\"><img decoding=\"async\" src=\"https:\/\/www.univ-lorraine.fr\/raa\/wp-content\/plugins\/ul-raa\/img\/pdf.svg\" alt=\"\" \/>RUS 2023 N. SEVILLA (595.66 Ko)<\/a><\/li><\/ul><\/div><\/div><\/li><li><a href=\"#\" data-featherlight=\"#actelightbox_15321\" title=\"Voir le d\u00e9tail de l'acte INSTITUT JEAN LAMOUR\">INSTITUT JEAN LAMOUR<\/a><div id=\"actelightbox_15321\" class=\"actelightbox\"><div class=\"acte_name\">INSTITUT JEAN LAMOUR<\/div><div class=\"acte_type\">2018 - D\u00e9signation responsable s\u00e9curit\u00e9 incendie<\/div><div class=\"acte_pub_date\">Publi\u00e9 le : 17\/06\/2015<\/div><div class=\"acte_files\"><ul><li><a href=\"https:\/\/www.univ-lorraine.fr\/raa\/wp-content\/uploads\/sites\/6\/2021\/02\/ijl_2018.pdf\" target=\"_blank\" title=\"T\u00e9l\u00e9charger le fichier ijl_2018.pdf\"><img decoding=\"async\" src=\"https:\/\/www.univ-lorraine.fr\/raa\/wp-content\/plugins\/ul-raa\/img\/pdf.svg\" alt=\"\" \/>ijl_2018.pdf (631.65 Ko)<\/a><\/li><\/ul><\/div><\/div><\/li><li><a href=\"#\" data-featherlight=\"#actelightbox_15351\" title=\"Voir le d\u00e9tail de l'acte IUT EPINAL H. CURIEN\">IUT EPINAL H. CURIEN<\/a><div id=\"actelightbox_15351\" class=\"actelightbox\"><div class=\"acte_name\">IUT EPINAL H. CURIEN<\/div><div class=\"acte_type\">2018 - D\u00e9signation responsable s\u00e9curit\u00e9 incendie<\/div><div class=\"acte_pub_date\">Publi\u00e9 le : 1\/04\/2022<\/div><div class=\"acte_files\"><ul><li><a href=\"https:\/\/www.univ-lorraine.fr\/raa\/wp-content\/uploads\/sites\/6\/2022\/03\/RUS-IUT-EPINAL-2022.pdf\" target=\"_blank\" title=\"T\u00e9l\u00e9charger le fichier RUS IUT EPINAL 2022\"><img decoding=\"async\" src=\"https:\/\/www.univ-lorraine.fr\/raa\/wp-content\/plugins\/ul-raa\/img\/pdf.svg\" alt=\"\" \/>RUS IUT EPINAL 2022 (583.47 Ko)<\/a><\/li><\/ul><\/div><\/div><\/li><li><a href=\"#\" data-featherlight=\"#actelightbox_15353\" title=\"Voir le d\u00e9tail de l'acte IUT LONGWY\">IUT LONGWY<\/a><div id=\"actelightbox_15353\" class=\"actelightbox\"><div class=\"acte_name\">IUT LONGWY<\/div><div class=\"acte_type\">2018 - D\u00e9signation responsable s\u00e9curit\u00e9 incendie<\/div><div class=\"acte_pub_date\">Publi\u00e9 le : 17\/06\/2015<\/div><div class=\"acte_files\"><ul><li><a href=\"https:\/\/www.univ-lorraine.fr\/raa\/wp-content\/uploads\/sites\/6\/2021\/02\/iut_longwy_rus_2018.pdf\" target=\"_blank\" title=\"T\u00e9l\u00e9charger le fichier iut_longwy_rus_2018.pdf\"><img decoding=\"async\" src=\"https:\/\/www.univ-lorraine.fr\/raa\/wp-content\/plugins\/ul-raa\/img\/pdf.svg\" alt=\"\" \/>iut_longwy_rus_2018.pdf (626.84 Ko)<\/a><\/li><\/ul><\/div><\/div><\/li><li><a href=\"#\" data-featherlight=\"#actelightbox_15359\" title=\"Voir le d\u00e9tail de l'acte IUT METZ\">IUT METZ<\/a><div id=\"actelightbox_15359\" class=\"actelightbox\"><div class=\"acte_name\">IUT METZ<\/div><div class=\"acte_type\">2022 - D\u00e9signation responsable s\u00e9curit\u00e9 incendie<\/div><div class=\"acte_pub_date\">Publi\u00e9 le : 22\/11\/2022<\/div><div class=\"acte_files\"><ul><li><a href=\"https:\/\/www.univ-lorraine.fr\/raa\/wp-content\/uploads\/sites\/6\/2022\/11\/RUS-IUT-METZ-2022.pdf\" target=\"_blank\" title=\"T\u00e9l\u00e9charger le fichier RUS IUT METZ 2022\"><img decoding=\"async\" src=\"https:\/\/www.univ-lorraine.fr\/raa\/wp-content\/plugins\/ul-raa\/img\/pdf.svg\" alt=\"\" \/>RUS IUT METZ 2022 (575.22 Ko)<\/a><\/li><\/ul><\/div><\/div><\/li><li><a href=\"#\" data-featherlight=\"#actelightbox_15361\" title=\"Voir le d\u00e9tail de l'acte IUT MOSELLE EST\">IUT MOSELLE EST<\/a><div id=\"actelightbox_15361\" class=\"actelightbox\"><div class=\"acte_name\">IUT MOSELLE EST<\/div><div class=\"acte_type\">2020 - D\u00e9signation responsable s\u00e9curit\u00e9 incendie<\/div><div class=\"acte_pub_date\">Publi\u00e9 le : 17\/06\/2015<\/div><div class=\"acte_files\"><ul><li><a href=\"https:\/\/www.univ-lorraine.fr\/raa\/wp-content\/uploads\/sites\/6\/2021\/02\/iut_moselle_est_2020.pdf\" target=\"_blank\" title=\"T\u00e9l\u00e9charger le fichier iut_moselle_est_2020.pdf\"><img decoding=\"async\" src=\"https:\/\/www.univ-lorraine.fr\/raa\/wp-content\/plugins\/ul-raa\/img\/pdf.svg\" alt=\"\" \/>iut_moselle_est_2020.pdf (678.56 Ko)<\/a><\/li><\/ul><\/div><\/div><\/li><li><a href=\"#\" data-featherlight=\"#actelightbox_15355\" title=\"Voir le d\u00e9tail de l'acte IUT NANCY BRABOIS\">IUT NANCY BRABOIS<\/a><div id=\"actelightbox_15355\" class=\"actelightbox\"><div class=\"acte_name\">IUT NANCY BRABOIS<\/div><div class=\"acte_type\">2026 - D\u00e9signation responsable s\u00e9curit\u00e9 incendie<\/div><div class=\"acte_pub_date\">Publi\u00e9 le : 7\/04\/2026<\/div><div class=\"acte_files\"><ul><li><a href=\"https:\/\/www.univ-lorraine.fr\/raa\/wp-content\/uploads\/sites\/6\/2026\/04\/rus-iut-nancy-brabois.pdf\" target=\"_blank\" title=\"T\u00e9l\u00e9charger le fichier RUS IUT NANCY BRABOIS\"><img decoding=\"async\" src=\"https:\/\/www.univ-lorraine.fr\/raa\/wp-content\/plugins\/ul-raa\/img\/pdf.svg\" alt=\"\" \/>RUS IUT NANCY BRABOIS (77.38 Ko)<\/a><\/li><\/ul><\/div><\/div><\/li><li><a href=\"#\" data-featherlight=\"#actelightbox_15357\" title=\"Voir le d\u00e9tail de l'acte IUT NANCY CHARLEMAGNE\">IUT NANCY CHARLEMAGNE<\/a><div id=\"actelightbox_15357\" class=\"actelightbox\"><div class=\"acte_name\">IUT NANCY CHARLEMAGNE<\/div><div class=\"acte_type\">2023 - D\u00e9signation responsable s\u00e9curit\u00e9 incendie<\/div><div class=\"acte_pub_date\">Publi\u00e9 le : 26\/10\/2023<\/div><div class=\"acte_files\"><ul><li><a href=\"https:\/\/www.univ-lorraine.fr\/raa\/wp-content\/uploads\/sites\/6\/2023\/11\/rus-iut-nancy-charlemagne-2023.pdf\" target=\"_blank\" title=\"T\u00e9l\u00e9charger le fichier RUS IUT Nancy Charlemagne 2023\"><img decoding=\"async\" src=\"https:\/\/www.univ-lorraine.fr\/raa\/wp-content\/plugins\/ul-raa\/img\/pdf.svg\" alt=\"\" \/>RUS IUT Nancy Charlemagne 2023 (558.35 Ko)<\/a><\/li><\/ul><\/div><\/div><\/li><\/ul><\/div>\n\n<\/div><\/div>","protected":false},"excerpt":{"rendered":"","protected":false},"author":7,"featured_media":0,"parent":0,"menu_order":0,"comment_status":"closed","ping_status":"closed","template":"","meta":{"inline_featured_image":false,"footnotes":""},"class_list":["post-16045","page","type-page","status-publish"],"yoast_head":"<!-- This site is optimized with the Yoast SEO plugin v27.4 - https:\/\/yoast.com\/product\/yoast-seo-wordpress\/ -->\n<title>D\u00e9signation responsable de la s\u00e9curit\u00e9 Incendie - Recueil des Actes Administratifs (RAA)<\/title>\n<meta name=\"robots\" content=\"index, follow, max-snippet:-1, max-image-preview:large, max-video-preview:-1\" \/>\n<link rel=\"canonical\" href=\"https:\/\/www.univ-lorraine.fr\/raa\/designation-responsable-de-la-securite-incendie\/\" \/>\n<meta property=\"og:locale\" content=\"fr_FR\" \/>\n<meta property=\"og:type\" content=\"article\" \/>\n<meta property=\"og:title\" content=\"D\u00e9signation responsable de la s\u00e9curit\u00e9 Incendie - Recueil des Actes Administratifs (RAA)\" \/>\n<meta property=\"og:url\" content=\"https:\/\/www.univ-lorraine.fr\/raa\/designation-responsable-de-la-securite-incendie\/\" \/>\n<meta property=\"og:site_name\" content=\"Recueil des Actes Administratifs (RAA)\" \/>\n<meta property=\"article:modified_time\" content=\"2026-03-09T08:20:47+00:00\" \/>\n<meta name=\"twitter:card\" content=\"summary_large_image\" \/>\n<meta name=\"twitter:label1\" content=\"Dur\u00e9e de lecture estim\u00e9e\" \/>\n\t<meta name=\"twitter:data1\" content=\"1 minute\" \/>\n<script type=\"application\/ld+json\" class=\"yoast-schema-graph\">{\"@context\":\"https:\\\/\\\/schema.org\",\"@graph\":[{\"@type\":\"WebPage\",\"@id\":\"https:\\\/\\\/www.univ-lorraine.fr\\\/raa\\\/designation-responsable-de-la-securite-incendie\\\/\",\"url\":\"https:\\\/\\\/www.univ-lorraine.fr\\\/raa\\\/designation-responsable-de-la-securite-incendie\\\/\",\"name\":\"D\u00e9signation responsable de la s\u00e9curit\u00e9 Incendie - Recueil des Actes Administratifs (RAA)\",\"isPartOf\":{\"@id\":\"https:\\\/\\\/www.univ-lorraine.fr\\\/raa\\\/#website\"},\"datePublished\":\"2021-03-01T15:25:26+00:00\",\"dateModified\":\"2026-03-09T08:20:47+00:00\",\"breadcrumb\":{\"@id\":\"https:\\\/\\\/www.univ-lorraine.fr\\\/raa\\\/designation-responsable-de-la-securite-incendie\\\/#breadcrumb\"},\"inLanguage\":\"fr-FR\",\"potentialAction\":[{\"@type\":\"ReadAction\",\"target\":[\"https:\\\/\\\/www.univ-lorraine.fr\\\/raa\\\/designation-responsable-de-la-securite-incendie\\\/\"]}]},{\"@type\":\"BreadcrumbList\",\"@id\":\"https:\\\/\\\/www.univ-lorraine.fr\\\/raa\\\/designation-responsable-de-la-securite-incendie\\\/#breadcrumb\",\"itemListElement\":[{\"@type\":\"ListItem\",\"position\":1,\"name\":\"Accueil\",\"item\":\"https:\\\/\\\/www.univ-lorraine.fr\\\/raa\\\/\"},{\"@type\":\"ListItem\",\"position\":2,\"name\":\"D\u00e9signation responsable de la s\u00e9curit\u00e9 Incendie\"}]},{\"@type\":\"WebSite\",\"@id\":\"https:\\\/\\\/www.univ-lorraine.fr\\\/raa\\\/#website\",\"url\":\"https:\\\/\\\/www.univ-lorraine.fr\\\/raa\\\/\",\"name\":\"Recueil des Actes Administratifs (RAA)\",\"description\":\"\",\"publisher\":{\"@id\":\"https:\\\/\\\/www.univ-lorraine.fr\\\/raa\\\/#organization\"},\"potentialAction\":[{\"@type\":\"SearchAction\",\"target\":{\"@type\":\"EntryPoint\",\"urlTemplate\":\"https:\\\/\\\/www.univ-lorraine.fr\\\/raa\\\/?s={search_term_string}\"},\"query-input\":{\"@type\":\"PropertyValueSpecification\",\"valueRequired\":true,\"valueName\":\"search_term_string\"}}],\"inLanguage\":\"fr-FR\"},{\"@type\":\"Organization\",\"@id\":\"https:\\\/\\\/www.univ-lorraine.fr\\\/raa\\\/#organization\",\"name\":\"Universit\u00e9 de Lorraine\",\"url\":\"https:\\\/\\\/www.univ-lorraine.fr\\\/raa\\\/\",\"logo\":{\"@type\":\"ImageObject\",\"inLanguage\":\"fr-FR\",\"@id\":\"https:\\\/\\\/www.univ-lorraine.fr\\\/raa\\\/#\\\/schema\\\/logo\\\/image\\\/\",\"url\":\"https:\\\/\\\/www.univ-lorraine.fr\\\/raa\\\/wp-content\\\/uploads\\\/sites\\\/6\\\/2021\\\/01\\\/LOGO_UL.png\",\"contentUrl\":\"https:\\\/\\\/www.univ-lorraine.fr\\\/raa\\\/wp-content\\\/uploads\\\/sites\\\/6\\\/2021\\\/01\\\/LOGO_UL.png\",\"width\":138,\"height\":48,\"caption\":\"Universit\u00e9 de Lorraine\"},\"image\":{\"@id\":\"https:\\\/\\\/www.univ-lorraine.fr\\\/raa\\\/#\\\/schema\\\/logo\\\/image\\\/\"}}]}<\/script>\n<!-- \/ Yoast SEO plugin. -->","yoast_head_json":{"title":"D\u00e9signation responsable de la s\u00e9curit\u00e9 Incendie - Recueil des Actes Administratifs (RAA)","robots":{"index":"index","follow":"follow","max-snippet":"max-snippet:-1","max-image-preview":"max-image-preview:large","max-video-preview":"max-video-preview:-1"},"canonical":"https:\/\/www.univ-lorraine.fr\/raa\/designation-responsable-de-la-securite-incendie\/","og_locale":"fr_FR","og_type":"article","og_title":"D\u00e9signation responsable de la s\u00e9curit\u00e9 Incendie - Recueil des Actes Administratifs (RAA)","og_url":"https:\/\/www.univ-lorraine.fr\/raa\/designation-responsable-de-la-securite-incendie\/","og_site_name":"Recueil des Actes Administratifs (RAA)","article_modified_time":"2026-03-09T08:20:47+00:00","twitter_card":"summary_large_image","twitter_misc":{"Dur\u00e9e de lecture estim\u00e9e":"1 minute"},"schema":{"@context":"https:\/\/schema.org","@graph":[{"@type":"WebPage","@id":"https:\/\/www.univ-lorraine.fr\/raa\/designation-responsable-de-la-securite-incendie\/","url":"https:\/\/www.univ-lorraine.fr\/raa\/designation-responsable-de-la-securite-incendie\/","name":"D\u00e9signation responsable de la s\u00e9curit\u00e9 Incendie - Recueil des Actes Administratifs (RAA)","isPartOf":{"@id":"https:\/\/www.univ-lorraine.fr\/raa\/#website"},"datePublished":"2021-03-01T15:25:26+00:00","dateModified":"2026-03-09T08:20:47+00:00","breadcrumb":{"@id":"https:\/\/www.univ-lorraine.fr\/raa\/designation-responsable-de-la-securite-incendie\/#breadcrumb"},"inLanguage":"fr-FR","potentialAction":[{"@type":"ReadAction","target":["https:\/\/www.univ-lorraine.fr\/raa\/designation-responsable-de-la-securite-incendie\/"]}]},{"@type":"BreadcrumbList","@id":"https:\/\/www.univ-lorraine.fr\/raa\/designation-responsable-de-la-securite-incendie\/#breadcrumb","itemListElement":[{"@type":"ListItem","position":1,"name":"Accueil","item":"https:\/\/www.univ-lorraine.fr\/raa\/"},{"@type":"ListItem","position":2,"name":"D\u00e9signation responsable de la s\u00e9curit\u00e9 Incendie"}]},{"@type":"WebSite","@id":"https:\/\/www.univ-lorraine.fr\/raa\/#website","url":"https:\/\/www.univ-lorraine.fr\/raa\/","name":"Recueil des Actes Administratifs (RAA)","description":"","publisher":{"@id":"https:\/\/www.univ-lorraine.fr\/raa\/#organization"},"potentialAction":[{"@type":"SearchAction","target":{"@type":"EntryPoint","urlTemplate":"https:\/\/www.univ-lorraine.fr\/raa\/?s={search_term_string}"},"query-input":{"@type":"PropertyValueSpecification","valueRequired":true,"valueName":"search_term_string"}}],"inLanguage":"fr-FR"},{"@type":"Organization","@id":"https:\/\/www.univ-lorraine.fr\/raa\/#organization","name":"Universit\u00e9 de Lorraine","url":"https:\/\/www.univ-lorraine.fr\/raa\/","logo":{"@type":"ImageObject","inLanguage":"fr-FR","@id":"https:\/\/www.univ-lorraine.fr\/raa\/#\/schema\/logo\/image\/","url":"https:\/\/www.univ-lorraine.fr\/raa\/wp-content\/uploads\/sites\/6\/2021\/01\/LOGO_UL.png","contentUrl":"https:\/\/www.univ-lorraine.fr\/raa\/wp-content\/uploads\/sites\/6\/2021\/01\/LOGO_UL.png","width":138,"height":48,"caption":"Universit\u00e9 de Lorraine"},"image":{"@id":"https:\/\/www.univ-lorraine.fr\/raa\/#\/schema\/logo\/image\/"}}]}},"_links":{"self":[{"href":"https:\/\/www.univ-lorraine.fr\/raa\/wp-json\/wp\/v2\/pages\/16045","targetHints":{"allow":["GET"]}}],"collection":[{"href":"https:\/\/www.univ-lorraine.fr\/raa\/wp-json\/wp\/v2\/pages"}],"about":[{"href":"https:\/\/www.univ-lorraine.fr\/raa\/wp-json\/wp\/v2\/types\/page"}],"author":[{"embeddable":true,"href":"https:\/\/www.univ-lorraine.fr\/raa\/wp-json\/wp\/v2\/users\/7"}],"replies":[{"embeddable":true,"href":"https:\/\/www.univ-lorraine.fr\/raa\/wp-json\/wp\/v2\/comments?post=16045"}],"version-history":[{"count":3,"href":"https:\/\/www.univ-lorraine.fr\/raa\/wp-json\/wp\/v2\/pages\/16045\/revisions"}],"predecessor-version":[{"id":25688,"href":"https:\/\/www.univ-lorraine.fr\/raa\/wp-json\/wp\/v2\/pages\/16045\/revisions\/25688"}],"wp:attachment":[{"href":"https:\/\/www.univ-lorraine.fr\/raa\/wp-json\/wp\/v2\/media?parent=16045"}],"curies":[{"name":"wp","href":"https:\/\/api.w.org\/{rel}","templated":true}]}}