{"id":16068,"date":"2021-03-01T16:52:23","date_gmt":"2021-03-01T15:52:23","guid":{"rendered":"https:\/\/www.univ-lorraine.fr\/raa\/?page_id=16068"},"modified":"2026-03-03T15:13:42","modified_gmt":"2026-03-03T14:13:42","slug":"delegations-de-signature","status":"publish","type":"page","link":"https:\/\/www.univ-lorraine.fr\/raa\/delegations-de-signature\/","title":{"rendered":"D\u00e9l\u00e9gations de signature"},"content":{"rendered":"\n<h2 class=\"gb-headline gb-headline-b7dd08bd gb-headline-text\">Acc\u00e8s direct<\/h2>\n\n\n\n<ul class=\"wp-block-list\">\n<li><a href=\"#vpdgs\">Vice-Pr\u00e9sidents et Directeur g\u00e9n\u00e9ral des services<\/a><\/li>\n\n\n\n<li><a href=\"#struct-dgs\">Structures rattach\u00e9es \u00e0 la direction g\u00e9n\u00e9rale des services<\/a><\/li>\n\n\n\n<li><a href=\"#do\">Directions op\u00e9rationnelles<\/a><\/li>\n\n\n\n<li><a href=\"#dircoll\">Directeurs de coll\u00e9giums<\/a><\/li>\n\n\n\n<li><a href=\"http:\/\/dirps\">Directeurs p\u00f4les <\/a><a href=\"#dirps\">scientifiques<\/a><\/li>\n\n\n\n<li><a href=\"#dircamp\">Directeurs de campus<\/a><\/li>\n\n\n\n<li><a href=\"#dircomp\">Composantes de formation<\/a><\/li>\n\n\n\n<li><a href=\"#labos\">Laboratoires<\/a><\/li>\n\n\n\n<li><a href=\"#ed\">\u00c9coles doctorales<\/a><\/li>\n\n\n\n<li><a href=\"#sts\">Services techniques de sites<\/a><\/li>\n<\/ul>\n\n\n<div class=\"gb-container gb-container-1a7cc746\" id=\"vpdgs\"><div class=\"gb-inside-container\">\n\n<h2 class=\"wp-block-heading\">Vice-Pr\u00e9sidents et Directeur g\u00e9n\u00e9ral des services<\/h2>\n\n\n<div id=\"liste_actes\"><a name=\"goto_list_actes_135d9b03\"><\/a><ul class=\"liste_des_actes\"><li><a href=\"#\" data-featherlight=\"#actelightbox_19924\" title=\"Voir le d\u00e9tail de l'acte Agent Comptable\">Agent Comptable<\/a><div id=\"actelightbox_19924\" class=\"actelightbox\"><div class=\"acte_name\">Agent Comptable<\/div><div class=\"acte_type\">2025 - VP-DGS<\/div><div class=\"acte_pub_date\">Publi\u00e9 le : 15\/05\/2025<\/div><div class=\"acte_files\"><ul><li><a href=\"https:\/\/www.univ-lorraine.fr\/raa\/wp-content\/uploads\/sites\/6\/2025\/05\/agent-comptable-delegation-damien-coursodon-2025.pdf\" target=\"_blank\" title=\"T\u00e9l\u00e9charger le fichier Agent comptable d\u00e9l\u00e9gation Damien COURSODON 2025\"><img decoding=\"async\" src=\"https:\/\/www.univ-lorraine.fr\/raa\/wp-content\/plugins\/ul-raa\/img\/pdf.svg\" alt=\"\" \/>Agent comptable d\u00e9l\u00e9gation Damien COURSODON 2025 (93.13 Ko)<\/a><\/li><li><a href=\"https:\/\/www.univ-lorraine.fr\/raa\/wp-content\/uploads\/sites\/6\/2025\/05\/decision-nomination-mandataire-agent-comptable-02-05-2025-ayeh-kattan.pdf\" target=\"_blank\" title=\"T\u00e9l\u00e9charger le fichier d\u00e9cision nomination mandataire agent comptable 02 05 2025 Ayeh KATTAN\"><img decoding=\"async\" src=\"https:\/\/www.univ-lorraine.fr\/raa\/wp-content\/plugins\/ul-raa\/img\/pdf.svg\" alt=\"\" \/>d\u00e9cision nomination mandataire agent comptable 02 05 2025 Ayeh KATTAN (118.21 Ko)<\/a><\/li><li><a href=\"https:\/\/www.univ-lorraine.fr\/raa\/wp-content\/uploads\/sites\/6\/2025\/05\/decision-nomination-mandataire-agent-comptable-02-05-2025-catherine-nemurat.pdf\" target=\"_blank\" title=\"T\u00e9l\u00e9charger le fichier d\u00e9cision nomination mandataire agent comptable 02 05 2025 Catherine NEMURAT\"><img decoding=\"async\" src=\"https:\/\/www.univ-lorraine.fr\/raa\/wp-content\/plugins\/ul-raa\/img\/pdf.svg\" alt=\"\" \/>d\u00e9cision nomination mandataire agent comptable 02 05 2025 Catherine NEMURAT (139.03 Ko)<\/a><\/li><li><a href=\"https:\/\/www.univ-lorraine.fr\/raa\/wp-content\/uploads\/sites\/6\/2025\/05\/decision-nomination-mandataire-agent-comptable-02-05-2025-christelle-de-cesare.pdf\" target=\"_blank\" title=\"T\u00e9l\u00e9charger le fichier d\u00e9cision nomination mandataire agent comptable 02 05 2025 Christelle DE CESARE\"><img decoding=\"async\" src=\"https:\/\/www.univ-lorraine.fr\/raa\/wp-content\/plugins\/ul-raa\/img\/pdf.svg\" alt=\"\" \/>d\u00e9cision nomination mandataire agent comptable 02 05 2025 Christelle DE CESARE (110.89 Ko)<\/a><\/li><li><a href=\"https:\/\/www.univ-lorraine.fr\/raa\/wp-content\/uploads\/sites\/6\/2025\/05\/decision-nomination-mandataire-agent-comptable-02-05-2025-corinne-saintot-hidouri.pdf\" target=\"_blank\" title=\"T\u00e9l\u00e9charger le fichier d\u00e9cision nomination mandataire agent comptable 02 05 2025 Corinne SAINT\u00d4T-HIDOURI\"><img decoding=\"async\" src=\"https:\/\/www.univ-lorraine.fr\/raa\/wp-content\/plugins\/ul-raa\/img\/pdf.svg\" alt=\"\" \/>d\u00e9cision nomination mandataire agent comptable 02 05 2025 Corinne SAINT\u00d4T-HIDOURI (160.62 Ko)<\/a><\/li><li><a href=\"https:\/\/www.univ-lorraine.fr\/raa\/wp-content\/uploads\/sites\/6\/2025\/05\/decision-nomination-mandataire-agent-comptable-02-05-2025-david-loeuilleux.pdf\" target=\"_blank\" title=\"T\u00e9l\u00e9charger le fichier d\u00e9cision nomination mandataire agent comptable 02 05 2025 David LOEUILLEUX\"><img decoding=\"async\" src=\"https:\/\/www.univ-lorraine.fr\/raa\/wp-content\/plugins\/ul-raa\/img\/pdf.svg\" alt=\"\" \/>d\u00e9cision nomination mandataire agent comptable 02 05 2025 David LOEUILLEUX (113.65 Ko)<\/a><\/li><li><a href=\"https:\/\/www.univ-lorraine.fr\/raa\/wp-content\/uploads\/sites\/6\/2025\/05\/decision-nomination-mandataire-agent-comptable-02-05-2025-dominique-ferricelli.pdf\" target=\"_blank\" title=\"T\u00e9l\u00e9charger le fichier d\u00e9cision nomination mandataire agent comptable 02 05 2025 Dominique FERRICELLI\"><img decoding=\"async\" src=\"https:\/\/www.univ-lorraine.fr\/raa\/wp-content\/plugins\/ul-raa\/img\/pdf.svg\" alt=\"\" \/>d\u00e9cision nomination mandataire agent comptable 02 05 2025 Dominique FERRICELLI (126.09 Ko)<\/a><\/li><li><a href=\"https:\/\/www.univ-lorraine.fr\/raa\/wp-content\/uploads\/sites\/6\/2025\/05\/decision-nomination-mandataire-agent-comptable-02-05-2025-isabelle-staub.pdf\" target=\"_blank\" title=\"T\u00e9l\u00e9charger le fichier d\u00e9cision nomination mandataire agent comptable 02 05 2025 Isabelle STAUB\"><img decoding=\"async\" src=\"https:\/\/www.univ-lorraine.fr\/raa\/wp-content\/plugins\/ul-raa\/img\/pdf.svg\" alt=\"\" \/>d\u00e9cision nomination mandataire agent comptable 02 05 2025 Isabelle STAUB (160.86 Ko)<\/a><\/li><li><a href=\"https:\/\/www.univ-lorraine.fr\/raa\/wp-content\/uploads\/sites\/6\/2025\/05\/decision-nomination-mandataire-agent-comptable-02-05-2025-jamila-hihoud.pdf\" target=\"_blank\" title=\"T\u00e9l\u00e9charger le fichier d\u00e9cision nomination mandataire agent comptable 02 05 2025 Jamila HIHOUD\"><img decoding=\"async\" src=\"https:\/\/www.univ-lorraine.fr\/raa\/wp-content\/plugins\/ul-raa\/img\/pdf.svg\" alt=\"\" \/>d\u00e9cision nomination mandataire agent comptable 02 05 2025 Jamila HIHOUD (114.80 Ko)<\/a><\/li><li><a href=\"https:\/\/www.univ-lorraine.fr\/raa\/wp-content\/uploads\/sites\/6\/2025\/05\/decision-nomination-mandataire-agent-comptable-02-05-2025-kevin-moumdjian.pdf\" target=\"_blank\" title=\"T\u00e9l\u00e9charger le fichier d\u00e9cision nomination mandataire agent comptable 02 05 2025 Kevin MOUMDJIAN\"><img decoding=\"async\" src=\"https:\/\/www.univ-lorraine.fr\/raa\/wp-content\/plugins\/ul-raa\/img\/pdf.svg\" alt=\"\" \/>d\u00e9cision nomination mandataire agent comptable 02 05 2025 Kevin MOUMDJIAN (128.00 Ko)<\/a><\/li><li><a href=\"https:\/\/www.univ-lorraine.fr\/raa\/wp-content\/uploads\/sites\/6\/2025\/05\/decision-nomination-mandataire-agent-comptable-02-05-2025-linda-donnate.pdf\" target=\"_blank\" title=\"T\u00e9l\u00e9charger le fichier d\u00e9cision nomination mandataire agent comptable 02 05 2025 Linda DONNATE\"><img decoding=\"async\" src=\"https:\/\/www.univ-lorraine.fr\/raa\/wp-content\/plugins\/ul-raa\/img\/pdf.svg\" alt=\"\" \/>d\u00e9cision nomination mandataire agent comptable 02 05 2025 Linda DONNATE (133.99 Ko)<\/a><\/li><li><a href=\"https:\/\/www.univ-lorraine.fr\/raa\/wp-content\/uploads\/sites\/6\/2025\/05\/decision-nomination-mandataire-agent-comptable-02-05-2025-martine-thiriot-tabet-aoul.pdf\" target=\"_blank\" title=\"T\u00e9l\u00e9charger le fichier d\u00e9cision nomination mandataire agent comptable 02 05 2025 Martine THIRIOT-TABET-AOUL\"><img decoding=\"async\" src=\"https:\/\/www.univ-lorraine.fr\/raa\/wp-content\/plugins\/ul-raa\/img\/pdf.svg\" alt=\"\" \/>d\u00e9cision nomination mandataire agent comptable 02 05 2025 Martine THIRIOT-TABET-AOUL (121.72 Ko)<\/a><\/li><li><a href=\"https:\/\/www.univ-lorraine.fr\/raa\/wp-content\/uploads\/sites\/6\/2025\/05\/decision-nomination-mandataire-agent-comptable-02-05-2025-nathalie-noel.pdf\" target=\"_blank\" title=\"T\u00e9l\u00e9charger le fichier d\u00e9cision nomination mandataire agent comptable 02 05 2025 Nathalie NO\u00cbL\"><img decoding=\"async\" src=\"https:\/\/www.univ-lorraine.fr\/raa\/wp-content\/plugins\/ul-raa\/img\/pdf.svg\" alt=\"\" \/>d\u00e9cision nomination mandataire agent comptable 02 05 2025 Nathalie NO\u00cbL (129.45 Ko)<\/a><\/li><li><a href=\"https:\/\/www.univ-lorraine.fr\/raa\/wp-content\/uploads\/sites\/6\/2025\/05\/decision-nomination-mandataire-agent-comptable-02-05-2025-ozden-demiray.pdf\" target=\"_blank\" title=\"T\u00e9l\u00e9charger le fichier d\u00e9cision nomination mandataire agent comptable 02 05 2025 \u00d6zden DEMIRAY\"><img decoding=\"async\" src=\"https:\/\/www.univ-lorraine.fr\/raa\/wp-content\/plugins\/ul-raa\/img\/pdf.svg\" alt=\"\" \/>d\u00e9cision nomination mandataire agent comptable 02 05 2025 \u00d6zden DEMIRAY (108.66 Ko)<\/a><\/li><li><a href=\"https:\/\/www.univ-lorraine.fr\/raa\/wp-content\/uploads\/sites\/6\/2025\/05\/decision-nomination-mandataire-agent-comptable-02-05-2025-pascale-campoli.pdf\" target=\"_blank\" title=\"T\u00e9l\u00e9charger le fichier d\u00e9cision nomination mandataire agent comptable 02 05 2025 Pascale CAMPOLI\"><img decoding=\"async\" src=\"https:\/\/www.univ-lorraine.fr\/raa\/wp-content\/plugins\/ul-raa\/img\/pdf.svg\" alt=\"\" \/>d\u00e9cision nomination mandataire agent comptable 02 05 2025 Pascale CAMPOLI (112.68 Ko)<\/a><\/li><li><a href=\"https:\/\/www.univ-lorraine.fr\/raa\/wp-content\/uploads\/sites\/6\/2025\/06\/decision-nomination-mandataire-agent-comptable-02-05-2025-stephanie-calcari.pdf\" target=\"_blank\" title=\"T\u00e9l\u00e9charger le fichier d\u00e9cision nomination mandataire agent comptable 02 05 2025 St\u00e9phanie CALCARI\"><img decoding=\"async\" src=\"https:\/\/www.univ-lorraine.fr\/raa\/wp-content\/plugins\/ul-raa\/img\/pdf.svg\" alt=\"\" \/>d\u00e9cision nomination mandataire agent comptable 02 05 2025 St\u00e9phanie CALCARI (132.33 Ko)<\/a><\/li><\/ul><\/div><\/div><\/li><li><a href=\"#\" data-featherlight=\"#actelightbox_14279\" title=\"Voir le d\u00e9tail de l'acte Direction G\u00e9n\u00e9rale des Services - DGS et DGSA\">Direction G\u00e9n\u00e9rale des Services - DGS et DGSA<\/a><div id=\"actelightbox_14279\" class=\"actelightbox\"><div class=\"acte_name\">Direction G\u00e9n\u00e9rale des Services - DGS et DGSA<\/div><div class=\"acte_type\">2025 - VP-DGS<\/div><div class=\"acte_pub_date\">Publi\u00e9 le : 5\/06\/2023<\/div><div class=\"acte_files\"><ul><li><a href=\"https:\/\/www.univ-lorraine.fr\/raa\/wp-content\/uploads\/sites\/6\/2022\/09\/DGS-V-MALNOURY-RESPONSABLE-POLITIQUE-VOYAGE.pdf\" target=\"_blank\" title=\"T\u00e9l\u00e9charger le fichier DGS - V MALNOURY RESPONSABLE POLITIQUE VOYAGE\"><img decoding=\"async\" src=\"https:\/\/www.univ-lorraine.fr\/raa\/wp-content\/plugins\/ul-raa\/img\/pdf.svg\" alt=\"\" \/>DGS - V MALNOURY RESPONSABLE POLITIQUE VOYAGE (251.33 Ko)<\/a><\/li><li><a href=\"https:\/\/www.univ-lorraine.fr\/raa\/wp-content\/uploads\/sites\/6\/2025\/08\/dgs-v-malnoury-dgsa-2025.pdf\" target=\"_blank\" title=\"T\u00e9l\u00e9charger le fichier DGS-V MALNOURY-DGSA 2025\"><img decoding=\"async\" src=\"https:\/\/www.univ-lorraine.fr\/raa\/wp-content\/plugins\/ul-raa\/img\/pdf.svg\" alt=\"\" \/>DGS-V MALNOURY-DGSA 2025 (107.85 Ko)<\/a><\/li><\/ul><\/div><\/div><\/li><li><a href=\"#\" data-featherlight=\"#actelightbox_24997\" title=\"Voir le d\u00e9tail de l'acte VP adjoint en charge de la Strat\u00e9gie Europe\">VP adjoint en charge de la Strat\u00e9gie Europe<\/a><div id=\"actelightbox_24997\" class=\"actelightbox\"><div class=\"acte_name\">VP adjoint en charge de la Strat\u00e9gie Europe<\/div><div class=\"acte_type\">2025 - VP-DGS<\/div><div class=\"acte_pub_date\">Publi\u00e9 le : 4\/09\/2025<\/div><div class=\"acte_files\"><ul><li><a href=\"https:\/\/www.univ-lorraine.fr\/raa\/wp-content\/uploads\/sites\/6\/2025\/09\/vp-adjoint-strategie-europe-f.-lemoine-2025.pdf\" target=\"_blank\" title=\"T\u00e9l\u00e9charger le fichier VP adjoint Strat\u00e9gie Europe F. lemoine 2025\"><img decoding=\"async\" src=\"https:\/\/www.univ-lorraine.fr\/raa\/wp-content\/plugins\/ul-raa\/img\/pdf.svg\" alt=\"\" \/>VP adjoint Strat\u00e9gie Europe F. lemoine 2025 (49.13 Ko)<\/a><\/li><\/ul><\/div><\/div><\/li><li><a href=\"#\" data-featherlight=\"#actelightbox_14170\" title=\"Voir le d\u00e9tail de l'acte VP du Conseil de la Formation\">VP du Conseil de la Formation<\/a><div id=\"actelightbox_14170\" class=\"actelightbox\"><div class=\"acte_name\">VP du Conseil de la Formation<\/div><div class=\"acte_type\">2024 - VP-DGS<\/div><div class=\"acte_pub_date\">Publi\u00e9 le : 11\/03\/2024<\/div><div class=\"acte_files\"><ul><li><a href=\"https:\/\/www.univ-lorraine.fr\/raa\/wp-content\/uploads\/sites\/6\/2024\/03\/vp-cf-n-oget.pdf\" target=\"_blank\" title=\"T\u00e9l\u00e9charger le fichier VP CF N OGET\"><img decoding=\"async\" src=\"https:\/\/www.univ-lorraine.fr\/raa\/wp-content\/plugins\/ul-raa\/img\/pdf.svg\" alt=\"\" \/>VP CF N OGET (592.29 Ko)<\/a><\/li><\/ul><\/div><\/div><\/li><li><a href=\"#\" data-featherlight=\"#actelightbox_20033\" title=\"Voir le d\u00e9tail de l'acte VP du Conseil de la Vie Universitaire\">VP du Conseil de la Vie Universitaire<\/a><div id=\"actelightbox_20033\" class=\"actelightbox\"><div class=\"acte_name\">VP du Conseil de la Vie Universitaire<\/div><div class=\"acte_type\">2024 - VP-DGS<\/div><div class=\"acte_pub_date\">Publi\u00e9 le : 11\/07\/2022<\/div><div class=\"acte_files\"><ul><li><a href=\"https:\/\/www.univ-lorraine.fr\/raa\/wp-content\/uploads\/sites\/6\/2024\/03\/vp-cvu-p-degott.pdf\" target=\"_blank\" title=\"T\u00e9l\u00e9charger le fichier VP CVU P DEGOTT\"><img decoding=\"async\" src=\"https:\/\/www.univ-lorraine.fr\/raa\/wp-content\/plugins\/ul-raa\/img\/pdf.svg\" alt=\"\" \/>VP CVU P DEGOTT (357.87 Ko)<\/a><\/li><li><a href=\"https:\/\/www.univ-lorraine.fr\/raa\/wp-content\/uploads\/sites\/6\/2024\/10\/vp-cvu-p-degott-mou.pdf\" target=\"_blank\" title=\"T\u00e9l\u00e9charger le fichier VP CVU P DEGOTT MOU\"><img decoding=\"async\" src=\"https:\/\/www.univ-lorraine.fr\/raa\/wp-content\/plugins\/ul-raa\/img\/pdf.svg\" alt=\"\" \/>VP CVU P DEGOTT MOU (47.13 Ko)<\/a><\/li><\/ul><\/div><\/div><\/li><li><a href=\"#\" data-featherlight=\"#actelightbox_14201\" title=\"Voir le d\u00e9tail de l'acte VP du Conseil Scientifique\">VP du Conseil Scientifique<\/a><div id=\"actelightbox_14201\" class=\"actelightbox\"><div class=\"acte_name\">VP du Conseil Scientifique<\/div><div class=\"acte_type\">2024 - VP-DGS<\/div><div class=\"acte_pub_date\">Publi\u00e9 le : 1\/12\/2022<\/div><div class=\"acte_files\"><ul><li><a href=\"https:\/\/www.univ-lorraine.fr\/raa\/wp-content\/uploads\/sites\/6\/2024\/03\/vp-cs-a-hehn.pdf\" target=\"_blank\" title=\"T\u00e9l\u00e9charger le fichier VP CS A HEHN\"><img decoding=\"async\" src=\"https:\/\/www.univ-lorraine.fr\/raa\/wp-content\/plugins\/ul-raa\/img\/pdf.svg\" alt=\"\" \/>VP CS A HEHN (660.26 Ko)<\/a><\/li><\/ul><\/div><\/div><\/li><li><a href=\"#\" data-featherlight=\"#actelightbox_20347\" title=\"Voir le d\u00e9tail de l'acte VP \u00c9galit\u00e9 - Diversit\u00e9 - Inclusion\">VP \u00c9galit\u00e9 - Diversit\u00e9 - Inclusion<\/a><div id=\"actelightbox_20347\" class=\"actelightbox\"><div class=\"acte_name\">VP \u00c9galit\u00e9 - Diversit\u00e9 - Inclusion<\/div><div class=\"acte_type\">2022 - VP-DGS<\/div><div class=\"acte_pub_date\">Publi\u00e9 le : 13\/10\/2022<\/div><div class=\"acte_files\"><ul><li><a href=\"https:\/\/www.univ-lorraine.fr\/raa\/wp-content\/uploads\/sites\/6\/2022\/10\/VP-2022-389-charte-lgbt.pdf\" target=\"_blank\" title=\"T\u00e9l\u00e9charger le fichier VP 2022-389-charte lgbt\"><img decoding=\"async\" src=\"https:\/\/www.univ-lorraine.fr\/raa\/wp-content\/plugins\/ul-raa\/img\/pdf.svg\" alt=\"\" \/>VP 2022-389-charte lgbt (278.77 Ko)<\/a><\/li><\/ul><\/div><\/div><\/li><li><a href=\"#\" data-featherlight=\"#actelightbox_14251\" title=\"Voir le d\u00e9tail de l'acte VP en charge de l'Immobilier et de l'efficacit\u00e9 \u00e9nerg\u00e9tique\">VP en charge de l'Immobilier et de l'efficacit\u00e9 \u00e9nerg\u00e9tique<\/a><div id=\"actelightbox_14251\" class=\"actelightbox\"><div class=\"acte_name\">VP en charge de l'Immobilier et de l'efficacit\u00e9 \u00e9nerg\u00e9tique<\/div><div class=\"acte_type\">2022 - VP-DGS<\/div><div class=\"acte_pub_date\">Publi\u00e9 le : 18\/12\/2023<\/div><div class=\"acte_files\"><ul><li><a href=\"https:\/\/www.univ-lorraine.fr\/raa\/wp-content\/uploads\/sites\/6\/2023\/12\/vp-immobilier-et-efficacite-energetique-2023.pdf\" target=\"_blank\" title=\"T\u00e9l\u00e9charger le fichier VP IMMOBILIER ET EFFICACITE ENERGETIQUE 2023\"><img decoding=\"async\" src=\"https:\/\/www.univ-lorraine.fr\/raa\/wp-content\/plugins\/ul-raa\/img\/pdf.svg\" alt=\"\" \/>VP IMMOBILIER ET EFFICACITE ENERGETIQUE 2023 (85.91 Ko)<\/a><\/li><\/ul><\/div><\/div><\/li><li><a href=\"#\" data-featherlight=\"#actelightbox_20056\" title=\"Voir le d\u00e9tail de l'acte VP en charge de la politique doctorale\">VP en charge de la politique doctorale<\/a><div id=\"actelightbox_20056\" class=\"actelightbox\"><div class=\"acte_name\">VP en charge de la politique doctorale<\/div><div class=\"acte_type\">2024 - VP-DGS<\/div><div class=\"acte_pub_date\">Publi\u00e9 le : 4\/09\/2023<\/div><div class=\"acte_files\"><ul><li><a href=\"https:\/\/www.univ-lorraine.fr\/raa\/wp-content\/uploads\/sites\/6\/2024\/03\/vp-politique-doctorale-c-boulanger.pdf\" target=\"_blank\" title=\"T\u00e9l\u00e9charger le fichier VP POLITIQUE DOCTORALE C BOULANGER\"><img decoding=\"async\" src=\"https:\/\/www.univ-lorraine.fr\/raa\/wp-content\/plugins\/ul-raa\/img\/pdf.svg\" alt=\"\" \/>VP POLITIQUE DOCTORALE C BOULANGER (426.12 Ko)<\/a><\/li><\/ul><\/div><\/div><\/li><li><a href=\"#\" data-featherlight=\"#actelightbox_20170\" title=\"Voir le d\u00e9tail de l'acte VP en charge des partenariats et de l'Innovation\">VP en charge des partenariats et de l'Innovation<\/a><div id=\"actelightbox_20170\" class=\"actelightbox\"><div class=\"acte_name\">VP en charge des partenariats et de l'Innovation<\/div><div class=\"acte_type\">2025 - VP-DGS<\/div><div class=\"acte_pub_date\">Publi\u00e9 le : 8\/09\/2022<\/div><div class=\"acte_files\"><ul><li><a href=\"https:\/\/www.univ-lorraine.fr\/raa\/wp-content\/uploads\/sites\/6\/2025\/09\/vp-sterpenich-foire-chalons.pdf\" target=\"_blank\" title=\"T\u00e9l\u00e9charger le fichier VP Sterpenich foire chalons\"><img decoding=\"async\" src=\"https:\/\/www.univ-lorraine.fr\/raa\/wp-content\/plugins\/ul-raa\/img\/pdf.svg\" alt=\"\" \/>VP Sterpenich foire chalons (48.34 Ko)<\/a><\/li><\/ul><\/div><\/div><\/li><li><a href=\"#\" data-featherlight=\"#actelightbox_14203\" title=\"Voir le d\u00e9tail de l'acte VP en charge du Conseil d'Administration, de la politique ressources humaines, des conditions de travail et du dialogue social\">VP en charge du Conseil d'Administration, de la politique ressources humaines, des conditions de travail et du dialogue social<\/a><div id=\"actelightbox_14203\" class=\"actelightbox\"><div class=\"acte_name\">VP en charge du Conseil d'Administration, de la politique ressources humaines, des conditions de travail et du dialogue social<\/div><div class=\"acte_type\">2024 - VP-DGS<\/div><div class=\"acte_pub_date\">Publi\u00e9 le : 11\/03\/2024<\/div><div class=\"acte_files\"><ul><li><a href=\"https:\/\/www.univ-lorraine.fr\/raa\/wp-content\/uploads\/sites\/6\/2024\/03\/vp-ca-m-doriat-duban.pdf\" target=\"_blank\" title=\"T\u00e9l\u00e9charger le fichier VP CA M DORIAT DUBAN\"><img decoding=\"async\" src=\"https:\/\/www.univ-lorraine.fr\/raa\/wp-content\/plugins\/ul-raa\/img\/pdf.svg\" alt=\"\" \/>VP CA M DORIAT DUBAN (652.04 Ko)<\/a><\/li><\/ul><\/div><\/div><\/li><li><a href=\"#\" data-featherlight=\"#actelightbox_23691\" title=\"Voir le d\u00e9tail de l'acte VP en charge du Num\u00e9rique, des donn\u00e9es et de la science ouverte\">VP en charge du Num\u00e9rique, des donn\u00e9es et de la science ouverte<\/a><div id=\"actelightbox_23691\" class=\"actelightbox\"><div class=\"acte_name\">VP en charge du Num\u00e9rique, des donn\u00e9es et de la science ouverte<\/div><div class=\"acte_type\">2024 - VP-DGS<\/div><div class=\"acte_pub_date\">Publi\u00e9 le : 24\/10\/2024<\/div><div class=\"acte_files\"><ul><li><a href=\"https:\/\/www.univ-lorraine.fr\/raa\/wp-content\/uploads\/sites\/6\/2024\/10\/vp-numerique-n.-fressengeas.pdf\" target=\"_blank\" title=\"T\u00e9l\u00e9charger le fichier VP NUMERIQUE N. FRESSENGEAS\"><img decoding=\"async\" src=\"https:\/\/www.univ-lorraine.fr\/raa\/wp-content\/plugins\/ul-raa\/img\/pdf.svg\" alt=\"\" \/>VP NUMERIQUE N. FRESSENGEAS (50.75 Ko)<\/a><\/li><\/ul><\/div><\/div><\/li><li><a href=\"#\" data-featherlight=\"#actelightbox_22985\" title=\"Voir le d\u00e9tail de l'acte VP en charge du pilotage , des finances et du S\u00e9nat Acad\u00e9mique\">VP en charge du pilotage , des finances et du S\u00e9nat Acad\u00e9mique<\/a><div id=\"actelightbox_22985\" class=\"actelightbox\"><div class=\"acte_name\">VP en charge du pilotage , des finances et du S\u00e9nat Acad\u00e9mique<\/div><div class=\"acte_type\">2024 - VP-DGS<\/div><div class=\"acte_pub_date\">Publi\u00e9 le : 11\/03\/2024<\/div><div class=\"acte_files\"><ul><li><a href=\"https:\/\/www.univ-lorraine.fr\/raa\/wp-content\/uploads\/sites\/6\/2024\/03\/vp-camille-diou.pdf\" target=\"_blank\" title=\"T\u00e9l\u00e9charger le fichier VP CAMILLE DIOU\"><img decoding=\"async\" src=\"https:\/\/www.univ-lorraine.fr\/raa\/wp-content\/plugins\/ul-raa\/img\/pdf.svg\" alt=\"\" \/>VP CAMILLE DIOU (326.99 Ko)<\/a><\/li><\/ul><\/div><\/div><\/li><li><a href=\"#\" data-featherlight=\"#actelightbox_16532\" title=\"Voir le d\u00e9tail de l'acte VP \u00c9tudiant\">VP \u00c9tudiant<\/a><div id=\"actelightbox_16532\" class=\"actelightbox\"><div class=\"acte_name\">VP \u00c9tudiant<\/div><div class=\"acte_type\">2025 - VP-DGS<\/div><div class=\"acte_pub_date\">Publi\u00e9 le : 26\/06\/2023<\/div><div class=\"acte_files\"><ul><li><a href=\"https:\/\/www.univ-lorraine.fr\/raa\/wp-content\/uploads\/sites\/6\/2025\/09\/vp-etudiant-a-fleurot.pdf\" target=\"_blank\" title=\"T\u00e9l\u00e9charger le fichier VP ETUDIANT A FLEUROT\"><img decoding=\"async\" src=\"https:\/\/www.univ-lorraine.fr\/raa\/wp-content\/plugins\/ul-raa\/img\/pdf.svg\" alt=\"\" \/>VP ETUDIANT A FLEUROT (45.93 Ko)<\/a><\/li><\/ul><\/div><\/div><\/li><\/ul><\/div>\n\n<\/div><\/div>\n\n<div class=\"gb-container gb-container-5d8429da\" id=\"struct-dgs\"><div class=\"gb-inside-container\">\n\n<h2 class=\"wp-block-heading\">Structures rattach\u00e9es \u00e0 la direction g\u00e9n\u00e9rale des services<\/h2>\n\n\n<div id=\"liste_actes\"><a name=\"goto_list_actes_8ededead\"><\/a><ul class=\"liste_des_actes\"><li><a href=\"#\" data-featherlight=\"#actelightbox_19914\" title=\"Voir le d\u00e9tail de l'acte CETELOR - Centre d'Essais Textile Lorrain\">CETELOR - Centre d'Essais Textile Lorrain<\/a><div id=\"actelightbox_19914\" class=\"actelightbox\"><div class=\"acte_name\">CETELOR - Centre d'Essais Textile Lorrain<\/div><div class=\"acte_type\">2022 - Structures rattach\u00e9es \u00e0 la DGS<\/div><div class=\"acte_pub_date\">Publi\u00e9 le : 9\/06\/2022<\/div><div class=\"acte_files\"><ul><li><a href=\"https:\/\/www.univ-lorraine.fr\/raa\/wp-content\/uploads\/sites\/6\/2022\/06\/CETELOR-2.pdf\" target=\"_blank\" title=\"T\u00e9l\u00e9charger le fichier CETELOR\"><img decoding=\"async\" src=\"https:\/\/www.univ-lorraine.fr\/raa\/wp-content\/plugins\/ul-raa\/img\/pdf.svg\" alt=\"\" \/>CETELOR (510.07 Ko)<\/a><\/li><\/ul><\/div><\/div><\/li><li><a href=\"#\" data-featherlight=\"#actelightbox_16623\" title=\"Voir le d\u00e9tail de l'acte CFA - Centre de Formation des Apprentis\">CFA - Centre de Formation des Apprentis<\/a><div id=\"actelightbox_16623\" class=\"actelightbox\"><div class=\"acte_name\">CFA - Centre de Formation des Apprentis<\/div><div class=\"acte_type\">2022 - Structures rattach\u00e9es \u00e0 la DGS<\/div><div class=\"acte_pub_date\">Publi\u00e9 le : 1\/06\/2022<\/div><div class=\"acte_files\"><ul><li><a href=\"https:\/\/www.univ-lorraine.fr\/raa\/wp-content\/uploads\/sites\/6\/2022\/06\/cfa-delegation.pdf\" target=\"_blank\" title=\"T\u00e9l\u00e9charger le fichier cfa d\u00e9l\u00e9gation\"><img decoding=\"async\" src=\"https:\/\/www.univ-lorraine.fr\/raa\/wp-content\/plugins\/ul-raa\/img\/pdf.svg\" alt=\"\" \/>cfa d\u00e9l\u00e9gation (232.27 Ko)<\/a><\/li><\/ul><\/div><\/div><\/li><li><a href=\"#\" data-featherlight=\"#actelightbox_19920\" title=\"Voir le d\u00e9tail de l'acte CPJ - Centre Pierre Janet\">CPJ - Centre Pierre Janet<\/a><div id=\"actelightbox_19920\" class=\"actelightbox\"><div class=\"acte_name\">CPJ - Centre Pierre Janet<\/div><div class=\"acte_type\">2022 - Structures rattach\u00e9es \u00e0 la DGS<\/div><div class=\"acte_pub_date\">Publi\u00e9 le : 9\/06\/2022<\/div><div class=\"acte_files\"><ul><li><a href=\"https:\/\/www.univ-lorraine.fr\/raa\/wp-content\/uploads\/sites\/6\/2024\/11\/delegation-cpj-cyril-tarquinio-2024.pdf\" target=\"_blank\" title=\"T\u00e9l\u00e9charger le fichier d\u00e9l\u00e9gation cpj Cyril TARQUINIO 2024\"><img decoding=\"async\" src=\"https:\/\/www.univ-lorraine.fr\/raa\/wp-content\/plugins\/ul-raa\/img\/pdf.svg\" alt=\"\" \/>d\u00e9l\u00e9gation cpj Cyril TARQUINIO 2024 (80.35 Ko)<\/a><\/li><\/ul><\/div><\/div><\/li><li><a href=\"#\" data-featherlight=\"#actelightbox_19912\" title=\"Voir le d\u00e9tail de l'acte DACIP - D\u00e9l\u00e9gation de l'Accompagnement \u00e0 la Cr\u00e9ativit\u00e9, l'Ing\u00e9nierie et la P\u00e9dagogie\">DACIP - D\u00e9l\u00e9gation de l'Accompagnement \u00e0 la Cr\u00e9ativit\u00e9, l'Ing\u00e9nierie et la P\u00e9dagogie<\/a><div id=\"actelightbox_19912\" class=\"actelightbox\"><div class=\"acte_name\">DACIP - D\u00e9l\u00e9gation de l'Accompagnement \u00e0 la Cr\u00e9ativit\u00e9, l'Ing\u00e9nierie et la P\u00e9dagogie<\/div><div class=\"acte_type\">2024 - Structures rattach\u00e9es \u00e0 la DGS<\/div><div class=\"acte_pub_date\">Publi\u00e9 le : 9\/06\/2022<\/div><div class=\"acte_files\"><ul><li><a href=\"https:\/\/www.univ-lorraine.fr\/raa\/wp-content\/uploads\/sites\/6\/2024\/07\/dacip-2024.pdf\" target=\"_blank\" title=\"T\u00e9l\u00e9charger le fichier DACIP 2024\"><img decoding=\"async\" src=\"https:\/\/www.univ-lorraine.fr\/raa\/wp-content\/plugins\/ul-raa\/img\/pdf.svg\" alt=\"\" \/>DACIP 2024 (115.66 Ko)<\/a><\/li><\/ul><\/div><\/div><\/li><li><a href=\"#\" data-featherlight=\"#actelightbox_24992\" title=\"Voir le d\u00e9tail de l'acte D\u00e9l\u00e9gation ASAC - Appui \u00e0 la Strat\u00e9gie et Accompagnement du Changement\">D\u00e9l\u00e9gation ASAC - Appui \u00e0 la Strat\u00e9gie et Accompagnement du Changement<\/a><div id=\"actelightbox_24992\" class=\"actelightbox\"><div class=\"acte_name\">D\u00e9l\u00e9gation ASAC - Appui \u00e0 la Strat\u00e9gie et Accompagnement du Changement<\/div><div class=\"acte_type\">2025 - Structures rattach\u00e9es \u00e0 la DGS<\/div><div class=\"acte_pub_date\">Publi\u00e9 le : 4\/09\/2025<\/div><div class=\"acte_files\"><ul><li><a href=\"https:\/\/www.univ-lorraine.fr\/raa\/wp-content\/uploads\/sites\/6\/2025\/09\/ds-m.-barthe.pdf\" target=\"_blank\" title=\"T\u00e9l\u00e9charger le fichier DS M. BARTHE\"><img decoding=\"async\" src=\"https:\/\/www.univ-lorraine.fr\/raa\/wp-content\/plugins\/ul-raa\/img\/pdf.svg\" alt=\"\" \/>DS M. BARTHE (107.96 Ko)<\/a><\/li><\/ul><\/div><\/div><\/li><li><a href=\"#\" data-featherlight=\"#actelightbox_24036\" title=\"Voir le d\u00e9tail de l'acte D\u00e9l\u00e9gation RSE - Responsabilit\u00e9 Soci\u00e9tale et Environnementale\">D\u00e9l\u00e9gation RSE - Responsabilit\u00e9 Soci\u00e9tale et Environnementale<\/a><div id=\"actelightbox_24036\" class=\"actelightbox\"><div class=\"acte_name\">D\u00e9l\u00e9gation RSE - Responsabilit\u00e9 Soci\u00e9tale et Environnementale<\/div><div class=\"acte_type\">2025 - Structures rattach\u00e9es \u00e0 la DGS<\/div><div class=\"acte_pub_date\">Publi\u00e9 le : 4\/02\/2025<\/div><div class=\"acte_files\"><ul><li><a href=\"https:\/\/www.univ-lorraine.fr\/raa\/wp-content\/uploads\/sites\/6\/2025\/02\/ds-rse-f-damour.pdf\" target=\"_blank\" title=\"T\u00e9l\u00e9charger le fichier DS RSE F DAMOUR\"><img decoding=\"async\" src=\"https:\/\/www.univ-lorraine.fr\/raa\/wp-content\/plugins\/ul-raa\/img\/pdf.svg\" alt=\"\" \/>DS RSE F DAMOUR (109.99 Ko)<\/a><\/li><li><a href=\"https:\/\/www.univ-lorraine.fr\/raa\/wp-content\/uploads\/sites\/6\/2026\/02\/delegation-mission-handicap-yves-cardellini.pdf\" target=\"_blank\" title=\"T\u00e9l\u00e9charger le fichier D\u00e9l\u00e9gation Mission Handicap Yves Cardellini\"><img decoding=\"async\" src=\"https:\/\/www.univ-lorraine.fr\/raa\/wp-content\/plugins\/ul-raa\/img\/pdf.svg\" alt=\"\" \/>D\u00e9l\u00e9gation Mission Handicap Yves Cardellini (598.10 Ko)<\/a><\/li><\/ul><\/div><\/div><\/li><li><a href=\"#\" data-featherlight=\"#actelightbox_19908\" title=\"Voir le d\u00e9tail de l'acte EDUL - \u00c9ditions de l'Universit\u00e9 de Lorraine\">EDUL - \u00c9ditions de l'Universit\u00e9 de Lorraine<\/a><div id=\"actelightbox_19908\" class=\"actelightbox\"><div class=\"acte_name\">EDUL - \u00c9ditions de l'Universit\u00e9 de Lorraine<\/div><div class=\"acte_type\">2026 - Structures rattach\u00e9es \u00e0 la DGS<\/div><div class=\"acte_pub_date\">Publi\u00e9 le : 9\/06\/2022<\/div><div class=\"acte_files\"><ul><li><a href=\"https:\/\/www.univ-lorraine.fr\/raa\/wp-content\/uploads\/sites\/6\/2022\/06\/EDUL-L.-LACOTE-GABRYSIAK-1.pdf\" target=\"_blank\" title=\"T\u00e9l\u00e9charger le fichier EDUL L. LACOTE GABRYSIAK\"><img decoding=\"async\" src=\"https:\/\/www.univ-lorraine.fr\/raa\/wp-content\/plugins\/ul-raa\/img\/pdf.svg\" alt=\"\" \/>EDUL L. LACOTE GABRYSIAK (721.60 Ko)<\/a><\/li><li><a href=\"https:\/\/www.univ-lorraine.fr\/raa\/wp-content\/uploads\/sites\/6\/2026\/03\/arrete-nomination_directrice_edul_21042026.pdf\" target=\"_blank\" title=\"T\u00e9l\u00e9charger le fichier Arr\u00eat\u00e9 nomination_directrice_EDUL_21042026\"><img decoding=\"async\" src=\"https:\/\/www.univ-lorraine.fr\/raa\/wp-content\/plugins\/ul-raa\/img\/pdf.svg\" alt=\"\" \/>Arr\u00eat\u00e9 nomination_directrice_EDUL_21042026 (37.58 Ko)<\/a><\/li><\/ul><\/div><\/div><\/li><li><a href=\"#\" data-featherlight=\"#actelightbox_23916\" title=\"Voir le d\u00e9tail de l'acte FSD - Fonctionnaire S\u00e9curit\u00e9 D\u00e9fense\">FSD - Fonctionnaire S\u00e9curit\u00e9 D\u00e9fense<\/a><div id=\"actelightbox_23916\" class=\"actelightbox\"><div class=\"acte_name\">FSD - Fonctionnaire S\u00e9curit\u00e9 D\u00e9fense<\/div><div class=\"acte_type\">2025 - Structures rattach\u00e9es \u00e0 la DGS<\/div><div class=\"acte_pub_date\">Publi\u00e9 le : 14\/01\/2025<\/div><div class=\"acte_files\"><ul><li><a href=\"https:\/\/www.univ-lorraine.fr\/raa\/wp-content\/uploads\/sites\/6\/2025\/01\/fsd-jp-froment.pdf\" target=\"_blank\" title=\"T\u00e9l\u00e9charger le fichier FSD-JP FROMENT\"><img decoding=\"async\" src=\"https:\/\/www.univ-lorraine.fr\/raa\/wp-content\/plugins\/ul-raa\/img\/pdf.svg\" alt=\"\" \/>FSD-JP FROMENT (56.10 Ko)<\/a><\/li><\/ul><\/div><\/div><\/li><li><a href=\"#\" data-featherlight=\"#actelightbox_19910\" title=\"Voir le d\u00e9tail de l'acte LUE - Lorraine Universit\u00e9 d'Excellence\">LUE - Lorraine Universit\u00e9 d'Excellence<\/a><div id=\"actelightbox_19910\" class=\"actelightbox\"><div class=\"acte_name\">LUE - Lorraine Universit\u00e9 d'Excellence<\/div><div class=\"acte_type\">2025 - Structures rattach\u00e9es \u00e0 la DGS<\/div><div class=\"acte_pub_date\">Publi\u00e9 le : 9\/06\/2022<\/div><div class=\"acte_files\"><ul><li><a href=\"https:\/\/www.univ-lorraine.fr\/raa\/wp-content\/uploads\/sites\/6\/2025\/01\/lue-p.-lambert-2025.pdf\" target=\"_blank\" title=\"T\u00e9l\u00e9charger le fichier LUE P. LAMBERT 2025\"><img decoding=\"async\" src=\"https:\/\/www.univ-lorraine.fr\/raa\/wp-content\/plugins\/ul-raa\/img\/pdf.svg\" alt=\"\" \/>LUE P. LAMBERT 2025 (88.61 Ko)<\/a><\/li><\/ul><\/div><\/div><\/li><li><a href=\"#\" data-featherlight=\"#actelightbox_19916\" title=\"Voir le d\u00e9tail de l'acte MEDIAL - Centre r\u00e9gional de formation aux m\u00e9tiers des Biblioth\u00e8ques Grand-Est\">MEDIAL - Centre r\u00e9gional de formation aux m\u00e9tiers des Biblioth\u00e8ques Grand-Est<\/a><div id=\"actelightbox_19916\" class=\"actelightbox\"><div class=\"acte_name\">MEDIAL - Centre r\u00e9gional de formation aux m\u00e9tiers des Biblioth\u00e8ques Grand-Est<\/div><div class=\"acte_type\">2025 - Structures rattach\u00e9es \u00e0 la DGS<\/div><div class=\"acte_pub_date\">Publi\u00e9 le : 6\/03\/2023<\/div><div class=\"acte_files\"><ul><li><a href=\"https:\/\/www.univ-lorraine.fr\/raa\/wp-content\/uploads\/sites\/6\/2025\/04\/medial-f.-lafont.pdf\" target=\"_blank\" title=\"T\u00e9l\u00e9charger le fichier MEDIAL F. LAFONT\"><img decoding=\"async\" src=\"https:\/\/www.univ-lorraine.fr\/raa\/wp-content\/plugins\/ul-raa\/img\/pdf.svg\" alt=\"\" \/>MEDIAL F. LAFONT (115.40 Ko)<\/a><\/li><\/ul><\/div><\/div><\/li><li><a href=\"#\" data-featherlight=\"#actelightbox_25055\" title=\"Voir le d\u00e9tail de l'acte PeeL - P\u00f4le Entrepreneuriat \u00c9tudiant de Lorraine\">PeeL - P\u00f4le Entrepreneuriat \u00c9tudiant de Lorraine<\/a><div id=\"actelightbox_25055\" class=\"actelightbox\"><div class=\"acte_name\">PeeL - P\u00f4le Entrepreneuriat \u00c9tudiant de Lorraine<\/div><div class=\"acte_type\">2025 - Structures rattach\u00e9es \u00e0 la DGS<\/div><div class=\"acte_pub_date\">Publi\u00e9 le : 29\/09\/2025<\/div><div class=\"acte_files\"><ul><li><a href=\"https:\/\/www.univ-lorraine.fr\/raa\/wp-content\/uploads\/sites\/6\/2025\/09\/peel-ugo-dainche-20250929-1.pdf\" target=\"_blank\" title=\"T\u00e9l\u00e9charger le fichier PeeL Ugo DAINCHE 20250929\"><img decoding=\"async\" src=\"https:\/\/www.univ-lorraine.fr\/raa\/wp-content\/plugins\/ul-raa\/img\/pdf.svg\" alt=\"\" \/>PeeL Ugo DAINCHE 20250929 (86.12 Ko)<\/a><\/li><li><a href=\"https:\/\/www.univ-lorraine.fr\/raa\/wp-content\/uploads\/sites\/6\/2026\/02\/abrogation-c-schmitt-peel-04122025.pdf\" target=\"_blank\" title=\"T\u00e9l\u00e9charger le fichier Abrogation C SCHMITT PEEL\"><img decoding=\"async\" src=\"https:\/\/www.univ-lorraine.fr\/raa\/wp-content\/plugins\/ul-raa\/img\/pdf.svg\" alt=\"\" \/>Abrogation C SCHMITT PEEL (52.24 Ko)<\/a><\/li><\/ul><\/div><\/div><\/li><li><a href=\"#\" data-featherlight=\"#actelightbox_15222\" title=\"Voir le d\u00e9tail de l'acte P\u00f4le AIP Prim\u00e9ca\">P\u00f4le AIP Prim\u00e9ca<\/a><div id=\"actelightbox_15222\" class=\"actelightbox\"><div class=\"acte_name\">P\u00f4le AIP Prim\u00e9ca<\/div><div class=\"acte_type\">2022 - Structures rattach\u00e9es \u00e0 la DGS<\/div><div class=\"acte_pub_date\">Publi\u00e9 le : 17\/10\/2023<\/div><div class=\"acte_files\"><ul><li><a href=\"https:\/\/www.univ-lorraine.fr\/raa\/wp-content\/uploads\/sites\/6\/2023\/10\/pole-aip-primeca.pdf\" target=\"_blank\" title=\"T\u00e9l\u00e9charger le fichier POLE AIP PRIMECA\"><img decoding=\"async\" src=\"https:\/\/www.univ-lorraine.fr\/raa\/wp-content\/plugins\/ul-raa\/img\/pdf.svg\" alt=\"\" \/>POLE AIP PRIMECA (1.02 Mo)<\/a><\/li><\/ul><\/div><\/div><\/li><li><a href=\"#\" data-featherlight=\"#actelightbox_19967\" title=\"Voir le d\u00e9tail de l'acte Projet PLEIADES\">Projet PLEIADES<\/a><div id=\"actelightbox_19967\" class=\"actelightbox\"><div class=\"acte_name\">Projet PLEIADES<\/div><div class=\"acte_type\">2025 - Structures rattach\u00e9es \u00e0 la DGS<\/div><div class=\"acte_pub_date\">Publi\u00e9 le : 19\/01\/2023<\/div><div class=\"acte_files\"><ul><li><a href=\"https:\/\/www.univ-lorraine.fr\/raa\/wp-content\/uploads\/sites\/6\/2025\/01\/ds-pleiades-t-cachot-2025.pdf\" target=\"_blank\" title=\"T\u00e9l\u00e9charger le fichier DS PLEIADES T CACHOT 2025\"><img decoding=\"async\" src=\"https:\/\/www.univ-lorraine.fr\/raa\/wp-content\/plugins\/ul-raa\/img\/pdf.svg\" alt=\"\" \/>DS PLEIADES T CACHOT 2025 (68.26 Ko)<\/a><\/li><\/ul><\/div><\/div><\/li><li><a href=\"#\" data-featherlight=\"#actelightbox_19918\" title=\"Voir le d\u00e9tail de l'acte SOIP - Service universitaire d'Orientation et d'Insertion Professionnelle\">SOIP - Service universitaire d'Orientation et d'Insertion Professionnelle<\/a><div id=\"actelightbox_19918\" class=\"actelightbox\"><div class=\"acte_name\">SOIP - Service universitaire d'Orientation et d'Insertion Professionnelle<\/div><div class=\"acte_type\">2024 - Structures rattach\u00e9es \u00e0 la DGS<\/div><div class=\"acte_pub_date\">Publi\u00e9 le : 9\/06\/2022<\/div><div class=\"acte_files\"><ul><li><a href=\"https:\/\/www.univ-lorraine.fr\/raa\/wp-content\/uploads\/sites\/6\/2024\/07\/soip-2024.pdf\" target=\"_blank\" title=\"T\u00e9l\u00e9charger le fichier SOIP 2024\"><img decoding=\"async\" src=\"https:\/\/www.univ-lorraine.fr\/raa\/wp-content\/plugins\/ul-raa\/img\/pdf.svg\" alt=\"\" \/>SOIP 2024 (117.79 Ko)<\/a><\/li><\/ul><\/div><\/div><\/li><li><a href=\"#\" data-featherlight=\"#actelightbox_25620\" title=\"Voir le d\u00e9tail de l'acte SPST - Service de Pr\u00e9vention et de Sant\u00e9 au Travail\">SPST - Service de Pr\u00e9vention et de Sant\u00e9 au Travail<\/a><div id=\"actelightbox_25620\" class=\"actelightbox\"><div class=\"acte_name\">SPST - Service de Pr\u00e9vention et de Sant\u00e9 au Travail<\/div><div class=\"acte_type\">2026 - Structures rattach\u00e9es \u00e0 la DGS<\/div><div class=\"acte_pub_date\">Publi\u00e9 le : 17\/02\/2026<\/div><div class=\"acte_files\"><ul><li><a href=\"https:\/\/www.univ-lorraine.fr\/raa\/wp-content\/uploads\/sites\/6\/2026\/02\/ds-spst-deville-roulon.pdf\" target=\"_blank\" title=\"T\u00e9l\u00e9charger le fichier DS SPST DEVILLE ROULON\"><img decoding=\"async\" src=\"https:\/\/www.univ-lorraine.fr\/raa\/wp-content\/plugins\/ul-raa\/img\/pdf.svg\" alt=\"\" \/>DS SPST DEVILLE ROULON (99.33 Ko)<\/a><\/li><\/ul><\/div><\/div><\/li><li><a href=\"#\" data-featherlight=\"#actelightbox_25149\" title=\"Voir le d\u00e9tail de l'acte SSE - Service de Sant\u00e9 \u00e9tudiante\">SSE - Service de Sant\u00e9 \u00e9tudiante<\/a><div id=\"actelightbox_25149\" class=\"actelightbox\"><div class=\"acte_name\">SSE - Service de Sant\u00e9 \u00e9tudiante<\/div><div class=\"acte_type\">2025 - Structures rattach\u00e9es \u00e0 la DGS<\/div><div class=\"acte_pub_date\">Publi\u00e9 le : 14\/10\/2025<\/div><div class=\"acte_files\"><ul><li><a href=\"https:\/\/www.univ-lorraine.fr\/raa\/wp-content\/uploads\/sites\/6\/2025\/10\/ds-sse-a-charissou-1.pdf\" target=\"_blank\" title=\"T\u00e9l\u00e9charger le fichier DS SSE A CHARISSOU\"><img decoding=\"async\" src=\"https:\/\/www.univ-lorraine.fr\/raa\/wp-content\/plugins\/ul-raa\/img\/pdf.svg\" alt=\"\" \/>DS SSE A CHARISSOU (114.98 Ko)<\/a><\/li><\/ul><\/div><\/div><\/li><li><a href=\"#\" data-featherlight=\"#actelightbox_25638\" title=\"Voir le d\u00e9tail de l'acte SUAPS - Service Universitaire des Activit\u00e9s Physiques et Sportives\">SUAPS - Service Universitaire des Activit\u00e9s Physiques et Sportives<\/a><div id=\"actelightbox_25638\" class=\"actelightbox\"><div class=\"acte_name\">SUAPS - Service Universitaire des Activit\u00e9s Physiques et Sportives<\/div><div class=\"acte_type\">2023 - Structures rattach\u00e9es \u00e0 la DGS<\/div><div class=\"acte_pub_date\">Publi\u00e9 le : 20\/02\/2026<\/div><div class=\"acte_files\"><ul><li><a href=\"https:\/\/www.univ-lorraine.fr\/raa\/wp-content\/uploads\/sites\/6\/2026\/02\/suaps-m.-vuillien.pdf\" target=\"_blank\" title=\"T\u00e9l\u00e9charger le fichier SUAPS M. VUILLIEN\"><img decoding=\"async\" src=\"https:\/\/www.univ-lorraine.fr\/raa\/wp-content\/plugins\/ul-raa\/img\/pdf.svg\" alt=\"\" \/>SUAPS M. VUILLIEN (616.18 Ko)<\/a><\/li><\/ul><\/div><\/div><\/li><\/ul><\/div>\n\n<\/div><\/div>\n\n<div class=\"gb-container gb-container-b0161194\" id=\"do\"><div class=\"gb-inside-container\">\n\n<h2 class=\"wp-block-heading\">Directions op\u00e9rationnelles<\/h2>\n\n\n<div id=\"liste_actes\"><a name=\"goto_list_actes_7dc2c95c\"><\/a><ul class=\"liste_des_actes\"><li><a href=\"#\" data-featherlight=\"#actelightbox_23655\" title=\"Voir le d\u00e9tail de l'acte DADRH - Direction Accompagnement et D\u00e9veloppement des Ressources Humaines\">DADRH - Direction Accompagnement et D\u00e9veloppement des Ressources Humaines<\/a><div id=\"actelightbox_23655\" class=\"actelightbox\"><div class=\"acte_name\">DADRH - Direction Accompagnement et D\u00e9veloppement des Ressources Humaines<\/div><div class=\"acte_type\">2024 - Directions op\u00e9rationnelles<\/div><div class=\"acte_pub_date\">Publi\u00e9 le : 15\/10\/2024<\/div><div class=\"acte_files\"><ul><li><a href=\"https:\/\/www.univ-lorraine.fr\/raa\/wp-content\/uploads\/sites\/6\/2025\/02\/dadrh-delegation-2025.pdf\" target=\"_blank\" title=\"T\u00e9l\u00e9charger le fichier DADRH d\u00e9l\u00e9gation 2025\"><img decoding=\"async\" src=\"https:\/\/www.univ-lorraine.fr\/raa\/wp-content\/plugins\/ul-raa\/img\/pdf.svg\" alt=\"\" \/>DADRH d\u00e9l\u00e9gation 2025 (232.18 Ko)<\/a><\/li><\/ul><\/div><\/div><\/li><li><a href=\"#\" data-featherlight=\"#actelightbox_15526\" title=\"Voir le d\u00e9tail de l'acte DAJ - Direction des Affaires Juridiques\">DAJ - Direction des Affaires Juridiques<\/a><div id=\"actelightbox_15526\" class=\"actelightbox\"><div class=\"acte_name\">DAJ - Direction des Affaires Juridiques<\/div><div class=\"acte_type\">2025 - Directions op\u00e9rationnelles<\/div><div class=\"acte_pub_date\">Publi\u00e9 le : 25\/09\/2025<\/div><div class=\"acte_files\"><ul><li><a href=\"https:\/\/www.univ-lorraine.fr\/raa\/wp-content\/uploads\/sites\/6\/2025\/09\/delegation-daj-2025.pdf\" target=\"_blank\" title=\"T\u00e9l\u00e9charger le fichier DELEGATION DAJ 2025\"><img decoding=\"async\" src=\"https:\/\/www.univ-lorraine.fr\/raa\/wp-content\/plugins\/ul-raa\/img\/pdf.svg\" alt=\"\" \/>DELEGATION DAJ 2025 (135.63 Ko)<\/a><\/li><\/ul><\/div><\/div><\/li><li><a href=\"#\" data-featherlight=\"#actelightbox_15522\" title=\"Voir le d\u00e9tail de l'acte DAMP - Direction des Achats et des March\u00e9s Publics\">DAMP - Direction des Achats et des March\u00e9s Publics<\/a><div id=\"actelightbox_15522\" class=\"actelightbox\"><div class=\"acte_name\">DAMP - Direction des Achats et des March\u00e9s Publics<\/div><div class=\"acte_type\">2024 - Directions op\u00e9rationnelles<\/div><div class=\"acte_pub_date\">Publi\u00e9 le : 1\/06\/2022<\/div><div class=\"acte_files\"><ul><li><a href=\"https:\/\/www.univ-lorraine.fr\/raa\/wp-content\/uploads\/sites\/6\/2022\/11\/DS-CHARTE-COMMANDE-PUBLIQUE-E.-BRAUN.pdf\" target=\"_blank\" title=\"T\u00e9l\u00e9charger le fichier DS CHARTE COMMANDE PUBLIQUE E. BRAUN\"><img decoding=\"async\" src=\"https:\/\/www.univ-lorraine.fr\/raa\/wp-content\/plugins\/ul-raa\/img\/pdf.svg\" alt=\"\" \/>DS CHARTE COMMANDE PUBLIQUE E. BRAUN (274.80 Ko)<\/a><\/li><li><a href=\"https:\/\/www.univ-lorraine.fr\/raa\/wp-content\/uploads\/sites\/6\/2024\/04\/damp-2024.pdf\" target=\"_blank\" title=\"T\u00e9l\u00e9charger le fichier DAMP 2024\"><img decoding=\"async\" src=\"https:\/\/www.univ-lorraine.fr\/raa\/wp-content\/plugins\/ul-raa\/img\/pdf.svg\" alt=\"\" \/>DAMP 2024 (120.39 Ko)<\/a><\/li><\/ul><\/div><\/div><\/li><li><a href=\"#\" data-featherlight=\"#actelightbox_15520\" title=\"Voir le d\u00e9tail de l'acte DAPEQ - D\u00e9l\u00e9gation \u00e0 l'Aide au Pilotage et \u00e0 la Qualit\u00e9\">DAPEQ - D\u00e9l\u00e9gation \u00e0 l'Aide au Pilotage et \u00e0 la Qualit\u00e9<\/a><div id=\"actelightbox_15520\" class=\"actelightbox\"><div class=\"acte_name\">DAPEQ - D\u00e9l\u00e9gation \u00e0 l'Aide au Pilotage et \u00e0 la Qualit\u00e9<\/div><div class=\"acte_type\">2024 - Directions op\u00e9rationnelles<\/div><div class=\"acte_pub_date\">Publi\u00e9 le : 1\/06\/2022<\/div><div class=\"acte_files\"><ul><li><a href=\"https:\/\/www.univ-lorraine.fr\/raa\/wp-content\/uploads\/sites\/6\/2024\/07\/dapeq-2024.pdf\" target=\"_blank\" title=\"T\u00e9l\u00e9charger le fichier DAPEQ 2024\"><img decoding=\"async\" src=\"https:\/\/www.univ-lorraine.fr\/raa\/wp-content\/plugins\/ul-raa\/img\/pdf.svg\" alt=\"\" \/>DAPEQ 2024 (99.25 Ko)<\/a><\/li><\/ul><\/div><\/div><\/li><li><a href=\"#\" data-featherlight=\"#actelightbox_15518\" title=\"Voir le d\u00e9tail de l'acte DBF-Direction du Budget et des Finances\">DBF-Direction du Budget et des Finances<\/a><div id=\"actelightbox_15518\" class=\"actelightbox\"><div class=\"acte_name\">DBF-Direction du Budget et des Finances<\/div><div class=\"acte_type\">2024 - Directions op\u00e9rationnelles<\/div><div class=\"acte_pub_date\">Publi\u00e9 le : 18\/09\/2022<\/div><div class=\"acte_files\"><ul><li><a href=\"https:\/\/www.univ-lorraine.fr\/raa\/wp-content\/uploads\/sites\/6\/2024\/07\/dbf-2024.pdf\" target=\"_blank\" title=\"T\u00e9l\u00e9charger le fichier DBF 2024\"><img decoding=\"async\" src=\"https:\/\/www.univ-lorraine.fr\/raa\/wp-content\/plugins\/ul-raa\/img\/pdf.svg\" alt=\"\" \/>DBF 2024 (97.62 Ko)<\/a><\/li><\/ul><\/div><\/div><\/li><li><a href=\"#\" data-featherlight=\"#actelightbox_13757\" title=\"Voir le d\u00e9tail de l'acte DCOM - Direction de la Communication\">DCOM - Direction de la Communication<\/a><div id=\"actelightbox_13757\" class=\"actelightbox\"><div class=\"acte_name\">DCOM - Direction de la Communication<\/div><div class=\"acte_type\">2024 - Directions op\u00e9rationnelles<\/div><div class=\"acte_pub_date\">Publi\u00e9 le : 1\/06\/2022<\/div><div class=\"acte_files\"><ul><li><a href=\"https:\/\/www.univ-lorraine.fr\/raa\/wp-content\/uploads\/sites\/6\/2024\/07\/dc-2024.pdf\" target=\"_blank\" title=\"T\u00e9l\u00e9charger le fichier DC 2024\"><img decoding=\"async\" src=\"https:\/\/www.univ-lorraine.fr\/raa\/wp-content\/plugins\/ul-raa\/img\/pdf.svg\" alt=\"\" \/>DC 2024 (103.79 Ko)<\/a><\/li><\/ul><\/div><\/div><\/li><li><a href=\"#\" data-featherlight=\"#actelightbox_15516\" title=\"Voir le d\u00e9tail de l'acte DDOC - Direction de la Documentation\">DDOC - Direction de la Documentation<\/a><div id=\"actelightbox_15516\" class=\"actelightbox\"><div class=\"acte_name\">DDOC - Direction de la Documentation<\/div><div class=\"acte_type\">2022 - Directions op\u00e9rationnelles<\/div><div class=\"acte_pub_date\">Publi\u00e9 le : 1\/06\/2022<\/div><div class=\"acte_files\"><ul><li><a href=\"https:\/\/www.univ-lorraine.fr\/raa\/wp-content\/uploads\/sites\/6\/2025\/10\/ddoc-v-mallet-2025.pdf\" target=\"_blank\" title=\"T\u00e9l\u00e9charger le fichier DDOC V MALLET 2025\"><img decoding=\"async\" src=\"https:\/\/www.univ-lorraine.fr\/raa\/wp-content\/plugins\/ul-raa\/img\/pdf.svg\" alt=\"\" \/>DDOC V MALLET 2025 (157.20 Ko)<\/a><\/li><\/ul><\/div><\/div><\/li><li><a href=\"#\" data-featherlight=\"#actelightbox_15514\" title=\"Voir le d\u00e9tail de l'acte DIFOR - Direction de la Formation\">DIFOR - Direction de la Formation<\/a><div id=\"actelightbox_15514\" class=\"actelightbox\"><div class=\"acte_name\">DIFOR - Direction de la Formation<\/div><div class=\"acte_type\">2024 - Directions op\u00e9rationnelles<\/div><div class=\"acte_pub_date\">Publi\u00e9 le : 15\/11\/2022<\/div><div class=\"acte_files\"><ul><li><a href=\"https:\/\/www.univ-lorraine.fr\/raa\/wp-content\/uploads\/sites\/6\/2024\/07\/difor-2024.pdf\" target=\"_blank\" title=\"T\u00e9l\u00e9charger le fichier DIFOR 2024\"><img decoding=\"async\" src=\"https:\/\/www.univ-lorraine.fr\/raa\/wp-content\/plugins\/ul-raa\/img\/pdf.svg\" alt=\"\" \/>DIFOR 2024 (111.02 Ko)<\/a><\/li><\/ul><\/div><\/div><\/li><li><a href=\"#\" data-featherlight=\"#actelightbox_22987\" title=\"Voir le d\u00e9tail de l'acte Direction de la coordination des campus Messins\">Direction de la coordination des campus Messins<\/a><div id=\"actelightbox_22987\" class=\"actelightbox\"><div class=\"acte_name\">Direction de la coordination des campus Messins<\/div><div class=\"acte_type\">2025 - Directions op\u00e9rationnelles<\/div><div class=\"acte_pub_date\">Publi\u00e9 le : 11\/03\/2024<\/div><div class=\"acte_files\"><ul><li><a href=\"https:\/\/www.univ-lorraine.fr\/raa\/wp-content\/uploads\/sites\/6\/2025\/11\/ds-n-hiesiger-campus-messins-2025.pdf\" target=\"_blank\" title=\"T\u00e9l\u00e9charger le fichier DS N HIESIGER CAMPUS MESSINS 2025\"><img decoding=\"async\" src=\"https:\/\/www.univ-lorraine.fr\/raa\/wp-content\/plugins\/ul-raa\/img\/pdf.svg\" alt=\"\" \/>DS N HIESIGER CAMPUS MESSINS 2025 (143.08 Ko)<\/a><\/li><\/ul><\/div><\/div><\/li><li><a href=\"#\" data-featherlight=\"#actelightbox_15509\" title=\"Voir le d\u00e9tail de l'acte DLI - Direction de la Logistique Interne\">DLI - Direction de la Logistique Interne<\/a><div id=\"actelightbox_15509\" class=\"actelightbox\"><div class=\"acte_name\">DLI - Direction de la Logistique Interne<\/div><div class=\"acte_type\">2024 - Directions op\u00e9rationnelles<\/div><div class=\"acte_pub_date\">Publi\u00e9 le : 1\/06\/2022<\/div><div class=\"acte_files\"><ul><li><a href=\"https:\/\/www.univ-lorraine.fr\/raa\/wp-content\/uploads\/sites\/6\/2024\/10\/dli-2024.pdf\" target=\"_blank\" title=\"T\u00e9l\u00e9charger le fichier DLI 2024\"><img decoding=\"async\" src=\"https:\/\/www.univ-lorraine.fr\/raa\/wp-content\/plugins\/ul-raa\/img\/pdf.svg\" alt=\"\" \/>DLI 2024 (142.26 Ko)<\/a><\/li><li><a href=\"https:\/\/www.univ-lorraine.fr\/raa\/wp-content\/uploads\/sites\/6\/2025\/09\/dli-depot-de-plainte-2025pdf.pdf\" target=\"_blank\" title=\"T\u00e9l\u00e9charger le fichier DLI DEPOT DE PLAINTE 2025pdf\"><img decoding=\"async\" src=\"https:\/\/www.univ-lorraine.fr\/raa\/wp-content\/plugins\/ul-raa\/img\/pdf.svg\" alt=\"\" \/>DLI DEPOT DE PLAINTE 2025pdf (37.78 Ko)<\/a><\/li><\/ul><\/div><\/div><\/li><li><a href=\"#\" data-featherlight=\"#actelightbox_14198\" title=\"Voir le d\u00e9tail de l'acte DMGRH - Direction de la Modernisation et de la Gestion des Ressources Humaines\">DMGRH - Direction de la Modernisation et de la Gestion des Ressources Humaines<\/a><div id=\"actelightbox_14198\" class=\"actelightbox\"><div class=\"acte_name\">DMGRH - Direction de la Modernisation et de la Gestion des Ressources Humaines<\/div><div class=\"acte_type\">2025 - Directions op\u00e9rationnelles<\/div><div class=\"acte_pub_date\">Publi\u00e9 le : 26\/06\/2023<\/div><div class=\"acte_files\"><ul><li><a href=\"https:\/\/www.univ-lorraine.fr\/raa\/wp-content\/uploads\/sites\/6\/2025\/10\/dmgrh-delegation-2025-1-2.pdf\" target=\"_blank\" title=\"T\u00e9l\u00e9charger le fichier DMGRH d\u00e9l\u00e9gation 2025\"><img decoding=\"async\" src=\"https:\/\/www.univ-lorraine.fr\/raa\/wp-content\/plugins\/ul-raa\/img\/pdf.svg\" alt=\"\" \/>DMGRH d\u00e9l\u00e9gation 2025 (171.85 Ko)<\/a><\/li><\/ul><\/div><\/div><\/li><li><a href=\"#\" data-featherlight=\"#actelightbox_15507\" title=\"Voir le d\u00e9tail de l'acte DN - Direction du Num\u00e9rique\">DN - Direction du Num\u00e9rique<\/a><div id=\"actelightbox_15507\" class=\"actelightbox\"><div class=\"acte_name\">DN - Direction du Num\u00e9rique<\/div><div class=\"acte_type\">2024 - Directions op\u00e9rationnelles<\/div><div class=\"acte_pub_date\">Publi\u00e9 le : 1\/06\/2022<\/div><div class=\"acte_files\"><ul><li><a href=\"https:\/\/www.univ-lorraine.fr\/raa\/wp-content\/uploads\/sites\/6\/2024\/07\/dn-2024.pdf\" target=\"_blank\" title=\"T\u00e9l\u00e9charger le fichier DN 2024\"><img decoding=\"async\" src=\"https:\/\/www.univ-lorraine.fr\/raa\/wp-content\/plugins\/ul-raa\/img\/pdf.svg\" alt=\"\" \/>DN 2024 (121.65 Ko)<\/a><\/li><\/ul><\/div><\/div><\/li><li><a href=\"#\" data-featherlight=\"#actelightbox_15505\" title=\"Voir le d\u00e9tail de l'acte DP - Direction des Partenariats\">DP - Direction des Partenariats<\/a><div id=\"actelightbox_15505\" class=\"actelightbox\"><div class=\"acte_name\">DP - Direction des Partenariats<\/div><div class=\"acte_type\">2024 - Directions op\u00e9rationnelles<\/div><div class=\"acte_pub_date\">Publi\u00e9 le : 23\/01\/2023<\/div><div class=\"acte_files\"><ul><li><a href=\"https:\/\/www.univ-lorraine.fr\/raa\/wp-content\/uploads\/sites\/6\/2024\/11\/dp-2024-j-emonot.pdf\" target=\"_blank\" title=\"T\u00e9l\u00e9charger le fichier DP 2024 J EMONOT\"><img decoding=\"async\" src=\"https:\/\/www.univ-lorraine.fr\/raa\/wp-content\/plugins\/ul-raa\/img\/pdf.svg\" alt=\"\" \/>DP 2024 J EMONOT (110.29 Ko)<\/a><\/li><\/ul><\/div><\/div><\/li><li><a href=\"#\" data-featherlight=\"#actelightbox_15503\" title=\"Voir le d\u00e9tail de l'acte DPI - Direction du Patrimoine Immobilier\">DPI - Direction du Patrimoine Immobilier<\/a><div id=\"actelightbox_15503\" class=\"actelightbox\"><div class=\"acte_name\">DPI - Direction du Patrimoine Immobilier<\/div><div class=\"acte_type\">2023 - Directions op\u00e9rationnelles<\/div><div class=\"acte_pub_date\">Publi\u00e9 le : 6\/02\/2023<\/div><div class=\"acte_files\"><ul><li><a href=\"https:\/\/www.univ-lorraine.fr\/raa\/wp-content\/uploads\/sites\/6\/2021\/02\/dpi_-_jm_mayer_21_03_2019.pdf\" target=\"_blank\" title=\"T\u00e9l\u00e9charger le fichier CELLULE CAMPUS\"><img decoding=\"async\" src=\"https:\/\/www.univ-lorraine.fr\/raa\/wp-content\/plugins\/ul-raa\/img\/pdf.svg\" alt=\"\" \/>CELLULE CAMPUS (792.59 Ko)<\/a><\/li><li><a href=\"https:\/\/www.univ-lorraine.fr\/raa\/wp-content\/uploads\/sites\/6\/2024\/07\/dpi-alexandre-pery-2024-1.pdf\" target=\"_blank\" title=\"T\u00e9l\u00e9charger le fichier DPI Alexandre PERY 2024\"><img decoding=\"async\" src=\"https:\/\/www.univ-lorraine.fr\/raa\/wp-content\/plugins\/ul-raa\/img\/pdf.svg\" alt=\"\" \/>DPI Alexandre PERY 2024 (106.87 Ko)<\/a><\/li><\/ul><\/div><\/div><\/li><li><a href=\"#\" data-featherlight=\"#actelightbox_15511\" title=\"Voir le d\u00e9tail de l'acte DPSE - Direction Pr\u00e9vention, S\u00e9curit\u00e9 et Environnement\">DPSE - Direction Pr\u00e9vention, S\u00e9curit\u00e9 et Environnement<\/a><div id=\"actelightbox_15511\" class=\"actelightbox\"><div class=\"acte_name\">DPSE - Direction Pr\u00e9vention, S\u00e9curit\u00e9 et Environnement<\/div><div class=\"acte_type\">2024 - Directions op\u00e9rationnelles<\/div><div class=\"acte_pub_date\">Publi\u00e9 le : 4\/09\/2023<\/div><div class=\"acte_files\"><ul><li><a href=\"https:\/\/www.univ-lorraine.fr\/raa\/wp-content\/uploads\/sites\/6\/2025\/01\/dpse-j-casal-12-2024.pdf\" target=\"_blank\" title=\"T\u00e9l\u00e9charger le fichier DPSE J Casal 12-2024\"><img decoding=\"async\" src=\"https:\/\/www.univ-lorraine.fr\/raa\/wp-content\/plugins\/ul-raa\/img\/pdf.svg\" alt=\"\" \/>DPSE J Casal 12-2024 (151.91 Ko)<\/a><\/li><\/ul><\/div><\/div><\/li><li><a href=\"#\" data-featherlight=\"#actelightbox_15499\" title=\"Voir le d\u00e9tail de l'acte DRIE - Direction des Relations Internationales et Europ\u00e9ennes\">DRIE - Direction des Relations Internationales et Europ\u00e9ennes<\/a><div id=\"actelightbox_15499\" class=\"actelightbox\"><div class=\"acte_name\">DRIE - Direction des Relations Internationales et Europ\u00e9ennes<\/div><div class=\"acte_type\">2025 - Directions op\u00e9rationnelles<\/div><div class=\"acte_pub_date\">Publi\u00e9 le : 1\/06\/2022<\/div><div class=\"acte_files\"><ul><li><a href=\"https:\/\/www.univ-lorraine.fr\/raa\/wp-content\/uploads\/sites\/6\/2025\/09\/drie-2025.pdf\" target=\"_blank\" title=\"T\u00e9l\u00e9charger le fichier DRIE 2025\"><img decoding=\"async\" src=\"https:\/\/www.univ-lorraine.fr\/raa\/wp-content\/plugins\/ul-raa\/img\/pdf.svg\" alt=\"\" \/>DRIE 2025 (161.85 Ko)<\/a><\/li><\/ul><\/div><\/div><\/li><li><a href=\"#\" data-featherlight=\"#actelightbox_15497\" title=\"Voir le d\u00e9tail de l'acte DRV - Direction de la Recherche et de la Valorisation\">DRV - Direction de la Recherche et de la Valorisation<\/a><div id=\"actelightbox_15497\" class=\"actelightbox\"><div class=\"acte_name\">DRV - Direction de la Recherche et de la Valorisation<\/div><div class=\"acte_type\">2025 - Directions op\u00e9rationnelles<\/div><div class=\"acte_pub_date\">Publi\u00e9 le : 11\/03\/2024<\/div><div class=\"acte_files\"><ul><li><a href=\"https:\/\/www.univ-lorraine.fr\/raa\/wp-content\/uploads\/sites\/6\/2025\/04\/drv-k.-degiorgio-1-1.pdf\" target=\"_blank\" title=\"T\u00e9l\u00e9charger le fichier DRV 2025\"><img decoding=\"async\" src=\"https:\/\/www.univ-lorraine.fr\/raa\/wp-content\/plugins\/ul-raa\/img\/pdf.svg\" alt=\"\" \/>DRV 2025 (150.40 Ko)<\/a><\/li><\/ul><\/div><\/div><\/li><li><a href=\"#\" data-featherlight=\"#actelightbox_15495\" title=\"Voir le d\u00e9tail de l'acte DVUC - Direction de la Vie Universitaire et de la Culture\">DVUC - Direction de la Vie Universitaire et de la Culture<\/a><div id=\"actelightbox_15495\" class=\"actelightbox\"><div class=\"acte_name\">DVUC - Direction de la Vie Universitaire et de la Culture<\/div><div class=\"acte_type\">2025 - Directions op\u00e9rationnelles<\/div><div class=\"acte_pub_date\">Publi\u00e9 le : 1\/06\/2022<\/div><div class=\"acte_files\"><ul><li><a href=\"https:\/\/www.univ-lorraine.fr\/raa\/wp-content\/uploads\/sites\/6\/2024\/09\/suaps-m.-vuillien.pdf\" target=\"_blank\" title=\"T\u00e9l\u00e9charger le fichier SUAPS M. VUILLIEN\"><img decoding=\"async\" src=\"https:\/\/www.univ-lorraine.fr\/raa\/wp-content\/plugins\/ul-raa\/img\/pdf.svg\" alt=\"\" \/>SUAPS M. VUILLIEN (616.18 Ko)<\/a><\/li><li><a href=\"https:\/\/www.univ-lorraine.fr\/raa\/wp-content\/uploads\/sites\/6\/2025\/02\/delegation-ebmk-c-sanlis.pdf\" target=\"_blank\" title=\"T\u00e9l\u00e9charger le fichier D\u00e9l\u00e9gation EBMK C SANLIS\"><img decoding=\"async\" src=\"https:\/\/www.univ-lorraine.fr\/raa\/wp-content\/plugins\/ul-raa\/img\/pdf.svg\" alt=\"\" \/>D\u00e9l\u00e9gation EBMK C SANLIS (104.83 Ko)<\/a><\/li><li><a href=\"https:\/\/www.univ-lorraine.fr\/raa\/wp-content\/uploads\/sites\/6\/2025\/03\/ds-projet-mutacamp-2025.pdf\" target=\"_blank\" title=\"T\u00e9l\u00e9charger le fichier DS PROJET MUTACAMP 2025\"><img decoding=\"async\" src=\"https:\/\/www.univ-lorraine.fr\/raa\/wp-content\/plugins\/ul-raa\/img\/pdf.svg\" alt=\"\" \/>DS PROJET MUTACAMP 2025 (54.94 Ko)<\/a><\/li><li><a href=\"https:\/\/www.univ-lorraine.fr\/raa\/wp-content\/uploads\/sites\/6\/2025\/03\/dvuc-032-2025.pdf\" target=\"_blank\" title=\"T\u00e9l\u00e9charger le fichier DVUC 032-2025\"><img decoding=\"async\" src=\"https:\/\/www.univ-lorraine.fr\/raa\/wp-content\/plugins\/ul-raa\/img\/pdf.svg\" alt=\"\" \/>DVUC 032-2025 (130.10 Ko)<\/a><\/li><li><a href=\"https:\/\/www.univ-lorraine.fr\/raa\/wp-content\/uploads\/sites\/6\/2025\/10\/delegation-ebmk-b-girard-2025.pdf\" target=\"_blank\" title=\"T\u00e9l\u00e9charger le fichier D\u00e9l\u00e9gation EBMK B GIRARD 2025\"><img decoding=\"async\" src=\"https:\/\/www.univ-lorraine.fr\/raa\/wp-content\/plugins\/ul-raa\/img\/pdf.svg\" alt=\"\" \/>D\u00e9l\u00e9gation EBMK B GIRARD 2025 (105.18 Ko)<\/a><\/li><\/ul><\/div><\/div><\/li><\/ul><\/div>\n\n<\/div><\/div>\n\n<div class=\"gb-container gb-container-ee66b333\" id=\"dircoll\"><div class=\"gb-inside-container\">\n\n<h2 class=\"wp-block-heading\">Directeurs de coll\u00e9giums<\/h2>\n\n\n<div id=\"liste_actes\"><a name=\"goto_list_actes_908d1527\"><\/a><ul class=\"liste_des_actes\"><li><a href=\"#\" data-featherlight=\"#actelightbox_15483\" title=\"Voir le d\u00e9tail de l'acte ARTS LETTRES LANGUES\">ARTS LETTRES LANGUES<\/a><div id=\"actelightbox_15483\" class=\"actelightbox\"><div class=\"acte_name\">ARTS LETTRES LANGUES<\/div><div class=\"acte_type\">2023 - Directeurs Coll\u00e9giums<\/div><div class=\"acte_pub_date\">Publi\u00e9 le : 16\/10\/2023<\/div><div class=\"acte_files\"><ul><li><a href=\"https:\/\/www.univ-lorraine.fr\/raa\/wp-content\/uploads\/sites\/6\/2023\/10\/collegium-all-en-vigueur.pdf\" target=\"_blank\" title=\"T\u00e9l\u00e9charger le fichier collegium ALL en vigueur\"><img decoding=\"async\" src=\"https:\/\/www.univ-lorraine.fr\/raa\/wp-content\/plugins\/ul-raa\/img\/pdf.svg\" alt=\"\" \/>collegium ALL en vigueur (705.16 Ko)<\/a><\/li><\/ul><\/div><\/div><\/li><li><a href=\"#\" data-featherlight=\"#actelightbox_15481\" title=\"Voir le d\u00e9tail de l'acte DROIT ECONOMIE GESTION\">DROIT ECONOMIE GESTION<\/a><div id=\"actelightbox_15481\" class=\"actelightbox\"><div class=\"acte_name\">DROIT ECONOMIE GESTION<\/div><div class=\"acte_type\">2023 - Directeurs Coll\u00e9giums<\/div><div class=\"acte_pub_date\">Publi\u00e9 le : 16\/10\/2023<\/div><div class=\"acte_files\"><ul><li><a href=\"https:\/\/www.univ-lorraine.fr\/raa\/wp-content\/uploads\/sites\/6\/2023\/10\/collegium-deg.pdf\" target=\"_blank\" title=\"T\u00e9l\u00e9charger le fichier collegium DEG\"><img decoding=\"async\" src=\"https:\/\/www.univ-lorraine.fr\/raa\/wp-content\/plugins\/ul-raa\/img\/pdf.svg\" alt=\"\" \/>collegium DEG (672.07 Ko)<\/a><\/li><\/ul><\/div><\/div><\/li><li><a href=\"#\" data-featherlight=\"#actelightbox_14741\" title=\"Voir le d\u00e9tail de l'acte INTERFACE\">INTERFACE<\/a><div id=\"actelightbox_14741\" class=\"actelightbox\"><div class=\"acte_name\">INTERFACE<\/div><div class=\"acte_type\">2023 - Directeurs Coll\u00e9giums<\/div><div class=\"acte_pub_date\">Publi\u00e9 le : 16\/10\/2023<\/div><div class=\"acte_files\"><ul><li><a href=\"https:\/\/www.univ-lorraine.fr\/raa\/wp-content\/uploads\/sites\/6\/2023\/10\/collegium-interface.pdf\" target=\"_blank\" title=\"T\u00e9l\u00e9charger le fichier collegium INTERFACE\"><img decoding=\"async\" src=\"https:\/\/www.univ-lorraine.fr\/raa\/wp-content\/plugins\/ul-raa\/img\/pdf.svg\" alt=\"\" \/>collegium INTERFACE (655.04 Ko)<\/a><\/li><\/ul><\/div><\/div><\/li><li><a href=\"#\" data-featherlight=\"#actelightbox_15319\" title=\"Voir le d\u00e9tail de l'acte LORRAINE INP\">LORRAINE INP<\/a><div id=\"actelightbox_15319\" class=\"actelightbox\"><div class=\"acte_name\">LORRAINE INP<\/div><div class=\"acte_type\">2023 - Directeurs Coll\u00e9giums<\/div><div class=\"acte_pub_date\">Publi\u00e9 le : 16\/10\/2023<\/div><div class=\"acte_files\"><ul><li><a href=\"https:\/\/www.univ-lorraine.fr\/raa\/wp-content\/uploads\/sites\/6\/2023\/10\/coll-l-inp.pdf\" target=\"_blank\" title=\"T\u00e9l\u00e9charger le fichier COLL L INP\"><img decoding=\"async\" src=\"https:\/\/www.univ-lorraine.fr\/raa\/wp-content\/plugins\/ul-raa\/img\/pdf.svg\" alt=\"\" \/>COLL L INP (705.41 Ko)<\/a><\/li><\/ul><\/div><\/div><\/li><li><a href=\"#\" data-featherlight=\"#actelightbox_14452\" title=\"Voir le d\u00e9tail de l'acte LORRAINE MANAGEMENT INNOVATION\">LORRAINE MANAGEMENT INNOVATION<\/a><div id=\"actelightbox_14452\" class=\"actelightbox\"><div class=\"acte_name\">LORRAINE MANAGEMENT INNOVATION<\/div><div class=\"acte_type\">2023 - Directeurs Coll\u00e9giums<\/div><div class=\"acte_pub_date\">Publi\u00e9 le : 16\/10\/2023<\/div><div class=\"acte_files\"><ul><li><a href=\"https:\/\/www.univ-lorraine.fr\/raa\/wp-content\/uploads\/sites\/6\/2023\/10\/collegium-lmi-en-vigueur.pdf\" target=\"_blank\" title=\"T\u00e9l\u00e9charger le fichier collegium LMI en vigueur\"><img decoding=\"async\" src=\"https:\/\/www.univ-lorraine.fr\/raa\/wp-content\/plugins\/ul-raa\/img\/pdf.svg\" alt=\"\" \/>collegium LMI en vigueur (708.54 Ko)<\/a><\/li><\/ul><\/div><\/div><\/li><li><a href=\"#\" data-featherlight=\"#actelightbox_14998\" title=\"Voir le d\u00e9tail de l'acte SANTE\">SANTE<\/a><div id=\"actelightbox_14998\" class=\"actelightbox\"><div class=\"acte_name\">SANTE<\/div><div class=\"acte_type\">2023 - Directeurs Coll\u00e9giums<\/div><div class=\"acte_pub_date\">Publi\u00e9 le : 16\/10\/2023<\/div><div class=\"acte_files\"><ul><li><a href=\"https:\/\/www.univ-lorraine.fr\/raa\/wp-content\/uploads\/sites\/6\/2023\/10\/collegium-sante.pdf\" target=\"_blank\" title=\"T\u00e9l\u00e9charger le fichier collegium SANTE\"><img decoding=\"async\" src=\"https:\/\/www.univ-lorraine.fr\/raa\/wp-content\/plugins\/ul-raa\/img\/pdf.svg\" alt=\"\" \/>collegium SANTE (704.63 Ko)<\/a><\/li><\/ul><\/div><\/div><\/li><li><a href=\"#\" data-featherlight=\"#actelightbox_15479\" title=\"Voir le d\u00e9tail de l'acte SCIENCES ET TECHNOLOGIES\">SCIENCES ET TECHNOLOGIES<\/a><div id=\"actelightbox_15479\" class=\"actelightbox\"><div class=\"acte_name\">SCIENCES ET TECHNOLOGIES<\/div><div class=\"acte_type\">2023 - Directeurs Coll\u00e9giums<\/div><div class=\"acte_pub_date\">Publi\u00e9 le : 13\/11\/2023<\/div><div class=\"acte_files\"><ul><li><a href=\"https:\/\/www.univ-lorraine.fr\/raa\/wp-content\/uploads\/sites\/6\/2023\/11\/collegium-sciences-technologie.pdf\" target=\"_blank\" title=\"T\u00e9l\u00e9charger le fichier collegium SCIENCES & TECHNOLOGIE\"><img decoding=\"async\" src=\"https:\/\/www.univ-lorraine.fr\/raa\/wp-content\/plugins\/ul-raa\/img\/pdf.svg\" alt=\"\" \/>collegium SCIENCES & TECHNOLOGIE (724.79 Ko)<\/a><\/li><\/ul><\/div><\/div><\/li><li><a href=\"#\" data-featherlight=\"#actelightbox_15477\" title=\"Voir le d\u00e9tail de l'acte SCIENCES HUMAINES ET SOCIALES\">SCIENCES HUMAINES ET SOCIALES<\/a><div id=\"actelightbox_15477\" class=\"actelightbox\"><div class=\"acte_name\">SCIENCES HUMAINES ET SOCIALES<\/div><div class=\"acte_type\">2023 - Directeurs Coll\u00e9giums<\/div><div class=\"acte_pub_date\">Publi\u00e9 le : 16\/10\/2023<\/div><div class=\"acte_files\"><ul><li><a href=\"https:\/\/www.univ-lorraine.fr\/raa\/wp-content\/uploads\/sites\/6\/2023\/10\/collegium-shs-en-vigueur.pdf\" target=\"_blank\" title=\"T\u00e9l\u00e9charger le fichier collegium SHS en vigueur\"><img decoding=\"async\" src=\"https:\/\/www.univ-lorraine.fr\/raa\/wp-content\/plugins\/ul-raa\/img\/pdf.svg\" alt=\"\" \/>collegium SHS en vigueur (749.07 Ko)<\/a><\/li><\/ul><\/div><\/div><\/li><li><a href=\"#\" data-featherlight=\"#actelightbox_15475\" title=\"Voir le d\u00e9tail de l'acte TECHNOLOGIE\">TECHNOLOGIE<\/a><div id=\"actelightbox_15475\" class=\"actelightbox\"><div class=\"acte_name\">TECHNOLOGIE<\/div><div class=\"acte_type\">2024 - Directeurs Coll\u00e9giums<\/div><div class=\"acte_pub_date\">Publi\u00e9 le : 5\/02\/2024<\/div><div class=\"acte_files\"><ul><li><a href=\"https:\/\/www.univ-lorraine.fr\/raa\/wp-content\/uploads\/sites\/6\/2024\/02\/collegium-technologie-2024-1.pdf\" target=\"_blank\" title=\"T\u00e9l\u00e9charger le fichier collegium TECHNOLOGIE 2024\"><img decoding=\"async\" src=\"https:\/\/www.univ-lorraine.fr\/raa\/wp-content\/plugins\/ul-raa\/img\/pdf.svg\" alt=\"\" \/>collegium TECHNOLOGIE 2024 (132.51 Ko)<\/a><\/li><\/ul><\/div><\/div><\/li><\/ul><\/div>\n\n<\/div><\/div>\n\n<div class=\"gb-container gb-container-090f15a4\" id=\"dirps\"><div class=\"gb-inside-container\">\n\n<h2 class=\"wp-block-heading\">Directeurs p\u00f4les scientifiques<\/h2>\n\n\n<div id=\"liste_actes\"><a name=\"goto_list_actes_edf8dc11\"><\/a><ul class=\"liste_des_actes\"><li><a href=\"#\" data-featherlight=\"#actelightbox_15473\" title=\"Voir le d\u00e9tail de l'acte A2F\">A2F<\/a><div id=\"actelightbox_15473\" class=\"actelightbox\"><div class=\"acte_name\">A2F<\/div><div class=\"acte_type\">2023 - Directeurs P\u00f4les Scientifiques<\/div><div class=\"acte_pub_date\">Publi\u00e9 le : 16\/10\/2023<\/div><div class=\"acte_files\"><ul><li><a href=\"https:\/\/www.univ-lorraine.fr\/raa\/wp-content\/uploads\/sites\/6\/2023\/10\/a2f.pdf\" target=\"_blank\" title=\"T\u00e9l\u00e9charger le fichier A2F\"><img decoding=\"async\" src=\"https:\/\/www.univ-lorraine.fr\/raa\/wp-content\/plugins\/ul-raa\/img\/pdf.svg\" alt=\"\" \/>A2F (714.13 Ko)<\/a><\/li><\/ul><\/div><\/div><\/li><li><a href=\"#\" data-featherlight=\"#actelightbox_15471\" title=\"Voir le d\u00e9tail de l'acte AM2I\">AM2I<\/a><div id=\"actelightbox_15471\" class=\"actelightbox\"><div class=\"acte_name\">AM2I<\/div><div class=\"acte_type\">2023 - Directeurs P\u00f4les Scientifiques<\/div><div class=\"acte_pub_date\">Publi\u00e9 le : 16\/10\/2023<\/div><div class=\"acte_files\"><ul><li><a href=\"https:\/\/www.univ-lorraine.fr\/raa\/wp-content\/uploads\/sites\/6\/2023\/10\/am2i.pdf\" target=\"_blank\" title=\"T\u00e9l\u00e9charger le fichier AM2I\"><img decoding=\"async\" src=\"https:\/\/www.univ-lorraine.fr\/raa\/wp-content\/plugins\/ul-raa\/img\/pdf.svg\" alt=\"\" \/>AM2I (723.13 Ko)<\/a><\/li><\/ul><\/div><\/div><\/li><li><a href=\"#\" data-featherlight=\"#actelightbox_15469\" title=\"Voir le d\u00e9tail de l'acte BMS\">BMS<\/a><div id=\"actelightbox_15469\" class=\"actelightbox\"><div class=\"acte_name\">BMS<\/div><div class=\"acte_type\">2026 - Directeurs P\u00f4les Scientifiques<\/div><div class=\"acte_pub_date\">Publi\u00e9 le : 16\/10\/2023<\/div><div class=\"acte_files\"><ul><li><a href=\"https:\/\/www.univ-lorraine.fr\/raa\/wp-content\/uploads\/sites\/6\/2026\/02\/bms-2026-3.pdf\" target=\"_blank\" title=\"T\u00e9l\u00e9charger le fichier BMS 2026\"><img decoding=\"async\" src=\"https:\/\/www.univ-lorraine.fr\/raa\/wp-content\/plugins\/ul-raa\/img\/pdf.svg\" alt=\"\" \/>BMS 2026 (112.66 Ko)<\/a><\/li><\/ul><\/div><\/div><\/li><li><a href=\"#\" data-featherlight=\"#actelightbox_15467\" title=\"Voir le d\u00e9tail de l'acte CLCS\">CLCS<\/a><div id=\"actelightbox_15467\" class=\"actelightbox\"><div class=\"acte_name\">CLCS<\/div><div class=\"acte_type\">2023 - Directeurs P\u00f4les Scientifiques<\/div><div class=\"acte_pub_date\">Publi\u00e9 le : 16\/10\/2023<\/div><div class=\"acte_files\"><ul><li><a href=\"https:\/\/www.univ-lorraine.fr\/raa\/wp-content\/uploads\/sites\/6\/2023\/10\/clcs.pdf\" target=\"_blank\" title=\"T\u00e9l\u00e9charger le fichier CLCS\"><img decoding=\"async\" src=\"https:\/\/www.univ-lorraine.fr\/raa\/wp-content\/plugins\/ul-raa\/img\/pdf.svg\" alt=\"\" \/>CLCS (720.10 Ko)<\/a><\/li><\/ul><\/div><\/div><\/li><li><a href=\"#\" data-featherlight=\"#actelightbox_15465\" title=\"Voir le d\u00e9tail de l'acte CPM\">CPM<\/a><div id=\"actelightbox_15465\" class=\"actelightbox\"><div class=\"acte_name\">CPM<\/div><div class=\"acte_type\">2024 - Directeurs P\u00f4les Scientifiques<\/div><div class=\"acte_pub_date\">Publi\u00e9 le : 16\/10\/2023<\/div><div class=\"acte_files\"><ul><li><a href=\"https:\/\/www.univ-lorraine.fr\/raa\/wp-content\/uploads\/sites\/6\/2024\/09\/ds-pole-cpm-2024.pdf\" target=\"_blank\" title=\"T\u00e9l\u00e9charger le fichier DS POLE CPM 2024\"><img decoding=\"async\" src=\"https:\/\/www.univ-lorraine.fr\/raa\/wp-content\/plugins\/ul-raa\/img\/pdf.svg\" alt=\"\" \/>DS POLE CPM 2024 (106.61 Ko)<\/a><\/li><\/ul><\/div><\/div><\/li><li><a href=\"#\" data-featherlight=\"#actelightbox_15463\" title=\"Voir le d\u00e9tail de l'acte EMPP\">EMPP<\/a><div id=\"actelightbox_15463\" class=\"actelightbox\"><div class=\"acte_name\">EMPP<\/div><div class=\"acte_type\">2023 - Directeurs P\u00f4les Scientifiques<\/div><div class=\"acte_pub_date\">Publi\u00e9 le : 16\/10\/2023<\/div><div class=\"acte_files\"><ul><li><a href=\"https:\/\/www.univ-lorraine.fr\/raa\/wp-content\/uploads\/sites\/6\/2023\/10\/empp.pdf\" target=\"_blank\" title=\"T\u00e9l\u00e9charger le fichier EMPP\"><img decoding=\"async\" src=\"https:\/\/www.univ-lorraine.fr\/raa\/wp-content\/plugins\/ul-raa\/img\/pdf.svg\" alt=\"\" \/>EMPP (671.13 Ko)<\/a><\/li><\/ul><\/div><\/div><\/li><li><a href=\"#\" data-featherlight=\"#actelightbox_15455\" title=\"Voir le d\u00e9tail de l'acte LLECT\">LLECT<\/a><div id=\"actelightbox_15455\" class=\"actelightbox\"><div class=\"acte_name\">LLECT<\/div><div class=\"acte_type\">2026 - Directeurs P\u00f4les Scientifiques<\/div><div class=\"acte_pub_date\">Publi\u00e9 le : 16\/10\/2023<\/div><div class=\"acte_files\"><ul><li><a href=\"https:\/\/www.univ-lorraine.fr\/raa\/wp-content\/uploads\/sites\/6\/2026\/03\/llect-2026.pdf\" target=\"_blank\" title=\"T\u00e9l\u00e9charger le fichier LLECT 2026\"><img decoding=\"async\" src=\"https:\/\/www.univ-lorraine.fr\/raa\/wp-content\/plugins\/ul-raa\/img\/pdf.svg\" alt=\"\" \/>LLECT 2026 (115.65 Ko)<\/a><\/li><\/ul><\/div><\/div><\/li><li><a href=\"#\" data-featherlight=\"#actelightbox_15461\" title=\"Voir le d\u00e9tail de l'acte M4\">M4<\/a><div id=\"actelightbox_15461\" class=\"actelightbox\"><div class=\"acte_name\">M4<\/div><div class=\"acte_type\">2023 - Directeurs P\u00f4les Scientifiques<\/div><div class=\"acte_pub_date\">Publi\u00e9 le : 16\/10\/2023<\/div><div class=\"acte_files\"><ul><li><a href=\"https:\/\/www.univ-lorraine.fr\/raa\/wp-content\/uploads\/sites\/6\/2023\/10\/m4.pdf\" target=\"_blank\" title=\"T\u00e9l\u00e9charger le fichier M4\"><img decoding=\"async\" src=\"https:\/\/www.univ-lorraine.fr\/raa\/wp-content\/plugins\/ul-raa\/img\/pdf.svg\" alt=\"\" \/>M4 (716.04 Ko)<\/a><\/li><\/ul><\/div><\/div><\/li><li><a href=\"#\" data-featherlight=\"#actelightbox_15459\" title=\"Voir le d\u00e9tail de l'acte OTELo\">OTELo<\/a><div id=\"actelightbox_15459\" class=\"actelightbox\"><div class=\"acte_name\">OTELo<\/div><div class=\"acte_type\">2023 - Directeurs P\u00f4les Scientifiques<\/div><div class=\"acte_pub_date\">Publi\u00e9 le : 16\/10\/2023<\/div><div class=\"acte_files\"><ul><li><a href=\"https:\/\/www.univ-lorraine.fr\/raa\/wp-content\/uploads\/sites\/6\/2023\/10\/otelo.pdf\" target=\"_blank\" title=\"T\u00e9l\u00e9charger le fichier OTELO\"><img decoding=\"async\" src=\"https:\/\/www.univ-lorraine.fr\/raa\/wp-content\/plugins\/ul-raa\/img\/pdf.svg\" alt=\"\" \/>OTELO (724.47 Ko)<\/a><\/li><\/ul><\/div><\/div><\/li><li><a href=\"#\" data-featherlight=\"#actelightbox_15457\" title=\"Voir le d\u00e9tail de l'acte SJPEG\">SJPEG<\/a><div id=\"actelightbox_15457\" class=\"actelightbox\"><div class=\"acte_name\">SJPEG<\/div><div class=\"acte_type\">2023 - Directeurs P\u00f4les Scientifiques<\/div><div class=\"acte_pub_date\">Publi\u00e9 le : 16\/10\/2023<\/div><div class=\"acte_files\"><ul><li><a href=\"https:\/\/www.univ-lorraine.fr\/raa\/wp-content\/uploads\/sites\/6\/2023\/10\/sjpeg-mme-lambert.pdf\" target=\"_blank\" title=\"T\u00e9l\u00e9charger le fichier SJPEG MME LAMBERT\"><img decoding=\"async\" src=\"https:\/\/www.univ-lorraine.fr\/raa\/wp-content\/plugins\/ul-raa\/img\/pdf.svg\" alt=\"\" \/>SJPEG MME LAMBERT (733.01 Ko)<\/a><\/li><\/ul><\/div><\/div><\/li><\/ul><\/div>\n\n<\/div><\/div>\n\n<div class=\"gb-container gb-container-11a467c6\" id=\"dircamp\"><div class=\"gb-inside-container\">\n\n<h2 class=\"wp-block-heading\">Directeurs de campus<\/h2>\n\n\n<div id=\"liste_actes\"><a name=\"goto_list_actes_58a12006\"><\/a><ul class=\"liste_des_actes\"><li><a href=\"#\" data-featherlight=\"#actelightbox_15452\" title=\"Voir le d\u00e9tail de l'acte CAMPUS LETTRES ET SCIENCES HUMAINES\">CAMPUS LETTRES ET SCIENCES HUMAINES<\/a><div id=\"actelightbox_15452\" class=\"actelightbox\"><div class=\"acte_name\">CAMPUS LETTRES ET SCIENCES HUMAINES<\/div><div class=\"acte_type\">2025 - Directeurs de campus<\/div><div class=\"acte_pub_date\">Publi\u00e9 le : 13\/09\/2022<\/div><div class=\"acte_files\"><ul><li><a href=\"https:\/\/www.univ-lorraine.fr\/raa\/wp-content\/uploads\/sites\/6\/2025\/03\/campus-clsh-2025-l-jalabert.pdf\" target=\"_blank\" title=\"T\u00e9l\u00e9charger le fichier CAMPUS CLSH 2025 L JALABERT\"><img decoding=\"async\" src=\"https:\/\/www.univ-lorraine.fr\/raa\/wp-content\/plugins\/ul-raa\/img\/pdf.svg\" alt=\"\" \/>CAMPUS CLSH 2025 L JALABERT (133.97 Ko)<\/a><\/li><\/ul><\/div><\/div><\/li><\/ul><\/div>\n\n<\/div><\/div>\n\n<div class=\"gb-container gb-container-3713d635\"><div class=\"gb-inside-container\">\n\n<h2 class=\"wp-block-heading\" id=\"dircomp\">Composantes de formation<\/h2>\n\n\n\n<div class=\"wp-block-columns is-layout-flex wp-container-core-columns-is-layout-9d6595d7 wp-block-columns-is-layout-flex\">\n<div class=\"wp-block-column is-layout-flow wp-block-column-is-layout-flow\" style=\"flex-basis:100%\"><div class=\"gb-grid-wrapper gb-grid-wrapper-b46d2eb0\">\n<div class=\"gb-grid-column gb-grid-column-08c2921a\"><div class=\"gb-container gb-container-08c2921a\"><div class=\"gb-inside-container\">\n\n<h3 class=\"wp-block-heading\">Ecoles d&rsquo;ing\u00e9nieurs<\/h3>\n\n\n<div id=\"liste_actes\"><a name=\"goto_list_actes_aed65f15\"><\/a><ul class=\"liste_des_actes\"><li><a href=\"#\" data-featherlight=\"#actelightbox_15441\" title=\"Voir le d\u00e9tail de l'acte ECOLES DES MINES\">ECOLES DES MINES<\/a><div id=\"actelightbox_15441\" class=\"actelightbox\"><div class=\"acte_name\">ECOLES DES MINES<\/div><div class=\"acte_type\">2026 - Ecoles d&#039;ing\u00e9nieurs<\/div><div class=\"acte_pub_date\">Publi\u00e9 le : 30\/04\/2026<\/div><div class=\"acte_files\"><ul><li><a href=\"https:\/\/www.univ-lorraine.fr\/raa\/wp-content\/uploads\/sites\/6\/2026\/04\/mines-nancy-f.-sur-2026.pdf\" target=\"_blank\" title=\"T\u00e9l\u00e9charger le fichier Mines Nancy F. SUR 2026\"><img decoding=\"async\" src=\"https:\/\/www.univ-lorraine.fr\/raa\/wp-content\/plugins\/ul-raa\/img\/pdf.svg\" alt=\"\" \/>Mines Nancy F. SUR 2026 (180.07 Ko)<\/a><\/li><li><a href=\"https:\/\/www.univ-lorraine.fr\/raa\/wp-content\/uploads\/sites\/6\/2024\/09\/ecole-des-mines-delegation-certification-service-fait-2024.pdf\" target=\"_blank\" title=\"T\u00e9l\u00e9charger le fichier ECOLE DES MINES d\u00e9l\u00e9gation certification service fait 2024\"><img decoding=\"async\" src=\"https:\/\/www.univ-lorraine.fr\/raa\/wp-content\/plugins\/ul-raa\/img\/pdf.svg\" alt=\"\" \/>ECOLE DES MINES d\u00e9l\u00e9gation certification service fait 2024 (64.20 Ko)<\/a><\/li><li><a href=\"https:\/\/www.univ-lorraine.fr\/raa\/wp-content\/uploads\/sites\/6\/2025\/01\/delegation-francois-rousseau-ups-mines-nancy-transfer-.pdf\" target=\"_blank\" title=\"T\u00e9l\u00e9charger le fichier d\u00e9l\u00e9gation Fran\u00e7ois ROUSSEAU UPS Mines Nancy Transfer\"><img decoding=\"async\" src=\"https:\/\/www.univ-lorraine.fr\/raa\/wp-content\/plugins\/ul-raa\/img\/pdf.svg\" alt=\"\" \/>d\u00e9l\u00e9gation Fran\u00e7ois ROUSSEAU UPS Mines Nancy Transfer (74.13 Ko)<\/a><\/li><li><a href=\"https:\/\/www.univ-lorraine.fr\/raa\/wp-content\/uploads\/sites\/6\/2026\/04\/arrete-administrateur-provisoire-mines-nancy-2026.pdf\" target=\"_blank\" title=\"T\u00e9l\u00e9charger le fichier Arr\u00eat\u00e9 administrateur provisoire Mines Nancy 2026\"><img decoding=\"async\" src=\"https:\/\/www.univ-lorraine.fr\/raa\/wp-content\/plugins\/ul-raa\/img\/pdf.svg\" alt=\"\" \/>Arr\u00eat\u00e9 administrateur provisoire Mines Nancy 2026 (42.21 Ko)<\/a><\/li><\/ul><\/div><\/div><\/li><li><a href=\"#\" data-featherlight=\"#actelightbox_15225\" title=\"Voir le d\u00e9tail de l'acte EEIGM\">EEIGM<\/a><div id=\"actelightbox_15225\" class=\"actelightbox\"><div class=\"acte_name\">EEIGM<\/div><div class=\"acte_type\">2025 - Ecoles d&#039;ing\u00e9nieurs<\/div><div class=\"acte_pub_date\">Publi\u00e9 le : 16\/10\/2023<\/div><div class=\"acte_files\"><ul><li><a href=\"https:\/\/www.univ-lorraine.fr\/raa\/wp-content\/uploads\/sites\/6\/2025\/09\/eeigm-v-vitzthum-2025.pdf\" target=\"_blank\" title=\"T\u00e9l\u00e9charger le fichier EEIGM V VITZTHUM 2025\"><img decoding=\"async\" src=\"https:\/\/www.univ-lorraine.fr\/raa\/wp-content\/plugins\/ul-raa\/img\/pdf.svg\" alt=\"\" \/>EEIGM V VITZTHUM 2025 (132.02 Ko)<\/a><\/li><li><a href=\"https:\/\/www.univ-lorraine.fr\/raa\/wp-content\/uploads\/sites\/6\/2025\/09\/eeigm-delegation-certification-service-fait.pdf\" target=\"_blank\" title=\"T\u00e9l\u00e9charger le fichier EEIGM d\u00e9l\u00e9gation certification service fait\"><img decoding=\"async\" src=\"https:\/\/www.univ-lorraine.fr\/raa\/wp-content\/plugins\/ul-raa\/img\/pdf.svg\" alt=\"\" \/>EEIGM d\u00e9l\u00e9gation certification service fait (55.54 Ko)<\/a><\/li><\/ul><\/div><\/div><\/li><li><a href=\"#\" data-featherlight=\"#actelightbox_14807\" title=\"Voir le d\u00e9tail de l'acte ENIM\">ENIM<\/a><div id=\"actelightbox_14807\" class=\"actelightbox\"><div class=\"acte_name\">ENIM<\/div><div class=\"acte_type\">2023 - Ecoles d&#039;ing\u00e9nieurs<\/div><div class=\"acte_pub_date\">Publi\u00e9 le : 16\/10\/2023<\/div><div class=\"acte_files\"><ul><li><a href=\"https:\/\/www.univ-lorraine.fr\/raa\/wp-content\/uploads\/sites\/6\/2022\/06\/ENIM-P.-CHEVRIER-delegation-certification-de-service-fait.pdf\" target=\"_blank\" title=\"T\u00e9l\u00e9charger le fichier ENIM P. CHEVRIER d\u00e9l\u00e9gation certification de service fait\"><img decoding=\"async\" src=\"https:\/\/www.univ-lorraine.fr\/raa\/wp-content\/plugins\/ul-raa\/img\/pdf.svg\" alt=\"\" \/>ENIM P. CHEVRIER d\u00e9l\u00e9gation certification de service fait (1.04 Mo)<\/a><\/li><li><a href=\"https:\/\/www.univ-lorraine.fr\/raa\/wp-content\/uploads\/sites\/6\/2023\/10\/enim.pdf\" target=\"_blank\" title=\"T\u00e9l\u00e9charger le fichier ENIM\"><img decoding=\"async\" src=\"https:\/\/www.univ-lorraine.fr\/raa\/wp-content\/plugins\/ul-raa\/img\/pdf.svg\" alt=\"\" \/>ENIM (704.53 Ko)<\/a><\/li><\/ul><\/div><\/div><\/li><li><a href=\"#\" data-featherlight=\"#actelightbox_15229\" title=\"Voir le d\u00e9tail de l'acte ENSAIA\">ENSAIA<\/a><div id=\"actelightbox_15229\" class=\"actelightbox\"><div class=\"acte_name\">ENSAIA<\/div><div class=\"acte_type\">2023 - Ecoles d&#039;ing\u00e9nieurs<\/div><div class=\"acte_pub_date\">Publi\u00e9 le : 16\/10\/2023<\/div><div class=\"acte_files\"><ul><li><a href=\"https:\/\/www.univ-lorraine.fr\/raa\/wp-content\/uploads\/sites\/6\/2022\/02\/ENSAIA-delegation-certification-service-fait-2022.pdf\" target=\"_blank\" title=\"T\u00e9l\u00e9charger le fichier ENSAIA d\u00e9l\u00e9gation certification service fait 2022\"><img decoding=\"async\" src=\"https:\/\/www.univ-lorraine.fr\/raa\/wp-content\/plugins\/ul-raa\/img\/pdf.svg\" alt=\"\" \/>ENSAIA d\u00e9l\u00e9gation certification service fait 2022 (302.24 Ko)<\/a><\/li><li><a href=\"https:\/\/www.univ-lorraine.fr\/raa\/wp-content\/uploads\/sites\/6\/2022\/06\/ENSAIA-LA-BOUZULE.pdf\" target=\"_blank\" title=\"T\u00e9l\u00e9charger le fichier ENSAIA LA BOUZULE\"><img decoding=\"async\" src=\"https:\/\/www.univ-lorraine.fr\/raa\/wp-content\/plugins\/ul-raa\/img\/pdf.svg\" alt=\"\" \/>ENSAIA LA BOUZULE (203.68 Ko)<\/a><\/li><li><a href=\"https:\/\/www.univ-lorraine.fr\/raa\/wp-content\/uploads\/sites\/6\/2023\/10\/ensaia-guido-rychen-cpp.pdf\" target=\"_blank\" title=\"T\u00e9l\u00e9charger le fichier ENSAIA GUIDO RYCHEN-CPP\"><img decoding=\"async\" src=\"https:\/\/www.univ-lorraine.fr\/raa\/wp-content\/plugins\/ul-raa\/img\/pdf.svg\" alt=\"\" \/>ENSAIA GUIDO RYCHEN-CPP (662.71 Ko)<\/a><\/li><li><a href=\"https:\/\/www.univ-lorraine.fr\/raa\/wp-content\/uploads\/sites\/6\/2023\/10\/ensaia-guido-rychen.pdf\" target=\"_blank\" title=\"T\u00e9l\u00e9charger le fichier ENSAIA GUIDO RYCHEN\"><img decoding=\"async\" src=\"https:\/\/www.univ-lorraine.fr\/raa\/wp-content\/plugins\/ul-raa\/img\/pdf.svg\" alt=\"\" \/>ENSAIA GUIDO RYCHEN (722.21 Ko)<\/a><\/li><\/ul><\/div><\/div><\/li><li><a href=\"#\" data-featherlight=\"#actelightbox_15232\" title=\"Voir le d\u00e9tail de l'acte ENSEM\">ENSEM<\/a><div id=\"actelightbox_15232\" class=\"actelightbox\"><div class=\"acte_name\">ENSEM<\/div><div class=\"acte_type\">2023 - Ecoles d&#039;ing\u00e9nieurs<\/div><div class=\"acte_pub_date\">Publi\u00e9 le : 16\/10\/2023<\/div><div class=\"acte_files\"><ul><li><a href=\"https:\/\/www.univ-lorraine.fr\/raa\/wp-content\/uploads\/sites\/6\/2023\/02\/delegation-jf-petin-UPS.pdf\" target=\"_blank\" title=\"T\u00e9l\u00e9charger le fichier d\u00e9l\u00e9gation jf petin UPS\"><img decoding=\"async\" src=\"https:\/\/www.univ-lorraine.fr\/raa\/wp-content\/plugins\/ul-raa\/img\/pdf.svg\" alt=\"\" \/>d\u00e9l\u00e9gation jf petin UPS (466.82 Ko)<\/a><\/li><li><a href=\"https:\/\/www.univ-lorraine.fr\/raa\/wp-content\/uploads\/sites\/6\/2023\/03\/LEMAIRE-Monique-ENSEM-pour-Certification-service-fait-.pdf\" target=\"_blank\" title=\"T\u00e9l\u00e9charger le fichier LEMAIRE Monique ENSEM pour Certification service fait\"><img decoding=\"async\" src=\"https:\/\/www.univ-lorraine.fr\/raa\/wp-content\/plugins\/ul-raa\/img\/pdf.svg\" alt=\"\" \/>LEMAIRE Monique ENSEM pour Certification service fait (365.87 Ko)<\/a><\/li><li><a href=\"https:\/\/www.univ-lorraine.fr\/raa\/wp-content\/uploads\/sites\/6\/2025\/06\/ensem-juin-2025.pdf\" target=\"_blank\" title=\"T\u00e9l\u00e9charger le fichier ENSEM juin 2025\"><img decoding=\"async\" src=\"https:\/\/www.univ-lorraine.fr\/raa\/wp-content\/plugins\/ul-raa\/img\/pdf.svg\" alt=\"\" \/>ENSEM juin 2025 (186.44 Ko)<\/a><\/li><\/ul><\/div><\/div><\/li><li><a href=\"#\" data-featherlight=\"#actelightbox_15235\" title=\"Voir le d\u00e9tail de l'acte ENSG\">ENSG<\/a><div id=\"actelightbox_15235\" class=\"actelightbox\"><div class=\"acte_name\">ENSG<\/div><div class=\"acte_type\">2023 - Ecoles d&#039;ing\u00e9nieurs<\/div><div class=\"acte_pub_date\">Publi\u00e9 le : 16\/10\/2023<\/div><div class=\"acte_files\"><ul><li><a href=\"https:\/\/www.univ-lorraine.fr\/raa\/wp-content\/uploads\/sites\/6\/2022\/09\/ds-ENSG-delegation-service-fait.pdf\" target=\"_blank\" title=\"T\u00e9l\u00e9charger le fichier ds ENSG d\u00e9l\u00e9gation service fait\"><img decoding=\"async\" src=\"https:\/\/www.univ-lorraine.fr\/raa\/wp-content\/plugins\/ul-raa\/img\/pdf.svg\" alt=\"\" \/>ds ENSG d\u00e9l\u00e9gation service fait (370.08 Ko)<\/a><\/li><li><a href=\"https:\/\/www.univ-lorraine.fr\/raa\/wp-content\/uploads\/sites\/6\/2023\/10\/ensg-mme-judith-sausse.pdf\" target=\"_blank\" title=\"T\u00e9l\u00e9charger le fichier ENSG Mme Judith SAUSSE\"><img decoding=\"async\" src=\"https:\/\/www.univ-lorraine.fr\/raa\/wp-content\/plugins\/ul-raa\/img\/pdf.svg\" alt=\"\" \/>ENSG Mme Judith SAUSSE (736.78 Ko)<\/a><\/li><\/ul><\/div><\/div><\/li><li><a href=\"#\" data-featherlight=\"#actelightbox_15238\" title=\"Voir le d\u00e9tail de l'acte ENSGSI\">ENSGSI<\/a><div id=\"actelightbox_15238\" class=\"actelightbox\"><div class=\"acte_name\">ENSGSI<\/div><div class=\"acte_type\">2023 - Ecoles d&#039;ing\u00e9nieurs<\/div><div class=\"acte_pub_date\">Publi\u00e9 le : 16\/10\/2023<\/div><div class=\"acte_files\"><ul><li><a href=\"https:\/\/www.univ-lorraine.fr\/raa\/wp-content\/uploads\/sites\/6\/2021\/02\/ensgi_delegation_certification_service_fait_2019.pdf\" target=\"_blank\" title=\"T\u00e9l\u00e9charger le fichier ensgi_delegation_certification_service_fait_2019.pdf\"><img decoding=\"async\" src=\"https:\/\/www.univ-lorraine.fr\/raa\/wp-content\/plugins\/ul-raa\/img\/pdf.svg\" alt=\"\" \/>ensgi_delegation_certification_service_fait_2019.pdf (387.14 Ko)<\/a><\/li><li><a href=\"https:\/\/www.univ-lorraine.fr\/raa\/wp-content\/uploads\/sites\/6\/2024\/12\/ensgsi.pdf\" target=\"_blank\" title=\"T\u00e9l\u00e9charger le fichier ENSGSI\"><img decoding=\"async\" src=\"https:\/\/www.univ-lorraine.fr\/raa\/wp-content\/plugins\/ul-raa\/img\/pdf.svg\" alt=\"\" \/>ENSGSI (179.86 Ko)<\/a><\/li><\/ul><\/div><\/div><\/li><li><a href=\"#\" data-featherlight=\"#actelightbox_15241\" title=\"Voir le d\u00e9tail de l'acte ENSIC\">ENSIC<\/a><div id=\"actelightbox_15241\" class=\"actelightbox\"><div class=\"acte_name\">ENSIC<\/div><div class=\"acte_type\">2023 - Ecoles d&#039;ing\u00e9nieurs<\/div><div class=\"acte_pub_date\">Publi\u00e9 le : 16\/10\/2023<\/div><div class=\"acte_files\"><ul><li><a href=\"https:\/\/www.univ-lorraine.fr\/raa\/wp-content\/uploads\/sites\/6\/2021\/06\/ENSIC_delegation_service_fait.2021pdf-1.pdf\" target=\"_blank\" title=\"T\u00e9l\u00e9charger le fichier ENSIC_d\u00e9l\u00e9gation_service_fait.2021pdf\"><img decoding=\"async\" src=\"https:\/\/www.univ-lorraine.fr\/raa\/wp-content\/plugins\/ul-raa\/img\/pdf.svg\" alt=\"\" \/>ENSIC_d\u00e9l\u00e9gation_service_fait.2021pdf (356.03 Ko)<\/a><\/li><li><a href=\"https:\/\/www.univ-lorraine.fr\/raa\/wp-content\/uploads\/sites\/6\/2023\/10\/ensic.pdf\" target=\"_blank\" title=\"T\u00e9l\u00e9charger le fichier ENSIC\"><img decoding=\"async\" src=\"https:\/\/www.univ-lorraine.fr\/raa\/wp-content\/plugins\/ul-raa\/img\/pdf.svg\" alt=\"\" \/>ENSIC (714.65 Ko)<\/a><\/li><\/ul><\/div><\/div><\/li><li><a href=\"#\" data-featherlight=\"#actelightbox_15243\" title=\"Voir le d\u00e9tail de l'acte ENSTIB\">ENSTIB<\/a><div id=\"actelightbox_15243\" class=\"actelightbox\"><div class=\"acte_name\">ENSTIB<\/div><div class=\"acte_type\">2023 - Ecoles d&#039;ing\u00e9nieurs<\/div><div class=\"acte_pub_date\">Publi\u00e9 le : 16\/10\/2023<\/div><div class=\"acte_files\"><ul><li><a href=\"https:\/\/www.univ-lorraine.fr\/raa\/wp-content\/uploads\/sites\/6\/2022\/10\/ENSTIB-delegation-certification-service-fait.pdf\" target=\"_blank\" title=\"T\u00e9l\u00e9charger le fichier ENSTIB d\u00e9l\u00e9gation certification service fait\"><img decoding=\"async\" src=\"https:\/\/www.univ-lorraine.fr\/raa\/wp-content\/plugins\/ul-raa\/img\/pdf.svg\" alt=\"\" \/>ENSTIB d\u00e9l\u00e9gation certification service fait (486.50 Ko)<\/a><\/li><li><a href=\"https:\/\/www.univ-lorraine.fr\/raa\/wp-content\/uploads\/sites\/6\/2023\/10\/enstib-laurent-bleron.pdf\" target=\"_blank\" title=\"T\u00e9l\u00e9charger le fichier ENSTIB LAURENT BLERON\"><img decoding=\"async\" src=\"https:\/\/www.univ-lorraine.fr\/raa\/wp-content\/plugins\/ul-raa\/img\/pdf.svg\" alt=\"\" \/>ENSTIB LAURENT BLERON (750.18 Ko)<\/a><\/li><\/ul><\/div><\/div><\/li><li><a href=\"#\" data-featherlight=\"#actelightbox_14273\" title=\"Voir le d\u00e9tail de l'acte POLYTECH NANCY\">POLYTECH NANCY<\/a><div id=\"actelightbox_14273\" class=\"actelightbox\"><div class=\"acte_name\">POLYTECH NANCY<\/div><div class=\"acte_type\">2026 - Ecoles d&#039;ing\u00e9nieurs<\/div><div class=\"acte_pub_date\">Publi\u00e9 le : 16\/10\/2023<\/div><div class=\"acte_files\"><ul><li><a href=\"https:\/\/www.univ-lorraine.fr\/raa\/wp-content\/uploads\/sites\/6\/2022\/10\/Delegation-POLYTECH-2022-L-713-9-du-DIR-au-SG-avec-certification-service-fait-1.pdf\" target=\"_blank\" title=\"T\u00e9l\u00e9charger le fichier D\u00e9l\u00e9gation POLYTECH 2022 L 713- 9 du DIR au SG avec certification service fait\"><img decoding=\"async\" src=\"https:\/\/www.univ-lorraine.fr\/raa\/wp-content\/plugins\/ul-raa\/img\/pdf.svg\" alt=\"\" \/>D\u00e9l\u00e9gation POLYTECH 2022 L 713- 9 du DIR au SG avec certification service fait (158.87 Ko)<\/a><\/li><li><a href=\"https:\/\/www.univ-lorraine.fr\/raa\/wp-content\/uploads\/sites\/6\/2026\/01\/polytech-2026.pdf\" target=\"_blank\" title=\"T\u00e9l\u00e9charger le fichier POLYTECH 2026\"><img decoding=\"async\" src=\"https:\/\/www.univ-lorraine.fr\/raa\/wp-content\/plugins\/ul-raa\/img\/pdf.svg\" alt=\"\" \/>POLYTECH 2026 (171.42 Ko)<\/a><\/li><\/ul><\/div><\/div><\/li><li><a href=\"#\" data-featherlight=\"#actelightbox_15245\" title=\"Voir le d\u00e9tail de l'acte TELECOM NANCY\">TELECOM NANCY<\/a><div id=\"actelightbox_15245\" class=\"actelightbox\"><div class=\"acte_name\">TELECOM NANCY<\/div><div class=\"acte_type\">2023 - Ecoles d&#039;ing\u00e9nieurs<\/div><div class=\"acte_pub_date\">Publi\u00e9 le : 16\/10\/2023<\/div><div class=\"acte_files\"><ul><li><a href=\"https:\/\/www.univ-lorraine.fr\/raa\/wp-content\/uploads\/sites\/6\/2023\/10\/telecom-nancy.pdf\" target=\"_blank\" title=\"T\u00e9l\u00e9charger le fichier TELECOM NANCY\"><img decoding=\"async\" src=\"https:\/\/www.univ-lorraine.fr\/raa\/wp-content\/plugins\/ul-raa\/img\/pdf.svg\" alt=\"\" \/>TELECOM NANCY (714.06 Ko)<\/a><\/li><li><a href=\"https:\/\/www.univ-lorraine.fr\/raa\/wp-content\/uploads\/sites\/6\/2025\/10\/telecom-delegation-certification-service-fait.pdf\" target=\"_blank\" title=\"T\u00e9l\u00e9charger le fichier TELECOM de\u0301le\u0301gation certification service fait\"><img decoding=\"async\" src=\"https:\/\/www.univ-lorraine.fr\/raa\/wp-content\/plugins\/ul-raa\/img\/pdf.svg\" alt=\"\" \/>TELECOM de\u0301le\u0301gation certification service fait (161.95 Ko)<\/a><\/li><\/ul><\/div><\/div><\/li><\/ul><\/div>\n\n\n\n<h3 class=\"wp-block-heading\">Unit\u00e9s de formation et de recherche<\/h3>\n\n\n<div id=\"liste_actes\"><a name=\"goto_list_actes_348e5527\"><\/a><ul class=\"liste_des_actes\"><li><a href=\"#\" data-featherlight=\"#actelightbox_14507\" title=\"Voir le d\u00e9tail de l'acte D\u00e9partement de la PASS\">D\u00e9partement de la PASS<\/a><div id=\"actelightbox_14507\" class=\"actelightbox\"><div class=\"acte_name\">D\u00e9partement de la PASS<\/div><div class=\"acte_type\">2023 - UFR<\/div><div class=\"acte_pub_date\">Publi\u00e9 le : 20\/04\/2023<\/div><div class=\"acte_files\"><ul><li><a href=\"https:\/\/www.univ-lorraine.fr\/raa\/wp-content\/uploads\/sites\/6\/2025\/04\/dpt-pass-cedric-boura-2025.pdf\" target=\"_blank\" title=\"T\u00e9l\u00e9charger le fichier dpt pass c\u00e9dric BOURA 2025\"><img decoding=\"async\" src=\"https:\/\/www.univ-lorraine.fr\/raa\/wp-content\/plugins\/ul-raa\/img\/pdf.svg\" alt=\"\" \/>dpt pass c\u00e9dric BOURA 2025 (97.17 Ko)<\/a><\/li><\/ul><\/div><\/div><\/li><li><a href=\"#\" data-featherlight=\"#actelightbox_15247\" title=\"Voir le d\u00e9tail de l'acte UFR ARTS LETTRES ET LANGUES METZ\">UFR ARTS LETTRES ET LANGUES METZ<\/a><div id=\"actelightbox_15247\" class=\"actelightbox\"><div class=\"acte_name\">UFR ARTS LETTRES ET LANGUES METZ<\/div><div class=\"acte_type\">2026 - UFR<\/div><div class=\"acte_pub_date\">Publi\u00e9 le : 16\/10\/2023<\/div><div class=\"acte_files\"><ul><li><a href=\"https:\/\/www.univ-lorraine.fr\/raa\/wp-content\/uploads\/sites\/6\/2026\/02\/ufr-all-metz-p-nnajiofor.pdf\" target=\"_blank\" title=\"T\u00e9l\u00e9charger le fichier UFR ALL METZ P NNAJIOFOR\"><img decoding=\"async\" src=\"https:\/\/www.univ-lorraine.fr\/raa\/wp-content\/plugins\/ul-raa\/img\/pdf.svg\" alt=\"\" \/>UFR ALL METZ P NNAJIOFOR (185.68 Ko)<\/a><\/li><\/ul><\/div><\/div><\/li><li><a href=\"#\" data-featherlight=\"#actelightbox_15249\" title=\"Voir le d\u00e9tail de l'acte UFR ARTS LETTRES ET LANGUES NANCY\">UFR ARTS LETTRES ET LANGUES NANCY<\/a><div id=\"actelightbox_15249\" class=\"actelightbox\"><div class=\"acte_name\">UFR ARTS LETTRES ET LANGUES NANCY<\/div><div class=\"acte_type\">2026 - UFR<\/div><div class=\"acte_pub_date\">Publi\u00e9 le : 16\/10\/2023<\/div><div class=\"acte_files\"><ul><li><a href=\"https:\/\/www.univ-lorraine.fr\/raa\/wp-content\/uploads\/sites\/6\/2026\/01\/ufr-all-nancy-y-hoffert.pdf\" target=\"_blank\" title=\"T\u00e9l\u00e9charger le fichier UFR ALL NANCY Y HOFFERT\"><img decoding=\"async\" src=\"https:\/\/www.univ-lorraine.fr\/raa\/wp-content\/plugins\/ul-raa\/img\/pdf.svg\" alt=\"\" \/>UFR ALL NANCY Y HOFFERT (181.85 Ko)<\/a><\/li><\/ul><\/div><\/div><\/li><li><a href=\"#\" data-featherlight=\"#actelightbox_15251\" title=\"Voir le d\u00e9tail de l'acte UFR CHIRURGIE DENTAIRE\">UFR CHIRURGIE DENTAIRE<\/a><div id=\"actelightbox_15251\" class=\"actelightbox\"><div class=\"acte_name\">UFR CHIRURGIE DENTAIRE<\/div><div class=\"acte_type\">2023 - UFR<\/div><div class=\"acte_pub_date\">Publi\u00e9 le : 16\/10\/2023<\/div><div class=\"acte_files\"><ul><li><a href=\"https:\/\/www.univ-lorraine.fr\/raa\/wp-content\/uploads\/sites\/6\/2023\/11\/odontologie-en-vigueur.pdf\" target=\"_blank\" title=\"T\u00e9l\u00e9charger le fichier ODONTOLOGIE en vigueur\"><img decoding=\"async\" src=\"https:\/\/www.univ-lorraine.fr\/raa\/wp-content\/plugins\/ul-raa\/img\/pdf.svg\" alt=\"\" \/>ODONTOLOGIE en vigueur (747.71 Ko)<\/a><\/li><\/ul><\/div><\/div><\/li><li><a href=\"#\" data-featherlight=\"#actelightbox_15253\" title=\"Voir le d\u00e9tail de l'acte UFR DROIT ECONOMIE ET ADMINISTRATION\">UFR DROIT ECONOMIE ET ADMINISTRATION<\/a><div id=\"actelightbox_15253\" class=\"actelightbox\"><div class=\"acte_name\">UFR DROIT ECONOMIE ET ADMINISTRATION<\/div><div class=\"acte_type\">2026 - UFR<\/div><div class=\"acte_pub_date\">Publi\u00e9 le : 16\/10\/2023<\/div><div class=\"acte_files\"><ul><li><a href=\"https:\/\/www.univ-lorraine.fr\/raa\/wp-content\/uploads\/sites\/6\/2026\/01\/ufr-dea-adm-prov-hugo-stahl.pdf\" target=\"_blank\" title=\"T\u00e9l\u00e9charger le fichier UFR DEA ADM PROV HUGO STAHL\"><img decoding=\"async\" src=\"https:\/\/www.univ-lorraine.fr\/raa\/wp-content\/plugins\/ul-raa\/img\/pdf.svg\" alt=\"\" \/>UFR DEA ADM PROV HUGO STAHL (179.85 Ko)<\/a><\/li><li><a href=\"https:\/\/www.univ-lorraine.fr\/raa\/wp-content\/uploads\/sites\/6\/2026\/02\/ufr-dea-adm-prov-hugo-stahl.pdf\" target=\"_blank\" title=\"T\u00e9l\u00e9charger le fichier UFR DEA ADM PROV HUGO STAHL\"><img decoding=\"async\" src=\"https:\/\/www.univ-lorraine.fr\/raa\/wp-content\/plugins\/ul-raa\/img\/pdf.svg\" alt=\"\" \/>UFR DEA ADM PROV HUGO STAHL (2.46 Mo)<\/a><\/li><\/ul><\/div><\/div><\/li><li><a href=\"#\" data-featherlight=\"#actelightbox_15255\" title=\"Voir le d\u00e9tail de l'acte UFR DROIT, SCIENCES ECONOMIQUES ET GESTION\">UFR DROIT, SCIENCES ECONOMIQUES ET GESTION<\/a><div id=\"actelightbox_15255\" class=\"actelightbox\"><div class=\"acte_name\">UFR DROIT, SCIENCES ECONOMIQUES ET GESTION<\/div><div class=\"acte_type\">2026 - UFR<\/div><div class=\"acte_pub_date\">Publi\u00e9 le : 26\/03\/2026<\/div><div class=\"acte_files\"><ul><li><a href=\"https:\/\/www.univ-lorraine.fr\/raa\/wp-content\/uploads\/sites\/6\/2026\/03\/ufr-deg-j-lapointe-2026-1.pdf\" target=\"_blank\" title=\"T\u00e9l\u00e9charger le fichier UFR DEG J LAPOINTE 2026\"><img decoding=\"async\" src=\"https:\/\/www.univ-lorraine.fr\/raa\/wp-content\/plugins\/ul-raa\/img\/pdf.svg\" alt=\"\" \/>UFR DEG J LAPOINTE 2026 (195.44 Ko)<\/a><\/li><\/ul><\/div><\/div><\/li><li><a href=\"#\" data-featherlight=\"#actelightbox_15263\" title=\"Voir le d\u00e9tail de l'acte UFR FAC DES SCIENCES DU SPORT\">UFR FAC DES SCIENCES DU SPORT<\/a><div id=\"actelightbox_15263\" class=\"actelightbox\"><div class=\"acte_name\">UFR FAC DES SCIENCES DU SPORT<\/div><div class=\"acte_type\">2023 - UFR<\/div><div class=\"acte_pub_date\">Publi\u00e9 le : 16\/10\/2023<\/div><div class=\"acte_files\"><ul><li><a href=\"https:\/\/www.univ-lorraine.fr\/raa\/wp-content\/uploads\/sites\/6\/2023\/10\/staps.pdf\" target=\"_blank\" title=\"T\u00e9l\u00e9charger le fichier STAPS\"><img decoding=\"async\" src=\"https:\/\/www.univ-lorraine.fr\/raa\/wp-content\/plugins\/ul-raa\/img\/pdf.svg\" alt=\"\" \/>STAPS (632.89 Ko)<\/a><\/li><\/ul><\/div><\/div><\/li><li><a href=\"#\" data-featherlight=\"#actelightbox_15259\" title=\"Voir le d\u00e9tail de l'acte UFR LANSAD\">UFR LANSAD<\/a><div id=\"actelightbox_15259\" class=\"actelightbox\"><div class=\"acte_name\">UFR LANSAD<\/div><div class=\"acte_type\">2023 - UFR<\/div><div class=\"acte_pub_date\">Publi\u00e9 le : 16\/10\/2023<\/div><div class=\"acte_files\"><ul><li><a href=\"https:\/\/www.univ-lorraine.fr\/raa\/wp-content\/uploads\/sites\/6\/2024\/09\/ufr-lansad-2024.pdf\" target=\"_blank\" title=\"T\u00e9l\u00e9charger le fichier UFR LANSAD 2024\"><img decoding=\"async\" src=\"https:\/\/www.univ-lorraine.fr\/raa\/wp-content\/plugins\/ul-raa\/img\/pdf.svg\" alt=\"\" \/>UFR LANSAD 2024 (174.85 Ko)<\/a><\/li><\/ul><\/div><\/div><\/li><li><a href=\"#\" data-featherlight=\"#actelightbox_15261\" title=\"Voir le d\u00e9tail de l'acte UFR MATHEMATIQUES INFORMATIQUE ET MECANIQUE\">UFR MATHEMATIQUES INFORMATIQUE ET MECANIQUE<\/a><div id=\"actelightbox_15261\" class=\"actelightbox\"><div class=\"acte_name\">UFR MATHEMATIQUES INFORMATIQUE ET MECANIQUE<\/div><div class=\"acte_type\">2023 - UFR<\/div><div class=\"acte_pub_date\">Publi\u00e9 le : 16\/10\/2023<\/div><div class=\"acte_files\"><ul><li><a href=\"https:\/\/www.univ-lorraine.fr\/raa\/wp-content\/uploads\/sites\/6\/2023\/10\/ufr-mim.pdf\" target=\"_blank\" title=\"T\u00e9l\u00e9charger le fichier UFR MIM\"><img decoding=\"async\" src=\"https:\/\/www.univ-lorraine.fr\/raa\/wp-content\/plugins\/ul-raa\/img\/pdf.svg\" alt=\"\" \/>UFR MIM (617.42 Ko)<\/a><\/li><\/ul><\/div><\/div><\/li><li><a href=\"#\" data-featherlight=\"#actelightbox_15265\" title=\"Voir le d\u00e9tail de l'acte UFR SCIENCES ET TECHNOLOGIES\">UFR SCIENCES ET TECHNOLOGIES<\/a><div id=\"actelightbox_15265\" class=\"actelightbox\"><div class=\"acte_name\">UFR SCIENCES ET TECHNOLOGIES<\/div><div class=\"acte_type\">2025 - UFR<\/div><div class=\"acte_pub_date\">Publi\u00e9 le : 16\/10\/2023<\/div><div class=\"acte_files\"><ul><li><a href=\"https:\/\/www.univ-lorraine.fr\/raa\/wp-content\/uploads\/sites\/6\/2025\/09\/delegation-signature-depot-plainte-jean-voirin.pdf\" target=\"_blank\" title=\"T\u00e9l\u00e9charger le fichier d\u00e9l\u00e9gation signature d\u00e9p\u00f4t plainte jean voirin\"><img decoding=\"async\" src=\"https:\/\/www.univ-lorraine.fr\/raa\/wp-content\/plugins\/ul-raa\/img\/pdf.svg\" alt=\"\" \/>d\u00e9l\u00e9gation signature d\u00e9p\u00f4t plainte jean voirin (41.84 Ko)<\/a><\/li><li><a href=\"https:\/\/www.univ-lorraine.fr\/raa\/wp-content\/uploads\/sites\/6\/2025\/11\/ds-2025-fst.pdf\" target=\"_blank\" title=\"T\u00e9l\u00e9charger le fichier DS 2025 FST\"><img decoding=\"async\" src=\"https:\/\/www.univ-lorraine.fr\/raa\/wp-content\/plugins\/ul-raa\/img\/pdf.svg\" alt=\"\" \/>DS 2025 FST (278.96 Ko)<\/a><\/li><\/ul><\/div><\/div><\/li><li><a href=\"#\" data-featherlight=\"#actelightbox_15269\" title=\"Voir le d\u00e9tail de l'acte UFR SCIENCES FONDAMENTALES ET APPLIQUEES\">UFR SCIENCES FONDAMENTALES ET APPLIQUEES<\/a><div id=\"actelightbox_15269\" class=\"actelightbox\"><div class=\"acte_name\">UFR SCIENCES FONDAMENTALES ET APPLIQUEES<\/div><div class=\"acte_type\">2023 - UFR<\/div><div class=\"acte_pub_date\">Publi\u00e9 le : 29\/01\/2024<\/div><div class=\"acte_files\"><ul><li><a href=\"https:\/\/www.univ-lorraine.fr\/raa\/wp-content\/uploads\/sites\/6\/2024\/03\/ufr-scifa.pdf\" target=\"_blank\" title=\"T\u00e9l\u00e9charger le fichier UFR SCIFA\"><img decoding=\"async\" src=\"https:\/\/www.univ-lorraine.fr\/raa\/wp-content\/plugins\/ul-raa\/img\/pdf.svg\" alt=\"\" \/>UFR SCIFA (138.19 Ko)<\/a><\/li><\/ul><\/div><\/div><\/li><li><a href=\"#\" data-featherlight=\"#actelightbox_15271\" title=\"Voir le d\u00e9tail de l'acte UFR SCIENCES HUMAINES ET SOCIALES - METZ\">UFR SCIENCES HUMAINES ET SOCIALES - METZ<\/a><div id=\"actelightbox_15271\" class=\"actelightbox\"><div class=\"acte_name\">UFR SCIENCES HUMAINES ET SOCIALES - METZ<\/div><div class=\"acte_type\">2026 - UFR<\/div><div class=\"acte_pub_date\">Publi\u00e9 le : 16\/10\/2023<\/div><div class=\"acte_files\"><ul><li><a href=\"https:\/\/www.univ-lorraine.fr\/raa\/wp-content\/uploads\/sites\/6\/2026\/01\/ufr-shs-metz.pdf\" target=\"_blank\" title=\"T\u00e9l\u00e9charger le fichier UFR SHS METZ\"><img decoding=\"async\" src=\"https:\/\/www.univ-lorraine.fr\/raa\/wp-content\/plugins\/ul-raa\/img\/pdf.svg\" alt=\"\" \/>UFR SHS METZ (204.24 Ko)<\/a><\/li><\/ul><\/div><\/div><\/li><li><a href=\"#\" data-featherlight=\"#actelightbox_15273\" title=\"Voir le d\u00e9tail de l'acte UFR SCIENCES HUMAINES ET SOCIALES - NANCY\">UFR SCIENCES HUMAINES ET SOCIALES - NANCY<\/a><div id=\"actelightbox_15273\" class=\"actelightbox\"><div class=\"acte_name\">UFR SCIENCES HUMAINES ET SOCIALES - NANCY<\/div><div class=\"acte_type\">2023 - UFR<\/div><div class=\"acte_pub_date\">Publi\u00e9 le : 16\/10\/2023<\/div><div class=\"acte_files\"><ul><li><a href=\"https:\/\/www.univ-lorraine.fr\/raa\/wp-content\/uploads\/sites\/6\/2024\/03\/shs-nancy-laurent-jalabert-2.pdf\" target=\"_blank\" title=\"T\u00e9l\u00e9charger le fichier SHS NANCY Laurent JALABERT\"><img decoding=\"async\" src=\"https:\/\/www.univ-lorraine.fr\/raa\/wp-content\/plugins\/ul-raa\/img\/pdf.svg\" alt=\"\" \/>SHS NANCY Laurent JALABERT (127.59 Ko)<\/a><\/li><\/ul><\/div><\/div><\/li><li><a href=\"#\" data-featherlight=\"#actelightbox_15275\" title=\"Voir le d\u00e9tail de l'acte UFR SCIENCES MEDICALES\">UFR SCIENCES MEDICALES<\/a><div id=\"actelightbox_15275\" class=\"actelightbox\"><div class=\"acte_name\">UFR SCIENCES MEDICALES<\/div><div class=\"acte_type\">2025 - UFR<\/div><div class=\"acte_pub_date\">Publi\u00e9 le : 16\/10\/2023<\/div><div class=\"acte_files\"><ul><li><a href=\"https:\/\/www.univ-lorraine.fr\/raa\/wp-content\/uploads\/sites\/6\/2025\/06\/medecine-s-zuily-2025.pdf\" target=\"_blank\" title=\"T\u00e9l\u00e9charger le fichier MEDECINE S ZUILY 2025\"><img decoding=\"async\" src=\"https:\/\/www.univ-lorraine.fr\/raa\/wp-content\/plugins\/ul-raa\/img\/pdf.svg\" alt=\"\" \/>MEDECINE S ZUILY 2025 (238.78 Ko)<\/a><\/li><\/ul><\/div><\/div><\/li><li><a href=\"#\" data-featherlight=\"#actelightbox_15277\" title=\"Voir le d\u00e9tail de l'acte UFR SCIENCES PHARMACEUTIQUES ET BIOLOGIQUES\">UFR SCIENCES PHARMACEUTIQUES ET BIOLOGIQUES<\/a><div id=\"actelightbox_15277\" class=\"actelightbox\"><div class=\"acte_name\">UFR SCIENCES PHARMACEUTIQUES ET BIOLOGIQUES<\/div><div class=\"acte_type\">2023 - UFR<\/div><div class=\"acte_pub_date\">Publi\u00e9 le : 16\/10\/2023<\/div><div class=\"acte_files\"><ul><li><a href=\"https:\/\/www.univ-lorraine.fr\/raa\/wp-content\/uploads\/sites\/6\/2023\/10\/pharmacie.pdf\" target=\"_blank\" title=\"T\u00e9l\u00e9charger le fichier PHARMACIE\"><img decoding=\"async\" src=\"https:\/\/www.univ-lorraine.fr\/raa\/wp-content\/plugins\/ul-raa\/img\/pdf.svg\" alt=\"\" \/>PHARMACIE (721.86 Ko)<\/a><\/li><\/ul><\/div><\/div><\/li><\/ul><\/div>\n\n<\/div><\/div><\/div>\n\n<div class=\"gb-grid-column gb-grid-column-56b47006\"><div class=\"gb-container gb-container-56b47006\"><div class=\"gb-inside-container\">\n\n<h3 class=\"wp-block-heading\">Instituts<\/h3>\n\n\n<div id=\"liste_actes\"><a name=\"goto_list_actes_62b4834e\"><\/a><ul class=\"liste_des_actes\"><li><a href=\"#\" data-featherlight=\"#actelightbox_15285\" title=\"Voir le d\u00e9tail de l'acte CEU\">CEU<\/a><div id=\"actelightbox_15285\" class=\"actelightbox\"><div class=\"acte_name\">CEU<\/div><div class=\"acte_type\">2025 - Instituts<\/div><div class=\"acte_pub_date\">Publi\u00e9 le : 16\/10\/2023<\/div><div class=\"acte_files\"><ul><li><a href=\"https:\/\/www.univ-lorraine.fr\/raa\/wp-content\/uploads\/sites\/6\/2023\/10\/ceu.pdf\" target=\"_blank\" title=\"T\u00e9l\u00e9charger le fichier CEU\"><img decoding=\"async\" src=\"https:\/\/www.univ-lorraine.fr\/raa\/wp-content\/plugins\/ul-raa\/img\/pdf.svg\" alt=\"\" \/>CEU (633.03 Ko)<\/a><\/li><li><a href=\"https:\/\/www.univ-lorraine.fr\/raa\/wp-content\/uploads\/sites\/6\/2025\/12\/ceu-2026.pdf\" target=\"_blank\" title=\"T\u00e9l\u00e9charger le fichier CEU 2026\"><img decoding=\"async\" src=\"https:\/\/www.univ-lorraine.fr\/raa\/wp-content\/plugins\/ul-raa\/img\/pdf.svg\" alt=\"\" \/>CEU 2026 (179.98 Ko)<\/a><\/li><li><a href=\"https:\/\/www.univ-lorraine.fr\/raa\/wp-content\/uploads\/sites\/6\/2026\/01\/ceu-delegation-certification-service-fait.pdf\" target=\"_blank\" title=\"T\u00e9l\u00e9charger le fichier CEU d\u00e9l\u00e9gation certification service fait\"><img decoding=\"async\" src=\"https:\/\/www.univ-lorraine.fr\/raa\/wp-content\/plugins\/ul-raa\/img\/pdf.svg\" alt=\"\" \/>CEU d\u00e9l\u00e9gation certification service fait (43.96 Ko)<\/a><\/li><\/ul><\/div><\/div><\/li><li><a href=\"#\" data-featherlight=\"#actelightbox_13595\" title=\"Voir le d\u00e9tail de l'acte IAE METZ\">IAE METZ<\/a><div id=\"actelightbox_13595\" class=\"actelightbox\"><div class=\"acte_name\">IAE METZ<\/div><div class=\"acte_type\">2023 - Instituts<\/div><div class=\"acte_pub_date\">Publi\u00e9 le : 16\/10\/2023<\/div><div class=\"acte_files\"><ul><li><a href=\"https:\/\/www.univ-lorraine.fr\/raa\/wp-content\/uploads\/sites\/6\/2022\/10\/IAE-METZ-certification-service-fait.pdf\" target=\"_blank\" title=\"T\u00e9l\u00e9charger le fichier IAE METZ certification service fait\"><img decoding=\"async\" src=\"https:\/\/www.univ-lorraine.fr\/raa\/wp-content\/plugins\/ul-raa\/img\/pdf.svg\" alt=\"\" \/>IAE METZ certification service fait (25.25 Ko)<\/a><\/li><li><a href=\"https:\/\/www.univ-lorraine.fr\/raa\/wp-content\/uploads\/sites\/6\/2024\/01\/iae-metz.pdf\" target=\"_blank\" title=\"T\u00e9l\u00e9charger le fichier IAE METZ\"><img decoding=\"async\" src=\"https:\/\/www.univ-lorraine.fr\/raa\/wp-content\/plugins\/ul-raa\/img\/pdf.svg\" alt=\"\" \/>IAE METZ (793.06 Ko)<\/a><\/li><\/ul><\/div><\/div><\/li><li><a href=\"#\" data-featherlight=\"#actelightbox_15296\" title=\"Voir le d\u00e9tail de l'acte IAE NANCY\">IAE NANCY<\/a><div id=\"actelightbox_15296\" class=\"actelightbox\"><div class=\"acte_name\">IAE NANCY<\/div><div class=\"acte_type\">2025 - Instituts<\/div><div class=\"acte_pub_date\">Publi\u00e9 le : 16\/10\/2023<\/div><div class=\"acte_files\"><ul><li><a href=\"https:\/\/www.univ-lorraine.fr\/raa\/wp-content\/uploads\/sites\/6\/2025\/10\/iae-nancy-loris-guery.pdf\" target=\"_blank\" title=\"T\u00e9l\u00e9charger le fichier IAE NANCY LORIS GUERY\"><img decoding=\"async\" src=\"https:\/\/www.univ-lorraine.fr\/raa\/wp-content\/plugins\/ul-raa\/img\/pdf.svg\" alt=\"\" \/>IAE NANCY LORIS GUERY (176.45 Ko)<\/a><\/li><li><a href=\"https:\/\/www.univ-lorraine.fr\/raa\/wp-content\/uploads\/sites\/6\/2025\/10\/iae-nancy-delegation-certification-service-fait1.pdf\" target=\"_blank\" title=\"T\u00e9l\u00e9charger le fichier IAE NANCY d\u00e9l\u00e9gation certification service fait(1)\"><img decoding=\"async\" src=\"https:\/\/www.univ-lorraine.fr\/raa\/wp-content\/plugins\/ul-raa\/img\/pdf.svg\" alt=\"\" \/>IAE NANCY d\u00e9l\u00e9gation certification service fait(1) (58.33 Ko)<\/a><\/li><\/ul><\/div><\/div><\/li><li><a href=\"#\" data-featherlight=\"#actelightbox_13475\" title=\"Voir le d\u00e9tail de l'acte IDMC\">IDMC<\/a><div id=\"actelightbox_13475\" class=\"actelightbox\"><div class=\"acte_name\">IDMC<\/div><div class=\"acte_type\">2023 - Instituts<\/div><div class=\"acte_pub_date\">Publi\u00e9 le : 16\/10\/2023<\/div><div class=\"acte_files\"><ul><li><a href=\"https:\/\/www.univ-lorraine.fr\/raa\/wp-content\/uploads\/sites\/6\/2024\/04\/idmc-a.-tabbone-2024.pdf\" target=\"_blank\" title=\"T\u00e9l\u00e9charger le fichier IDMC A. TABBONE 2024\"><img decoding=\"async\" src=\"https:\/\/www.univ-lorraine.fr\/raa\/wp-content\/plugins\/ul-raa\/img\/pdf.svg\" alt=\"\" \/>IDMC A. TABBONE 2024 (170.69 Ko)<\/a><\/li><li><a href=\"https:\/\/www.univ-lorraine.fr\/raa\/wp-content\/uploads\/sites\/6\/2025\/05\/idmc-certification-service-fait.pdf\" target=\"_blank\" title=\"T\u00e9l\u00e9charger le fichier IDMC CERTIFICATION SERVICE FAIT\"><img decoding=\"async\" src=\"https:\/\/www.univ-lorraine.fr\/raa\/wp-content\/plugins\/ul-raa\/img\/pdf.svg\" alt=\"\" \/>IDMC CERTIFICATION SERVICE FAIT (57.74 Ko)<\/a><\/li><\/ul><\/div><\/div><\/li><li><a href=\"#\" data-featherlight=\"#actelightbox_15288\" title=\"Voir le d\u00e9tail de l'acte IECA\">IECA<\/a><div id=\"actelightbox_15288\" class=\"actelightbox\"><div class=\"acte_name\">IECA<\/div><div class=\"acte_type\">2023 - Instituts<\/div><div class=\"acte_pub_date\">Publi\u00e9 le : 16\/10\/2023<\/div><div class=\"acte_files\"><ul><li><a href=\"https:\/\/www.univ-lorraine.fr\/raa\/wp-content\/uploads\/sites\/6\/2024\/11\/ieca-2024-a-renaut.pdf\" target=\"_blank\" title=\"T\u00e9l\u00e9charger le fichier IECA 2024 A RENAUT\"><img decoding=\"async\" src=\"https:\/\/www.univ-lorraine.fr\/raa\/wp-content\/plugins\/ul-raa\/img\/pdf.svg\" alt=\"\" \/>IECA 2024 A RENAUT (159.03 Ko)<\/a><\/li><li><a href=\"https:\/\/www.univ-lorraine.fr\/raa\/wp-content\/uploads\/sites\/6\/2024\/11\/ieca-certif-fait.pdf\" target=\"_blank\" title=\"T\u00e9l\u00e9charger le fichier IECA CERTIF FAIT\"><img decoding=\"async\" src=\"https:\/\/www.univ-lorraine.fr\/raa\/wp-content\/plugins\/ul-raa\/img\/pdf.svg\" alt=\"\" \/>IECA CERTIF FAIT (44.27 Ko)<\/a><\/li><\/ul><\/div><\/div><\/li><li><a href=\"#\" data-featherlight=\"#actelightbox_15448\" title=\"Voir le d\u00e9tail de l'acte INSPE\">INSPE<\/a><div id=\"actelightbox_15448\" class=\"actelightbox\"><div class=\"acte_name\">INSPE<\/div><div class=\"acte_type\">2025 - Instituts<\/div><div class=\"acte_pub_date\">Publi\u00e9 le : 16\/10\/2023<\/div><div class=\"acte_files\"><ul><li><a href=\"https:\/\/www.univ-lorraine.fr\/raa\/wp-content\/uploads\/sites\/6\/2025\/02\/inspe-n.-sevilla-2025.pdf\" target=\"_blank\" title=\"T\u00e9l\u00e9charger le fichier INSPE N. SEVILLA 2025\"><img decoding=\"async\" src=\"https:\/\/www.univ-lorraine.fr\/raa\/wp-content\/plugins\/ul-raa\/img\/pdf.svg\" alt=\"\" \/>INSPE N. SEVILLA 2025 (209.30 Ko)<\/a><\/li><\/ul><\/div><\/div><\/li><li><a href=\"#\" data-featherlight=\"#actelightbox_15290\" title=\"Voir le d\u00e9tail de l'acte IPAG\">IPAG<\/a><div id=\"actelightbox_15290\" class=\"actelightbox\"><div class=\"acte_name\">IPAG<\/div><div class=\"acte_type\">2026 - Instituts<\/div><div class=\"acte_pub_date\">Publi\u00e9 le : 16\/10\/2023<\/div><div class=\"acte_files\"><ul><li><a href=\"https:\/\/www.univ-lorraine.fr\/raa\/wp-content\/uploads\/sites\/6\/2026\/01\/ipag-2026.pdf\" target=\"_blank\" title=\"T\u00e9l\u00e9charger le fichier IPAG 2026\"><img decoding=\"async\" src=\"https:\/\/www.univ-lorraine.fr\/raa\/wp-content\/plugins\/ul-raa\/img\/pdf.svg\" alt=\"\" \/>IPAG 2026 (165.03 Ko)<\/a><\/li><li><a href=\"https:\/\/www.univ-lorraine.fr\/raa\/wp-content\/uploads\/sites\/6\/2026\/01\/ipag-certification-service-fait.pdf\" target=\"_blank\" title=\"T\u00e9l\u00e9charger le fichier IPAG certification service fait\"><img decoding=\"async\" src=\"https:\/\/www.univ-lorraine.fr\/raa\/wp-content\/plugins\/ul-raa\/img\/pdf.svg\" alt=\"\" \/>IPAG certification service fait (46.38 Ko)<\/a><\/li><\/ul><\/div><\/div><\/li><li><a href=\"#\" data-featherlight=\"#actelightbox_15293\" title=\"Voir le d\u00e9tail de l'acte IRT\">IRT<\/a><div id=\"actelightbox_15293\" class=\"actelightbox\"><div class=\"acte_name\">IRT<\/div><div class=\"acte_type\">2023 - Instituts<\/div><div class=\"acte_pub_date\">Publi\u00e9 le : 16\/10\/2023<\/div><div class=\"acte_files\"><ul><li><a href=\"https:\/\/www.univ-lorraine.fr\/raa\/wp-content\/uploads\/sites\/6\/2021\/06\/IRT-delegation-certification-service-fait-2022.pdf\" target=\"_blank\" title=\"T\u00e9l\u00e9charger le fichier IRT d\u00e9l\u00e9gation certification service fait 2022\"><img decoding=\"async\" src=\"https:\/\/www.univ-lorraine.fr\/raa\/wp-content\/plugins\/ul-raa\/img\/pdf.svg\" alt=\"\" \/>IRT d\u00e9l\u00e9gation certification service fait 2022 (410.83 Ko)<\/a><\/li><li><a href=\"https:\/\/www.univ-lorraine.fr\/raa\/wp-content\/uploads\/sites\/6\/2023\/10\/irt.pdf\" target=\"_blank\" title=\"T\u00e9l\u00e9charger le fichier IRT\"><img decoding=\"async\" src=\"https:\/\/www.univ-lorraine.fr\/raa\/wp-content\/plugins\/ul-raa\/img\/pdf.svg\" alt=\"\" \/>IRT (681.46 Ko)<\/a><\/li><\/ul><\/div><\/div><\/li><li><a href=\"#\" data-featherlight=\"#actelightbox_14996\" title=\"Voir le d\u00e9tail de l'acte ISFATES\">ISFATES<\/a><div id=\"actelightbox_14996\" class=\"actelightbox\"><div class=\"acte_name\">ISFATES<\/div><div class=\"acte_type\">2023 - Instituts<\/div><div class=\"acte_pub_date\">Publi\u00e9 le : 16\/10\/2023<\/div><div class=\"acte_files\"><ul><li><a href=\"https:\/\/www.univ-lorraine.fr\/raa\/wp-content\/uploads\/sites\/6\/2023\/10\/2023-342-commande-publique-isfates.pdf\" target=\"_blank\" title=\"T\u00e9l\u00e9charger le fichier 2023 342 commande publique Isfates\"><img decoding=\"async\" src=\"https:\/\/www.univ-lorraine.fr\/raa\/wp-content\/plugins\/ul-raa\/img\/pdf.svg\" alt=\"\" \/>2023 342 commande publique Isfates (24.09 Ko)<\/a><\/li><li><a href=\"https:\/\/www.univ-lorraine.fr\/raa\/wp-content\/uploads\/sites\/6\/2023\/10\/isfates-1.pdf\" target=\"_blank\" title=\"T\u00e9l\u00e9charger le fichier ISFATES\"><img decoding=\"async\" src=\"https:\/\/www.univ-lorraine.fr\/raa\/wp-content\/plugins\/ul-raa\/img\/pdf.svg\" alt=\"\" \/>ISFATES (733.28 Ko)<\/a><\/li><\/ul><\/div><\/div><\/li><li><a href=\"#\" data-featherlight=\"#actelightbox_15281\" title=\"Voir le d\u00e9tail de l'acte IUT EPINAL - HUBERT CURIEN\">IUT EPINAL - HUBERT CURIEN<\/a><div id=\"actelightbox_15281\" class=\"actelightbox\"><div class=\"acte_name\">IUT EPINAL - HUBERT CURIEN<\/div><div class=\"acte_type\">2023 - Instituts<\/div><div class=\"acte_pub_date\">Publi\u00e9 le : 16\/10\/2023<\/div><div class=\"acte_files\"><ul><li><a href=\"https:\/\/www.univ-lorraine.fr\/raa\/wp-content\/uploads\/sites\/6\/2022\/04\/IUT-EPINAL-delegation-certification-service-fait-isabelle-GADER-2022.pdf\" target=\"_blank\" title=\"T\u00e9l\u00e9charger le fichier IUT EPINAL d\u00e9l\u00e9gation certification service fait isabelle GADER 2022\"><img decoding=\"async\" src=\"https:\/\/www.univ-lorraine.fr\/raa\/wp-content\/plugins\/ul-raa\/img\/pdf.svg\" alt=\"\" \/>IUT EPINAL d\u00e9l\u00e9gation certification service fait isabelle GADER 2022 (401.14 Ko)<\/a><\/li><li><a href=\"https:\/\/www.univ-lorraine.fr\/raa\/wp-content\/uploads\/sites\/6\/2023\/10\/iut-epinal.pdf\" target=\"_blank\" title=\"T\u00e9l\u00e9charger le fichier IUT EPINAL\"><img decoding=\"async\" src=\"https:\/\/www.univ-lorraine.fr\/raa\/wp-content\/plugins\/ul-raa\/img\/pdf.svg\" alt=\"\" \/>IUT EPINAL (690.78 Ko)<\/a><\/li><li><a href=\"https:\/\/www.univ-lorraine.fr\/raa\/wp-content\/uploads\/sites\/6\/2024\/09\/iut-epinal-ds-chef-departement.pdf\" target=\"_blank\" title=\"T\u00e9l\u00e9charger le fichier IUT EPINAL DS CHEF DEPARTEMENT\"><img decoding=\"async\" src=\"https:\/\/www.univ-lorraine.fr\/raa\/wp-content\/plugins\/ul-raa\/img\/pdf.svg\" alt=\"\" \/>IUT EPINAL DS CHEF DEPARTEMENT (60.12 Ko)<\/a><\/li><\/ul><\/div><\/div><\/li><li><a href=\"#\" data-featherlight=\"#actelightbox_15299\" title=\"Voir le d\u00e9tail de l'acte IUT LONGWY\">IUT LONGWY<\/a><div id=\"actelightbox_15299\" class=\"actelightbox\"><div class=\"acte_name\">IUT LONGWY<\/div><div class=\"acte_type\">2023 - Instituts<\/div><div class=\"acte_pub_date\">Publi\u00e9 le : 16\/10\/2023<\/div><div class=\"acte_files\"><ul><li><a href=\"https:\/\/www.univ-lorraine.fr\/raa\/wp-content\/uploads\/sites\/6\/2022\/06\/IUT-LONGWY-de\u0301le\u0301gation-certification-service-fait_v3.pdf\" target=\"_blank\" title=\"T\u00e9l\u00e9charger le fichier IUT LONGWY de\u0301le\u0301gation certification service fait_v3\"><img decoding=\"async\" src=\"https:\/\/www.univ-lorraine.fr\/raa\/wp-content\/plugins\/ul-raa\/img\/pdf.svg\" alt=\"\" \/>IUT LONGWY de\u0301le\u0301gation certification service fait_v3 (377.85 Ko)<\/a><\/li><li><a href=\"https:\/\/www.univ-lorraine.fr\/raa\/wp-content\/uploads\/sites\/6\/2023\/10\/iut-longwy.pdf\" target=\"_blank\" title=\"T\u00e9l\u00e9charger le fichier IUT LONGWY\"><img decoding=\"async\" src=\"https:\/\/www.univ-lorraine.fr\/raa\/wp-content\/plugins\/ul-raa\/img\/pdf.svg\" alt=\"\" \/>IUT LONGWY (712.09 Ko)<\/a><\/li><li><a href=\"https:\/\/www.univ-lorraine.fr\/raa\/wp-content\/uploads\/sites\/6\/2025\/12\/iut-longwy-departement-2025.pdf\" target=\"_blank\" title=\"T\u00e9l\u00e9charger le fichier IUT LONGWY DEPARTEMENT 2025\"><img decoding=\"async\" src=\"https:\/\/www.univ-lorraine.fr\/raa\/wp-content\/plugins\/ul-raa\/img\/pdf.svg\" alt=\"\" \/>IUT LONGWY DEPARTEMENT 2025 (91.10 Ko)<\/a><\/li><\/ul><\/div><\/div><\/li><li><a href=\"#\" data-featherlight=\"#actelightbox_15302\" title=\"Voir le d\u00e9tail de l'acte IUT METZ\">IUT METZ<\/a><div id=\"actelightbox_15302\" class=\"actelightbox\"><div class=\"acte_name\">IUT METZ<\/div><div class=\"acte_type\">2022 - Instituts<\/div><div class=\"acte_pub_date\">Publi\u00e9 le : 16\/10\/2023<\/div><div class=\"acte_files\"><ul><li><a href=\"https:\/\/www.univ-lorraine.fr\/raa\/wp-content\/uploads\/sites\/6\/2023\/10\/iut-metz.pdf\" target=\"_blank\" title=\"T\u00e9l\u00e9charger le fichier IUT METZ\"><img decoding=\"async\" src=\"https:\/\/www.univ-lorraine.fr\/raa\/wp-content\/plugins\/ul-raa\/img\/pdf.svg\" alt=\"\" \/>IUT METZ (680.12 Ko)<\/a><\/li><li><a href=\"https:\/\/www.univ-lorraine.fr\/raa\/wp-content\/uploads\/sites\/6\/2024\/11\/iut-metz-certif-fait-2024.pdf\" target=\"_blank\" title=\"T\u00e9l\u00e9charger le fichier IUT METZ CERTIF FAIT 2024\"><img decoding=\"async\" src=\"https:\/\/www.univ-lorraine.fr\/raa\/wp-content\/plugins\/ul-raa\/img\/pdf.svg\" alt=\"\" \/>IUT METZ CERTIF FAIT 2024 (49.92 Ko)<\/a><\/li><li><a href=\"https:\/\/www.univ-lorraine.fr\/raa\/wp-content\/uploads\/sites\/6\/2025\/11\/depot-plainte-iut-metz.pdf\" target=\"_blank\" title=\"T\u00e9l\u00e9charger le fichier depot plainte IUT METZ\"><img decoding=\"async\" src=\"https:\/\/www.univ-lorraine.fr\/raa\/wp-content\/plugins\/ul-raa\/img\/pdf.svg\" alt=\"\" \/>depot plainte IUT METZ (38.50 Ko)<\/a><\/li><\/ul><\/div><\/div><\/li><li><a href=\"#\" data-featherlight=\"#actelightbox_15304\" title=\"Voir le d\u00e9tail de l'acte IUT MOSELLE EST\">IUT MOSELLE EST<\/a><div id=\"actelightbox_15304\" class=\"actelightbox\"><div class=\"acte_name\">IUT MOSELLE EST<\/div><div class=\"acte_type\">2023 - Instituts<\/div><div class=\"acte_pub_date\">Publi\u00e9 le : 16\/10\/2023<\/div><div class=\"acte_files\"><ul><li><a href=\"https:\/\/www.univ-lorraine.fr\/raa\/wp-content\/uploads\/sites\/6\/2021\/10\/IUT-Moselle-est-delegation-certification-service-fait.pdf\" target=\"_blank\" title=\"T\u00e9l\u00e9charger le fichier IUT-Moselle-est-delegation-certification-service-fait\"><img decoding=\"async\" src=\"https:\/\/www.univ-lorraine.fr\/raa\/wp-content\/plugins\/ul-raa\/img\/pdf.svg\" alt=\"\" \/>IUT-Moselle-est-delegation-certification-service-fait (418.13 Ko)<\/a><\/li><li><a href=\"https:\/\/www.univ-lorraine.fr\/raa\/wp-content\/uploads\/sites\/6\/2023\/10\/iut-moselle-est.pdf\" target=\"_blank\" title=\"T\u00e9l\u00e9charger le fichier IUT MOSELLE EST\"><img decoding=\"async\" src=\"https:\/\/www.univ-lorraine.fr\/raa\/wp-content\/plugins\/ul-raa\/img\/pdf.svg\" alt=\"\" \/>IUT MOSELLE EST (689.75 Ko)<\/a><\/li><\/ul><\/div><\/div><\/li><li><a href=\"#\" data-featherlight=\"#actelightbox_15308\" title=\"Voir le d\u00e9tail de l'acte IUT NANCY BRABOIS\">IUT NANCY BRABOIS<\/a><div id=\"actelightbox_15308\" class=\"actelightbox\"><div class=\"acte_name\">IUT NANCY BRABOIS<\/div><div class=\"acte_type\">2023 - Instituts<\/div><div class=\"acte_pub_date\">Publi\u00e9 le : 16\/10\/2023<\/div><div class=\"acte_files\"><ul><li><a href=\"https:\/\/www.univ-lorraine.fr\/raa\/wp-content\/uploads\/sites\/6\/2024\/06\/2024-154-iut-nb-commande-publique-iut-nb.pdf\" target=\"_blank\" title=\"T\u00e9l\u00e9charger le fichier 2024-154 IUT NB commande publique iut nb\"><img decoding=\"async\" src=\"https:\/\/www.univ-lorraine.fr\/raa\/wp-content\/plugins\/ul-raa\/img\/pdf.svg\" alt=\"\" \/>2024-154 IUT NB commande publique iut nb (40.37 Ko)<\/a><\/li><li><a href=\"https:\/\/www.univ-lorraine.fr\/raa\/wp-content\/uploads\/sites\/6\/2024\/11\/delegation-jp-jehl-ups-iut-nb.pdf\" target=\"_blank\" title=\"T\u00e9l\u00e9charger le fichier d\u00e9l\u00e9gation JP JEHL UPS IUT NB\"><img decoding=\"async\" src=\"https:\/\/www.univ-lorraine.fr\/raa\/wp-content\/plugins\/ul-raa\/img\/pdf.svg\" alt=\"\" \/>d\u00e9l\u00e9gation JP JEHL UPS IUT NB (70.62 Ko)<\/a><\/li><li><a href=\"https:\/\/www.univ-lorraine.fr\/raa\/wp-content\/uploads\/sites\/6\/2025\/05\/iut-nb-ds-chef-du-departement-2025.pdf\" target=\"_blank\" title=\"T\u00e9l\u00e9charger le fichier IUT NB DS CHEF DU DEPARTEMENT 2025\"><img decoding=\"async\" src=\"https:\/\/www.univ-lorraine.fr\/raa\/wp-content\/plugins\/ul-raa\/img\/pdf.svg\" alt=\"\" \/>IUT NB DS CHEF DU DEPARTEMENT 2025 (59.97 Ko)<\/a><\/li><li><a href=\"https:\/\/www.univ-lorraine.fr\/raa\/wp-content\/uploads\/sites\/6\/2025\/07\/iut-nb-ds-chef-du-departement-2025-2.pdf\" target=\"_blank\" title=\"T\u00e9l\u00e9charger le fichier IUT NB DS CHEF DU DEPARTEMENT 2025\"><img decoding=\"async\" src=\"https:\/\/www.univ-lorraine.fr\/raa\/wp-content\/plugins\/ul-raa\/img\/pdf.svg\" alt=\"\" \/>IUT NB DS CHEF DU DEPARTEMENT 2025 (90.27 Ko)<\/a><\/li><li><a href=\"https:\/\/www.univ-lorraine.fr\/raa\/wp-content\/uploads\/sites\/6\/2025\/12\/iut-nancy-brabois-taha-b-2025.pdf\" target=\"_blank\" title=\"T\u00e9l\u00e9charger le fichier IUT NANCY BRABOIS Taha b 2025\"><img decoding=\"async\" src=\"https:\/\/www.univ-lorraine.fr\/raa\/wp-content\/plugins\/ul-raa\/img\/pdf.svg\" alt=\"\" \/>IUT NANCY BRABOIS Taha b 2025 (164.66 Ko)<\/a><\/li><\/ul><\/div><\/div><\/li><li><a href=\"#\" data-featherlight=\"#actelightbox_15311\" title=\"Voir le d\u00e9tail de l'acte IUT NANCY CHARLEMAGNE\">IUT NANCY CHARLEMAGNE<\/a><div id=\"actelightbox_15311\" class=\"actelightbox\"><div class=\"acte_name\">IUT NANCY CHARLEMAGNE<\/div><div class=\"acte_type\">2023 - Instituts<\/div><div class=\"acte_pub_date\">Publi\u00e9 le : 16\/10\/2023<\/div><div class=\"acte_files\"><ul><li><a href=\"https:\/\/www.univ-lorraine.fr\/raa\/wp-content\/uploads\/sites\/6\/2023\/11\/iut-charlemagne-nancy-delegation-certification-service-fait1.pdf\" target=\"_blank\" title=\"T\u00e9l\u00e9charger le fichier IUT CHARLEMAGNE NANCY d\u00e9l\u00e9gation certification service fait(1)\"><img decoding=\"async\" src=\"https:\/\/www.univ-lorraine.fr\/raa\/wp-content\/plugins\/ul-raa\/img\/pdf.svg\" alt=\"\" \/>IUT CHARLEMAGNE NANCY d\u00e9l\u00e9gation certification service fait(1) (93.09 Ko)<\/a><\/li><li><a href=\"https:\/\/www.univ-lorraine.fr\/raa\/wp-content\/uploads\/sites\/6\/2024\/01\/ds-iut-nc-2024.pdf\" target=\"_blank\" title=\"T\u00e9l\u00e9charger le fichier DS IUT NC 2024\"><img decoding=\"async\" src=\"https:\/\/www.univ-lorraine.fr\/raa\/wp-content\/plugins\/ul-raa\/img\/pdf.svg\" alt=\"\" \/>DS IUT NC 2024 (748.68 Ko)<\/a><\/li><li><a href=\"https:\/\/www.univ-lorraine.fr\/raa\/wp-content\/uploads\/sites\/6\/2025\/09\/iut-nc-ds-chef-du-departement.pdf\" target=\"_blank\" title=\"T\u00e9l\u00e9charger le fichier IUT NC DS CHEF DU DEPARTEMENT\"><img decoding=\"async\" src=\"https:\/\/www.univ-lorraine.fr\/raa\/wp-content\/plugins\/ul-raa\/img\/pdf.svg\" alt=\"\" \/>IUT NC DS CHEF DU DEPARTEMENT (55.59 Ko)<\/a><\/li><\/ul><\/div><\/div><\/li><li><a href=\"#\" data-featherlight=\"#actelightbox_15313\" title=\"Voir le d\u00e9tail de l'acte IUT ST DIE\">IUT ST DIE<\/a><div id=\"actelightbox_15313\" class=\"actelightbox\"><div class=\"acte_name\">IUT ST DIE<\/div><div class=\"acte_type\">2024 - Instituts<\/div><div class=\"acte_pub_date\">Publi\u00e9 le : 16\/10\/2023<\/div><div class=\"acte_files\"><ul><li><a href=\"https:\/\/www.univ-lorraine.fr\/raa\/wp-content\/uploads\/sites\/6\/2025\/11\/iut-saint-die-2025.pdf\" target=\"_blank\" title=\"T\u00e9l\u00e9charger le fichier IUT SAINT DIE 2025\"><img decoding=\"async\" src=\"https:\/\/www.univ-lorraine.fr\/raa\/wp-content\/plugins\/ul-raa\/img\/pdf.svg\" alt=\"\" \/>IUT SAINT DIE 2025 (166.33 Ko)<\/a><\/li><li><a href=\"https:\/\/www.univ-lorraine.fr\/raa\/wp-content\/uploads\/sites\/6\/2025\/11\/iut-st-die-delegation-certification-service-fait-2025.pdf\" target=\"_blank\" title=\"T\u00e9l\u00e9charger le fichier IUT ST DIE d\u00e9l\u00e9gation certification service fait 2025\"><img decoding=\"async\" src=\"https:\/\/www.univ-lorraine.fr\/raa\/wp-content\/plugins\/ul-raa\/img\/pdf.svg\" alt=\"\" \/>IUT ST DIE d\u00e9l\u00e9gation certification service fait 2025 (52.09 Ko)<\/a><\/li><\/ul><\/div><\/div><\/li><li><a href=\"#\" data-featherlight=\"#actelightbox_15317\" title=\"Voir le d\u00e9tail de l'acte IUT THIONVILLE YUTZ\">IUT THIONVILLE YUTZ<\/a><div id=\"actelightbox_15317\" class=\"actelightbox\"><div class=\"acte_name\">IUT THIONVILLE YUTZ<\/div><div class=\"acte_type\">2023 - Instituts<\/div><div class=\"acte_pub_date\">Publi\u00e9 le : 16\/10\/2023<\/div><div class=\"acte_files\"><ul><li><a href=\"https:\/\/www.univ-lorraine.fr\/raa\/wp-content\/uploads\/sites\/6\/2022\/12\/IUT-STATUTS-ASSOCIATION-THI-PI.pdf\" target=\"_blank\" title=\"T\u00e9l\u00e9charger le fichier IUT STATUTS ASSOCIATION THI PI\"><img decoding=\"async\" src=\"https:\/\/www.univ-lorraine.fr\/raa\/wp-content\/plugins\/ul-raa\/img\/pdf.svg\" alt=\"\" \/>IUT STATUTS ASSOCIATION THI PI (92.55 Ko)<\/a><\/li><li><a href=\"https:\/\/www.univ-lorraine.fr\/raa\/wp-content\/uploads\/sites\/6\/2023\/10\/iut-thionville-yutz.pdf\" target=\"_blank\" title=\"T\u00e9l\u00e9charger le fichier IUT THIONVILLE YUTZ\"><img decoding=\"async\" src=\"https:\/\/www.univ-lorraine.fr\/raa\/wp-content\/plugins\/ul-raa\/img\/pdf.svg\" alt=\"\" \/>IUT THIONVILLE YUTZ (679.40 Ko)<\/a><\/li><li><a href=\"https:\/\/www.univ-lorraine.fr\/raa\/wp-content\/uploads\/sites\/6\/2024\/11\/iut-thionville-certif-fait.pdf\" target=\"_blank\" title=\"T\u00e9l\u00e9charger le fichier IUT THIONVILLE CERTIF FAIT\"><img decoding=\"async\" src=\"https:\/\/www.univ-lorraine.fr\/raa\/wp-content\/plugins\/ul-raa\/img\/pdf.svg\" alt=\"\" \/>IUT THIONVILLE CERTIF FAIT (53.68 Ko)<\/a><\/li><li><a href=\"https:\/\/www.univ-lorraine.fr\/raa\/wp-content\/uploads\/sites\/6\/2024\/12\/iut-thionville-departement-2024.pdf\" target=\"_blank\" title=\"T\u00e9l\u00e9charger le fichier IUT THIONVILLE DEPARTEMENT 2024\"><img decoding=\"async\" src=\"https:\/\/www.univ-lorraine.fr\/raa\/wp-content\/plugins\/ul-raa\/img\/pdf.svg\" alt=\"\" \/>IUT THIONVILLE DEPARTEMENT 2024 (70.61 Ko)<\/a><\/li><\/ul><\/div><\/div><\/li><\/ul><\/div>\n\n<\/div><\/div><\/div>\n<\/div><\/div>\n<\/div>\n\n<\/div><\/div>\n\n<div class=\"gb-container gb-container-4d36d893\"><div class=\"gb-inside-container\">\n<div class=\"gb-container gb-container-4d1801fd\"><div class=\"gb-inside-container\">\n\n<h2 class=\"wp-block-heading\" id=\"labos\">Laboratoires<\/h2>\n\n\n<div id=\"liste_actes\"><a name=\"goto_list_actes_13435d57\"><\/a><div class=\"acte_pagination\"><div class=\"pagination-container\"><ul class=\"pagination\"><li><a href=\"\/raa\/wp-json\/wp\/v2\/pages\/16068?pg-13435d57=1#goto_list_actes_13435d57\" class=\"page-change active-page\" data-page=\"1\" title=\"Aller \u00e0 la page 1 de la liste des actes\">1<\/a><\/li><li><a href=\"\/raa\/wp-json\/wp\/v2\/pages\/16068?pg-13435d57=2#goto_list_actes_13435d57\" class=\"page-change \" data-page=\"2\" title=\"Aller \u00e0 la page 2 de la liste des actes\">2<\/a><\/li><li><a href=\"\/raa\/wp-json\/wp\/v2\/pages\/16068?pg-13435d57=3#goto_list_actes_13435d57\" class=\"page-change \" data-page=\"3\" title=\"Aller \u00e0 la page 3 de la liste des actes\">3<\/a><\/li><li><a href=\"\/raa\/wp-json\/wp\/v2\/pages\/16068?pg-13435d57=4#goto_list_actes_13435d57\" class=\"page-change \" data-page=\"4\" title=\"Aller \u00e0 la page 4 de la liste des actes\">4<\/a><\/li><\/ul><\/div><\/div><ul class=\"liste_des_actes\"><li><a href=\"#\" data-featherlight=\"#actelightbox_13938\" title=\"Voir le d\u00e9tail de l'acte 2LPN\">2LPN<\/a><div id=\"actelightbox_13938\" class=\"actelightbox\"><div class=\"acte_name\">2LPN<\/div><div class=\"acte_type\">2023 - Laboratoires<\/div><div class=\"acte_pub_date\">Publi\u00e9 le : 17\/10\/2023<\/div><div class=\"acte_files\"><ul><li><a href=\"https:\/\/www.univ-lorraine.fr\/raa\/wp-content\/uploads\/sites\/6\/2024\/01\/2lpn.pdf\" target=\"_blank\" title=\"T\u00e9l\u00e9charger le fichier 2LPN\"><img decoding=\"async\" src=\"https:\/\/www.univ-lorraine.fr\/raa\/wp-content\/plugins\/ul-raa\/img\/pdf.svg\" alt=\"\" \/>2LPN (644.18 Ko)<\/a><\/li><\/ul><\/div><\/div><\/li><li><a href=\"#\" data-featherlight=\"#actelightbox_15218\" title=\"Voir le d\u00e9tail de l'acte AHPREST - ARCHIVES HENRI POINCARE\">AHPREST - ARCHIVES HENRI POINCARE<\/a><div id=\"actelightbox_15218\" class=\"actelightbox\"><div class=\"acte_name\">AHPREST - ARCHIVES HENRI POINCARE<\/div><div class=\"acte_type\">2023 - Laboratoires<\/div><div class=\"acte_pub_date\">Publi\u00e9 le : 17\/10\/2023<\/div><div class=\"acte_files\"><ul><li><a href=\"https:\/\/www.univ-lorraine.fr\/raa\/wp-content\/uploads\/sites\/6\/2024\/01\/ahp-prest.pdf\" target=\"_blank\" title=\"T\u00e9l\u00e9charger le fichier AHP PReST\"><img decoding=\"async\" src=\"https:\/\/www.univ-lorraine.fr\/raa\/wp-content\/plugins\/ul-raa\/img\/pdf.svg\" alt=\"\" \/>AHP PReST (584.75 Ko)<\/a><\/li><\/ul><\/div><\/div><\/li><li><a href=\"#\" data-featherlight=\"#actelightbox_13988\" title=\"Voir le d\u00e9tail de l'acte ANIMALERIE DU CAMPUS BIOLOGIE SANTE\">ANIMALERIE DU CAMPUS BIOLOGIE SANTE<\/a><div id=\"actelightbox_13988\" class=\"actelightbox\"><div class=\"acte_name\">ANIMALERIE DU CAMPUS BIOLOGIE SANTE<\/div><div class=\"acte_type\">2023 - Laboratoires<\/div><div class=\"acte_pub_date\">Publi\u00e9 le : 17\/10\/2023<\/div><div class=\"acte_files\"><ul><li><a href=\"https:\/\/www.univ-lorraine.fr\/raa\/wp-content\/uploads\/sites\/6\/2023\/06\/Nomination-directrice-scientifique-animalerie-2023.pdf\" target=\"_blank\" title=\"T\u00e9l\u00e9charger le fichier Nomination directrice scientifique animalerie 2023\"><img decoding=\"async\" src=\"https:\/\/www.univ-lorraine.fr\/raa\/wp-content\/plugins\/ul-raa\/img\/pdf.svg\" alt=\"\" \/>Nomination directrice scientifique animalerie 2023 (232.02 Ko)<\/a><\/li><li><a href=\"https:\/\/www.univ-lorraine.fr\/raa\/wp-content\/uploads\/sites\/6\/2023\/10\/animalerie-ds-i.-lartaud.pdf\" target=\"_blank\" title=\"T\u00e9l\u00e9charger le fichier ANIMALERIE DS I. LARTAUD\"><img decoding=\"async\" src=\"https:\/\/www.univ-lorraine.fr\/raa\/wp-content\/plugins\/ul-raa\/img\/pdf.svg\" alt=\"\" \/>ANIMALERIE DS I. LARTAUD (636.43 Ko)<\/a><\/li><\/ul><\/div><\/div><\/li><li><a href=\"#\" data-featherlight=\"#actelightbox_15216\" title=\"Voir le d\u00e9tail de l'acte ATILF\">ATILF<\/a><div id=\"actelightbox_15216\" class=\"actelightbox\"><div class=\"acte_name\">ATILF<\/div><div class=\"acte_type\">2023 - Laboratoires<\/div><div class=\"acte_pub_date\">Publi\u00e9 le : 17\/10\/2023<\/div><div class=\"acte_files\"><ul><li><a href=\"https:\/\/www.univ-lorraine.fr\/raa\/wp-content\/uploads\/sites\/6\/2024\/01\/atilf.pdf\" target=\"_blank\" title=\"T\u00e9l\u00e9charger le fichier ATILF\"><img decoding=\"async\" src=\"https:\/\/www.univ-lorraine.fr\/raa\/wp-content\/plugins\/ul-raa\/img\/pdf.svg\" alt=\"\" \/>ATILF (712.18 Ko)<\/a><\/li><\/ul><\/div><\/div><\/li><li><a href=\"#\" data-featherlight=\"#actelightbox_15214\" title=\"Voir le d\u00e9tail de l'acte BETA\">BETA<\/a><div id=\"actelightbox_15214\" class=\"actelightbox\"><div class=\"acte_name\">BETA<\/div><div class=\"acte_type\">2023 - Laboratoires<\/div><div class=\"acte_pub_date\">Publi\u00e9 le : 17\/10\/2023<\/div><div class=\"acte_files\"><ul><li><a href=\"https:\/\/www.univ-lorraine.fr\/raa\/wp-content\/uploads\/sites\/6\/2024\/01\/beta-1.pdf\" target=\"_blank\" title=\"T\u00e9l\u00e9charger le fichier BETA\"><img decoding=\"async\" src=\"https:\/\/www.univ-lorraine.fr\/raa\/wp-content\/plugins\/ul-raa\/img\/pdf.svg\" alt=\"\" \/>BETA (206.83 Ko)<\/a><\/li><\/ul><\/div><\/div><\/li><li><a href=\"#\" data-featherlight=\"#actelightbox_15128\" title=\"Voir le d\u00e9tail de l'acte CEGIL\">CEGIL<\/a><div id=\"actelightbox_15128\" class=\"actelightbox\"><div class=\"acte_name\">CEGIL<\/div><div class=\"acte_type\">2023 - Laboratoires<\/div><div class=\"acte_pub_date\">Publi\u00e9 le : 17\/10\/2023<\/div><div class=\"acte_files\"><ul><li><a href=\"https:\/\/www.univ-lorraine.fr\/raa\/wp-content\/uploads\/sites\/6\/2024\/01\/cegil.pdf\" target=\"_blank\" title=\"T\u00e9l\u00e9charger le fichier CEGIL\"><img decoding=\"async\" src=\"https:\/\/www.univ-lorraine.fr\/raa\/wp-content\/plugins\/ul-raa\/img\/pdf.svg\" alt=\"\" \/>CEGIL (674.03 Ko)<\/a><\/li><\/ul><\/div><\/div><\/li><li><a href=\"#\" data-featherlight=\"#actelightbox_13733\" title=\"Voir le d\u00e9tail de l'acte CENTRE DE COORDINATION EXPLOR\">CENTRE DE COORDINATION EXPLOR<\/a><div id=\"actelightbox_13733\" class=\"actelightbox\"><div class=\"acte_name\">CENTRE DE COORDINATION EXPLOR<\/div><div class=\"acte_type\">2022 - Laboratoires<\/div><div class=\"acte_pub_date\">Publi\u00e9 le : 1\/06\/2022<\/div><div class=\"acte_files\"><ul><li><a href=\"https:\/\/www.univ-lorraine.fr\/raa\/wp-content\/uploads\/sites\/6\/2022\/09\/EXPLOR-Mme-EMILIE-GAUDRY.pdf\" target=\"_blank\" title=\"T\u00e9l\u00e9charger le fichier EXPLOR Mme EMILIE GAUDRY\"><img decoding=\"async\" src=\"https:\/\/www.univ-lorraine.fr\/raa\/wp-content\/plugins\/ul-raa\/img\/pdf.svg\" alt=\"\" \/>EXPLOR Mme EMILIE GAUDRY (609.94 Ko)<\/a><\/li><\/ul><\/div><\/div><\/li><li><a href=\"#\" data-featherlight=\"#actelightbox_14188\" title=\"Voir le d\u00e9tail de l'acte CENTRE PIERRE JANET Cyril TARQUINIO\">CENTRE PIERRE JANET Cyril TARQUINIO<\/a><div id=\"actelightbox_14188\" class=\"actelightbox\"><div class=\"acte_name\">CENTRE PIERRE JANET Cyril TARQUINIO<\/div><div class=\"acte_type\">2022 - Laboratoires<\/div><div class=\"acte_pub_date\">Publi\u00e9 le : 1\/06\/2022<\/div><div class=\"acte_files\"><ul><li><a href=\"https:\/\/www.univ-lorraine.fr\/raa\/wp-content\/uploads\/sites\/6\/2022\/06\/delegation-cpj-Cyril-TARQUINIO.pdf\" target=\"_blank\" title=\"T\u00e9l\u00e9charger le fichier d\u00e9l\u00e9gation cpj Cyril TARQUINIO\"><img decoding=\"async\" src=\"https:\/\/www.univ-lorraine.fr\/raa\/wp-content\/plugins\/ul-raa\/img\/pdf.svg\" alt=\"\" \/>d\u00e9l\u00e9gation cpj Cyril TARQUINIO (510.13 Ko)<\/a><\/li><\/ul><\/div><\/div><\/li><li><a href=\"#\" data-featherlight=\"#actelightbox_15124\" title=\"Voir le d\u00e9tail de l'acte CERCLE\">CERCLE<\/a><div id=\"actelightbox_15124\" class=\"actelightbox\"><div class=\"acte_name\">CERCLE<\/div><div class=\"acte_type\">2023 - Laboratoires<\/div><div class=\"acte_pub_date\">Publi\u00e9 le : 17\/10\/2023<\/div><div class=\"acte_files\"><ul><li><a href=\"https:\/\/www.univ-lorraine.fr\/raa\/wp-content\/uploads\/sites\/6\/2024\/01\/cercle.pdf\" target=\"_blank\" title=\"T\u00e9l\u00e9charger le fichier CERCLE\"><img decoding=\"async\" src=\"https:\/\/www.univ-lorraine.fr\/raa\/wp-content\/plugins\/ul-raa\/img\/pdf.svg\" alt=\"\" \/>CERCLE (669.37 Ko)<\/a><\/li><\/ul><\/div><\/div><\/li><li><a href=\"#\" data-featherlight=\"#actelightbox_15126\" title=\"Voir le d\u00e9tail de l'acte CEREFIGE\">CEREFIGE<\/a><div id=\"actelightbox_15126\" class=\"actelightbox\"><div class=\"acte_name\">CEREFIGE<\/div><div class=\"acte_type\">2023 - Laboratoires<\/div><div class=\"acte_pub_date\">Publi\u00e9 le : 17\/10\/2023<\/div><div class=\"acte_files\"><ul><li><a href=\"https:\/\/www.univ-lorraine.fr\/raa\/wp-content\/uploads\/sites\/6\/2024\/01\/cerefige.pdf\" target=\"_blank\" title=\"T\u00e9l\u00e9charger le fichier CEREFIGE\"><img decoding=\"async\" src=\"https:\/\/www.univ-lorraine.fr\/raa\/wp-content\/plugins\/ul-raa\/img\/pdf.svg\" alt=\"\" \/>CEREFIGE (714.43 Ko)<\/a><\/li><\/ul><\/div><\/div><\/li><li><a href=\"#\" data-featherlight=\"#actelightbox_12485\" title=\"Voir le d\u00e9tail de l'acte CIC-EC\">CIC-EC<\/a><div id=\"actelightbox_12485\" class=\"actelightbox\"><div class=\"acte_name\">CIC-EC<\/div><div class=\"acte_type\">2022 - Laboratoires<\/div><div class=\"acte_pub_date\">Publi\u00e9 le : 1\/06\/2022<\/div><div class=\"acte_files\"><ul><li><a href=\"https:\/\/www.univ-lorraine.fr\/raa\/wp-content\/uploads\/sites\/6\/2024\/01\/cic-ec.pdf\" target=\"_blank\" title=\"T\u00e9l\u00e9charger le fichier CIC-EC\"><img decoding=\"async\" src=\"https:\/\/www.univ-lorraine.fr\/raa\/wp-content\/plugins\/ul-raa\/img\/pdf.svg\" alt=\"\" \/>CIC-EC (343.93 Ko)<\/a><\/li><\/ul><\/div><\/div><\/li><li><a href=\"#\" data-featherlight=\"#actelightbox_13257\" title=\"Voir le d\u00e9tail de l'acte CIC-P\">CIC-P<\/a><div id=\"actelightbox_13257\" class=\"actelightbox\"><div class=\"acte_name\">CIC-P<\/div><div class=\"acte_type\">2022 - Laboratoires<\/div><div class=\"acte_pub_date\">Publi\u00e9 le : 23\/10\/2023<\/div><div class=\"acte_files\"><ul><li><a href=\"https:\/\/www.univ-lorraine.fr\/raa\/wp-content\/uploads\/sites\/6\/2023\/10\/cic-p.pdf\" target=\"_blank\" title=\"T\u00e9l\u00e9charger le fichier CIC-P\"><img decoding=\"async\" src=\"https:\/\/www.univ-lorraine.fr\/raa\/wp-content\/plugins\/ul-raa\/img\/pdf.svg\" alt=\"\" \/>CIC-P (347.49 Ko)<\/a><\/li><\/ul><\/div><\/div><\/li><li><a href=\"#\" data-featherlight=\"#actelightbox_13259\" title=\"Voir le d\u00e9tail de l'acte CIC1433IT\">CIC1433IT<\/a><div id=\"actelightbox_13259\" class=\"actelightbox\"><div class=\"acte_name\">CIC1433IT<\/div><div class=\"acte_type\">2022 - Laboratoires<\/div><div class=\"acte_pub_date\">Publi\u00e9 le : 1\/06\/2022<\/div><div class=\"acte_files\"><ul><li><a href=\"https:\/\/www.univ-lorraine.fr\/raa\/wp-content\/uploads\/sites\/6\/2025\/06\/cic-it-2025.pdf\" target=\"_blank\" title=\"T\u00e9l\u00e9charger le fichier cic it 2025\"><img decoding=\"async\" src=\"https:\/\/www.univ-lorraine.fr\/raa\/wp-content\/plugins\/ul-raa\/img\/pdf.svg\" alt=\"\" \/>cic it 2025 (65.93 Ko)<\/a><\/li><\/ul><\/div><\/div><\/li><li><a href=\"#\" data-featherlight=\"#actelightbox_15118\" title=\"Voir le d\u00e9tail de l'acte CITHEFOR\">CITHEFOR<\/a><div id=\"actelightbox_15118\" class=\"actelightbox\"><div class=\"acte_name\">CITHEFOR<\/div><div class=\"acte_type\">2023 - Laboratoires<\/div><div class=\"acte_pub_date\">Publi\u00e9 le : 17\/10\/2023<\/div><div class=\"acte_files\"><ul><li><a href=\"https:\/\/www.univ-lorraine.fr\/raa\/wp-content\/uploads\/sites\/6\/2024\/01\/cithefor.pdf\" target=\"_blank\" title=\"T\u00e9l\u00e9charger le fichier CITHEFOR\"><img decoding=\"async\" src=\"https:\/\/www.univ-lorraine.fr\/raa\/wp-content\/plugins\/ul-raa\/img\/pdf.svg\" alt=\"\" \/>CITHEFOR (647.71 Ko)<\/a><\/li><\/ul><\/div><\/div><\/li><li><a href=\"#\" data-featherlight=\"#actelightbox_14804\" title=\"Voir le d\u00e9tail de l'acte CRAN\">CRAN<\/a><div id=\"actelightbox_14804\" class=\"actelightbox\"><div class=\"acte_name\">CRAN<\/div><div class=\"acte_type\">2025 - Laboratoires<\/div><div class=\"acte_pub_date\">Publi\u00e9 le : 17\/10\/2023<\/div><div class=\"acte_files\"><ul><li><a href=\"https:\/\/www.univ-lorraine.fr\/raa\/wp-content\/uploads\/sites\/6\/2025\/01\/am2i-cran-2025.pdf\" target=\"_blank\" title=\"T\u00e9l\u00e9charger le fichier AM2I CRAN 2025\"><img decoding=\"async\" src=\"https:\/\/www.univ-lorraine.fr\/raa\/wp-content\/plugins\/ul-raa\/img\/pdf.svg\" alt=\"\" \/>AM2I CRAN 2025 (175.92 Ko)<\/a><\/li><\/ul><\/div><\/div><\/li><li><a href=\"#\" data-featherlight=\"#actelightbox_22659\" title=\"Voir le d\u00e9tail de l'acte CREAT\">CREAT<\/a><div id=\"actelightbox_22659\" class=\"actelightbox\"><div class=\"acte_name\">CREAT<\/div><div class=\"acte_type\">2026 - Laboratoires<\/div><div class=\"acte_pub_date\">Publi\u00e9 le : 16\/01\/2024<\/div><div class=\"acte_files\"><ul><li><a href=\"https:\/\/www.univ-lorraine.fr\/raa\/wp-content\/uploads\/sites\/6\/2026\/04\/creat-2026.pdf\" target=\"_blank\" title=\"T\u00e9l\u00e9charger le fichier CREAT 2026\"><img decoding=\"async\" src=\"https:\/\/www.univ-lorraine.fr\/raa\/wp-content\/plugins\/ul-raa\/img\/pdf.svg\" alt=\"\" \/>CREAT 2026 (372.43 Ko)<\/a><\/li><\/ul><\/div><\/div><\/li><li><a href=\"#\" data-featherlight=\"#actelightbox_15000\" title=\"Voir le d\u00e9tail de l'acte CREM\">CREM<\/a><div id=\"actelightbox_15000\" class=\"actelightbox\"><div class=\"acte_name\">CREM<\/div><div class=\"acte_type\">2023 - Laboratoires<\/div><div class=\"acte_pub_date\">Publi\u00e9 le : 17\/10\/2023<\/div><div class=\"acte_files\"><ul><li><a href=\"https:\/\/www.univ-lorraine.fr\/raa\/wp-content\/uploads\/sites\/6\/2025\/04\/crem-047-2025-mars-2025-corroy-cordier.pdf\" target=\"_blank\" title=\"T\u00e9l\u00e9charger le fichier CREM 047-2025 - mars 2025 - CORROY - CORDIER\"><img decoding=\"async\" src=\"https:\/\/www.univ-lorraine.fr\/raa\/wp-content\/plugins\/ul-raa\/img\/pdf.svg\" alt=\"\" \/>CREM 047-2025 - mars 2025 - CORROY - CORDIER (172.76 Ko)<\/a><\/li><\/ul><\/div><\/div><\/li><li><a href=\"#\" data-featherlight=\"#actelightbox_15112\" title=\"Voir le d\u00e9tail de l'acte CRM2\">CRM2<\/a><div id=\"actelightbox_15112\" class=\"actelightbox\"><div class=\"acte_name\">CRM2<\/div><div class=\"acte_type\">2023 - Laboratoires<\/div><div class=\"acte_pub_date\">Publi\u00e9 le : 17\/10\/2023<\/div><div class=\"acte_files\"><ul><li><a href=\"https:\/\/www.univ-lorraine.fr\/raa\/wp-content\/uploads\/sites\/6\/2024\/01\/crm2-1.pdf\" target=\"_blank\" title=\"T\u00e9l\u00e9charger le fichier CRM2\"><img decoding=\"async\" src=\"https:\/\/www.univ-lorraine.fr\/raa\/wp-content\/plugins\/ul-raa\/img\/pdf.svg\" alt=\"\" \/>CRM2 (194.96 Ko)<\/a><\/li><\/ul><\/div><\/div><\/li><li><a href=\"#\" data-featherlight=\"#actelightbox_15110\" title=\"Voir le d\u00e9tail de l'acte CRPG\">CRPG<\/a><div id=\"actelightbox_15110\" class=\"actelightbox\"><div class=\"acte_name\">CRPG<\/div><div class=\"acte_type\">2025 - Laboratoires<\/div><div class=\"acte_pub_date\">Publi\u00e9 le : 17\/10\/2023<\/div><div class=\"acte_files\"><ul><li><a href=\"https:\/\/www.univ-lorraine.fr\/raa\/wp-content\/uploads\/sites\/6\/2025\/09\/crpg-2025.pdf\" target=\"_blank\" title=\"T\u00e9l\u00e9charger le fichier CRPG 2025\"><img decoding=\"async\" src=\"https:\/\/www.univ-lorraine.fr\/raa\/wp-content\/plugins\/ul-raa\/img\/pdf.svg\" alt=\"\" \/>CRPG 2025 (159.28 Ko)<\/a><\/li><\/ul><\/div><\/div><\/li><li><a href=\"#\" data-featherlight=\"#actelightbox_15108\" title=\"Voir le d\u00e9tail de l'acte CRULH\">CRULH<\/a><div id=\"actelightbox_15108\" class=\"actelightbox\"><div class=\"acte_name\">CRULH<\/div><div class=\"acte_type\">2023 - Laboratoires<\/div><div class=\"acte_pub_date\">Publi\u00e9 le : 17\/10\/2023<\/div><div class=\"acte_files\"><ul><li><a href=\"https:\/\/www.univ-lorraine.fr\/raa\/wp-content\/uploads\/sites\/6\/2024\/09\/crulh-2024.pdf\" target=\"_blank\" title=\"T\u00e9l\u00e9charger le fichier CRULH 2024\"><img decoding=\"async\" src=\"https:\/\/www.univ-lorraine.fr\/raa\/wp-content\/plugins\/ul-raa\/img\/pdf.svg\" alt=\"\" \/>CRULH 2024 (160.94 Ko)<\/a><\/li><\/ul><\/div><\/div><\/li><\/ul><\/div>\n\n<\/div><\/div>\n\n<div class=\"gb-container gb-container-c143c2b6\"><div class=\"gb-inside-container\">\n\n<h2 class=\"wp-block-heading\" id=\"ed\">\u00c9coles doctorales<\/h2>\n\n\n<div id=\"liste_actes\"><a name=\"goto_list_actes_fbea238e\"><\/a><ul class=\"liste_des_actes\"><li><a href=\"#\" data-featherlight=\"#actelightbox_13160\" title=\"Voir le d\u00e9tail de l'acte BIOSE\">BIOSE<\/a><div id=\"actelightbox_13160\" class=\"actelightbox\"><div class=\"acte_name\">BIOSE<\/div><div class=\"acte_type\">2024 - Ecoles Doctorales<\/div><div class=\"acte_pub_date\">Publi\u00e9 le : 1\/06\/2022<\/div><div class=\"acte_files\"><ul><li><a href=\"https:\/\/www.univ-lorraine.fr\/raa\/wp-content\/uploads\/sites\/6\/2024\/09\/biose-s-rahuel.pdf\" target=\"_blank\" title=\"T\u00e9l\u00e9charger le fichier BIOSE S RAHUEL\"><img decoding=\"async\" src=\"https:\/\/www.univ-lorraine.fr\/raa\/wp-content\/plugins\/ul-raa\/img\/pdf.svg\" alt=\"\" \/>BIOSE S RAHUEL (95.02 Ko)<\/a><\/li><li><a href=\"https:\/\/www.univ-lorraine.fr\/raa\/wp-content\/uploads\/sites\/6\/2024\/11\/arrete-263-2024-nomination-conseil-doctorale-biose.pdf\" target=\"_blank\" title=\"T\u00e9l\u00e9charger le fichier Arr\u00eat\u00e9 263-2024 - Nomination Conseil doctorale BioSE\"><img decoding=\"async\" src=\"https:\/\/www.univ-lorraine.fr\/raa\/wp-content\/plugins\/ul-raa\/img\/pdf.svg\" alt=\"\" \/>Arr\u00eat\u00e9 263-2024 - Nomination Conseil doctorale BioSE (66.46 Ko)<\/a><\/li><\/ul><\/div><\/div><\/li><li><a href=\"#\" data-featherlight=\"#actelightbox_13158\" title=\"Voir le d\u00e9tail de l'acte C2PM\">C2PM<\/a><div id=\"actelightbox_13158\" class=\"actelightbox\"><div class=\"acte_name\">C2PM<\/div><div class=\"acte_type\">2022 - Ecoles Doctorales<\/div><div class=\"acte_pub_date\">Publi\u00e9 le : 1\/06\/2022<\/div><div class=\"acte_files\"><ul><li><a href=\"https:\/\/www.univ-lorraine.fr\/raa\/wp-content\/uploads\/sites\/6\/2022\/08\/Designation_conjointe_JM_Raulot_CentraleSupelec.pdf\" target=\"_blank\" title=\"T\u00e9l\u00e9charger le fichier Designation_conjointe_JM_Raulot_CentraleSupelec\"><img decoding=\"async\" src=\"https:\/\/www.univ-lorraine.fr\/raa\/wp-content\/plugins\/ul-raa\/img\/pdf.svg\" alt=\"\" \/>Designation_conjointe_JM_Raulot_CentraleSupelec (47.73 Ko)<\/a><\/li><li><a href=\"https:\/\/www.univ-lorraine.fr\/raa\/wp-content\/uploads\/sites\/6\/2024\/09\/c2pm-ds-m.-raulot.pdf\" target=\"_blank\" title=\"T\u00e9l\u00e9charger le fichier C2PM DS M. RAULOT\"><img decoding=\"async\" src=\"https:\/\/www.univ-lorraine.fr\/raa\/wp-content\/plugins\/ul-raa\/img\/pdf.svg\" alt=\"\" \/>C2PM DS M. RAULOT (91.34 Ko)<\/a><\/li><li><a href=\"https:\/\/www.univ-lorraine.fr\/raa\/wp-content\/uploads\/sites\/6\/2024\/11\/arrete-de-nomination-des-membres-du-conseil-de-led-c2mp-2024-2028.pdf\" target=\"_blank\" title=\"T\u00e9l\u00e9charger le fichier Arr\u00eat\u00e9 de nomination des membres du conseil de l'ED C2MP (2024-2028)\"><img decoding=\"async\" src=\"https:\/\/www.univ-lorraine.fr\/raa\/wp-content\/plugins\/ul-raa\/img\/pdf.svg\" alt=\"\" \/>Arr\u00eat\u00e9 de nomination des membres du conseil de l'ED C2MP (2024-2028) (48.90 Ko)<\/a><\/li><\/ul><\/div><\/div><\/li><li><a href=\"#\" data-featherlight=\"#actelightbox_13156\" title=\"Voir le d\u00e9tail de l'acte HUMANITES NOUVELLES\">HUMANITES NOUVELLES<\/a><div id=\"actelightbox_13156\" class=\"actelightbox\"><div class=\"acte_name\">HUMANITES NOUVELLES<\/div><div class=\"acte_type\">2024 - Ecoles Doctorales<\/div><div class=\"acte_pub_date\">Publi\u00e9 le : 1\/06\/2022<\/div><div class=\"acte_files\"><ul><li><a href=\"https:\/\/www.univ-lorraine.fr\/raa\/wp-content\/uploads\/sites\/6\/2024\/09\/humanites-nouvelles-ds-s-dufour.pdf\" target=\"_blank\" title=\"T\u00e9l\u00e9charger le fichier Humanites nouvelles DS S DUFOUR\"><img decoding=\"async\" src=\"https:\/\/www.univ-lorraine.fr\/raa\/wp-content\/plugins\/ul-raa\/img\/pdf.svg\" alt=\"\" \/>Humanites nouvelles DS S DUFOUR (89.75 Ko)<\/a><\/li><li><a href=\"https:\/\/www.univ-lorraine.fr\/raa\/wp-content\/uploads\/sites\/6\/2024\/11\/arrete-de-nomination-des-membres-du-conseil-de-led-hnfb-2024-2028.pdf\" target=\"_blank\" title=\"T\u00e9l\u00e9charger le fichier Arr\u00eat\u00e9 de nomination des membres du conseil de l'ED HNFB (2024-2028)\"><img decoding=\"async\" src=\"https:\/\/www.univ-lorraine.fr\/raa\/wp-content\/plugins\/ul-raa\/img\/pdf.svg\" alt=\"\" \/>Arr\u00eat\u00e9 de nomination des membres du conseil de l'ED HNFB (2024-2028) (59.35 Ko)<\/a><\/li><li><a href=\"https:\/\/www.univ-lorraine.fr\/raa\/wp-content\/uploads\/sites\/6\/2025\/01\/arrete-292-2024-arrete-de-nomination-membre-creat-du-conseil-de-led-hnfb-2024-2028.pdf\" target=\"_blank\" title=\"T\u00e9l\u00e9charger le fichier Arr\u00eat\u00e9 292-2024 - Arr\u00eat\u00e9 de nomination membre CREAT du conseil de l'ED HNFB (2024-2028)\"><img decoding=\"async\" src=\"https:\/\/www.univ-lorraine.fr\/raa\/wp-content\/plugins\/ul-raa\/img\/pdf.svg\" alt=\"\" \/>Arr\u00eat\u00e9 292-2024 - Arr\u00eat\u00e9 de nomination membre CREAT du conseil de l'ED HNFB (2024-2028) (37.27 Ko)<\/a><\/li><\/ul><\/div><\/div><\/li><li><a href=\"#\" data-featherlight=\"#actelightbox_13154\" title=\"Voir le d\u00e9tail de l'acte IAEM\">IAEM<\/a><div id=\"actelightbox_13154\" class=\"actelightbox\"><div class=\"acte_name\">IAEM<\/div><div class=\"acte_type\">2024 - Ecoles Doctorales<\/div><div class=\"acte_pub_date\">Publi\u00e9 le : 26\/02\/2024<\/div><div class=\"acte_files\"><ul><li><a href=\"https:\/\/www.univ-lorraine.fr\/raa\/wp-content\/uploads\/sites\/6\/2024\/09\/iaem-lorraine-f-robert.pdf\" target=\"_blank\" title=\"T\u00e9l\u00e9charger le fichier IAEM LORRAINE F ROBERT\"><img decoding=\"async\" src=\"https:\/\/www.univ-lorraine.fr\/raa\/wp-content\/plugins\/ul-raa\/img\/pdf.svg\" alt=\"\" \/>IAEM LORRAINE F ROBERT (86.55 Ko)<\/a><\/li><li><a href=\"https:\/\/www.univ-lorraine.fr\/raa\/wp-content\/uploads\/sites\/6\/2025\/05\/arrete-de-nomination-des-membres-du-conseil-ext-de-led-iaem2024-2028.pdf\" target=\"_blank\" title=\"T\u00e9l\u00e9charger le fichier Arr\u00eat\u00e9 de nomination des membres du conseil ext de l'ED IAEM(2024-2028)\"><img decoding=\"async\" src=\"https:\/\/www.univ-lorraine.fr\/raa\/wp-content\/plugins\/ul-raa\/img\/pdf.svg\" alt=\"\" \/>Arr\u00eat\u00e9 de nomination des membres du conseil ext de l'ED IAEM(2024-2028) (37.24 Ko)<\/a><\/li><\/ul><\/div><\/div><\/li><li><a href=\"#\" data-featherlight=\"#actelightbox_13152\" title=\"Voir le d\u00e9tail de l'acte SIMPPE\">SIMPPE<\/a><div id=\"actelightbox_13152\" class=\"actelightbox\"><div class=\"acte_name\">SIMPPE<\/div><div class=\"acte_type\">2024 - Ecoles Doctorales<\/div><div class=\"acte_pub_date\">Publi\u00e9 le : 1\/06\/2022<\/div><div class=\"acte_files\"><ul><li><a href=\"https:\/\/www.univ-lorraine.fr\/raa\/wp-content\/uploads\/sites\/6\/2024\/09\/simppe-ds-dominique-petitjean.pdf\" target=\"_blank\" title=\"T\u00e9l\u00e9charger le fichier SIMPPE DS DOMINIQUE PETITJEAN\"><img decoding=\"async\" src=\"https:\/\/www.univ-lorraine.fr\/raa\/wp-content\/plugins\/ul-raa\/img\/pdf.svg\" alt=\"\" \/>SIMPPE DS DOMINIQUE PETITJEAN (102.05 Ko)<\/a><\/li><li><a href=\"https:\/\/www.univ-lorraine.fr\/raa\/wp-content\/uploads\/sites\/6\/2024\/11\/arrete-251-2024-nomination-des-membres-du-conseil-de-led-simppe-2024-2028.pdf\" target=\"_blank\" title=\"T\u00e9l\u00e9charger le fichier Arr\u00eat\u00e9 251-2024 - nomination des membres du conseil de l'ED SIMPP\u00e9 (2024-2028)\"><img decoding=\"async\" src=\"https:\/\/www.univ-lorraine.fr\/raa\/wp-content\/plugins\/ul-raa\/img\/pdf.svg\" alt=\"\" \/>Arr\u00eat\u00e9 251-2024 - nomination des membres du conseil de l'ED SIMPP\u00e9 (2024-2028) (51.58 Ko)<\/a><\/li><\/ul><\/div><\/div><\/li><li><a href=\"#\" data-featherlight=\"#actelightbox_13150\" title=\"Voir le d\u00e9tail de l'acte SIRENA\">SIRENA<\/a><div id=\"actelightbox_13150\" class=\"actelightbox\"><div class=\"acte_name\">SIRENA<\/div><div class=\"acte_type\">2024 - Ecoles Doctorales<\/div><div class=\"acte_pub_date\">Publi\u00e9 le : 1\/06\/2022<\/div><div class=\"acte_files\"><ul><li><a href=\"https:\/\/www.univ-lorraine.fr\/raa\/wp-content\/uploads\/sites\/6\/2024\/09\/sirena.pdf\" target=\"_blank\" title=\"T\u00e9l\u00e9charger le fichier SIReNA\"><img decoding=\"async\" src=\"https:\/\/www.univ-lorraine.fr\/raa\/wp-content\/plugins\/ul-raa\/img\/pdf.svg\" alt=\"\" \/>SIReNA (87.66 Ko)<\/a><\/li><li><a href=\"https:\/\/www.univ-lorraine.fr\/raa\/wp-content\/uploads\/sites\/6\/2024\/11\/arrete-250-2024-nomination-des-membres-du-conseil-de-led-sirena-2024-2028.pdf\" target=\"_blank\" title=\"T\u00e9l\u00e9charger le fichier Arr\u00eat\u00e9 250-2024 -nomination des membres du conseil de l'ED SIReNa (2024-2028)\"><img decoding=\"async\" src=\"https:\/\/www.univ-lorraine.fr\/raa\/wp-content\/plugins\/ul-raa\/img\/pdf.svg\" alt=\"\" \/>Arr\u00eat\u00e9 250-2024 -nomination des membres du conseil de l'ED SIReNa (2024-2028) (54.35 Ko)<\/a><\/li><li><a href=\"https:\/\/www.univ-lorraine.fr\/raa\/wp-content\/uploads\/sites\/6\/2024\/12\/arrete-283-2024-nomination-des-membres-exterieurs-du-conseil-de-led-sirena-2024-2028.pdf\" target=\"_blank\" title=\"T\u00e9l\u00e9charger le fichier Arr\u00eat\u00e9 283-2024 - nomination des membres exterieurs du conseil de l'ED SIReNa (2024-2028)\"><img decoding=\"async\" src=\"https:\/\/www.univ-lorraine.fr\/raa\/wp-content\/plugins\/ul-raa\/img\/pdf.svg\" alt=\"\" \/>Arr\u00eat\u00e9 283-2024 - nomination des membres exterieurs du conseil de l'ED SIReNa (2024-2028) (39.68 Ko)<\/a><\/li><\/ul><\/div><\/div><\/li><li><a href=\"#\" data-featherlight=\"#actelightbox_13162\" title=\"Voir le d\u00e9tail de l'acte SJPEG\">SJPEG<\/a><div id=\"actelightbox_13162\" class=\"actelightbox\"><div class=\"acte_name\">SJPEG<\/div><div class=\"acte_type\">2024 - Ecoles Doctorales<\/div><div class=\"acte_pub_date\">Publi\u00e9 le : 1\/06\/2022<\/div><div class=\"acte_files\"><ul><li><a href=\"https:\/\/www.univ-lorraine.fr\/raa\/wp-content\/uploads\/sites\/6\/2024\/09\/sjpeg-alexia-gardin.pdf\" target=\"_blank\" title=\"T\u00e9l\u00e9charger le fichier SJPEG ALEXIA GARDIN\"><img decoding=\"async\" src=\"https:\/\/www.univ-lorraine.fr\/raa\/wp-content\/plugins\/ul-raa\/img\/pdf.svg\" alt=\"\" \/>SJPEG ALEXIA GARDIN (94.26 Ko)<\/a><\/li><li><a href=\"https:\/\/www.univ-lorraine.fr\/raa\/wp-content\/uploads\/sites\/6\/2024\/11\/arrete-249-2024-nomination-des-membres-exterieurs-sjpeg-2024-2028.pdf\" target=\"_blank\" title=\"T\u00e9l\u00e9charger le fichier Arr\u00eat\u00e9 249-2024 - nomination des membres exterieurs SJPEG (2024-2028)\"><img decoding=\"async\" src=\"https:\/\/www.univ-lorraine.fr\/raa\/wp-content\/plugins\/ul-raa\/img\/pdf.svg\" alt=\"\" \/>Arr\u00eat\u00e9 249-2024 - nomination des membres exterieurs SJPEG (2024-2028) (40.12 Ko)<\/a><\/li><\/ul><\/div><\/div><\/li><li><a href=\"#\" data-featherlight=\"#actelightbox_13146\" title=\"Voir le d\u00e9tail de l'acte SLTC\">SLTC<\/a><div id=\"actelightbox_13146\" class=\"actelightbox\"><div class=\"acte_name\">SLTC<\/div><div class=\"acte_type\">2024 - Ecoles Doctorales<\/div><div class=\"acte_pub_date\">Publi\u00e9 le : 1\/06\/2022<\/div><div class=\"acte_files\"><ul><li><a href=\"https:\/\/www.univ-lorraine.fr\/raa\/wp-content\/uploads\/sites\/6\/2024\/09\/sltc-ds-mme-chabrolle-cerretini.pdf\" target=\"_blank\" title=\"T\u00e9l\u00e9charger le fichier SLTC DS Mme CHABROLLE-CERRETINI\"><img decoding=\"async\" src=\"https:\/\/www.univ-lorraine.fr\/raa\/wp-content\/plugins\/ul-raa\/img\/pdf.svg\" alt=\"\" \/>SLTC DS Mme CHABROLLE-CERRETINI (81.66 Ko)<\/a><\/li><\/ul><\/div><\/div><\/li><\/ul><\/div>\n\n<\/div><\/div>\n\n<div class=\"gb-container gb-container-70cde837\" id=\"sts\"><div class=\"gb-inside-container\">\n\n<h2 class=\"wp-block-heading\" id=\"cfa\">Services techniques de sites<\/h2>\n\n\n<div id=\"liste_actes\"><a name=\"goto_list_actes_eec9d6cf\"><\/a><ul class=\"liste_des_actes\"><li><a href=\"#\" data-featherlight=\"#actelightbox_17075\" title=\"Voir le d\u00e9tail de l'acte CAMPUS ARTEM\">CAMPUS ARTEM<\/a><div id=\"actelightbox_17075\" class=\"actelightbox\"><div class=\"acte_name\">CAMPUS ARTEM<\/div><div class=\"acte_type\">2022 - Services techniques de sites<\/div><div class=\"acte_pub_date\">Publi\u00e9 le : 1\/06\/2022<\/div><div class=\"acte_files\"><ul><li><a href=\"https:\/\/www.univ-lorraine.fr\/raa\/wp-content\/uploads\/sites\/6\/2024\/08\/campus-artem-f.-rousseau-2024.pdf\" target=\"_blank\" title=\"T\u00e9l\u00e9charger le fichier Campus ARTEM F. ROUSSEAU 2024\"><img decoding=\"async\" src=\"https:\/\/www.univ-lorraine.fr\/raa\/wp-content\/plugins\/ul-raa\/img\/pdf.svg\" alt=\"\" \/>Campus ARTEM F. ROUSSEAU 2024 (119.51 Ko)<\/a><\/li><\/ul><\/div><\/div><\/li><li><a href=\"#\" data-featherlight=\"#actelightbox_17005\" title=\"Voir le d\u00e9tail de l'acte CAMPUS MANUFACTURE\">CAMPUS MANUFACTURE<\/a><div id=\"actelightbox_17005\" class=\"actelightbox\"><div class=\"acte_name\">CAMPUS MANUFACTURE<\/div><div class=\"acte_type\">2022 - Services techniques de sites<\/div><div class=\"acte_pub_date\">Publi\u00e9 le : 16\/10\/2023<\/div><div class=\"acte_files\"><ul><li><a href=\"https:\/\/www.univ-lorraine.fr\/raa\/wp-content\/uploads\/sites\/6\/2023\/10\/campus-manufacture-a.-tabbone.pdf\" target=\"_blank\" title=\"T\u00e9l\u00e9charger le fichier Campus manufacture A. TABBONE\"><img decoding=\"async\" src=\"https:\/\/www.univ-lorraine.fr\/raa\/wp-content\/plugins\/ul-raa\/img\/pdf.svg\" alt=\"\" \/>Campus manufacture A. TABBONE (807.57 Ko)<\/a><\/li><\/ul><\/div><\/div><\/li><li><a href=\"#\" data-featherlight=\"#actelightbox_20693\" title=\"Voir le d\u00e9tail de l'acte CAMPUS SANTE\">CAMPUS SANTE<\/a><div id=\"actelightbox_20693\" class=\"actelightbox\"><div class=\"acte_name\">CAMPUS SANTE<\/div><div class=\"acte_type\">2025 - Services techniques de sites<\/div><div class=\"acte_pub_date\">Publi\u00e9 le : 9\/01\/2023<\/div><div class=\"acte_files\"><ul><li><a href=\"https:\/\/www.univ-lorraine.fr\/raa\/wp-content\/uploads\/sites\/6\/2025\/01\/campus-sante-s-zuily.pdf\" target=\"_blank\" title=\"T\u00e9l\u00e9charger le fichier Campus SANTE S ZUILY\"><img decoding=\"async\" src=\"https:\/\/www.univ-lorraine.fr\/raa\/wp-content\/plugins\/ul-raa\/img\/pdf.svg\" alt=\"\" \/>Campus SANTE S ZUILY (122.56 Ko)<\/a><\/li><\/ul><\/div><\/div><\/li><li><a href=\"#\" data-featherlight=\"#actelightbox_20707\" title=\"Voir le d\u00e9tail de l'acte CAMPUS SAULCY\">CAMPUS SAULCY<\/a><div id=\"actelightbox_20707\" class=\"actelightbox\"><div class=\"acte_name\">CAMPUS SAULCY<\/div><div class=\"acte_type\">2023 - Services techniques de sites<\/div><div class=\"acte_pub_date\">Publi\u00e9 le : 19\/01\/2023<\/div><div class=\"acte_files\"><ul><li><a href=\"https:\/\/www.univ-lorraine.fr\/raa\/wp-content\/uploads\/sites\/6\/2024\/07\/ds-n-hiesiger-campus-messins-service-technique-saulcy-1.pdf\" target=\"_blank\" title=\"T\u00e9l\u00e9charger le fichier DS N HIESIGER CAMPUS MESSINS + SERVICE TECHNIQUE SAULCY\"><img decoding=\"async\" src=\"https:\/\/www.univ-lorraine.fr\/raa\/wp-content\/plugins\/ul-raa\/img\/pdf.svg\" alt=\"\" \/>DS N HIESIGER CAMPUS MESSINS + SERVICE TECHNIQUE SAULCY (136.50 Ko)<\/a><\/li><\/ul><\/div><\/div><\/li><\/ul><\/div>\n\n<\/div><\/div>\n<\/div><\/div>\n\n\n<p><\/p>\n","protected":false},"excerpt":{"rendered":"<p>Acc\u00e8s direct Vice-Pr\u00e9sidents et Directeur g\u00e9n\u00e9ral des services Structures rattach\u00e9es \u00e0 la direction g\u00e9n\u00e9rale des services Directions op\u00e9rationnelles Directeurs de coll\u00e9giums Directeurs p\u00f4les scientifiques Directeurs de campus Composantes de formation Laboratoires \u00c9coles doctorales Services techniques de sites<\/p>\n","protected":false},"author":7,"featured_media":0,"parent":0,"menu_order":0,"comment_status":"closed","ping_status":"closed","template":"","meta":{"inline_featured_image":false,"footnotes":""},"class_list":["post-16068","page","type-page","status-publish"],"yoast_head":"<!-- This site is optimized with the Yoast SEO plugin v27.4 - https:\/\/yoast.com\/product\/yoast-seo-wordpress\/ -->\n<title>D\u00e9l\u00e9gations de signature - Recueil des Actes Administratifs (RAA)<\/title>\n<meta name=\"robots\" content=\"index, follow, max-snippet:-1, max-image-preview:large, max-video-preview:-1\" \/>\n<link rel=\"canonical\" href=\"https:\/\/www.univ-lorraine.fr\/raa\/delegations-de-signature\/\" \/>\n<meta property=\"og:locale\" content=\"fr_FR\" \/>\n<meta property=\"og:type\" content=\"article\" \/>\n<meta property=\"og:title\" content=\"D\u00e9l\u00e9gations de signature - Recueil des Actes Administratifs (RAA)\" \/>\n<meta property=\"og:description\" content=\"Acc\u00e8s direct Vice-Pr\u00e9sidents et Directeur g\u00e9n\u00e9ral des services Structures rattach\u00e9es \u00e0 la direction g\u00e9n\u00e9rale des services Directions op\u00e9rationnelles Directeurs de coll\u00e9giums Directeurs p\u00f4les scientifiques Directeurs de campus Composantes de formation Laboratoires \u00c9coles doctorales Services techniques de sites\" \/>\n<meta property=\"og:url\" content=\"https:\/\/www.univ-lorraine.fr\/raa\/delegations-de-signature\/\" \/>\n<meta property=\"og:site_name\" content=\"Recueil des Actes Administratifs (RAA)\" \/>\n<meta property=\"article:modified_time\" content=\"2026-03-03T14:13:42+00:00\" \/>\n<meta name=\"twitter:card\" content=\"summary_large_image\" \/>\n<meta name=\"twitter:label1\" content=\"Dur\u00e9e de lecture estim\u00e9e\" \/>\n\t<meta name=\"twitter:data1\" content=\"1 minute\" \/>\n<script type=\"application\/ld+json\" class=\"yoast-schema-graph\">{\"@context\":\"https:\\\/\\\/schema.org\",\"@graph\":[{\"@type\":\"WebPage\",\"@id\":\"https:\\\/\\\/www.univ-lorraine.fr\\\/raa\\\/delegations-de-signature\\\/\",\"url\":\"https:\\\/\\\/www.univ-lorraine.fr\\\/raa\\\/delegations-de-signature\\\/\",\"name\":\"D\u00e9l\u00e9gations de signature - Recueil des Actes Administratifs (RAA)\",\"isPartOf\":{\"@id\":\"https:\\\/\\\/www.univ-lorraine.fr\\\/raa\\\/#website\"},\"datePublished\":\"2021-03-01T15:52:23+00:00\",\"dateModified\":\"2026-03-03T14:13:42+00:00\",\"breadcrumb\":{\"@id\":\"https:\\\/\\\/www.univ-lorraine.fr\\\/raa\\\/delegations-de-signature\\\/#breadcrumb\"},\"inLanguage\":\"fr-FR\",\"potentialAction\":[{\"@type\":\"ReadAction\",\"target\":[\"https:\\\/\\\/www.univ-lorraine.fr\\\/raa\\\/delegations-de-signature\\\/\"]}]},{\"@type\":\"BreadcrumbList\",\"@id\":\"https:\\\/\\\/www.univ-lorraine.fr\\\/raa\\\/delegations-de-signature\\\/#breadcrumb\",\"itemListElement\":[{\"@type\":\"ListItem\",\"position\":1,\"name\":\"Accueil\",\"item\":\"https:\\\/\\\/www.univ-lorraine.fr\\\/raa\\\/\"},{\"@type\":\"ListItem\",\"position\":2,\"name\":\"D\u00e9l\u00e9gations de signature\"}]},{\"@type\":\"WebSite\",\"@id\":\"https:\\\/\\\/www.univ-lorraine.fr\\\/raa\\\/#website\",\"url\":\"https:\\\/\\\/www.univ-lorraine.fr\\\/raa\\\/\",\"name\":\"Recueil des Actes Administratifs (RAA)\",\"description\":\"\",\"publisher\":{\"@id\":\"https:\\\/\\\/www.univ-lorraine.fr\\\/raa\\\/#organization\"},\"potentialAction\":[{\"@type\":\"SearchAction\",\"target\":{\"@type\":\"EntryPoint\",\"urlTemplate\":\"https:\\\/\\\/www.univ-lorraine.fr\\\/raa\\\/?s={search_term_string}\"},\"query-input\":{\"@type\":\"PropertyValueSpecification\",\"valueRequired\":true,\"valueName\":\"search_term_string\"}}],\"inLanguage\":\"fr-FR\"},{\"@type\":\"Organization\",\"@id\":\"https:\\\/\\\/www.univ-lorraine.fr\\\/raa\\\/#organization\",\"name\":\"Universit\u00e9 de Lorraine\",\"url\":\"https:\\\/\\\/www.univ-lorraine.fr\\\/raa\\\/\",\"logo\":{\"@type\":\"ImageObject\",\"inLanguage\":\"fr-FR\",\"@id\":\"https:\\\/\\\/www.univ-lorraine.fr\\\/raa\\\/#\\\/schema\\\/logo\\\/image\\\/\",\"url\":\"https:\\\/\\\/www.univ-lorraine.fr\\\/raa\\\/wp-content\\\/uploads\\\/sites\\\/6\\\/2021\\\/01\\\/LOGO_UL.png\",\"contentUrl\":\"https:\\\/\\\/www.univ-lorraine.fr\\\/raa\\\/wp-content\\\/uploads\\\/sites\\\/6\\\/2021\\\/01\\\/LOGO_UL.png\",\"width\":138,\"height\":48,\"caption\":\"Universit\u00e9 de Lorraine\"},\"image\":{\"@id\":\"https:\\\/\\\/www.univ-lorraine.fr\\\/raa\\\/#\\\/schema\\\/logo\\\/image\\\/\"}}]}<\/script>\n<!-- \/ Yoast SEO plugin. -->","yoast_head_json":{"title":"D\u00e9l\u00e9gations de signature - Recueil des Actes Administratifs (RAA)","robots":{"index":"index","follow":"follow","max-snippet":"max-snippet:-1","max-image-preview":"max-image-preview:large","max-video-preview":"max-video-preview:-1"},"canonical":"https:\/\/www.univ-lorraine.fr\/raa\/delegations-de-signature\/","og_locale":"fr_FR","og_type":"article","og_title":"D\u00e9l\u00e9gations de signature - Recueil des Actes Administratifs (RAA)","og_description":"Acc\u00e8s direct Vice-Pr\u00e9sidents et Directeur g\u00e9n\u00e9ral des services Structures rattach\u00e9es \u00e0 la direction g\u00e9n\u00e9rale des services Directions op\u00e9rationnelles Directeurs de coll\u00e9giums Directeurs p\u00f4les scientifiques Directeurs de campus Composantes de formation Laboratoires \u00c9coles doctorales Services techniques de sites","og_url":"https:\/\/www.univ-lorraine.fr\/raa\/delegations-de-signature\/","og_site_name":"Recueil des Actes Administratifs (RAA)","article_modified_time":"2026-03-03T14:13:42+00:00","twitter_card":"summary_large_image","twitter_misc":{"Dur\u00e9e de lecture estim\u00e9e":"1 minute"},"schema":{"@context":"https:\/\/schema.org","@graph":[{"@type":"WebPage","@id":"https:\/\/www.univ-lorraine.fr\/raa\/delegations-de-signature\/","url":"https:\/\/www.univ-lorraine.fr\/raa\/delegations-de-signature\/","name":"D\u00e9l\u00e9gations de signature - Recueil des Actes Administratifs (RAA)","isPartOf":{"@id":"https:\/\/www.univ-lorraine.fr\/raa\/#website"},"datePublished":"2021-03-01T15:52:23+00:00","dateModified":"2026-03-03T14:13:42+00:00","breadcrumb":{"@id":"https:\/\/www.univ-lorraine.fr\/raa\/delegations-de-signature\/#breadcrumb"},"inLanguage":"fr-FR","potentialAction":[{"@type":"ReadAction","target":["https:\/\/www.univ-lorraine.fr\/raa\/delegations-de-signature\/"]}]},{"@type":"BreadcrumbList","@id":"https:\/\/www.univ-lorraine.fr\/raa\/delegations-de-signature\/#breadcrumb","itemListElement":[{"@type":"ListItem","position":1,"name":"Accueil","item":"https:\/\/www.univ-lorraine.fr\/raa\/"},{"@type":"ListItem","position":2,"name":"D\u00e9l\u00e9gations de signature"}]},{"@type":"WebSite","@id":"https:\/\/www.univ-lorraine.fr\/raa\/#website","url":"https:\/\/www.univ-lorraine.fr\/raa\/","name":"Recueil des Actes Administratifs (RAA)","description":"","publisher":{"@id":"https:\/\/www.univ-lorraine.fr\/raa\/#organization"},"potentialAction":[{"@type":"SearchAction","target":{"@type":"EntryPoint","urlTemplate":"https:\/\/www.univ-lorraine.fr\/raa\/?s={search_term_string}"},"query-input":{"@type":"PropertyValueSpecification","valueRequired":true,"valueName":"search_term_string"}}],"inLanguage":"fr-FR"},{"@type":"Organization","@id":"https:\/\/www.univ-lorraine.fr\/raa\/#organization","name":"Universit\u00e9 de Lorraine","url":"https:\/\/www.univ-lorraine.fr\/raa\/","logo":{"@type":"ImageObject","inLanguage":"fr-FR","@id":"https:\/\/www.univ-lorraine.fr\/raa\/#\/schema\/logo\/image\/","url":"https:\/\/www.univ-lorraine.fr\/raa\/wp-content\/uploads\/sites\/6\/2021\/01\/LOGO_UL.png","contentUrl":"https:\/\/www.univ-lorraine.fr\/raa\/wp-content\/uploads\/sites\/6\/2021\/01\/LOGO_UL.png","width":138,"height":48,"caption":"Universit\u00e9 de Lorraine"},"image":{"@id":"https:\/\/www.univ-lorraine.fr\/raa\/#\/schema\/logo\/image\/"}}]}},"_links":{"self":[{"href":"https:\/\/www.univ-lorraine.fr\/raa\/wp-json\/wp\/v2\/pages\/16068","targetHints":{"allow":["GET"]}}],"collection":[{"href":"https:\/\/www.univ-lorraine.fr\/raa\/wp-json\/wp\/v2\/pages"}],"about":[{"href":"https:\/\/www.univ-lorraine.fr\/raa\/wp-json\/wp\/v2\/types\/page"}],"author":[{"embeddable":true,"href":"https:\/\/www.univ-lorraine.fr\/raa\/wp-json\/wp\/v2\/users\/7"}],"replies":[{"embeddable":true,"href":"https:\/\/www.univ-lorraine.fr\/raa\/wp-json\/wp\/v2\/comments?post=16068"}],"version-history":[{"count":26,"href":"https:\/\/www.univ-lorraine.fr\/raa\/wp-json\/wp\/v2\/pages\/16068\/revisions"}],"predecessor-version":[{"id":25689,"href":"https:\/\/www.univ-lorraine.fr\/raa\/wp-json\/wp\/v2\/pages\/16068\/revisions\/25689"}],"wp:attachment":[{"href":"https:\/\/www.univ-lorraine.fr\/raa\/wp-json\/wp\/v2\/media?parent=16068"}],"curies":[{"name":"wp","href":"https:\/\/api.w.org\/{rel}","templated":true}]}}