{"id":16094,"date":"2021-03-01T17:26:48","date_gmt":"2021-03-01T16:26:48","guid":{"rendered":"https:\/\/www.univ-lorraine.fr\/raa\/?page_id=16094"},"modified":"2021-03-01T17:26:50","modified_gmt":"2021-03-01T16:26:50","slug":"delegations-de-pouvoir-a-la-securite-des-locaux","status":"publish","type":"page","link":"https:\/\/www.univ-lorraine.fr\/raa\/delegations-de-pouvoir-a-la-securite-des-locaux\/","title":{"rendered":"D\u00e9l\u00e9gations de pouvoir \u00e0 la s\u00e9curit\u00e9 des locaux"},"content":{"rendered":"<div class=\"gb-container gb-container-1a7cc746\"><div class=\"gb-inside-container\">\n<div id=\"liste_actes\"><a name=\"goto_list_actes_57c60e06\"><\/a><div class=\"acte_pagination\"><div class=\"pagination-container\"><ul class=\"pagination\"><li><a href=\"\/raa\/wp-json\/wp\/v2\/pages\/16094?pg-57c60e06=1#goto_list_actes_57c60e06\" class=\"page-change active-page\" data-page=\"1\" title=\"Aller \u00e0 la page 1 de la liste des actes\">1<\/a><\/li><li><a href=\"\/raa\/wp-json\/wp\/v2\/pages\/16094?pg-57c60e06=2#goto_list_actes_57c60e06\" class=\"page-change \" data-page=\"2\" title=\"Aller \u00e0 la page 2 de la liste des actes\">2<\/a><\/li><\/ul><\/div><\/div><ul class=\"liste_des_actes\"><li><a href=\"#\" data-featherlight=\"#actelightbox_14782\" title=\"Voir le d\u00e9tail de l'acte MINES NANCY\">MINES NANCY<\/a><div id=\"actelightbox_14782\" class=\"actelightbox\"><div class=\"acte_name\">MINES NANCY<\/div><div class=\"acte_type\">2024 - D\u00e9l\u00e9gation pouvoir s\u00e9curit\u00e9 des locaux<\/div><div class=\"acte_pub_date\">Publi\u00e9 le : 19\/02\/2024<\/div><div class=\"acte_files\"><ul><li><a href=\"https:\/\/www.univ-lorraine.fr\/raa\/wp-content\/uploads\/sites\/6\/2024\/09\/mines-nancy-2024.pdf\" target=\"_blank\" title=\"T\u00e9l\u00e9charger le fichier MINES NANCY 2024\"><img decoding=\"async\" src=\"https:\/\/www.univ-lorraine.fr\/raa\/wp-content\/plugins\/ul-raa\/img\/pdf.svg\" alt=\"\" \/>MINES NANCY 2024 (57.10 Ko)<\/a><\/li><\/ul><\/div><\/div><\/li><li><a href=\"#\" data-featherlight=\"#actelightbox_20698\" title=\"Voir le d\u00e9tail de l'acte RUS IJL F. MONTAIGNE 2024\">RUS IJL F. MONTAIGNE 2024<\/a><div id=\"actelightbox_20698\" class=\"actelightbox\"><div class=\"acte_name\">RUS IJL F. MONTAIGNE 2024<\/div><div class=\"acte_type\">2023 - D\u00e9l\u00e9gation pouvoir s\u00e9curit\u00e9 des locaux<\/div><div class=\"acte_pub_date\">Publi\u00e9 le : 10\/01\/2023<\/div><div class=\"acte_files\"><ul><li><a href=\"https:\/\/www.univ-lorraine.fr\/raa\/wp-content\/uploads\/sites\/6\/2024\/07\/rus-ijl-f.-montaigne-2024.pdf\" target=\"_blank\" title=\"T\u00e9l\u00e9charger le fichier RUS IJL F. MONTAIGNE 2024\"><img decoding=\"async\" src=\"https:\/\/www.univ-lorraine.fr\/raa\/wp-content\/plugins\/ul-raa\/img\/pdf.svg\" alt=\"\" \/>RUS IJL F. MONTAIGNE 2024 (82.86 Ko)<\/a><\/li><\/ul><\/div><\/div><\/li><li><a href=\"#\" data-featherlight=\"#actelightbox_13861\" title=\"Voir le d\u00e9tail de l'acte UFR PHARMA\">UFR PHARMA<\/a><div id=\"actelightbox_13861\" class=\"actelightbox\"><div class=\"acte_name\">UFR PHARMA<\/div><div class=\"acte_type\">2013 - D\u00e9l\u00e9gation pouvoir s\u00e9curit\u00e9 des locaux<\/div><div class=\"acte_pub_date\">Publi\u00e9 le : 29\/05\/2018<\/div><div class=\"acte_files\"><ul><li><a href=\"https:\/\/www.univ-lorraine.fr\/raa\/wp-content\/uploads\/sites\/6\/2021\/02\/ufr_sc_pharmacceutiques.pdf\" target=\"_blank\" title=\"T\u00e9l\u00e9charger le fichier ufr_sc_pharmacceutiques.pdf\"><img decoding=\"async\" src=\"https:\/\/www.univ-lorraine.fr\/raa\/wp-content\/plugins\/ul-raa\/img\/pdf.svg\" alt=\"\" \/>ufr_sc_pharmacceutiques.pdf (31.00 Ko)<\/a><\/li><\/ul><\/div><\/div><\/li><li><a href=\"#\" data-featherlight=\"#actelightbox_13893\" title=\"Voir le d\u00e9tail de l'acte P\u00e9riodes de fermeture administrative du campus Lettres et Sciences Humaines de Nancy\">P\u00e9riodes de fermeture administrative du campus Lettres et Sciences Humaines de Nancy<\/a><div id=\"actelightbox_13893\" class=\"actelightbox\"><div class=\"acte_name\">P\u00e9riodes de fermeture administrative du campus Lettres et Sciences Humaines de Nancy<\/div><div class=\"acte_type\">2018 - D\u00e9l\u00e9gation pouvoir s\u00e9curit\u00e9 des locaux<\/div><div class=\"acte_pub_date\">Publi\u00e9 le : 4\/05\/2018<\/div><div class=\"acte_files\"><ul><li><a href=\"https:\/\/www.univ-lorraine.fr\/raa\/wp-content\/uploads\/sites\/6\/2021\/02\/arrete_personnes_habilitees_14052018.pdf\" target=\"_blank\" title=\"T\u00e9l\u00e9charger le fichier arrete_personnes_habilitees_14052018.pdf\"><img decoding=\"async\" src=\"https:\/\/www.univ-lorraine.fr\/raa\/wp-content\/plugins\/ul-raa\/img\/pdf.svg\" alt=\"\" \/>arrete_personnes_habilitees_14052018.pdf (558.50 Ko)<\/a><\/li><li><a href=\"https:\/\/www.univ-lorraine.fr\/raa\/wp-content\/uploads\/sites\/6\/2021\/02\/arrete_fermeture_administrative_clsh_140518.pdf\" target=\"_blank\" title=\"T\u00e9l\u00e9charger le fichier arrete_fermeture_administrative_clsh_140518.pdf\"><img decoding=\"async\" src=\"https:\/\/www.univ-lorraine.fr\/raa\/wp-content\/plugins\/ul-raa\/img\/pdf.svg\" alt=\"\" \/>arrete_fermeture_administrative_clsh_140518.pdf (541.89 Ko)<\/a><\/li><\/ul><\/div><\/div><\/li><li><a href=\"#\" data-featherlight=\"#actelightbox_13896\" title=\"Voir le d\u00e9tail de l'acte Fin de la fermeture administrative du Campus Lettres et Sciences Humaines de Nancy\">Fin de la fermeture administrative du Campus Lettres et Sciences Humaines de Nancy<\/a><div id=\"actelightbox_13896\" class=\"actelightbox\"><div class=\"acte_name\">Fin de la fermeture administrative du Campus Lettres et Sciences Humaines de Nancy<\/div><div class=\"acte_type\">2018 - D\u00e9l\u00e9gation pouvoir s\u00e9curit\u00e9 des locaux<\/div><div class=\"acte_pub_date\">Publi\u00e9 le : 2\/05\/2018<\/div><div class=\"acte_files\"><ul><li><a href=\"https:\/\/www.univ-lorraine.fr\/raa\/wp-content\/uploads\/sites\/6\/2021\/02\/arrete_ul_daj_140-2018.pdf\" target=\"_blank\" title=\"T\u00e9l\u00e9charger le fichier Ouverture du campus lettres et sciences humaines \u00e0 compter du 3 mai 2018 \u00e0 7h00 (avec am\u00e9nagement des horaires habituels)\"><img decoding=\"async\" src=\"https:\/\/www.univ-lorraine.fr\/raa\/wp-content\/plugins\/ul-raa\/img\/pdf.svg\" alt=\"\" \/>Ouverture du campus lettres et sciences humaines \u00e0 compter du 3 mai 2018 \u00e0 7h00 (avec am\u00e9nagement des horaires habituels) (382.20 Ko)<\/a><\/li><li><a href=\"https:\/\/www.univ-lorraine.fr\/raa\/wp-content\/uploads\/sites\/6\/2021\/02\/arrete_ul_daj_141-2018.pdf\" target=\"_blank\" title=\"T\u00e9l\u00e9charger le fichier Liste des personnes autoris\u00e9es \u00e0 p\u00e9n\u00e9trer sur le campus durant les plages de fermeture\"><img decoding=\"async\" src=\"https:\/\/www.univ-lorraine.fr\/raa\/wp-content\/plugins\/ul-raa\/img\/pdf.svg\" alt=\"\" \/>Liste des personnes autoris\u00e9es \u00e0 p\u00e9n\u00e9trer sur le campus durant les plages de fermeture (554.63 Ko)<\/a><\/li><\/ul><\/div><\/div><\/li><li><a href=\"#\" data-featherlight=\"#actelightbox_13899\" title=\"Voir le d\u00e9tail de l'acte Fermeture administrative du campus Lettres et Sciences Humaines de Nancy\">Fermeture administrative du campus Lettres et Sciences Humaines de Nancy<\/a><div id=\"actelightbox_13899\" class=\"actelightbox\"><div class=\"acte_name\">Fermeture administrative du campus Lettres et Sciences Humaines de Nancy<\/div><div class=\"acte_type\">2018 - D\u00e9l\u00e9gation pouvoir s\u00e9curit\u00e9 des locaux<\/div><div class=\"acte_pub_date\">Publi\u00e9 le : 25\/04\/2018<\/div><div class=\"acte_files\"><ul><li><a href=\"https:\/\/www.univ-lorraine.fr\/raa\/wp-content\/uploads\/sites\/6\/2021\/02\/arrete_fermeture_administrative_clsh.pdf\" target=\"_blank\" title=\"T\u00e9l\u00e9charger le fichier D\u00e9cision de fermeture administrative\"><img decoding=\"async\" src=\"https:\/\/www.univ-lorraine.fr\/raa\/wp-content\/plugins\/ul-raa\/img\/pdf.svg\" alt=\"\" \/>D\u00e9cision de fermeture administrative (449.80 Ko)<\/a><\/li><li><a href=\"https:\/\/www.univ-lorraine.fr\/raa\/wp-content\/uploads\/sites\/6\/2021\/02\/arrete_ul_139-2018_liste_personnes_autorisees.pdf\" target=\"_blank\" title=\"T\u00e9l\u00e9charger le fichier arrete_ul_139-2018_liste_personnes_autorisees.pdf\"><img decoding=\"async\" src=\"https:\/\/www.univ-lorraine.fr\/raa\/wp-content\/plugins\/ul-raa\/img\/pdf.svg\" alt=\"\" \/>arrete_ul_139-2018_liste_personnes_autorisees.pdf (606.19 Ko)<\/a><\/li><\/ul><\/div><\/div><\/li><li><a href=\"#\" data-featherlight=\"#actelightbox_14387\" title=\"Voir le d\u00e9tail de l'acte ENIM\">ENIM<\/a><div id=\"actelightbox_14387\" class=\"actelightbox\"><div class=\"acte_name\">ENIM<\/div><div class=\"acte_type\">2017 - D\u00e9l\u00e9gation pouvoir s\u00e9curit\u00e9 des locaux<\/div><div class=\"acte_pub_date\">Publi\u00e9 le : 7\/04\/2017<\/div><div class=\"acte_files\"><ul><li><a href=\"https:\/\/www.univ-lorraine.fr\/raa\/wp-content\/uploads\/sites\/6\/2021\/02\/enim_2017.pdf\" target=\"_blank\" title=\"T\u00e9l\u00e9charger le fichier enim_2017.pdf\"><img decoding=\"async\" src=\"https:\/\/www.univ-lorraine.fr\/raa\/wp-content\/plugins\/ul-raa\/img\/pdf.svg\" alt=\"\" \/>enim_2017.pdf (420.51 Ko)<\/a><\/li><\/ul><\/div><\/div><\/li><li><a href=\"#\" data-featherlight=\"#actelightbox_15383\" title=\"Voir le d\u00e9tail de l'acte CAMPUS SAULCY METZ\">CAMPUS SAULCY METZ<\/a><div id=\"actelightbox_15383\" class=\"actelightbox\"><div class=\"acte_name\">CAMPUS SAULCY METZ<\/div><div class=\"acte_type\">2018 - D\u00e9l\u00e9gation pouvoir s\u00e9curit\u00e9 des locaux<\/div><div class=\"acte_pub_date\">Publi\u00e9 le : 17\/06\/2015<\/div><div class=\"acte_files\"><ul><li><a href=\"https:\/\/www.univ-lorraine.fr\/raa\/wp-content\/uploads\/sites\/6\/2021\/02\/campus_saulcy-ufr_shs-pierre_moulin.pdf\" target=\"_blank\" title=\"T\u00e9l\u00e9charger le fichier campus_saulcy-ufr_shs-pierre_moulin.pdf\"><img decoding=\"async\" src=\"https:\/\/www.univ-lorraine.fr\/raa\/wp-content\/plugins\/ul-raa\/img\/pdf.svg\" alt=\"\" \/>campus_saulcy-ufr_shs-pierre_moulin.pdf (338.21 Ko)<\/a><\/li><li><a href=\"https:\/\/www.univ-lorraine.fr\/raa\/wp-content\/uploads\/sites\/6\/2021\/02\/abrog_ufr_shs_metz.pdf\" target=\"_blank\" title=\"T\u00e9l\u00e9charger le fichier abrog_ufr_shs_metz.pdf\"><img decoding=\"async\" src=\"https:\/\/www.univ-lorraine.fr\/raa\/wp-content\/plugins\/ul-raa\/img\/pdf.svg\" alt=\"\" \/>abrog_ufr_shs_metz.pdf (316.36 Ko)<\/a><\/li><\/ul><\/div><\/div><\/li><li><a href=\"#\" data-featherlight=\"#actelightbox_15437\" title=\"Voir le d\u00e9tail de l'acte CPP\">CPP<\/a><div id=\"actelightbox_15437\" class=\"actelightbox\"><div class=\"acte_name\">CPP<\/div><div class=\"acte_type\">2013 - D\u00e9l\u00e9gation pouvoir s\u00e9curit\u00e9 des locaux<\/div><div class=\"acte_pub_date\">Publi\u00e9 le : 17\/06\/2015<\/div><div class=\"acte_files\"><ul><li><a href=\"https:\/\/www.univ-lorraine.fr\/raa\/wp-content\/uploads\/sites\/6\/2021\/02\/cpp.pdf\" target=\"_blank\" title=\"T\u00e9l\u00e9charger le fichier cpp.pdf\"><img decoding=\"async\" src=\"https:\/\/www.univ-lorraine.fr\/raa\/wp-content\/plugins\/ul-raa\/img\/pdf.svg\" alt=\"\" \/>cpp.pdf (30.28 Ko)<\/a><\/li><\/ul><\/div><\/div><\/li><li><a href=\"#\" data-featherlight=\"#actelightbox_15423\" title=\"Voir le d\u00e9tail de l'acte ECOLE DES MINES\">ECOLE DES MINES<\/a><div id=\"actelightbox_15423\" class=\"actelightbox\"><div class=\"acte_name\">ECOLE DES MINES<\/div><div class=\"acte_type\">2019 - D\u00e9l\u00e9gation pouvoir s\u00e9curit\u00e9 des locaux<\/div><div class=\"acte_pub_date\">Publi\u00e9 le : 17\/06\/2015<\/div><div class=\"acte_files\"><ul><li><a href=\"https:\/\/www.univ-lorraine.fr\/raa\/wp-content\/uploads\/sites\/6\/2015\/06\/ULDAJ-141-2021-MINES-NANCY-2021.pdf\" target=\"_blank\" title=\"T\u00e9l\u00e9charger le fichier ULDAJ 141-2021 MINES NANCY 2021\"><img decoding=\"async\" src=\"https:\/\/www.univ-lorraine.fr\/raa\/wp-content\/plugins\/ul-raa\/img\/pdf.svg\" alt=\"\" \/>ULDAJ 141-2021 MINES NANCY 2021 (470.69 Ko)<\/a><\/li><\/ul><\/div><\/div><\/li><li><a href=\"#\" data-featherlight=\"#actelightbox_15435\" title=\"Voir le d\u00e9tail de l'acte EEIGM\">EEIGM<\/a><div id=\"actelightbox_15435\" class=\"actelightbox\"><div class=\"acte_name\">EEIGM<\/div><div class=\"acte_type\">2014 - D\u00e9l\u00e9gation pouvoir s\u00e9curit\u00e9 des locaux<\/div><div class=\"acte_pub_date\">Publi\u00e9 le : 17\/06\/2015<\/div><div class=\"acte_files\"><ul><li><a href=\"https:\/\/www.univ-lorraine.fr\/raa\/wp-content\/uploads\/sites\/6\/2021\/02\/eeigm.pdf\" target=\"_blank\" title=\"T\u00e9l\u00e9charger le fichier eeigm.pdf\"><img decoding=\"async\" src=\"https:\/\/www.univ-lorraine.fr\/raa\/wp-content\/plugins\/ul-raa\/img\/pdf.svg\" alt=\"\" \/>eeigm.pdf (31.25 Ko)<\/a><\/li><\/ul><\/div><\/div><\/li><li><a href=\"#\" data-featherlight=\"#actelightbox_15433\" title=\"Voir le d\u00e9tail de l'acte ENSAIA\">ENSAIA<\/a><div id=\"actelightbox_15433\" class=\"actelightbox\"><div class=\"acte_name\">ENSAIA<\/div><div class=\"acte_type\">2013 - D\u00e9l\u00e9gation pouvoir s\u00e9curit\u00e9 des locaux<\/div><div class=\"acte_pub_date\">Publi\u00e9 le : 17\/06\/2015<\/div><div class=\"acte_files\"><ul><li><a href=\"https:\/\/www.univ-lorraine.fr\/raa\/wp-content\/uploads\/sites\/6\/2021\/02\/ensaia.pdf\" target=\"_blank\" title=\"T\u00e9l\u00e9charger le fichier ensaia.pdf\"><img decoding=\"async\" src=\"https:\/\/www.univ-lorraine.fr\/raa\/wp-content\/plugins\/ul-raa\/img\/pdf.svg\" alt=\"\" \/>ensaia.pdf (31.12 Ko)<\/a><\/li><\/ul><\/div><\/div><\/li><li><a href=\"#\" data-featherlight=\"#actelightbox_15431\" title=\"Voir le d\u00e9tail de l'acte ENSEM\">ENSEM<\/a><div id=\"actelightbox_15431\" class=\"actelightbox\"><div class=\"acte_name\">ENSEM<\/div><div class=\"acte_type\">2013 - D\u00e9l\u00e9gation pouvoir s\u00e9curit\u00e9 des locaux<\/div><div class=\"acte_pub_date\">Publi\u00e9 le : 17\/06\/2015<\/div><div class=\"acte_files\"><ul><li><a href=\"https:\/\/www.univ-lorraine.fr\/raa\/wp-content\/uploads\/sites\/6\/2021\/02\/ensem.pdf\" target=\"_blank\" title=\"T\u00e9l\u00e9charger le fichier ensem.pdf\"><img decoding=\"async\" src=\"https:\/\/www.univ-lorraine.fr\/raa\/wp-content\/plugins\/ul-raa\/img\/pdf.svg\" alt=\"\" \/>ensem.pdf (31.09 Ko)<\/a><\/li><\/ul><\/div><\/div><\/li><li><a href=\"#\" data-featherlight=\"#actelightbox_15429\" title=\"Voir le d\u00e9tail de l'acte ENSG\">ENSG<\/a><div id=\"actelightbox_15429\" class=\"actelightbox\"><div class=\"acte_name\">ENSG<\/div><div class=\"acte_type\">2019 - D\u00e9l\u00e9gation pouvoir s\u00e9curit\u00e9 des locaux<\/div><div class=\"acte_pub_date\">Publi\u00e9 le : 17\/06\/2015<\/div><div class=\"acte_files\"><ul><li><a href=\"https:\/\/www.univ-lorraine.fr\/raa\/wp-content\/uploads\/sites\/6\/2021\/02\/pouvoir_ensg_2019.pdf\" target=\"_blank\" title=\"T\u00e9l\u00e9charger le fichier pouvoir_ensg_2019.pdf\"><img decoding=\"async\" src=\"https:\/\/www.univ-lorraine.fr\/raa\/wp-content\/plugins\/ul-raa\/img\/pdf.svg\" alt=\"\" \/>pouvoir_ensg_2019.pdf (529.03 Ko)<\/a><\/li><\/ul><\/div><\/div><\/li><li><a href=\"#\" data-featherlight=\"#actelightbox_15427\" title=\"Voir le d\u00e9tail de l'acte ENSGSI\">ENSGSI<\/a><div id=\"actelightbox_15427\" class=\"actelightbox\"><div class=\"acte_name\">ENSGSI<\/div><div class=\"acte_type\">2013 - D\u00e9l\u00e9gation pouvoir s\u00e9curit\u00e9 des locaux<\/div><div class=\"acte_pub_date\">Publi\u00e9 le : 17\/06\/2015<\/div><div class=\"acte_files\"><ul><li><a href=\"https:\/\/www.univ-lorraine.fr\/raa\/wp-content\/uploads\/sites\/6\/2021\/02\/ensgsi.pdf\" target=\"_blank\" title=\"T\u00e9l\u00e9charger le fichier ensgsi.pdf\"><img decoding=\"async\" src=\"https:\/\/www.univ-lorraine.fr\/raa\/wp-content\/plugins\/ul-raa\/img\/pdf.svg\" alt=\"\" \/>ensgsi.pdf (31.28 Ko)<\/a><\/li><\/ul><\/div><\/div><\/li><li><a href=\"#\" data-featherlight=\"#actelightbox_15425\" title=\"Voir le d\u00e9tail de l'acte ENSIC\">ENSIC<\/a><div id=\"actelightbox_15425\" class=\"actelightbox\"><div class=\"acte_name\">ENSIC<\/div><div class=\"acte_type\">2013 - D\u00e9l\u00e9gation pouvoir s\u00e9curit\u00e9 des locaux<\/div><div class=\"acte_pub_date\">Publi\u00e9 le : 17\/06\/2015<\/div><div class=\"acte_files\"><ul><li><a href=\"https:\/\/www.univ-lorraine.fr\/raa\/wp-content\/uploads\/sites\/6\/2015\/06\/ENSIC.pdf\" target=\"_blank\" title=\"T\u00e9l\u00e9charger le fichier ENSIC\"><img decoding=\"async\" src=\"https:\/\/www.univ-lorraine.fr\/raa\/wp-content\/plugins\/ul-raa\/img\/pdf.svg\" alt=\"\" \/>ENSIC (31.03 Ko)<\/a><\/li><\/ul><\/div><\/div><\/li><li><a href=\"#\" data-featherlight=\"#actelightbox_15421\" title=\"Voir le d\u00e9tail de l'acte ENSTIB\">ENSTIB<\/a><div id=\"actelightbox_15421\" class=\"actelightbox\"><div class=\"acte_name\">ENSTIB<\/div><div class=\"acte_type\">2013 - D\u00e9l\u00e9gation pouvoir s\u00e9curit\u00e9 des locaux<\/div><div class=\"acte_pub_date\">Publi\u00e9 le : 17\/06\/2015<\/div><div class=\"acte_files\"><ul><li><a href=\"https:\/\/www.univ-lorraine.fr\/raa\/wp-content\/uploads\/sites\/6\/2021\/02\/enstib.pdf\" target=\"_blank\" title=\"T\u00e9l\u00e9charger le fichier enstib.pdf\"><img decoding=\"async\" src=\"https:\/\/www.univ-lorraine.fr\/raa\/wp-content\/plugins\/ul-raa\/img\/pdf.svg\" alt=\"\" \/>enstib.pdf (31.21 Ko)<\/a><\/li><\/ul><\/div><\/div><\/li><li><a href=\"#\" data-featherlight=\"#actelightbox_15380\" title=\"Voir le d\u00e9tail de l'acte INSPE\">INSPE<\/a><div id=\"actelightbox_15380\" class=\"actelightbox\"><div class=\"acte_name\">INSPE<\/div><div class=\"acte_type\">2021 - D\u00e9l\u00e9gation pouvoir s\u00e9curit\u00e9 des locaux<\/div><div class=\"acte_pub_date\">Publi\u00e9 le : 17\/06\/2015<\/div><div class=\"acte_files\"><ul><\/ul><\/div><\/div><\/li><li><a href=\"#\" data-featherlight=\"#actelightbox_15419\" title=\"Voir le d\u00e9tail de l'acte IUT EPINAL\">IUT EPINAL<\/a><div id=\"actelightbox_15419\" class=\"actelightbox\"><div class=\"acte_name\">IUT EPINAL<\/div><div class=\"acte_type\">2013 - D\u00e9l\u00e9gation pouvoir s\u00e9curit\u00e9 des locaux<\/div><div class=\"acte_pub_date\">Publi\u00e9 le : 17\/06\/2015<\/div><div class=\"acte_files\"><ul><li><a href=\"https:\/\/www.univ-lorraine.fr\/raa\/wp-content\/uploads\/sites\/6\/2021\/02\/iut_epinal.pdf\" target=\"_blank\" title=\"T\u00e9l\u00e9charger le fichier iut_epinal.pdf\"><img decoding=\"async\" src=\"https:\/\/www.univ-lorraine.fr\/raa\/wp-content\/plugins\/ul-raa\/img\/pdf.svg\" alt=\"\" \/>iut_epinal.pdf (31.09 Ko)<\/a><\/li><\/ul><\/div><\/div><\/li><li><a href=\"#\" data-featherlight=\"#actelightbox_15417\" title=\"Voir le d\u00e9tail de l'acte IUT LONGWY\">IUT LONGWY<\/a><div id=\"actelightbox_15417\" class=\"actelightbox\"><div class=\"acte_name\">IUT LONGWY<\/div><div class=\"acte_type\">2013 - D\u00e9l\u00e9gation pouvoir s\u00e9curit\u00e9 des locaux<\/div><div class=\"acte_pub_date\">Publi\u00e9 le : 17\/06\/2015<\/div><div class=\"acte_files\"><ul><li><a href=\"https:\/\/www.univ-lorraine.fr\/raa\/wp-content\/uploads\/sites\/6\/2021\/02\/iut_longwy_0.pdf\" target=\"_blank\" title=\"T\u00e9l\u00e9charger le fichier iut_longwy_0.pdf\"><img decoding=\"async\" src=\"https:\/\/www.univ-lorraine.fr\/raa\/wp-content\/plugins\/ul-raa\/img\/pdf.svg\" alt=\"\" \/>iut_longwy_0.pdf (31.18 Ko)<\/a><\/li><\/ul><\/div><\/div><\/li><\/ul><\/div>\n\n<\/div><\/div>","protected":false},"excerpt":{"rendered":"","protected":false},"author":7,"featured_media":0,"parent":0,"menu_order":0,"comment_status":"closed","ping_status":"closed","template":"","meta":{"inline_featured_image":false,"footnotes":""},"class_list":["post-16094","page","type-page","status-publish"],"yoast_head":"<!-- This site is optimized with the Yoast SEO plugin v27.4 - https:\/\/yoast.com\/product\/yoast-seo-wordpress\/ -->\n<title>D\u00e9l\u00e9gations de pouvoir \u00e0 la s\u00e9curit\u00e9 des locaux - Recueil des Actes Administratifs (RAA)<\/title>\n<meta name=\"robots\" content=\"index, follow, max-snippet:-1, max-image-preview:large, max-video-preview:-1\" \/>\n<link rel=\"canonical\" href=\"https:\/\/www.univ-lorraine.fr\/raa\/delegations-de-pouvoir-a-la-securite-des-locaux\/\" \/>\n<meta property=\"og:locale\" content=\"fr_FR\" \/>\n<meta property=\"og:type\" content=\"article\" \/>\n<meta property=\"og:title\" content=\"D\u00e9l\u00e9gations de pouvoir \u00e0 la s\u00e9curit\u00e9 des locaux - Recueil des Actes Administratifs (RAA)\" \/>\n<meta property=\"og:url\" content=\"https:\/\/www.univ-lorraine.fr\/raa\/delegations-de-pouvoir-a-la-securite-des-locaux\/\" \/>\n<meta property=\"og:site_name\" content=\"Recueil des Actes Administratifs (RAA)\" \/>\n<meta property=\"article:modified_time\" content=\"2021-03-01T16:26:50+00:00\" \/>\n<meta name=\"twitter:card\" content=\"summary_large_image\" \/>\n<meta name=\"twitter:label1\" content=\"Dur\u00e9e de lecture estim\u00e9e\" \/>\n\t<meta name=\"twitter:data1\" content=\"1 minute\" \/>\n<script type=\"application\/ld+json\" class=\"yoast-schema-graph\">{\"@context\":\"https:\\\/\\\/schema.org\",\"@graph\":[{\"@type\":\"WebPage\",\"@id\":\"https:\\\/\\\/www.univ-lorraine.fr\\\/raa\\\/delegations-de-pouvoir-a-la-securite-des-locaux\\\/\",\"url\":\"https:\\\/\\\/www.univ-lorraine.fr\\\/raa\\\/delegations-de-pouvoir-a-la-securite-des-locaux\\\/\",\"name\":\"D\u00e9l\u00e9gations de pouvoir \u00e0 la s\u00e9curit\u00e9 des locaux - Recueil des Actes Administratifs (RAA)\",\"isPartOf\":{\"@id\":\"https:\\\/\\\/www.univ-lorraine.fr\\\/raa\\\/#website\"},\"datePublished\":\"2021-03-01T16:26:48+00:00\",\"dateModified\":\"2021-03-01T16:26:50+00:00\",\"breadcrumb\":{\"@id\":\"https:\\\/\\\/www.univ-lorraine.fr\\\/raa\\\/delegations-de-pouvoir-a-la-securite-des-locaux\\\/#breadcrumb\"},\"inLanguage\":\"fr-FR\",\"potentialAction\":[{\"@type\":\"ReadAction\",\"target\":[\"https:\\\/\\\/www.univ-lorraine.fr\\\/raa\\\/delegations-de-pouvoir-a-la-securite-des-locaux\\\/\"]}]},{\"@type\":\"BreadcrumbList\",\"@id\":\"https:\\\/\\\/www.univ-lorraine.fr\\\/raa\\\/delegations-de-pouvoir-a-la-securite-des-locaux\\\/#breadcrumb\",\"itemListElement\":[{\"@type\":\"ListItem\",\"position\":1,\"name\":\"Accueil\",\"item\":\"https:\\\/\\\/www.univ-lorraine.fr\\\/raa\\\/\"},{\"@type\":\"ListItem\",\"position\":2,\"name\":\"D\u00e9l\u00e9gations de pouvoir \u00e0 la s\u00e9curit\u00e9 des locaux\"}]},{\"@type\":\"WebSite\",\"@id\":\"https:\\\/\\\/www.univ-lorraine.fr\\\/raa\\\/#website\",\"url\":\"https:\\\/\\\/www.univ-lorraine.fr\\\/raa\\\/\",\"name\":\"Recueil des Actes Administratifs (RAA)\",\"description\":\"\",\"publisher\":{\"@id\":\"https:\\\/\\\/www.univ-lorraine.fr\\\/raa\\\/#organization\"},\"potentialAction\":[{\"@type\":\"SearchAction\",\"target\":{\"@type\":\"EntryPoint\",\"urlTemplate\":\"https:\\\/\\\/www.univ-lorraine.fr\\\/raa\\\/?s={search_term_string}\"},\"query-input\":{\"@type\":\"PropertyValueSpecification\",\"valueRequired\":true,\"valueName\":\"search_term_string\"}}],\"inLanguage\":\"fr-FR\"},{\"@type\":\"Organization\",\"@id\":\"https:\\\/\\\/www.univ-lorraine.fr\\\/raa\\\/#organization\",\"name\":\"Universit\u00e9 de Lorraine\",\"url\":\"https:\\\/\\\/www.univ-lorraine.fr\\\/raa\\\/\",\"logo\":{\"@type\":\"ImageObject\",\"inLanguage\":\"fr-FR\",\"@id\":\"https:\\\/\\\/www.univ-lorraine.fr\\\/raa\\\/#\\\/schema\\\/logo\\\/image\\\/\",\"url\":\"https:\\\/\\\/www.univ-lorraine.fr\\\/raa\\\/wp-content\\\/uploads\\\/sites\\\/6\\\/2021\\\/01\\\/LOGO_UL.png\",\"contentUrl\":\"https:\\\/\\\/www.univ-lorraine.fr\\\/raa\\\/wp-content\\\/uploads\\\/sites\\\/6\\\/2021\\\/01\\\/LOGO_UL.png\",\"width\":138,\"height\":48,\"caption\":\"Universit\u00e9 de Lorraine\"},\"image\":{\"@id\":\"https:\\\/\\\/www.univ-lorraine.fr\\\/raa\\\/#\\\/schema\\\/logo\\\/image\\\/\"}}]}<\/script>\n<!-- \/ Yoast SEO plugin. -->","yoast_head_json":{"title":"D\u00e9l\u00e9gations de pouvoir \u00e0 la s\u00e9curit\u00e9 des locaux - Recueil des Actes Administratifs (RAA)","robots":{"index":"index","follow":"follow","max-snippet":"max-snippet:-1","max-image-preview":"max-image-preview:large","max-video-preview":"max-video-preview:-1"},"canonical":"https:\/\/www.univ-lorraine.fr\/raa\/delegations-de-pouvoir-a-la-securite-des-locaux\/","og_locale":"fr_FR","og_type":"article","og_title":"D\u00e9l\u00e9gations de pouvoir \u00e0 la s\u00e9curit\u00e9 des locaux - Recueil des Actes Administratifs (RAA)","og_url":"https:\/\/www.univ-lorraine.fr\/raa\/delegations-de-pouvoir-a-la-securite-des-locaux\/","og_site_name":"Recueil des Actes Administratifs (RAA)","article_modified_time":"2021-03-01T16:26:50+00:00","twitter_card":"summary_large_image","twitter_misc":{"Dur\u00e9e de lecture estim\u00e9e":"1 minute"},"schema":{"@context":"https:\/\/schema.org","@graph":[{"@type":"WebPage","@id":"https:\/\/www.univ-lorraine.fr\/raa\/delegations-de-pouvoir-a-la-securite-des-locaux\/","url":"https:\/\/www.univ-lorraine.fr\/raa\/delegations-de-pouvoir-a-la-securite-des-locaux\/","name":"D\u00e9l\u00e9gations de pouvoir \u00e0 la s\u00e9curit\u00e9 des locaux - Recueil des Actes Administratifs (RAA)","isPartOf":{"@id":"https:\/\/www.univ-lorraine.fr\/raa\/#website"},"datePublished":"2021-03-01T16:26:48+00:00","dateModified":"2021-03-01T16:26:50+00:00","breadcrumb":{"@id":"https:\/\/www.univ-lorraine.fr\/raa\/delegations-de-pouvoir-a-la-securite-des-locaux\/#breadcrumb"},"inLanguage":"fr-FR","potentialAction":[{"@type":"ReadAction","target":["https:\/\/www.univ-lorraine.fr\/raa\/delegations-de-pouvoir-a-la-securite-des-locaux\/"]}]},{"@type":"BreadcrumbList","@id":"https:\/\/www.univ-lorraine.fr\/raa\/delegations-de-pouvoir-a-la-securite-des-locaux\/#breadcrumb","itemListElement":[{"@type":"ListItem","position":1,"name":"Accueil","item":"https:\/\/www.univ-lorraine.fr\/raa\/"},{"@type":"ListItem","position":2,"name":"D\u00e9l\u00e9gations de pouvoir \u00e0 la s\u00e9curit\u00e9 des locaux"}]},{"@type":"WebSite","@id":"https:\/\/www.univ-lorraine.fr\/raa\/#website","url":"https:\/\/www.univ-lorraine.fr\/raa\/","name":"Recueil des Actes Administratifs (RAA)","description":"","publisher":{"@id":"https:\/\/www.univ-lorraine.fr\/raa\/#organization"},"potentialAction":[{"@type":"SearchAction","target":{"@type":"EntryPoint","urlTemplate":"https:\/\/www.univ-lorraine.fr\/raa\/?s={search_term_string}"},"query-input":{"@type":"PropertyValueSpecification","valueRequired":true,"valueName":"search_term_string"}}],"inLanguage":"fr-FR"},{"@type":"Organization","@id":"https:\/\/www.univ-lorraine.fr\/raa\/#organization","name":"Universit\u00e9 de Lorraine","url":"https:\/\/www.univ-lorraine.fr\/raa\/","logo":{"@type":"ImageObject","inLanguage":"fr-FR","@id":"https:\/\/www.univ-lorraine.fr\/raa\/#\/schema\/logo\/image\/","url":"https:\/\/www.univ-lorraine.fr\/raa\/wp-content\/uploads\/sites\/6\/2021\/01\/LOGO_UL.png","contentUrl":"https:\/\/www.univ-lorraine.fr\/raa\/wp-content\/uploads\/sites\/6\/2021\/01\/LOGO_UL.png","width":138,"height":48,"caption":"Universit\u00e9 de Lorraine"},"image":{"@id":"https:\/\/www.univ-lorraine.fr\/raa\/#\/schema\/logo\/image\/"}}]}},"_links":{"self":[{"href":"https:\/\/www.univ-lorraine.fr\/raa\/wp-json\/wp\/v2\/pages\/16094","targetHints":{"allow":["GET"]}}],"collection":[{"href":"https:\/\/www.univ-lorraine.fr\/raa\/wp-json\/wp\/v2\/pages"}],"about":[{"href":"https:\/\/www.univ-lorraine.fr\/raa\/wp-json\/wp\/v2\/types\/page"}],"author":[{"embeddable":true,"href":"https:\/\/www.univ-lorraine.fr\/raa\/wp-json\/wp\/v2\/users\/7"}],"replies":[{"embeddable":true,"href":"https:\/\/www.univ-lorraine.fr\/raa\/wp-json\/wp\/v2\/comments?post=16094"}],"version-history":[{"count":1,"href":"https:\/\/www.univ-lorraine.fr\/raa\/wp-json\/wp\/v2\/pages\/16094\/revisions"}],"predecessor-version":[{"id":16095,"href":"https:\/\/www.univ-lorraine.fr\/raa\/wp-json\/wp\/v2\/pages\/16094\/revisions\/16095"}],"wp:attachment":[{"href":"https:\/\/www.univ-lorraine.fr\/raa\/wp-json\/wp\/v2\/media?parent=16094"}],"curies":[{"name":"wp","href":"https:\/\/api.w.org\/{rel}","templated":true}]}}