{"id":16169,"date":"2021-03-30T16:39:15","date_gmt":"2021-03-30T14:39:15","guid":{"rendered":"https:\/\/www.univ-lorraine.fr\/raa\/?page_id=16169"},"modified":"2021-10-28T09:57:14","modified_gmt":"2021-10-28T07:57:14","slug":"scolarite","status":"publish","type":"page","link":"https:\/\/www.univ-lorraine.fr\/raa\/scolarite\/","title":{"rendered":"Scolarit\u00e9"},"content":{"rendered":"\n<h2 class=\"gb-headline gb-headline-e8d67be3 gb-headline-text\">Modalit\u00e9s de contr\u00f4le des connaissances<\/h2>\n\n\n<div id=\"liste_actes\"><a name=\"goto_list_actes_d36777a0\"><\/a><div class=\"acte_pagination\"><div class=\"pagination-container\"><ul class=\"pagination\"><li><a href=\"\/raa\/wp-json\/wp\/v2\/pages\/16169?pg-d36777a0=1#goto_list_actes_d36777a0\" class=\"page-change active-page\" data-page=\"1\" title=\"Aller \u00e0 la page 1 de la liste des actes\">1<\/a><\/li><li><a href=\"\/raa\/wp-json\/wp\/v2\/pages\/16169?pg-d36777a0=2#goto_list_actes_d36777a0\" class=\"page-change \" data-page=\"2\" title=\"Aller \u00e0 la page 2 de la liste des actes\">2<\/a><\/li><\/ul><\/div><\/div><ul class=\"liste_des_actes\"><li><a href=\"#\" data-featherlight=\"#actelightbox_25205\" title=\"Voir le d\u00e9tail de l'acte M3C 2025\/2026\">M3C 2025\/2026<\/a><div id=\"actelightbox_25205\" class=\"actelightbox\"><div class=\"acte_name\">M3C 2025\/2026<\/div><div class=\"acte_type\">2025 - Modalit\u00e9s de contr\u00f4le des connaissances<\/div><div class=\"acte_pub_date\">Publi\u00e9 le : 6\/11\/2025<\/div><div class=\"acte_files\"><ul><li><a href=\"https:\/\/www.univ-lorraine.fr\/raa\/wp-content\/uploads\/sites\/6\/2025\/11\/0.mcc-collegium-all.pdf\" target=\"_blank\" title=\"T\u00e9l\u00e9charger le fichier M3C Coll\u00e9gium ALL 2025-2026\"><img decoding=\"async\" src=\"https:\/\/www.univ-lorraine.fr\/raa\/wp-content\/plugins\/ul-raa\/img\/pdf.svg\" alt=\"\" \/>M3C Coll\u00e9gium ALL 2025-2026 (5.41 Mo)<\/a><\/li><li><a href=\"https:\/\/www.univ-lorraine.fr\/raa\/wp-content\/uploads\/sites\/6\/2025\/11\/01.-m3c-collegium-deg.pdf\" target=\"_blank\" title=\"T\u00e9l\u00e9charger le fichier M3C coll\u00e9gium DEG 2025-2026\"><img decoding=\"async\" src=\"https:\/\/www.univ-lorraine.fr\/raa\/wp-content\/plugins\/ul-raa\/img\/pdf.svg\" alt=\"\" \/>M3C coll\u00e9gium DEG 2025-2026 (8.98 Mo)<\/a><\/li><li><a href=\"https:\/\/www.univ-lorraine.fr\/raa\/wp-content\/uploads\/sites\/6\/2025\/11\/0.-m3c-collegium-interface.pdf\" target=\"_blank\" title=\"T\u00e9l\u00e9charger le fichier M3C Coll\u00e9gium Interface 2025-2026\"><img decoding=\"async\" src=\"https:\/\/www.univ-lorraine.fr\/raa\/wp-content\/plugins\/ul-raa\/img\/pdf.svg\" alt=\"\" \/>M3C Coll\u00e9gium Interface 2025-2026 (2.78 Mo)<\/a><\/li><li><a href=\"https:\/\/www.univ-lorraine.fr\/raa\/wp-content\/uploads\/sites\/6\/2025\/11\/m3c-collegium-linp.pdf\" target=\"_blank\" title=\"T\u00e9l\u00e9charger le fichier M3C Coll\u00e9gium LINP 2025-2026\"><img decoding=\"async\" src=\"https:\/\/www.univ-lorraine.fr\/raa\/wp-content\/plugins\/ul-raa\/img\/pdf.svg\" alt=\"\" \/>M3C Coll\u00e9gium LINP 2025-2026 (17.23 Mo)<\/a><\/li><li><a href=\"https:\/\/www.univ-lorraine.fr\/raa\/wp-content\/uploads\/sites\/6\/2025\/11\/0.m3c-collegium-lmi.pdf\" target=\"_blank\" title=\"T\u00e9l\u00e9charger le fichier M3C Coll\u00e9gium LMI 2025-2026\"><img decoding=\"async\" src=\"https:\/\/www.univ-lorraine.fr\/raa\/wp-content\/plugins\/ul-raa\/img\/pdf.svg\" alt=\"\" \/>M3C Coll\u00e9gium LMI 2025-2026 (7.16 Mo)<\/a><\/li><li><a href=\"https:\/\/www.univ-lorraine.fr\/raa\/wp-content\/uploads\/sites\/6\/2025\/11\/0.m3c-collegium-sante-20252026.pdf\" target=\"_blank\" title=\"T\u00e9l\u00e9charger le fichier M3C Coll\u00e9gium Sant\u00e9 2025-2026\"><img decoding=\"async\" src=\"https:\/\/www.univ-lorraine.fr\/raa\/wp-content\/plugins\/ul-raa\/img\/pdf.svg\" alt=\"\" \/>M3C Coll\u00e9gium Sant\u00e9 2025-2026 (5.47 Mo)<\/a><\/li><li><a href=\"https:\/\/www.univ-lorraine.fr\/raa\/wp-content\/uploads\/sites\/6\/2025\/11\/m3c-collegium-st-2025-2026_partie1.pdf\" target=\"_blank\" title=\"T\u00e9l\u00e9charger le fichier M3C Coll\u00e9gium S&T 2025-2026_Partie1\"><img decoding=\"async\" src=\"https:\/\/www.univ-lorraine.fr\/raa\/wp-content\/plugins\/ul-raa\/img\/pdf.svg\" alt=\"\" \/>M3C Coll\u00e9gium S&T 2025-2026_Partie1 (10.20 Mo)<\/a><\/li><li><a href=\"https:\/\/www.univ-lorraine.fr\/raa\/wp-content\/uploads\/sites\/6\/2025\/11\/m3c-collegium-st-2025-2026_partie2.pdf\" target=\"_blank\" title=\"T\u00e9l\u00e9charger le fichier M3C Coll\u00e9gium S&T 2025-2026_Partie2\"><img decoding=\"async\" src=\"https:\/\/www.univ-lorraine.fr\/raa\/wp-content\/plugins\/ul-raa\/img\/pdf.svg\" alt=\"\" \/>M3C Coll\u00e9gium S&T 2025-2026_Partie2 (13.68 Mo)<\/a><\/li><li><a href=\"https:\/\/www.univ-lorraine.fr\/raa\/wp-content\/uploads\/sites\/6\/2025\/11\/m3c-collegium-st-2025-2026_partie3.pdf\" target=\"_blank\" title=\"T\u00e9l\u00e9charger le fichier M3C Coll\u00e9gium S&T 2025-2026_Partie3\"><img decoding=\"async\" src=\"https:\/\/www.univ-lorraine.fr\/raa\/wp-content\/plugins\/ul-raa\/img\/pdf.svg\" alt=\"\" \/>M3C Coll\u00e9gium S&T 2025-2026_Partie3 (8.92 Mo)<\/a><\/li><li><a href=\"https:\/\/www.univ-lorraine.fr\/raa\/wp-content\/uploads\/sites\/6\/2025\/11\/m3c-collegium-st-2025-2026_partie4.pdf\" target=\"_blank\" title=\"T\u00e9l\u00e9charger le fichier M3C Coll\u00e9gium S&T 2025-2026_Partie4\"><img decoding=\"async\" src=\"https:\/\/www.univ-lorraine.fr\/raa\/wp-content\/plugins\/ul-raa\/img\/pdf.svg\" alt=\"\" \/>M3C Coll\u00e9gium S&T 2025-2026_Partie4 (5.49 Mo)<\/a><\/li><li><a href=\"https:\/\/www.univ-lorraine.fr\/raa\/wp-content\/uploads\/sites\/6\/2025\/11\/0.-m3c-collegium-technologie-2025-2026_partie1.pdf\" target=\"_blank\" title=\"T\u00e9l\u00e9charger le fichier M3C Coll\u00e9gium Technologie 2025-2026_Partie1\"><img decoding=\"async\" src=\"https:\/\/www.univ-lorraine.fr\/raa\/wp-content\/plugins\/ul-raa\/img\/pdf.svg\" alt=\"\" \/>M3C Coll\u00e9gium Technologie 2025-2026_Partie1 (11.96 Mo)<\/a><\/li><li><a href=\"https:\/\/www.univ-lorraine.fr\/raa\/wp-content\/uploads\/sites\/6\/2025\/11\/0.-m3c-collegium-technologie-2025-2026_partie2.pdf\" target=\"_blank\" title=\"T\u00e9l\u00e9charger le fichier M3C Coll\u00e9gium Technologie 2025-2026_Partie2\"><img decoding=\"async\" src=\"https:\/\/www.univ-lorraine.fr\/raa\/wp-content\/plugins\/ul-raa\/img\/pdf.svg\" alt=\"\" \/>M3C Coll\u00e9gium Technologie 2025-2026_Partie2 (14.01 Mo)<\/a><\/li><li><a href=\"https:\/\/www.univ-lorraine.fr\/raa\/wp-content\/uploads\/sites\/6\/2025\/11\/0.-m3c-collegium-technologie-2025-2026_partie3.pdf\" target=\"_blank\" title=\"T\u00e9l\u00e9charger le fichier M3C Coll\u00e9gium Technologie 2025-2026_Partie3\"><img decoding=\"async\" src=\"https:\/\/www.univ-lorraine.fr\/raa\/wp-content\/plugins\/ul-raa\/img\/pdf.svg\" alt=\"\" \/>M3C Coll\u00e9gium Technologie 2025-2026_Partie3 (18.49 Mo)<\/a><\/li><li><a href=\"https:\/\/www.univ-lorraine.fr\/raa\/wp-content\/uploads\/sites\/6\/2025\/11\/0.-m3c-collegium-technologie-2025-2026_partie4.pdf\" target=\"_blank\" title=\"T\u00e9l\u00e9charger le fichier M3C Coll\u00e9gium Technologie 2025-2026_Partie4\"><img decoding=\"async\" src=\"https:\/\/www.univ-lorraine.fr\/raa\/wp-content\/plugins\/ul-raa\/img\/pdf.svg\" alt=\"\" \/>M3C Coll\u00e9gium Technologie 2025-2026_Partie4 (8.58 Mo)<\/a><\/li><li><a href=\"https:\/\/www.univ-lorraine.fr\/raa\/wp-content\/uploads\/sites\/6\/2025\/11\/00_releve-de-decisions-du-conseil-de-collegium-shs-du-3-octobre-2025.pdf\" target=\"_blank\" title=\"T\u00e9l\u00e9charger le fichier 00_Relev\u00e9 de d\u00e9cisions du Conseil de Collegium SHS du 3 octobre 2025\"><img decoding=\"async\" src=\"https:\/\/www.univ-lorraine.fr\/raa\/wp-content\/plugins\/ul-raa\/img\/pdf.svg\" alt=\"\" \/>00_Relev\u00e9 de d\u00e9cisions du Conseil de Collegium SHS du 3 octobre 2025 (213.48 Ko)<\/a><\/li><li><a href=\"https:\/\/www.univ-lorraine.fr\/raa\/wp-content\/uploads\/sites\/6\/2025\/11\/0.-pv-m3c-sante.pdf\" target=\"_blank\" title=\"T\u00e9l\u00e9charger le fichier PV M3C Sant\u00e9\"><img decoding=\"async\" src=\"https:\/\/www.univ-lorraine.fr\/raa\/wp-content\/plugins\/ul-raa\/img\/pdf.svg\" alt=\"\" \/>PV M3C Sant\u00e9 (733.84 Ko)<\/a><\/li><li><a href=\"https:\/\/www.univ-lorraine.fr\/raa\/wp-content\/uploads\/sites\/6\/2025\/11\/00-_rd._conseil_de_collegium_lmi_09.07.25.pdf\" target=\"_blank\" title=\"T\u00e9l\u00e9charger le fichier 00-_RD._Conseil_de_collegium_LMI_09.07.25\"><img decoding=\"async\" src=\"https:\/\/www.univ-lorraine.fr\/raa\/wp-content\/plugins\/ul-raa\/img\/pdf.svg\" alt=\"\" \/>00-_RD._Conseil_de_collegium_LMI_09.07.25 (480.59 Ko)<\/a><\/li><li><a href=\"https:\/\/www.univ-lorraine.fr\/raa\/wp-content\/uploads\/sites\/6\/2025\/11\/00.releve_de_decisions_du_conseil_de_collegium_interface_4_septembre_2025.pdf\" target=\"_blank\" title=\"T\u00e9l\u00e9charger le fichier 00.Releve_de_decisions_du_Conseil_de_collegium_INTERFACE_4_septembre_2025\"><img decoding=\"async\" src=\"https:\/\/www.univ-lorraine.fr\/raa\/wp-content\/plugins\/ul-raa\/img\/pdf.svg\" alt=\"\" \/>00.Releve_de_decisions_du_Conseil_de_collegium_INTERFACE_4_septembre_2025 (319.99 Ko)<\/a><\/li><li><a href=\"https:\/\/www.univ-lorraine.fr\/raa\/wp-content\/uploads\/sites\/6\/2025\/11\/00.releve-deliberations_conseil-de-collegium-all_13-octobre-2025.pdf\" target=\"_blank\" title=\"T\u00e9l\u00e9charger le fichier 00.Relev\u00e9 d\u00e9lib\u00e9rations_conseil de coll\u00e9gium ALL_13 octobre 2025\"><img decoding=\"async\" src=\"https:\/\/www.univ-lorraine.fr\/raa\/wp-content\/plugins\/ul-raa\/img\/pdf.svg\" alt=\"\" \/>00.Relev\u00e9 d\u00e9lib\u00e9rations_conseil de coll\u00e9gium ALL_13 octobre 2025 (291.29 Ko)<\/a><\/li><li><a href=\"https:\/\/www.univ-lorraine.fr\/raa\/wp-content\/uploads\/sites\/6\/2025\/11\/0.releve-de-deliberation-conseil-collegium-deg-du-2025.06.05.pdf\" target=\"_blank\" title=\"T\u00e9l\u00e9charger le fichier M3C Coll\u00e9gium DEG - Relev\u00e9 des d\u00e9lib\u00e9rations 05 juin 2025\"><img decoding=\"async\" src=\"https:\/\/www.univ-lorraine.fr\/raa\/wp-content\/plugins\/ul-raa\/img\/pdf.svg\" alt=\"\" \/>M3C Coll\u00e9gium DEG - Relev\u00e9 des d\u00e9lib\u00e9rations 05 juin 2025 (523.08 Ko)<\/a><\/li><li><a href=\"https:\/\/www.univ-lorraine.fr\/raa\/wp-content\/uploads\/sites\/6\/2025\/11\/0.releve-de-deliberations-conseil-collegium-deg-du-2025.09.18.pdf\" target=\"_blank\" title=\"T\u00e9l\u00e9charger le fichier 0.Relev\u00e9 de d\u00e9lib\u00e9rations Conseil Collegium DEG du 2025.09.18\"><img decoding=\"async\" src=\"https:\/\/www.univ-lorraine.fr\/raa\/wp-content\/plugins\/ul-raa\/img\/pdf.svg\" alt=\"\" \/>0.Relev\u00e9 de d\u00e9lib\u00e9rations Conseil Collegium DEG du 2025.09.18 (600.15 Ko)<\/a><\/li><\/ul><\/div><\/div><\/li><li><a href=\"#\" data-featherlight=\"#actelightbox_23803\" title=\"Voir le d\u00e9tail de l'acte M3C COLL TECH 2024-2025\">M3C COLL TECH 2024-2025<\/a><div id=\"actelightbox_23803\" class=\"actelightbox\"><div class=\"acte_name\">M3C COLL TECH 2024-2025<\/div><div class=\"acte_type\">2024 - Modalit\u00e9s de contr\u00f4le des connaissances<\/div><div class=\"acte_pub_date\">Publi\u00e9 le : 5\/12\/2024<\/div><div class=\"acte_files\"><ul><li><a href=\"https:\/\/www.univ-lorraine.fr\/raa\/wp-content\/uploads\/sites\/6\/2024\/12\/m3c-coll-tech-2024-2025_partie1.pdf\" target=\"_blank\" title=\"T\u00e9l\u00e9charger le fichier M3C COLL TECH 2024-2025_Partie1\"><img decoding=\"async\" src=\"https:\/\/www.univ-lorraine.fr\/raa\/wp-content\/plugins\/ul-raa\/img\/pdf.svg\" alt=\"\" \/>M3C COLL TECH 2024-2025_Partie1 (14.91 Mo)<\/a><\/li><li><a href=\"https:\/\/www.univ-lorraine.fr\/raa\/wp-content\/uploads\/sites\/6\/2024\/12\/m3c-coll-tech-2024-2025_partie2.pdf\" target=\"_blank\" title=\"T\u00e9l\u00e9charger le fichier M3C COLL TECH 2024-2025_Partie2\"><img decoding=\"async\" src=\"https:\/\/www.univ-lorraine.fr\/raa\/wp-content\/plugins\/ul-raa\/img\/pdf.svg\" alt=\"\" \/>M3C COLL TECH 2024-2025_Partie2 (15.10 Mo)<\/a><\/li><\/ul><\/div><\/div><\/li><li><a href=\"#\" data-featherlight=\"#actelightbox_23801\" title=\"Voir le d\u00e9tail de l'acte M3C COLL L-INP M2 ENSG 2024-2025\">M3C COLL L-INP M2 ENSG 2024-2025<\/a><div id=\"actelightbox_23801\" class=\"actelightbox\"><div class=\"acte_name\">M3C COLL L-INP M2 ENSG 2024-2025<\/div><div class=\"acte_type\">2024 - Modalit\u00e9s de contr\u00f4le des connaissances<\/div><div class=\"acte_pub_date\">Publi\u00e9 le : 5\/12\/2024<\/div><div class=\"acte_files\"><ul><li><a href=\"https:\/\/www.univ-lorraine.fr\/raa\/wp-content\/uploads\/sites\/6\/2024\/12\/m3c-coll-l-inp-m2-ensg-2024-2025.pdf\" target=\"_blank\" title=\"T\u00e9l\u00e9charger le fichier M3C COLL L-INP M2 ENSG 2024-2025\"><img decoding=\"async\" src=\"https:\/\/www.univ-lorraine.fr\/raa\/wp-content\/plugins\/ul-raa\/img\/pdf.svg\" alt=\"\" \/>M3C COLL L-INP M2 ENSG 2024-2025 (351.11 Ko)<\/a><\/li><\/ul><\/div><\/div><\/li><li><a href=\"#\" data-featherlight=\"#actelightbox_23661\" title=\"Voir le d\u00e9tail de l'acte MCC 2024-2025\">MCC 2024-2025<\/a><div id=\"actelightbox_23661\" class=\"actelightbox\"><div class=\"acte_name\">MCC 2024-2025<\/div><div class=\"acte_type\">2024 - Modalit\u00e9s de contr\u00f4le des connaissances<\/div><div class=\"acte_pub_date\">Publi\u00e9 le : 21\/10\/2024<\/div><div class=\"acte_files\"><ul><li><a href=\"https:\/\/www.univ-lorraine.fr\/raa\/wp-content\/uploads\/sites\/6\/2024\/10\/m3c-coll-all-2024-2025-vote-du-23-26.09.2024.pdf\" target=\"_blank\" title=\"T\u00e9l\u00e9charger le fichier M3C COLL ALL 2024-2025 vote du 23-26.09.2024\"><img decoding=\"async\" src=\"https:\/\/www.univ-lorraine.fr\/raa\/wp-content\/plugins\/ul-raa\/img\/pdf.svg\" alt=\"\" \/>M3C COLL ALL 2024-2025 vote du 23-26.09.2024 (5.76 Mo)<\/a><\/li><li><a href=\"https:\/\/www.univ-lorraine.fr\/raa\/wp-content\/uploads\/sites\/6\/2024\/10\/m3c-coll-deg-2024-2025.pdf\" target=\"_blank\" title=\"T\u00e9l\u00e9charger le fichier M3C COLL DEG 2024-2025\"><img decoding=\"async\" src=\"https:\/\/www.univ-lorraine.fr\/raa\/wp-content\/plugins\/ul-raa\/img\/pdf.svg\" alt=\"\" \/>M3C COLL DEG 2024-2025 (18.03 Mo)<\/a><\/li><li><a href=\"https:\/\/www.univ-lorraine.fr\/raa\/wp-content\/uploads\/sites\/6\/2024\/10\/m3c-coll-interface-2024-2025.pdf\" target=\"_blank\" title=\"T\u00e9l\u00e9charger le fichier M3C COLL INTERFACE 2024-2025\"><img decoding=\"async\" src=\"https:\/\/www.univ-lorraine.fr\/raa\/wp-content\/plugins\/ul-raa\/img\/pdf.svg\" alt=\"\" \/>M3C COLL INTERFACE 2024-2025 (3.25 Mo)<\/a><\/li><li><a href=\"https:\/\/www.univ-lorraine.fr\/raa\/wp-content\/uploads\/sites\/6\/2024\/10\/m3c-coll-l-inp-2024-2025.pdf\" target=\"_blank\" title=\"T\u00e9l\u00e9charger le fichier M3C COLL L-INP 2024-2025\"><img decoding=\"async\" src=\"https:\/\/www.univ-lorraine.fr\/raa\/wp-content\/plugins\/ul-raa\/img\/pdf.svg\" alt=\"\" \/>M3C COLL L-INP 2024-2025 (16.80 Mo)<\/a><\/li><li><a href=\"https:\/\/www.univ-lorraine.fr\/raa\/wp-content\/uploads\/sites\/6\/2024\/10\/m3c-coll-lmi-2024-2025.pdf\" target=\"_blank\" title=\"T\u00e9l\u00e9charger le fichier M3C COLL LMI 2024-2025\"><img decoding=\"async\" src=\"https:\/\/www.univ-lorraine.fr\/raa\/wp-content\/plugins\/ul-raa\/img\/pdf.svg\" alt=\"\" \/>M3C COLL LMI 2024-2025 (4.06 Mo)<\/a><\/li><li><a href=\"https:\/\/www.univ-lorraine.fr\/raa\/wp-content\/uploads\/sites\/6\/2024\/10\/m3c-coll-sante-2024-2025.pdf\" target=\"_blank\" title=\"T\u00e9l\u00e9charger le fichier M3C COLL SANTE 2024-2025\"><img decoding=\"async\" src=\"https:\/\/www.univ-lorraine.fr\/raa\/wp-content\/plugins\/ul-raa\/img\/pdf.svg\" alt=\"\" \/>M3C COLL SANTE 2024-2025 (9.58 Mo)<\/a><\/li><li><a href=\"https:\/\/www.univ-lorraine.fr\/raa\/wp-content\/uploads\/sites\/6\/2024\/10\/m3c-coll-shs-2024-2025.pdf\" target=\"_blank\" title=\"T\u00e9l\u00e9charger le fichier M3C COLL SHS 2024-2025\"><img decoding=\"async\" src=\"https:\/\/www.univ-lorraine.fr\/raa\/wp-content\/plugins\/ul-raa\/img\/pdf.svg\" alt=\"\" \/>M3C COLL SHS 2024-2025 (15.87 Mo)<\/a><\/li><li><a href=\"https:\/\/www.univ-lorraine.fr\/raa\/wp-content\/uploads\/sites\/6\/2024\/10\/m3c-inspe-2024-2025.pdf\" target=\"_blank\" title=\"T\u00e9l\u00e9charger le fichier M3C INSPE 2024-2025\"><img decoding=\"async\" src=\"https:\/\/www.univ-lorraine.fr\/raa\/wp-content\/plugins\/ul-raa\/img\/pdf.svg\" alt=\"\" \/>M3C INSPE 2024-2025 (4.95 Mo)<\/a><\/li><\/ul><\/div><\/div><\/li><li><a href=\"#\" data-featherlight=\"#actelightbox_18317\" title=\"Voir le d\u00e9tail de l'acte coll\u00e9gium ALL - 22 janvier 2022 - \u00e9preuves de substitution (circulaires du 5 ao\u00fbt 2021 et du 29 d\u00e9cembre 2021)\">coll\u00e9gium ALL - 22 janvier 2022 - \u00e9preuves de substitution (circulaires du 5 ao\u00fbt 2021 et du 29 d\u00e9cembre 2021)<\/a><div id=\"actelightbox_18317\" class=\"actelightbox\"><div class=\"acte_name\">coll\u00e9gium ALL - 22 janvier 2022 - \u00e9preuves de substitution (circulaires du 5 ao\u00fbt 2021 et du 29 d\u00e9cembre 2021)<\/div><div class=\"acte_type\">2022 - Modalit\u00e9s de contr\u00f4le des connaissances<\/div><div class=\"acte_pub_date\">Publi\u00e9 le : 3\/03\/2022<\/div><div class=\"acte_files\"><ul><li><a href=\"https:\/\/www.univ-lorraine.fr\/raa\/wp-content\/uploads\/sites\/6\/2022\/03\/C_ALL_RD_22012022_epreuve-substitution.pdf\" target=\"_blank\" title=\"T\u00e9l\u00e9charger le fichier d\u00e9lib\u00e9ration relative aux \u00e9preuves de substitution\"><img decoding=\"async\" src=\"https:\/\/www.univ-lorraine.fr\/raa\/wp-content\/plugins\/ul-raa\/img\/pdf.svg\" alt=\"\" \/>d\u00e9lib\u00e9ration relative aux \u00e9preuves de substitution (73.17 Ko)<\/a><\/li><li><a href=\"https:\/\/www.univ-lorraine.fr\/raa\/wp-content\/uploads\/sites\/6\/2022\/03\/C_ALL_modalites-epreuves-de-substitution.pdf\" target=\"_blank\" title=\"T\u00e9l\u00e9charger le fichier annexe relative aux modalit\u00e9s \u00e9preuves de substitution\"><img decoding=\"async\" src=\"https:\/\/www.univ-lorraine.fr\/raa\/wp-content\/plugins\/ul-raa\/img\/pdf.svg\" alt=\"\" \/>annexe relative aux modalit\u00e9s \u00e9preuves de substitution (475.04 Ko)<\/a><\/li><\/ul><\/div><\/div><\/li><li><a href=\"#\" data-featherlight=\"#actelightbox_18283\" title=\"Voir le d\u00e9tail de l'acte coll\u00e9gium ST - 10 janvier 2022 - \u00e9preuves de substitution (circulaires du 5 ao\u00fbt 2021 et du 29 d\u00e9cembre 2021)\">coll\u00e9gium ST - 10 janvier 2022 - \u00e9preuves de substitution (circulaires du 5 ao\u00fbt 2021 et du 29 d\u00e9cembre 2021)<\/a><div id=\"actelightbox_18283\" class=\"actelightbox\"><div class=\"acte_name\">coll\u00e9gium ST - 10 janvier 2022 - \u00e9preuves de substitution (circulaires du 5 ao\u00fbt 2021 et du 29 d\u00e9cembre 2021)<\/div><div class=\"acte_type\">2022 - Modalit\u00e9s de contr\u00f4le des connaissances<\/div><div class=\"acte_pub_date\">Publi\u00e9 le : 24\/02\/2022<\/div><div class=\"acte_files\"><ul><li><a href=\"https:\/\/www.univ-lorraine.fr\/raa\/wp-content\/uploads\/sites\/6\/2022\/02\/C_ST_RD_10012022_epreuve-substitution.pdf\" target=\"_blank\" title=\"T\u00e9l\u00e9charger le fichier d\u00e9lib\u00e9ration relative aux epreuve substitution\"><img decoding=\"async\" src=\"https:\/\/www.univ-lorraine.fr\/raa\/wp-content\/plugins\/ul-raa\/img\/pdf.svg\" alt=\"\" \/>d\u00e9lib\u00e9ration relative aux epreuve substitution (197.70 Ko)<\/a><\/li><li><a href=\"https:\/\/www.univ-lorraine.fr\/raa\/wp-content\/uploads\/sites\/6\/2022\/02\/C_ST_Modalites-pour-les-epreuves-de-substitution.pdf\" target=\"_blank\" title=\"T\u00e9l\u00e9charger le fichier modalit\u00e9s pour les \u00e9preuves de substitution\"><img decoding=\"async\" src=\"https:\/\/www.univ-lorraine.fr\/raa\/wp-content\/plugins\/ul-raa\/img\/pdf.svg\" alt=\"\" \/>modalit\u00e9s pour les \u00e9preuves de substitution (120.10 Ko)<\/a><\/li><\/ul><\/div><\/div><\/li><li><a href=\"#\" data-featherlight=\"#actelightbox_18280\" title=\"Voir le d\u00e9tail de l'acte coll\u00e9gium SHS - 14 janvier 2022 - \u00e9preuves de substitution (circulaires du 5 ao\u00fbt 2021 et du 29 d\u00e9cembre 2021)\">coll\u00e9gium SHS - 14 janvier 2022 - \u00e9preuves de substitution (circulaires du 5 ao\u00fbt 2021 et du 29 d\u00e9cembre 2021)<\/a><div id=\"actelightbox_18280\" class=\"actelightbox\"><div class=\"acte_name\">coll\u00e9gium SHS - 14 janvier 2022 - \u00e9preuves de substitution (circulaires du 5 ao\u00fbt 2021 et du 29 d\u00e9cembre 2021)<\/div><div class=\"acte_type\">2022 - Modalit\u00e9s de contr\u00f4le des connaissances<\/div><div class=\"acte_pub_date\">Publi\u00e9 le : 23\/02\/2022<\/div><div class=\"acte_files\"><ul><li><a href=\"https:\/\/www.univ-lorraine.fr\/raa\/wp-content\/uploads\/sites\/6\/2022\/02\/C_SHS_RD_14012022_epreuve-substitution.pdf\" target=\"_blank\" title=\"T\u00e9l\u00e9charger le fichier d\u00e9lib\u00e9ration relative aux \u00e9preuves de substitution\"><img decoding=\"async\" src=\"https:\/\/www.univ-lorraine.fr\/raa\/wp-content\/plugins\/ul-raa\/img\/pdf.svg\" alt=\"\" \/>d\u00e9lib\u00e9ration relative aux \u00e9preuves de substitution (506.39 Ko)<\/a><\/li><li><a href=\"https:\/\/www.univ-lorraine.fr\/raa\/wp-content\/uploads\/sites\/6\/2022\/02\/C_SHS_Modalites-pour-les-epreuves-de-substitution.pdf\" target=\"_blank\" title=\"T\u00e9l\u00e9charger le fichier modalit\u00e9s relatives aux \u00e9preuves de substitution\"><img decoding=\"async\" src=\"https:\/\/www.univ-lorraine.fr\/raa\/wp-content\/plugins\/ul-raa\/img\/pdf.svg\" alt=\"\" \/>modalit\u00e9s relatives aux \u00e9preuves de substitution (471.12 Ko)<\/a><\/li><\/ul><\/div><\/div><\/li><li><a href=\"#\" data-featherlight=\"#actelightbox_18084\" title=\"Voir le d\u00e9tail de l'acte coll\u00e9gium Sant\u00e9 - 18 janvier 2022 - \u00e9preuves de substitution (circulaires du 5 ao\u00fbt 2021 et du 29 d\u00e9cembre 2021) (transmission recteur : 2 f\u00e9vrier 2022)\">coll\u00e9gium Sant\u00e9 - 18 janvier 2022 - \u00e9preuves de substitution (circulaires du 5 ao\u00fbt 2021 et du 29 d\u00e9cembre 2021) (transmission recteur : 2 f\u00e9vrier 2022)<\/a><div id=\"actelightbox_18084\" class=\"actelightbox\"><div class=\"acte_name\">coll\u00e9gium Sant\u00e9 - 18 janvier 2022 - \u00e9preuves de substitution (circulaires du 5 ao\u00fbt 2021 et du 29 d\u00e9cembre 2021) (transmission recteur : 2 f\u00e9vrier 2022)<\/div><div class=\"acte_type\">2022 - Modalit\u00e9s de contr\u00f4le des connaissances<\/div><div class=\"acte_pub_date\">Publi\u00e9 le : 21\/01\/2022<\/div><div class=\"acte_files\"><ul><li><a href=\"https:\/\/www.univ-lorraine.fr\/raa\/wp-content\/uploads\/sites\/6\/2022\/01\/C_Sante_RD_18012022_epreuve-substitution.pdf\" target=\"_blank\" title=\"T\u00e9l\u00e9charger le fichier d\u00e9lib\u00e9ration relative aux modalit\u00e9s de l'\u00e9preuve de substitution\"><img decoding=\"async\" src=\"https:\/\/www.univ-lorraine.fr\/raa\/wp-content\/plugins\/ul-raa\/img\/pdf.svg\" alt=\"\" \/>d\u00e9lib\u00e9ration relative aux modalit\u00e9s de l'\u00e9preuve de substitution (212.51 Ko)<\/a><\/li><li><a href=\"https:\/\/www.univ-lorraine.fr\/raa\/wp-content\/uploads\/sites\/6\/2022\/01\/20210118_medecine_epreuve-substitution.pdf\" target=\"_blank\" title=\"T\u00e9l\u00e9charger le fichier annexe \u00e0 la d\u00e9lib\u00e9ration - m\u00e9decine\"><img decoding=\"async\" src=\"https:\/\/www.univ-lorraine.fr\/raa\/wp-content\/plugins\/ul-raa\/img\/pdf.svg\" alt=\"\" \/>annexe \u00e0 la d\u00e9lib\u00e9ration - m\u00e9decine (775.05 Ko)<\/a><\/li><li><a href=\"https:\/\/www.univ-lorraine.fr\/raa\/wp-content\/uploads\/sites\/6\/2022\/01\/20210118_pharmacie_epreuve-substitution.pdf\" target=\"_blank\" title=\"T\u00e9l\u00e9charger le fichier annexe \u00e0 la d\u00e9lib\u00e9ration - pharmacie\"><img decoding=\"async\" src=\"https:\/\/www.univ-lorraine.fr\/raa\/wp-content\/plugins\/ul-raa\/img\/pdf.svg\" alt=\"\" \/>annexe \u00e0 la d\u00e9lib\u00e9ration - pharmacie (395.87 Ko)<\/a><\/li><li><a href=\"https:\/\/www.univ-lorraine.fr\/raa\/wp-content\/uploads\/sites\/6\/2022\/01\/20210118_odontologie_epreuve-substitution.pdf\" target=\"_blank\" title=\"T\u00e9l\u00e9charger le fichier annexe \u00e0 la d\u00e9lib\u00e9ration - odontologie\"><img decoding=\"async\" src=\"https:\/\/www.univ-lorraine.fr\/raa\/wp-content\/plugins\/ul-raa\/img\/pdf.svg\" alt=\"\" \/>annexe \u00e0 la d\u00e9lib\u00e9ration - odontologie (524.68 Ko)<\/a><\/li><\/ul><\/div><\/div><\/li><li><a href=\"#\" data-featherlight=\"#actelightbox_18070\" title=\"Voir le d\u00e9tail de l'acte coll\u00e9gium Technologie - 14 janvier 2022 - adaptation M3C et MCC g\u00e9n\u00e9rales et sp\u00e9cifiques BUT (transmission recteur : 19 janvier 2022)\">coll\u00e9gium Technologie - 14 janvier 2022 - adaptation M3C et MCC g\u00e9n\u00e9rales et sp\u00e9cifiques BUT (transmission recteur : 19 janvier 2022)<\/a><div id=\"actelightbox_18070\" class=\"actelightbox\"><div class=\"acte_name\">coll\u00e9gium Technologie - 14 janvier 2022 - adaptation M3C et MCC g\u00e9n\u00e9rales et sp\u00e9cifiques BUT (transmission recteur : 19 janvier 2022)<\/div><div class=\"acte_type\">2022 - Modalit\u00e9s de contr\u00f4le des connaissances<\/div><div class=\"acte_pub_date\">Publi\u00e9 le : 17\/01\/2022<\/div><div class=\"acte_files\"><ul><li><a href=\"https:\/\/www.univ-lorraine.fr\/raa\/wp-content\/uploads\/sites\/6\/2022\/01\/C_Techno_RD_140122_adaptations-MCC.pdf\" target=\"_blank\" title=\"T\u00e9l\u00e9charger le fichier C_Techno_RD_140122_adaptations MCC\"><img decoding=\"async\" src=\"https:\/\/www.univ-lorraine.fr\/raa\/wp-content\/plugins\/ul-raa\/img\/pdf.svg\" alt=\"\" \/>C_Techno_RD_140122_adaptations MCC (1.32 Mo)<\/a><\/li><\/ul><\/div><\/div><\/li><li><a href=\"#\" data-featherlight=\"#actelightbox_18062\" title=\"Voir le d\u00e9tail de l'acte coll\u00e9gium ST - 10 janvier 2022 - modalit\u00e9s de l'\u00e9preuve de substitution (circulaires du 5 ao\u00fbt 2021 et du 29 d\u00e9cembre 2021) (transmission recteur : 19 janvier 2022)\">coll\u00e9gium ST - 10 janvier 2022 - modalit\u00e9s de l'\u00e9preuve de substitution (circulaires du 5 ao\u00fbt 2021 et du 29 d\u00e9cembre 2021) (transmission recteur : 19 janvier 2022)<\/a><div id=\"actelightbox_18062\" class=\"actelightbox\"><div class=\"acte_name\">coll\u00e9gium ST - 10 janvier 2022 - modalit\u00e9s de l'\u00e9preuve de substitution (circulaires du 5 ao\u00fbt 2021 et du 29 d\u00e9cembre 2021) (transmission recteur : 19 janvier 2022)<\/div><div class=\"acte_type\">2022 - Modalit\u00e9s de contr\u00f4le des connaissances<\/div><div class=\"acte_pub_date\">Publi\u00e9 le : 13\/01\/2022<\/div><div class=\"acte_files\"><ul><li><a href=\"https:\/\/www.univ-lorraine.fr\/raa\/wp-content\/uploads\/sites\/6\/2022\/01\/C_ST_RD_100122_epreuve-substitution.pdf\" target=\"_blank\" title=\"T\u00e9l\u00e9charger le fichier delib\u00e9ration relative \u00e0 l'epreuve substitution\"><img decoding=\"async\" src=\"https:\/\/www.univ-lorraine.fr\/raa\/wp-content\/plugins\/ul-raa\/img\/pdf.svg\" alt=\"\" \/>delib\u00e9ration relative \u00e0 l'epreuve substitution (190.13 Ko)<\/a><\/li><\/ul><\/div><\/div><\/li><li><a href=\"#\" data-featherlight=\"#actelightbox_18053\" title=\"Voir le d\u00e9tail de l'acte coll\u00e9gium LMI - 12 janvier 2022 - modalit\u00e9s \u00e9preuve de substitution (circulaires du 5 ao\u00fbt 2021 et du 29 d\u00e9cembre 2021) (transmission recteur : 19 janvier 2022)\">coll\u00e9gium LMI - 12 janvier 2022 - modalit\u00e9s \u00e9preuve de substitution (circulaires du 5 ao\u00fbt 2021 et du 29 d\u00e9cembre 2021) (transmission recteur : 19 janvier 2022)<\/a><div id=\"actelightbox_18053\" class=\"actelightbox\"><div class=\"acte_name\">coll\u00e9gium LMI - 12 janvier 2022 - modalit\u00e9s \u00e9preuve de substitution (circulaires du 5 ao\u00fbt 2021 et du 29 d\u00e9cembre 2021) (transmission recteur : 19 janvier 2022)<\/div><div class=\"acte_type\">2022 - Modalit\u00e9s de contr\u00f4le des connaissances<\/div><div class=\"acte_pub_date\">Publi\u00e9 le : 12\/01\/2022<\/div><div class=\"acte_files\"><ul><li><a href=\"https:\/\/www.univ-lorraine.fr\/raa\/wp-content\/uploads\/sites\/6\/2022\/01\/C_LMI_RD_120122_epreuve-substitution-2.pdf\" target=\"_blank\" title=\"T\u00e9l\u00e9charger le fichier d\u00e9lib\u00e9ration relative \u00e0 l'epreuve substitution\"><img decoding=\"async\" src=\"https:\/\/www.univ-lorraine.fr\/raa\/wp-content\/plugins\/ul-raa\/img\/pdf.svg\" alt=\"\" \/>d\u00e9lib\u00e9ration relative \u00e0 l'epreuve substitution (463.48 Ko)<\/a><\/li><li><a href=\"https:\/\/www.univ-lorraine.fr\/raa\/wp-content\/uploads\/sites\/6\/2022\/01\/C_LMI_Epreuves-de-substitution-1.pdf\" target=\"_blank\" title=\"T\u00e9l\u00e9charger le fichier annexe relative \u00e0 l'\u00e9preuve de substitution\"><img decoding=\"async\" src=\"https:\/\/www.univ-lorraine.fr\/raa\/wp-content\/plugins\/ul-raa\/img\/pdf.svg\" alt=\"\" \/>annexe relative \u00e0 l'\u00e9preuve de substitution (415.32 Ko)<\/a><\/li><\/ul><\/div><\/div><\/li><li><a href=\"#\" data-featherlight=\"#actelightbox_18026\" title=\"Voir le d\u00e9tail de l'acte coll\u00e9gium Sant\u00e9 - 14 d\u00e9cembre 2021 - MCC licence d'orthophonie (transmission recteur : 5 janvier 2022)\">coll\u00e9gium Sant\u00e9 - 14 d\u00e9cembre 2021 - MCC licence d'orthophonie (transmission recteur : 5 janvier 2022)<\/a><div id=\"actelightbox_18026\" class=\"actelightbox\"><div class=\"acte_name\">coll\u00e9gium Sant\u00e9 - 14 d\u00e9cembre 2021 - MCC licence d'orthophonie (transmission recteur : 5 janvier 2022)<\/div><div class=\"acte_type\">2021 - Modalit\u00e9s de contr\u00f4le des connaissances<\/div><div class=\"acte_pub_date\">Publi\u00e9 le : 5\/01\/2022<\/div><div class=\"acte_files\"><ul><li><a href=\"https:\/\/www.univ-lorraine.fr\/raa\/wp-content\/uploads\/sites\/6\/2022\/01\/C_Sante_MCC-Orthophonie.pdf\" target=\"_blank\" title=\"T\u00e9l\u00e9charger le fichier C_Sant\u00e9_MCC licence Orthophonie\"><img decoding=\"async\" src=\"https:\/\/www.univ-lorraine.fr\/raa\/wp-content\/plugins\/ul-raa\/img\/pdf.svg\" alt=\"\" \/>C_Sant\u00e9_MCC licence Orthophonie (184.76 Ko)<\/a><\/li><\/ul><\/div><\/div><\/li><li><a href=\"#\" data-featherlight=\"#actelightbox_17954\" title=\"Voir le d\u00e9tail de l'acte coll\u00e9gium Sant\u00e9 - 10 novembre 2021 - MCC du parcours MASTER 2 MIPPE de STAPS (transmission recteur : 15 d\u00e9cembre 2021)\">coll\u00e9gium Sant\u00e9 - 10 novembre 2021 - MCC du parcours MASTER 2 MIPPE de STAPS (transmission recteur : 15 d\u00e9cembre 2021)<\/a><div id=\"actelightbox_17954\" class=\"actelightbox\"><div class=\"acte_name\">coll\u00e9gium Sant\u00e9 - 10 novembre 2021 - MCC du parcours MASTER 2 MIPPE de STAPS (transmission recteur : 15 d\u00e9cembre 2021)<\/div><div class=\"acte_type\">2021 - Modalit\u00e9s de contr\u00f4le des connaissances<\/div><div class=\"acte_pub_date\">Publi\u00e9 le : 15\/12\/2021<\/div><div class=\"acte_files\"><ul><li><a href=\"https:\/\/www.univ-lorraine.fr\/raa\/wp-content\/uploads\/sites\/6\/2021\/12\/C_Sante_MCC_master_MIPPE_Staps.pdf\" target=\"_blank\" title=\"T\u00e9l\u00e9charger le fichier C_Sant\u00e9_MCC_master_MIPPE_Staps\"><img decoding=\"async\" src=\"https:\/\/www.univ-lorraine.fr\/raa\/wp-content\/plugins\/ul-raa\/img\/pdf.svg\" alt=\"\" \/>C_Sant\u00e9_MCC_master_MIPPE_Staps (209.86 Ko)<\/a><\/li><\/ul><\/div><\/div><\/li><li><a href=\"#\" data-featherlight=\"#actelightbox_17723\" title=\"Voir le d\u00e9tail de l'acte coll\u00e9gium ST - 19 octobre 2021 - MCC LP \"M\u00e9tiers Industriels\" et master \"EEEA\" - transmission recteur : 9 novembre 2021\">coll\u00e9gium ST - 19 octobre 2021 - MCC LP \"M\u00e9tiers Industriels\" et master \"EEEA\" - transmission recteur : 9 novembre 2021<\/a><div id=\"actelightbox_17723\" class=\"actelightbox\"><div class=\"acte_name\">coll\u00e9gium ST - 19 octobre 2021 - MCC LP \"M\u00e9tiers Industriels\" et master \"EEEA\" - transmission recteur : 9 novembre 2021<\/div><div class=\"acte_type\">2021 - Modalit\u00e9s de contr\u00f4le des connaissances<\/div><div class=\"acte_pub_date\">Publi\u00e9 le : 9\/11\/2021<\/div><div class=\"acte_files\"><ul><li><a href=\"https:\/\/www.univ-lorraine.fr\/raa\/wp-content\/uploads\/sites\/6\/2021\/11\/C_ST_RD_191021_MCC-FST.pdf\" target=\"_blank\" title=\"T\u00e9l\u00e9charger le fichier C_ST_RD_191021_MCC FST\"><img decoding=\"async\" src=\"https:\/\/www.univ-lorraine.fr\/raa\/wp-content\/plugins\/ul-raa\/img\/pdf.svg\" alt=\"\" \/>C_ST_RD_191021_MCC FST (149.55 Ko)<\/a><\/li><\/ul><\/div><\/div><\/li><li><a href=\"#\" data-featherlight=\"#actelightbox_17711\" title=\"Voir le d\u00e9tail de l'acte Contr\u00f4le administratif - dates de transmission au recteur\">Contr\u00f4le administratif - dates de transmission au recteur<\/a><div id=\"actelightbox_17711\" class=\"actelightbox\"><div class=\"acte_name\">Contr\u00f4le administratif - dates de transmission au recteur<\/div><div class=\"acte_type\">2021 - Modalit\u00e9s de contr\u00f4le des connaissances<\/div><div class=\"acte_pub_date\">Publi\u00e9 le : 2\/11\/2021<\/div><div class=\"acte_files\"><ul><li><a href=\"https:\/\/www.univ-lorraine.fr\/raa\/wp-content\/uploads\/sites\/6\/2021\/11\/Controle-administratif-dates-de-transmission-au-recteur-MCC-2021-22.pdf\" target=\"_blank\" title=\"T\u00e9l\u00e9charger le fichier Contr\u00f4le administratif - dates de transmission au recteur MCC 2021-22\"><img decoding=\"async\" src=\"https:\/\/www.univ-lorraine.fr\/raa\/wp-content\/plugins\/ul-raa\/img\/pdf.svg\" alt=\"\" \/>Contr\u00f4le administratif - dates de transmission au recteur MCC 2021-22 (693.22 Ko)<\/a><\/li><\/ul><\/div><\/div><\/li><li><a href=\"#\" data-featherlight=\"#actelightbox_17704\" title=\"Voir le d\u00e9tail de l'acte coll\u00e9gium ALL - 25 octobre 2021 - MCC licence arts plastiques et modifications MCC semestre 1\">coll\u00e9gium ALL - 25 octobre 2021 - MCC licence arts plastiques et modifications MCC semestre 1<\/a><div id=\"actelightbox_17704\" class=\"actelightbox\"><div class=\"acte_name\">coll\u00e9gium ALL - 25 octobre 2021 - MCC licence arts plastiques et modifications MCC semestre 1<\/div><div class=\"acte_type\">2021 - Modalit\u00e9s de contr\u00f4le des connaissances<\/div><div class=\"acte_pub_date\">Publi\u00e9 le : 2\/11\/2021<\/div><div class=\"acte_files\"><ul><li><a href=\"https:\/\/www.univ-lorraine.fr\/raa\/wp-content\/uploads\/sites\/6\/2021\/11\/MCC-Licence-Arts-Plastiques-2021-2022-1.pdf\" target=\"_blank\" title=\"T\u00e9l\u00e9charger le fichier MCC Licence Arts Plastiques 2021 2022\"><img decoding=\"async\" src=\"https:\/\/www.univ-lorraine.fr\/raa\/wp-content\/plugins\/ul-raa\/img\/pdf.svg\" alt=\"\" \/>MCC Licence Arts Plastiques 2021 2022 (849.32 Ko)<\/a><\/li><li><a href=\"https:\/\/www.univ-lorraine.fr\/raa\/wp-content\/uploads\/sites\/6\/2021\/11\/Modification-S1_Collegium-ALL-et-SHS-1.pdf\" target=\"_blank\" title=\"T\u00e9l\u00e9charger le fichier Modification S1_Coll\u00e9gium ALL et SHS\"><img decoding=\"async\" src=\"https:\/\/www.univ-lorraine.fr\/raa\/wp-content\/plugins\/ul-raa\/img\/pdf.svg\" alt=\"\" \/>Modification S1_Coll\u00e9gium ALL et SHS (405.09 Ko)<\/a><\/li><li><a href=\"https:\/\/www.univ-lorraine.fr\/raa\/wp-content\/uploads\/sites\/6\/2021\/11\/C_ALL_RD_251021_MCC_licence_arts-plastiques.pdf\" target=\"_blank\" title=\"T\u00e9l\u00e9charger le fichier C_ALL_RD_251021_MCC_licence_arts plastiques\"><img decoding=\"async\" src=\"https:\/\/www.univ-lorraine.fr\/raa\/wp-content\/plugins\/ul-raa\/img\/pdf.svg\" alt=\"\" \/>C_ALL_RD_251021_MCC_licence_arts plastiques (171.18 Ko)<\/a><\/li><\/ul><\/div><\/div><\/li><li><a href=\"#\" data-featherlight=\"#actelightbox_17678\" title=\"Voir le d\u00e9tail de l'acte coll\u00e9gium Sant\u00e9 - 12 octobre 2021 - MCC dipl\u00f4mes d'Etat, LP, DU\">coll\u00e9gium Sant\u00e9 - 12 octobre 2021 - MCC dipl\u00f4mes d'Etat, LP, DU<\/a><div id=\"actelightbox_17678\" class=\"actelightbox\"><div class=\"acte_name\">coll\u00e9gium Sant\u00e9 - 12 octobre 2021 - MCC dipl\u00f4mes d'Etat, LP, DU<\/div><div class=\"acte_type\">2021 - Modalit\u00e9s de contr\u00f4le des connaissances<\/div><div class=\"acte_pub_date\">Publi\u00e9 le : 27\/10\/2021<\/div><div class=\"acte_files\"><ul><li><a href=\"https:\/\/www.univ-lorraine.fr\/raa\/wp-content\/uploads\/sites\/6\/2021\/10\/C_Sante_RD_121021_MCC.pdf\" target=\"_blank\" title=\"T\u00e9l\u00e9charger le fichier C_Sant\u00e9_RD_121021_MCC\"><img decoding=\"async\" src=\"https:\/\/www.univ-lorraine.fr\/raa\/wp-content\/plugins\/ul-raa\/img\/pdf.svg\" alt=\"\" \/>C_Sant\u00e9_RD_121021_MCC (280.99 Ko)<\/a><\/li><li><a href=\"https:\/\/www.univ-lorraine.fr\/raa\/wp-content\/uploads\/sites\/6\/2021\/10\/MCC_sante_121021.zip\" target=\"_blank\" title=\"T\u00e9l\u00e9charger le fichier MCC_sant\u00e9_121021\"><img decoding=\"async\" src=\"https:\/\/www.univ-lorraine.fr\/raa\/wp-content\/plugins\/ul-raa\/img\/zip.svg\" alt=\"\" \/>MCC_sant\u00e9_121021 (5.79 Mo)<\/a><\/li><\/ul><\/div><\/div><\/li><li><a href=\"#\" data-featherlight=\"#actelightbox_17225\" title=\"Voir le d\u00e9tail de l'acte coll\u00e9gium Interface - 23 septembre 2021 - approbation des MCC particuli\u00e8res\">coll\u00e9gium Interface - 23 septembre 2021 - approbation des MCC particuli\u00e8res<\/a><div id=\"actelightbox_17225\" class=\"actelightbox\"><div class=\"acte_name\">coll\u00e9gium Interface - 23 septembre 2021 - approbation des MCC particuli\u00e8res<\/div><div class=\"acte_type\">2021 - Modalit\u00e9s de contr\u00f4le des connaissances<\/div><div class=\"acte_pub_date\">Publi\u00e9 le : 11\/10\/2021<\/div><div class=\"acte_files\"><ul><li><a href=\"https:\/\/www.univ-lorraine.fr\/raa\/wp-content\/uploads\/sites\/6\/2021\/10\/C_Interface_RD_230921.pdf\" target=\"_blank\" title=\"T\u00e9l\u00e9charger le fichier C_Interface_RD_230921\"><img decoding=\"async\" src=\"https:\/\/www.univ-lorraine.fr\/raa\/wp-content\/plugins\/ul-raa\/img\/pdf.svg\" alt=\"\" \/>C_Interface_RD_230921 (714.85 Ko)<\/a><\/li><\/ul><\/div><\/div><\/li><li><a href=\"#\" data-featherlight=\"#actelightbox_17223\" title=\"Voir le d\u00e9tail de l'acte coll\u00e9gium SHS - 1er octobre 2021 - approbation des MCC particuli\u00e8res\">coll\u00e9gium SHS - 1er octobre 2021 - approbation des MCC particuli\u00e8res<\/a><div id=\"actelightbox_17223\" class=\"actelightbox\"><div class=\"acte_name\">coll\u00e9gium SHS - 1er octobre 2021 - approbation des MCC particuli\u00e8res<\/div><div class=\"acte_type\">2021 - Modalit\u00e9s de contr\u00f4le des connaissances<\/div><div class=\"acte_pub_date\">Publi\u00e9 le : 7\/10\/2021<\/div><div class=\"acte_files\"><ul><li><a href=\"https:\/\/www.univ-lorraine.fr\/raa\/wp-content\/uploads\/sites\/6\/2021\/10\/C_SHS_RD_011021_MCC.pdf\" target=\"_blank\" title=\"T\u00e9l\u00e9charger le fichier C_SHS_RD_011021_MCC\"><img decoding=\"async\" src=\"https:\/\/www.univ-lorraine.fr\/raa\/wp-content\/plugins\/ul-raa\/img\/pdf.svg\" alt=\"\" \/>C_SHS_RD_011021_MCC (538.53 Ko)<\/a><\/li><\/ul><\/div><\/div><\/li><li><a href=\"#\" data-featherlight=\"#actelightbox_17189\" title=\"Voir le d\u00e9tail de l'acte coll\u00e9gium LINP - 24 septembre 2021 - d\u00e9lib\u00e9rations MCC et r\u00e8glements \u00e9tudes n\u00b031 \u00e0 56\">coll\u00e9gium LINP - 24 septembre 2021 - d\u00e9lib\u00e9rations MCC et r\u00e8glements \u00e9tudes n\u00b031 \u00e0 56<\/a><div id=\"actelightbox_17189\" class=\"actelightbox\"><div class=\"acte_name\">coll\u00e9gium LINP - 24 septembre 2021 - d\u00e9lib\u00e9rations MCC et r\u00e8glements \u00e9tudes n\u00b031 \u00e0 56<\/div><div class=\"acte_type\">2021 - Modalit\u00e9s de contr\u00f4le des connaissances<\/div><div class=\"acte_pub_date\">Publi\u00e9 le : 5\/10\/2021<\/div><div class=\"acte_files\"><ul><li><a href=\"https:\/\/www.univ-lorraine.fr\/raa\/wp-content\/uploads\/sites\/6\/2021\/10\/31.2021-RAdm-La-Prepa-des-INP-Nancy.pdf\" target=\"_blank\" title=\"T\u00e9l\u00e9charger le fichier 31.2021-RAdm-La-Prepa-des-INP-Nancy\"><img decoding=\"async\" src=\"https:\/\/www.univ-lorraine.fr\/raa\/wp-content\/plugins\/ul-raa\/img\/pdf.svg\" alt=\"\" \/>31.2021-RAdm-La-Prepa-des-INP-Nancy (872.12 Ko)<\/a><\/li><li><a href=\"https:\/\/www.univ-lorraine.fr\/raa\/wp-content\/uploads\/sites\/6\/2021\/10\/32.2021-RE-La-Prepa-des-INP-Nancy.pdf\" target=\"_blank\" title=\"T\u00e9l\u00e9charger le fichier 32.2021-RE-La-Prepa-des-INP-Nancy\"><img decoding=\"async\" src=\"https:\/\/www.univ-lorraine.fr\/raa\/wp-content\/plugins\/ul-raa\/img\/pdf.svg\" alt=\"\" \/>32.2021-RE-La-Prepa-des-INP-Nancy (2.89 Mo)<\/a><\/li><li><a href=\"https:\/\/www.univ-lorraine.fr\/raa\/wp-content\/uploads\/sites\/6\/2021\/10\/33.2021-FASC-0-FISA-TELECOM-Nancy.pdf\" target=\"_blank\" title=\"T\u00e9l\u00e9charger le fichier 33.2021-FASC-0-FISA-TELECOM-Nancy\"><img decoding=\"async\" src=\"https:\/\/www.univ-lorraine.fr\/raa\/wp-content\/plugins\/ul-raa\/img\/pdf.svg\" alt=\"\" \/>33.2021-FASC-0-FISA-TELECOM-Nancy (3.65 Mo)<\/a><\/li><li><a href=\"https:\/\/www.univ-lorraine.fr\/raa\/wp-content\/uploads\/sites\/6\/2021\/10\/34.2021-FASC-0-FISE-TELECOM-Nancy.pdf\" target=\"_blank\" title=\"T\u00e9l\u00e9charger le fichier 34.2021-FASC-0-FISE-TELECOM-Nancy\"><img decoding=\"async\" src=\"https:\/\/www.univ-lorraine.fr\/raa\/wp-content\/plugins\/ul-raa\/img\/pdf.svg\" alt=\"\" \/>34.2021-FASC-0-FISE-TELECOM-Nancy (6.07 Mo)<\/a><\/li><li><a href=\"https:\/\/www.univ-lorraine.fr\/raa\/wp-content\/uploads\/sites\/6\/2021\/10\/35.2021-RE-FA-POLYTECH-Nancy.pdf\" target=\"_blank\" title=\"T\u00e9l\u00e9charger le fichier 35.2021-RE-FA-POLYTECH-Nancy\"><img decoding=\"async\" src=\"https:\/\/www.univ-lorraine.fr\/raa\/wp-content\/plugins\/ul-raa\/img\/pdf.svg\" alt=\"\" \/>35.2021-RE-FA-POLYTECH-Nancy (3.35 Mo)<\/a><\/li><li><a href=\"https:\/\/www.univ-lorraine.fr\/raa\/wp-content\/uploads\/sites\/6\/2021\/10\/36.2021-RE-FI-POLYTECH-Nancy.pdf\" target=\"_blank\" title=\"T\u00e9l\u00e9charger le fichier 36.2021-RE-FI-POLYTECH-Nancy\"><img decoding=\"async\" src=\"https:\/\/www.univ-lorraine.fr\/raa\/wp-content\/plugins\/ul-raa\/img\/pdf.svg\" alt=\"\" \/>36.2021-RE-FI-POLYTECH-Nancy (3.74 Mo)<\/a><\/li><li><a href=\"https:\/\/www.univ-lorraine.fr\/raa\/wp-content\/uploads\/sites\/6\/2021\/10\/37.2021-RE-PeiP-POLYTECH-Nancy.pdf\" target=\"_blank\" title=\"T\u00e9l\u00e9charger le fichier 37.2021-RE-PeiP-POLYTECH-Nancy\"><img decoding=\"async\" src=\"https:\/\/www.univ-lorraine.fr\/raa\/wp-content\/plugins\/ul-raa\/img\/pdf.svg\" alt=\"\" \/>37.2021-RE-PeiP-POLYTECH-Nancy (2.11 Mo)<\/a><\/li><li><a href=\"https:\/\/www.univ-lorraine.fr\/raa\/wp-content\/uploads\/sites\/6\/2021\/10\/38.2021-Avenant-RE-POLYTECH-Nancy.pdf\" target=\"_blank\" title=\"T\u00e9l\u00e9charger le fichier 38.2021-Avenant-RE-POLYTECH-Nancy\"><img decoding=\"async\" src=\"https:\/\/www.univ-lorraine.fr\/raa\/wp-content\/plugins\/ul-raa\/img\/pdf.svg\" alt=\"\" \/>38.2021-Avenant-RE-POLYTECH-Nancy (367.14 Ko)<\/a><\/li><li><a href=\"https:\/\/www.univ-lorraine.fr\/raa\/wp-content\/uploads\/sites\/6\/2021\/10\/39.2021-RE-MINES-Nancy.pdf\" target=\"_blank\" title=\"T\u00e9l\u00e9charger le fichier 39.2021-RE-MINES-Nancy\"><img decoding=\"async\" src=\"https:\/\/www.univ-lorraine.fr\/raa\/wp-content\/plugins\/ul-raa\/img\/pdf.svg\" alt=\"\" \/>39.2021-RE-MINES-Nancy (3.80 Mo)<\/a><\/li><li><a href=\"https:\/\/www.univ-lorraine.fr\/raa\/wp-content\/uploads\/sites\/6\/2021\/10\/40.2021-RS-FA-ENSTIB.pdf\" target=\"_blank\" title=\"T\u00e9l\u00e9charger le fichier 40.2021-RS-FA-ENSTIB\"><img decoding=\"async\" src=\"https:\/\/www.univ-lorraine.fr\/raa\/wp-content\/plugins\/ul-raa\/img\/pdf.svg\" alt=\"\" \/>40.2021-RS-FA-ENSTIB (3.06 Mo)<\/a><\/li><li><a href=\"https:\/\/www.univ-lorraine.fr\/raa\/wp-content\/uploads\/sites\/6\/2021\/10\/41.2021-RS-FI-ENSTIB.pdf\" target=\"_blank\" title=\"T\u00e9l\u00e9charger le fichier 41.2021-RS-FI-ENSTIB\"><img decoding=\"async\" src=\"https:\/\/www.univ-lorraine.fr\/raa\/wp-content\/plugins\/ul-raa\/img\/pdf.svg\" alt=\"\" \/>41.2021-RS-FI-ENSTIB (3.63 Mo)<\/a><\/li><li><a href=\"https:\/\/www.univ-lorraine.fr\/raa\/wp-content\/uploads\/sites\/6\/2021\/10\/42.2021-RS-CHEB-ENSTIB.pdf\" target=\"_blank\" title=\"T\u00e9l\u00e9charger le fichier 42.2021-RS-CHEB-ENSTIB\"><img decoding=\"async\" src=\"https:\/\/www.univ-lorraine.fr\/raa\/wp-content\/plugins\/ul-raa\/img\/pdf.svg\" alt=\"\" \/>42.2021-RS-CHEB-ENSTIB (2.30 Mo)<\/a><\/li><li><a href=\"https:\/\/www.univ-lorraine.fr\/raa\/wp-content\/uploads\/sites\/6\/2021\/10\/43.2021-MCC-LP-BA-A-ENSTIB.pdf\" target=\"_blank\" title=\"T\u00e9l\u00e9charger le fichier 43.2021-MCC-LP-BA-A-ENSTIB\"><img decoding=\"async\" src=\"https:\/\/www.univ-lorraine.fr\/raa\/wp-content\/plugins\/ul-raa\/img\/pdf.svg\" alt=\"\" \/>43.2021-MCC-LP-BA-A-ENSTIB (687.93 Ko)<\/a><\/li><li><a href=\"https:\/\/www.univ-lorraine.fr\/raa\/wp-content\/uploads\/sites\/6\/2021\/10\/44.2021-MCC-LP-BA-ENSTIB.pdf\" target=\"_blank\" title=\"T\u00e9l\u00e9charger le fichier 44.2021-MCC-LP-BA-ENSTIB\"><img decoding=\"async\" src=\"https:\/\/www.univ-lorraine.fr\/raa\/wp-content\/plugins\/ul-raa\/img\/pdf.svg\" alt=\"\" \/>44.2021-MCC-LP-BA-ENSTIB (543.01 Ko)<\/a><\/li><li><a href=\"https:\/\/www.univ-lorraine.fr\/raa\/wp-content\/uploads\/sites\/6\/2021\/10\/45.2021-MCC-FITI-ENSIC.pdf\" target=\"_blank\" title=\"T\u00e9l\u00e9charger le fichier 45.2021-MCC-FITI-ENSIC\"><img decoding=\"async\" src=\"https:\/\/www.univ-lorraine.fr\/raa\/wp-content\/plugins\/ul-raa\/img\/pdf.svg\" alt=\"\" \/>45.2021-MCC-FITI-ENSIC (1.13 Mo)<\/a><\/li><li><a href=\"https:\/\/www.univ-lorraine.fr\/raa\/wp-content\/uploads\/sites\/6\/2021\/10\/46.2021-MCC-I2C-ENSIC.pdf\" target=\"_blank\" title=\"T\u00e9l\u00e9charger le fichier 46.2021-MCC-I2C-ENSIC\"><img decoding=\"async\" src=\"https:\/\/www.univ-lorraine.fr\/raa\/wp-content\/plugins\/ul-raa\/img\/pdf.svg\" alt=\"\" \/>46.2021-MCC-I2C-ENSIC (1.96 Mo)<\/a><\/li><li><a href=\"https:\/\/www.univ-lorraine.fr\/raa\/wp-content\/uploads\/sites\/6\/2021\/10\/47.2021-RS-ENSGSI.pdf\" target=\"_blank\" title=\"T\u00e9l\u00e9charger le fichier 47.2021-RS-ENSGSI\"><img decoding=\"async\" src=\"https:\/\/www.univ-lorraine.fr\/raa\/wp-content\/plugins\/ul-raa\/img\/pdf.svg\" alt=\"\" \/>47.2021-RS-ENSGSI (4.48 Mo)<\/a><\/li><li><a href=\"https:\/\/www.univ-lorraine.fr\/raa\/wp-content\/uploads\/sites\/6\/2021\/10\/48.2021-RS-ENSG.pdf\" target=\"_blank\" title=\"T\u00e9l\u00e9charger le fichier 48.2021-RS-ENSG\"><img decoding=\"async\" src=\"https:\/\/www.univ-lorraine.fr\/raa\/wp-content\/plugins\/ul-raa\/img\/pdf.svg\" alt=\"\" \/>48.2021-RS-ENSG (3.52 Mo)<\/a><\/li><li><a href=\"https:\/\/www.univ-lorraine.fr\/raa\/wp-content\/uploads\/sites\/6\/2021\/10\/49.2021-RS-FA-ENSEM.pdf\" target=\"_blank\" title=\"T\u00e9l\u00e9charger le fichier 49.2021-RS-FA-ENSEM\"><img decoding=\"async\" src=\"https:\/\/www.univ-lorraine.fr\/raa\/wp-content\/plugins\/ul-raa\/img\/pdf.svg\" alt=\"\" \/>49.2021-RS-FA-ENSEM (1.96 Mo)<\/a><\/li><li><a href=\"https:\/\/www.univ-lorraine.fr\/raa\/wp-content\/uploads\/sites\/6\/2021\/10\/50.2021-RS-FI-FC-ENSEM.pdf\" target=\"_blank\" title=\"T\u00e9l\u00e9charger le fichier 50.2021-RS-FI-FC-ENSEM\"><img decoding=\"async\" src=\"https:\/\/www.univ-lorraine.fr\/raa\/wp-content\/plugins\/ul-raa\/img\/pdf.svg\" alt=\"\" \/>50.2021-RS-FI-FC-ENSEM (2.73 Mo)<\/a><\/li><li><a href=\"https:\/\/www.univ-lorraine.fr\/raa\/wp-content\/uploads\/sites\/6\/2021\/10\/51.2021-RS-ENSAIA.pdf\" target=\"_blank\" title=\"T\u00e9l\u00e9charger le fichier 51.2021-RS-ENSAIA\"><img decoding=\"async\" src=\"https:\/\/www.univ-lorraine.fr\/raa\/wp-content\/plugins\/ul-raa\/img\/pdf.svg\" alt=\"\" \/>51.2021-RS-ENSAIA (2.85 Mo)<\/a><\/li><li><a href=\"https:\/\/www.univ-lorraine.fr\/raa\/wp-content\/uploads\/sites\/6\/2021\/10\/52.2021-RE-ENIM.pdf\" target=\"_blank\" title=\"T\u00e9l\u00e9charger le fichier 52.2021-RE-ENIM\"><img decoding=\"async\" src=\"https:\/\/www.univ-lorraine.fr\/raa\/wp-content\/plugins\/ul-raa\/img\/pdf.svg\" alt=\"\" \/>52.2021-RE-ENIM (3.34 Mo)<\/a><\/li><li><a href=\"https:\/\/www.univ-lorraine.fr\/raa\/wp-content\/uploads\/sites\/6\/2021\/10\/53.2021-RS-EEIGM.pdf\" target=\"_blank\" title=\"T\u00e9l\u00e9charger le fichier 53.2021-RS-EEIGM\"><img decoding=\"async\" src=\"https:\/\/www.univ-lorraine.fr\/raa\/wp-content\/plugins\/ul-raa\/img\/pdf.svg\" alt=\"\" \/>53.2021-RS-EEIGM (1.82 Mo)<\/a><\/li><li><a href=\"https:\/\/www.univ-lorraine.fr\/raa\/wp-content\/uploads\/sites\/6\/2021\/10\/54.2021-MCC-LP-EEIGM.pdf\" target=\"_blank\" title=\"T\u00e9l\u00e9charger le fichier 54.2021-MCC-LP-EEIGM\"><img decoding=\"async\" src=\"https:\/\/www.univ-lorraine.fr\/raa\/wp-content\/plugins\/ul-raa\/img\/pdf.svg\" alt=\"\" \/>54.2021-MCC-LP-EEIGM (837.93 Ko)<\/a><\/li><li><a href=\"https:\/\/www.univ-lorraine.fr\/raa\/wp-content\/uploads\/sites\/6\/2021\/10\/55.2021-MCC-Master-AMASE-EEIGM.pdf\" target=\"_blank\" title=\"T\u00e9l\u00e9charger le fichier 55.2021-MCC-Master-AMASE-EEIGM\"><img decoding=\"async\" src=\"https:\/\/www.univ-lorraine.fr\/raa\/wp-content\/plugins\/ul-raa\/img\/pdf.svg\" alt=\"\" \/>55.2021-MCC-Master-AMASE-EEIGM (511.18 Ko)<\/a><\/li><li><a href=\"https:\/\/www.univ-lorraine.fr\/raa\/wp-content\/uploads\/sites\/6\/2021\/10\/56.2021-Annexe-1-AICP-2021-01480.pdf\" target=\"_blank\" title=\"T\u00e9l\u00e9charger le fichier 56.2021-Annexe-1-AICP-2021-01480\"><img decoding=\"async\" src=\"https:\/\/www.univ-lorraine.fr\/raa\/wp-content\/plugins\/ul-raa\/img\/pdf.svg\" alt=\"\" \/>56.2021-Annexe-1-AICP-2021-01480 (1.16 Mo)<\/a><\/li><\/ul><\/div><\/div><\/li><\/ul><\/div>\n\n\n\n<h2 class=\"gb-headline gb-headline-70a9733a gb-headline-text\">Arr\u00eat\u00e9s relatifs aux jurys dans les dipl\u00f4mes<\/h2>\n\n\n\n<h4 class=\"gb-headline gb-headline-f3a771fa gb-headline-text\">Admission<\/h4>\n\n\n<div id=\"liste_actes\"><a name=\"goto_list_actes_8a126349\"><\/a><ul class=\"liste_des_actes\"><li><a href=\"#\" data-featherlight=\"#actelightbox_25615\" title=\"Voir le d\u00e9tail de l'acte AD2026-111 \u00e0 336\">AD2026-111 \u00e0 336<\/a><div id=\"actelightbox_25615\" class=\"actelightbox\"><div class=\"acte_name\">AD2026-111 \u00e0 336<\/div><div class=\"acte_type\">2026 - Arr\u00eat\u00e9s relatifs aux jurys dans les dipl\u00f4mes - admission<\/div><div class=\"acte_pub_date\">Publi\u00e9 le : 12\/02\/2026<\/div><div class=\"acte_files\"><ul><li><a href=\"https:\/\/www.univ-lorraine.fr\/raa\/wp-content\/uploads\/sites\/6\/2026\/02\/ad2026-111-a-336.pdf\" target=\"_blank\" title=\"T\u00e9l\u00e9charger le fichier AD2026-111 \u00e0 336\"><img decoding=\"async\" src=\"https:\/\/www.univ-lorraine.fr\/raa\/wp-content\/plugins\/ul-raa\/img\/pdf.svg\" alt=\"\" \/>AD2026-111 \u00e0 336 (12.25 Mo)<\/a><\/li><\/ul><\/div><\/div><\/li><li><a href=\"#\" data-featherlight=\"#actelightbox_24799\" title=\"Voir le d\u00e9tail de l'acte AD2025-001_\u00e0 AD2025-328\">AD2025-001_\u00e0 AD2025-328<\/a><div id=\"actelightbox_24799\" class=\"actelightbox\"><div class=\"acte_name\">AD2025-001_\u00e0 AD2025-328<\/div><div class=\"acte_type\">2025 - Arr\u00eat\u00e9s relatifs aux jurys dans les dipl\u00f4mes - admission<\/div><div class=\"acte_pub_date\">Publi\u00e9 le : 19\/06\/2025<\/div><div class=\"acte_files\"><ul><li><a href=\"https:\/\/www.univ-lorraine.fr\/raa\/wp-content\/uploads\/sites\/6\/2025\/06\/ad2025-001_a-ad2025-132.pdf\" target=\"_blank\" title=\"T\u00e9l\u00e9charger le fichier AD2025-001_\u00e0 AD2025-132\"><img decoding=\"async\" src=\"https:\/\/www.univ-lorraine.fr\/raa\/wp-content\/plugins\/ul-raa\/img\/pdf.svg\" alt=\"\" \/>AD2025-001_\u00e0 AD2025-132 (7.63 Mo)<\/a><\/li><li><a href=\"https:\/\/www.univ-lorraine.fr\/raa\/wp-content\/uploads\/sites\/6\/2025\/06\/ad2025-133_a-ad2025-328.pdf\" target=\"_blank\" title=\"T\u00e9l\u00e9charger le fichier AD2025-133_\u00e0 AD2025-328\"><img decoding=\"async\" src=\"https:\/\/www.univ-lorraine.fr\/raa\/wp-content\/plugins\/ul-raa\/img\/pdf.svg\" alt=\"\" \/>AD2025-133_\u00e0 AD2025-328 (10.70 Mo)<\/a><\/li><\/ul><\/div><\/div><\/li><li><a href=\"#\" data-featherlight=\"#actelightbox_23479\" title=\"Voir le d\u00e9tail de l'acte AD 2024 2025 DE 319 A 342.\">AD 2024 2025 DE 319 A 342.<\/a><div id=\"actelightbox_23479\" class=\"actelightbox\"><div class=\"acte_name\">AD 2024 2025 DE 319 A 342.<\/div><div class=\"acte_type\">2024 - Arr\u00eat\u00e9s relatifs aux jurys dans les dipl\u00f4mes - admission<\/div><div class=\"acte_pub_date\">Publi\u00e9 le : 3\/09\/2024<\/div><div class=\"acte_files\"><ul><li><a href=\"https:\/\/www.univ-lorraine.fr\/raa\/wp-content\/uploads\/sites\/6\/2024\/09\/ad-2024-2025-de-319-a-342.pdf\" target=\"_blank\" title=\"T\u00e9l\u00e9charger le fichier AD 2024 2025 DE 319 A 342.\"><img decoding=\"async\" src=\"https:\/\/www.univ-lorraine.fr\/raa\/wp-content\/plugins\/ul-raa\/img\/pdf.svg\" alt=\"\" \/>AD 2024 2025 DE 319 A 342. (1.88 Mo)<\/a><\/li><\/ul><\/div><\/div><\/li><li><a href=\"#\" data-featherlight=\"#actelightbox_23101\" title=\"Voir le d\u00e9tail de l'acte AD 2024 2025 DE 040 A 318\">AD 2024 2025 DE 040 A 318<\/a><div id=\"actelightbox_23101\" class=\"actelightbox\"><div class=\"acte_name\">AD 2024 2025 DE 040 A 318<\/div><div class=\"acte_type\">2024 - Arr\u00eat\u00e9s relatifs aux jurys dans les dipl\u00f4mes - admission<\/div><div class=\"acte_pub_date\">Publi\u00e9 le : 2\/04\/2024<\/div><div class=\"acte_files\"><ul><li><a href=\"https:\/\/www.univ-lorraine.fr\/raa\/wp-content\/uploads\/sites\/6\/2024\/04\/ad-2024-2025-de-040-a-318.pdf\" target=\"_blank\" title=\"T\u00e9l\u00e9charger le fichier AD 2024 2025 DE 040 A 318.\"><img decoding=\"async\" src=\"https:\/\/www.univ-lorraine.fr\/raa\/wp-content\/plugins\/ul-raa\/img\/pdf.svg\" alt=\"\" \/>AD 2024 2025 DE 040 A 318. (15.22 Mo)<\/a><\/li><\/ul><\/div><\/div><\/li><li><a href=\"#\" data-featherlight=\"#actelightbox_22767\" title=\"Voir le d\u00e9tail de l'acte AD 2024 2025 DE 05 A 258\">AD 2024 2025 DE 05 A 258<\/a><div id=\"actelightbox_22767\" class=\"actelightbox\"><div class=\"acte_name\">AD 2024 2025 DE 05 A 258<\/div><div class=\"acte_type\">2024 - Arr\u00eat\u00e9s relatifs aux jurys dans les dipl\u00f4mes - admission<\/div><div class=\"acte_pub_date\">Publi\u00e9 le : 29\/01\/2024<\/div><div class=\"acte_files\"><ul><li><a href=\"https:\/\/www.univ-lorraine.fr\/raa\/wp-content\/uploads\/sites\/6\/2024\/01\/ad-2024-2025-de-05-a-258.pdf\" target=\"_blank\" title=\"T\u00e9l\u00e9charger le fichier AD 2024 2025 DE 05 A 258\"><img decoding=\"async\" src=\"https:\/\/www.univ-lorraine.fr\/raa\/wp-content\/plugins\/ul-raa\/img\/pdf.svg\" alt=\"\" \/>AD 2024 2025 DE 05 A 258 (2.19 Mo)<\/a><\/li><\/ul><\/div><\/div><\/li><li><a href=\"#\" data-featherlight=\"#actelightbox_21661\" title=\"Voir le d\u00e9tail de l'acte AD2023 de 274 \u00e0 283\">AD2023 de 274 \u00e0 283<\/a><div id=\"actelightbox_21661\" class=\"actelightbox\"><div class=\"acte_name\">AD2023 de 274 \u00e0 283<\/div><div class=\"acte_type\">2023 - Arr\u00eat\u00e9s relatifs aux jurys dans les dipl\u00f4mes - admission<\/div><div class=\"acte_pub_date\">Publi\u00e9 le : 20\/06\/2023<\/div><div class=\"acte_files\"><ul><li><a href=\"https:\/\/www.univ-lorraine.fr\/raa\/wp-content\/uploads\/sites\/6\/2023\/06\/AD2023-de-274-a-283.pdf\" target=\"_blank\" title=\"T\u00e9l\u00e9charger le fichier AD2023 de 274 \u00e0 283\"><img decoding=\"async\" src=\"https:\/\/www.univ-lorraine.fr\/raa\/wp-content\/plugins\/ul-raa\/img\/pdf.svg\" alt=\"\" \/>AD2023 de 274 \u00e0 283 (140.54 Ko)<\/a><\/li><\/ul><\/div><\/div><\/li><li><a href=\"#\" data-featherlight=\"#actelightbox_21588\" title=\"Voir le d\u00e9tail de l'acte AD2023 de 271 \u00e0 285\">AD2023 de 271 \u00e0 285<\/a><div id=\"actelightbox_21588\" class=\"actelightbox\"><div class=\"acte_name\">AD2023 de 271 \u00e0 285<\/div><div class=\"acte_type\">2023 - Arr\u00eat\u00e9s relatifs aux jurys dans les dipl\u00f4mes - admission<\/div><div class=\"acte_pub_date\">Publi\u00e9 le : 8\/06\/2023<\/div><div class=\"acte_files\"><ul><li><a href=\"https:\/\/www.univ-lorraine.fr\/raa\/wp-content\/uploads\/sites\/6\/2023\/06\/AD2023-de-271-a-285-1.pdf\" target=\"_blank\" title=\"T\u00e9l\u00e9charger le fichier AD2023 de 271 \u00e0 285\"><img decoding=\"async\" src=\"https:\/\/www.univ-lorraine.fr\/raa\/wp-content\/plugins\/ul-raa\/img\/pdf.svg\" alt=\"\" \/>AD2023 de 271 \u00e0 285 (375.48 Ko)<\/a><\/li><\/ul><\/div><\/div><\/li><li><a href=\"#\" data-featherlight=\"#actelightbox_21183\" title=\"Voir le d\u00e9tail de l'acte AD2023 de 255 \u00e0 270\">AD2023 de 255 \u00e0 270<\/a><div id=\"actelightbox_21183\" class=\"actelightbox\"><div class=\"acte_name\">AD2023 de 255 \u00e0 270<\/div><div class=\"acte_type\">2023 - Arr\u00eat\u00e9s relatifs aux jurys dans les dipl\u00f4mes - admission<\/div><div class=\"acte_pub_date\">Publi\u00e9 le : 30\/03\/2023<\/div><div class=\"acte_files\"><ul><li><a href=\"https:\/\/www.univ-lorraine.fr\/raa\/wp-content\/uploads\/sites\/6\/2023\/03\/AD2023-de-255-a-270.pdf\" target=\"_blank\" title=\"T\u00e9l\u00e9charger le fichier AD2023 de 255 \u00e0 270\"><img decoding=\"async\" src=\"https:\/\/www.univ-lorraine.fr\/raa\/wp-content\/plugins\/ul-raa\/img\/pdf.svg\" alt=\"\" \/>AD2023 de 255 \u00e0 270 (790.60 Ko)<\/a><\/li><\/ul><\/div><\/div><\/li><li><a href=\"#\" data-featherlight=\"#actelightbox_20797\" title=\"Voir le d\u00e9tail de l'acte AD2023 de 152 \u00e0 254\">AD2023 de 152 \u00e0 254<\/a><div id=\"actelightbox_20797\" class=\"actelightbox\"><div class=\"acte_name\">AD2023 de 152 \u00e0 254<\/div><div class=\"acte_type\">2023 - Arr\u00eat\u00e9s relatifs aux jurys dans les dipl\u00f4mes - admission<\/div><div class=\"acte_pub_date\">Publi\u00e9 le : 16\/02\/2023<\/div><div class=\"acte_files\"><ul><li><a href=\"https:\/\/www.univ-lorraine.fr\/raa\/wp-content\/uploads\/sites\/6\/2023\/02\/AD2023-de-152-a-254.pdf\" target=\"_blank\" title=\"T\u00e9l\u00e9charger le fichier AD2023 de 152 \u00e0 254\"><img decoding=\"async\" src=\"https:\/\/www.univ-lorraine.fr\/raa\/wp-content\/plugins\/ul-raa\/img\/pdf.svg\" alt=\"\" \/>AD2023 de 152 \u00e0 254 (9.05 Mo)<\/a><\/li><\/ul><\/div><\/div><\/li><li><a href=\"#\" data-featherlight=\"#actelightbox_20711\" title=\"Voir le d\u00e9tail de l'acte AD2023 de 25 \u00e0151\">AD2023 de 25 \u00e0151<\/a><div id=\"actelightbox_20711\" class=\"actelightbox\"><div class=\"acte_name\">AD2023 de 25 \u00e0151<\/div><div class=\"acte_type\">2023 - Arr\u00eat\u00e9s relatifs aux jurys dans les dipl\u00f4mes - admission<\/div><div class=\"acte_pub_date\">Publi\u00e9 le : 19\/01\/2023<\/div><div class=\"acte_files\"><ul><li><a href=\"https:\/\/www.univ-lorraine.fr\/raa\/wp-content\/uploads\/sites\/6\/2023\/01\/AD2023-de-25-0-151.pdf\" target=\"_blank\" title=\"T\u00e9l\u00e9charger le fichier AD2023 de 25 0 151\"><img decoding=\"async\" src=\"https:\/\/www.univ-lorraine.fr\/raa\/wp-content\/plugins\/ul-raa\/img\/pdf.svg\" alt=\"\" \/>AD2023 de 25 0 151 (2.96 Mo)<\/a><\/li><\/ul><\/div><\/div><\/li><\/ul><\/div>\n\n\n\n<h4 class=\"gb-headline gb-headline-ff70f146 gb-headline-text\">Validation<\/h4>\n\n\n<div id=\"liste_actes\"><a name=\"goto_list_actes_b21f9ba5\"><\/a><ul class=\"liste_des_actes\"><li><a href=\"#\" data-featherlight=\"#actelightbox_25618\" title=\"Voir le d\u00e9tail de l'acte VA2025 359 \u00e0 439\">VA2025 359 \u00e0 439<\/a><div id=\"actelightbox_25618\" class=\"actelightbox\"><div class=\"acte_name\">VA2025 359 \u00e0 439<\/div><div class=\"acte_type\">2026 - Arr\u00eat\u00e9s relatifs aux jurys dans les dipl\u00f4mes - validation<\/div><div class=\"acte_pub_date\">Publi\u00e9 le : 12\/02\/2026<\/div><div class=\"acte_files\"><ul><li><a href=\"https:\/\/www.univ-lorraine.fr\/raa\/wp-content\/uploads\/sites\/6\/2026\/02\/va2025-359-a-439.pdf\" target=\"_blank\" title=\"T\u00e9l\u00e9charger le fichier VA2025 359 \u00e0 439\"><img decoding=\"async\" src=\"https:\/\/www.univ-lorraine.fr\/raa\/wp-content\/plugins\/ul-raa\/img\/pdf.svg\" alt=\"\" \/>VA2025 359 \u00e0 439 (3.05 Mo)<\/a><\/li><\/ul><\/div><\/div><\/li><li><a href=\"#\" data-featherlight=\"#actelightbox_24802\" title=\"Voir le d\u00e9tail de l'acte VA2024-184 \u00e0 VA2024-426\">VA2024-184 \u00e0 VA2024-426<\/a><div id=\"actelightbox_24802\" class=\"actelightbox\"><div class=\"acte_name\">VA2024-184 \u00e0 VA2024-426<\/div><div class=\"acte_type\">2024 - Arr\u00eat\u00e9s relatifs aux jurys dans les dipl\u00f4mes - validation<\/div><div class=\"acte_pub_date\">Publi\u00e9 le : 19\/06\/2025<\/div><div class=\"acte_files\"><ul><li><a href=\"https:\/\/www.univ-lorraine.fr\/raa\/wp-content\/uploads\/sites\/6\/2025\/06\/va2024-184-a-va2024-426.pdf\" target=\"_blank\" title=\"T\u00e9l\u00e9charger le fichier VA2024-184 \u00e0 VA2024-426\"><img decoding=\"async\" src=\"https:\/\/www.univ-lorraine.fr\/raa\/wp-content\/plugins\/ul-raa\/img\/pdf.svg\" alt=\"\" \/>VA2024-184 \u00e0 VA2024-426 (12.03 Mo)<\/a><\/li><\/ul><\/div><\/div><\/li><li><a href=\"#\" data-featherlight=\"#actelightbox_23902\" title=\"Voir le d\u00e9tail de l'acte VA2024-001 \u00e0 VA2024-181\">VA2024-001 \u00e0 VA2024-181<\/a><div id=\"actelightbox_23902\" class=\"actelightbox\"><div class=\"acte_name\">VA2024-001 \u00e0 VA2024-181<\/div><div class=\"acte_type\">2024 - Arr\u00eat\u00e9s relatifs aux jurys dans les dipl\u00f4mes - validation<\/div><div class=\"acte_pub_date\">Publi\u00e9 le : 7\/01\/2025<\/div><div class=\"acte_files\"><ul><li><a href=\"https:\/\/www.univ-lorraine.fr\/raa\/wp-content\/uploads\/sites\/6\/2025\/01\/va2024-001-a-va2024-181.pdf\" target=\"_blank\" title=\"T\u00e9l\u00e9charger le fichier VA2024-001 \u00e0 VA2024-181\"><img decoding=\"async\" src=\"https:\/\/www.univ-lorraine.fr\/raa\/wp-content\/plugins\/ul-raa\/img\/pdf.svg\" alt=\"\" \/>VA2024-001 \u00e0 VA2024-181 (8.39 Mo)<\/a><\/li><\/ul><\/div><\/div><\/li><li><a href=\"#\" data-featherlight=\"#actelightbox_23501\" title=\"Voir le d\u00e9tail de l'acte VA 2024-201\">VA 2024-201<\/a><div id=\"actelightbox_23501\" class=\"actelightbox\"><div class=\"acte_name\">VA 2024-201<\/div><div class=\"acte_type\">2024 - Arr\u00eat\u00e9s relatifs aux jurys dans les dipl\u00f4mes - validation<\/div><div class=\"acte_pub_date\">Publi\u00e9 le : 3\/09\/2024<\/div><div class=\"acte_files\"><ul><li><a href=\"https:\/\/www.univ-lorraine.fr\/raa\/wp-content\/uploads\/sites\/6\/2024\/09\/va-2024-201-1.pdf\" target=\"_blank\" title=\"T\u00e9l\u00e9charger le fichier VA 2024-201\"><img decoding=\"async\" src=\"https:\/\/www.univ-lorraine.fr\/raa\/wp-content\/plugins\/ul-raa\/img\/pdf.svg\" alt=\"\" \/>VA 2024-201 (89.03 Ko)<\/a><\/li><\/ul><\/div><\/div><\/li><li><a href=\"#\" data-featherlight=\"#actelightbox_23481\" title=\"Voir le d\u00e9tail de l'acte VA 2023-407-A 427\">VA 2023-407-A 427<\/a><div id=\"actelightbox_23481\" class=\"actelightbox\"><div class=\"acte_name\">VA 2023-407-A 427<\/div><div class=\"acte_type\">2023 - Arr\u00eat\u00e9s relatifs aux jurys dans les dipl\u00f4mes - validation<\/div><div class=\"acte_pub_date\">Publi\u00e9 le : 3\/09\/2024<\/div><div class=\"acte_files\"><ul><li><a href=\"https:\/\/www.univ-lorraine.fr\/raa\/wp-content\/uploads\/sites\/6\/2024\/09\/va-2023-407-a-427.pdf\" target=\"_blank\" title=\"T\u00e9l\u00e9charger le fichier VA 2023-407-A 427\"><img decoding=\"async\" src=\"https:\/\/www.univ-lorraine.fr\/raa\/wp-content\/plugins\/ul-raa\/img\/pdf.svg\" alt=\"\" \/>VA 2023-407-A 427 (939.28 Ko)<\/a><\/li><\/ul><\/div><\/div><\/li><li><a href=\"#\" data-featherlight=\"#actelightbox_23099\" title=\"Voir le d\u00e9tail de l'acte VA 2023 394 A 411\">VA 2023 394 A 411<\/a><div id=\"actelightbox_23099\" class=\"actelightbox\"><div class=\"acte_name\">VA 2023 394 A 411<\/div><div class=\"acte_type\">2024 - Arr\u00eat\u00e9s relatifs aux jurys dans les dipl\u00f4mes - validation<\/div><div class=\"acte_pub_date\">Publi\u00e9 le : 2\/04\/2024<\/div><div class=\"acte_files\"><ul><li><a href=\"https:\/\/www.univ-lorraine.fr\/raa\/wp-content\/uploads\/sites\/6\/2024\/04\/va-2023-394-a-411.pdf\" target=\"_blank\" title=\"T\u00e9l\u00e9charger le fichier VA 2023 394 A 411\"><img decoding=\"async\" src=\"https:\/\/www.univ-lorraine.fr\/raa\/wp-content\/plugins\/ul-raa\/img\/pdf.svg\" alt=\"\" \/>VA 2023 394 A 411 (965.72 Ko)<\/a><\/li><\/ul><\/div><\/div><\/li><li><a href=\"#\" data-featherlight=\"#actelightbox_22765\" title=\"Voir le d\u00e9tail de l'acte VA 2023-098 A 397\">VA 2023-098 A 397<\/a><div id=\"actelightbox_22765\" class=\"actelightbox\"><div class=\"acte_name\">VA 2023-098 A 397<\/div><div class=\"acte_type\">2023 - Arr\u00eat\u00e9s relatifs aux jurys dans les dipl\u00f4mes - validation<\/div><div class=\"acte_pub_date\">Publi\u00e9 le : 29\/01\/2024<\/div><div class=\"acte_files\"><ul><li><a href=\"https:\/\/www.univ-lorraine.fr\/raa\/wp-content\/uploads\/sites\/6\/2024\/01\/va-2023-098-a-397.pdf\" target=\"_blank\" title=\"T\u00e9l\u00e9charger le fichier VA 2023-098 A 397\"><img decoding=\"async\" src=\"https:\/\/www.univ-lorraine.fr\/raa\/wp-content\/plugins\/ul-raa\/img\/pdf.svg\" alt=\"\" \/>VA 2023-098 A 397 (9.97 Mo)<\/a><\/li><\/ul><\/div><\/div><\/li><li><a href=\"#\" data-featherlight=\"#actelightbox_22467\" title=\"Voir le d\u00e9tail de l'acte Arr\u00eat\u00e9s VA 2023-2024\">Arr\u00eat\u00e9s VA 2023-2024<\/a><div id=\"actelightbox_22467\" class=\"actelightbox\"><div class=\"acte_name\">Arr\u00eat\u00e9s VA 2023-2024<\/div><div class=\"acte_type\">2023 - Arr\u00eat\u00e9s relatifs aux jurys dans les dipl\u00f4mes - validation<\/div><div class=\"acte_pub_date\">Publi\u00e9 le : 11\/12\/2023<\/div><div class=\"acte_files\"><ul><li><a href=\"https:\/\/www.univ-lorraine.fr\/raa\/wp-content\/uploads\/sites\/6\/2023\/12\/va-2023-001-a-012.pdf\" target=\"_blank\" title=\"T\u00e9l\u00e9charger le fichier VA 2023-001 A 012\"><img decoding=\"async\" src=\"https:\/\/www.univ-lorraine.fr\/raa\/wp-content\/plugins\/ul-raa\/img\/pdf.svg\" alt=\"\" \/>VA 2023-001 A 012 (306.29 Ko)<\/a><\/li><li><a href=\"https:\/\/www.univ-lorraine.fr\/raa\/wp-content\/uploads\/sites\/6\/2023\/12\/va-2023-013-a-097.pdf\" target=\"_blank\" title=\"T\u00e9l\u00e9charger le fichier VA 2023-013 A 097\"><img decoding=\"async\" src=\"https:\/\/www.univ-lorraine.fr\/raa\/wp-content\/plugins\/ul-raa\/img\/pdf.svg\" alt=\"\" \/>VA 2023-013 A 097 (2.50 Mo)<\/a><\/li><\/ul><\/div><\/div><\/li><li><a href=\"#\" data-featherlight=\"#actelightbox_21663\" title=\"Voir le d\u00e9tail de l'acte UL DAJ VA2022 451 \u00e0 459\">UL DAJ VA2022 451 \u00e0 459<\/a><div id=\"actelightbox_21663\" class=\"actelightbox\"><div class=\"acte_name\">UL DAJ VA2022 451 \u00e0 459<\/div><div class=\"acte_type\">2023 - Arr\u00eat\u00e9s relatifs aux jurys dans les dipl\u00f4mes - validation<\/div><div class=\"acte_pub_date\">Publi\u00e9 le : 20\/06\/2023<\/div><div class=\"acte_files\"><ul><li><a href=\"https:\/\/www.univ-lorraine.fr\/raa\/wp-content\/uploads\/sites\/6\/2023\/06\/UL-DAJ-VA2022-451-a-459.pdf\" target=\"_blank\" title=\"T\u00e9l\u00e9charger le fichier UL DAJ VA2022 451 \u00e0 459\"><img decoding=\"async\" src=\"https:\/\/www.univ-lorraine.fr\/raa\/wp-content\/plugins\/ul-raa\/img\/pdf.svg\" alt=\"\" \/>UL DAJ VA2022 451 \u00e0 459 (151.89 Ko)<\/a><\/li><\/ul><\/div><\/div><\/li><li><a href=\"#\" data-featherlight=\"#actelightbox_21590\" title=\"Voir le d\u00e9tail de l'acte VA2022-2023 438 \u00e0 457\">VA2022-2023 438 \u00e0 457<\/a><div id=\"actelightbox_21590\" class=\"actelightbox\"><div class=\"acte_name\">VA2022-2023 438 \u00e0 457<\/div><div class=\"acte_type\">2023 - Arr\u00eat\u00e9s relatifs aux jurys dans les dipl\u00f4mes - validation<\/div><div class=\"acte_pub_date\">Publi\u00e9 le : 8\/06\/2023<\/div><div class=\"acte_files\"><ul><li><a href=\"https:\/\/www.univ-lorraine.fr\/raa\/wp-content\/uploads\/sites\/6\/2023\/06\/VA2022-2023-438-a-457-1.pdf\" target=\"_blank\" title=\"T\u00e9l\u00e9charger le fichier VA2022-2023 438 \u00e0 457\"><img decoding=\"async\" src=\"https:\/\/www.univ-lorraine.fr\/raa\/wp-content\/plugins\/ul-raa\/img\/pdf.svg\" alt=\"\" \/>VA2022-2023 438 \u00e0 457 (494.39 Ko)<\/a><\/li><\/ul><\/div><\/div><\/li><li><a href=\"#\" data-featherlight=\"#actelightbox_21187\" title=\"Voir le d\u00e9tail de l'acte UL DAJ VA2022 427 \u00e0 437\">UL DAJ VA2022 427 \u00e0 437<\/a><div id=\"actelightbox_21187\" class=\"actelightbox\"><div class=\"acte_name\">UL DAJ VA2022 427 \u00e0 437<\/div><div class=\"acte_type\">2023 - Arr\u00eat\u00e9s relatifs aux jurys dans les dipl\u00f4mes - validation<\/div><div class=\"acte_pub_date\">Publi\u00e9 le : 30\/03\/2023<\/div><div class=\"acte_files\"><ul><li><a href=\"https:\/\/www.univ-lorraine.fr\/raa\/wp-content\/uploads\/sites\/6\/2023\/03\/UL-DAJ-VA2022-427-a-437.pdf\" target=\"_blank\" title=\"T\u00e9l\u00e9charger le fichier UL DAJ VA2022 427 \u00e0 437\"><img decoding=\"async\" src=\"https:\/\/www.univ-lorraine.fr\/raa\/wp-content\/plugins\/ul-raa\/img\/pdf.svg\" alt=\"\" \/>UL DAJ VA2022 427 \u00e0 437 (340.84 Ko)<\/a><\/li><\/ul><\/div><\/div><\/li><li><a href=\"#\" data-featherlight=\"#actelightbox_20799\" title=\"Voir le d\u00e9tail de l'acte UL DAJ VA2022 258 \u00e0 426\">UL DAJ VA2022 258 \u00e0 426<\/a><div id=\"actelightbox_20799\" class=\"actelightbox\"><div class=\"acte_name\">UL DAJ VA2022 258 \u00e0 426<\/div><div class=\"acte_type\">2022 - Arr\u00eat\u00e9s relatifs aux jurys dans les dipl\u00f4mes - validation<\/div><div class=\"acte_pub_date\">Publi\u00e9 le : 16\/02\/2023<\/div><div class=\"acte_files\"><ul><li><a href=\"https:\/\/www.univ-lorraine.fr\/raa\/wp-content\/uploads\/sites\/6\/2023\/02\/UL-DAJ-VA2022-258-a-319.pdf\" target=\"_blank\" title=\"T\u00e9l\u00e9charger le fichier UL DAJ VA2022 258 \u00e0 319\"><img decoding=\"async\" src=\"https:\/\/www.univ-lorraine.fr\/raa\/wp-content\/plugins\/ul-raa\/img\/pdf.svg\" alt=\"\" \/>UL DAJ VA2022 258 \u00e0 319 (2.35 Mo)<\/a><\/li><li><a href=\"https:\/\/www.univ-lorraine.fr\/raa\/wp-content\/uploads\/sites\/6\/2023\/02\/UL-DAJ-VA2022-320-a-426.pdf\" target=\"_blank\" title=\"T\u00e9l\u00e9charger le fichier UL DAJ VA2022 320 \u00e0 426\"><img decoding=\"async\" src=\"https:\/\/www.univ-lorraine.fr\/raa\/wp-content\/plugins\/ul-raa\/img\/pdf.svg\" alt=\"\" \/>UL DAJ VA2022 320 \u00e0 426 (3.43 Mo)<\/a><\/li><\/ul><\/div><\/div><\/li><li><a href=\"#\" data-featherlight=\"#actelightbox_20721\" title=\"Voir le d\u00e9tail de l'acte VA2022-2023 201 \u00e0 257\">VA2022-2023 201 \u00e0 257<\/a><div id=\"actelightbox_20721\" class=\"actelightbox\"><div class=\"acte_name\">VA2022-2023 201 \u00e0 257<\/div><div class=\"acte_type\">2023 - Arr\u00eat\u00e9s relatifs aux jurys dans les dipl\u00f4mes - validation<\/div><div class=\"acte_pub_date\">Publi\u00e9 le : 19\/01\/2023<\/div><div class=\"acte_files\"><ul><li><a href=\"https:\/\/www.univ-lorraine.fr\/raa\/wp-content\/uploads\/sites\/6\/2023\/01\/VA2022-2023-201-a-257.pdf\" target=\"_blank\" title=\"T\u00e9l\u00e9charger le fichier VA2022-2023 201 \u00e0 257\"><img decoding=\"async\" src=\"https:\/\/www.univ-lorraine.fr\/raa\/wp-content\/plugins\/ul-raa\/img\/pdf.svg\" alt=\"\" \/>VA2022-2023 201 \u00e0 257 (1.89 Mo)<\/a><\/li><\/ul><\/div><\/div><\/li><li><a href=\"#\" data-featherlight=\"#actelightbox_20719\" title=\"Voir le d\u00e9tail de l'acte VA2022-2023 151 \u00e0 200\">VA2022-2023 151 \u00e0 200<\/a><div id=\"actelightbox_20719\" class=\"actelightbox\"><div class=\"acte_name\">VA2022-2023 151 \u00e0 200<\/div><div class=\"acte_type\">2023 - Arr\u00eat\u00e9s relatifs aux jurys dans les dipl\u00f4mes - validation<\/div><div class=\"acte_pub_date\">Publi\u00e9 le : 19\/01\/2023<\/div><div class=\"acte_files\"><ul><li><a href=\"https:\/\/www.univ-lorraine.fr\/raa\/wp-content\/uploads\/sites\/6\/2023\/01\/VA2022-2023-151-a-200.pdf\" target=\"_blank\" title=\"T\u00e9l\u00e9charger le fichier VA2022-2023 151 \u00e0 200\"><img decoding=\"async\" src=\"https:\/\/www.univ-lorraine.fr\/raa\/wp-content\/plugins\/ul-raa\/img\/pdf.svg\" alt=\"\" \/>VA2022-2023 151 \u00e0 200 (1.70 Mo)<\/a><\/li><\/ul><\/div><\/div><\/li><li><a href=\"#\" data-featherlight=\"#actelightbox_20717\" title=\"Voir le d\u00e9tail de l'acte VA2022-2023 101 \u00e0 150\">VA2022-2023 101 \u00e0 150<\/a><div id=\"actelightbox_20717\" class=\"actelightbox\"><div class=\"acte_name\">VA2022-2023 101 \u00e0 150<\/div><div class=\"acte_type\">2023 - Arr\u00eat\u00e9s relatifs aux jurys dans les dipl\u00f4mes - validation<\/div><div class=\"acte_pub_date\">Publi\u00e9 le : 19\/01\/2023<\/div><div class=\"acte_files\"><ul><li><a href=\"https:\/\/www.univ-lorraine.fr\/raa\/wp-content\/uploads\/sites\/6\/2023\/01\/VA2022-2023-101-a-150.pdf\" target=\"_blank\" title=\"T\u00e9l\u00e9charger le fichier VA2022-2023 101 \u00e0 150\"><img decoding=\"async\" src=\"https:\/\/www.univ-lorraine.fr\/raa\/wp-content\/plugins\/ul-raa\/img\/pdf.svg\" alt=\"\" \/>VA2022-2023 101 \u00e0 150 (2.04 Mo)<\/a><\/li><\/ul><\/div><\/div><\/li><li><a href=\"#\" data-featherlight=\"#actelightbox_20715\" title=\"Voir le d\u00e9tail de l'acte VA2022-2023 051\u00e0 100\">VA2022-2023 051\u00e0 100<\/a><div id=\"actelightbox_20715\" class=\"actelightbox\"><div class=\"acte_name\">VA2022-2023 051\u00e0 100<\/div><div class=\"acte_type\">2023 - Arr\u00eat\u00e9s relatifs aux jurys dans les dipl\u00f4mes - validation<\/div><div class=\"acte_pub_date\">Publi\u00e9 le : 19\/01\/2023<\/div><div class=\"acte_files\"><ul><li><a href=\"https:\/\/www.univ-lorraine.fr\/raa\/wp-content\/uploads\/sites\/6\/2023\/01\/VA2022-2023-051a-100.pdf\" target=\"_blank\" title=\"T\u00e9l\u00e9charger le fichier VA2022-2023 051\u00e0 100\"><img decoding=\"async\" src=\"https:\/\/www.univ-lorraine.fr\/raa\/wp-content\/plugins\/ul-raa\/img\/pdf.svg\" alt=\"\" \/>VA2022-2023 051\u00e0 100 (1.55 Mo)<\/a><\/li><\/ul><\/div><\/div><\/li><li><a href=\"#\" data-featherlight=\"#actelightbox_20713\" title=\"Voir le d\u00e9tail de l'acte VA2022-2023 013 \u00e0 050\">VA2022-2023 013 \u00e0 050<\/a><div id=\"actelightbox_20713\" class=\"actelightbox\"><div class=\"acte_name\">VA2022-2023 013 \u00e0 050<\/div><div class=\"acte_type\">2023 - Arr\u00eat\u00e9s relatifs aux jurys dans les dipl\u00f4mes - validation<\/div><div class=\"acte_pub_date\">Publi\u00e9 le : 19\/01\/2023<\/div><div class=\"acte_files\"><ul><li><a href=\"https:\/\/www.univ-lorraine.fr\/raa\/wp-content\/uploads\/sites\/6\/2023\/01\/VA2022-2023-013-a-050.pdf\" target=\"_blank\" title=\"T\u00e9l\u00e9charger le fichier VA2022-2023 013 \u00e0 050\"><img decoding=\"async\" src=\"https:\/\/www.univ-lorraine.fr\/raa\/wp-content\/plugins\/ul-raa\/img\/pdf.svg\" alt=\"\" \/>VA2022-2023 013 \u00e0 050 (1.08 Mo)<\/a><\/li><\/ul><\/div><\/div><\/li><\/ul><\/div>\n","protected":false},"excerpt":{"rendered":"<p>Modalit\u00e9s de contr\u00f4le des connaissances Arr\u00eat\u00e9s relatifs aux jurys dans les dipl\u00f4mes Admission Validation<\/p>\n","protected":false},"author":7,"featured_media":0,"parent":0,"menu_order":0,"comment_status":"closed","ping_status":"closed","template":"","meta":{"inline_featured_image":false,"footnotes":""},"class_list":["post-16169","page","type-page","status-publish"],"yoast_head":"<!-- This site is optimized with the Yoast SEO plugin v27.4 - https:\/\/yoast.com\/product\/yoast-seo-wordpress\/ -->\n<title>Scolarit\u00e9 - Recueil des Actes Administratifs (RAA)<\/title>\n<meta name=\"robots\" content=\"index, follow, max-snippet:-1, max-image-preview:large, max-video-preview:-1\" \/>\n<link rel=\"canonical\" href=\"https:\/\/www.univ-lorraine.fr\/raa\/scolarite\/\" \/>\n<meta property=\"og:locale\" content=\"fr_FR\" \/>\n<meta property=\"og:type\" content=\"article\" \/>\n<meta property=\"og:title\" content=\"Scolarit\u00e9 - Recueil des Actes Administratifs (RAA)\" \/>\n<meta property=\"og:description\" content=\"Modalit\u00e9s de contr\u00f4le des connaissances Arr\u00eat\u00e9s relatifs aux jurys dans les dipl\u00f4mes Admission Validation\" \/>\n<meta property=\"og:url\" content=\"https:\/\/www.univ-lorraine.fr\/raa\/scolarite\/\" \/>\n<meta property=\"og:site_name\" content=\"Recueil des Actes Administratifs (RAA)\" \/>\n<meta property=\"article:modified_time\" content=\"2021-10-28T07:57:14+00:00\" \/>\n<meta name=\"twitter:card\" content=\"summary_large_image\" \/>\n<meta name=\"twitter:label1\" content=\"Dur\u00e9e de lecture estim\u00e9e\" \/>\n\t<meta name=\"twitter:data1\" content=\"1 minute\" \/>\n<script type=\"application\/ld+json\" class=\"yoast-schema-graph\">{\"@context\":\"https:\\\/\\\/schema.org\",\"@graph\":[{\"@type\":\"WebPage\",\"@id\":\"https:\\\/\\\/www.univ-lorraine.fr\\\/raa\\\/scolarite\\\/\",\"url\":\"https:\\\/\\\/www.univ-lorraine.fr\\\/raa\\\/scolarite\\\/\",\"name\":\"Scolarit\u00e9 - Recueil des Actes Administratifs (RAA)\",\"isPartOf\":{\"@id\":\"https:\\\/\\\/www.univ-lorraine.fr\\\/raa\\\/#website\"},\"datePublished\":\"2021-03-30T14:39:15+00:00\",\"dateModified\":\"2021-10-28T07:57:14+00:00\",\"breadcrumb\":{\"@id\":\"https:\\\/\\\/www.univ-lorraine.fr\\\/raa\\\/scolarite\\\/#breadcrumb\"},\"inLanguage\":\"fr-FR\",\"potentialAction\":[{\"@type\":\"ReadAction\",\"target\":[\"https:\\\/\\\/www.univ-lorraine.fr\\\/raa\\\/scolarite\\\/\"]}]},{\"@type\":\"BreadcrumbList\",\"@id\":\"https:\\\/\\\/www.univ-lorraine.fr\\\/raa\\\/scolarite\\\/#breadcrumb\",\"itemListElement\":[{\"@type\":\"ListItem\",\"position\":1,\"name\":\"Accueil\",\"item\":\"https:\\\/\\\/www.univ-lorraine.fr\\\/raa\\\/\"},{\"@type\":\"ListItem\",\"position\":2,\"name\":\"Scolarit\u00e9\"}]},{\"@type\":\"WebSite\",\"@id\":\"https:\\\/\\\/www.univ-lorraine.fr\\\/raa\\\/#website\",\"url\":\"https:\\\/\\\/www.univ-lorraine.fr\\\/raa\\\/\",\"name\":\"Recueil des Actes Administratifs (RAA)\",\"description\":\"\",\"publisher\":{\"@id\":\"https:\\\/\\\/www.univ-lorraine.fr\\\/raa\\\/#organization\"},\"potentialAction\":[{\"@type\":\"SearchAction\",\"target\":{\"@type\":\"EntryPoint\",\"urlTemplate\":\"https:\\\/\\\/www.univ-lorraine.fr\\\/raa\\\/?s={search_term_string}\"},\"query-input\":{\"@type\":\"PropertyValueSpecification\",\"valueRequired\":true,\"valueName\":\"search_term_string\"}}],\"inLanguage\":\"fr-FR\"},{\"@type\":\"Organization\",\"@id\":\"https:\\\/\\\/www.univ-lorraine.fr\\\/raa\\\/#organization\",\"name\":\"Universit\u00e9 de Lorraine\",\"url\":\"https:\\\/\\\/www.univ-lorraine.fr\\\/raa\\\/\",\"logo\":{\"@type\":\"ImageObject\",\"inLanguage\":\"fr-FR\",\"@id\":\"https:\\\/\\\/www.univ-lorraine.fr\\\/raa\\\/#\\\/schema\\\/logo\\\/image\\\/\",\"url\":\"https:\\\/\\\/www.univ-lorraine.fr\\\/raa\\\/wp-content\\\/uploads\\\/sites\\\/6\\\/2021\\\/01\\\/LOGO_UL.png\",\"contentUrl\":\"https:\\\/\\\/www.univ-lorraine.fr\\\/raa\\\/wp-content\\\/uploads\\\/sites\\\/6\\\/2021\\\/01\\\/LOGO_UL.png\",\"width\":138,\"height\":48,\"caption\":\"Universit\u00e9 de Lorraine\"},\"image\":{\"@id\":\"https:\\\/\\\/www.univ-lorraine.fr\\\/raa\\\/#\\\/schema\\\/logo\\\/image\\\/\"}}]}<\/script>\n<!-- \/ Yoast SEO plugin. -->","yoast_head_json":{"title":"Scolarit\u00e9 - Recueil des Actes Administratifs (RAA)","robots":{"index":"index","follow":"follow","max-snippet":"max-snippet:-1","max-image-preview":"max-image-preview:large","max-video-preview":"max-video-preview:-1"},"canonical":"https:\/\/www.univ-lorraine.fr\/raa\/scolarite\/","og_locale":"fr_FR","og_type":"article","og_title":"Scolarit\u00e9 - Recueil des Actes Administratifs (RAA)","og_description":"Modalit\u00e9s de contr\u00f4le des connaissances Arr\u00eat\u00e9s relatifs aux jurys dans les dipl\u00f4mes Admission Validation","og_url":"https:\/\/www.univ-lorraine.fr\/raa\/scolarite\/","og_site_name":"Recueil des Actes Administratifs (RAA)","article_modified_time":"2021-10-28T07:57:14+00:00","twitter_card":"summary_large_image","twitter_misc":{"Dur\u00e9e de lecture estim\u00e9e":"1 minute"},"schema":{"@context":"https:\/\/schema.org","@graph":[{"@type":"WebPage","@id":"https:\/\/www.univ-lorraine.fr\/raa\/scolarite\/","url":"https:\/\/www.univ-lorraine.fr\/raa\/scolarite\/","name":"Scolarit\u00e9 - Recueil des Actes Administratifs (RAA)","isPartOf":{"@id":"https:\/\/www.univ-lorraine.fr\/raa\/#website"},"datePublished":"2021-03-30T14:39:15+00:00","dateModified":"2021-10-28T07:57:14+00:00","breadcrumb":{"@id":"https:\/\/www.univ-lorraine.fr\/raa\/scolarite\/#breadcrumb"},"inLanguage":"fr-FR","potentialAction":[{"@type":"ReadAction","target":["https:\/\/www.univ-lorraine.fr\/raa\/scolarite\/"]}]},{"@type":"BreadcrumbList","@id":"https:\/\/www.univ-lorraine.fr\/raa\/scolarite\/#breadcrumb","itemListElement":[{"@type":"ListItem","position":1,"name":"Accueil","item":"https:\/\/www.univ-lorraine.fr\/raa\/"},{"@type":"ListItem","position":2,"name":"Scolarit\u00e9"}]},{"@type":"WebSite","@id":"https:\/\/www.univ-lorraine.fr\/raa\/#website","url":"https:\/\/www.univ-lorraine.fr\/raa\/","name":"Recueil des Actes Administratifs (RAA)","description":"","publisher":{"@id":"https:\/\/www.univ-lorraine.fr\/raa\/#organization"},"potentialAction":[{"@type":"SearchAction","target":{"@type":"EntryPoint","urlTemplate":"https:\/\/www.univ-lorraine.fr\/raa\/?s={search_term_string}"},"query-input":{"@type":"PropertyValueSpecification","valueRequired":true,"valueName":"search_term_string"}}],"inLanguage":"fr-FR"},{"@type":"Organization","@id":"https:\/\/www.univ-lorraine.fr\/raa\/#organization","name":"Universit\u00e9 de Lorraine","url":"https:\/\/www.univ-lorraine.fr\/raa\/","logo":{"@type":"ImageObject","inLanguage":"fr-FR","@id":"https:\/\/www.univ-lorraine.fr\/raa\/#\/schema\/logo\/image\/","url":"https:\/\/www.univ-lorraine.fr\/raa\/wp-content\/uploads\/sites\/6\/2021\/01\/LOGO_UL.png","contentUrl":"https:\/\/www.univ-lorraine.fr\/raa\/wp-content\/uploads\/sites\/6\/2021\/01\/LOGO_UL.png","width":138,"height":48,"caption":"Universit\u00e9 de Lorraine"},"image":{"@id":"https:\/\/www.univ-lorraine.fr\/raa\/#\/schema\/logo\/image\/"}}]}},"_links":{"self":[{"href":"https:\/\/www.univ-lorraine.fr\/raa\/wp-json\/wp\/v2\/pages\/16169","targetHints":{"allow":["GET"]}}],"collection":[{"href":"https:\/\/www.univ-lorraine.fr\/raa\/wp-json\/wp\/v2\/pages"}],"about":[{"href":"https:\/\/www.univ-lorraine.fr\/raa\/wp-json\/wp\/v2\/types\/page"}],"author":[{"embeddable":true,"href":"https:\/\/www.univ-lorraine.fr\/raa\/wp-json\/wp\/v2\/users\/7"}],"replies":[{"embeddable":true,"href":"https:\/\/www.univ-lorraine.fr\/raa\/wp-json\/wp\/v2\/comments?post=16169"}],"version-history":[{"count":2,"href":"https:\/\/www.univ-lorraine.fr\/raa\/wp-json\/wp\/v2\/pages\/16169\/revisions"}],"predecessor-version":[{"id":17131,"href":"https:\/\/www.univ-lorraine.fr\/raa\/wp-json\/wp\/v2\/pages\/16169\/revisions\/17131"}],"wp:attachment":[{"href":"https:\/\/www.univ-lorraine.fr\/raa\/wp-json\/wp\/v2\/media?parent=16169"}],"curies":[{"name":"wp","href":"https:\/\/api.w.org\/{rel}","templated":true}]}}