{"id":285,"date":"2025-01-06T15:57:09","date_gmt":"2025-01-06T14:57:09","guid":{"rendered":"https:\/\/www.univ-lorraine.fr\/strategie-europe\/?page_id=285"},"modified":"2025-05-02T08:37:06","modified_gmt":"2025-05-02T06:37:06","slug":"nos-reseaux-europeens-et-nationaux-a-portee-europeenne","status":"publish","type":"page","link":"https:\/\/www.univ-lorraine.fr\/strategie-europe\/nos-reseaux-europeens-et-nationaux-a-portee-europeenne\/","title":{"rendered":"Nos r\u00e9seaux europ\u00e9ens et nationaux \u00e0 port\u00e9e europ\u00e9enne"},"content":{"rendered":"\n<p>Les r\u00e9seaux europ\u00e9ens dans lesquels l\u2019Universit\u00e9 de Lorraine, avec le site lorrain, est engag\u00e9e, sont tr\u00e8s divers, certains th\u00e9matiques, d\u2019autres transversaux. Ils n\u2019ont pas n\u00e9cessairement le m\u00eame objectif ni le m\u00eame impact au niveau europ\u00e9en. Ils correspondent aux th\u00e9matiques de site, et ont un fort impact sur l\u2019orientation politique et la programmation europ\u00e9enne.<\/p>\n\n\n\n<h3 class=\"gb-headline gb-headline-0358b026 gb-headline-text\">Les r\u00e9seaux formels<\/h3>\n\n\n\n<p>Les r\u00e9seaux formels ont une action directe sur la programmation europ\u00e9enne de part des proc\u00e9dures officielles de remont\u00e9e d\u2019information \u00e0 la Commission europ\u00e9enne. Ils sont donc pertinents pour nous permettre d\u2019influencer les programmes de financement et ainsi tenter de les aligner avec les activit\u00e9s du site lorrain.<\/p>\n\n\n\n<p>Au sein de ce groupe, on retrouve entre autres :<\/p>\n\n\n\n<ul class=\"wp-block-list\">\n<li>Les Groupes Th\u00e9matiques Nationaux (GTN) \u2013 qui permettent de contribuer \u00e0 la position fran\u00e7aise officielle tant au niveau des appels \u00e0 projets (via le Comit\u00e9 de Programme) que des orientations programmatiques europ\u00e9ennes.<\/li>\n\n\n\n<li>Les partenariats europ\u00e9ens \u2013 ces partenariats regroupent les partenariats associ\u00e9s \u00e0 Horizon Europe (partenariats institutionalis\u00e9s, co-programm\u00e9s et co-financ\u00e9s). Ils permettent de contribuer \u00e0 la d\u00e9finition des feuilles de route et des appels \u00e0 projets propos\u00e9s par ces partenariats.<\/li>\n<\/ul>\n\n\n\n<h3 class=\"gb-headline gb-headline-cc40c4da gb-headline-text\">Les r\u00e9seaux informels<\/h3>\n\n\n\n<p>Les r\u00e9seaux informels n\u2019ont pas d\u2019action directe sur la programmation europ\u00e9enne mais interviennent \u00e0 un niveau plus strat\u00e9gique sur les orientations et politiques europ\u00e9ennes et sont force de proposition sur la programmation. Ces r\u00e9seaux sont donc int\u00e9ressants pour participer \u00e0 l\u2019\u00e9laboration des grandes orientations \u00e0 venir dans le secteur de la R&amp;I au niveau europ\u00e9en.<\/p>\n\n\n\n<p>Dans ce groupe, d\u2019une grande vari\u00e9t\u00e9, on retrouve majoritairement des associations ou des repr\u00e9sentations, th\u00e9matiques ou transversales. Ces r\u00e9seaux ont une influence sur les orientations et politiques europ\u00e9ennes car ils repr\u00e9sentent des communaut\u00e9s d\u2019acteurs europ\u00e9ens tr\u00e8s larges et proposent des actions de lobbying.<\/p>\n\n\n<div class=\"gb-container gb-container-9e28f506\" id=\"reseaux\">\n\n<h3 class=\"gb-headline gb-headline-362d0390 gb-headline-text\">Liste des r\u00e9seaux dans lesquels le site lorrain est repr\u00e9sent\u00e9<\/h3>\n\n\n<div class=\"colonne-3 colonne-3 wp-block-pods-pods-block-list\"><form method=\"get\" class=\"pods-form-filters pods-form-filters-reseau\" action=\"\">\n\t\t\t<div class=\"pods-form-ui-field pods-dfv-field pods-dfv-field--unloaded\">\n\t\t\t\t\t\t\t<span class=\"pods-dfv-field__loading-indicator\" role=\"progressbar\"><\/span>\n\t\t\t\t\t\t\t\t\t<script type=\"application\/json\" class=\"pods-dfv-field-data\" data-pod=\"\" data-group=\"\" data-item-id=\"435\" data-form-counter=\"0\">{\"htmlAttr\":{\"id\":\"pods-form-ui-filter-domaine-strategique\",\"class\":\"pods-form-ui-field pods-form-ui-field-type-pick pods-form-ui-field-name-filter-domaine-strategique\",\"name\":\"filter_domaine_strategique\",\"name_clean\":\"filter-domaine-strategique\"},\"fieldType\":\"pick\",\"fieldItemData\":[{\"id\":\"\",\"icon\":\"dashicons-category\",\"name\":\"-- Strategic areas --\",\"edit_link\":\"\",\"link\":\"\",\"selected\":true},{\"id\":\"23\",\"icon\":\"dashicons-category\",\"name\":\"Cha\\u00eene de valeur des mat\\u00e9riaux\",\"edit_link\":\"\",\"link\":\"https:\\\/\\\/www.univ-lorraine.fr\\\/strategie-europe\\\/domaine-strategique\\\/chaine-de-valeur-des-materiaux-fr\\\/\",\"selected\":false},{\"id\":\"19\",\"icon\":\"dashicons-category\",\"name\":\"\\u00c9nergie, d\\u00e9carbonisation de l\\u2019industrie\",\"edit_link\":\"\",\"link\":\"https:\\\/\\\/www.univ-lorraine.fr\\\/strategie-europe\\\/domaine-strategique\\\/energie-decarbonisation-de-lindustrie-fr\\\/\",\"selected\":false},{\"id\":\"48\",\"icon\":\"dashicons-category\",\"name\":\"Energy, decarbonization of the industry\",\"edit_link\":\"\",\"link\":\"https:\\\/\\\/www.univ-lorraine.fr\\\/strategie-europe\\\/en\\\/domaine-strategique\\\/energy-decarbonization-of-the-industry\\\/\",\"selected\":false},{\"id\":\"50\",\"icon\":\"dashicons-category\",\"name\":\"Health\",\"edit_link\":\"\",\"link\":\"https:\\\/\\\/www.univ-lorraine.fr\\\/strategie-europe\\\/en\\\/domaine-strategique\\\/health\\\/\",\"selected\":false},{\"id\":\"21\",\"icon\":\"dashicons-category\",\"name\":\"Industrie 5.0 et num\\u00e9rique\",\"edit_link\":\"\",\"link\":\"https:\\\/\\\/www.univ-lorraine.fr\\\/strategie-europe\\\/domaine-strategique\\\/industrie-5-0-et-numerique-fr\\\/\",\"selected\":false},{\"id\":\"56\",\"icon\":\"dashicons-category\",\"name\":\"Industry 5.0 and digital\",\"edit_link\":\"\",\"link\":\"https:\\\/\\\/www.univ-lorraine.fr\\\/strategie-europe\\\/en\\\/domaine-strategique\\\/industry-5-0-and-digital\\\/\",\"selected\":false},{\"id\":\"44\",\"icon\":\"dashicons-category\",\"name\":\"Natural resources and environment\",\"edit_link\":\"\",\"link\":\"https:\\\/\\\/www.univ-lorraine.fr\\\/strategie-europe\\\/en\\\/domaine-strategique\\\/natural-resources-and-environment\\\/\",\"selected\":false},{\"id\":\"18\",\"icon\":\"dashicons-category\",\"name\":\"Ressources naturelles et environnement\",\"edit_link\":\"\",\"link\":\"https:\\\/\\\/www.univ-lorraine.fr\\\/strategie-europe\\\/domaine-strategique\\\/ressources-naturelles-et-environnement-fr\\\/\",\"selected\":false},{\"id\":\"22\",\"icon\":\"dashicons-category\",\"name\":\"Sant\\u00e9\",\"edit_link\":\"\",\"link\":\"https:\\\/\\\/www.univ-lorraine.fr\\\/strategie-europe\\\/domaine-strategique\\\/sante-fr\\\/\",\"selected\":false},{\"id\":\"20\",\"icon\":\"dashicons-category\",\"name\":\"Soci\\u00e9t\\u00e9\",\"edit_link\":\"\",\"link\":\"https:\\\/\\\/www.univ-lorraine.fr\\\/strategie-europe\\\/domaine-strategique\\\/societe-fr\\\/\",\"selected\":false},{\"id\":\"52\",\"icon\":\"dashicons-category\",\"name\":\"Society\",\"edit_link\":\"\",\"link\":\"https:\\\/\\\/www.univ-lorraine.fr\\\/strategie-europe\\\/en\\\/domaine-strategique\\\/society\\\/\",\"selected\":false},{\"id\":\"54\",\"icon\":\"dashicons-category\",\"name\":\"Transversal\",\"edit_link\":\"\",\"link\":\"https:\\\/\\\/www.univ-lorraine.fr\\\/strategie-europe\\\/en\\\/domaine-strategique\\\/transversal\\\/\",\"selected\":false},{\"id\":\"24\",\"icon\":\"dashicons-category\",\"name\":\"Transverse\",\"edit_link\":\"\",\"link\":\"https:\\\/\\\/www.univ-lorraine.fr\\\/strategie-europe\\\/domaine-strategique\\\/transverse-fr\\\/\",\"selected\":false},{\"id\":\"46\",\"icon\":\"dashicons-category\",\"name\":\"Value chains of materials\",\"edit_link\":\"\",\"link\":\"https:\\\/\\\/www.univ-lorraine.fr\\\/strategie-europe\\\/en\\\/domaine-strategique\\\/value-chains-of-materials\\\/\",\"selected\":false}],\"fieldConfig\":{\"object_type\":\"field\",\"object_storage_type\":\"collection\",\"name\":\"filter_domaine_strategique\",\"id\":435,\"parent\":399,\"group\":\"\",\"label\":\"Strategic areas\",\"description\":\"\",\"type\":\"pick\",\"pick_object\":\"taxonomy\",\"pick_val\":\"domaine_strategique\",\"taxonomy_object\":\"taxonomy\",\"taxonomy_val\":\"domaine_strategique\",\"alias\":[],\"hidden\":true,\"taxonomy_format_type\":\"multi\",\"pick_format_type\":\"single\",\"pick_format_single\":\"dropdown\",\"pick_select_text\":\"-- Strategic areas --\",\"pick_show_select_text\":1,\"pick_select_text_always_show\":1,\"help\":\"\",\"default\":null,\"attributes\":null,\"class\":\"\",\"grouped\":1,\"pick_format_single_help\":0,\"pick_format_multi\":\"list\",\"pick_format_multi_help\":0,\"pick_display_format_multi\":\"default\",\"pick_display_format_separator\":\", \",\"pick_allow_add_new\":false,\"pick_add_new_label\":\"Ajouter\",\"pick_taggable\":false,\"pick_show_icon\":1,\"pick_show_edit_link\":false,\"pick_show_view_link\":1,\"pick_limit\":1,\"pick_table_id\":\"\",\"pick_table_index\":\"\",\"pick_display\":\"\",\"pick_user_role\":\"\",\"pick_where\":\"\",\"pick_orderby\":\"\",\"pick_groupby\":\"\",\"pick_sync_taxonomy\":0,\"pick_sync_taxonomy_hide_taxonomy_ui\":0,\"pick_post_status\":\"publish\",\"pick_post_author\":0,\"pick_ajax\":0,\"view_name\":\"select\",\"ajax_data\":{\"ajax\":false,\"delay\":300,\"minimum_input_length\":1,\"pod_name\":\"\",\"field_name\":\"domaine_strategique\",\"id\":435,\"uri_hash\":\"ba96f2ef01\",\"_wpnonce\":\"cb26d6b4c3\"},\"select2_overrides\":null,\"supports_thumbnails\":null,\"groups\":[],\"fields\":[],\"repeatable\":false,\"repeatable_add_new_label\":\"Ajouter\",\"repeatable_reorder\":true,\"repeatable_limit\":1,\"repeatable_format\":\"default\",\"repeatable_format_separator\":\", \",\"item_id\":435,\"placeholder\":\"\",\"data\":{\"\":\"-- Strategic areas --\",\"23\":\"Cha\\u00eene de valeur des mat\\u00e9riaux\",\"19\":\"\\u00c9nergie, d\\u00e9carbonisation de l\\u2019industrie\",\"48\":\"Energy, decarbonization of the industry\",\"50\":\"Health\",\"21\":\"Industrie 5.0 et num\\u00e9rique\",\"56\":\"Industry 5.0 and digital\",\"44\":\"Natural resources and environment\",\"18\":\"Ressources naturelles et environnement\",\"22\":\"Sant\\u00e9\",\"20\":\"Soci\\u00e9t\\u00e9\",\"52\":\"Society\",\"54\":\"Transversal\",\"24\":\"Transverse\",\"46\":\"Value chains of materials\"},\"optgroup\":false,\"iframe_src\":\"\",\"iframe_title_add\":\"Strategic areas\\u00a0: Ajouter\",\"iframe_title_edit\":\"Strategic areas\\u00a0: Modifier\"},\"fieldEmbed\":true,\"fieldValue\":\"\"}<\/script>\n\t\t<\/div>\n\t\t\n\t<input type=\"text\" class=\"pods-form-filters-search\" name=\"search\" value=\"\" \/>\n\n\t<input type=\"submit\" class=\"pods-form-filters-submit\" value=\"Recherche\" \/>\n<\/form>\n<div class=\"before\"><a href=\".#reseaux\"><button>Effacer mes choix<\/button><\/a><\/div>\r\n<ul class=\"liste-encadres\">\r\n\t<li class=\"encadre ai-data-and-robotics-partnership-adra\">\r\n\t\t\r\n\t\t\r\n\t\t\t<div class=\"content-img\">\r\n\t\t\t\t<img decoding=\"async\" src=\"https:\/\/www.univ-lorraine.fr\/strategie-europe\/wp-content\/uploads\/sites\/53\/2025\/02\/adra_logo_web.png\" class=\"logo\" alt=\"\">\r\n\t\t\t<\/div>\r\n\t\t\r\n\t\t<div class=\"conteneur\">\r\n\t\t\t<div class=\"nom\">AI, Data and Robotics Partnership (ADRA)<\/div>\r\n\t\t\t<div class=\"domaine\">Domaine strat\u00e9gique : Industrie 5.0 et num\u00e9rique<\/div>\r\n\t\t\t <div class=\"type\">Type de r\u00e9seau : Formel<\/div>\r\n\t\t\t\r\n\t\t\t\t<p class=\"contact\">Contact :<\/p>\r\n\t\t\t\t<ul class=\"infos\">\r\n\t\t\t\t\r\n\t\t\t\t<li><a href=\"https:\/\/annuaire-web.univ-lorraine.fr\/p\/marouane.yaya\" target=\"_blank\">Marouane Yaya<\/a><\/li>\r\n\t\t\t\t\r\n\t\t\t\t<li><a href=\"https:\/\/annuaire-web.univ-lorraine.fr\/p\/herve.panetto\" target=\"_blank\">Herv\u00e9 Panetto<\/a><\/li>\r\n\t\t\t\t\r\n\t\t\t\t<\/ul>\r\n\t\t\t\r\n\t\t\t\r\n\t\t\t\t<div class=\"site-web\">\r\n\t\t\t\t\t<a href=\"https:\/\/adr-association.eu\/\" title=\"site web du r\u00e9seau AI, Data and Robotics Partnership (ADRA) (s'ouvre dans un nouvel onglet)\" target=\"_blank\">Site du r\u00e9seau<\/a>\r\n\t\t\t\t<\/div>\r\n\t\t\t\r\n\t\t<\/div>\r\n\t<\/li>\r\n\r\n\t<li class=\"encadre circular-bio-based-europe-partnership-bic\">\r\n\t\t\r\n\t\t\r\n\t\t\t<div class=\"content-img\">\r\n\t\t\t\t<img decoding=\"async\" src=\"https:\/\/www.univ-lorraine.fr\/strategie-europe\/wp-content\/uploads\/sites\/53\/2025\/03\/circular-bio-based-europe-ju.jpg\" class=\"logo\" alt=\"\">\r\n\t\t\t<\/div>\r\n\t\t\r\n\t\t<div class=\"conteneur\">\r\n\t\t\t<div class=\"nom\">Circular Bio-based Europe Partnership (BIC)<\/div>\r\n\t\t\t<div class=\"domaine\">Domaine strat\u00e9gique : Ressources naturelles et environnement<\/div>\r\n\t\t\t <div class=\"type\">Type de r\u00e9seau : Formel<\/div>\r\n\t\t\t\r\n\t\t\t\t<p class=\"contact\">Contact :<\/p>\r\n\t\t\t\t<ul class=\"infos\">\r\n\t\t\t\t\r\n\t\t\t\t<li><a href=\"https:\/\/annuaire-web.univ-lorraine.fr\/p\/louis.aubry\">Louis Aubry<\/a><\/li>\r\n\t\t\t\t\r\n\t\t\t\t<li><a href=\"https:\/\/annuaire-web.univ-lorraine.fr\/p\/jean-pol.frippiat\">Jean-Pol Frippiat<\/a><\/li>\r\n\t\t\t\t\r\n\t\t\t\t<\/ul>\r\n\t\t\t\r\n\t\t\t\r\n\t\t\t\t<div class=\"site-web\">\r\n\t\t\t\t\t<a href=\"https:\/\/www.cbe.europa.eu\/\" title=\"site web du r\u00e9seau Circular Bio-based Europe Partnership (BIC) (s'ouvre dans un nouvel onglet)\" target=\"_blank\">Site du r\u00e9seau<\/a>\r\n\t\t\t\t<\/div>\r\n\t\t\t\r\n\t\t<\/div>\r\n\t<\/li>\r\n\r\n\t<li class=\"encadre clean-hydrogen-partnership-hydrogen-europe-research-2\">\r\n\t\t\r\n\t\t\r\n\t\t\t<div class=\"content-img\">\r\n\t\t\t\t<img decoding=\"async\" src=\"https:\/\/www.univ-lorraine.fr\/strategie-europe\/wp-content\/uploads\/sites\/53\/2025\/02\/clean-hydrogen-partnership.png\" class=\"logo\" alt=\"\">\r\n\t\t\t<\/div>\r\n\t\t\r\n\t\t<div class=\"conteneur\">\r\n\t\t\t<div class=\"nom\">Clean Hydrogen Partnership \u2013 Hydrogen Europe Research<\/div>\r\n\t\t\t<div class=\"domaine\">Domaine strat\u00e9gique : \u00c9nergie, d\u00e9carbonisation de l\u2019industrie<\/div>\r\n\t\t\t <div class=\"type\">Type de r\u00e9seau : Formel<\/div>\r\n\t\t\t\r\n\t\t\t\t<p class=\"contact\">Contact :<\/p>\r\n\t\t\t\t<ul class=\"infos\">\r\n\t\t\t\t\r\n\t\t\t\t<li><a href=\"https:\/\/annuaire-web.univ-lorraine.fr\/p\/arthur.olivier\">Arthur Olivier<\/a><\/li>\r\n\t\t\t\t\r\n\t\t\t\t<li><a href=\"https:\/\/annuaire-web.univ-lorraine.fr\/p\/heathcliff.demaie\" target=\"_blank\">Heathcliff Demaie<\/a><\/li>\r\n\t\t\t\t\r\n\t\t\t\t<\/ul>\r\n\t\t\t\r\n\t\t\t\r\n\t\t\t\t<div class=\"site-web\">\r\n\t\t\t\t\t<a href=\"https:\/\/www.clean-hydrogen.europa.eu\/\" title=\"site web du r\u00e9seau Clean Hydrogen Partnership \u2013 Hydrogen Europe Research (s'ouvre dans un nouvel onglet)\" target=\"_blank\">Site du r\u00e9seau<\/a>\r\n\t\t\t\t<\/div>\r\n\t\t\t\r\n\t\t<\/div>\r\n\t<\/li>\r\n\r\n\t<li class=\"encadre co2-value-europe\">\r\n\t\t\r\n\t\t\r\n\t\t\t<div class=\"content-img\">\r\n\t\t\t\t<img decoding=\"async\" src=\"https:\/\/www.univ-lorraine.fr\/strategie-europe\/wp-content\/uploads\/sites\/53\/2025\/11\/co2-value.jpg\" class=\"logo\" alt=\"\">\r\n\t\t\t<\/div>\r\n\t\t\r\n\t\t<div class=\"conteneur\">\r\n\t\t\t<div class=\"nom\">CO2 value Europe<\/div>\r\n\t\t\t<div class=\"domaine\">Domaine strat\u00e9gique : \u00c9nergie, d\u00e9carbonisation de l\u2019industrie<\/div>\r\n\t\t\t <div class=\"type\">Type de r\u00e9seau : Informel<\/div>\r\n\t\t\t\r\n\t\t\t\t<p class=\"contact\">Contact :<\/p>\r\n\t\t\t\t<ul class=\"infos\">\r\n\t\t\t\t\r\n\t\t\t\t<li><a href=\"https:\/\/annuaire-web.univ-lorraine.fr\/p\/arthur.olivier\">Arthur Olivier<\/a><\/li>\r\n\t\t\t\t\r\n\t\t\t\t<li><a href=\"https:\/\/annuaire-web.univ-lorraine.fr\/p\/jean-francois.portha\">Jean-Fran\u00e7ois Portha<\/a><\/li>\r\n\t\t\t\t\r\n\t\t\t\t<\/ul>\r\n\t\t\t\r\n\t\t\t\r\n\t\t\t\t<div class=\"site-web\">\r\n\t\t\t\t\t<a href=\"https:\/\/co2value.eu\/\" title=\"site web du r\u00e9seau CO2 value Europe (s'ouvre dans un nouvel onglet)\" target=\"_blank\">Site du r\u00e9seau<\/a>\r\n\t\t\t\t<\/div>\r\n\t\t\t\r\n\t\t<\/div>\r\n\t<\/li>\r\n\r\n\t<li class=\"encadre eit-raw-materials\">\r\n\t\t\r\n\t\t\r\n\t\t\t<div class=\"content-img\">\r\n\t\t\t\t<img decoding=\"async\" src=\"https:\/\/www.univ-lorraine.fr\/strategie-europe\/wp-content\/uploads\/sites\/53\/2025\/03\/eit-raw-material.jpg\" class=\"logo\" alt=\"\">\r\n\t\t\t<\/div>\r\n\t\t\r\n\t\t<div class=\"conteneur\">\r\n\t\t\t<div class=\"nom\">EIT Raw Materials<\/div>\r\n\t\t\t<div class=\"domaine\">Domaine strat\u00e9gique : Cha\u00eene de valeur des mat\u00e9riaux<\/div>\r\n\t\t\t <div class=\"type\">Type de r\u00e9seau : Informel<\/div>\r\n\t\t\t\r\n\t\t\t\t<p class=\"contact\">Contact :<\/p>\r\n\t\t\t\t<ul class=\"infos\">\r\n\t\t\t\t\r\n\t\t\t\t<li><a href=\"https:\/\/annuaire-web.univ-lorraine.fr\/p\/maite.fernandes-tronco\">Ma\u00eft\u00e9 Fernandes Tronco<\/a><\/li>\r\n\t\t\t\t\r\n\t\t\t\t<li><a href=\"https:\/\/annuaire-web.univ-lorraine.fr\/p\/alexandre.chagnes\" target=\"_blank\">Alexandre Chagnes<\/a><\/li>\r\n\t\t\t\t\r\n\t\t\t\t<\/ul>\r\n\t\t\t\r\n\t\t\t\r\n\t\t\t\t<div class=\"site-web\">\r\n\t\t\t\t\t<a href=\"https:\/\/eitrawmaterials.eu\/\" title=\"site web du r\u00e9seau EIT Raw Materials (s'ouvre dans un nouvel onglet)\" target=\"_blank\">Site du r\u00e9seau<\/a>\r\n\t\t\t\t<\/div>\r\n\t\t\t\r\n\t\t<\/div>\r\n\t<\/li>\r\n\r\n\t<li class=\"encadre european-alliance-for-social-sciences-and-humanities\">\r\n\t\t\r\n\t\t\r\n\t\t\t<div class=\"content-img\">\r\n\t\t\t\t<img decoding=\"async\" src=\"https:\/\/www.univ-lorraine.fr\/strategie-europe\/wp-content\/uploads\/sites\/53\/2025\/02\/eassh.png\" class=\"logo\" alt=\"\">\r\n\t\t\t<\/div>\r\n\t\t\r\n\t\t<div class=\"conteneur\">\r\n\t\t\t<div class=\"nom\">European Alliance for Social Sciences and Humanities (EASSH)<\/div>\r\n\t\t\t\r\n\t\t\t <div class=\"type\">Type de r\u00e9seau : Informel<\/div>\r\n\t\t\t\r\n\t\t\t\t<p class=\"contact\">Contact :<\/p>\r\n\t\t\t\t<ul class=\"infos\">\r\n\t\t\t\t\r\n\t\t\t\t<li><a href=\"https:\/\/annuaire-web.univ-lorraine.fr\/p\/olivia.seidel\" target=\"_blank\">Olivia Seidel<\/a><\/li>\r\n\t\t\t\t\r\n\t\t\t\t<\/ul>\r\n\t\t\t\r\n\t\t\t\r\n\t\t\t\t<div class=\"site-web\">\r\n\t\t\t\t\t<a href=\"https:\/\/eassh.eu\/\" title=\"site web du r\u00e9seau European Alliance for Social Sciences and Humanities (EASSH) (s'ouvre dans un nouvel onglet)\" target=\"_blank\">Site du r\u00e9seau<\/a>\r\n\t\t\t\t<\/div>\r\n\t\t\t\r\n\t\t<\/div>\r\n\t<\/li>\r\n\r\n\t<li class=\"encadre european-energy-research-alliance-eera\">\r\n\t\t\r\n\t\t\r\n\t\t\t<div class=\"content-img\">\r\n\t\t\t\t<img decoding=\"async\" src=\"https:\/\/www.univ-lorraine.fr\/strategie-europe\/wp-content\/uploads\/sites\/53\/2025\/03\/eera.jpg\" class=\"logo\" alt=\"\">\r\n\t\t\t<\/div>\r\n\t\t\r\n\t\t<div class=\"conteneur\">\r\n\t\t\t<div class=\"nom\">European Energy Research Alliance (EERA)<\/div>\r\n\t\t\t<div class=\"domaine\">Domaine strat\u00e9gique : \u00c9nergie, d\u00e9carbonisation de l\u2019industrie<\/div>\r\n\t\t\t <div class=\"type\">Type de r\u00e9seau : Informel<\/div>\r\n\t\t\t\r\n\t\t\t\t<p class=\"contact\">Contact :<\/p>\r\n\t\t\t\t<ul class=\"infos\">\r\n\t\t\t\t\r\n\t\t\t\t<li><a href=\"https:\/\/annuaire-web.univ-lorraine.fr\/p\/david.lacroix\" target=\"_blank\">David Lacroix<\/a><\/li>\r\n\t\t\t\t\r\n\t\t\t\t<li><a href=\"https:\/\/annuaire-web.univ-lorraine.fr\/p\/yves.geraud\" target=\"_blank\">Yves Geraud<\/a><\/li>\r\n\t\t\t\t\r\n\t\t\t\t<\/ul>\r\n\t\t\t\r\n\t\t\t\r\n\t\t\t\t<div class=\"site-web\">\r\n\t\t\t\t\t<a href=\"https:\/\/www.eera-set.eu\/\" title=\"site web du r\u00e9seau European Energy Research Alliance (EERA) (s'ouvre dans un nouvel onglet)\" target=\"_blank\">Site du r\u00e9seau<\/a>\r\n\t\t\t\t<\/div>\r\n\t\t\t\r\n\t\t<\/div>\r\n\t<\/li>\r\n\r\n\t<li class=\"encadre european-forest-institute-efi\">\r\n\t\t\r\n\t\t\r\n\t\t\t<div class=\"content-img\">\r\n\t\t\t\t<img decoding=\"async\" src=\"https:\/\/www.univ-lorraine.fr\/strategie-europe\/wp-content\/uploads\/sites\/53\/2025\/03\/efi.png\" class=\"logo\" alt=\"\">\r\n\t\t\t<\/div>\r\n\t\t\r\n\t\t<div class=\"conteneur\">\r\n\t\t\t<div class=\"nom\">European Forest Institute (EFI)<\/div>\r\n\t\t\t<div class=\"domaine\">Domaine strat\u00e9gique : Ressources naturelles et environnement<\/div>\r\n\t\t\t <div class=\"type\">Type de r\u00e9seau : Informel<\/div>\r\n\t\t\t\r\n\t\t\t\t<p class=\"contact\">Contact :<\/p>\r\n\t\t\t\t<ul class=\"infos\">\r\n\t\t\t\t\r\n\t\t\t\t<li><a href=\"https:\/\/annuaire-web.univ-lorraine.fr\/p\/pierrick.priault\" target=\"_blank\">Pierrick Priault<\/a><\/li>\r\n\t\t\t\t\r\n\t\t\t\t<\/ul>\r\n\t\t\t\r\n\t\t\t\r\n\t\t\t\t<div class=\"site-web\">\r\n\t\t\t\t\t<a href=\"https:\/\/efi.int\/\" title=\"site web du r\u00e9seau European Forest Institute (EFI) (s'ouvre dans un nouvel onglet)\" target=\"_blank\">Site du r\u00e9seau<\/a>\r\n\t\t\t\t<\/div>\r\n\t\t\t\r\n\t\t<\/div>\r\n\t<\/li>\r\n\r\n\t<li class=\"encadre institut-europeen-de-lithium\">\r\n\t\t\r\n\t\t\r\n\t\t\t<div class=\"content-img\">\r\n\t\t\t\t<img decoding=\"async\" src=\"https:\/\/www.univ-lorraine.fr\/strategie-europe\/wp-content\/uploads\/sites\/53\/2026\/01\/lithium-institute_logo_1200x630.jpg\" class=\"logo\" alt=\"\">\r\n\t\t\t<\/div>\r\n\t\t\r\n\t\t<div class=\"conteneur\">\r\n\t\t\t<div class=\"nom\">European Lithium Institute (eLi)<\/div>\r\n\t\t\t<div class=\"domaine\">Domaine strat\u00e9gique : Cha\u00eene de valeur des mat\u00e9riaux<\/div>\r\n\t\t\t <div class=\"type\">Type de r\u00e9seau : Informel<\/div>\r\n\t\t\t\r\n\t\t\t\t<p class=\"contact\">Contact :<\/p>\r\n\t\t\t\t<ul class=\"infos\">\r\n\t\t\t\t\r\n\t\t\t\t<li><a href=\"https:\/\/annuaire-web.univ-lorraine.fr\/p\/alexandre.chagnes\">Alexandre Chagnes<\/a><\/li>\r\n\t\t\t\t\r\n\t\t\t\t<\/ul>\r\n\t\t\t\r\n\t\t\t\r\n\t\t\t\t<div class=\"site-web\">\r\n\t\t\t\t\t<a href=\"https:\/\/lithium-institute.eu\/\" title=\"site web du r\u00e9seau European Lithium Institute (eLi) (s'ouvre dans un nouvel onglet)\" target=\"_blank\">Site du r\u00e9seau<\/a>\r\n\t\t\t\t<\/div>\r\n\t\t\t\r\n\t\t<\/div>\r\n\t<\/li>\r\n\r\n\t<li class=\"encadre european-open-science-cloud-partnership\">\r\n\t\t\r\n\t\t\r\n\t\t\t<div class=\"content-img\">\r\n\t\t\t\t<img decoding=\"async\" src=\"https:\/\/www.univ-lorraine.fr\/strategie-europe\/wp-content\/uploads\/sites\/53\/2025\/03\/eosc.png\" class=\"logo\" alt=\"\">\r\n\t\t\t<\/div>\r\n\t\t\r\n\t\t<div class=\"conteneur\">\r\n\t\t\t<div class=\"nom\">European Open Science Cloud Partnership<\/div>\r\n\t\t\t<div class=\"domaine\">Domaine strat\u00e9gique : Transverse<\/div>\r\n\t\t\t <div class=\"type\">Type de r\u00e9seau : Formel<\/div>\r\n\t\t\t\r\n\t\t\t\t<p class=\"contact\">Contact :<\/p>\r\n\t\t\t\t<ul class=\"infos\">\r\n\t\t\t\t\r\n\t\t\t\t<li><a href=\"https:\/\/annuaire-web.univ-lorraine.fr\/p\/nicolas.fressengeas\" target=\"_blank\">Nicolas Fressengeas<\/a><\/li>\r\n\t\t\t\t\r\n\t\t\t\t<li><a href=\"https:\/\/annuaire-web.univ-lorraine.fr\/p\/laetitia.bracco\" target=\"_blank\">Laetitia Bracco<\/a><\/li>\r\n\t\t\t\t\r\n\t\t\t\t<li><a href=\"https:\/\/annuaire-web.univ-lorraine.fr\/p\/thomas.jouneau\" target=\"_blank\">Thomas Jouneau<\/a><\/li>\r\n\t\t\t\t\r\n\t\t\t\t<\/ul>\r\n\t\t\t\r\n\t\t\t\r\n\t\t\t\t<div class=\"site-web\">\r\n\t\t\t\t\t<a href=\"https:\/\/eosc.eu\/partnership\/\" title=\"site web du r\u00e9seau European Open Science Cloud Partnership (s'ouvre dans un nouvel onglet)\" target=\"_blank\">Site du r\u00e9seau<\/a>\r\n\t\t\t\t<\/div>\r\n\t\t\t\r\n\t\t<\/div>\r\n\t<\/li>\r\n\r\n\t<li class=\"encadre european-raw-materials-alliance-erma\">\r\n\t\t\r\n\t\t\r\n\t\t\t<div class=\"content-img\">\r\n\t\t\t\t<img decoding=\"async\" src=\"https:\/\/www.univ-lorraine.fr\/strategie-europe\/wp-content\/uploads\/sites\/53\/2025\/03\/erma.png\" class=\"logo\" alt=\"\">\r\n\t\t\t<\/div>\r\n\t\t\r\n\t\t<div class=\"conteneur\">\r\n\t\t\t<div class=\"nom\">European Raw Materials Alliance (ERMA)<\/div>\r\n\t\t\t<div class=\"domaine\">Domaine strat\u00e9gique : Cha\u00eene de valeur des mat\u00e9riaux<\/div>\r\n\t\t\t <div class=\"type\">Type de r\u00e9seau : Informel<\/div>\r\n\t\t\t\r\n\t\t\t\t<p class=\"contact\">Contact :<\/p>\r\n\t\t\t\t<ul class=\"infos\">\r\n\t\t\t\t\r\n\t\t\t\t<li><a href=\"https:\/\/annuaire-web.univ-lorraine.fr\/p\/maite.fernandes-tronco\">Ma\u00eft\u00e9 Fernandes Tronco<\/a><\/li>\r\n\t\t\t\t\r\n\t\t\t\t<li><a href=\"https:\/\/annuaire-web.univ-lorraine.fr\/p\/alexandre.chagnes\" target=\"_blank\">Alexandre Chagnes<\/a><\/li>\r\n\t\t\t\t\r\n\t\t\t\t<\/ul>\r\n\t\t\t\r\n\t\t\t\r\n\t\t\t\t<div class=\"site-web\">\r\n\t\t\t\t\t<a href=\"https:\/\/erma.eu\/\" title=\"site web du r\u00e9seau European Raw Materials Alliance (ERMA) (s'ouvre dans un nouvel onglet)\" target=\"_blank\">Site du r\u00e9seau<\/a>\r\n\t\t\t\t<\/div>\r\n\t\t\t\r\n\t\t<\/div>\r\n\t<\/li>\r\n\r\n\t<li class=\"encadre european-university-association-eua\">\r\n\t\t\r\n\t\t\r\n\t\t\t<div class=\"content-img\">\r\n\t\t\t\t<img decoding=\"async\" src=\"https:\/\/www.univ-lorraine.fr\/strategie-europe\/wp-content\/uploads\/sites\/53\/2025\/03\/eua.jpg\" class=\"logo\" alt=\"\">\r\n\t\t\t<\/div>\r\n\t\t\r\n\t\t<div class=\"conteneur\">\r\n\t\t\t<div class=\"nom\">European University Association (EUA)<\/div>\r\n\t\t\t<div class=\"domaine\">Domaine strat\u00e9gique : Transverse<\/div>\r\n\t\t\t <div class=\"type\">Type de r\u00e9seau : Informel<\/div>\r\n\t\t\t\r\n\t\t\t\t<p class=\"contact\">Contact :<\/p>\r\n\t\t\t\t<ul class=\"infos\">\r\n\t\t\t\t\r\n\t\t\t\t<li><a href=\"https:\/\/annuaire-web.univ-lorraine.fr\/p\/fabrice.lemoine\" target=\"_blank\">Fabrice Lemoine<\/a><\/li>\r\n\t\t\t\t\r\n\t\t\t\t<\/ul>\r\n\t\t\t\r\n\t\t\t\r\n\t\t\t\t<div class=\"site-web\">\r\n\t\t\t\t\t<a href=\"https:\/\/www.eua.eu\/\" title=\"site web du r\u00e9seau European University Association (EUA) (s'ouvre dans un nouvel onglet)\" target=\"_blank\">Site du r\u00e9seau<\/a>\r\n\t\t\t\t<\/div>\r\n\t\t\t\r\n\t\t<\/div>\r\n\t<\/li>\r\n\r\n\t<li class=\"encadre france-universites\">\r\n\t\t\r\n\t\t\r\n\t\t\t<div class=\"content-img\">\r\n\t\t\t\t<img decoding=\"async\" src=\"https:\/\/www.univ-lorraine.fr\/strategie-europe\/wp-content\/uploads\/sites\/53\/2025\/03\/france-universite.png\" class=\"logo\" alt=\"\">\r\n\t\t\t<\/div>\r\n\t\t\r\n\t\t<div class=\"conteneur\">\r\n\t\t\t<div class=\"nom\">France Universit\u00e9s<\/div>\r\n\t\t\t<div class=\"domaine\">Domaine strat\u00e9gique : Transverse<\/div>\r\n\t\t\t <div class=\"type\">Type de r\u00e9seau : Informel<\/div>\r\n\t\t\t\r\n\t\t\t\t<p class=\"contact\">Contact :<\/p>\r\n\t\t\t\t<ul class=\"infos\">\r\n\t\t\t\t\r\n\t\t\t\t<li><a href=\"https:\/\/annuaire-web.univ-lorraine.fr\/p\/eric.foucher\" target=\"_blank\">Eric Foucher<\/a><\/li>\r\n\t\t\t\t\r\n\t\t\t\t<li><a href=\"https:\/\/annuaire-web.univ-lorraine.fr\/p\/nicolas.dupuy\" target=\"_blank\">Nicolas Dupuy<\/a><\/li>\r\n\t\t\t\t\r\n\t\t\t\t<\/ul>\r\n\t\t\t\r\n\t\t\t\r\n\t\t\t\t<div class=\"site-web\">\r\n\t\t\t\t\t<a href=\"https:\/\/france-universites.fr\/\" title=\"site web du r\u00e9seau France Universit\u00e9s (s'ouvre dans un nouvel onglet)\" target=\"_blank\">Site du r\u00e9seau<\/a>\r\n\t\t\t\t<\/div>\r\n\t\t\t\r\n\t\t<\/div>\r\n\t<\/li>\r\n\r\n\t<li class=\"encadre groupe-de-concertation-thematique-europe-gcte\">\r\n\t\t\r\n\t\t\r\n\t\t\t<div class=\"content-img\">\r\n\t\t\t\t<img decoding=\"async\" src=\"https:\/\/www.univ-lorraine.fr\/strategie-europe\/wp-content\/uploads\/sites\/53\/2026\/01\/mesre_rvb.png\" class=\"logo\" alt=\"\">\r\n\t\t\t<\/div>\r\n\t\t\r\n\t\t<div class=\"conteneur\">\r\n\t\t\t<div class=\"nom\">Groupe de Concertation Th\u00e9matique Europe (GCTE)<\/div>\r\n\t\t\t<div class=\"domaine\">Domaine strat\u00e9gique : Transverse<\/div>\r\n\t\t\t <div class=\"type\">Type de r\u00e9seau : Informel<\/div>\r\n\t\t\t\r\n\t\t\t\t<p class=\"contact\">Contact :<\/p>\r\n\t\t\t\t<ul class=\"infos\">\r\n\t\t\t\t\r\n\t\t\t\t<li><a href=\"https:\/\/annuaire-web.univ-lorraine.fr\/p\/nicolas.dupuy\" target=\"_blank\">Nicolas Dupuy<\/a><\/li>\r\n\t\t\t\t\r\n\t\t\t\t<\/ul>\r\n\t\t\t\r\n\t\t\t\r\n\t\t<\/div>\r\n\t<\/li>\r\n\r\n\t<li class=\"encadre gtn-bio-environnement-2\">\r\n\t\t\r\n\t\t\r\n\t\t\t<div class=\"content-img\">\r\n\t\t\t\t<img decoding=\"async\" src=\"https:\/\/www.univ-lorraine.fr\/strategie-europe\/wp-content\/uploads\/sites\/53\/2026\/01\/mesre_rvb.png\" class=\"logo\" alt=\"\">\r\n\t\t\t<\/div>\r\n\t\t\r\n\t\t<div class=\"conteneur\">\r\n\t\t\t<div class=\"nom\">GTN Bio-environnement<\/div>\r\n\t\t\t<div class=\"domaine\">Domaine strat\u00e9gique : Ressources naturelles et environnement<\/div>\r\n\t\t\t <div class=\"type\">Type de r\u00e9seau : Formel<\/div>\r\n\t\t\t\r\n\t\t\t\t<p class=\"contact\">Contact :<\/p>\r\n\t\t\t\t<ul class=\"infos\">\r\n\t\t\t\t\r\n\t\t\t\t<li><a href=\"https:\/\/annuaire-web.univ-lorraine.fr\/p\/louis.aubry\">Louis Aubry<\/a><\/li>\r\n\t\t\t\t\r\n\t\t\t\t<li><a href=\"https:\/\/annuaire-web.univ-lorraine.fr\/p\/jean-pol.frippiat\">Jean-Pol Frippiat<\/a><\/li>\r\n\t\t\t\t\r\n\t\t\t\t<\/ul>\r\n\t\t\t\r\n\t\t\t\r\n\t\t<\/div>\r\n\t<\/li>\r\n<\/ul>\n<p class=\"pods-pagination\">\n\n<span class=\"pods-pagination-advanced \">\n\t\n\t<span\n\t\tclass=\"pods-pagination-number pods-pagination-current \">1<\/span>\n\n\t\t\t\t<a href=\"\/strategie-europe\/wp-json\/wp\/v2\/pages\/285?pg=2\"\n\t\t\t   class=\"pods-pagination-number pods-pagination-2 \">2<\/a>\n\t\t\t\t\t<a href=\"\/strategie-europe\/wp-json\/wp\/v2\/pages\/285?pg=3\"\n\t\t   class=\"pods-pagination-number pods-pagination-last pods-pagination-3 \">3<\/a>\n\t\t\t\t\t<a href=\"\/strategie-europe\/wp-json\/wp\/v2\/pages\/285?pg=2\"\n\t\t\t   class=\"pods-pagination-label pods-pagination-next \">Suivant &rsaquo;<\/a>\n\t\t\t\t\t\t\t<a href=\"\/strategie-europe\/wp-json\/wp\/v2\/pages\/285?pg=3\"\n\t\t\t   class=\"pods-pagination-label pods-pagination-last \">Dernier &raquo;<\/a>\n\t\t\t\t\n<\/span>\n\n<\/p>\n<\/div>\n<\/div>\n\n\n<p><\/p>\n","protected":false},"excerpt":{"rendered":"<p>Les r\u00e9seaux europ\u00e9ens dans lesquels l\u2019Universit\u00e9 de Lorraine, avec le site lorrain, est engag\u00e9e, sont tr\u00e8s divers, certains th\u00e9matiques, d\u2019autres transversaux. Ils n\u2019ont pas n\u00e9cessairement le m\u00eame objectif ni le m\u00eame impact au niveau europ\u00e9en. Ils correspondent aux th\u00e9matiques de site, et ont un fort impact sur l\u2019orientation politique et la programmation europ\u00e9enne. Les r\u00e9seaux &#8230; <a title=\"Nos r\u00e9seaux europ\u00e9ens et nationaux \u00e0 port\u00e9e europ\u00e9enne\" class=\"read-more\" href=\"https:\/\/www.univ-lorraine.fr\/strategie-europe\/nos-reseaux-europeens-et-nationaux-a-portee-europeenne\/\" aria-label=\"En savoir plus sur Nos r\u00e9seaux europ\u00e9ens et nationaux \u00e0 port\u00e9e europ\u00e9enne\">Lire plus<\/a><\/p>\n","protected":false},"author":7,"featured_media":0,"parent":0,"menu_order":0,"comment_status":"closed","ping_status":"closed","template":"","meta":{"inline_featured_image":false,"footnotes":""},"class_list":["post-285","page","type-page","status-publish"],"yoast_head":"<!-- This site is optimized with the Yoast SEO plugin v27.4 - https:\/\/yoast.com\/product\/yoast-seo-wordpress\/ -->\n<title>Nos r\u00e9seaux europ\u00e9ens et nationaux \u00e0 port\u00e9e europ\u00e9enne - Strat\u00e9gie Europe<\/title>\n<meta name=\"robots\" content=\"index, follow, max-snippet:-1, max-image-preview:large, max-video-preview:-1\" \/>\n<link rel=\"canonical\" href=\"https:\/\/www.univ-lorraine.fr\/strategie-europe\/nos-reseaux-europeens-et-nationaux-a-portee-europeenne\/\" \/>\n<meta property=\"og:locale\" content=\"fr_FR\" \/>\n<meta property=\"og:type\" content=\"article\" \/>\n<meta property=\"og:title\" content=\"Nos r\u00e9seaux europ\u00e9ens et nationaux \u00e0 port\u00e9e europ\u00e9enne - Strat\u00e9gie Europe\" \/>\n<meta property=\"og:description\" content=\"Les r\u00e9seaux europ\u00e9ens dans lesquels l\u2019Universit\u00e9 de Lorraine, avec le site lorrain, est engag\u00e9e, sont tr\u00e8s divers, certains th\u00e9matiques, d\u2019autres transversaux. Ils n\u2019ont pas n\u00e9cessairement le m\u00eame objectif ni le m\u00eame impact au niveau europ\u00e9en. Ils correspondent aux th\u00e9matiques de site, et ont un fort impact sur l\u2019orientation politique et la programmation europ\u00e9enne. Les r\u00e9seaux ... Lire plus\" \/>\n<meta property=\"og:url\" content=\"https:\/\/www.univ-lorraine.fr\/strategie-europe\/nos-reseaux-europeens-et-nationaux-a-portee-europeenne\/\" \/>\n<meta property=\"og:site_name\" content=\"Strat\u00e9gie Europe\" \/>\n<meta property=\"article:modified_time\" content=\"2025-05-02T06:37:06+00:00\" \/>\n<meta name=\"twitter:card\" content=\"summary_large_image\" \/>\n<meta name=\"twitter:label1\" content=\"Dur\u00e9e de lecture estim\u00e9e\" \/>\n\t<meta name=\"twitter:data1\" content=\"2 minutes\" \/>\n<script type=\"application\/ld+json\" class=\"yoast-schema-graph\">{\"@context\":\"https:\\\/\\\/schema.org\",\"@graph\":[{\"@type\":\"WebPage\",\"@id\":\"https:\\\/\\\/www.univ-lorraine.fr\\\/strategie-europe\\\/nos-reseaux-europeens-et-nationaux-a-portee-europeenne\\\/\",\"url\":\"https:\\\/\\\/www.univ-lorraine.fr\\\/strategie-europe\\\/nos-reseaux-europeens-et-nationaux-a-portee-europeenne\\\/\",\"name\":\"Nos r\u00e9seaux europ\u00e9ens et nationaux \u00e0 port\u00e9e europ\u00e9enne - Strat\u00e9gie Europe\",\"isPartOf\":{\"@id\":\"https:\\\/\\\/www.univ-lorraine.fr\\\/strategie-europe\\\/#website\"},\"datePublished\":\"2025-01-06T14:57:09+00:00\",\"dateModified\":\"2025-05-02T06:37:06+00:00\",\"breadcrumb\":{\"@id\":\"https:\\\/\\\/www.univ-lorraine.fr\\\/strategie-europe\\\/nos-reseaux-europeens-et-nationaux-a-portee-europeenne\\\/#breadcrumb\"},\"inLanguage\":\"fr-FR\",\"potentialAction\":[{\"@type\":\"ReadAction\",\"target\":[\"https:\\\/\\\/www.univ-lorraine.fr\\\/strategie-europe\\\/nos-reseaux-europeens-et-nationaux-a-portee-europeenne\\\/\"]}]},{\"@type\":\"BreadcrumbList\",\"@id\":\"https:\\\/\\\/www.univ-lorraine.fr\\\/strategie-europe\\\/nos-reseaux-europeens-et-nationaux-a-portee-europeenne\\\/#breadcrumb\",\"itemListElement\":[{\"@type\":\"ListItem\",\"position\":1,\"name\":\"Accueil\",\"item\":\"https:\\\/\\\/www.univ-lorraine.fr\\\/strategie-europe\\\/\"},{\"@type\":\"ListItem\",\"position\":2,\"name\":\"Nos r\u00e9seaux europ\u00e9ens et nationaux \u00e0 port\u00e9e europ\u00e9enne\"}]},{\"@type\":\"WebSite\",\"@id\":\"https:\\\/\\\/www.univ-lorraine.fr\\\/strategie-europe\\\/#website\",\"url\":\"https:\\\/\\\/www.univ-lorraine.fr\\\/strategie-europe\\\/\",\"name\":\"Strat\u00e9gie Europe\",\"description\":\"Faire dialoguer les savoirs, c\u2019est innover\",\"publisher\":{\"@id\":\"https:\\\/\\\/www.univ-lorraine.fr\\\/strategie-europe\\\/#organization\"},\"potentialAction\":[{\"@type\":\"SearchAction\",\"target\":{\"@type\":\"EntryPoint\",\"urlTemplate\":\"https:\\\/\\\/www.univ-lorraine.fr\\\/strategie-europe\\\/?s={search_term_string}\"},\"query-input\":{\"@type\":\"PropertyValueSpecification\",\"valueRequired\":true,\"valueName\":\"search_term_string\"}}],\"inLanguage\":\"fr-FR\"},{\"@type\":\"Organization\",\"@id\":\"https:\\\/\\\/www.univ-lorraine.fr\\\/strategie-europe\\\/#organization\",\"name\":\"Universit\u00e9 de Lorraine\",\"url\":\"https:\\\/\\\/www.univ-lorraine.fr\\\/strategie-europe\\\/\",\"logo\":{\"@type\":\"ImageObject\",\"inLanguage\":\"fr-FR\",\"@id\":\"https:\\\/\\\/www.univ-lorraine.fr\\\/strategie-europe\\\/#\\\/schema\\\/logo\\\/image\\\/\",\"url\":\"https:\\\/\\\/www.univ-lorraine.fr\\\/strategie-europe\\\/wp-content\\\/uploads\\\/sites\\\/53\\\/2021\\\/01\\\/LOGO_UL.png\",\"contentUrl\":\"https:\\\/\\\/www.univ-lorraine.fr\\\/strategie-europe\\\/wp-content\\\/uploads\\\/sites\\\/53\\\/2021\\\/01\\\/LOGO_UL.png\",\"width\":138,\"height\":48,\"caption\":\"Universit\u00e9 de Lorraine\"},\"image\":{\"@id\":\"https:\\\/\\\/www.univ-lorraine.fr\\\/strategie-europe\\\/#\\\/schema\\\/logo\\\/image\\\/\"}}]}<\/script>\n<!-- \/ Yoast SEO plugin. -->","yoast_head_json":{"title":"Nos r\u00e9seaux europ\u00e9ens et nationaux \u00e0 port\u00e9e europ\u00e9enne - Strat\u00e9gie Europe","robots":{"index":"index","follow":"follow","max-snippet":"max-snippet:-1","max-image-preview":"max-image-preview:large","max-video-preview":"max-video-preview:-1"},"canonical":"https:\/\/www.univ-lorraine.fr\/strategie-europe\/nos-reseaux-europeens-et-nationaux-a-portee-europeenne\/","og_locale":"fr_FR","og_type":"article","og_title":"Nos r\u00e9seaux europ\u00e9ens et nationaux \u00e0 port\u00e9e europ\u00e9enne - Strat\u00e9gie Europe","og_description":"Les r\u00e9seaux europ\u00e9ens dans lesquels l\u2019Universit\u00e9 de Lorraine, avec le site lorrain, est engag\u00e9e, sont tr\u00e8s divers, certains th\u00e9matiques, d\u2019autres transversaux. Ils n\u2019ont pas n\u00e9cessairement le m\u00eame objectif ni le m\u00eame impact au niveau europ\u00e9en. Ils correspondent aux th\u00e9matiques de site, et ont un fort impact sur l\u2019orientation politique et la programmation europ\u00e9enne. Les r\u00e9seaux ... Lire plus","og_url":"https:\/\/www.univ-lorraine.fr\/strategie-europe\/nos-reseaux-europeens-et-nationaux-a-portee-europeenne\/","og_site_name":"Strat\u00e9gie Europe","article_modified_time":"2025-05-02T06:37:06+00:00","twitter_card":"summary_large_image","twitter_misc":{"Dur\u00e9e de lecture estim\u00e9e":"2 minutes"},"schema":{"@context":"https:\/\/schema.org","@graph":[{"@type":"WebPage","@id":"https:\/\/www.univ-lorraine.fr\/strategie-europe\/nos-reseaux-europeens-et-nationaux-a-portee-europeenne\/","url":"https:\/\/www.univ-lorraine.fr\/strategie-europe\/nos-reseaux-europeens-et-nationaux-a-portee-europeenne\/","name":"Nos r\u00e9seaux europ\u00e9ens et nationaux \u00e0 port\u00e9e europ\u00e9enne - Strat\u00e9gie Europe","isPartOf":{"@id":"https:\/\/www.univ-lorraine.fr\/strategie-europe\/#website"},"datePublished":"2025-01-06T14:57:09+00:00","dateModified":"2025-05-02T06:37:06+00:00","breadcrumb":{"@id":"https:\/\/www.univ-lorraine.fr\/strategie-europe\/nos-reseaux-europeens-et-nationaux-a-portee-europeenne\/#breadcrumb"},"inLanguage":"fr-FR","potentialAction":[{"@type":"ReadAction","target":["https:\/\/www.univ-lorraine.fr\/strategie-europe\/nos-reseaux-europeens-et-nationaux-a-portee-europeenne\/"]}]},{"@type":"BreadcrumbList","@id":"https:\/\/www.univ-lorraine.fr\/strategie-europe\/nos-reseaux-europeens-et-nationaux-a-portee-europeenne\/#breadcrumb","itemListElement":[{"@type":"ListItem","position":1,"name":"Accueil","item":"https:\/\/www.univ-lorraine.fr\/strategie-europe\/"},{"@type":"ListItem","position":2,"name":"Nos r\u00e9seaux europ\u00e9ens et nationaux \u00e0 port\u00e9e europ\u00e9enne"}]},{"@type":"WebSite","@id":"https:\/\/www.univ-lorraine.fr\/strategie-europe\/#website","url":"https:\/\/www.univ-lorraine.fr\/strategie-europe\/","name":"Strat\u00e9gie Europe","description":"Faire dialoguer les savoirs, c\u2019est innover","publisher":{"@id":"https:\/\/www.univ-lorraine.fr\/strategie-europe\/#organization"},"potentialAction":[{"@type":"SearchAction","target":{"@type":"EntryPoint","urlTemplate":"https:\/\/www.univ-lorraine.fr\/strategie-europe\/?s={search_term_string}"},"query-input":{"@type":"PropertyValueSpecification","valueRequired":true,"valueName":"search_term_string"}}],"inLanguage":"fr-FR"},{"@type":"Organization","@id":"https:\/\/www.univ-lorraine.fr\/strategie-europe\/#organization","name":"Universit\u00e9 de Lorraine","url":"https:\/\/www.univ-lorraine.fr\/strategie-europe\/","logo":{"@type":"ImageObject","inLanguage":"fr-FR","@id":"https:\/\/www.univ-lorraine.fr\/strategie-europe\/#\/schema\/logo\/image\/","url":"https:\/\/www.univ-lorraine.fr\/strategie-europe\/wp-content\/uploads\/sites\/53\/2021\/01\/LOGO_UL.png","contentUrl":"https:\/\/www.univ-lorraine.fr\/strategie-europe\/wp-content\/uploads\/sites\/53\/2021\/01\/LOGO_UL.png","width":138,"height":48,"caption":"Universit\u00e9 de Lorraine"},"image":{"@id":"https:\/\/www.univ-lorraine.fr\/strategie-europe\/#\/schema\/logo\/image\/"}}]}},"_links":{"self":[{"href":"https:\/\/www.univ-lorraine.fr\/strategie-europe\/wp-json\/wp\/v2\/pages\/285","targetHints":{"allow":["GET"]}}],"collection":[{"href":"https:\/\/www.univ-lorraine.fr\/strategie-europe\/wp-json\/wp\/v2\/pages"}],"about":[{"href":"https:\/\/www.univ-lorraine.fr\/strategie-europe\/wp-json\/wp\/v2\/types\/page"}],"author":[{"embeddable":true,"href":"https:\/\/www.univ-lorraine.fr\/strategie-europe\/wp-json\/wp\/v2\/users\/7"}],"replies":[{"embeddable":true,"href":"https:\/\/www.univ-lorraine.fr\/strategie-europe\/wp-json\/wp\/v2\/comments?post=285"}],"version-history":[{"count":18,"href":"https:\/\/www.univ-lorraine.fr\/strategie-europe\/wp-json\/wp\/v2\/pages\/285\/revisions"}],"predecessor-version":[{"id":1292,"href":"https:\/\/www.univ-lorraine.fr\/strategie-europe\/wp-json\/wp\/v2\/pages\/285\/revisions\/1292"}],"wp:attachment":[{"href":"https:\/\/www.univ-lorraine.fr\/strategie-europe\/wp-json\/wp\/v2\/media?parent=285"}],"curies":[{"name":"wp","href":"https:\/\/api.w.org\/{rel}","templated":true}]}}