{"id":291,"date":"2025-01-06T15:59:02","date_gmt":"2025-01-06T14:59:02","guid":{"rendered":"https:\/\/www.univ-lorraine.fr\/strategie-europe\/?page_id=291"},"modified":"2026-04-10T13:56:49","modified_gmt":"2026-04-10T11:56:49","slug":"nos-documents-de-position-europeenne","status":"publish","type":"page","link":"https:\/\/www.univ-lorraine.fr\/strategie-europe\/nos-documents-de-position-europeenne\/","title":{"rendered":"Nos documents de position europ\u00e9enne"},"content":{"rendered":"\n<p>Afin de participer \u00e0 l&rsquo;\u00e9laboration des politiques et des priorit\u00e9s europ\u00e9ennes, l&rsquo;Universit\u00e9 de Lorraine et ses partenaires de site, publient des documents de position, refl\u00e9tant notre vision strat\u00e9gique principalement dans les domaines de la recherche et de la formation. Ces documents s\u2019inscrivent dans le cadre de notre participation active \u00e0 la d\u00e9finition et \u00e0 la construction de l&rsquo;espace europ\u00e9en de la recherche.<\/p>\n\n\n<div class=\"gb-container gb-container-46ada461\">\n<div class=\"gb-container gb-container-e3f17d09\" id=\"PP\">\n<div class=\"gb-container gb-container-e91926c0\">\n<div class=\"gb-container gb-container-7ed16ee8\">\n\n<figure class=\"wp-block-image size-full\"><img decoding=\"async\" width=\"1920\" height=\"1252\" src=\"https:\/\/www.univ-lorraine.fr\/strategie-europe\/wp-content\/uploads\/sites\/53\/2026\/04\/138077.jpg\" alt=\"\" class=\"wp-image-1434\" srcset=\"https:\/\/www.univ-lorraine.fr\/strategie-europe\/wp-content\/uploads\/sites\/53\/2026\/04\/138077.jpg 1920w, https:\/\/www.univ-lorraine.fr\/strategie-europe\/wp-content\/uploads\/sites\/53\/2026\/04\/138077-300x196.jpg 300w, https:\/\/www.univ-lorraine.fr\/strategie-europe\/wp-content\/uploads\/sites\/53\/2026\/04\/138077-1024x668.jpg 1024w, https:\/\/www.univ-lorraine.fr\/strategie-europe\/wp-content\/uploads\/sites\/53\/2026\/04\/138077-768x501.jpg 768w, https:\/\/www.univ-lorraine.fr\/strategie-europe\/wp-content\/uploads\/sites\/53\/2026\/04\/138077-1536x1002.jpg 1536w\" sizes=\"(max-width: 1920px) 100vw, 1920px\" \/><\/figure>\n\n<\/div>\n\n<div class=\"gb-container gb-container-a4e82f1b\">\n\n<p class=\"gb-headline gb-headline-3f4f7d0d\"><span class=\"gb-icon\"><svg aria-hidden=\"true\" role=\"img\" height=\"1em\" width=\"1em\" viewBox=\"0 0 448 512\" xmlns=\"http:\/\/www.w3.org\/2000\/svg\"><path fill=\"currentColor\" d=\"M148 288h-40c-6.6 0-12-5.4-12-12v-40c0-6.6 5.4-12 12-12h40c6.6 0 12 5.4 12 12v40c0 6.6-5.4 12-12 12zm108-12v-40c0-6.6-5.4-12-12-12h-40c-6.6 0-12 5.4-12 12v40c0 6.6 5.4 12 12 12h40c6.6 0 12-5.4 12-12zm96 0v-40c0-6.6-5.4-12-12-12h-40c-6.6 0-12 5.4-12 12v40c0 6.6 5.4 12 12 12h40c6.6 0 12-5.4 12-12zm-96 96v-40c0-6.6-5.4-12-12-12h-40c-6.6 0-12 5.4-12 12v40c0 6.6 5.4 12 12 12h40c6.6 0 12-5.4 12-12zm-96 0v-40c0-6.6-5.4-12-12-12h-40c-6.6 0-12 5.4-12 12v40c0 6.6 5.4 12 12 12h40c6.6 0 12-5.4 12-12zm192 0v-40c0-6.6-5.4-12-12-12h-40c-6.6 0-12 5.4-12 12v40c0 6.6 5.4 12 12 12h40c6.6 0 12-5.4 12-12zm96-260v352c0 26.5-21.5 48-48 48H48c-26.5 0-48-21.5-48-48V112c0-26.5 21.5-48 48-48h48V12c0-6.6 5.4-12 12-12h40c6.6 0 12 5.4 12 12v52h128V12c0-6.6 5.4-12 12-12h40c6.6 0 12 5.4 12 12v52h48c26.5 0 48 21.5 48 48zm-48 346V160H48v298c0 3.3 2.7 6 6 6h340c3.3 0 6-2.7 6-6z\"><\/path><\/svg><\/span><span class=\"gb-headline-text\">2026, Avril<\/span><\/p>\n\n\n<div class=\"gb-container gb-container-3b736a63\">\n\n<p><a href=\"https:\/\/www.univ-lorraine.fr\/strategie-europe\/wp-content\/uploads\/sites\/53\/2026\/04\/hpscoach-edu-policy-brief-2.docx\">Health Promoting Sports Clubs: Leveraging the Powerful Role of Grassroots Sport to Promote Health<\/a><\/p>\n\n<\/div>\n\n\n<p>Depuis 2009 et l\u2019entr\u00e9e en vigueur du Trait\u00e9 de Lisbonne, l\u2019Union europ\u00e9enne d\u00e9tient une comp\u00e9tence dans le domaine du sport afin de promouvoir \u00ab&nbsp;des enjeux europ\u00e9ens&nbsp;\u00bb. Parmi ces enjeux figure la promotion de la sant\u00e9 comme le rappelle le&nbsp;<a href=\"https:\/\/data.consilium.europa.eu\/doc\/document\/ST-9771-2024-INIT\/fr\/pdf\">plan de travail en faveur du sport pour la p\u00e9riode 2021-2024<\/a>.&nbsp;En effet, les bienfaits du sport pour la sant\u00e9 physique et mentale ne sont plus \u00e0 d\u00e9montrer et l\u2019Union entend donc en faire un levier pour d\u00e9velopper un mod\u00e8le sportif europ\u00e9en.<\/p>\n\n\n\n<p>D\u00e9sormais, la promotion de la sant\u00e9 via le sport constitue un axe de travail de la Commission europ\u00e9enne, notamment dans la\u00a0<a href=\"https:\/\/commission.europa.eu\/document\/download\/c8b8682b-ca47-461b-bc95-c98195919eb0_en?filename=Mission+letter+-+MICALLEF.pdf\" target=\"_blank\" rel=\"noreferrer noopener\">lettre de mission<\/a>\u00a0du Commissaire Micallef que lui a adress\u00e9e la pr\u00e9sidente von der Leyen.<br>L\u2019Europe doit mobiliser une multiplicit\u00e9 d\u2019acteurs du monde sportif. A ce titre, les clubs sportifs emportent des enjeux particuliers du fait de la diversit\u00e9 de leurs publics. Ainsi, le papier de position propos\u00e9 par l\u2019Universit\u00e9 de Lorraine d\u00e9crit quel r\u00f4le les clubs sportifs peuvent jouer dans la promotion de la sant\u00e9. Les efforts entam\u00e9s en ce sens par l&rsquo;Union (<a href=\"https:\/\/sport.ec.europa.eu\/initiatives\/share-20-initiative\">Initiative Share 2.0<\/a>) gagneront \u00e0 \u00eatre prolong\u00e9s par les actions propos\u00e9es dans ce document.<\/p>\n\n\n\n<p>Ce papier a \u00e9t\u00e9 co-\u00e9crit dans le cadre du projet <a href=\"https:\/\/healthpromotingsportscoach.org\/\">HPSCoach-EDU Erasmus+Sport project<\/a>:<\/p>\n\n\n\n<p>Universit\u00e9 de Lorraine,<\/p>\n\n\n\n<p>&nbsp;Soci\u00e9t\u00e9 Fran\u00e7aise de Sant\u00e9 Publique, Gaelic Athletic Association, Technological University of the Shannon<\/p>\n\n\n\n<p>\u00d6rebro University<\/p>\n\n\n\n<p>Katholieke Universiteit Leuven<\/p>\n\n\n\n<p>University of Jyv\u00e4skyl\u00e4<\/p>\n\n\n\n<p>TAFISA<\/p>\n\n\n\n<p>ENGSO<\/p>\n\n\n\n<p>EVALEO<\/p>\n\n\n\n<p>World Health Organisation Regional Office for Europe<\/p>\n\n<\/div>\n<\/div>\n<\/div>\n\n<div class=\"gb-container gb-container-13ac7fc8\" id=\"PP\">\n<div class=\"gb-container gb-container-9f47b7f1\">\n<div class=\"gb-container gb-container-d47682d5\">\n\n<figure class=\"wp-block-image size-full\"><img decoding=\"async\" width=\"1920\" height=\"1097\" src=\"https:\/\/www.univ-lorraine.fr\/strategie-europe\/wp-content\/uploads\/sites\/53\/2026\/01\/digital-constellation-.jpeg\" alt=\"\" class=\"wp-image-1349\" srcset=\"https:\/\/www.univ-lorraine.fr\/strategie-europe\/wp-content\/uploads\/sites\/53\/2026\/01\/digital-constellation-.jpeg 1920w, https:\/\/www.univ-lorraine.fr\/strategie-europe\/wp-content\/uploads\/sites\/53\/2026\/01\/digital-constellation--300x171.jpeg 300w, https:\/\/www.univ-lorraine.fr\/strategie-europe\/wp-content\/uploads\/sites\/53\/2026\/01\/digital-constellation--1024x585.jpeg 1024w, https:\/\/www.univ-lorraine.fr\/strategie-europe\/wp-content\/uploads\/sites\/53\/2026\/01\/digital-constellation--768x439.jpeg 768w, https:\/\/www.univ-lorraine.fr\/strategie-europe\/wp-content\/uploads\/sites\/53\/2026\/01\/digital-constellation--1536x878.jpeg 1536w\" sizes=\"(max-width: 1920px) 100vw, 1920px\" \/><\/figure>\n\n<\/div>\n\n<div class=\"gb-container gb-container-81f6522d\">\n\n<p class=\"gb-headline gb-headline-6a93be2e\"><span class=\"gb-icon\"><svg aria-hidden=\"true\" role=\"img\" height=\"1em\" width=\"1em\" viewBox=\"0 0 448 512\" xmlns=\"http:\/\/www.w3.org\/2000\/svg\"><path fill=\"currentColor\" d=\"M148 288h-40c-6.6 0-12-5.4-12-12v-40c0-6.6 5.4-12 12-12h40c6.6 0 12 5.4 12 12v40c0 6.6-5.4 12-12 12zm108-12v-40c0-6.6-5.4-12-12-12h-40c-6.6 0-12 5.4-12 12v40c0 6.6 5.4 12 12 12h40c6.6 0 12-5.4 12-12zm96 0v-40c0-6.6-5.4-12-12-12h-40c-6.6 0-12 5.4-12 12v40c0 6.6 5.4 12 12 12h40c6.6 0 12-5.4 12-12zm-96 96v-40c0-6.6-5.4-12-12-12h-40c-6.6 0-12 5.4-12 12v40c0 6.6 5.4 12 12 12h40c6.6 0 12-5.4 12-12zm-96 0v-40c0-6.6-5.4-12-12-12h-40c-6.6 0-12 5.4-12 12v40c0 6.6 5.4 12 12 12h40c6.6 0 12-5.4 12-12zm192 0v-40c0-6.6-5.4-12-12-12h-40c-6.6 0-12 5.4-12 12v40c0 6.6 5.4 12 12 12h40c6.6 0 12-5.4 12-12zm96-260v352c0 26.5-21.5 48-48 48H48c-26.5 0-48-21.5-48-48V112c0-26.5 21.5-48 48-48h48V12c0-6.6 5.4-12 12-12h40c6.6 0 12 5.4 12 12v52h128V12c0-6.6 5.4-12 12-12h40c6.6 0 12 5.4 12 12v52h48c26.5 0 48 21.5 48 48zm-48 346V160H48v298c0 3.3 2.7 6 6 6h340c3.3 0 6-2.7 6-6z\"><\/path><\/svg><\/span><span class=\"gb-headline-text\">2026, Janvier<\/span><\/p>\n\n\n<div class=\"gb-container gb-container-394f79c2\">\n\n<p><a href=\"https:\/\/www.univ-lorraine.fr\/strategie-europe\/wp-content\/uploads\/sites\/53\/2026\/01\/universite-de-lorraine-response-to-the-public-consultation-on-the-era-act_vf.pdf\">R\u00e9ponse \u00e0 la consultation publique sur l&rsquo;ERA act :<br>Quatre \u00e9l\u00e9ments cl\u00e9s pour relever les d\u00e9fis persistants auxquels est confront\u00e9 le syst\u00e8me de recherche et d&rsquo;innovation de l&rsquo;UE<\/a><\/p>\n\n<\/div>\n\n\n<p>La Commission europ\u00e9enne a lanc\u00e9 une consultation publique sur le futur acte relatif \u00e0 l\u2019Espace europ\u00e9en de la recherche (EER), afin de recueillir des donn\u00e9es sur les d\u00e9fis structurels qui continuent d\u2019entraver le plein d\u00e9veloppement et la mise en \u0153uvre effective de l\u2019EER. Outre sa contribution \u00e0 cette consultation, l\u2019Universit\u00e9 de Lorraine souhaite attirer l\u2019attention, dans le pr\u00e9sent document de position, sur quatre axes strat\u00e9giques, qui refl\u00e8tent ses priorit\u00e9s institutionnelles et son engagement de longue date \u00e0 relever les d\u00e9fis persistants au sein de l\u2019\u00e9cosyst\u00e8me europ\u00e9en de la recherche et de l\u2019innovation :<br>\u25cf Placer les valeurs europ\u00e9ennes au c\u0153ur de l\u2019EER, comme fondement de la confiance, de l\u2019ouverture, de l\u2019excellence et de la pertinence soci\u00e9tale ;<br>\u25cf Reconna\u00eetre le r\u00f4le essentiel des sciences humaines et sociales (SHS) pour comprendre et accompagner les profondes transformations soci\u00e9tales induites par les transitions \u00e9cologique, num\u00e9rique, industrielle et g\u00e9opolitique ;<br>\u25cf \u00c9tablir un cadre clair et proportionn\u00e9 pour la recherche \u00e0 double usage dans le milieu universitaire, garantissant \u00e0 la fois l\u2019ouverture scientifique et une gestion responsable des risques.<br>\u25cf Renforcer une approche europ\u00e9enne de l\u2019intelligence artificielle pour la science, afin de soutenir et d\u2019acc\u00e9l\u00e9rer l\u2019excellence de la recherche, la souverainet\u00e9 et l\u2019utilisation responsable de l\u2019IA dans toutes les disciplines.<\/p>\n\n<\/div>\n<\/div>\n<\/div>\n\n<div class=\"gb-container gb-container-eb55ff1e\" id=\"PP\">\n<div class=\"gb-container gb-container-e4ba746a\">\n<div class=\"gb-container gb-container-0f619de3\">\n\n<figure class=\"wp-block-image size-full\"><img decoding=\"async\" width=\"1920\" height=\"1280\" src=\"https:\/\/www.univ-lorraine.fr\/strategie-europe\/wp-content\/uploads\/sites\/53\/2025\/11\/agri.jpg\" alt=\"\" class=\"wp-image-1317\" srcset=\"https:\/\/www.univ-lorraine.fr\/strategie-europe\/wp-content\/uploads\/sites\/53\/2025\/11\/agri.jpg 1920w, https:\/\/www.univ-lorraine.fr\/strategie-europe\/wp-content\/uploads\/sites\/53\/2025\/11\/agri-300x200.jpg 300w, https:\/\/www.univ-lorraine.fr\/strategie-europe\/wp-content\/uploads\/sites\/53\/2025\/11\/agri-1024x683.jpg 1024w, https:\/\/www.univ-lorraine.fr\/strategie-europe\/wp-content\/uploads\/sites\/53\/2025\/11\/agri-768x512.jpg 768w, https:\/\/www.univ-lorraine.fr\/strategie-europe\/wp-content\/uploads\/sites\/53\/2025\/11\/agri-1536x1024.jpg 1536w\" sizes=\"(max-width: 1920px) 100vw, 1920px\" \/><\/figure>\n\n<\/div>\n\n<div class=\"gb-container gb-container-9d2c1b9d\">\n\n<p class=\"gb-headline gb-headline-158d2660\"><span class=\"gb-icon\"><svg aria-hidden=\"true\" role=\"img\" height=\"1em\" width=\"1em\" viewBox=\"0 0 448 512\" xmlns=\"http:\/\/www.w3.org\/2000\/svg\"><path fill=\"currentColor\" d=\"M148 288h-40c-6.6 0-12-5.4-12-12v-40c0-6.6 5.4-12 12-12h40c6.6 0 12 5.4 12 12v40c0 6.6-5.4 12-12 12zm108-12v-40c0-6.6-5.4-12-12-12h-40c-6.6 0-12 5.4-12 12v40c0 6.6 5.4 12 12 12h40c6.6 0 12-5.4 12-12zm96 0v-40c0-6.6-5.4-12-12-12h-40c-6.6 0-12 5.4-12 12v40c0 6.6 5.4 12 12 12h40c6.6 0 12-5.4 12-12zm-96 96v-40c0-6.6-5.4-12-12-12h-40c-6.6 0-12 5.4-12 12v40c0 6.6 5.4 12 12 12h40c6.6 0 12-5.4 12-12zm-96 0v-40c0-6.6-5.4-12-12-12h-40c-6.6 0-12 5.4-12 12v40c0 6.6 5.4 12 12 12h40c6.6 0 12-5.4 12-12zm192 0v-40c0-6.6-5.4-12-12-12h-40c-6.6 0-12 5.4-12 12v40c0 6.6 5.4 12 12 12h40c6.6 0 12-5.4 12-12zm96-260v352c0 26.5-21.5 48-48 48H48c-26.5 0-48-21.5-48-48V112c0-26.5 21.5-48 48-48h48V12c0-6.6 5.4-12 12-12h40c6.6 0 12 5.4 12 12v52h128V12c0-6.6 5.4-12 12-12h40c6.6 0 12 5.4 12 12v52h48c26.5 0 48 21.5 48 48zm-48 346V160H48v298c0 3.3 2.7 6 6 6h340c3.3 0 6-2.7 6-6z\"><\/path><\/svg><\/span><span class=\"gb-headline-text\">2025, Octobre<\/span><\/p>\n\n\n<div class=\"gb-container gb-container-cb98e213\">\n\n<p><a href=\"https:\/\/www.univ-lorraine.fr\/strategie-europe\/wp-content\/uploads\/sites\/53\/2025\/11\/2025-10_fr_agralife-fp-10-tribune.pdf\">Pour une recherche europ\u00e9enne ambitieuse au service de la transition agricole, alimentaire et environnementale<\/a><\/p>\n\n<\/div>\n\n\n<p>Ce document souligne que le prochain programme-cadre (FP10) propos\u00e9 doit donner la priorit\u00e9 aux transitions durables dans les domaines de l&rsquo;agriculture, de l&rsquo;alimentation et de l&rsquo;environnement afin de relever les d\u00e9fis syst\u00e9miques tels que le changement climatique et la souverainet\u00e9. Il pr\u00e9conise de consacrer des ressources financi\u00e8res substantielles et r\u00e9serv\u00e9es au deuxi\u00e8me pilier pour l&rsquo;agro\u00e9cologie, la r\u00e9silience des syst\u00e8mes et les approches \u00ab One Health \u00bb. Des initiatives ambitieuses en mati\u00e8re de recherche et d&rsquo;innovation, telles que les \u00ab Moonshots \u00bb, ax\u00e9es sur la s\u00e9curit\u00e9 alimentaire, doivent \u00eatre incluses parall\u00e8lement aux priorit\u00e9s industrielles. La planification de la recherche n\u00e9cessite un soutien continu tout au long du processus d&rsquo;innovation, en combinant diff\u00e9rents niveaux de maturit\u00e9 des projets et l&rsquo;innovation soci\u00e9tale. En outre, la gouvernance doit \u00eatre ax\u00e9e sur l&rsquo;excellence, en veillant \u00e0 ce que les scientifiques con\u00e7oivent des programmes de travail et que les \u00c9tats membres d\u00e9finissent des strat\u00e9gies. Le document pr\u00e9conise en outre une coordination renforc\u00e9e entre les politiques de l&rsquo;UE (RTD, INTPA, AGRI) afin de faire de cette ambition une priorit\u00e9 pour la r\u00e9silience et la comp\u00e9titivit\u00e9 \u00e0 long terme de l&rsquo;Europe.<\/p>\n\n<\/div>\n<\/div>\n<\/div>\n\n<div class=\"gb-container gb-container-07a004de\" id=\"PP\">\n<div class=\"gb-container gb-container-c8286956\">\n<div class=\"gb-container gb-container-6621ffd6\">\n\n<figure class=\"wp-block-image size-full\"><img decoding=\"async\" width=\"1920\" height=\"1155\" src=\"https:\/\/www.univ-lorraine.fr\/strategie-europe\/wp-content\/uploads\/sites\/53\/2025\/11\/2148476752-e1762274900586.jpg\" alt=\"\" class=\"wp-image-1286\" srcset=\"https:\/\/www.univ-lorraine.fr\/strategie-europe\/wp-content\/uploads\/sites\/53\/2025\/11\/2148476752-e1762274900586.jpg 1920w, https:\/\/www.univ-lorraine.fr\/strategie-europe\/wp-content\/uploads\/sites\/53\/2025\/11\/2148476752-e1762274900586-300x180.jpg 300w, https:\/\/www.univ-lorraine.fr\/strategie-europe\/wp-content\/uploads\/sites\/53\/2025\/11\/2148476752-e1762274900586-1024x616.jpg 1024w, https:\/\/www.univ-lorraine.fr\/strategie-europe\/wp-content\/uploads\/sites\/53\/2025\/11\/2148476752-e1762274900586-768x462.jpg 768w, https:\/\/www.univ-lorraine.fr\/strategie-europe\/wp-content\/uploads\/sites\/53\/2025\/11\/2148476752-e1762274900586-1536x924.jpg 1536w\" sizes=\"(max-width: 1920px) 100vw, 1920px\" \/><\/figure>\n\n<\/div>\n\n<div class=\"gb-container gb-container-4d8f89ff\">\n\n<p class=\"gb-headline gb-headline-783a45bc\"><span class=\"gb-icon\"><svg aria-hidden=\"true\" role=\"img\" height=\"1em\" width=\"1em\" viewBox=\"0 0 448 512\" xmlns=\"http:\/\/www.w3.org\/2000\/svg\"><path fill=\"currentColor\" d=\"M148 288h-40c-6.6 0-12-5.4-12-12v-40c0-6.6 5.4-12 12-12h40c6.6 0 12 5.4 12 12v40c0 6.6-5.4 12-12 12zm108-12v-40c0-6.6-5.4-12-12-12h-40c-6.6 0-12 5.4-12 12v40c0 6.6 5.4 12 12 12h40c6.6 0 12-5.4 12-12zm96 0v-40c0-6.6-5.4-12-12-12h-40c-6.6 0-12 5.4-12 12v40c0 6.6 5.4 12 12 12h40c6.6 0 12-5.4 12-12zm-96 96v-40c0-6.6-5.4-12-12-12h-40c-6.6 0-12 5.4-12 12v40c0 6.6 5.4 12 12 12h40c6.6 0 12-5.4 12-12zm-96 0v-40c0-6.6-5.4-12-12-12h-40c-6.6 0-12 5.4-12 12v40c0 6.6 5.4 12 12 12h40c6.6 0 12-5.4 12-12zm192 0v-40c0-6.6-5.4-12-12-12h-40c-6.6 0-12 5.4-12 12v40c0 6.6 5.4 12 12 12h40c6.6 0 12-5.4 12-12zm96-260v352c0 26.5-21.5 48-48 48H48c-26.5 0-48-21.5-48-48V112c0-26.5 21.5-48 48-48h48V12c0-6.6 5.4-12 12-12h40c6.6 0 12 5.4 12 12v52h128V12c0-6.6 5.4-12 12-12h40c6.6 0 12 5.4 12 12v52h48c26.5 0 48 21.5 48 48zm-48 346V160H48v298c0 3.3 2.7 6 6 6h340c3.3 0 6-2.7 6-6z\"><\/path><\/svg><\/span><span class=\"gb-headline-text\">2025, Octobre<\/span><\/p>\n\n\n<div class=\"gb-container gb-container-31189369\">\n\n<p><a href=\"https:\/\/www.univ-lorraine.fr\/strategie-europe\/wp-content\/uploads\/sites\/53\/2025\/11\/2025-10_universities_and_competitiveness.pdf\">Universities and competitiveness. A big picture view on the EU\u2019s new policy paradigm and the implications for universities<\/a><\/p>\n\n<\/div>\n\n\n<p>Le document examine le nouveau paradigme politique de l&rsquo;UE ax\u00e9 sur la comp\u00e9titivit\u00e9, motiv\u00e9 par une crise multiple urgente impliquant des changements g\u00e9opolitiques, le changement climatique et le d\u00e9veloppement rapide de l&rsquo;IA. Au c\u0153ur de cet effort se trouve le programme de comp\u00e9titivit\u00e9, qui vise \u00e0 renforcer la prosp\u00e9rit\u00e9 durable et la pertinence mondiale de l&rsquo;Europe. Le document affirme que les universit\u00e9s constituent un atout strat\u00e9gique, car elles d\u00e9tiennent les connaissances, les comp\u00e9tences et l&rsquo;innovation n\u00e9cessaires \u00e0 la transformation de l&rsquo;Europe. Cependant, cette forte concentration comporte des risques d&rsquo;instrumentalisation \u00e0 des fins politiques. Pour apporter leur pleine contribution, les universit\u00e9s ont besoin de conditions politiques essentielles, notamment une autonomie institutionnelle solide et un financement public de base suffisant et durable. Le document pr\u00e9sente diff\u00e9rents sc\u00e9narios d&rsquo;avenir afin d&rsquo;inspirer la r\u00e9flexion et l&rsquo;action des dirigeants institutionnels qui naviguent dans cet environnement incertain.<\/p>\n\n<\/div>\n<\/div>\n<\/div>\n\n<div class=\"gb-container gb-container-6b794120\" id=\"PP\">\n<div class=\"gb-container gb-container-a1060ec9\">\n<div class=\"gb-container gb-container-a25398b6\">\n\n<figure class=\"wp-block-image size-full\"><img decoding=\"async\" width=\"1920\" height=\"1280\" src=\"https:\/\/www.univ-lorraine.fr\/strategie-europe\/wp-content\/uploads\/sites\/53\/2025\/10\/adobestock_95937351.jpeg\" alt=\"\" class=\"wp-image-1250\" srcset=\"https:\/\/www.univ-lorraine.fr\/strategie-europe\/wp-content\/uploads\/sites\/53\/2025\/10\/adobestock_95937351.jpeg 1920w, https:\/\/www.univ-lorraine.fr\/strategie-europe\/wp-content\/uploads\/sites\/53\/2025\/10\/adobestock_95937351-300x200.jpeg 300w, https:\/\/www.univ-lorraine.fr\/strategie-europe\/wp-content\/uploads\/sites\/53\/2025\/10\/adobestock_95937351-1024x683.jpeg 1024w, https:\/\/www.univ-lorraine.fr\/strategie-europe\/wp-content\/uploads\/sites\/53\/2025\/10\/adobestock_95937351-768x512.jpeg 768w, https:\/\/www.univ-lorraine.fr\/strategie-europe\/wp-content\/uploads\/sites\/53\/2025\/10\/adobestock_95937351-1536x1024.jpeg 1536w\" sizes=\"(max-width: 1920px) 100vw, 1920px\" \/><\/figure>\n\n<\/div>\n\n<div class=\"gb-container gb-container-57a42b4c\">\n\n<p class=\"gb-headline gb-headline-faa5e828\"><span class=\"gb-icon\"><svg aria-hidden=\"true\" role=\"img\" height=\"1em\" width=\"1em\" viewBox=\"0 0 448 512\" xmlns=\"http:\/\/www.w3.org\/2000\/svg\"><path fill=\"currentColor\" d=\"M148 288h-40c-6.6 0-12-5.4-12-12v-40c0-6.6 5.4-12 12-12h40c6.6 0 12 5.4 12 12v40c0 6.6-5.4 12-12 12zm108-12v-40c0-6.6-5.4-12-12-12h-40c-6.6 0-12 5.4-12 12v40c0 6.6 5.4 12 12 12h40c6.6 0 12-5.4 12-12zm96 0v-40c0-6.6-5.4-12-12-12h-40c-6.6 0-12 5.4-12 12v40c0 6.6 5.4 12 12 12h40c6.6 0 12-5.4 12-12zm-96 96v-40c0-6.6-5.4-12-12-12h-40c-6.6 0-12 5.4-12 12v40c0 6.6 5.4 12 12 12h40c6.6 0 12-5.4 12-12zm-96 0v-40c0-6.6-5.4-12-12-12h-40c-6.6 0-12 5.4-12 12v40c0 6.6 5.4 12 12 12h40c6.6 0 12-5.4 12-12zm192 0v-40c0-6.6-5.4-12-12-12h-40c-6.6 0-12 5.4-12 12v40c0 6.6 5.4 12 12 12h40c6.6 0 12-5.4 12-12zm96-260v352c0 26.5-21.5 48-48 48H48c-26.5 0-48-21.5-48-48V112c0-26.5 21.5-48 48-48h48V12c0-6.6 5.4-12 12-12h40c6.6 0 12 5.4 12 12v52h128V12c0-6.6 5.4-12 12-12h40c6.6 0 12 5.4 12 12v52h48c26.5 0 48 21.5 48 48zm-48 346V160H48v298c0 3.3 2.7 6 6 6h340c3.3 0 6-2.7 6-6z\"><\/path><\/svg><\/span><span class=\"gb-headline-text\">2025, Septembre<\/span><\/p>\n\n\n<div class=\"gb-container gb-container-8463d4e7\">\n\n<p><a href=\"https:\/\/www.univ-lorraine.fr\/strategie-europe\/wp-content\/uploads\/sites\/53\/2025\/10\/2025-09-recommendations-erasmus-mundus.pdf\">Strategic recommendations for the future of Erasmus Mundus<\/a><\/p>\n\n<\/div>\n\n\n<p class=\"gb-headline gb-headline-4ec91dbc gb-headline-text\">Le document pr\u00e9sente Erasmus Mundus (EM) comme un instrument strat\u00e9gique unique, essentiel pour renforcer la position mondiale, l&rsquo;attractivit\u00e9 et l&rsquo;autonomie strat\u00e9gique de l&rsquo;UE. En positionnant l&rsquo;Europe comme une puissance acad\u00e9mique de premier plan, EM attire les meilleurs talents mondiaux, qui choisissent de plus en plus l&rsquo;Europe plut\u00f4t que les \u00c9tats-Unis. Le document recommande vivement d&rsquo;aligner explicitement EM sur les objectifs strat\u00e9giques fondamentaux de l&rsquo;UE, notamment la comp\u00e9titivit\u00e9 et les transitions verte et num\u00e9rique, et pr\u00e9conise son int\u00e9gration dans des initiatives telles que Global Gateway et \u00ab Choose Europe for Science \u00bb. Les dipl\u00f4m\u00e9s EM sont form\u00e9s pour relever des d\u00e9fis majeurs, du changement climatique \u00e0 l&rsquo;IA \u00e9thique, et le programme devrait promouvoir le label europ\u00e9en des dipl\u00f4mes. Afin de maintenir cette capacit\u00e9 de transformation et d&rsquo;assurer le leadership de l&rsquo;Europe, le document demande de mani\u00e8re critique que le budget allou\u00e9 \u00e0 EM soit tripl\u00e9, afin de garantir des bourses comp\u00e9titives et de r\u00e9pondre aux ambitions strat\u00e9giques.<br><\/p>\n\n<\/div>\n<\/div>\n<\/div>\n\n<div class=\"gb-container gb-container-1164cded\" id=\"PP\">\n<div class=\"gb-container gb-container-be5c2abd\">\n<div class=\"gb-container gb-container-c4a904fe\">\n\n<figure class=\"wp-block-image size-full\"><img decoding=\"async\" width=\"1920\" height=\"1076\" src=\"https:\/\/www.univ-lorraine.fr\/strategie-europe\/wp-content\/uploads\/sites\/53\/2025\/10\/interdisciplinarite.jpeg\" alt=\"\" class=\"wp-image-1248\" srcset=\"https:\/\/www.univ-lorraine.fr\/strategie-europe\/wp-content\/uploads\/sites\/53\/2025\/10\/interdisciplinarite.jpeg 1920w, https:\/\/www.univ-lorraine.fr\/strategie-europe\/wp-content\/uploads\/sites\/53\/2025\/10\/interdisciplinarite-300x168.jpeg 300w, https:\/\/www.univ-lorraine.fr\/strategie-europe\/wp-content\/uploads\/sites\/53\/2025\/10\/interdisciplinarite-1024x574.jpeg 1024w, https:\/\/www.univ-lorraine.fr\/strategie-europe\/wp-content\/uploads\/sites\/53\/2025\/10\/interdisciplinarite-768x430.jpeg 768w, https:\/\/www.univ-lorraine.fr\/strategie-europe\/wp-content\/uploads\/sites\/53\/2025\/10\/interdisciplinarite-1536x861.jpeg 1536w\" sizes=\"(max-width: 1920px) 100vw, 1920px\" \/><\/figure>\n\n<\/div>\n\n<div class=\"gb-container gb-container-736aa87e\">\n\n<p class=\"gb-headline gb-headline-9001e943\"><span class=\"gb-icon\"><svg aria-hidden=\"true\" role=\"img\" height=\"1em\" width=\"1em\" viewBox=\"0 0 448 512\" xmlns=\"http:\/\/www.w3.org\/2000\/svg\"><path fill=\"currentColor\" d=\"M148 288h-40c-6.6 0-12-5.4-12-12v-40c0-6.6 5.4-12 12-12h40c6.6 0 12 5.4 12 12v40c0 6.6-5.4 12-12 12zm108-12v-40c0-6.6-5.4-12-12-12h-40c-6.6 0-12 5.4-12 12v40c0 6.6 5.4 12 12 12h40c6.6 0 12-5.4 12-12zm96 0v-40c0-6.6-5.4-12-12-12h-40c-6.6 0-12 5.4-12 12v40c0 6.6 5.4 12 12 12h40c6.6 0 12-5.4 12-12zm-96 96v-40c0-6.6-5.4-12-12-12h-40c-6.6 0-12 5.4-12 12v40c0 6.6 5.4 12 12 12h40c6.6 0 12-5.4 12-12zm-96 0v-40c0-6.6-5.4-12-12-12h-40c-6.6 0-12 5.4-12 12v40c0 6.6 5.4 12 12 12h40c6.6 0 12-5.4 12-12zm192 0v-40c0-6.6-5.4-12-12-12h-40c-6.6 0-12 5.4-12 12v40c0 6.6 5.4 12 12 12h40c6.6 0 12-5.4 12-12zm96-260v352c0 26.5-21.5 48-48 48H48c-26.5 0-48-21.5-48-48V112c0-26.5 21.5-48 48-48h48V12c0-6.6 5.4-12 12-12h40c6.6 0 12 5.4 12 12v52h128V12c0-6.6 5.4-12 12-12h40c6.6 0 12 5.4 12 12v52h48c26.5 0 48 21.5 48 48zm-48 346V160H48v298c0 3.3 2.7 6 6 6h340c3.3 0 6-2.7 6-6z\"><\/path><\/svg><\/span><span class=\"gb-headline-text\">2025, Ao\u00fbt<\/span><\/p>\n\n\n<div class=\"gb-container gb-container-0bac5ede\">\n\n<p><a href=\"https:\/\/www.univ-lorraine.fr\/strategie-europe\/wp-content\/uploads\/sites\/53\/2025\/10\/2025-08-aic-vd-french-20_08_2025.pdf\">Advanced Innovation Challenge : pour une Europe comp\u00e9titive et souveraine<\/a><\/p>\n\n<\/div>\n\n\n<p class=\"gb-headline gb-headline-bff5a175 gb-headline-text\">Udice salue la proposition de mise en \u0153uvre du projet pilote Advanced Innovation Challenge (AIC), qu&rsquo;il consid\u00e8re comme une n\u00e9cessit\u00e9 pour relever les d\u00e9fis de demain. Cette initiative est consid\u00e9r\u00e9e comme un outil strat\u00e9gique essentiel pour garantir l&rsquo;autonomie industrielle et strat\u00e9gique de l&rsquo;Europe. Int\u00e9gr\u00e9 \u00e0 l&rsquo;EIC, l&rsquo;AIC vise \u00e0 acc\u00e9l\u00e9rer l&rsquo;\u00e9mergence de solutions \u00e9conomiques \u00e0 fort impact et \u00e0 franchir la \u00ab vall\u00e9e de la mort \u00bb en soutenant les technologies de rupture de niveau TRL 1 \u00e0 6 dans des secteurs cl\u00e9s tels que l&rsquo;IA et l&rsquo;informatique quantique. Udice pr\u00e9sente douze recommandations essentielles pour r\u00e9ussir, soulignant la n\u00e9cessit\u00e9 d&rsquo;un \u00e9cosyst\u00e8me europ\u00e9en int\u00e9gr\u00e9 et agile, d&rsquo;une coordination renforc\u00e9e avec les agences nationales et d&rsquo;une structure de gouvernance \u00e0 trois niveaux. En outre, Udice appelle \u00e0 une acc\u00e9l\u00e9ration ambitieuse du financement et \u00e0 une augmentation des investissements priv\u00e9s pour soutenir les efforts de d\u00e9veloppement.<br><\/p>\n\n<\/div>\n<\/div>\n<\/div>\n\n<div class=\"gb-container gb-container-b0da3c0f\" id=\"PP\">\n<div class=\"gb-container gb-container-633ab8d9\">\n<div class=\"gb-container gb-container-ed0dc1d2\">\n\n<figure class=\"wp-block-image size-full\"><img decoding=\"async\" width=\"1920\" height=\"1076\" src=\"https:\/\/www.univ-lorraine.fr\/strategie-europe\/wp-content\/uploads\/sites\/53\/2025\/10\/europe-europe.jpeg\" alt=\"\" class=\"wp-image-1247\" srcset=\"https:\/\/www.univ-lorraine.fr\/strategie-europe\/wp-content\/uploads\/sites\/53\/2025\/10\/europe-europe.jpeg 1920w, https:\/\/www.univ-lorraine.fr\/strategie-europe\/wp-content\/uploads\/sites\/53\/2025\/10\/europe-europe-300x168.jpeg 300w, https:\/\/www.univ-lorraine.fr\/strategie-europe\/wp-content\/uploads\/sites\/53\/2025\/10\/europe-europe-1024x574.jpeg 1024w, https:\/\/www.univ-lorraine.fr\/strategie-europe\/wp-content\/uploads\/sites\/53\/2025\/10\/europe-europe-768x430.jpeg 768w, https:\/\/www.univ-lorraine.fr\/strategie-europe\/wp-content\/uploads\/sites\/53\/2025\/10\/europe-europe-1536x861.jpeg 1536w\" sizes=\"(max-width: 1920px) 100vw, 1920px\" \/><\/figure>\n\n<\/div>\n\n<div class=\"gb-container gb-container-0500b461\">\n\n<p class=\"gb-headline gb-headline-8087ff23\"><span class=\"gb-icon\"><svg aria-hidden=\"true\" role=\"img\" height=\"1em\" width=\"1em\" viewBox=\"0 0 448 512\" xmlns=\"http:\/\/www.w3.org\/2000\/svg\"><path fill=\"currentColor\" d=\"M148 288h-40c-6.6 0-12-5.4-12-12v-40c0-6.6 5.4-12 12-12h40c6.6 0 12 5.4 12 12v40c0 6.6-5.4 12-12 12zm108-12v-40c0-6.6-5.4-12-12-12h-40c-6.6 0-12 5.4-12 12v40c0 6.6 5.4 12 12 12h40c6.6 0 12-5.4 12-12zm96 0v-40c0-6.6-5.4-12-12-12h-40c-6.6 0-12 5.4-12 12v40c0 6.6 5.4 12 12 12h40c6.6 0 12-5.4 12-12zm-96 96v-40c0-6.6-5.4-12-12-12h-40c-6.6 0-12 5.4-12 12v40c0 6.6 5.4 12 12 12h40c6.6 0 12-5.4 12-12zm-96 0v-40c0-6.6-5.4-12-12-12h-40c-6.6 0-12 5.4-12 12v40c0 6.6 5.4 12 12 12h40c6.6 0 12-5.4 12-12zm192 0v-40c0-6.6-5.4-12-12-12h-40c-6.6 0-12 5.4-12 12v40c0 6.6 5.4 12 12 12h40c6.6 0 12-5.4 12-12zm96-260v352c0 26.5-21.5 48-48 48H48c-26.5 0-48-21.5-48-48V112c0-26.5 21.5-48 48-48h48V12c0-6.6 5.4-12 12-12h40c6.6 0 12 5.4 12 12v52h128V12c0-6.6 5.4-12 12-12h40c6.6 0 12 5.4 12 12v52h48c26.5 0 48 21.5 48 48zm-48 346V160H48v298c0 3.3 2.7 6 6 6h340c3.3 0 6-2.7 6-6z\"><\/path><\/svg><\/span><span class=\"gb-headline-text\">2025, Juillet<\/span><\/p>\n\n\n<div class=\"gb-container gb-container-dbc9459c\">\n\n<p><a href=\"https:\/\/www.univ-lorraine.fr\/strategie-europe\/wp-content\/uploads\/sites\/53\/2025\/10\/2025-07-note-on-fp10-and-competitivness-funds-vfinale.pdf\">Deciphering the next European research and innovation programme and understanding its links with the European Competitiveness Funds<\/a><\/p>\n\n<\/div>\n\n\n<p class=\"gb-headline gb-headline-cf6a04bb gb-headline-text\">L&rsquo;Universit\u00e9 C\u00f4te d&rsquo;Azur et l&rsquo;Universit\u00e9 de Lorraine fournissent une analyse des ambitieux projets du 10e PC et du nouveau Fonds europ\u00e9en pour la comp\u00e9titivit\u00e9 (FEC). Le document souligne le devoir de la communaut\u00e9 de s&rsquo;engager dans des d\u00e9bats afin de pr\u00e9server le financement et la coh\u00e9rence. La note identifie un changement strat\u00e9gique clair vers la souverainet\u00e9 industrielle et la comp\u00e9titivit\u00e9, notamment gr\u00e2ce au FCE et \u00e0 son lien avec la recherche appliqu\u00e9e. Cependant, il est observ\u00e9 que les documents restent vagues ou muets sur des d\u00e9tails essentiels tels que la gouvernance, la fongibilit\u00e9 budg\u00e9taire et l&rsquo;articulation pr\u00e9cise entre le 10e PC, le FCE et Erasmus+. Le document conclue que ces \u00e9l\u00e9ments doivent \u00eatre clarifi\u00e9s pour le futur programme de l&rsquo;Espace europ\u00e9en de la recherche.<br><\/p>\n\n<\/div>\n<\/div>\n<\/div>\n\n<div class=\"gb-container gb-container-e5eb795b\" id=\"PP\">\n<div class=\"gb-container gb-container-5a547328\">\n<div class=\"gb-container gb-container-537e831a\">\n\n<figure class=\"wp-block-image size-full\"><img decoding=\"async\" width=\"578\" height=\"325\" src=\"https:\/\/www.univ-lorraine.fr\/strategie-europe\/wp-content\/uploads\/sites\/53\/2025\/10\/image1-2-e1761578124569-edited.jpg\" alt=\"\" class=\"wp-image-1258\" srcset=\"https:\/\/www.univ-lorraine.fr\/strategie-europe\/wp-content\/uploads\/sites\/53\/2025\/10\/image1-2-e1761578124569-edited.jpg 578w, https:\/\/www.univ-lorraine.fr\/strategie-europe\/wp-content\/uploads\/sites\/53\/2025\/10\/image1-2-e1761578124569-edited-300x169.jpg 300w\" sizes=\"(max-width: 578px) 100vw, 578px\" \/><\/figure>\n\n<\/div>\n\n<div class=\"gb-container gb-container-2db6be22\">\n\n<p class=\"gb-headline gb-headline-66681836\"><span class=\"gb-icon\"><svg aria-hidden=\"true\" role=\"img\" height=\"1em\" width=\"1em\" viewBox=\"0 0 448 512\" xmlns=\"http:\/\/www.w3.org\/2000\/svg\"><path fill=\"currentColor\" d=\"M148 288h-40c-6.6 0-12-5.4-12-12v-40c0-6.6 5.4-12 12-12h40c6.6 0 12 5.4 12 12v40c0 6.6-5.4 12-12 12zm108-12v-40c0-6.6-5.4-12-12-12h-40c-6.6 0-12 5.4-12 12v40c0 6.6 5.4 12 12 12h40c6.6 0 12-5.4 12-12zm96 0v-40c0-6.6-5.4-12-12-12h-40c-6.6 0-12 5.4-12 12v40c0 6.6 5.4 12 12 12h40c6.6 0 12-5.4 12-12zm-96 96v-40c0-6.6-5.4-12-12-12h-40c-6.6 0-12 5.4-12 12v40c0 6.6 5.4 12 12 12h40c6.6 0 12-5.4 12-12zm-96 0v-40c0-6.6-5.4-12-12-12h-40c-6.6 0-12 5.4-12 12v40c0 6.6 5.4 12 12 12h40c6.6 0 12-5.4 12-12zm192 0v-40c0-6.6-5.4-12-12-12h-40c-6.6 0-12 5.4-12 12v40c0 6.6 5.4 12 12 12h40c6.6 0 12-5.4 12-12zm96-260v352c0 26.5-21.5 48-48 48H48c-26.5 0-48-21.5-48-48V112c0-26.5 21.5-48 48-48h48V12c0-6.6 5.4-12 12-12h40c6.6 0 12 5.4 12 12v52h128V12c0-6.6 5.4-12 12-12h40c6.6 0 12 5.4 12 12v52h48c26.5 0 48 21.5 48 48zm-48 346V160H48v298c0 3.3 2.7 6 6 6h340c3.3 0 6-2.7 6-6z\"><\/path><\/svg><\/span><span class=\"gb-headline-text\">2025, Juin<\/span><\/p>\n\n\n<div class=\"gb-container gb-container-6543dae3\">\n\n<p><a href=\"https:\/\/www.univ-lorraine.fr\/strategie-europe\/wp-content\/uploads\/sites\/53\/2025\/06\/ul_manifesto_final.pdf\">A policy manifesto: Towards a more competitive industry in Europe: The role of research and skills in driving EU&rsquo;s competitiveness<\/a><\/p>\n\n<\/div>\n\n\n<p class=\"gb-headline gb-headline-d3b5a84c gb-headline-text\">L&rsquo;Universit\u00e9 de Lorraine a publi\u00e9 un manifeste politique r\u00e9sumant les discussions d&rsquo;une conf\u00e9rence d&rsquo;avril 2025 \u00e0 Bruxelles intitul\u00e9e \u00ab Vers une industrie plus comp\u00e9titive en Europe \u00bb. Ce document traite de la mani\u00e8re dont l&rsquo;Union europ\u00e9enne peut renforcer sa comp\u00e9titivit\u00e9 industrielle en int\u00e9grant les technologies de l&rsquo;IA tout en conservant une approche centr\u00e9e sur l&rsquo;humain. Il propose un mod\u00e8le de comp\u00e9titivit\u00e9 europ\u00e9en distinct, souligne l&rsquo;importance d&rsquo;une gouvernance \u00e0 plusieurs niveaux et plaide en faveur d&rsquo;un d\u00e9veloppement de comp\u00e9tences diverses et pluridisciplinaires au sein de la main-d&rsquo;\u0153uvre, y compris la ma\u00eetrise de l&rsquo;IA \u00e0 tous les niveaux d&rsquo;enseignement. Le manifeste souligne \u00e9galement la n\u00e9cessit\u00e9 d&rsquo;am\u00e9liorer l&rsquo;attrait des carri\u00e8res dans l&rsquo;industrie manufacturi\u00e8re et de soutenir la transformation de la recherche en solutions pr\u00eates \u00e0 \u00eatre commercialis\u00e9es.<br><\/p>\n\n<\/div>\n<\/div>\n<\/div>\n\n<div class=\"gb-container gb-container-7a36d2dd\" id=\"PP\">\n<div class=\"gb-container gb-container-2cc2ccac\">\n<div class=\"gb-container gb-container-1ae4c812\">\n\n<figure class=\"wp-block-image size-large\"><img decoding=\"async\" width=\"1024\" height=\"512\" src=\"https:\/\/www.univ-lorraine.fr\/strategie-europe\/wp-content\/uploads\/sites\/53\/2025\/06\/adobestock_1332248698-1024x512.jpeg\" alt=\"\" class=\"wp-image-1178\" srcset=\"https:\/\/www.univ-lorraine.fr\/strategie-europe\/wp-content\/uploads\/sites\/53\/2025\/06\/adobestock_1332248698-1024x512.jpeg 1024w, https:\/\/www.univ-lorraine.fr\/strategie-europe\/wp-content\/uploads\/sites\/53\/2025\/06\/adobestock_1332248698-300x150.jpeg 300w, https:\/\/www.univ-lorraine.fr\/strategie-europe\/wp-content\/uploads\/sites\/53\/2025\/06\/adobestock_1332248698-768x384.jpeg 768w, https:\/\/www.univ-lorraine.fr\/strategie-europe\/wp-content\/uploads\/sites\/53\/2025\/06\/adobestock_1332248698-1536x768.jpeg 1536w, https:\/\/www.univ-lorraine.fr\/strategie-europe\/wp-content\/uploads\/sites\/53\/2025\/06\/adobestock_1332248698.jpeg 1920w\" sizes=\"(max-width: 1024px) 100vw, 1024px\" \/><\/figure>\n\n<\/div>\n\n<div class=\"gb-container gb-container-31df46f3\">\n\n<p class=\"gb-headline gb-headline-5baf90ee\"><span class=\"gb-icon\"><svg aria-hidden=\"true\" role=\"img\" height=\"1em\" width=\"1em\" viewBox=\"0 0 448 512\" xmlns=\"http:\/\/www.w3.org\/2000\/svg\"><path fill=\"currentColor\" d=\"M148 288h-40c-6.6 0-12-5.4-12-12v-40c0-6.6 5.4-12 12-12h40c6.6 0 12 5.4 12 12v40c0 6.6-5.4 12-12 12zm108-12v-40c0-6.6-5.4-12-12-12h-40c-6.6 0-12 5.4-12 12v40c0 6.6 5.4 12 12 12h40c6.6 0 12-5.4 12-12zm96 0v-40c0-6.6-5.4-12-12-12h-40c-6.6 0-12 5.4-12 12v40c0 6.6 5.4 12 12 12h40c6.6 0 12-5.4 12-12zm-96 96v-40c0-6.6-5.4-12-12-12h-40c-6.6 0-12 5.4-12 12v40c0 6.6 5.4 12 12 12h40c6.6 0 12-5.4 12-12zm-96 0v-40c0-6.6-5.4-12-12-12h-40c-6.6 0-12 5.4-12 12v40c0 6.6 5.4 12 12 12h40c6.6 0 12-5.4 12-12zm192 0v-40c0-6.6-5.4-12-12-12h-40c-6.6 0-12 5.4-12 12v40c0 6.6 5.4 12 12 12h40c6.6 0 12-5.4 12-12zm96-260v352c0 26.5-21.5 48-48 48H48c-26.5 0-48-21.5-48-48V112c0-26.5 21.5-48 48-48h48V12c0-6.6 5.4-12 12-12h40c6.6 0 12 5.4 12 12v52h128V12c0-6.6 5.4-12 12-12h40c6.6 0 12 5.4 12 12v52h48c26.5 0 48 21.5 48 48zm-48 346V160H48v298c0 3.3 2.7 6 6 6h340c3.3 0 6-2.7 6-6z\"><\/path><\/svg><\/span><span class=\"gb-headline-text\">2025, Mai<\/span><\/p>\n\n\n\n<p class=\"gb-headline gb-headline-f9d8580b gb-headline-text\"><a href=\"https:\/\/www.univ-lorraine.fr\/strategie-europe\/wp-content\/uploads\/sites\/53\/2025\/06\/universitedelorraine_contribution_eu-infrastructures-strategy.pdf\">Contribution \u00e0 la consultation publique de la Commission europ\u00e9enne sur une future \u00ab\u00a0Strat\u00e9gie europ\u00e9enne en mati\u00e8re d&rsquo;infrastructures de recherche et de technologie\u00a0\u00bb<\/a><\/p>\n\n\n\n<p class=\"gb-headline gb-headline-3f3dda0e gb-headline-text\">Ce document constitue une contribution \u00e0 la consultation publique de la Commission europ\u00e9enne sur une future \u00ab strat\u00e9gie europ\u00e9enne en mati\u00e8re d&rsquo;infrastructures de recherche et de technologie \u00bb. Il met l&rsquo;accent sur le besoin critique d&rsquo;investissement dans la recherche et l&rsquo;innovation pour renforcer la comp\u00e9titivit\u00e9 de l&rsquo;Europe. Le document indique que si les infrastructures de recherche europ\u00e9ennes sont \u00e0 la pointe au niveau mondial, leur fragmentation et leur complexit\u00e9 cr\u00e9ent des obstacles \u00e0 l&rsquo;acc\u00e8s et \u00e0 la collaboration pour les chercheurs. Pour r\u00e9soudre ces probl\u00e8mes, l&rsquo;universit\u00e9 recommande de d\u00e9velopper une approche int\u00e9gr\u00e9e, coh\u00e9rente et accessible, \u00e9ventuellement par le biais d&rsquo;un portail \u00ab \u00e0 guichet unique \u00bb, ainsi qu&rsquo;un financement ad\u00e9quat et durable et le renforcement d&rsquo;un personnel de soutien technique qualifi\u00e9 dans l&rsquo;ensemble de l&rsquo;\u00e9cosyst\u00e8me europ\u00e9en de la recherche.<br><\/p>\n\n<\/div>\n<\/div>\n<\/div>\n\n<div class=\"gb-container gb-container-a1abb738\" id=\"PP\">\n<div class=\"gb-container gb-container-a0d6ba42\">\n<div class=\"gb-container gb-container-9c6af354\">\n\n<figure class=\"wp-block-image size-full\"><img decoding=\"async\" width=\"1920\" height=\"960\" src=\"https:\/\/www.univ-lorraine.fr\/strategie-europe\/wp-content\/uploads\/sites\/53\/2025\/10\/vision-europe.jpeg\" alt=\"\" class=\"wp-image-1249\" srcset=\"https:\/\/www.univ-lorraine.fr\/strategie-europe\/wp-content\/uploads\/sites\/53\/2025\/10\/vision-europe.jpeg 1920w, https:\/\/www.univ-lorraine.fr\/strategie-europe\/wp-content\/uploads\/sites\/53\/2025\/10\/vision-europe-300x150.jpeg 300w, https:\/\/www.univ-lorraine.fr\/strategie-europe\/wp-content\/uploads\/sites\/53\/2025\/10\/vision-europe-1024x512.jpeg 1024w, https:\/\/www.univ-lorraine.fr\/strategie-europe\/wp-content\/uploads\/sites\/53\/2025\/10\/vision-europe-768x384.jpeg 768w, https:\/\/www.univ-lorraine.fr\/strategie-europe\/wp-content\/uploads\/sites\/53\/2025\/10\/vision-europe-1536x768.jpeg 1536w\" sizes=\"(max-width: 1920px) 100vw, 1920px\" \/><\/figure>\n\n<\/div>\n\n<div class=\"gb-container gb-container-6a967bd0\">\n\n<p class=\"gb-headline gb-headline-379f9802\"><span class=\"gb-icon\"><svg aria-hidden=\"true\" role=\"img\" height=\"1em\" width=\"1em\" viewBox=\"0 0 448 512\" xmlns=\"http:\/\/www.w3.org\/2000\/svg\"><path fill=\"currentColor\" d=\"M148 288h-40c-6.6 0-12-5.4-12-12v-40c0-6.6 5.4-12 12-12h40c6.6 0 12 5.4 12 12v40c0 6.6-5.4 12-12 12zm108-12v-40c0-6.6-5.4-12-12-12h-40c-6.6 0-12 5.4-12 12v40c0 6.6 5.4 12 12 12h40c6.6 0 12-5.4 12-12zm96 0v-40c0-6.6-5.4-12-12-12h-40c-6.6 0-12 5.4-12 12v40c0 6.6 5.4 12 12 12h40c6.6 0 12-5.4 12-12zm-96 96v-40c0-6.6-5.4-12-12-12h-40c-6.6 0-12 5.4-12 12v40c0 6.6 5.4 12 12 12h40c6.6 0 12-5.4 12-12zm-96 0v-40c0-6.6-5.4-12-12-12h-40c-6.6 0-12 5.4-12 12v40c0 6.6 5.4 12 12 12h40c6.6 0 12-5.4 12-12zm192 0v-40c0-6.6-5.4-12-12-12h-40c-6.6 0-12 5.4-12 12v40c0 6.6 5.4 12 12 12h40c6.6 0 12-5.4 12-12zm96-260v352c0 26.5-21.5 48-48 48H48c-26.5 0-48-21.5-48-48V112c0-26.5 21.5-48 48-48h48V12c0-6.6 5.4-12 12-12h40c6.6 0 12 5.4 12 12v52h128V12c0-6.6 5.4-12 12-12h40c6.6 0 12 5.4 12 12v52h48c26.5 0 48 21.5 48 48zm-48 346V160H48v298c0 3.3 2.7 6 6 6h340c3.3 0 6-2.7 6-6z\"><\/path><\/svg><\/span><span class=\"gb-headline-text\">2025, Avril<\/span><\/p>\n\n\n\n<p><a href=\"https:\/\/www.univ-lorraine.fr\/strategie-europe\/wp-content\/uploads\/sites\/53\/2025\/10\/2025-04-en-version_fp10_and_fc_vision_udice.pdf\">For a Research and Competitiveness Fund or how the integration of FP10 into the competitiveness fund could strengthen the impact of European research<\/a><\/p>\n\n\n\n<p class=\"gb-headline gb-headline-8b646e89 gb-headline-text\">Les membres de l&rsquo;UDICE consid\u00e8rent l&rsquo;int\u00e9gration du FP10 dans un fonds pour la comp\u00e9titivit\u00e9 comme une opportunit\u00e9 de renforcer l&rsquo;impact de la recherche europ\u00e9enne et de lutter contre le retard technologique. Ils soulignent que le fonds pour la comp\u00e9titivit\u00e9 doit suivre une logique de convergence de divers fonds autour de secteurs strat\u00e9giques, tout en respectant la non-fongibilit\u00e9 du budget de la recherche.<br>Le FP10 int\u00e9gr\u00e9 doit \u00eatre ambitieux, acc\u00e9l\u00e9rer les capacit\u00e9s de transfert et soutenir des projets \u00e0 tous les niveaux de maturit\u00e9. Afin de renforcer l&rsquo;autonomie strat\u00e9gique et de favoriser l&rsquo;innovation disruptive, l&rsquo;UDICE plaide en faveur d&rsquo;une ARPA europ\u00e9enne pour garantir le d\u00e9veloppement industriel et \u00ab d\u00e9risquer \u00bb les projets pour les investissements priv\u00e9s. En outre, des m\u00e9canismes de compensation sont n\u00e9cessaires pour contrebalancer les effets de concentration et maintenir la coh\u00e9sion technologique sur l&rsquo;ensemble du territoire de l&rsquo;UE. <\/p>\n\n<\/div>\n<\/div>\n<\/div>\n\n<div class=\"gb-container gb-container-4469b8ee\" id=\"PP\">\n<div class=\"gb-container gb-container-ca524ba9\">\n<div class=\"gb-container gb-container-97056a31\">\n\n<figure class=\"wp-block-image size-large\"><img decoding=\"async\" width=\"1024\" height=\"574\" src=\"https:\/\/www.univ-lorraine.fr\/strategie-europe\/wp-content\/uploads\/sites\/53\/2025\/04\/adobestock_1181185435-1-1024x574.jpeg\" alt=\"\" class=\"wp-image-1129\" srcset=\"https:\/\/www.univ-lorraine.fr\/strategie-europe\/wp-content\/uploads\/sites\/53\/2025\/04\/adobestock_1181185435-1-1024x574.jpeg 1024w, https:\/\/www.univ-lorraine.fr\/strategie-europe\/wp-content\/uploads\/sites\/53\/2025\/04\/adobestock_1181185435-1-300x168.jpeg 300w, https:\/\/www.univ-lorraine.fr\/strategie-europe\/wp-content\/uploads\/sites\/53\/2025\/04\/adobestock_1181185435-1-768x430.jpeg 768w, https:\/\/www.univ-lorraine.fr\/strategie-europe\/wp-content\/uploads\/sites\/53\/2025\/04\/adobestock_1181185435-1-1536x861.jpeg 1536w, https:\/\/www.univ-lorraine.fr\/strategie-europe\/wp-content\/uploads\/sites\/53\/2025\/04\/adobestock_1181185435-1.jpeg 1920w\" sizes=\"(max-width: 1024px) 100vw, 1024px\" \/><figcaption class=\"wp-element-caption\">European Union documents stacked on wooden desk, showcasing official papers and folders with EU flag, symbolizing bureaucracy and governance, copy space for text. AI generated<\/figcaption><\/figure>\n\n<\/div>\n\n<div class=\"gb-container gb-container-976446cd\">\n\n<p class=\"gb-headline gb-headline-91260955\"><span class=\"gb-icon\"><svg aria-hidden=\"true\" role=\"img\" height=\"1em\" width=\"1em\" viewBox=\"0 0 448 512\" xmlns=\"http:\/\/www.w3.org\/2000\/svg\"><path fill=\"currentColor\" d=\"M148 288h-40c-6.6 0-12-5.4-12-12v-40c0-6.6 5.4-12 12-12h40c6.6 0 12 5.4 12 12v40c0 6.6-5.4 12-12 12zm108-12v-40c0-6.6-5.4-12-12-12h-40c-6.6 0-12 5.4-12 12v40c0 6.6 5.4 12 12 12h40c6.6 0 12-5.4 12-12zm96 0v-40c0-6.6-5.4-12-12-12h-40c-6.6 0-12 5.4-12 12v40c0 6.6 5.4 12 12 12h40c6.6 0 12-5.4 12-12zm-96 96v-40c0-6.6-5.4-12-12-12h-40c-6.6 0-12 5.4-12 12v40c0 6.6 5.4 12 12 12h40c6.6 0 12-5.4 12-12zm-96 0v-40c0-6.6-5.4-12-12-12h-40c-6.6 0-12 5.4-12 12v40c0 6.6 5.4 12 12 12h40c6.6 0 12-5.4 12-12zm192 0v-40c0-6.6-5.4-12-12-12h-40c-6.6 0-12 5.4-12 12v40c0 6.6 5.4 12 12 12h40c6.6 0 12-5.4 12-12zm96-260v352c0 26.5-21.5 48-48 48H48c-26.5 0-48-21.5-48-48V112c0-26.5 21.5-48 48-48h48V12c0-6.6 5.4-12 12-12h40c6.6 0 12 5.4 12 12v52h128V12c0-6.6 5.4-12 12-12h40c6.6 0 12 5.4 12 12v52h48c26.5 0 48 21.5 48 48zm-48 346V160H48v298c0 3.3 2.7 6 6 6h340c3.3 0 6-2.7 6-6z\"><\/path><\/svg><\/span><span class=\"gb-headline-text\">2025, Avril<\/span><\/p>\n\n\n\n<p class=\"gb-headline gb-headline-7ceaa952 gb-headline-text\"><a href=\"https:\/\/www.univ-lorraine.fr\/strategie-europe\/wp-content\/uploads\/sites\/53\/2025\/04\/pour-un-programme-cadre-renouvele-et-une-ri-en-soutien-a-des-filieres-strategiques-europeennes.pdf\">Pour un programme-cadre renouvel\u00e9 et une R&amp;I en soutien \u00e0 des fili\u00e8res strat\u00e9giques europ\u00e9ennes<\/a><\/p>\n\n\n\n<p class=\"gb-headline gb-headline-3f6bba64 gb-headline-text\">Le document expose la vision de l&rsquo;UL pour un programme-cadre europ\u00e9en et un fonds de comp\u00e9titivit\u00e9 renouvel\u00e9s visant \u00e0 soutenir les secteurs strat\u00e9giques et la souverainet\u00e9 de l&rsquo;Europe. Il sugg\u00e8re des investissements cibl\u00e9s dans des domaines tels que l&rsquo;\u00e9nergie \u00e0 faible \u00e9mission de carbone, l&rsquo;intelligence artificielle, les technologies num\u00e9riques, la sant\u00e9 et les ressources naturelles, afin d&rsquo;\u00e9tablir un lien transparent entre la recherche, l&rsquo;innovation et la comp\u00e9titivit\u00e9 industrielle. Ses principales recommandations sont les suivantes : i) garantir le financement de la recherche, ii) cr\u00e9er une ARPA europ\u00e9enne pour acc\u00e9l\u00e9rer les perc\u00e9es technologiques, iii) mobiliser les \u00e9cosyst\u00e8mes d&rsquo;innovation et iv) int\u00e9grer les sciences sociales et humaines pour faire face aux changements soci\u00e9taux et d\u00e9fendre les valeurs europ\u00e9ennes. Enfin, l&rsquo;universit\u00e9 souligne le r\u00f4le essentiel du d\u00e9veloppement des comp\u00e9tences et des infrastructures de recherche pour soutenir ces secteurs strat\u00e9giques.<\/p>\n\n<\/div>\n<\/div>\n<\/div>\n\n<div class=\"gb-container gb-container-1b153768\" id=\"PP\">\n<div class=\"gb-container gb-container-19b630f2\">\n<div class=\"gb-container gb-container-963deac0\">\n\n<figure class=\"gb-block-image gb-block-image-d4ff9af3\"><img decoding=\"async\" width=\"1200\" height=\"673\" class=\"gb-image gb-image-d4ff9af3\" src=\"https:\/\/www.univ-lorraine.fr\/strategie-europe\/wp-content\/uploads\/sites\/53\/2025\/04\/aconceptualimageofearthsenergy-efficientsustainablesmarttransportationnetworksillustratedinasmarttransportvitalityartstylesimplifiedpaperartillustrationof.jpg\" alt=\"\" title=\"A conceptual image of Earth's energy-efficient sustainable smart\" srcset=\"https:\/\/www.univ-lorraine.fr\/strategie-europe\/wp-content\/uploads\/sites\/53\/2025\/04\/aconceptualimageofearthsenergy-efficientsustainablesmarttransportationnetworksillustratedinasmarttransportvitalityartstylesimplifiedpaperartillustrationof.jpg 1200w, https:\/\/www.univ-lorraine.fr\/strategie-europe\/wp-content\/uploads\/sites\/53\/2025\/04\/aconceptualimageofearthsenergy-efficientsustainablesmarttransportationnetworksillustratedinasmarttransportvitalityartstylesimplifiedpaperartillustrationof-300x168.jpg 300w, https:\/\/www.univ-lorraine.fr\/strategie-europe\/wp-content\/uploads\/sites\/53\/2025\/04\/aconceptualimageofearthsenergy-efficientsustainablesmarttransportationnetworksillustratedinasmarttransportvitalityartstylesimplifiedpaperartillustrationof-1024x574.jpg 1024w, https:\/\/www.univ-lorraine.fr\/strategie-europe\/wp-content\/uploads\/sites\/53\/2025\/04\/aconceptualimageofearthsenergy-efficientsustainablesmarttransportationnetworksillustratedinasmarttransportvitalityartstylesimplifiedpaperartillustrationof-768x431.jpg 768w\" sizes=\"(max-width: 1200px) 100vw, 1200px\" \/><\/figure>\n\n<\/div>\n\n<div class=\"gb-container gb-container-ccaae555\">\n\n<p class=\"gb-headline gb-headline-ea382702\"><span class=\"gb-icon\"><svg aria-hidden=\"true\" role=\"img\" height=\"1em\" width=\"1em\" viewBox=\"0 0 448 512\" xmlns=\"http:\/\/www.w3.org\/2000\/svg\"><path fill=\"currentColor\" d=\"M148 288h-40c-6.6 0-12-5.4-12-12v-40c0-6.6 5.4-12 12-12h40c6.6 0 12 5.4 12 12v40c0 6.6-5.4 12-12 12zm108-12v-40c0-6.6-5.4-12-12-12h-40c-6.6 0-12 5.4-12 12v40c0 6.6 5.4 12 12 12h40c6.6 0 12-5.4 12-12zm96 0v-40c0-6.6-5.4-12-12-12h-40c-6.6 0-12 5.4-12 12v40c0 6.6 5.4 12 12 12h40c6.6 0 12-5.4 12-12zm-96 96v-40c0-6.6-5.4-12-12-12h-40c-6.6 0-12 5.4-12 12v40c0 6.6 5.4 12 12 12h40c6.6 0 12-5.4 12-12zm-96 0v-40c0-6.6-5.4-12-12-12h-40c-6.6 0-12 5.4-12 12v40c0 6.6 5.4 12 12 12h40c6.6 0 12-5.4 12-12zm192 0v-40c0-6.6-5.4-12-12-12h-40c-6.6 0-12 5.4-12 12v40c0 6.6 5.4 12 12 12h40c6.6 0 12-5.4 12-12zm96-260v352c0 26.5-21.5 48-48 48H48c-26.5 0-48-21.5-48-48V112c0-26.5 21.5-48 48-48h48V12c0-6.6 5.4-12 12-12h40c6.6 0 12 5.4 12 12v52h128V12c0-6.6 5.4-12 12-12h40c6.6 0 12 5.4 12 12v52h48c26.5 0 48 21.5 48 48zm-48 346V160H48v298c0 3.3 2.7 6 6 6h340c3.3 0 6-2.7 6-6z\"><\/path><\/svg><\/span><span class=\"gb-headline-text\">2024, D\u00e9cembre<\/span><\/p>\n\n\n\n<p class=\"gb-headline gb-headline-e8cc163f gb-headline-text\"><a href=\"https:\/\/www.univ-lorraine.fr\/strategie-europe\/wp-content\/uploads\/sites\/53\/2025\/02\/2024-12-20-eureca-pro_position-paper-.pdf\">Collaborative Efforts for Responsible Consumption and Production in the EU: European University EURECA-PRO joins forces with UNIDO, JRC, DG GROW, and DG EAC<\/a><\/p>\n\n\n\n<p class=\"gb-headline gb-headline-64e4075e gb-headline-text\">Ce document de synth\u00e8se, publi\u00e9 par le r\u00e9seau EURECA-PRO auquel participe l&rsquo;Universit\u00e9 de Lorraine, d\u00e9crit les efforts de collaboration avec diverses entit\u00e9s de la Commission europ\u00e9enne et de l&rsquo;ONUDI, ax\u00e9s sur la consommation et la production responsables au sein de l&rsquo;UE. Leur objectif principal est de d\u00e9velopper des recommandations et d&rsquo;encourager la collaboration future pour aborder la complexit\u00e9 des transitions soci\u00e9tales durables. Le document  pr\u00e9sente \u00e9galement dix recommandations sp\u00e9cifiques destin\u00e9es \u00e0 faire progresser les \u00e9cosyst\u00e8mes durables, l&rsquo;\u00e9ducation, les transitions industrielles, la recherche et la gestion des ressources dans l&rsquo;Union europ\u00e9enne.<\/p>\n\n<\/div>\n<\/div>\n<\/div>\n\n<div class=\"gb-container gb-container-106cac72\" id=\"PP\">\n<div class=\"gb-container gb-container-1a619523\">\n<div class=\"gb-container gb-container-2dd1e4a5\">\n\n<figure class=\"gb-block-image gb-block-image-c367a133\"><img decoding=\"async\" width=\"1200\" height=\"673\" class=\"gb-image gb-image-c367a133\" src=\"https:\/\/www.univ-lorraine.fr\/strategie-europe\/wp-content\/uploads\/sites\/53\/2025\/04\/silhouetteofpeoplewalkingonthestreetdiversitycrowd.jpg\" alt=\"\" title=\"silhouette of people walking on the street diversity crowd\" srcset=\"https:\/\/www.univ-lorraine.fr\/strategie-europe\/wp-content\/uploads\/sites\/53\/2025\/04\/silhouetteofpeoplewalkingonthestreetdiversitycrowd.jpg 1200w, https:\/\/www.univ-lorraine.fr\/strategie-europe\/wp-content\/uploads\/sites\/53\/2025\/04\/silhouetteofpeoplewalkingonthestreetdiversitycrowd-300x168.jpg 300w, https:\/\/www.univ-lorraine.fr\/strategie-europe\/wp-content\/uploads\/sites\/53\/2025\/04\/silhouetteofpeoplewalkingonthestreetdiversitycrowd-1024x574.jpg 1024w, https:\/\/www.univ-lorraine.fr\/strategie-europe\/wp-content\/uploads\/sites\/53\/2025\/04\/silhouetteofpeoplewalkingonthestreetdiversitycrowd-768x431.jpg 768w\" sizes=\"(max-width: 1200px) 100vw, 1200px\" \/><\/figure>\n\n<\/div>\n\n<div class=\"gb-container gb-container-22ad029d\">\n\n<p class=\"gb-headline gb-headline-3ade891b\"><span class=\"gb-icon\"><svg aria-hidden=\"true\" role=\"img\" height=\"1em\" width=\"1em\" viewBox=\"0 0 448 512\" xmlns=\"http:\/\/www.w3.org\/2000\/svg\"><path fill=\"currentColor\" d=\"M148 288h-40c-6.6 0-12-5.4-12-12v-40c0-6.6 5.4-12 12-12h40c6.6 0 12 5.4 12 12v40c0 6.6-5.4 12-12 12zm108-12v-40c0-6.6-5.4-12-12-12h-40c-6.6 0-12 5.4-12 12v40c0 6.6 5.4 12 12 12h40c6.6 0 12-5.4 12-12zm96 0v-40c0-6.6-5.4-12-12-12h-40c-6.6 0-12 5.4-12 12v40c0 6.6 5.4 12 12 12h40c6.6 0 12-5.4 12-12zm-96 96v-40c0-6.6-5.4-12-12-12h-40c-6.6 0-12 5.4-12 12v40c0 6.6 5.4 12 12 12h40c6.6 0 12-5.4 12-12zm-96 0v-40c0-6.6-5.4-12-12-12h-40c-6.6 0-12 5.4-12 12v40c0 6.6 5.4 12 12 12h40c6.6 0 12-5.4 12-12zm192 0v-40c0-6.6-5.4-12-12-12h-40c-6.6 0-12 5.4-12 12v40c0 6.6 5.4 12 12 12h40c6.6 0 12-5.4 12-12zm96-260v352c0 26.5-21.5 48-48 48H48c-26.5 0-48-21.5-48-48V112c0-26.5 21.5-48 48-48h48V12c0-6.6 5.4-12 12-12h40c6.6 0 12 5.4 12 12v52h128V12c0-6.6 5.4-12 12-12h40c6.6 0 12 5.4 12 12v52h48c26.5 0 48 21.5 48 48zm-48 346V160H48v298c0 3.3 2.7 6 6 6h340c3.3 0 6-2.7 6-6z\"><\/path><\/svg><\/span><span class=\"gb-headline-text\">2024, Novembre<\/span><\/p>\n\n\n\n<p class=\"gb-headline gb-headline-957771c2 gb-headline-text\"><a href=\"https:\/\/www.univ-lorraine.fr\/strategie-europe\/wp-content\/uploads\/sites\/53\/2025\/02\/fp10_version_clean_2.0_position-paper-of-the-lorraine-academic-site-on-fp10.pdf\"><\/a><a href=\"https:\/\/www.univ-lorraine.fr\/strategie-europe\/wp-content\/uploads\/sites\/53\/2025\/02\/ul-position_ssh_fp10.pdf\">Universit\u00e9 de Lorraine position on the role of SSH research for the upcoming programming period 2028 to 2034<\/a><\/p>\n\n\n\n<p class=\"gb-headline gb-headline-7696e73b gb-headline-text\">L&rsquo;Universit\u00e9 de Lorraine expose sa position sur le r\u00f4le crucial de la recherche en sciences humaines et sociales (SSH) dans le prochain programme-cadre de l&rsquo;UE pour la p\u00e9riode 2028-2034. S&rsquo;appuyant sur des rapports r\u00e9cents soulignant la n\u00e9cessit\u00e9 d&rsquo;une comp\u00e9titivit\u00e9 durable et de relever les d\u00e9fis soci\u00e9taux parall\u00e8lement aux transitions verte, num\u00e9rique et industrielle, l&rsquo;Universit\u00e9 plaide en faveur d&rsquo;un accent plus central et institutionnalis\u00e9 sur la recherche en sciences humaines et sociales. Le document propose la cr\u00e9ation d&rsquo;un Conseil europ\u00e9en des d\u00e9fis soci\u00e9taux (ESC2) et d&rsquo;un nouveau cadre pour les projets interdisciplinaires men\u00e9s en sciences humaines afin d&rsquo;analyser l&rsquo;\u00e9volution soci\u00e9tale associ\u00e9e \u00e0 ces transitions. Il propose \u00e9galement un projet pilote dirig\u00e9 par les sciences humaines dans le cadre de l&rsquo;actuel programme Horizon Europe afin de tester et de d\u00e9velopper ces id\u00e9es, en utilisant la transition \u00e9nerg\u00e9tique comme exemple concret pour d\u00e9montrer la valeur d&rsquo;une perspective principalement soci\u00e9tale dans la recherche.<\/p>\n\n<\/div>\n<\/div>\n<\/div>\n\n<div class=\"gb-container gb-container-6e1af521\" id=\"PP\">\n<div class=\"gb-container gb-container-934faad1\">\n<div class=\"gb-container gb-container-2de2b40a\">\n\n<figure class=\"gb-block-image gb-block-image-628504d2\"><img decoding=\"async\" width=\"1200\" height=\"673\" class=\"gb-image gb-image-628504d2\" src=\"https:\/\/www.univ-lorraine.fr\/strategie-europe\/wp-content\/uploads\/sites\/53\/2025\/04\/threecolorfulpillarssymbolizingthefundamentalpillarsofseoauthorityrelevanceanduserexperienceonatexturedbluebackground.jpg\" alt=\"\" title=\"Three colorful pillars symbolizing the fundamental pillars of SE\" srcset=\"https:\/\/www.univ-lorraine.fr\/strategie-europe\/wp-content\/uploads\/sites\/53\/2025\/04\/threecolorfulpillarssymbolizingthefundamentalpillarsofseoauthorityrelevanceanduserexperienceonatexturedbluebackground.jpg 1200w, https:\/\/www.univ-lorraine.fr\/strategie-europe\/wp-content\/uploads\/sites\/53\/2025\/04\/threecolorfulpillarssymbolizingthefundamentalpillarsofseoauthorityrelevanceanduserexperienceonatexturedbluebackground-300x168.jpg 300w, https:\/\/www.univ-lorraine.fr\/strategie-europe\/wp-content\/uploads\/sites\/53\/2025\/04\/threecolorfulpillarssymbolizingthefundamentalpillarsofseoauthorityrelevanceanduserexperienceonatexturedbluebackground-1024x574.jpg 1024w, https:\/\/www.univ-lorraine.fr\/strategie-europe\/wp-content\/uploads\/sites\/53\/2025\/04\/threecolorfulpillarssymbolizingthefundamentalpillarsofseoauthorityrelevanceanduserexperienceonatexturedbluebackground-768x431.jpg 768w\" sizes=\"(max-width: 1200px) 100vw, 1200px\" \/><\/figure>\n\n<\/div>\n\n<div class=\"gb-container gb-container-700ecb55\">\n\n<p class=\"gb-headline gb-headline-b49eb72e\"><span class=\"gb-icon\"><svg aria-hidden=\"true\" role=\"img\" height=\"1em\" width=\"1em\" viewBox=\"0 0 448 512\" xmlns=\"http:\/\/www.w3.org\/2000\/svg\"><path fill=\"currentColor\" d=\"M148 288h-40c-6.6 0-12-5.4-12-12v-40c0-6.6 5.4-12 12-12h40c6.6 0 12 5.4 12 12v40c0 6.6-5.4 12-12 12zm108-12v-40c0-6.6-5.4-12-12-12h-40c-6.6 0-12 5.4-12 12v40c0 6.6 5.4 12 12 12h40c6.6 0 12-5.4 12-12zm96 0v-40c0-6.6-5.4-12-12-12h-40c-6.6 0-12 5.4-12 12v40c0 6.6 5.4 12 12 12h40c6.6 0 12-5.4 12-12zm-96 96v-40c0-6.6-5.4-12-12-12h-40c-6.6 0-12 5.4-12 12v40c0 6.6 5.4 12 12 12h40c6.6 0 12-5.4 12-12zm-96 0v-40c0-6.6-5.4-12-12-12h-40c-6.6 0-12 5.4-12 12v40c0 6.6 5.4 12 12 12h40c6.6 0 12-5.4 12-12zm192 0v-40c0-6.6-5.4-12-12-12h-40c-6.6 0-12 5.4-12 12v40c0 6.6 5.4 12 12 12h40c6.6 0 12-5.4 12-12zm96-260v352c0 26.5-21.5 48-48 48H48c-26.5 0-48-21.5-48-48V112c0-26.5 21.5-48 48-48h48V12c0-6.6 5.4-12 12-12h40c6.6 0 12 5.4 12 12v52h128V12c0-6.6 5.4-12 12-12h40c6.6 0 12 5.4 12 12v52h48c26.5 0 48 21.5 48 48zm-48 346V160H48v298c0 3.3 2.7 6 6 6h340c3.3 0 6-2.7 6-6z\"><\/path><\/svg><\/span><span class=\"gb-headline-text\">2024, Septembre<\/span><\/p>\n\n\n\n<p class=\"gb-headline gb-headline-f85738ea gb-headline-text\"><a href=\"https:\/\/www.univ-lorraine.fr\/strategie-europe\/wp-content\/uploads\/sites\/53\/2025\/02\/fp10_version_clean_2.0_position-paper-of-the-lorraine-academic-site-on-fp10.pdf\"><\/a><a href=\"https:\/\/www.univ-lorraine.fr\/strategie-europe\/wp-content\/uploads\/sites\/53\/2025\/02\/fp10_version_clean_2.0_position-paper-of-the-lorraine-academic-site-on-fp10.pdf\">Position paper of the Lorraine academic site on FP10<\/a><\/p>\n\n\n\n<p class=\"gb-headline gb-headline-af9cfb82 gb-headline-text\">Ce document de synth\u00e8se, publi\u00e9 par le site acad\u00e9mique lorrain, pr\u00e9sente la position et les recommandations de ce dernier concernant le prochain programme-cadre de recherche et d&rsquo;innovation de l&rsquo;UE (PCRDT). Il souligne l&rsquo;importance de maintenir des clusters sectoriels en plus des partenariats th\u00e9matiques et plaide en faveur d&rsquo;un renforcement de la recherche fondamentale au sein du 10e programme-cadre de recherche et de formation (PCRDT). Le document appelle \u00e9galement \u00e0 encourager la recherche innovante par le biais d&rsquo;appels ouverts et discute de l&rsquo;int\u00e9gration des technologies \u00e0 double usage ainsi que de la n\u00e9cessit\u00e9 d&rsquo;augmenter le budget. Il propose \u00e9galement la cr\u00e9ation d&rsquo;un groupe ombrelle pour les SHS, ainsi que des mesures de simplification administrative et d&rsquo;harmonisation des r\u00e8gles de fonctionnement, dans le but d&rsquo;am\u00e9liorer la participation. Enfin, le document soutient la coop\u00e9ration scientifique internationale, un financement coh\u00e9rent sur toute la p\u00e9riode de programmation et l&rsquo;alignement de la recherche, de l&rsquo;innovation et de l&rsquo;\u00e9ducation sur les secteurs industriels strat\u00e9giques.<\/p>\n\n<\/div>\n<\/div>\n<\/div>\n\n<div class=\"gb-container gb-container-b583d221\" id=\"PP\">\n<div class=\"gb-container gb-container-727b4c17\">\n<div class=\"gb-container gb-container-1660c3ca\">\n\n<figure class=\"wp-block-image size-large\"><img decoding=\"async\" width=\"1024\" height=\"574\" src=\"https:\/\/www.univ-lorraine.fr\/strategie-europe\/wp-content\/uploads\/sites\/53\/2025\/04\/industrialminingsiteshowingturquoisewaterinopenpitmine-1024x574.jpg\" alt=\"\" class=\"wp-image-1068\" srcset=\"https:\/\/www.univ-lorraine.fr\/strategie-europe\/wp-content\/uploads\/sites\/53\/2025\/04\/industrialminingsiteshowingturquoisewaterinopenpitmine-1024x574.jpg 1024w, https:\/\/www.univ-lorraine.fr\/strategie-europe\/wp-content\/uploads\/sites\/53\/2025\/04\/industrialminingsiteshowingturquoisewaterinopenpitmine-300x168.jpg 300w, https:\/\/www.univ-lorraine.fr\/strategie-europe\/wp-content\/uploads\/sites\/53\/2025\/04\/industrialminingsiteshowingturquoisewaterinopenpitmine-768x431.jpg 768w, https:\/\/www.univ-lorraine.fr\/strategie-europe\/wp-content\/uploads\/sites\/53\/2025\/04\/industrialminingsiteshowingturquoisewaterinopenpitmine.jpg 1200w\" sizes=\"(max-width: 1024px) 100vw, 1024px\" \/><\/figure>\n\n<\/div>\n\n<div class=\"gb-container gb-container-45c5432c\">\n\n<p class=\"gb-headline gb-headline-69d8d0a9\"><span class=\"gb-icon\"><svg aria-hidden=\"true\" role=\"img\" height=\"1em\" width=\"1em\" viewBox=\"0 0 448 512\" xmlns=\"http:\/\/www.w3.org\/2000\/svg\"><path fill=\"currentColor\" d=\"M148 288h-40c-6.6 0-12-5.4-12-12v-40c0-6.6 5.4-12 12-12h40c6.6 0 12 5.4 12 12v40c0 6.6-5.4 12-12 12zm108-12v-40c0-6.6-5.4-12-12-12h-40c-6.6 0-12 5.4-12 12v40c0 6.6 5.4 12 12 12h40c6.6 0 12-5.4 12-12zm96 0v-40c0-6.6-5.4-12-12-12h-40c-6.6 0-12 5.4-12 12v40c0 6.6 5.4 12 12 12h40c6.6 0 12-5.4 12-12zm-96 96v-40c0-6.6-5.4-12-12-12h-40c-6.6 0-12 5.4-12 12v40c0 6.6 5.4 12 12 12h40c6.6 0 12-5.4 12-12zm-96 0v-40c0-6.6-5.4-12-12-12h-40c-6.6 0-12 5.4-12 12v40c0 6.6 5.4 12 12 12h40c6.6 0 12-5.4 12-12zm192 0v-40c0-6.6-5.4-12-12-12h-40c-6.6 0-12 5.4-12 12v40c0 6.6 5.4 12 12 12h40c6.6 0 12-5.4 12-12zm96-260v352c0 26.5-21.5 48-48 48H48c-26.5 0-48-21.5-48-48V112c0-26.5 21.5-48 48-48h48V12c0-6.6 5.4-12 12-12h40c6.6 0 12 5.4 12 12v52h128V12c0-6.6 5.4-12 12-12h40c6.6 0 12 5.4 12 12v52h48c26.5 0 48 21.5 48 48zm-48 346V160H48v298c0 3.3 2.7 6 6 6h340c3.3 0 6-2.7 6-6z\"><\/path><\/svg><\/span><span class=\"gb-headline-text\">2024, Juillet<\/span><\/p>\n\n\n\n<p class=\"gb-headline gb-headline-5d955fae gb-headline-text\"><a href=\"https:\/\/www.univ-lorraine.fr\/strategie-europe\/wp-content\/uploads\/sites\/53\/2025\/03\/ul-response-to-the-public-consultation-on-dual-use_final-2.pdf\"><\/a><a href=\"https:\/\/www.univ-lorraine.fr\/strategie-europe\/wp-content\/uploads\/sites\/53\/2025\/02\/manifesto-raw-materials-at-stake.pdf\"><\/a><a href=\"https:\/\/www.univ-lorraine.fr\/strategie-europe\/wp-content\/uploads\/sites\/53\/2025\/03\/ul-response-to-the-public-consultation-on-dual-use_final-2.pdf\"><\/a><a href=\"https:\/\/www.univ-lorraine.fr\/strategie-europe\/wp-content\/uploads\/sites\/53\/2025\/02\/manifesto-raw-materials-at-stake.pdf\">Raw Materials at Stake: A Lorraine site&rsquo;s Manifesto for a comprehensive approach to research, innovation and skills<\/a><\/p>\n\n\n\n<p class=\"gb-headline gb-headline-dd98318c gb-headline-text\">Le manifeste, cr\u00e9\u00e9 \u00e0 la suite de l&rsquo;\u00e9v\u00e9nement organis\u00e9 par l&rsquo;Universit\u00e9 de Lorraine en avril 2024, et aborde les d\u00e9fis cruciaux de l&rsquo;UE en mati\u00e8re de mati\u00e8res premi\u00e8res. Il souligne la n\u00e9cessit\u00e9 d&rsquo;une strat\u00e9gie globale englobant la recherche, l&rsquo;innovation et le d\u00e9veloppement des comp\u00e9tences afin de garantir des cha\u00eenes d&rsquo;approvisionnement durables pour les technologies vertes et num\u00e9riques. Le document propose des recommandations ax\u00e9es sur la substitution des mat\u00e9riaux, les pratiques d&rsquo;\u00e9conomie circulaire gr\u00e2ce \u00e0 l&rsquo;analyse du cycle de vie et l&rsquo;am\u00e9lioration de l&rsquo;\u00e9ducation et de la formation dans le secteur des mati\u00e8res premi\u00e8res. En fin de compte, le manifeste vise \u00e0 renforcer la souverainet\u00e9 et la comp\u00e9titivit\u00e9 de l&rsquo;Europe dans le domaine crucial des mati\u00e8res premi\u00e8res.<\/p>\n\n<\/div>\n<\/div>\n<\/div>\n\n<div class=\"gb-container gb-container-e925fe5b\" id=\"PP\">\n<div class=\"gb-container gb-container-3e35c759\">\n<div class=\"gb-container gb-container-b68638ff\">\n\n<figure class=\"wp-block-image size-full\"><img decoding=\"async\" width=\"1200\" height=\"673\" src=\"https:\/\/www.univ-lorraine.fr\/strategie-europe\/wp-content\/uploads\/sites\/53\/2025\/04\/soldierusingvrheadsetwithdualmonitorsfordroneoperationinhigh-techcontrolroom.militarytechnologyvirtualrealitytrainingdronepilotingdefensestrategyadvancedwarfaresystems.jpg\" alt=\"\" class=\"wp-image-1070\" srcset=\"https:\/\/www.univ-lorraine.fr\/strategie-europe\/wp-content\/uploads\/sites\/53\/2025\/04\/soldierusingvrheadsetwithdualmonitorsfordroneoperationinhigh-techcontrolroom.militarytechnologyvirtualrealitytrainingdronepilotingdefensestrategyadvancedwarfaresystems.jpg 1200w, https:\/\/www.univ-lorraine.fr\/strategie-europe\/wp-content\/uploads\/sites\/53\/2025\/04\/soldierusingvrheadsetwithdualmonitorsfordroneoperationinhigh-techcontrolroom.militarytechnologyvirtualrealitytrainingdronepilotingdefensestrategyadvancedwarfaresystems-300x168.jpg 300w, https:\/\/www.univ-lorraine.fr\/strategie-europe\/wp-content\/uploads\/sites\/53\/2025\/04\/soldierusingvrheadsetwithdualmonitorsfordroneoperationinhigh-techcontrolroom.militarytechnologyvirtualrealitytrainingdronepilotingdefensestrategyadvancedwarfaresystems-1024x574.jpg 1024w, https:\/\/www.univ-lorraine.fr\/strategie-europe\/wp-content\/uploads\/sites\/53\/2025\/04\/soldierusingvrheadsetwithdualmonitorsfordroneoperationinhigh-techcontrolroom.militarytechnologyvirtualrealitytrainingdronepilotingdefensestrategyadvancedwarfaresystems-768x431.jpg 768w\" sizes=\"(max-width: 1200px) 100vw, 1200px\" \/><\/figure>\n\n<\/div>\n\n<div class=\"gb-container gb-container-7d1ae434\">\n\n<p class=\"gb-headline gb-headline-f36087e5\"><span class=\"gb-icon\"><svg aria-hidden=\"true\" role=\"img\" height=\"1em\" width=\"1em\" viewBox=\"0 0 448 512\" xmlns=\"http:\/\/www.w3.org\/2000\/svg\"><path fill=\"currentColor\" d=\"M148 288h-40c-6.6 0-12-5.4-12-12v-40c0-6.6 5.4-12 12-12h40c6.6 0 12 5.4 12 12v40c0 6.6-5.4 12-12 12zm108-12v-40c0-6.6-5.4-12-12-12h-40c-6.6 0-12 5.4-12 12v40c0 6.6 5.4 12 12 12h40c6.6 0 12-5.4 12-12zm96 0v-40c0-6.6-5.4-12-12-12h-40c-6.6 0-12 5.4-12 12v40c0 6.6 5.4 12 12 12h40c6.6 0 12-5.4 12-12zm-96 96v-40c0-6.6-5.4-12-12-12h-40c-6.6 0-12 5.4-12 12v40c0 6.6 5.4 12 12 12h40c6.6 0 12-5.4 12-12zm-96 0v-40c0-6.6-5.4-12-12-12h-40c-6.6 0-12 5.4-12 12v40c0 6.6 5.4 12 12 12h40c6.6 0 12-5.4 12-12zm192 0v-40c0-6.6-5.4-12-12-12h-40c-6.6 0-12 5.4-12 12v40c0 6.6 5.4 12 12 12h40c6.6 0 12-5.4 12-12zm96-260v352c0 26.5-21.5 48-48 48H48c-26.5 0-48-21.5-48-48V112c0-26.5 21.5-48 48-48h48V12c0-6.6 5.4-12 12-12h40c6.6 0 12 5.4 12 12v52h128V12c0-6.6 5.4-12 12-12h40c6.6 0 12 5.4 12 12v52h48c26.5 0 48 21.5 48 48zm-48 346V160H48v298c0 3.3 2.7 6 6 6h340c3.3 0 6-2.7 6-6z\"><\/path><\/svg><\/span><span class=\"gb-headline-text\">2024, Avril<\/span><\/p>\n\n\n\n<p class=\"gb-headline gb-headline-a137a04b gb-headline-text\"><a href=\"https:\/\/www.univ-lorraine.fr\/strategie-europe\/wp-content\/uploads\/sites\/53\/2025\/03\/ul-response-to-the-public-consultation-on-dual-use_final-2.pdf\">Universit\u00e9 de Lorraine&rsquo;s response to the public consultation on Dual-Use technologies<\/a><\/p>\n\n\n\n<p class=\"gb-headline gb-headline-4d7c50fa gb-headline-text\">L&rsquo;Universit\u00e9 de Lorraine a r\u00e9pondu \u00e0 une consultation de la Commission concernant les technologies \u00e0 double usage, qui ont des applications \u00e0 la fois civiles et militaires. L&rsquo;UL est favorable \u00e0 l&rsquo;option 2, qui consiste \u00e0 ajuster progressivement le programme Horizon Europe existant pour accueillir des projets \u00e0 double usage. Cette option n&rsquo;aurait toutefois pas d&rsquo;impact n\u00e9gatif sur le financement de la recherche civile fondamentale et les aspects militaires seraient r\u00e9glement\u00e9s de mani\u00e8re appropri\u00e9e pour \u00e9viter d&rsquo;entraver les applications civiles. Le document souligne \u00e9galement la n\u00e9cessit\u00e9 d&rsquo;une d\u00e9finition claire du double usage, d&rsquo;un soutien \u00e9quilibr\u00e9 \u00e0 la recherche fondamentale et appliqu\u00e9e, et d&rsquo;un examen attentif de la collaboration internationale et des implications \u00e9thiques.<\/p>\n\n<\/div>\n<\/div>\n<\/div>\n\n<div class=\"gb-container gb-container-b7ccf283\" id=\"PP\">\n<div class=\"gb-container gb-container-b4884f37\">\n<div class=\"gb-container gb-container-70866efd\">\n\n<figure class=\"gb-block-image gb-block-image-8cd7cd3c\"><img decoding=\"async\" width=\"1200\" height=\"673\" class=\"gb-image gb-image-8cd7cd3c\" src=\"https:\/\/www.univ-lorraine.fr\/strategie-europe\/wp-content\/uploads\/sites\/53\/2025\/04\/closeupofastudentshandwritingonpaperduringanexaminaclassroomsetting.jpg\" alt=\"\" title=\"Close up of a student s hand writing on paper during an exam in\" srcset=\"https:\/\/www.univ-lorraine.fr\/strategie-europe\/wp-content\/uploads\/sites\/53\/2025\/04\/closeupofastudentshandwritingonpaperduringanexaminaclassroomsetting.jpg 1200w, https:\/\/www.univ-lorraine.fr\/strategie-europe\/wp-content\/uploads\/sites\/53\/2025\/04\/closeupofastudentshandwritingonpaperduringanexaminaclassroomsetting-300x168.jpg 300w, https:\/\/www.univ-lorraine.fr\/strategie-europe\/wp-content\/uploads\/sites\/53\/2025\/04\/closeupofastudentshandwritingonpaperduringanexaminaclassroomsetting-1024x574.jpg 1024w, https:\/\/www.univ-lorraine.fr\/strategie-europe\/wp-content\/uploads\/sites\/53\/2025\/04\/closeupofastudentshandwritingonpaperduringanexaminaclassroomsetting-768x431.jpg 768w\" sizes=\"(max-width: 1200px) 100vw, 1200px\" \/><\/figure>\n\n<\/div>\n\n<div class=\"gb-container gb-container-241de3b6\">\n\n<p class=\"gb-headline gb-headline-4fe76f2a\"><span class=\"gb-icon\"><svg aria-hidden=\"true\" role=\"img\" height=\"1em\" width=\"1em\" viewBox=\"0 0 448 512\" xmlns=\"http:\/\/www.w3.org\/2000\/svg\"><path fill=\"currentColor\" d=\"M148 288h-40c-6.6 0-12-5.4-12-12v-40c0-6.6 5.4-12 12-12h40c6.6 0 12 5.4 12 12v40c0 6.6-5.4 12-12 12zm108-12v-40c0-6.6-5.4-12-12-12h-40c-6.6 0-12 5.4-12 12v40c0 6.6 5.4 12 12 12h40c6.6 0 12-5.4 12-12zm96 0v-40c0-6.6-5.4-12-12-12h-40c-6.6 0-12 5.4-12 12v40c0 6.6 5.4 12 12 12h40c6.6 0 12-5.4 12-12zm-96 96v-40c0-6.6-5.4-12-12-12h-40c-6.6 0-12 5.4-12 12v40c0 6.6 5.4 12 12 12h40c6.6 0 12-5.4 12-12zm-96 0v-40c0-6.6-5.4-12-12-12h-40c-6.6 0-12 5.4-12 12v40c0 6.6 5.4 12 12 12h40c6.6 0 12-5.4 12-12zm192 0v-40c0-6.6-5.4-12-12-12h-40c-6.6 0-12 5.4-12 12v40c0 6.6 5.4 12 12 12h40c6.6 0 12-5.4 12-12zm96-260v352c0 26.5-21.5 48-48 48H48c-26.5 0-48-21.5-48-48V112c0-26.5 21.5-48 48-48h48V12c0-6.6 5.4-12 12-12h40c6.6 0 12 5.4 12 12v52h128V12c0-6.6 5.4-12 12-12h40c6.6 0 12 5.4 12 12v52h48c26.5 0 48 21.5 48 48zm-48 346V160H48v298c0 3.3 2.7 6 6 6h340c3.3 0 6-2.7 6-6z\"><\/path><\/svg><\/span><span class=\"gb-headline-text\">2023<\/span><\/p>\n\n\n\n<p class=\"gb-headline gb-headline-0cb9214b gb-headline-text\"><a href=\"https:\/\/www.univ-lorraine.fr\/strategie-europe\/wp-content\/uploads\/sites\/53\/2025\/02\/ul-heur-mid-termsv5.pdf\">Proposal for a contribution from Universit\u00e9 de Lorraine to the mid-term review consultation of<br>the Horizon Europe program<\/a><\/p>\n\n\n\n<p class=\"gb-headline gb-headline-a4bdb4fa gb-headline-text\">La proposition de l&rsquo;Universit\u00e9 de Lorraine pour la r\u00e9vision \u00e0 mi-parcours d&rsquo;Horizon Europe souligne ses forces et ses contributions potentielles aux objectifs du Green Deal europ\u00e9en, en particulier l&rsquo;atteinte de la neutralit\u00e9 carbone d&rsquo;ici 2050. Le document d\u00e9taille les domaines de recherche sp\u00e9cifiques pour lesquels un soutien europ\u00e9en accru est recherch\u00e9, notamment la transition \u00e9nerg\u00e9tique territoriale, les cha\u00eenes de valeur des mat\u00e9riaux durables et la fabrication sans \u00e9missions. Il aborde \u00e9galement la bio\u00e9conomie, la sylviculture durable et des th\u00e8mes transversaux tels que l&rsquo;int\u00e9gration des sciences sociales et humaines, le renforcement des comp\u00e9tences en mati\u00e8re de recherche et l&rsquo;am\u00e9lioration de la coop\u00e9ration internationale. La proposition contient \u00e9galement des recommandations visant \u00e0 am\u00e9liorer le programme Horizon Europe lui-m\u00eame, en sugg\u00e9rant des am\u00e9liorations des m\u00e9canismes de financement, des r\u00e8gles de participation et de l&rsquo;\u00e9quilibre entre les diff\u00e9rents types de projets de recherche<\/p>\n\n<\/div>\n<\/div>\n<\/div>\n<\/div>\n\n\n<p><\/p>\n","protected":false},"excerpt":{"rendered":"<p>Afin de participer \u00e0 l&rsquo;\u00e9laboration des politiques et des priorit\u00e9s europ\u00e9ennes, l&rsquo;Universit\u00e9 de Lorraine et ses partenaires de site, publient des documents de position, refl\u00e9tant notre vision strat\u00e9gique principalement dans les domaines de la recherche et de la formation. Ces documents s\u2019inscrivent dans le cadre de notre participation active \u00e0 la d\u00e9finition et \u00e0 la &#8230; <a title=\"Nos documents de position europ\u00e9enne\" class=\"read-more\" href=\"https:\/\/www.univ-lorraine.fr\/strategie-europe\/nos-documents-de-position-europeenne\/\" aria-label=\"En savoir plus sur Nos documents de position europ\u00e9enne\">Lire plus<\/a><\/p>\n","protected":false},"author":7,"featured_media":0,"parent":0,"menu_order":0,"comment_status":"closed","ping_status":"closed","template":"","meta":{"inline_featured_image":false,"footnotes":""},"class_list":["post-291","page","type-page","status-publish"],"yoast_head":"<!-- This site is optimized with the Yoast SEO plugin v27.4 - https:\/\/yoast.com\/product\/yoast-seo-wordpress\/ -->\n<title>Nos documents de position europ\u00e9enne - Strat\u00e9gie Europe<\/title>\n<meta name=\"robots\" content=\"index, follow, max-snippet:-1, max-image-preview:large, max-video-preview:-1\" \/>\n<link rel=\"canonical\" href=\"https:\/\/www.univ-lorraine.fr\/strategie-europe\/nos-documents-de-position-europeenne\/\" \/>\n<meta property=\"og:locale\" content=\"fr_FR\" \/>\n<meta property=\"og:type\" content=\"article\" \/>\n<meta property=\"og:title\" content=\"Nos documents de position europ\u00e9enne - Strat\u00e9gie Europe\" \/>\n<meta property=\"og:description\" content=\"Afin de participer \u00e0 l&rsquo;\u00e9laboration des politiques et des priorit\u00e9s europ\u00e9ennes, l&rsquo;Universit\u00e9 de Lorraine et ses partenaires de site, publient des documents de position, refl\u00e9tant notre vision strat\u00e9gique principalement dans les domaines de la recherche et de la formation. Ces documents s\u2019inscrivent dans le cadre de notre participation active \u00e0 la d\u00e9finition et \u00e0 la ... Lire plus\" \/>\n<meta property=\"og:url\" content=\"https:\/\/www.univ-lorraine.fr\/strategie-europe\/nos-documents-de-position-europeenne\/\" \/>\n<meta property=\"og:site_name\" content=\"Strat\u00e9gie Europe\" \/>\n<meta property=\"article:modified_time\" content=\"2026-04-10T11:56:49+00:00\" \/>\n<meta property=\"og:image\" content=\"https:\/\/www.univ-lorraine.fr\/strategie-europe\/wp-content\/uploads\/sites\/53\/2026\/04\/138077.jpg\" \/>\n\t<meta property=\"og:image:width\" content=\"1920\" \/>\n\t<meta property=\"og:image:height\" content=\"1252\" \/>\n\t<meta property=\"og:image:type\" content=\"image\/jpeg\" \/>\n<meta name=\"twitter:card\" content=\"summary_large_image\" \/>\n<meta name=\"twitter:label1\" content=\"Dur\u00e9e de lecture estim\u00e9e\" \/>\n\t<meta name=\"twitter:data1\" content=\"16 minutes\" \/>\n<script type=\"application\/ld+json\" class=\"yoast-schema-graph\">{\"@context\":\"https:\\\/\\\/schema.org\",\"@graph\":[{\"@type\":\"WebPage\",\"@id\":\"https:\\\/\\\/www.univ-lorraine.fr\\\/strategie-europe\\\/nos-documents-de-position-europeenne\\\/\",\"url\":\"https:\\\/\\\/www.univ-lorraine.fr\\\/strategie-europe\\\/nos-documents-de-position-europeenne\\\/\",\"name\":\"Nos documents de position europ\u00e9enne - Strat\u00e9gie Europe\",\"isPartOf\":{\"@id\":\"https:\\\/\\\/www.univ-lorraine.fr\\\/strategie-europe\\\/#website\"},\"primaryImageOfPage\":{\"@id\":\"https:\\\/\\\/www.univ-lorraine.fr\\\/strategie-europe\\\/nos-documents-de-position-europeenne\\\/#primaryimage\"},\"image\":{\"@id\":\"https:\\\/\\\/www.univ-lorraine.fr\\\/strategie-europe\\\/nos-documents-de-position-europeenne\\\/#primaryimage\"},\"thumbnailUrl\":\"https:\\\/\\\/www.univ-lorraine.fr\\\/strategie-europe\\\/wp-content\\\/uploads\\\/sites\\\/53\\\/2026\\\/04\\\/138077.jpg\",\"datePublished\":\"2025-01-06T14:59:02+00:00\",\"dateModified\":\"2026-04-10T11:56:49+00:00\",\"breadcrumb\":{\"@id\":\"https:\\\/\\\/www.univ-lorraine.fr\\\/strategie-europe\\\/nos-documents-de-position-europeenne\\\/#breadcrumb\"},\"inLanguage\":\"fr-FR\",\"potentialAction\":[{\"@type\":\"ReadAction\",\"target\":[\"https:\\\/\\\/www.univ-lorraine.fr\\\/strategie-europe\\\/nos-documents-de-position-europeenne\\\/\"]}]},{\"@type\":\"ImageObject\",\"inLanguage\":\"fr-FR\",\"@id\":\"https:\\\/\\\/www.univ-lorraine.fr\\\/strategie-europe\\\/nos-documents-de-position-europeenne\\\/#primaryimage\",\"url\":\"https:\\\/\\\/www.univ-lorraine.fr\\\/strategie-europe\\\/wp-content\\\/uploads\\\/sites\\\/53\\\/2026\\\/04\\\/138077.jpg\",\"contentUrl\":\"https:\\\/\\\/www.univ-lorraine.fr\\\/strategie-europe\\\/wp-content\\\/uploads\\\/sites\\\/53\\\/2026\\\/04\\\/138077.jpg\",\"width\":1920,\"height\":1252},{\"@type\":\"BreadcrumbList\",\"@id\":\"https:\\\/\\\/www.univ-lorraine.fr\\\/strategie-europe\\\/nos-documents-de-position-europeenne\\\/#breadcrumb\",\"itemListElement\":[{\"@type\":\"ListItem\",\"position\":1,\"name\":\"Accueil\",\"item\":\"https:\\\/\\\/www.univ-lorraine.fr\\\/strategie-europe\\\/\"},{\"@type\":\"ListItem\",\"position\":2,\"name\":\"Nos documents de position europ\u00e9enne\"}]},{\"@type\":\"WebSite\",\"@id\":\"https:\\\/\\\/www.univ-lorraine.fr\\\/strategie-europe\\\/#website\",\"url\":\"https:\\\/\\\/www.univ-lorraine.fr\\\/strategie-europe\\\/\",\"name\":\"Strat\u00e9gie Europe\",\"description\":\"Faire dialoguer les savoirs, c\u2019est innover\",\"publisher\":{\"@id\":\"https:\\\/\\\/www.univ-lorraine.fr\\\/strategie-europe\\\/#organization\"},\"potentialAction\":[{\"@type\":\"SearchAction\",\"target\":{\"@type\":\"EntryPoint\",\"urlTemplate\":\"https:\\\/\\\/www.univ-lorraine.fr\\\/strategie-europe\\\/?s={search_term_string}\"},\"query-input\":{\"@type\":\"PropertyValueSpecification\",\"valueRequired\":true,\"valueName\":\"search_term_string\"}}],\"inLanguage\":\"fr-FR\"},{\"@type\":\"Organization\",\"@id\":\"https:\\\/\\\/www.univ-lorraine.fr\\\/strategie-europe\\\/#organization\",\"name\":\"Universit\u00e9 de Lorraine\",\"url\":\"https:\\\/\\\/www.univ-lorraine.fr\\\/strategie-europe\\\/\",\"logo\":{\"@type\":\"ImageObject\",\"inLanguage\":\"fr-FR\",\"@id\":\"https:\\\/\\\/www.univ-lorraine.fr\\\/strategie-europe\\\/#\\\/schema\\\/logo\\\/image\\\/\",\"url\":\"https:\\\/\\\/www.univ-lorraine.fr\\\/strategie-europe\\\/wp-content\\\/uploads\\\/sites\\\/53\\\/2021\\\/01\\\/LOGO_UL.png\",\"contentUrl\":\"https:\\\/\\\/www.univ-lorraine.fr\\\/strategie-europe\\\/wp-content\\\/uploads\\\/sites\\\/53\\\/2021\\\/01\\\/LOGO_UL.png\",\"width\":138,\"height\":48,\"caption\":\"Universit\u00e9 de Lorraine\"},\"image\":{\"@id\":\"https:\\\/\\\/www.univ-lorraine.fr\\\/strategie-europe\\\/#\\\/schema\\\/logo\\\/image\\\/\"}}]}<\/script>\n<!-- \/ Yoast SEO plugin. -->","yoast_head_json":{"title":"Nos documents de position europ\u00e9enne - Strat\u00e9gie Europe","robots":{"index":"index","follow":"follow","max-snippet":"max-snippet:-1","max-image-preview":"max-image-preview:large","max-video-preview":"max-video-preview:-1"},"canonical":"https:\/\/www.univ-lorraine.fr\/strategie-europe\/nos-documents-de-position-europeenne\/","og_locale":"fr_FR","og_type":"article","og_title":"Nos documents de position europ\u00e9enne - Strat\u00e9gie Europe","og_description":"Afin de participer \u00e0 l&rsquo;\u00e9laboration des politiques et des priorit\u00e9s europ\u00e9ennes, l&rsquo;Universit\u00e9 de Lorraine et ses partenaires de site, publient des documents de position, refl\u00e9tant notre vision strat\u00e9gique principalement dans les domaines de la recherche et de la formation. Ces documents s\u2019inscrivent dans le cadre de notre participation active \u00e0 la d\u00e9finition et \u00e0 la ... Lire plus","og_url":"https:\/\/www.univ-lorraine.fr\/strategie-europe\/nos-documents-de-position-europeenne\/","og_site_name":"Strat\u00e9gie Europe","article_modified_time":"2026-04-10T11:56:49+00:00","og_image":[{"width":1920,"height":1252,"url":"https:\/\/www.univ-lorraine.fr\/strategie-europe\/wp-content\/uploads\/sites\/53\/2026\/04\/138077.jpg","type":"image\/jpeg"}],"twitter_card":"summary_large_image","twitter_misc":{"Dur\u00e9e de lecture estim\u00e9e":"16 minutes"},"schema":{"@context":"https:\/\/schema.org","@graph":[{"@type":"WebPage","@id":"https:\/\/www.univ-lorraine.fr\/strategie-europe\/nos-documents-de-position-europeenne\/","url":"https:\/\/www.univ-lorraine.fr\/strategie-europe\/nos-documents-de-position-europeenne\/","name":"Nos documents de position europ\u00e9enne - Strat\u00e9gie Europe","isPartOf":{"@id":"https:\/\/www.univ-lorraine.fr\/strategie-europe\/#website"},"primaryImageOfPage":{"@id":"https:\/\/www.univ-lorraine.fr\/strategie-europe\/nos-documents-de-position-europeenne\/#primaryimage"},"image":{"@id":"https:\/\/www.univ-lorraine.fr\/strategie-europe\/nos-documents-de-position-europeenne\/#primaryimage"},"thumbnailUrl":"https:\/\/www.univ-lorraine.fr\/strategie-europe\/wp-content\/uploads\/sites\/53\/2026\/04\/138077.jpg","datePublished":"2025-01-06T14:59:02+00:00","dateModified":"2026-04-10T11:56:49+00:00","breadcrumb":{"@id":"https:\/\/www.univ-lorraine.fr\/strategie-europe\/nos-documents-de-position-europeenne\/#breadcrumb"},"inLanguage":"fr-FR","potentialAction":[{"@type":"ReadAction","target":["https:\/\/www.univ-lorraine.fr\/strategie-europe\/nos-documents-de-position-europeenne\/"]}]},{"@type":"ImageObject","inLanguage":"fr-FR","@id":"https:\/\/www.univ-lorraine.fr\/strategie-europe\/nos-documents-de-position-europeenne\/#primaryimage","url":"https:\/\/www.univ-lorraine.fr\/strategie-europe\/wp-content\/uploads\/sites\/53\/2026\/04\/138077.jpg","contentUrl":"https:\/\/www.univ-lorraine.fr\/strategie-europe\/wp-content\/uploads\/sites\/53\/2026\/04\/138077.jpg","width":1920,"height":1252},{"@type":"BreadcrumbList","@id":"https:\/\/www.univ-lorraine.fr\/strategie-europe\/nos-documents-de-position-europeenne\/#breadcrumb","itemListElement":[{"@type":"ListItem","position":1,"name":"Accueil","item":"https:\/\/www.univ-lorraine.fr\/strategie-europe\/"},{"@type":"ListItem","position":2,"name":"Nos documents de position europ\u00e9enne"}]},{"@type":"WebSite","@id":"https:\/\/www.univ-lorraine.fr\/strategie-europe\/#website","url":"https:\/\/www.univ-lorraine.fr\/strategie-europe\/","name":"Strat\u00e9gie Europe","description":"Faire dialoguer les savoirs, c\u2019est innover","publisher":{"@id":"https:\/\/www.univ-lorraine.fr\/strategie-europe\/#organization"},"potentialAction":[{"@type":"SearchAction","target":{"@type":"EntryPoint","urlTemplate":"https:\/\/www.univ-lorraine.fr\/strategie-europe\/?s={search_term_string}"},"query-input":{"@type":"PropertyValueSpecification","valueRequired":true,"valueName":"search_term_string"}}],"inLanguage":"fr-FR"},{"@type":"Organization","@id":"https:\/\/www.univ-lorraine.fr\/strategie-europe\/#organization","name":"Universit\u00e9 de Lorraine","url":"https:\/\/www.univ-lorraine.fr\/strategie-europe\/","logo":{"@type":"ImageObject","inLanguage":"fr-FR","@id":"https:\/\/www.univ-lorraine.fr\/strategie-europe\/#\/schema\/logo\/image\/","url":"https:\/\/www.univ-lorraine.fr\/strategie-europe\/wp-content\/uploads\/sites\/53\/2021\/01\/LOGO_UL.png","contentUrl":"https:\/\/www.univ-lorraine.fr\/strategie-europe\/wp-content\/uploads\/sites\/53\/2021\/01\/LOGO_UL.png","width":138,"height":48,"caption":"Universit\u00e9 de Lorraine"},"image":{"@id":"https:\/\/www.univ-lorraine.fr\/strategie-europe\/#\/schema\/logo\/image\/"}}]}},"_links":{"self":[{"href":"https:\/\/www.univ-lorraine.fr\/strategie-europe\/wp-json\/wp\/v2\/pages\/291","targetHints":{"allow":["GET"]}}],"collection":[{"href":"https:\/\/www.univ-lorraine.fr\/strategie-europe\/wp-json\/wp\/v2\/pages"}],"about":[{"href":"https:\/\/www.univ-lorraine.fr\/strategie-europe\/wp-json\/wp\/v2\/types\/page"}],"author":[{"embeddable":true,"href":"https:\/\/www.univ-lorraine.fr\/strategie-europe\/wp-json\/wp\/v2\/users\/7"}],"replies":[{"embeddable":true,"href":"https:\/\/www.univ-lorraine.fr\/strategie-europe\/wp-json\/wp\/v2\/comments?post=291"}],"version-history":[{"count":69,"href":"https:\/\/www.univ-lorraine.fr\/strategie-europe\/wp-json\/wp\/v2\/pages\/291\/revisions"}],"predecessor-version":[{"id":1437,"href":"https:\/\/www.univ-lorraine.fr\/strategie-europe\/wp-json\/wp\/v2\/pages\/291\/revisions\/1437"}],"wp:attachment":[{"href":"https:\/\/www.univ-lorraine.fr\/strategie-europe\/wp-json\/wp\/v2\/media?parent=291"}],"curies":[{"name":"wp","href":"https:\/\/api.w.org\/{rel}","templated":true}]}}