{"id":7,"date":"2021-01-27T13:47:47","date_gmt":"2021-01-27T12:47:47","guid":{"rendered":"https:\/\/www.univ-lorraine.fr\/strategie-europe\/?page_id=7"},"modified":"2026-01-14T16:03:37","modified_gmt":"2026-01-14T15:03:37","slug":"accueil","status":"publish","type":"page","link":"https:\/\/www.univ-lorraine.fr\/strategie-europe\/","title":{"rendered":"Accueil"},"content":{"rendered":"<div class=\"gb-container gb-container-9d366382\"><div class=\"gb-inside-container\">\n\n<h1 class=\"gb-headline gb-headline-578727e9 gb-headline-text\">La strat\u00e9gie europ\u00e9enne de l\u2019Universit\u00e9 de Lorraine avec ses partenaires du site lorrain<\/h1>\n\n\n<div class=\"gb-container gb-container-734fb46e\"><div class=\"gb-inside-container\">\n\n<p class=\"gb-headline gb-headline-3c122c46 gb-headline-text\">L\u2019Universit\u00e9 de Lorraine b\u00e9n\u00e9ficie d\u2019un positionnement g\u00e9ographique qui la rend intrins\u00e8quement europ\u00e9enne. L\u2019Europe constitue donc un espace de d\u00e9veloppement international naturel pour la recherche, la formation et le d\u00e9veloppement de comp\u00e9tences. L\u2019Universit\u00e9 de Lorraine, avec ses partenaires, entend contribuer \u00e0 l\u2019excellence de la recherche au niveau europ\u00e9en, aux enjeux de comp\u00e9titivit\u00e9 industrielle et aux grands d\u00e9fis soci\u00e9taux de l\u2019Europe.<\/p>\n\n<\/div><\/div>\n\n<div class=\"gb-container gb-container-0385b125\">\n<div class=\"gb-container gb-container-f53983de\">\n\n<h2 class=\"gb-headline gb-headline-c9ef14ed gb-headline-text\">Accroitre l&rsquo;impact EU<\/h2>\n\n\n\n<a class=\"gb-button gb-button-96edac70 gb-button-text\" href=\"#impactEU\">Notre impact EU<\/a>\n\n<\/div>\n\n<div class=\"gb-container gb-container-730ee651\">\n\n<h2 class=\"gb-headline gb-headline-59a49b5e gb-headline-text\">Renforcer les partenariats strat\u00e9giques<\/h2>\n\n\n\n<a class=\"gb-button gb-button-c462d1d8 gb-button-text\" href=\"#partenariats\">Nos partenariats strat\u00e9giques<\/a>\n\n<\/div>\n\n<div class=\"gb-container gb-container-dad01dd8\">\n\n<h2 class=\"gb-headline gb-headline-d1d4da1d gb-headline-text\">Influence europ\u00e9enne<\/h2>\n\n\n\n<a class=\"gb-button gb-button-1df71f42 gb-button-text\" href=\"#influenceEU\">Notre influence EU<\/a>\n\n<\/div>\n\n<div class=\"gb-container gb-container-1d197b79\">\n\n<h2 class=\"gb-headline gb-headline-7e94a000 gb-headline-text\">Appui aux porteurs de projetS europ\u00e9ens<\/h2>\n\n\n\n<a class=\"gb-button gb-button-cb664ebc gb-button-text\" href=\"#appuiPorteurs\">Appui aux porteurs<\/a>\n\n<\/div>\n\n<div class=\"gb-container gb-container-85da170b\">\n\n<h2 class=\"gb-headline gb-headline-01255f1d gb-headline-text\">Acculturer la communaut\u00e9 du site lorrain<\/h2>\n\n\n\n<a class=\"gb-button gb-button-4ab6baba gb-button-text\" href=\"#acculturer\">Acculturation<\/a>\n\n<\/div>\n<\/div>\n<\/div><\/div>\n\n<div class=\"gb-container gb-container-14d81d8b\"><div class=\"gb-inside-container\">\n<div class=\"gb-grid-wrapper gb-grid-wrapper-7c484344\">\n<div class=\"gb-grid-column gb-grid-column-c471afc1\"><div class=\"gb-container gb-container-c471afc1\"><div class=\"gb-inside-container\">\n\n<h2 class=\"gb-headline gb-headline-4e05d938 gb-headline-text\" id=\"impactEU\"><strong>Accroitre l\u2019impact europ\u00e9en en \u00e9tant actif dans les partenariats europ\u00e9ens structur\u00e9s<\/strong><\/h2>\n\n\n\n<p>Il s\u2019agit d\u2019\u00eatre pr\u00e9sent et actif au sein des r\u00e9seaux qui participent \u00e0 l\u2019\u00e9laboration des politiques de recherche et d\u2019enseignement sup\u00e9rieur, en amont d\u2019accroitre l\u2019influence du site lorrain sur les politiques et la programmation europ\u00e9ennes, en aval de renforcer l\u2019accompagnement des porteurs de projets europ\u00e9ens en recherche, innovation et formation.<\/p>\n\n\n\n<p>Gr\u00e2ce au projet France 2030 REIL (Reinforcing the European Impact of the Lorraine academic site) coordonn\u00e9 par l\u2019Universit\u00e9 de Lorraine avec ses partenaires des organismes nationaux pr\u00e9sents sur le site (CNRS, INRIA, INRAE, INSERM), l\u2019UL souhaite renforcer sa dynamique europ\u00e9enne en d\u00e9veloppant une strat\u00e9gie d\u2019influence europ\u00e9enne et en renfor\u00e7ant l\u2019appui propos\u00e9 aux porteurs lors des r\u00e9ponses aux appels \u00e0 projet europ\u00e9ens.<\/p>\n\n\n\n<h2 class=\"gb-headline gb-headline-21385aa7 gb-headline-text\" id=\"partenariats\"><strong>Renforcer les partenariats strat\u00e9giques<\/strong><\/h2>\n\n\n\n<p>L\u2019Universit\u00e9 de Lorraine est membre notamment de deux partenariats strat\u00e9giques : l\u2019<a href=\"https:\/\/www.univ-lorraine.fr\/luniversite-de-lorraine\/reseau-universite-de-la-grande-region\/\" target=\"_blank\" rel=\"noreferrer noopener\">Universit\u00e9 de la Grande R\u00e9gion (UniGR)<\/a> portant des dynamiques de recherche et de formation dans l\u2019espace transfrontalier avec l\u2019Allemagne, Belgique et Luxembourg et l\u2019Universit\u00e9 europ\u00e9enne <a href=\"https:\/\/www.univ-lorraine.fr\/luniversite-de-lorraine\/notre-ambition-europeenne-avec-eureca-pro\/\">EURE<\/a><a href=\"https:\/\/www.univ-lorraine.fr\/luniversite-de-lorraine\/notre-ambition-europeenne-avec-eureca-pro\/\" target=\"_blank\" rel=\"noreferrer noopener\">CA PRO<\/a>, d\u00e9di\u00e9e \u00e0 l\u2019objectif de d\u00e9veloppement durable 12 \u00ab Consommation et production responsables \u00bb.<\/p>\n\n\n\n<p>A moyen terme, l\u2019objectif sera de disposer de partenariats strat\u00e9giques institutionnels europ\u00e9ens, s\u2019appuyant sur la formation, la recherche, la mobilit\u00e9 des \u00e9tudiants, des chercheurs et enseignants-chercheurs.<\/p>\n\n\n\n<h2 class=\"gb-headline gb-headline-dec12dcd gb-headline-text\" id=\"influenceEU\"><strong>Influence europ\u00e9enne<\/strong><\/h2>\n\n\n\n<p>L\u2019influence europ\u00e9enne du site lorrain repose sur un comit\u00e9 strat\u00e9gie europ\u00e9enne compos\u00e9s de scientifiques r\u00e9f\u00e9rents couvrant 6 domaines strat\u00e9giques (Ressources naturelles et environnement ; \u00c9nergie, d\u00e9carbonisation ; Soci\u00e9t\u00e9 ; Industrie 4.0 et num\u00e9rique ; Sant\u00e9 ; Cha\u00eene de valeur des mat\u00e9riaux) faisant \u00e9cho aux grandes priorit\u00e9s th\u00e9matiques europ\u00e9ennes notamment et sur la mise en place de l\u2019\u00e9quipe d\u2019European Policy Officers (EU PO) couvrant l\u2019ensemble de ces domaines strat\u00e9giques. Chaque EU PO est sp\u00e9cialis\u00e9 sur un ou deux domaines strat\u00e9giques parmi les 6 mentionn\u00e9s en phase avec les th\u00e9matiques constituant actuellement le pilier 2 d\u2019Horizon Europe. Ces EU PO ont une vision transversale des dynamiques permises par les politiques europ\u00e9ennes en mati\u00e8re de recherche et d\u2019enseignement sup\u00e9rieur et des programmes europ\u00e9ens, que ce soit en recherche et innovation sur les diff\u00e9rents piliers d\u2019Horizon Europe, ou en formation avec Erasmus+.<\/p>\n\n\n\n<h2 class=\"gb-headline gb-headline-11d0b6c7 gb-headline-text\" id=\"appuiPorteurs\"><strong>Appui aux porteurs de projets europ\u00e9ens<\/strong><\/h2>\n\n\n\n<p>L\u2019enjeu est d\u2019inciter les acteurs du site lorrain au d\u00e9veloppement de leur activit\u00e9 \u00e0 l\u2019\u00e9chelle europ\u00e9enne. Pour cela, il s\u2019agit de cr\u00e9er un environnement favorable bas\u00e9 sur la confiance et la fiabilit\u00e9 de l\u2019expertise des \u00e9quipes administratives en la mati\u00e8re. Depuis 2024, une nouvelle phase de d\u00e9veloppement a d\u00e9marr\u00e9 pour mettre en place le recrutement, la formation et le renforcement par des comp\u00e9tences suppl\u00e9mentaires. Cet appui repose notamment sur deux services en cours de renforcement dans le cadre du projet REIL :<\/p>\n\n\n\n<ul class=\"wp-block-list\">\n<li>Le service d\u2019ing\u00e9nierie de projet charg\u00e9 d\u2019accompagner les \u00e9quipes projet dans la r\u00e9ponse \u00e0 un appel \u00e0 projet europ\u00e9en et durant la phase de mise en \u0153uvre de leur projet&nbsp;;<\/li>\n\n\n\n<li>la cellule justifs en charge du suivi financier et de produire les justificatifs financiers demand\u00e9s par les financeurs europ\u00e9ens.<\/li>\n<\/ul>\n\n\n\n<h2 class=\"gb-headline gb-headline-c6517fd9 gb-headline-text\" id=\"acculturer\"><strong>Acculturer la communaut\u00e9 du site lorrain<\/strong><\/h2>\n\n\n\n<p>Afin d\u2019accro\u00eetre significativement le nombre d\u2019acteurs impliqu\u00e9s \u00e0 l\u2019Europe, un volet collectif est d\u00e9ploy\u00e9 visant \u00e0 acculturer notre communaut\u00e9 \u00e0 l\u2019Europe et, plus particuli\u00e8rement :<\/p>\n\n\n\n<ul class=\"wp-block-list\">\n<li>les directeurs d\u2019unit\u00e9s de recherche du site lorrain pour leur permettre d\u2019articuler les politiques europ\u00e9ennes et la strat\u00e9gie europ\u00e9enne du site avec la strat\u00e9gie et les orientations scientifiques de leur laboratoire ;<\/li>\n\n\n\n<li>les enseignants-chercheurs et chercheurs d\u00e8s leurs premi\u00e8res ann\u00e9es sur le site lorrain pour d\u00e9velopper une culture et une app\u00e9tence \u00e0 l\u2019Europe ;<\/li>\n\n\n\n<li>les enseignants-chercheurs et chercheurs disposant d\u00e9j\u00e0 d\u2019une exp\u00e9rience europ\u00e9enne pour leur permettre de s\u2019investir plus largement (influence europ\u00e9enne, coordination d\u2019un projet europ\u00e9en, etc.).<\/li>\n<\/ul>\n\n<\/div><\/div><\/div>\n\n<div class=\"gb-grid-column gb-grid-column-3bc90e8a\"><div class=\"gb-container gb-container-3bc90e8a\"><div class=\"gb-inside-container\">\n<div class=\"gb-container gb-container-1515c670\">\n\n<p class=\"gb-headline gb-headline-b603a063 gb-headline-text\"><strong>L&rsquo;actu par <\/strong><\/p>\n\n\n\n<figure class=\"wp-block-image size-full is-resized factuel\"><img decoding=\"async\" src=\"https:\/\/dev-www.univ-lorraine.fr\/wp-content\/uploads\/2021\/01\/logo-factuel.png\" alt=\"\" class=\"wp-image-21864\" style=\"width:136px;height:40px\"\/><\/figure>\n\n<\/div>\n\n\n<p class=\"has-text-align-right\"><a href=\"https:\/\/factuel.univ-lorraine.fr\" target=\"_blank\" rel=\"noreferrer noopener\">Toute l&rsquo;Info de l&rsquo;Universit\u00e9 de Lorraine<\/a><\/p>\n\n\n<div class=\"gb-container gb-container-5cdeb8ad actu-col\">\n<div id=\"ul-factuel-actus-home\"><div class=\"factuel_first_col\"><div class=\"factuel_one_actu\"><a href=\"https:\/\/factuel.univ-lorraine.fr\/?p=81665\" target=\"blank\"><div class=\"factuel_one_actu_img\"><img decoding=\"async\" src=\"https:\/\/www.univ-lorraine.fr\/strategie-europe\/wp-content\/uploads\/2026\/04\/affiche_multilawa_2026_vf_a4_ld-212x300.jpg\" alt=\"MultiLAwa : l&rsquo;Universit&eacute; de Lorraine d&eacute;croche un Doctoral Network d&rsquo;excellence europ&eacute;enne sur le multilinguisme &agrave; l&rsquo;&egrave;re num&eacute;rique\"\/><\/div><div class=\"factuel_one_actu_rubrique\">Recherche &amp; innovation<\/div><div class=\"factuel_one_actu_title\">MultiLAwa : l\u2019Universit\u00e9 de Lorraine d\u00e9croche un Doctoral Network d\u2019excellence europ\u00e9enne sur le multilinguisme \u00e0 l\u2019\u00e8re num\u00e9rique<\/div><\/a><\/div><\/div><div class=\"factuel_second_col\"><div class=\"factuel_one_actu\"><div class=\"factuel_one_actu_img\"><a href=\"https:\/\/factuel.univ-lorraine.fr\/?p=79828\" target=\"blank\"><img decoding=\"async\" src=\"https:\/\/www.univ-lorraine.fr\/strategie-europe\/wp-content\/uploads\/2026\/04\/image1-1-275x300.jpg\" alt=\"L&rsquo;UL partenaire du projet europ&eacute;en AEGIS sur l&rsquo;&eacute;dition scientifique en acc&egrave;s ouvert en Europe\"\/><\/a><\/div><div class=\"factuel_actu_group\"><div class=\"factuel_one_actu_rubrique\">Recherche &amp; innovation<\/div><div class=\"factuel_one_actu_title\"><a href=\"https:\/\/factuel.univ-lorraine.fr\/?p=79828\" target=\"blank\" title=\"Acc\u00e9der \u00e0 : L&rsquo;UL partenaire du projet europ&eacute;en AEGIS sur l&rsquo;&eacute;dition scientifique en acc&egrave;s ouvert en Europe\">L\u2019UL partenaire du projet europ\u00e9en AEGIS sur l\u2019\u00e9dition scientifique en acc\u00e8s ouvert en Europe<\/a><\/div><\/div><\/div><div class=\"factuel_one_actu\"><div class=\"factuel_one_actu_img\"><a href=\"https:\/\/factuel.univ-lorraine.fr\/?p=79235\" target=\"blank\"><img decoding=\"async\" src=\"https:\/\/www.univ-lorraine.fr\/strategie-europe\/wp-content\/uploads\/2026\/04\/livret_sante-215x300.jpg\" alt=\"Identifier et promouvoir des expertises, cr&eacute;er des synergies avec des acteurs cl&eacute;s en Europe, faire &eacute;merger des projets europ&eacute;ens&nbsp;: un premier livret pour connecter les chercheurs lorrains !\"\/><\/a><\/div><div class=\"factuel_actu_group\"><div class=\"factuel_one_actu_rubrique\">Recherche &amp; innovation<\/div><div class=\"factuel_one_actu_title\"><a href=\"https:\/\/factuel.univ-lorraine.fr\/?p=79235\" target=\"blank\" title=\"Acc\u00e9der \u00e0 : Identifier et promouvoir des expertises, cr&eacute;er des synergies avec des acteurs cl&eacute;s en Europe, faire &eacute;merger des projets europ&eacute;ens&nbsp;: un premier livret pour connecter les chercheurs lorrains !\">Identifier et promouvoir des expertises, cr\u00e9er des synergies avec des acteurs cl\u00e9s en Europe, faire \u00e9merger des projets europ\u00e9ens\u00a0: un premier livret pour connecter les chercheurs lorrains !<\/a><\/div><\/div><\/div><div class=\"factuel_one_actu\"><div class=\"factuel_one_actu_img\"><a href=\"https:\/\/factuel.univ-lorraine.fr\/?p=75092\" target=\"blank\"><img decoding=\"async\" src=\"https:\/\/www.univ-lorraine.fr\/strategie-europe\/wp-content\/uploads\/2026\/03\/master-miseii-photo-de-groupe1-300x169.jpg\" alt=\"MISEI : Un nouveau master international pour faire &eacute;voluer l&rsquo;&eacute;ducation inclusive en Europe et dans le monde\"\/><\/a><\/div><div class=\"factuel_actu_group\"><div class=\"factuel_one_actu_rubrique\">Du cot\u00e9 des formations de l'universit\u00e9<\/div><div class=\"factuel_one_actu_title\"><a href=\"https:\/\/factuel.univ-lorraine.fr\/?p=75092\" target=\"blank\" title=\"Acc\u00e9der \u00e0 : MISEI : Un nouveau master international pour faire &eacute;voluer l&rsquo;&eacute;ducation inclusive en Europe et dans le monde\">MISEI : Un nouveau master international pour faire \u00e9voluer l\u2019\u00e9ducation inclusive en Europe et dans le monde<\/a><\/div><\/div><\/div><\/div><\/div>\n\n\n\n\n<\/div>\n<\/div><\/div><\/div>\n<\/div>\n<\/div><\/div>\n\n<div class=\"gb-container gb-container-1b89a825\">\n<div class=\"gb-container gb-container-1f587657\">\n<div class=\"gb-container gb-container-12117cde\">\n<div class=\"gb-container gb-container-3b214b52\">\n\n<figure class=\"wp-block-image size-full\"><img decoding=\"async\" width=\"285\" height=\"159\" src=\"https:\/\/www.univ-lorraine.fr\/strategie-europe\/wp-content\/uploads\/sites\/53\/2025\/03\/unnys-sign.png\" alt=\"\" class=\"wp-image-779\" style=\"object-fit:cover\"\/><\/figure>\n\n<\/div>\n\n<div class=\"gb-container gb-container-88a6cf4a\">\n\n<figure class=\"wp-block-image size-full is-style-default\"><img decoding=\"async\" width=\"322\" height=\"316\" src=\"https:\/\/www.univ-lorraine.fr\/strategie-europe\/wp-content\/uploads\/sites\/53\/2025\/03\/france2030-blanc.png\" alt=\"\" class=\"wp-image-602\" srcset=\"https:\/\/www.univ-lorraine.fr\/strategie-europe\/wp-content\/uploads\/sites\/53\/2025\/03\/france2030-blanc.png 322w, https:\/\/www.univ-lorraine.fr\/strategie-europe\/wp-content\/uploads\/sites\/53\/2025\/03\/france2030-blanc-300x294.png 300w\" sizes=\"(max-width: 322px) 100vw, 322px\" \/><\/figure>\n\n<\/div>\n<\/div>\n\n<div class=\"gb-container gb-container-100d298d\">\n\n<p class=\"gb-headline gb-headline-a0c8639c gb-headline-text\">Le projet REIL(*) b\u00e9n\u00e9ficie d\u2019une aide de l\u2019\u00c9tat g\u00e9r\u00e9e par l\u2019Agence Nationale de la Recherche au titre de France 2030 portant la r\u00e9f\u00e9rence n\u00b0ANR-22-ASDR-0034<\/p>\n\n\n\n<p class=\"gb-headline gb-headline-72e030c8 gb-headline-text\"><em>*REIL : Reinforcing the European Impact of the Lorraine academic site<\/em><\/p>\n\n<\/div>\n<\/div>\n<\/div>\n\n\n<p><\/p>\n","protected":false},"excerpt":{"rendered":"<p>La strat\u00e9gie europ\u00e9enne de l\u2019Universit\u00e9 de Lorraine avec ses partenaires du site lorrain L\u2019Universit\u00e9 de Lorraine b\u00e9n\u00e9ficie d\u2019un positionnement g\u00e9ographique qui la rend intrins\u00e8quement europ\u00e9enne. L\u2019Europe constitue donc un espace de d\u00e9veloppement international naturel pour la recherche, la formation et le d\u00e9veloppement de comp\u00e9tences. L\u2019Universit\u00e9 de Lorraine, avec ses partenaires, entend contribuer \u00e0 l\u2019excellence de &#8230; <a title=\"Accueil\" class=\"read-more\" href=\"https:\/\/www.univ-lorraine.fr\/strategie-europe\/\" aria-label=\"En savoir plus sur Accueil\">Lire plus<\/a><\/p>\n","protected":false},"author":4,"featured_media":0,"parent":0,"menu_order":0,"comment_status":"closed","ping_status":"closed","template":"","meta":{"inline_featured_image":false,"footnotes":""},"class_list":["post-7","page","type-page","status-publish"],"yoast_head":"<!-- This site is optimized with the Yoast SEO plugin v27.4 - https:\/\/yoast.com\/product\/yoast-seo-wordpress\/ -->\n<title>Accueil - Strat\u00e9gie Europe<\/title>\n<meta name=\"robots\" content=\"index, follow, max-snippet:-1, max-image-preview:large, max-video-preview:-1\" \/>\n<link rel=\"canonical\" href=\"https:\/\/www.univ-lorraine.fr\/strategie-europe\/\" \/>\n<meta property=\"og:locale\" content=\"fr_FR\" \/>\n<meta property=\"og:type\" content=\"article\" \/>\n<meta property=\"og:title\" content=\"Accueil - Strat\u00e9gie Europe\" \/>\n<meta property=\"og:description\" content=\"La strat\u00e9gie europ\u00e9enne de l\u2019Universit\u00e9 de Lorraine avec ses partenaires du site lorrain L\u2019Universit\u00e9 de Lorraine b\u00e9n\u00e9ficie d\u2019un positionnement g\u00e9ographique qui la rend intrins\u00e8quement europ\u00e9enne. L\u2019Europe constitue donc un espace de d\u00e9veloppement international naturel pour la recherche, la formation et le d\u00e9veloppement de comp\u00e9tences. L\u2019Universit\u00e9 de Lorraine, avec ses partenaires, entend contribuer \u00e0 l\u2019excellence de ... Lire plus\" \/>\n<meta property=\"og:url\" content=\"https:\/\/www.univ-lorraine.fr\/strategie-europe\/\" \/>\n<meta property=\"og:site_name\" content=\"Strat\u00e9gie Europe\" \/>\n<meta property=\"article:modified_time\" content=\"2026-01-14T15:03:37+00:00\" \/>\n<meta name=\"twitter:card\" content=\"summary_large_image\" \/>\n<meta name=\"twitter:label1\" content=\"Dur\u00e9e de lecture estim\u00e9e\" \/>\n\t<meta name=\"twitter:data1\" content=\"4 minutes\" \/>\n<script type=\"application\/ld+json\" class=\"yoast-schema-graph\">{\"@context\":\"https:\\\/\\\/schema.org\",\"@graph\":[{\"@type\":\"WebPage\",\"@id\":\"https:\\\/\\\/www.univ-lorraine.fr\\\/strategie-europe\\\/\",\"url\":\"https:\\\/\\\/www.univ-lorraine.fr\\\/strategie-europe\\\/\",\"name\":\"Accueil - Strat\u00e9gie Europe\",\"isPartOf\":{\"@id\":\"https:\\\/\\\/www.univ-lorraine.fr\\\/strategie-europe\\\/#website\"},\"primaryImageOfPage\":{\"@id\":\"https:\\\/\\\/www.univ-lorraine.fr\\\/strategie-europe\\\/#primaryimage\"},\"image\":{\"@id\":\"https:\\\/\\\/www.univ-lorraine.fr\\\/strategie-europe\\\/#primaryimage\"},\"thumbnailUrl\":\"https:\\\/\\\/dev-www.univ-lorraine.fr\\\/wp-content\\\/uploads\\\/2021\\\/01\\\/logo-factuel.png\",\"datePublished\":\"2021-01-27T12:47:47+00:00\",\"dateModified\":\"2026-01-14T15:03:37+00:00\",\"breadcrumb\":{\"@id\":\"https:\\\/\\\/www.univ-lorraine.fr\\\/strategie-europe\\\/#breadcrumb\"},\"inLanguage\":\"fr-FR\",\"potentialAction\":[{\"@type\":\"ReadAction\",\"target\":[\"https:\\\/\\\/www.univ-lorraine.fr\\\/strategie-europe\\\/\"]}]},{\"@type\":\"ImageObject\",\"inLanguage\":\"fr-FR\",\"@id\":\"https:\\\/\\\/www.univ-lorraine.fr\\\/strategie-europe\\\/#primaryimage\",\"url\":\"https:\\\/\\\/dev-www.univ-lorraine.fr\\\/wp-content\\\/uploads\\\/2021\\\/01\\\/logo-factuel.png\",\"contentUrl\":\"https:\\\/\\\/dev-www.univ-lorraine.fr\\\/wp-content\\\/uploads\\\/2021\\\/01\\\/logo-factuel.png\"},{\"@type\":\"BreadcrumbList\",\"@id\":\"https:\\\/\\\/www.univ-lorraine.fr\\\/strategie-europe\\\/#breadcrumb\",\"itemListElement\":[{\"@type\":\"ListItem\",\"position\":1,\"name\":\"Accueil\",\"item\":\"https:\\\/\\\/www.univ-lorraine.fr\\\/strategie-europe\\\/\"},{\"@type\":\"ListItem\",\"position\":2,\"name\":\"Accueil\"}]},{\"@type\":\"WebSite\",\"@id\":\"https:\\\/\\\/www.univ-lorraine.fr\\\/strategie-europe\\\/#website\",\"url\":\"https:\\\/\\\/www.univ-lorraine.fr\\\/strategie-europe\\\/\",\"name\":\"Strat\u00e9gie Europe\",\"description\":\"Faire dialoguer les savoirs, c\u2019est innover\",\"publisher\":{\"@id\":\"https:\\\/\\\/www.univ-lorraine.fr\\\/strategie-europe\\\/#organization\"},\"potentialAction\":[{\"@type\":\"SearchAction\",\"target\":{\"@type\":\"EntryPoint\",\"urlTemplate\":\"https:\\\/\\\/www.univ-lorraine.fr\\\/strategie-europe\\\/?s={search_term_string}\"},\"query-input\":{\"@type\":\"PropertyValueSpecification\",\"valueRequired\":true,\"valueName\":\"search_term_string\"}}],\"inLanguage\":\"fr-FR\"},{\"@type\":\"Organization\",\"@id\":\"https:\\\/\\\/www.univ-lorraine.fr\\\/strategie-europe\\\/#organization\",\"name\":\"Universit\u00e9 de Lorraine\",\"url\":\"https:\\\/\\\/www.univ-lorraine.fr\\\/strategie-europe\\\/\",\"logo\":{\"@type\":\"ImageObject\",\"inLanguage\":\"fr-FR\",\"@id\":\"https:\\\/\\\/www.univ-lorraine.fr\\\/strategie-europe\\\/#\\\/schema\\\/logo\\\/image\\\/\",\"url\":\"https:\\\/\\\/www.univ-lorraine.fr\\\/strategie-europe\\\/wp-content\\\/uploads\\\/sites\\\/53\\\/2021\\\/01\\\/LOGO_UL.png\",\"contentUrl\":\"https:\\\/\\\/www.univ-lorraine.fr\\\/strategie-europe\\\/wp-content\\\/uploads\\\/sites\\\/53\\\/2021\\\/01\\\/LOGO_UL.png\",\"width\":138,\"height\":48,\"caption\":\"Universit\u00e9 de Lorraine\"},\"image\":{\"@id\":\"https:\\\/\\\/www.univ-lorraine.fr\\\/strategie-europe\\\/#\\\/schema\\\/logo\\\/image\\\/\"}}]}<\/script>\n<!-- \/ Yoast SEO plugin. -->","yoast_head_json":{"title":"Accueil - Strat\u00e9gie Europe","robots":{"index":"index","follow":"follow","max-snippet":"max-snippet:-1","max-image-preview":"max-image-preview:large","max-video-preview":"max-video-preview:-1"},"canonical":"https:\/\/www.univ-lorraine.fr\/strategie-europe\/","og_locale":"fr_FR","og_type":"article","og_title":"Accueil - Strat\u00e9gie Europe","og_description":"La strat\u00e9gie europ\u00e9enne de l\u2019Universit\u00e9 de Lorraine avec ses partenaires du site lorrain L\u2019Universit\u00e9 de Lorraine b\u00e9n\u00e9ficie d\u2019un positionnement g\u00e9ographique qui la rend intrins\u00e8quement europ\u00e9enne. L\u2019Europe constitue donc un espace de d\u00e9veloppement international naturel pour la recherche, la formation et le d\u00e9veloppement de comp\u00e9tences. L\u2019Universit\u00e9 de Lorraine, avec ses partenaires, entend contribuer \u00e0 l\u2019excellence de ... Lire plus","og_url":"https:\/\/www.univ-lorraine.fr\/strategie-europe\/","og_site_name":"Strat\u00e9gie Europe","article_modified_time":"2026-01-14T15:03:37+00:00","twitter_card":"summary_large_image","twitter_misc":{"Dur\u00e9e de lecture estim\u00e9e":"4 minutes"},"schema":{"@context":"https:\/\/schema.org","@graph":[{"@type":"WebPage","@id":"https:\/\/www.univ-lorraine.fr\/strategie-europe\/","url":"https:\/\/www.univ-lorraine.fr\/strategie-europe\/","name":"Accueil - Strat\u00e9gie Europe","isPartOf":{"@id":"https:\/\/www.univ-lorraine.fr\/strategie-europe\/#website"},"primaryImageOfPage":{"@id":"https:\/\/www.univ-lorraine.fr\/strategie-europe\/#primaryimage"},"image":{"@id":"https:\/\/www.univ-lorraine.fr\/strategie-europe\/#primaryimage"},"thumbnailUrl":"https:\/\/dev-www.univ-lorraine.fr\/wp-content\/uploads\/2021\/01\/logo-factuel.png","datePublished":"2021-01-27T12:47:47+00:00","dateModified":"2026-01-14T15:03:37+00:00","breadcrumb":{"@id":"https:\/\/www.univ-lorraine.fr\/strategie-europe\/#breadcrumb"},"inLanguage":"fr-FR","potentialAction":[{"@type":"ReadAction","target":["https:\/\/www.univ-lorraine.fr\/strategie-europe\/"]}]},{"@type":"ImageObject","inLanguage":"fr-FR","@id":"https:\/\/www.univ-lorraine.fr\/strategie-europe\/#primaryimage","url":"https:\/\/dev-www.univ-lorraine.fr\/wp-content\/uploads\/2021\/01\/logo-factuel.png","contentUrl":"https:\/\/dev-www.univ-lorraine.fr\/wp-content\/uploads\/2021\/01\/logo-factuel.png"},{"@type":"BreadcrumbList","@id":"https:\/\/www.univ-lorraine.fr\/strategie-europe\/#breadcrumb","itemListElement":[{"@type":"ListItem","position":1,"name":"Accueil","item":"https:\/\/www.univ-lorraine.fr\/strategie-europe\/"},{"@type":"ListItem","position":2,"name":"Accueil"}]},{"@type":"WebSite","@id":"https:\/\/www.univ-lorraine.fr\/strategie-europe\/#website","url":"https:\/\/www.univ-lorraine.fr\/strategie-europe\/","name":"Strat\u00e9gie Europe","description":"Faire dialoguer les savoirs, c\u2019est innover","publisher":{"@id":"https:\/\/www.univ-lorraine.fr\/strategie-europe\/#organization"},"potentialAction":[{"@type":"SearchAction","target":{"@type":"EntryPoint","urlTemplate":"https:\/\/www.univ-lorraine.fr\/strategie-europe\/?s={search_term_string}"},"query-input":{"@type":"PropertyValueSpecification","valueRequired":true,"valueName":"search_term_string"}}],"inLanguage":"fr-FR"},{"@type":"Organization","@id":"https:\/\/www.univ-lorraine.fr\/strategie-europe\/#organization","name":"Universit\u00e9 de Lorraine","url":"https:\/\/www.univ-lorraine.fr\/strategie-europe\/","logo":{"@type":"ImageObject","inLanguage":"fr-FR","@id":"https:\/\/www.univ-lorraine.fr\/strategie-europe\/#\/schema\/logo\/image\/","url":"https:\/\/www.univ-lorraine.fr\/strategie-europe\/wp-content\/uploads\/sites\/53\/2021\/01\/LOGO_UL.png","contentUrl":"https:\/\/www.univ-lorraine.fr\/strategie-europe\/wp-content\/uploads\/sites\/53\/2021\/01\/LOGO_UL.png","width":138,"height":48,"caption":"Universit\u00e9 de Lorraine"},"image":{"@id":"https:\/\/www.univ-lorraine.fr\/strategie-europe\/#\/schema\/logo\/image\/"}}]}},"_links":{"self":[{"href":"https:\/\/www.univ-lorraine.fr\/strategie-europe\/wp-json\/wp\/v2\/pages\/7","targetHints":{"allow":["GET"]}}],"collection":[{"href":"https:\/\/www.univ-lorraine.fr\/strategie-europe\/wp-json\/wp\/v2\/pages"}],"about":[{"href":"https:\/\/www.univ-lorraine.fr\/strategie-europe\/wp-json\/wp\/v2\/types\/page"}],"author":[{"embeddable":true,"href":"https:\/\/www.univ-lorraine.fr\/strategie-europe\/wp-json\/wp\/v2\/users\/4"}],"replies":[{"embeddable":true,"href":"https:\/\/www.univ-lorraine.fr\/strategie-europe\/wp-json\/wp\/v2\/comments?post=7"}],"version-history":[{"count":70,"href":"https:\/\/www.univ-lorraine.fr\/strategie-europe\/wp-json\/wp\/v2\/pages\/7\/revisions"}],"predecessor-version":[{"id":1342,"href":"https:\/\/www.univ-lorraine.fr\/strategie-europe\/wp-json\/wp\/v2\/pages\/7\/revisions\/1342"}],"wp:attachment":[{"href":"https:\/\/www.univ-lorraine.fr\/strategie-europe\/wp-json\/wp\/v2\/media?parent=7"}],"curies":[{"name":"wp","href":"https:\/\/api.w.org\/{rel}","templated":true}]}}