{"id":320,"date":"2021-04-12T14:42:57","date_gmt":"2021-04-12T12:42:57","guid":{"rendered":"https:\/\/www.univ-lorraine.fr\/travailler-a-l-ul\/?page_id=320"},"modified":"2026-03-12T15:25:19","modified_gmt":"2026-03-12T14:25:19","slug":"enseignants-chercheurs","status":"publish","type":"page","link":"https:\/\/www.univ-lorraine.fr\/travailler-a-l-ul\/recrutement-enseignants-chercheurs\/enseignants-chercheurs\/","title":{"rendered":"Recrutement des Enseignants-chercheurs"},"content":{"rendered":"<div class=\"gb-container gb-container-3df1a112\"><div class=\"gb-inside-container\">\n\n<p><\/p>\n\n\n\n<h2 class=\"gb-headline gb-headline-afac3fd7 gb-headline-text\">Offres de postes selon le calendrier commun<\/h2>\n\n\n\n<div class=\"wp-block-pb-accordion-item c-accordion__item js-accordion-item no-js\" data-initially-open=\"false\" data-click-to-close=\"true\" data-auto-close=\"true\" data-scroll=\"false\" data-scroll-offset=\"0\"><h2 id=\"at-3200\" class=\"c-accordion__title js-accordion-controller\" role=\"button\"><strong>Recrutement des Enseignants-Chercheurs 2026 (Session synchronis\u00e9e)<\/strong><\/h2><div id=\"ac-3200\" class=\"c-accordion__content\">\n<p>La campagne de recrutement des enseignants-chercheurs, session synchronis\u00e9e, sera ouverte sur la nouvelle plateforme minist\u00e9rielle<a href=\"https:\/\/odyssee.enseignementsup-recherche.gouv.fr\/\"><strong>&nbsp;<\/strong><\/a><strong><a href=\"https:\/\/sso-odyssee.enseignementsup-recherche.gouv.fr\/auth\/realms\/odyssee\/protocol\/openid-connect\/auth?client_id=odyssee-front&amp;redirect_uri=https%3A%2F%2Fodyssee.enseignementsup-recherche.gouv.fr%2Faccueil&amp;state=688bb93e-2c76-4fbd-a739-ceda6a2999b8&amp;response_mode=fragment&amp;response_type=code&amp;scope=openid&amp;nonce=e3542769-040f-4f47-926d-8cc3e8fba823&amp;ui_locales=fr&amp;code_challenge=NrbNwcEFYrqeht6LDo-sb1OTDcOBpmn_XTRtIvsgsFU&amp;code_challenge_method=S256\">Odyss\u00e9e<\/a><\/strong> (qui remplace Galaxie)<strong>&nbsp;:<\/strong><\/p>\n\n\n\n<p><strong>Du 3 mars 2026, 10h00<\/strong> <strong>au<\/strong> <strong>3 avril 2026, 16h00<\/strong> <em>(Heure de Paris)<\/em><\/p>\n\n\n\n<ul class=\"wp-block-list\">\n<li><a href=\"https:\/\/www.univ-lorraine.fr\/travailler-a-l-ul\/wp-content\/uploads\/sites\/13\/2026\/02\/calendrier-de-recrutement-des-ec-2026.pdf\">Calendrier de la session synchronis\u00e9e 2026<\/a><\/li>\n\n\n\n<li><a href=\"https:\/\/www.univ-lorraine.fr\/travailler-a-l-ul\/wp-content\/uploads\/sites\/13\/2026\/03\/calendrier-de-recrutement-des-ec-2026-.pdf\">Calendrier au fil de l&rsquo;eau 2026<\/a><\/li>\n\n\n\n<li><a href=\"https:\/\/sso-odyssee.enseignementsup-recherche.gouv.fr\/auth\/realms\/odyssee\/protocol\/openid-connect\/auth?client_id=odyssee-front&amp;redirect_uri=https%3A%2F%2Fodyssee.enseignementsup-recherche.gouv.fr%2Faccueil&amp;state=24554b2d-bd62-48a8-a362-6be068c5ac8f&amp;response_mode=fragment&amp;response_type=code&amp;scope=openid&amp;nonce=bdbd6dd8-817a-4898-85ff-c4bdf7d1b3c1&amp;ui_locales=fr&amp;code_challenge=NO4N6HORaFfC1SRjf0JdpEcJR7D7iU_TCXmCGtIURCE&amp;code_challenge_method=S256\">Les postes ouverts \u00e0 la publication<\/a><\/li>\n<\/ul>\n\n\n\n<h4 class=\"gb-headline gb-headline-cd38cf6c gb-headline-text\">Vous souhaitez candidater ?<\/h4>\n\n\n\n<p>L\u2019enregistrement et le d\u00e9p\u00f4t de dossier des candidatures devra se faire sur la nouvelle plateforme minist\u00e9rielle <strong><u><a href=\"https:\/\/odyssee.enseignementsup-recherche.gouv.fr\/\">Odyss\u00e9e<\/a> <\/u><\/strong> <strong>au plus tard le 3 avril 2026, 16h<\/strong>. Une fois votre dossier d\u00e9pos\u00e9, vous pourrez suivre sa recevabilit\u00e9 directement sur <a href=\"https:\/\/odyssee.enseignementsup-recherche.gouv.fr\/\"><strong>Odyss\u00e9e<\/strong><\/a><strong><u>.<\/u><\/strong><\/p>\n\n\n\n<p>Si vous \u00eates personnel enseignant-chercheur, un compte utilisateur a \u00e9t\u00e9 cr\u00e9\u00e9 par le minist\u00e8re (vous devriez avoir re\u00e7u un mail \u00e0 ce sujet). L&rsquo;identifiant \u00e0 utiliser est votre adresse \u00e9lectronique professionnelle. Ensuite, cliquez sur le lien \u00ab Mot de passe oubli\u00e9 \u00bb et suivez la proc\u00e9dure indiqu\u00e9e.<\/p>\n\n\n\n<h4 class=\"gb-headline gb-headline-9f51e405 gb-headline-text\">Quelles sont les pi\u00e8ces \u00e0 fournir ?<\/h4>\n\n\n\n<p>Les pi\u00e8ces \u00e0 fournir pour la candidature \u00e0 un poste d\u2019enseignante-chercheuse et d\u2019enseignant-chercheur (professeure, professeur des universit\u00e9s et ma\u00eetresse, ma\u00eetre de conf\u00e9rences) sont recens\u00e9es dans l\u2019arr\u00eat\u00e9 du 6 f\u00e9vrier 2023 :<\/p>\n\n\n\n<p><a href=\"https:\/\/www.univ-lorraine.fr\/travailler-a-l-ul\/wp-content\/uploads\/sites\/13\/2026\/03\/piece-a-joindre-au-dossier-de-candidature-2026-2.pdf\"><strong>Visualiser la<\/strong> <strong>liste des pi\u00e8ces justificatives des dossiers de candidatures<\/strong> <strong>(.pdf)<\/strong><\/a><\/p>\n\n\n<div class=\"gb-container gb-container-13a9e38f\">\n\n<p class=\"gb-headline gb-headline-4e05eab2 gb-headline-text\"><strong>Attention : La plateforme ne vous avertira pas si une pi\u00e8ce est non conforme. Vous ne pourrez v\u00e9rifier la recevabilit\u00e9 de votre dossier qu&rsquo;une fois les candidatures cl\u00f4tur\u00e9es, apr\u00e8s le 4 avril. Nous vous conseillons donc de rester vigilant.e.s concernant les pi\u00e8ces \u00e0 soumettre et de bien consulter la liste des pi\u00e8ces justificatives \u00e0 joindre au dossier de candidature, qui se trouve en pi\u00e8ce jointe.Des informations et des fiches pratiques concernant l\u2019utilisation d\u2019Odyss\u00e9e, ainsi que les pi\u00e8ces \u00e0 fournir ont \u00e9t\u00e9 mis en ligne sur le portail Galaxie :  <a href=\"https:\/\/www.galaxie.enseignementsup-recherche.gouv.fr\/ensup\/cand_recrutement_enseignants_chercheurs_Odyssee.htm#IIpieces\">cliquez ici.<\/a> <\/strong><\/p>\n\n<\/div>\n\n\n<hr class=\"wp-block-separator has-alpha-channel-opacity\"\/>\n\n\n\n<h4 class=\"gb-headline gb-headline-fa1814d1 gb-headline-text\"><strong>Composition des comit\u00e9s de s\u00e9lection<\/strong><\/h4>\n\n\n\n<p>La composition des comit\u00e9s de s\u00e9lection des postes ouverts \u00e0 l\u2019Universit\u00e9 de Lorraine sera disponible courant mars 2026 :<\/p>\n\n\n\n<ul class=\"wp-block-list\">\n<li><a href=\"https:\/\/www.univ-lorraine.fr\/travailler-a-l-ul\/wp-content\/uploads\/sites\/13\/2026\/03\/compositions-nominatives-mcf.pdf\" type=\"link\" id=\"https:\/\/www.univ-lorraine.fr\/travailler-a-l-ul\/wp-content\/uploads\/sites\/13\/2026\/03\/compositions-nominatives-mcf.pdf\">Compositions nominatives MCF<\/a><\/li>\n\n\n\n<li><a href=\"https:\/\/www.univ-lorraine.fr\/travailler-a-l-ul\/wp-content\/uploads\/sites\/13\/2026\/03\/compositions-nominatives-pr.pdf\" type=\"link\" id=\"https:\/\/www.univ-lorraine.fr\/travailler-a-l-ul\/wp-content\/uploads\/sites\/13\/2026\/03\/compositions-nominatives-pr.pdf\">Compositions nominatives PR<\/a><\/li>\n<\/ul>\n\n\n\n<h4 class=\"gb-headline gb-headline-aafb8994 gb-headline-text\"><strong>Coordonn\u00e9es des pr\u00e9sidentes ou pr\u00e9sidents de chaque comit\u00e9 et dates des r\u00e9unions<\/strong><\/h4>\n\n\n\n<ul class=\"wp-block-list\">\n<li>Postes MCF (en cours)<\/li>\n\n\n\n<li>Postes PR (en cours)<\/li>\n<\/ul>\n\n\n\n<h4 class=\"gb-headline gb-headline-c9050be9 gb-headline-text\">Liste des personnes candidates retenues pour l&rsquo;audition <\/h4>\n\n\n\n<ul class=\"wp-block-list\">\n<li>Liste des personnes candidates auditionn\u00e9es &#8211; Postes MCF (en cours)<\/li>\n\n\n\n<li>Liste des personnes candidates auditionn\u00e9es &#8211; Postes PR (en cours)<\/li>\n<\/ul>\n\n\n\n<h4 class=\"gb-headline gb-headline-8d8b6ff3 gb-headline-text\">Liste des personnes candidates class\u00e9es sur chaque poste<\/h4>\n\n\n\n<ul class=\"wp-block-list\">\n<li>Liste des personnes candidates class\u00e9es &#8211; Postes MCF (en cours)<\/li>\n\n\n\n<li>Liste des personnes candidates class\u00e9es &#8211; Postes PR (en cours)<\/li>\n<\/ul>\n\n\n\n<p>Contact administratif&nbsp;: <a href=\"&#x6d;&#97;i&#x6c;&#x74;&#111;:&#x64;&#x6d;&#103;r&#x68;&#x2d;&#114;e&#x63;&#x72;&#117;t&#x2d;&#101;&#110;s&#x65;&#105;g&#x6e;&#x61;&#110;t&#x2d;&#x63;&#111;n&#x74;&#x61;&#99;t&#x40;&#x75;&#110;i&#x76;&#x2d;&#108;o&#x72;&#114;&#97;&#x69;&#x6e;&#101;&#46;&#x66;&#x72;\">&#x64;&#x6d;&#x67;&#x72;&#x68;&#x2d;&#x72;&#x65;&#x63;&#x72;&#x75;&#x74;&#x2d;&#x65;&#x6e;&#x73;&#x65;&#x69;&#x67;&#x6e;&#x61;&#x6e;&#x74;&#x2d;&#x63;&#x6f;&#x6e;&#x74;&#x61;&#x63;&#x74;&#x40;&#x75;&#x6e;&#x69;&#x76;&#x2d;&#x6c;&#x6f;&#x72;&#x72;&#x61;&#x69;&#x6e;&#101;&#46;&#102;&#114;<\/a><\/p>\n<\/div><\/div>\n\n\n\n<h2 class=\"gb-headline gb-headline-bfe4ed26 gb-headline-text\">Documents annexes<\/h2>\n\n\n<div class=\"gb-container gb-container-febafd96\"><div class=\"gb-inside-container\">\n\n<p> <strong>A t\u00e9l\u00e9charger :<\/strong><\/p>\n\n\n\n<ul class=\"wp-block-list\">\n<li><a href=\"https:\/\/www.univ-lorraine.fr\/travailler-a-l-ul\/wp-content\/uploads\/sites\/13\/2023\/02\/Note-DGRH-n\u00b07-Septembre-2022-Campagne-de-recrutement-et-daffectation-2021-MCF-et-PR.pdf\" target=\"_blank\" rel=\"noreferrer noopener\">Note de la DGRH n\u00b07 &#8211; septembre 2022<\/a> &#8211; <em>La campagne de recrutement et d\u2019affectation des ma\u00eetres de conf\u00e9rences et des professeurs des universit\u00e9s &#8211; Session 202<\/em>1.<\/li>\n\n\n\n<li><a href=\"https:\/\/www.univ-lorraine.fr\/travailler-a-l-ul\/wp-content\/uploads\/sites\/13\/2023\/02\/Note-DGRH-n\u00b08-Septembre-2022-Trajectoire-professionnelle-des-enseignants-chercheurs-recrutes-en-2021.pdf\" target=\"_blank\" rel=\"noreferrer noopener\">Note de la DGRH n\u00b08 &#8211; septembre 2022<\/a> &#8211; <em>Trajectoire professionnelle des enseignants-chercheurs recrut\u00e9s en 202<\/em>1.<\/li>\n<\/ul>\n\n<\/div><\/div>\n<\/div><\/div>","protected":false},"excerpt":{"rendered":"<p>Offres de postes selon le calendrier commun Documents annexes A t\u00e9l\u00e9charger :<\/p>\n","protected":false},"author":12,"featured_media":0,"parent":41,"menu_order":0,"comment_status":"closed","ping_status":"closed","template":"","meta":{"inline_featured_image":false,"footnotes":""},"class_list":["post-320","page","type-page","status-publish"],"yoast_head":"<!-- This site is optimized with the Yoast SEO plugin v27.4 - https:\/\/yoast.com\/product\/yoast-seo-wordpress\/ -->\n<title>Recrutement des Enseignants-chercheurs - Travailler \u00e0 l&#039;UL<\/title>\n<meta name=\"robots\" content=\"index, follow, max-snippet:-1, max-image-preview:large, max-video-preview:-1\" \/>\n<link rel=\"canonical\" href=\"https:\/\/www.univ-lorraine.fr\/travailler-a-l-ul\/recrutement-enseignants-chercheurs\/enseignants-chercheurs\/\" \/>\n<meta property=\"og:locale\" content=\"fr_FR\" \/>\n<meta property=\"og:type\" content=\"article\" \/>\n<meta property=\"og:title\" content=\"Recrutement des Enseignants-chercheurs - Travailler \u00e0 l&#039;UL\" \/>\n<meta property=\"og:description\" content=\"Offres de postes selon le calendrier commun Documents annexes A t\u00e9l\u00e9charger :\" \/>\n<meta property=\"og:url\" content=\"https:\/\/www.univ-lorraine.fr\/travailler-a-l-ul\/recrutement-enseignants-chercheurs\/enseignants-chercheurs\/\" \/>\n<meta property=\"og:site_name\" content=\"Travailler \u00e0 l&#039;UL\" \/>\n<meta property=\"article:modified_time\" content=\"2026-03-12T14:25:19+00:00\" \/>\n<meta name=\"twitter:card\" content=\"summary_large_image\" \/>\n<meta name=\"twitter:label1\" content=\"Dur\u00e9e de lecture estim\u00e9e\" \/>\n\t<meta name=\"twitter:data1\" content=\"3 minutes\" \/>\n<script type=\"application\/ld+json\" class=\"yoast-schema-graph\">{\"@context\":\"https:\\\/\\\/schema.org\",\"@graph\":[{\"@type\":\"WebPage\",\"@id\":\"https:\\\/\\\/www.univ-lorraine.fr\\\/travailler-a-l-ul\\\/recrutement-enseignants-chercheurs\\\/enseignants-chercheurs\\\/\",\"url\":\"https:\\\/\\\/www.univ-lorraine.fr\\\/travailler-a-l-ul\\\/recrutement-enseignants-chercheurs\\\/enseignants-chercheurs\\\/\",\"name\":\"Recrutement des Enseignants-chercheurs - Travailler \u00e0 l&#039;UL\",\"isPartOf\":{\"@id\":\"https:\\\/\\\/www.univ-lorraine.fr\\\/travailler-a-l-ul\\\/#website\"},\"datePublished\":\"2021-04-12T12:42:57+00:00\",\"dateModified\":\"2026-03-12T14:25:19+00:00\",\"breadcrumb\":{\"@id\":\"https:\\\/\\\/www.univ-lorraine.fr\\\/travailler-a-l-ul\\\/recrutement-enseignants-chercheurs\\\/enseignants-chercheurs\\\/#breadcrumb\"},\"inLanguage\":\"fr-FR\",\"potentialAction\":[{\"@type\":\"ReadAction\",\"target\":[\"https:\\\/\\\/www.univ-lorraine.fr\\\/travailler-a-l-ul\\\/recrutement-enseignants-chercheurs\\\/enseignants-chercheurs\\\/\"]}]},{\"@type\":\"BreadcrumbList\",\"@id\":\"https:\\\/\\\/www.univ-lorraine.fr\\\/travailler-a-l-ul\\\/recrutement-enseignants-chercheurs\\\/enseignants-chercheurs\\\/#breadcrumb\",\"itemListElement\":[{\"@type\":\"ListItem\",\"position\":1,\"name\":\"Accueil\",\"item\":\"https:\\\/\\\/www.univ-lorraine.fr\\\/travailler-a-l-ul\\\/\"},{\"@type\":\"ListItem\",\"position\":2,\"name\":\"Recrutements des enseignants et des enseignants chercheurs\",\"item\":\"https:\\\/\\\/www.univ-lorraine.fr\\\/travailler-a-l-ul\\\/recrutement-enseignants-chercheurs\\\/\"},{\"@type\":\"ListItem\",\"position\":3,\"name\":\"Recrutement des Enseignants-chercheurs\"}]},{\"@type\":\"WebSite\",\"@id\":\"https:\\\/\\\/www.univ-lorraine.fr\\\/travailler-a-l-ul\\\/#website\",\"url\":\"https:\\\/\\\/www.univ-lorraine.fr\\\/travailler-a-l-ul\\\/\",\"name\":\"Travailler \u00e0 l&#039;UL\",\"description\":\"\",\"publisher\":{\"@id\":\"https:\\\/\\\/www.univ-lorraine.fr\\\/travailler-a-l-ul\\\/#organization\"},\"potentialAction\":[{\"@type\":\"SearchAction\",\"target\":{\"@type\":\"EntryPoint\",\"urlTemplate\":\"https:\\\/\\\/www.univ-lorraine.fr\\\/travailler-a-l-ul\\\/?s={search_term_string}\"},\"query-input\":{\"@type\":\"PropertyValueSpecification\",\"valueRequired\":true,\"valueName\":\"search_term_string\"}}],\"inLanguage\":\"fr-FR\"},{\"@type\":\"Organization\",\"@id\":\"https:\\\/\\\/www.univ-lorraine.fr\\\/travailler-a-l-ul\\\/#organization\",\"name\":\"Universit\u00e9 de Lorraine\",\"url\":\"https:\\\/\\\/www.univ-lorraine.fr\\\/travailler-a-l-ul\\\/\",\"logo\":{\"@type\":\"ImageObject\",\"inLanguage\":\"fr-FR\",\"@id\":\"https:\\\/\\\/www.univ-lorraine.fr\\\/travailler-a-l-ul\\\/#\\\/schema\\\/logo\\\/image\\\/\",\"url\":\"https:\\\/\\\/www.univ-lorraine.fr\\\/travailler-a-l-ul\\\/wp-content\\\/uploads\\\/sites\\\/13\\\/2021\\\/01\\\/LOGO_UL.png\",\"contentUrl\":\"https:\\\/\\\/www.univ-lorraine.fr\\\/travailler-a-l-ul\\\/wp-content\\\/uploads\\\/sites\\\/13\\\/2021\\\/01\\\/LOGO_UL.png\",\"width\":138,\"height\":48,\"caption\":\"Universit\u00e9 de Lorraine\"},\"image\":{\"@id\":\"https:\\\/\\\/www.univ-lorraine.fr\\\/travailler-a-l-ul\\\/#\\\/schema\\\/logo\\\/image\\\/\"}}]}<\/script>\n<!-- \/ Yoast SEO plugin. -->","yoast_head_json":{"title":"Recrutement des Enseignants-chercheurs - Travailler \u00e0 l&#039;UL","robots":{"index":"index","follow":"follow","max-snippet":"max-snippet:-1","max-image-preview":"max-image-preview:large","max-video-preview":"max-video-preview:-1"},"canonical":"https:\/\/www.univ-lorraine.fr\/travailler-a-l-ul\/recrutement-enseignants-chercheurs\/enseignants-chercheurs\/","og_locale":"fr_FR","og_type":"article","og_title":"Recrutement des Enseignants-chercheurs - Travailler \u00e0 l&#039;UL","og_description":"Offres de postes selon le calendrier commun Documents annexes A t\u00e9l\u00e9charger :","og_url":"https:\/\/www.univ-lorraine.fr\/travailler-a-l-ul\/recrutement-enseignants-chercheurs\/enseignants-chercheurs\/","og_site_name":"Travailler \u00e0 l&#039;UL","article_modified_time":"2026-03-12T14:25:19+00:00","twitter_card":"summary_large_image","twitter_misc":{"Dur\u00e9e de lecture estim\u00e9e":"3 minutes"},"schema":{"@context":"https:\/\/schema.org","@graph":[{"@type":"WebPage","@id":"https:\/\/www.univ-lorraine.fr\/travailler-a-l-ul\/recrutement-enseignants-chercheurs\/enseignants-chercheurs\/","url":"https:\/\/www.univ-lorraine.fr\/travailler-a-l-ul\/recrutement-enseignants-chercheurs\/enseignants-chercheurs\/","name":"Recrutement des Enseignants-chercheurs - Travailler \u00e0 l&#039;UL","isPartOf":{"@id":"https:\/\/www.univ-lorraine.fr\/travailler-a-l-ul\/#website"},"datePublished":"2021-04-12T12:42:57+00:00","dateModified":"2026-03-12T14:25:19+00:00","breadcrumb":{"@id":"https:\/\/www.univ-lorraine.fr\/travailler-a-l-ul\/recrutement-enseignants-chercheurs\/enseignants-chercheurs\/#breadcrumb"},"inLanguage":"fr-FR","potentialAction":[{"@type":"ReadAction","target":["https:\/\/www.univ-lorraine.fr\/travailler-a-l-ul\/recrutement-enseignants-chercheurs\/enseignants-chercheurs\/"]}]},{"@type":"BreadcrumbList","@id":"https:\/\/www.univ-lorraine.fr\/travailler-a-l-ul\/recrutement-enseignants-chercheurs\/enseignants-chercheurs\/#breadcrumb","itemListElement":[{"@type":"ListItem","position":1,"name":"Accueil","item":"https:\/\/www.univ-lorraine.fr\/travailler-a-l-ul\/"},{"@type":"ListItem","position":2,"name":"Recrutements des enseignants et des enseignants chercheurs","item":"https:\/\/www.univ-lorraine.fr\/travailler-a-l-ul\/recrutement-enseignants-chercheurs\/"},{"@type":"ListItem","position":3,"name":"Recrutement des Enseignants-chercheurs"}]},{"@type":"WebSite","@id":"https:\/\/www.univ-lorraine.fr\/travailler-a-l-ul\/#website","url":"https:\/\/www.univ-lorraine.fr\/travailler-a-l-ul\/","name":"Travailler \u00e0 l&#039;UL","description":"","publisher":{"@id":"https:\/\/www.univ-lorraine.fr\/travailler-a-l-ul\/#organization"},"potentialAction":[{"@type":"SearchAction","target":{"@type":"EntryPoint","urlTemplate":"https:\/\/www.univ-lorraine.fr\/travailler-a-l-ul\/?s={search_term_string}"},"query-input":{"@type":"PropertyValueSpecification","valueRequired":true,"valueName":"search_term_string"}}],"inLanguage":"fr-FR"},{"@type":"Organization","@id":"https:\/\/www.univ-lorraine.fr\/travailler-a-l-ul\/#organization","name":"Universit\u00e9 de Lorraine","url":"https:\/\/www.univ-lorraine.fr\/travailler-a-l-ul\/","logo":{"@type":"ImageObject","inLanguage":"fr-FR","@id":"https:\/\/www.univ-lorraine.fr\/travailler-a-l-ul\/#\/schema\/logo\/image\/","url":"https:\/\/www.univ-lorraine.fr\/travailler-a-l-ul\/wp-content\/uploads\/sites\/13\/2021\/01\/LOGO_UL.png","contentUrl":"https:\/\/www.univ-lorraine.fr\/travailler-a-l-ul\/wp-content\/uploads\/sites\/13\/2021\/01\/LOGO_UL.png","width":138,"height":48,"caption":"Universit\u00e9 de Lorraine"},"image":{"@id":"https:\/\/www.univ-lorraine.fr\/travailler-a-l-ul\/#\/schema\/logo\/image\/"}}]}},"_links":{"self":[{"href":"https:\/\/www.univ-lorraine.fr\/travailler-a-l-ul\/wp-json\/wp\/v2\/pages\/320","targetHints":{"allow":["GET"]}}],"collection":[{"href":"https:\/\/www.univ-lorraine.fr\/travailler-a-l-ul\/wp-json\/wp\/v2\/pages"}],"about":[{"href":"https:\/\/www.univ-lorraine.fr\/travailler-a-l-ul\/wp-json\/wp\/v2\/types\/page"}],"author":[{"embeddable":true,"href":"https:\/\/www.univ-lorraine.fr\/travailler-a-l-ul\/wp-json\/wp\/v2\/users\/12"}],"replies":[{"embeddable":true,"href":"https:\/\/www.univ-lorraine.fr\/travailler-a-l-ul\/wp-json\/wp\/v2\/comments?post=320"}],"version-history":[{"count":70,"href":"https:\/\/www.univ-lorraine.fr\/travailler-a-l-ul\/wp-json\/wp\/v2\/pages\/320\/revisions"}],"predecessor-version":[{"id":11619,"href":"https:\/\/www.univ-lorraine.fr\/travailler-a-l-ul\/wp-json\/wp\/v2\/pages\/320\/revisions\/11619"}],"up":[{"embeddable":true,"href":"https:\/\/www.univ-lorraine.fr\/travailler-a-l-ul\/wp-json\/wp\/v2\/pages\/41"}],"wp:attachment":[{"href":"https:\/\/www.univ-lorraine.fr\/travailler-a-l-ul\/wp-json\/wp\/v2\/media?parent=320"}],"curies":[{"name":"wp","href":"https:\/\/api.w.org\/{rel}","templated":true}]}}