{"id":363,"date":"2021-04-13T10:22:33","date_gmt":"2021-04-13T08:22:33","guid":{"rendered":"https:\/\/www.univ-lorraine.fr\/travailler-a-l-ul\/?page_id=363"},"modified":"2026-03-09T16:54:43","modified_gmt":"2026-03-09T15:54:43","slug":"enseignants-du-second-degre","status":"publish","type":"page","link":"https:\/\/www.univ-lorraine.fr\/travailler-a-l-ul\/recrutement-enseignants-chercheurs\/enseignants-du-second-degre\/","title":{"rendered":"Enseignants du 1er et second degr\u00e9s"},"content":{"rendered":"<div class=\"gb-container gb-container-f4b1ee06\"><div class=\"gb-inside-container\">\n\n<h2 class=\"gb-headline gb-headline-3b5ef2e9 gb-headline-text\">Affectation des personnels enseignant.e.s des premier et second degr\u00e9s dans l&rsquo;enseignement sup\u00e9rieur pour la rentr\u00e9e 2026<\/h2>\n\n\n\n<p class=\"has-text-align-center\"><\/p>\n\n\n\n<p class=\"has-text-align-center\"><strong><a href=\"https:\/\/www.enseignementsup-recherche.gouv.fr\/fr\/bo\/2024\/Hebdo26\/MENH2407165N\"><strong><strong><\/strong><\/strong><\/a><strong><strong><a href=\"https:\/\/www.education.gouv.fr\/bo\/2025\/Hebdo28\/MENH2511655N\">Bulletin officiel n\u00b0 28 du 10 juillet 2025 &#8211; Emplois et proc\u00e9dure d&rsquo;affectation dans les Etablissements d&rsquo;enseignement sup\u00e9rieur des personnels du second degr\u00e9 \u2013 Ann\u00e9e 2026<\/a><\/strong><\/strong><\/strong><\/p>\n\n\n\n<p class=\"has-text-align-center\"><strong>CAMPAGNE COMPLEMENTAIRE<\/strong><\/p>\n\n\n\n<div class=\"wp-block-pb-accordion-item c-accordion__item js-accordion-item no-js\" data-initially-open=\"false\" data-click-to-close=\"true\" data-auto-close=\"true\" data-scroll=\"false\" data-scroll-offset=\"0\"><h2 id=\"at-3630\" class=\"c-accordion__title js-accordion-controller\" role=\"button\"><strong>Conditions<\/strong><\/h2><div id=\"ac-3630\" class=\"c-accordion__content\">\n<p>Les emplois du second degr\u00e9 ouverts \u00e0 la campagne principale d\u2019affectation dans l\u2019enseignement sup\u00e9rieur sont pourvus&nbsp;:<\/p>\n\n\n\n<p><strong>Par des fonctionnaires du minist\u00e8re de l\u2019\u00c9ducation nationale et de la Jeunesse en activit\u00e9, ou en position de disponibilit\u00e9, de d\u00e9tachement ou cong\u00e9s divers au moment du d\u00e9p\u00f4t de candidature et appartenant \u00e0 l\u2019un des corps suivants :<\/strong><\/p>\n\n\n\n<ul class=\"wp-block-list\">\n<li>Professeurs agr\u00e9g\u00e9s (PRAG), certifi\u00e9s (PRCE), de lyc\u00e9e professionnel (PLP) ou d\u2019\u00e9ducation physique et sportive (PEPS) ;<\/li>\n\n\n\n<li>Charg\u00e9s d\u2019enseignement d\u2019EPS ;<\/li>\n\n\n\n<li>Conseillers principaux d\u2019\u00e9ducation (CPE) ;<\/li>\n\n\n\n<li>Psychologues de l\u2019\u00e9ducation nationale (Psy-EN) ;<\/li>\n\n\n\n<li>Professeurs de chaire sup\u00e9rieure ;<\/li>\n\n\n\n<li>Professeurs des \u00e9coles (PREC).<\/li>\n<\/ul>\n\n\n\n<p><strong>Ces emplois sont \u00e9galement ouverts aux personnels suivants, sous r\u00e9serve de <u>l\u2019obtention d\u2019un d\u00e9tachement<\/u> dans l\u2019un des corps des personnels enseignants du 2nd degr\u00e9 public, d&rsquo;\u00e9ducation ou de psychologue de l&rsquo;\u00e9ducation nationale du minist\u00e8re en charge de l&rsquo;\u00e9ducation nationale :<\/strong><\/p>\n\n\n\n<ul class=\"wp-block-list\">\n<li>Fonctionnaires de cat\u00e9gorie A (non enseignants) quel que soit leur minist\u00e8re d\u2019appartenance&nbsp;;<\/li>\n\n\n\n<li>Personnels enseignants appartenant \u00e0 d\u2019autres minist\u00e8res que celui de l\u2019\u00e9ducation nationale et de la jeunesse ou de l\u2019enseignement sup\u00e9rieur et de la recherche ;<\/li>\n\n\n\n<li>Personnels appartenant au corps des professeurs de l\u2019ENSAM.<\/li>\n<\/ul>\n\n\n\n<p><strong>Compte tenu du calendrier tardif de cette campagne,<\/strong> les agents concern\u00e9s devront avoir formul\u00e9 leur demande de d\u00e9tachement conform\u00e9ment aux dispositions de la <a href=\"https:\/\/www.education.gouv.fr\/bo\/2025\/Hebdo43\/MENH2530932N\">note de service du 4-11-2025<\/a> de la DGRH B2-2. L&rsquo;affectation dans l&rsquo;enseignement sup\u00e9rieur ne pourra \u00eatre prononc\u00e9e qu&rsquo;\u00e0 condition que le d\u00e9tachement ait \u00e9t\u00e9 accept\u00e9 au pr\u00e9alable.<\/p>\n\n\n\n<p><strong>Les personnels suivants doivent imp\u00e9rativement, <u>demander leur int\u00e9gration<\/u> dans l&rsquo;un des corps des personnels enseignants du 2nd degr\u00e9 public, d&rsquo;\u00e9ducation ou de psychologue de l&rsquo;\u00e9ducation nationale s\u2019ils souhaitent \u00eatre affect\u00e9s sur un emploi du second degr\u00e9 et fournir les pi\u00e8ces justificatives au moment du d\u00e9p\u00f4t de la candidature :<\/strong><a id=\"_msocom_1\"><\/a><\/p>\n\n\n\n<ul class=\"wp-block-list\">\n<li>Ma\u00eetres contractuels ou agr\u00e9\u00e9s de l\u2019enseignement priv\u00e9 relevant du minist\u00e8re de l\u2019\u00e9ducation nationale, laur\u00e9at\u00b7es d\u2019un concours dans l\u2019enseignement public qui ont opt\u00e9 pour leur maintien dans l\u2019enseignement priv\u00e9.<\/li>\n<\/ul>\n\n\n\n<p>L\u2019affectation sera prononc\u00e9e qu\u2019une fois leur int\u00e9gration dans l\u2019un des corps des enseignants du second degr\u00e9 public. Les agents concern\u00e9s sont invit\u00e9s \u00e0 contacter le bureau DGRH B2-3 (<a href=\"&#x6d;&#97;i&#x6c;&#x74;&#111;:&#x73;&#x65;&#99;r&#x65;&#x74;&#97;i&#x72;&#x65;&#46;d&#x67;&#114;&#104;b&#x32;&#45;3&#x40;&#x65;&#100;u&#x63;&#x61;&#116;i&#x6f;&#x6e;&#46;g&#x6f;&#x75;&#118;&#46;&#x66;&#x72;\">&#x73;&#101;&#x63;&#x72;&#101;&#x74;&#x61;&#105;&#x72;&#x65;&#46;&#x64;&#x67;r&#x68;&#x62;2&#x2d;&#51;&#64;&#x65;&#100;u&#x63;&#97;t&#x69;&#111;n&#x2e;&#103;o&#x75;&#118;&#46;&#x66;&#114;<\/a>) pour conna\u00eetre la proc\u00e9dure \u00e0 suivre.<\/p>\n\n\n\n<p><strong>Cette campagne n\u2019est pas ouverte<\/strong> <strong>aux laur\u00e9at\u00b7es des concours CAFEP ou CAER, ni aux enseignant\u00b7es relevant d\u2019autres corps de l\u2019enseignement sup\u00e9rieur (ma\u00eetres de conf\u00e9rences et professeurs des universit\u00e9s).<\/strong><\/p>\n\n\n\n<p><strong>Compte tenu de la date tardive de cette campagne, les affectations ne pourront \u00eatre prononc\u00e9es que sur avis favorable : <\/strong><\/p>\n\n\n\n<ul class=\"wp-block-list\">\n<li>Du recteur de l\u2019acad\u00e9mie ou du DASEN du d\u00e9partement dans lequel la personne candidate est attendue, dans le premier ou second degr\u00e9 \u00e0 la rentr\u00e9e scolaire ;<\/li>\n\n\n\n<li>Du responsable de l\u2019\u00e9tablissement d\u2019enseignement sup\u00e9rieur, pour un personnel d\u00e9j\u00e0 affect\u00e9 dans le sup\u00e9rieur.<\/li>\n<\/ul>\n<\/div><\/div>\n\n\n\n<div class=\"wp-block-pb-accordion-item c-accordion__item js-accordion-item no-js\" data-initially-open=\"false\" data-click-to-close=\"true\" data-auto-close=\"true\" data-scroll=\"false\" data-scroll-offset=\"0\"><h2 id=\"at-3631\" class=\"c-accordion__title js-accordion-controller\" role=\"button\"><strong>Calendrier<\/strong> de la campagne compl\u00e9mentaire d&rsquo;affectation 2026<\/h2><div id=\"ac-3631\" class=\"c-accordion__content\">\n<ul class=\"wp-block-list\">\n<li><strong>Ouverture aux personnels de l&rsquo;enregistrement des candidatures sur les postes dans l&rsquo;application GALAXIE &#8211; module VEGA :<\/strong><\/li>\n<\/ul>\n\n\n\n<p class=\"has-text-align-center\"><strong><strong>Mercredi 11 mars 2026 \u2013 10h<\/strong><\/strong> (heure de Paris)<\/p>\n\n\n\n<ul class=\"wp-block-list\">\n<li><strong>Enregistrement des candidatures et d\u00e9p\u00f4t des documents obligatoires par les candidat.e.s : <\/strong><\/li>\n<\/ul>\n\n\n\n<p class=\"has-text-align-center\"><strong>Jusqu&rsquo;au jeudi 9 avril 2026 &#8211; 16h (heure de Paris) <\/strong><\/p>\n\n\n\n<ul class=\"wp-block-list\">\n<li><strong>Travaux des commissions de jury et audtions :<\/strong><\/li>\n<\/ul>\n\n\n\n<p class=\"has-text-align-center\"><strong>Du vendredi 10 avril 2026 au vendredi 22 mai 2026<\/strong><\/p>\n\n\n\n<ul class=\"wp-block-list\">\n<li>Ouverture du mod\u00e8le VEGA permettant aux candidats de prendre connaissance des r\u00e9sultats et permettant d\u2019exprimer leurs v\u0153ux d\u2019affectation :<\/li>\n<\/ul>\n\n\n\n<p class=\"has-text-align-center\"><strong>Du jeudi 28 mai , 10h au jeudi 4 juin 2026, 16h<\/strong><\/p>\n\n\n\n<ul class=\"wp-block-list\">\n<li>Saisie par les recteurs ou les responsables d&rsquo;\u00e9tablissement d&rsquo;enseignement sup\u00e9rieur de des v\u0153ux d&rsquo;affectation des candidats class\u00e9s sur l\u2019application GALAXIE &#8211; module VEGA\u00a0:<\/li>\n<\/ul>\n\n\n\n<p class=\"has-text-align-center\"><strong>du vendredi 9 janvier 2026, 10h <\/strong>(heure de Paris) <strong>au vendredi 16 janvier 2026, 16h <\/strong>(heure de Paris)<\/p>\n\n\n\n<ul class=\"wp-block-list\">\n<li><strong>Saisie par les recteurs ou les responsables d\u2019\u00e9tablissement d\u2019enseignement sup\u00e9rieur de leur avis sur les personnes candidat<\/strong>e<strong>s retenues dans GALAXIE\u00a0:<\/strong><\/li>\n<\/ul>\n\n\n\n<p class=\"has-text-align-center\"><strong>du lundi 8 juin, 10h au mardi 16 juin 2026, 16h<\/strong><\/p>\n\n\n\n<ul class=\"wp-block-list\">\n<li><strong>Affichage des r\u00e9sultats dans le module VEGA<\/strong> :<\/li>\n<\/ul>\n\n\n\n<p class=\"has-text-align-center\"><strong>Jeudi 18 juin 2026, 10h <\/strong>(heure de Paris)<br>\u00a0<\/p>\n\n\n\n<p>Une personne candidate retenue devra informer sa ou son responsable hi\u00e9rarchique de son changement d\u2019affectation.<\/p>\n\n\n\n<p>Une personne candidate qui ne r\u00e9pond pas dans le d\u00e9lai imparti est consid\u00e9r\u00e9e comme renon\u00e7ant \u00e0 cette affectation. <strong>Toute renonciation ou toute acceptation \u00e0 une affectation est consid\u00e9r\u00e9e comme d\u00e9finitive.<\/strong><\/p>\n\n\n\n<p><strong><strong>Le bureau DGRH B2-2 met en \u0153uvre l\u2019arr\u00eat\u00e9 d\u2019affectation des laur\u00e9at\u00b7es \u00e0 titre d\u00e9finitif, avec une date d\u2019effet au 1er septembre 2026. Le d\u00e9partement de la DGRH B1-3 transmet au(x) DSDEN concern\u00e9\u00b7e(s) la liste des professeur\u00b7es des \u00e9coles (PE) laur\u00e9at\u00b7es.<\/strong><\/strong><\/p>\n\n\n\n<p><strong>Pour les personnels stagiaires, cette affectation est prononc\u00e9e sous r\u00e9serve de leur titularisation.<\/strong><\/p>\n<\/div><\/div>\n\n\n\n<div class=\"wp-block-pb-accordion-item c-accordion__item js-accordion-item no-js\" data-initially-open=\"false\" data-click-to-close=\"true\" data-auto-close=\"true\" data-scroll=\"false\" data-scroll-offset=\"0\"><h2 id=\"at-3632\" class=\"c-accordion__title js-accordion-controller\" role=\"button\"><strong>Documents \u00e0 d\u00e9poser dans l&rsquo;application VEGA pour la constitution du dossier de candidature<\/strong><\/h2><div id=\"ac-3632\" class=\"c-accordion__content\">\n<div class=\"wp-block-buttons is-horizontal is-content-justification-center is-layout-flex wp-container-core-buttons-is-layout-499968f5 wp-block-buttons-is-layout-flex\">\n<div class=\"wp-block-button\"><a class=\"wp-block-button__link wp-element-button\" href=\"https:\/\/www.galaxie.enseignementsup-recherche.gouv.fr\/ensup\/cand_recrutement_PRAG_PRCE.htm\">Lien vers l\u2019application Galaxie<\/a><\/div>\n<\/div>\n\n\n\n<p>Les personnes candidates devront obligatoirement saisir leur dossier de candidature et le transmettre dans l&rsquo;application \u00ab&nbsp;VEGA&nbsp;\u00bb, accessible \u00e0 partir du portail Galaxie des personnels de l&rsquo;enseignement sup\u00e9rieur :<\/p>\n\n\n\n<ul class=\"wp-block-list\">\n<li>Fiche de candidature &#8211; Formulaire Galaxie&nbsp;;<\/li>\n\n\n\n<li>Copie de la carte d\u2019identit\u00e9 recto-verso ;<\/li>\n\n\n\n<li>Curriculum vitae ;<\/li>\n\n\n\n<li>Lettre de motivation adress\u00e9e \u00e0 la Pr\u00e9sidente de l\u2019Universit\u00e9 de Lorraine&nbsp;;<\/li>\n\n\n\n<li>Copie de l\u2019arr\u00eat\u00e9 <strong>justifiant du dernier classement dans le corps<\/strong> <strong>et le grade<\/strong>&nbsp;;<\/li>\n\n\n\n<li>Copie du <strong>dernier arr\u00eat\u00e9 d\u2019affectation<\/strong>. Pour les personnels en position autre que l&rsquo;activit\u00e9&nbsp;: une copie de l&rsquo;arr\u00eat\u00e9 indiquant la derni\u00e8re position administrative (d\u00e9tachement, disponibilit\u00e9, cong\u00e9, d\u00e9cision de report de nomination, arr\u00eat\u00e9 de cong\u00e9 sans traitement, etc.) ;<\/li>\n\n\n\n<li>Un justificatif de Reconnaissance de la Qualit\u00e9 de Travailleur Handicap\u00e9 (RQTH), le cas \u00e9ch\u00e9ant.<\/li>\n<\/ul>\n\n\n\n<p><strong><u>Tout dossier incomplet \u00e0 la date de cl\u00f4ture des enregistrements est d\u00e9clar\u00e9 irrecevable<\/u><\/strong>.<\/p>\n\n\n\n<p><strong>Liens vers l&rsquo;application :<\/strong><\/p>\n\n\n\n<ul class=\"wp-block-list\">\n<li><a href=\"https:\/\/www.galaxie.enseignementsup-recherche.gouv.fr\/ensup\/ListesPostesPublies\/Emplois_publies_2nd_TrieParDiscipline.html\">Liste des postes publi\u00e9s (tri par discipline)<\/a><\/li>\n\n\n\n<li><a href=\"https:\/\/www.galaxie.enseignementsup-recherche.gouv.fr\/ensup\/ListesPostesPublies\/Emplois_publies_2nd_TrieParRegion.html\">Liste des postes publi\u00e9s (tri par r\u00e9gion)<\/a><\/li>\n<\/ul>\n<\/div><\/div>\n\n\n\n<div class=\"wp-block-pb-accordion-item c-accordion__item js-accordion-item no-js\" data-initially-open=\"false\" data-click-to-close=\"true\" data-auto-close=\"true\" data-scroll=\"false\" data-scroll-offset=\"0\"><h2 id=\"at-3633\" class=\"c-accordion__title js-accordion-controller\" role=\"button\"><strong>Liste des postes publi\u00e9s<br><\/strong><\/h2><div id=\"ac-3633\" class=\"c-accordion__content\"><div class=\"gb-container gb-container-54c284a7\">\n\n<div class=\"wp-block-buttons is-content-justification-center is-layout-flex wp-container-core-buttons-is-layout-16018d1d wp-block-buttons-is-layout-flex\">\n<div class=\"wp-block-button\"><a class=\"wp-block-button__link wp-element-button\" href=\"https:\/\/www.galaxie.enseignementsup-recherche.gouv.fr\/ensup\/ListesPostesPublies\/Emplois_publies_2nd_TrieParDiscipline.html\"><strong>La fiche d\u00e9taill\u00e9e de chaque poste est accessible dans VEGA<\/strong><\/a><\/div>\n<\/div>\n\n<\/div>\n\n\n<p><\/p>\n\n\n\n<figure class=\"wp-block-table\"><table><thead><tr><th class=\"has-text-align-center\" data-align=\"center\">N\u00b0  SI Local<\/th><th class=\"has-text-align-center\" data-align=\"center\">N\u00b0 emploi <br>GALAXIE<\/th><th class=\"has-text-align-center\" data-align=\"center\">Structure<\/th><th class=\"has-text-align-center\" data-align=\"center\">Code discipline <br>de recrutement<\/th><th class=\"has-text-align-center\" data-align=\"center\">Discipline<\/th><\/tr><\/thead><tbody><tr><td class=\"has-text-align-center\" data-align=\"center\">0195<\/td><td class=\"has-text-align-center\" data-align=\"center\">1946<\/td><td class=\"has-text-align-center\" data-align=\"center\">INSPE<\/td><td class=\"has-text-align-center\" data-align=\"center\">H1700<\/td><td class=\"has-text-align-center\" data-align=\"center\">\u00c9ducation musicale<\/td><\/tr><tr><td class=\"has-text-align-center\" data-align=\"center\">1291<\/td><td class=\"has-text-align-center\" data-align=\"center\">1947<\/td><td class=\"has-text-align-center\" data-align=\"center\">UFR STAPS<\/td><td class=\"has-text-align-center\" data-align=\"center\">H1900<\/td><td class=\"has-text-align-center\" data-align=\"center\">\u00c9ducation physique et sportive<\/td><\/tr><tr><td class=\"has-text-align-center\" data-align=\"center\">0609<\/td><td class=\"has-text-align-center\" data-align=\"center\">1948<\/td><td class=\"has-text-align-center\" data-align=\"center\">SUAPS<\/td><td class=\"has-text-align-center\" data-align=\"center\">H1900<\/td><td class=\"has-text-align-center\" data-align=\"center\">\u00c9ducation physique et sportive<\/td><\/tr><tr><td class=\"has-text-align-center\" data-align=\"center\">0255<\/td><td class=\"has-text-align-center\" data-align=\"center\">1949<\/td><td class=\"has-text-align-center\" data-align=\"center\">SUAPS<\/td><td class=\"has-text-align-center\" data-align=\"center\">H1900<\/td><td class=\"has-text-align-center\" data-align=\"center\">\u00c9ducation physique et sportive<\/td><\/tr><\/tbody><\/table><\/figure>\n\n\n\n<p><strong>Le bureau DGRH B2-2 met en \u0153uvre l\u2019arr\u00eat\u00e9 d\u2019affectation des laur\u00e9ates et laur\u00e9ats \u00e0 titre d\u00e9finitif et \u00e0 date d\u2019effet au 1er septembre 2026.<\/strong><\/p>\n\n\n\n<p><strong>Pour les personnels stagiaires, cette affectation est prononc\u00e9e sous r\u00e9serve de leur titularisation.<\/strong><\/p>\n<\/div><\/div>\n\n\n\n<div class=\"wp-block-pb-accordion-item c-accordion__item js-accordion-item no-js\" data-initially-open=\"false\" data-click-to-close=\"true\" data-auto-close=\"true\" data-scroll=\"false\" data-scroll-offset=\"0\"><h2 id=\"at-3634\" class=\"c-accordion__title js-accordion-controller\" role=\"button\"><strong>Contacts<\/strong><\/h2><div id=\"ac-3634\" class=\"c-accordion__content\">\n<p><strong>Courriels fonctionnels :<\/strong><\/p>\n\n\n\n<ul class=\"wp-block-list\">\n<li>Pour la r\u00e9glementation du premier degr\u00e9 : <a href=\"&#x6d;&#x61;&#x69;&#x6c;&#x74;&#x6f;&#x3a;&#100;&#103;&#114;&#104;&#45;b2-1&#x2d;&#x73;&#x75;&#x70;&#x40;&#x65;&#x64;&#x75;&#99;&#97;&#116;&#105;&#111;n&#46;go&#x75;&#x76;&#x2e;&#x66;&#x72;\">&#x64;&#x67;&#x72;&#x68;&#x2d;&#x62;&#x32;&#x2d;&#x31;&#x2d;&#x73;&#x75;&#x70;&#x40;&#x65;&#x64;&#x75;&#x63;&#x61;&#x74;&#x69;&#x6f;&#110;&#46;&#103;&#111;&#117;&#118;&#46;&#102;&#114;<\/a><\/li>\n\n\n\n<li>Pour la r\u00e9glementation Second degr\u00e9 : <a href=\"&#x6d;&#x61;&#x69;&#x6c;&#116;&#111;:dg&#x72;&#x68;&#x2d;&#x62;&#50;&#45;2-s&#x75;&#x70;&#x40;&#x65;&#100;&#117;&#99;at&#x69;&#x6f;&#x6e;&#x2e;&#103;&#111;&#117;v&#46;&#x66;&#x72;\">&#x64;&#x67;&#114;h&#x2d;&#x62;&#50;-2&#x2d;&#x73;&#117;p&#x40;&#x65;&#100;&#117;c&#x61;&#x74;&#105;o&#x6e;&#x2e;&#103;&#111;u&#x76;&#x2e;&#102;r<\/a><\/li>\n\n\n\n<li>Pour des probl\u00e8mes techniques de l&rsquo;application Galaxie : <a href=\"m&#97;&#105;&#x6c;&#x74;o&#58;&#99;&#x65;&#x6c;&#x6c;u&#108;&#101;&#x5f;&#x67;al&#97;&#x78;&#x69;&#x65;&#64;&#101;&#100;&#x75;&#x63;at&#105;&#x6f;&#x6e;&#x2e;g&#111;&#117;&#x76;&#x2e;fr\">&#x63;&#x65;&#x6c;&#x6c;&#117;&#108;e_g&#x61;&#x6c;&#x61;&#x78;&#105;&#101;&#64;ed&#x75;&#x63;&#x61;&#x74;&#105;&#111;&#110;&#46;g&#x6f;&#x75;&#x76;&#x2e;&#102;&#114;<\/a><\/li>\n\n\n\n<li>Pour la recevabilit\u00e9 des dossiers de candidature \u00e0 l\u2019universit\u00e9 de Lorraine : <a href=\"&#x6d;a&#x69;l&#x74;&#111;&#x3a;&#100;m&#x67;r&#x68;&#45;&#x72;&#101;&#x63;&#114;u&#x74;s&#x65;&#99;&#x6f;&#110;&#x64;&#x64;e&#x67;r&#x65;&#45;&#x63;&#111;n&#x74;a&#x63;&#116;&#x40;&#117;&#x6e;&#105;v&#x2d;l&#x6f;&#114;&#x72;&#97;&#x69;&#x6e;e&#x2e;f&#x72;\">&#x64;&#x6d;&#x67;&#x72;&#x68;&#x2d;&#x72;&#x65;&#x63;&#x72;&#x75;&#x74;&#x73;&#x65;&#x63;&#x6f;&#x6e;&#x64;&#x64;&#x65;&#x67;&#x72;&#x65;&#x2d;&#x63;&#x6f;&#x6e;&#x74;&#x61;&#x63;&#x74;&#x40;&#x75;&#x6e;&#x69;&#x76;&#x2d;&#x6c;&#x6f;&#x72;&#x72;&#x61;&#x69;&#x6e;&#x65;&#x2e;&#x66;&#x72;<\/a><\/li>\n<\/ul>\n\n\n\n<p><strong>Guides Galaxie :<\/strong><\/p>\n\n\n\n<ul class=\"wp-block-list\">\n<li>Pour les candidates et candidats\u00a0: <a href=\"https:\/\/galaxie.enseignementsup-recherche.gouv.fr\/documentation\/web\/galaxie-can\/recrutement-prag-prce-peps-plp\/saisie-des-voeux\">https:\/\/galaxie.enseignementsup-recherche.gouv.fr\/documentation\/web\/galaxie-can\/recrutement-prag-prce-peps-plp\/saisie-des-voeux<\/a><br><\/li>\n<\/ul>\n\n\n\n<p><\/p>\n<\/div><\/div>\n\n<\/div><\/div>\n\n\n<p><\/p>\n","protected":false},"excerpt":{"rendered":"<p>Affectation des personnels enseignant.e.s des premier et second degr\u00e9s dans l&rsquo;enseignement sup\u00e9rieur pour la rentr\u00e9e 2026 Bulletin officiel n\u00b0 28 du 10 juillet 2025 &#8211; Emplois et proc\u00e9dure d&rsquo;affectation dans les Etablissements d&rsquo;enseignement sup\u00e9rieur des personnels du second degr\u00e9 \u2013 Ann\u00e9e 2026 CAMPAGNE COMPLEMENTAIRE<\/p>\n","protected":false},"author":12,"featured_media":0,"parent":41,"menu_order":0,"comment_status":"closed","ping_status":"closed","template":"","meta":{"inline_featured_image":false,"footnotes":""},"class_list":["post-363","page","type-page","status-publish"],"yoast_head":"<!-- This site is optimized with the Yoast SEO plugin v27.4 - https:\/\/yoast.com\/product\/yoast-seo-wordpress\/ -->\n<title>Enseignants du 1er et second degr\u00e9s - Travailler \u00e0 l&#039;UL<\/title>\n<meta name=\"robots\" content=\"index, follow, max-snippet:-1, max-image-preview:large, max-video-preview:-1\" \/>\n<link rel=\"canonical\" href=\"https:\/\/www.univ-lorraine.fr\/travailler-a-l-ul\/recrutement-enseignants-chercheurs\/enseignants-du-second-degre\/\" \/>\n<meta property=\"og:locale\" content=\"fr_FR\" \/>\n<meta property=\"og:type\" content=\"article\" \/>\n<meta property=\"og:title\" content=\"Enseignants du 1er et second degr\u00e9s - Travailler \u00e0 l&#039;UL\" \/>\n<meta property=\"og:description\" content=\"Affectation des personnels enseignant.e.s des premier et second degr\u00e9s dans l&rsquo;enseignement sup\u00e9rieur pour la rentr\u00e9e 2026 Bulletin officiel n\u00b0 28 du 10 juillet 2025 &#8211; Emplois et proc\u00e9dure d&rsquo;affectation dans les Etablissements d&rsquo;enseignement sup\u00e9rieur des personnels du second degr\u00e9 \u2013 Ann\u00e9e 2026 CAMPAGNE COMPLEMENTAIRE\" \/>\n<meta property=\"og:url\" content=\"https:\/\/www.univ-lorraine.fr\/travailler-a-l-ul\/recrutement-enseignants-chercheurs\/enseignants-du-second-degre\/\" \/>\n<meta property=\"og:site_name\" content=\"Travailler \u00e0 l&#039;UL\" \/>\n<meta property=\"article:modified_time\" content=\"2026-03-09T15:54:43+00:00\" \/>\n<meta name=\"twitter:card\" content=\"summary_large_image\" \/>\n<meta name=\"twitter:label1\" content=\"Dur\u00e9e de lecture estim\u00e9e\" \/>\n\t<meta name=\"twitter:data1\" content=\"6 minutes\" \/>\n<script type=\"application\/ld+json\" class=\"yoast-schema-graph\">{\"@context\":\"https:\\\/\\\/schema.org\",\"@graph\":[{\"@type\":\"WebPage\",\"@id\":\"https:\\\/\\\/www.univ-lorraine.fr\\\/travailler-a-l-ul\\\/recrutement-enseignants-chercheurs\\\/enseignants-du-second-degre\\\/\",\"url\":\"https:\\\/\\\/www.univ-lorraine.fr\\\/travailler-a-l-ul\\\/recrutement-enseignants-chercheurs\\\/enseignants-du-second-degre\\\/\",\"name\":\"Enseignants du 1er et second degr\u00e9s - Travailler \u00e0 l&#039;UL\",\"isPartOf\":{\"@id\":\"https:\\\/\\\/www.univ-lorraine.fr\\\/travailler-a-l-ul\\\/#website\"},\"datePublished\":\"2021-04-13T08:22:33+00:00\",\"dateModified\":\"2026-03-09T15:54:43+00:00\",\"breadcrumb\":{\"@id\":\"https:\\\/\\\/www.univ-lorraine.fr\\\/travailler-a-l-ul\\\/recrutement-enseignants-chercheurs\\\/enseignants-du-second-degre\\\/#breadcrumb\"},\"inLanguage\":\"fr-FR\",\"potentialAction\":[{\"@type\":\"ReadAction\",\"target\":[\"https:\\\/\\\/www.univ-lorraine.fr\\\/travailler-a-l-ul\\\/recrutement-enseignants-chercheurs\\\/enseignants-du-second-degre\\\/\"]}]},{\"@type\":\"BreadcrumbList\",\"@id\":\"https:\\\/\\\/www.univ-lorraine.fr\\\/travailler-a-l-ul\\\/recrutement-enseignants-chercheurs\\\/enseignants-du-second-degre\\\/#breadcrumb\",\"itemListElement\":[{\"@type\":\"ListItem\",\"position\":1,\"name\":\"Accueil\",\"item\":\"https:\\\/\\\/www.univ-lorraine.fr\\\/travailler-a-l-ul\\\/\"},{\"@type\":\"ListItem\",\"position\":2,\"name\":\"Recrutements des enseignants et des enseignants chercheurs\",\"item\":\"https:\\\/\\\/www.univ-lorraine.fr\\\/travailler-a-l-ul\\\/recrutement-enseignants-chercheurs\\\/\"},{\"@type\":\"ListItem\",\"position\":3,\"name\":\"Enseignants du 1er et second degr\u00e9s\"}]},{\"@type\":\"WebSite\",\"@id\":\"https:\\\/\\\/www.univ-lorraine.fr\\\/travailler-a-l-ul\\\/#website\",\"url\":\"https:\\\/\\\/www.univ-lorraine.fr\\\/travailler-a-l-ul\\\/\",\"name\":\"Travailler \u00e0 l&#039;UL\",\"description\":\"\",\"publisher\":{\"@id\":\"https:\\\/\\\/www.univ-lorraine.fr\\\/travailler-a-l-ul\\\/#organization\"},\"potentialAction\":[{\"@type\":\"SearchAction\",\"target\":{\"@type\":\"EntryPoint\",\"urlTemplate\":\"https:\\\/\\\/www.univ-lorraine.fr\\\/travailler-a-l-ul\\\/?s={search_term_string}\"},\"query-input\":{\"@type\":\"PropertyValueSpecification\",\"valueRequired\":true,\"valueName\":\"search_term_string\"}}],\"inLanguage\":\"fr-FR\"},{\"@type\":\"Organization\",\"@id\":\"https:\\\/\\\/www.univ-lorraine.fr\\\/travailler-a-l-ul\\\/#organization\",\"name\":\"Universit\u00e9 de Lorraine\",\"url\":\"https:\\\/\\\/www.univ-lorraine.fr\\\/travailler-a-l-ul\\\/\",\"logo\":{\"@type\":\"ImageObject\",\"inLanguage\":\"fr-FR\",\"@id\":\"https:\\\/\\\/www.univ-lorraine.fr\\\/travailler-a-l-ul\\\/#\\\/schema\\\/logo\\\/image\\\/\",\"url\":\"https:\\\/\\\/www.univ-lorraine.fr\\\/travailler-a-l-ul\\\/wp-content\\\/uploads\\\/sites\\\/13\\\/2021\\\/01\\\/LOGO_UL.png\",\"contentUrl\":\"https:\\\/\\\/www.univ-lorraine.fr\\\/travailler-a-l-ul\\\/wp-content\\\/uploads\\\/sites\\\/13\\\/2021\\\/01\\\/LOGO_UL.png\",\"width\":138,\"height\":48,\"caption\":\"Universit\u00e9 de Lorraine\"},\"image\":{\"@id\":\"https:\\\/\\\/www.univ-lorraine.fr\\\/travailler-a-l-ul\\\/#\\\/schema\\\/logo\\\/image\\\/\"}}]}<\/script>\n<!-- \/ Yoast SEO plugin. -->","yoast_head_json":{"title":"Enseignants du 1er et second degr\u00e9s - Travailler \u00e0 l&#039;UL","robots":{"index":"index","follow":"follow","max-snippet":"max-snippet:-1","max-image-preview":"max-image-preview:large","max-video-preview":"max-video-preview:-1"},"canonical":"https:\/\/www.univ-lorraine.fr\/travailler-a-l-ul\/recrutement-enseignants-chercheurs\/enseignants-du-second-degre\/","og_locale":"fr_FR","og_type":"article","og_title":"Enseignants du 1er et second degr\u00e9s - Travailler \u00e0 l&#039;UL","og_description":"Affectation des personnels enseignant.e.s des premier et second degr\u00e9s dans l&rsquo;enseignement sup\u00e9rieur pour la rentr\u00e9e 2026 Bulletin officiel n\u00b0 28 du 10 juillet 2025 &#8211; Emplois et proc\u00e9dure d&rsquo;affectation dans les Etablissements d&rsquo;enseignement sup\u00e9rieur des personnels du second degr\u00e9 \u2013 Ann\u00e9e 2026 CAMPAGNE COMPLEMENTAIRE","og_url":"https:\/\/www.univ-lorraine.fr\/travailler-a-l-ul\/recrutement-enseignants-chercheurs\/enseignants-du-second-degre\/","og_site_name":"Travailler \u00e0 l&#039;UL","article_modified_time":"2026-03-09T15:54:43+00:00","twitter_card":"summary_large_image","twitter_misc":{"Dur\u00e9e de lecture estim\u00e9e":"6 minutes"},"schema":{"@context":"https:\/\/schema.org","@graph":[{"@type":"WebPage","@id":"https:\/\/www.univ-lorraine.fr\/travailler-a-l-ul\/recrutement-enseignants-chercheurs\/enseignants-du-second-degre\/","url":"https:\/\/www.univ-lorraine.fr\/travailler-a-l-ul\/recrutement-enseignants-chercheurs\/enseignants-du-second-degre\/","name":"Enseignants du 1er et second degr\u00e9s - Travailler \u00e0 l&#039;UL","isPartOf":{"@id":"https:\/\/www.univ-lorraine.fr\/travailler-a-l-ul\/#website"},"datePublished":"2021-04-13T08:22:33+00:00","dateModified":"2026-03-09T15:54:43+00:00","breadcrumb":{"@id":"https:\/\/www.univ-lorraine.fr\/travailler-a-l-ul\/recrutement-enseignants-chercheurs\/enseignants-du-second-degre\/#breadcrumb"},"inLanguage":"fr-FR","potentialAction":[{"@type":"ReadAction","target":["https:\/\/www.univ-lorraine.fr\/travailler-a-l-ul\/recrutement-enseignants-chercheurs\/enseignants-du-second-degre\/"]}]},{"@type":"BreadcrumbList","@id":"https:\/\/www.univ-lorraine.fr\/travailler-a-l-ul\/recrutement-enseignants-chercheurs\/enseignants-du-second-degre\/#breadcrumb","itemListElement":[{"@type":"ListItem","position":1,"name":"Accueil","item":"https:\/\/www.univ-lorraine.fr\/travailler-a-l-ul\/"},{"@type":"ListItem","position":2,"name":"Recrutements des enseignants et des enseignants chercheurs","item":"https:\/\/www.univ-lorraine.fr\/travailler-a-l-ul\/recrutement-enseignants-chercheurs\/"},{"@type":"ListItem","position":3,"name":"Enseignants du 1er et second degr\u00e9s"}]},{"@type":"WebSite","@id":"https:\/\/www.univ-lorraine.fr\/travailler-a-l-ul\/#website","url":"https:\/\/www.univ-lorraine.fr\/travailler-a-l-ul\/","name":"Travailler \u00e0 l&#039;UL","description":"","publisher":{"@id":"https:\/\/www.univ-lorraine.fr\/travailler-a-l-ul\/#organization"},"potentialAction":[{"@type":"SearchAction","target":{"@type":"EntryPoint","urlTemplate":"https:\/\/www.univ-lorraine.fr\/travailler-a-l-ul\/?s={search_term_string}"},"query-input":{"@type":"PropertyValueSpecification","valueRequired":true,"valueName":"search_term_string"}}],"inLanguage":"fr-FR"},{"@type":"Organization","@id":"https:\/\/www.univ-lorraine.fr\/travailler-a-l-ul\/#organization","name":"Universit\u00e9 de Lorraine","url":"https:\/\/www.univ-lorraine.fr\/travailler-a-l-ul\/","logo":{"@type":"ImageObject","inLanguage":"fr-FR","@id":"https:\/\/www.univ-lorraine.fr\/travailler-a-l-ul\/#\/schema\/logo\/image\/","url":"https:\/\/www.univ-lorraine.fr\/travailler-a-l-ul\/wp-content\/uploads\/sites\/13\/2021\/01\/LOGO_UL.png","contentUrl":"https:\/\/www.univ-lorraine.fr\/travailler-a-l-ul\/wp-content\/uploads\/sites\/13\/2021\/01\/LOGO_UL.png","width":138,"height":48,"caption":"Universit\u00e9 de Lorraine"},"image":{"@id":"https:\/\/www.univ-lorraine.fr\/travailler-a-l-ul\/#\/schema\/logo\/image\/"}}]}},"_links":{"self":[{"href":"https:\/\/www.univ-lorraine.fr\/travailler-a-l-ul\/wp-json\/wp\/v2\/pages\/363","targetHints":{"allow":["GET"]}}],"collection":[{"href":"https:\/\/www.univ-lorraine.fr\/travailler-a-l-ul\/wp-json\/wp\/v2\/pages"}],"about":[{"href":"https:\/\/www.univ-lorraine.fr\/travailler-a-l-ul\/wp-json\/wp\/v2\/types\/page"}],"author":[{"embeddable":true,"href":"https:\/\/www.univ-lorraine.fr\/travailler-a-l-ul\/wp-json\/wp\/v2\/users\/12"}],"replies":[{"embeddable":true,"href":"https:\/\/www.univ-lorraine.fr\/travailler-a-l-ul\/wp-json\/wp\/v2\/comments?post=363"}],"version-history":[{"count":69,"href":"https:\/\/www.univ-lorraine.fr\/travailler-a-l-ul\/wp-json\/wp\/v2\/pages\/363\/revisions"}],"predecessor-version":[{"id":11596,"href":"https:\/\/www.univ-lorraine.fr\/travailler-a-l-ul\/wp-json\/wp\/v2\/pages\/363\/revisions\/11596"}],"up":[{"embeddable":true,"href":"https:\/\/www.univ-lorraine.fr\/travailler-a-l-ul\/wp-json\/wp\/v2\/pages\/41"}],"wp:attachment":[{"href":"https:\/\/www.univ-lorraine.fr\/travailler-a-l-ul\/wp-json\/wp\/v2\/media?parent=363"}],"curies":[{"name":"wp","href":"https:\/\/api.w.org\/{rel}","templated":true}]}}