{"id":394,"date":"2021-04-13T11:32:46","date_gmt":"2021-04-13T09:32:46","guid":{"rendered":"https:\/\/www.univ-lorraine.fr\/travailler-a-l-ul\/?page_id=394"},"modified":"2026-04-23T16:15:57","modified_gmt":"2026-04-23T14:15:57","slug":"lecteurs-et-maitres-de-langue-etrangere","status":"publish","type":"page","link":"https:\/\/www.univ-lorraine.fr\/travailler-a-l-ul\/recrutement-enseignants-chercheurs\/lecteurs-et-maitres-de-langue-etrangere\/","title":{"rendered":"Lecteurs et ma\u00eetres de langue \u00e9trang\u00e8re"},"content":{"rendered":"<div class=\"gb-container gb-container-b23d2913\"><div class=\"gb-inside-container\">\n\n<h2 class=\"gb-headline gb-headline-9e0b94f1 gb-headline-text\">Postes ouvertes au recrutement<\/h2>\n\n\n\n<figure class=\"wp-block-table\"><table><thead><tr><th>Profil du poste<\/th><th>Date de prise de poste<\/th><th>Composante<\/th><th>Date limite de candidature<\/th><\/tr><\/thead><tbody><tr><td><strong>Lecteur.rice de Langue en Anglais<\/strong><br>R\u00e9f. du poste : 11LECT0767<br><br><a href=\"https:\/\/www.univ-lorraine.fr\/travailler-a-l-ul\/wp-content\/uploads\/sites\/13\/2026\/04\/fiche-de-poste-all-nancy_11lect0767.pdf\">T\u00e9l\u00e9charger la fiche de poste<\/a> (document PDF)<\/td><td>Temps plein, \u00e0 pourvoir au 01\/09\/2026<\/td><td>UFR ALL &#8211; Nancy<\/td><td><strong>Avant le 02\/05\/2026<\/strong><br><br>Merci d&rsquo;adresser vos candidatures \u00e0 : <a href=\"&#x6d;a&#x69;&#108;t&#x6f;&#58;&#x61;&#108;l&#x2d;&#110;&#x63;&#121;-&#x63;&#111;&#x6e;&#x74;a&#x63;&#116;&#64;&#x75;&#110;&#x69;&#118;-&#x6c;&#111;&#x72;&#114;a&#x69;&#110;&#x65;&#x2e;f&#x72;\" target=\"_blank\" rel=\"noreferrer noopener\">&#x61;&#108;&#x6c;&#45;n&#x63;&#121;-&#x63;&#111;&#x6e;&#x74;a&#x63;&#116;&#64;&#x75;&#110;&#x69;&#x76;-&#x6c;&#111;r&#x72;&#97;i&#x6e;&#101;&#x2e;&#102;r<\/a><\/td><\/tr><tr><td><strong>Lecteur.rice de Langue en Anglais<\/strong><br>R\u00e9f. du poste : 11LECT0768 <br><br><br><a href=\"https:\/\/www.univ-lorraine.fr\/travailler-a-l-ul\/wp-content\/uploads\/sites\/13\/2026\/04\/fiche-de-poste-all-nancy_11lect0768.pdf\">T\u00e9l\u00e9charger la fiche de poste<\/a> (document PDF)<\/td><td>Temps plein, \u00e0 pourvoir au 01\/09\/2026<\/td><td>UFR ALL &#8211; Nancy<\/td><td><br><strong>Avant le 02\/05\/2026<\/strong><br><br>Merci d&rsquo;adresser vos candidatures \u00e0 : <a href=\"&#x6d;&#x61;&#105;l&#x74;&#x6f;&#58;&#97;l&#x6c;&#x2d;&#110;&#99;y&#x2d;&#x63;&#111;nt&#x61;&#x63;&#116;&#64;&#x75;&#x6e;&#105;&#118;-&#x6c;&#x6f;&#114;&#114;a&#x69;&#x6e;&#101;&#46;f&#x72;\" target=\"_blank\" rel=\"noreferrer noopener\">&#x61;&#108;l&#x2d;&#110;c&#x79;&#45;c&#x6f;&#x6e;&#116;&#x61;&#x63;&#116;&#64;&#x75;&#110;i&#x76;&#45;l&#x6f;&#x72;&#114;&#x61;&#x69;&#110;e&#x2e;&#102;r<\/a><\/td><\/tr><tr><td><strong>Lecteur.rice de Langue en Anglais<\/strong><br>R\u00e9f. du poste : 11LECT0770 <br><br><br><a href=\"https:\/\/www.univ-lorraine.fr\/travailler-a-l-ul\/wp-content\/uploads\/sites\/13\/2026\/04\/fiche-de-poste-all-nancy_11lect0770.pdf\">T\u00e9l\u00e9charger la fiche de poste<\/a> (document PDF)<\/td><td>Temps plein, \u00e0 pourvoir au 01\/09\/2026<\/td><td>UFR ALL &#8211; Nancy<\/td><td><strong>Avant le 02\/05\/2026<\/strong><br><br>Merci d&rsquo;adresser vos candidatures \u00e0 : <a href=\"&#x6d;&#x61;&#x69;&#x6c;&#x74;&#x6f;&#x3a;&#x61;&#x6c;&#x6c;&#x2d;&#110;&#99;&#121;&#45;&#99;&#111;&#110;tact&#64;u&#x6e;&#x69;&#x76;&#x2d;&#x6c;&#x6f;&#x72;&#x72;&#x61;&#x69;&#x6e;&#x65;&#46;&#102;&#114;\" target=\"_blank\" rel=\"noreferrer noopener\">&#97;&#x6c;&#x6c;&#45;&#x6e;&#x63;y&#x2d;&#x63;o&#110;&#x74;a&#99;&#x74;&#64;&#117;&#x6e;i&#118;&#x2d;l&#111;&#x72;&#x72;&#97;&#x69;&#x6e;&#101;&#x2e;&#x66;r<\/a><\/td><\/tr><tr><td><strong>Ma\u00eetre.sse <strong>de Langue<\/strong> en Anglais <\/strong><br>R\u00e9f. du poste : 11ML0794<br><br><a href=\"https:\/\/www.univ-lorraine.fr\/travailler-a-l-ul\/wp-content\/uploads\/sites\/13\/2026\/04\/fiche-de-poste-all-nancy_11ml0794.pdf\">T\u00e9l\u00e9charger la fiche de poste<\/a> (document PDF)<\/td><td>Temps plein, \u00e0 pourvoir au 01\/09\/2026<\/td><td> UFR ALL &#8211; Nancy<\/td><td><strong>Avant le 02\/05\/2026<br><\/strong><br>Merci d&rsquo;adresser vos candidatures \u00e0 : <a href=\"m&#97;&#x69;&#x6c;t&#111;&#x3a;&#x61;l&#108;&#45;&#x6e;&#x63;y&#45;&#x63;&#x6f;n&#116;&#x61;&#x63;t&#64;&#117;&#x6e;&#x69;v&#45;&#x6c;&#x6f;r&#114;&#x61;&#x69;n&#101;&#46;&#x66;&#x72;\" target=\"_blank\" rel=\"noreferrer noopener\">&#97;&#x6c;&#108;&#x2d;n&#x63;y&#45;&#x63;&#111;&#x6e;&#116;&#x61;c&#x74;&#64;&#117;&#x6e;&#105;&#x76;-&#x6c;o&#x72;&#x72;&#97;&#x69;&#110;&#x65;&#46;&#x66;r<\/a><\/td><\/tr><tr><td><strong>Lecteur.rice de Langue en Anglais<\/strong><br>R\u00e9f. du poste : <br>12LECT0776<br><br><a href=\"https:\/\/www.univ-lorraine.fr\/travailler-a-l-ul\/wp-content\/uploads\/sites\/13\/2026\/04\/fiche-de-poste-all-nancy_12lect0776.pdf\">T\u00e9l\u00e9charger la fiche de poste<\/a> (document PDF)<\/td><td>Temps plein, \u00e0 pourvoir au 01\/09\/2026<\/td><td>UFR ALL &#8211; Nancy<\/td><td><strong>Avant le 02\/05\/2026<\/strong><br><br>Merci d&rsquo;adresser vos candidatures \u00e0 : <a href=\"&#109;&#97;&#x69;l&#116;&#x6f;&#x3a;a&#108;&#x6c;&#x2d;n&#99;&#x79;&#x2d;c&#111;&#x6e;&#x74;a&#99;&#x74;&#x40;u&#110;&#x69;v&#45;&#108;&#x6f;r&#114;&#x61;&#x69;n&#101;&#x2e;&#x66;r\" target=\"_blank\" rel=\"noreferrer noopener\">a&#108;&#108;&#x2d;&#x6e;&#x63;y&#45;&#99;&#x6f;&#x6e;&#x74;ac&#116;&#x40;&#x75;&#x6e;iv&#45;&#108;&#x6f;&#x72;&#x72;a&#105;&#110;&#x65;&#x2e;&#x66;r<\/a><\/td><\/tr><tr><td><strong>Lecteur.rice de Langue en Russe<\/strong><br>R\u00e9f. du poste : <br>13LECT0774<br><br><a href=\"https:\/\/www.univ-lorraine.fr\/travailler-a-l-ul\/wp-content\/uploads\/sites\/13\/2026\/04\/fiche-de-poste-all-nancy_13lect0774-1.pdf\">T\u00e9l\u00e9charger la fiche de poste<\/a> (document PDF)<br><br><\/td><td>300 HTP, \u00e0 pourvoir au 01\/09\/2026<\/td><td>UFR ALL &#8211; Nancy<\/td><td><strong>Avant le 02\/05\/2026<\/strong><br><br>Merci d&rsquo;adresser vos candidatures \u00e0 : <a href=\"mai&#108;&#116;&#111;&#58;&#x61;&#x6c;&#x6c;&#x2d;&#x6e;&#x63;&#x79;-co&#110;&#116;&#97;&#99;&#116;&#x40;&#x75;&#x6e;&#x69;&#x76;&#x2d;lorr&#97;&#105;&#110;&#101;&#x2e;&#x66;&#x72;\" target=\"_blank\" rel=\"noreferrer noopener\">&#x61;&#x6c;&#108;-&#x6e;&#x63;&#x79;&#45;c&#x6f;&#x6e;&#x74;&#97;c&#x74;&#x40;&#x75;&#110;i&#x76;&#x2d;&#x6c;&#111;r&#x72;&#x61;&#x69;&#110;e&#x2e;&#x66;&#x72;<\/a><\/td><\/tr><tr><td><strong>Lecteur.rice de Langue en Russe<\/strong><br>R\u00e9f. du poste : <br>13LECT0775<br><br><a href=\"https:\/\/www.univ-lorraine.fr\/travailler-a-l-ul\/wp-content\/uploads\/sites\/13\/2026\/04\/fiche-de-poste-all-nancy_13lect0775-1.pdf\">T\u00e9l\u00e9charger la fiche de poste<\/a> (document PDF)<\/td><td>300 HTP, \u00e0 pourvoir au 01\/09\/2026<\/td><td>UFR ALL &#8211; Nancy<\/td><td><br><strong>Avant le 02\/05\/2026<\/strong><br><br>Merci d&rsquo;adresser vos candidatures \u00e0 : <a href=\"&#109;a&#x69;l&#x74;o&#x3a;a&#x6c;l&#x2d;n&#x63;&#121;&#x2d;&#99;&#x6f;&#110;&#x74;&#97;&#x63;&#116;&#x40;&#117;&#x6e;&#105;v&#x2d;l&#x6f;r&#x72;a&#x69;n&#x65;&#46;&#x66;&#114;\" target=\"_blank\" rel=\"noreferrer noopener\">&#x61;&#x6c;&#x6c;&#x2d;&#x6e;&#x63;&#x79;&#x2d;&#x63;&#x6f;&#x6e;&#x74;&#x61;&#x63;&#x74;&#x40;&#x75;&#x6e;&#x69;&#x76;&#x2d;&#x6c;&#x6f;&#x72;&#x72;&#x61;&#x69;&#x6e;&#x65;&#x2e;&#x66;&#x72;<\/a><\/td><\/tr><tr><td><strong>Lecteur.rice de Langue en Espagnol<\/strong><br>R\u00e9f. du poste : <br>13LECT0787<br><br><a href=\"https:\/\/www.univ-lorraine.fr\/travailler-a-l-ul\/wp-content\/uploads\/sites\/13\/2026\/04\/fiche-de-poste-all-nancy_13lect0787.pdf\">T\u00e9l\u00e9charger la fiche de poste<\/a> (document PDF)<\/td><td>Temps plein, \u00e0 pourvoir au 01\/09\/2026<\/td><td>UFR ALL &#8211; Nancy<\/td><td><strong>Avant le 02\/05\/2026<\/strong><br><br>Merci d&rsquo;adresser vos candidatures \u00e0 : <a href=\"&#109;&#97;&#x69;l&#116;&#x6f;&#x3a;a&#108;&#x6c;&#x2d;n&#99;&#x79;-&#99;&#x6f;&#x6e;t&#97;&#x63;&#x74;&#64;&#117;&#x6e;i&#118;&#x2d;&#x6c;o&#114;&#x72;&#x61;i&#110;&#x65;&#x2e;&#102;&#114;\" target=\"_blank\" rel=\"noreferrer noopener\">al&#108;&#45;&#110;&#x63;&#x79;&#x2d;&#x63;&#x6f;nt&#97;&#99;&#116;&#x40;&#x75;&#x6e;&#x69;&#x76;-l&#111;&#114;&#114;&#x61;&#x69;&#x6e;&#x65;&#x2e;fr<\/a><\/td><\/tr><tr><td><strong>Lecteur.rice de Langue en Italien<\/strong><br>R\u00e9f. du poste : <br>14LECT0766<br><br><a href=\"https:\/\/www.univ-lorraine.fr\/travailler-a-l-ul\/wp-content\/uploads\/sites\/13\/2026\/04\/fiche-de-poste-all-nancy_14lect0766.pdf\">T\u00e9l\u00e9charger la fiche de poste<\/a> (document PDF)<\/td><td>Temps plein, \u00e0 pourvoir au 01\/09\/2026<\/td><td>UFR ALL &#8211; Nancy<\/td><td><strong>Avant le 10\/05\/2026<\/strong><br><br>Merci d&rsquo;adresser vos candidatures \u00e0 : <a href=\"&#x6d;&#97;i&#x6c;&#116;o&#x3a;&#97;l&#x6c;&#45;n&#x63;&#121;-&#x63;&#x6f;n&#x74;&#x61;&#99;&#x74;&#x40;&#117;&#x6e;&#x69;&#118;-&#x6c;&#111;r&#x72;&#97;i&#x6e;&#101;&#46;&#x66;&#114;\" target=\"_blank\" rel=\"noreferrer noopener\">&#x61;&#x6c;&#x6c;&#45;&#110;cy&#x2d;&#x63;&#x6f;&#110;&#116;ac&#x74;&#x40;&#x75;&#110;&#105;v-&#x6c;&#x6f;&#x72;&#114;&#97;in&#x65;&#x2e;&#x66;&#114;<\/a><br><a href=\"&#x6d;&#97;i&#x6c;&#x74;&#111;:&#x72;&#x61;&#99;h&#x65;&#x6c;&#46;m&#x6f;&#x6e;&#116;e&#x69;&#108;&#64;u&#x6e;&#105;v&#x2d;&#x6c;&#111;r&#x72;&#x61;&#105;n&#x65;&#x2e;&#102;r\" target=\"_blank\" rel=\"noreferrer noopener\">&#x72;&#97;&#99;&#x68;&#x65;&#108;&#46;&#x6d;&#x6f;&#110;&#116;&#x65;&#x69;&#108;&#64;&#x75;&#x6e;&#105;&#118;&#x2d;&#x6c;&#111;&#114;&#x72;&#x61;&#105;&#110;&#x65;&#x2e;&#102;&#114;<\/a> et <a href=\"m&#97;&#105;&#x6c;&#x74;o&#58;&#106;&#x6f;&#x73;&#x65;p&#104;&#46;&#x63;&#x61;de&#100;&#x64;&#x75;&#x40;u&#110;&#105;&#x76;&#x2d;lo&#114;&#x72;&#x61;&#x69;n&#101;&#46;&#x66;&#x72;\" target=\"_blank\" rel=\"noreferrer noopener\">j&#111;&#x73;&#x65;p&#104;&#46;&#x63;&#x61;d&#101;&#100;&#x64;&#x75;&#64;&#117;&#x6e;&#x69;&#x76;-&#108;&#x6f;&#x72;r&#97;&#105;&#x6e;&#x65;&#46;&#102;&#114;<\/a><\/td><\/tr><tr><td><strong>Lecteur.rice de Langue en Espagnol<\/strong><br>R\u00e9f. du poste : <br>14LECT0786<br><br><a href=\"https:\/\/www.univ-lorraine.fr\/travailler-a-l-ul\/wp-content\/uploads\/sites\/13\/2026\/04\/fiche-de-poste-all-nancy_14lect0786.pdf\">T\u00e9l\u00e9charger la fiche de poste<\/a> (document PDF)<\/td><td>Temps plein, \u00e0 pourvoir au 01\/09\/2026<\/td><td>UFR ALL &#8211; Nancy<\/td><td><strong>Avant le 02\/05\/2026<\/strong><br><br>Merci d&rsquo;adresser vos candidatures \u00e0 : <a href=\"&#x6d;&#x61;&#x69;&#x6c;&#x74;&#x6f;&#x3a;&#x61;&#x6c;&#x6c;&#x2d;&#x6e;&#x63;&#x79;&#x2d;&#x63;&#x6f;&#x6e;&#x74;&#x61;&#x63;&#x74;&#64;&#117;&#110;&#105;&#118;&#45;&#108;&#111;&#114;&#114;&#97;&#105;&#110;&#101;&#46;fr\" target=\"_blank\" rel=\"noreferrer noopener\">&#97;&#x6c;&#108;&#x2d;&#110;&#x63;&#121;&#x2d;&#99;&#x6f;&#110;&#x74;&#97;&#x63;&#116;&#x40;&#117;&#x6e;&#105;&#x76;&#45;&#x6c;&#111;&#x72;&#114;&#x61;i&#x6e;e&#x2e;f&#x72;<\/a><\/td><\/tr><tr><td><strong>Lecteur.rice de Langue en Anglais<\/strong><br>R\u00e9f. du poste : <br>11LECT0771<br><br><a href=\"https:\/\/www.univ-lorraine.fr\/travailler-a-l-ul\/wp-content\/uploads\/sites\/13\/2026\/04\/fiche-de-poste-lansad_11lect0771.pdf\">T\u00e9l\u00e9charger la fiche de poste<\/a> (document PDF)<\/td><td>Temps plein, \u00e0 pourvoir au 01\/09\/2026<\/td><td>UFR LANSAD &#8211; Nancy<\/td><td><strong>Avant le 02\/05\/2026 <\/strong><br><br>Merci d&rsquo;envoyer vos candidatures \u00e0 : <br><a href=\"m&#97;&#x69;&#x6c;t&#111;&#58;&#x6c;&#x61;n&#115;&#x61;&#x64;-&#115;&#101;&#x63;&#x72;e&#116;&#x61;&#x72;i&#97;&#116;&#x2d;&#x63;o&#110;&#x74;&#x61;c&#116;&#64;&#x75;&#x6e;i&#118;&#x2d;&#x6c;or&#114;&#x61;&#x69;n&#101;&#x2e;&#x66;&#x72;\" target=\"_blank\" rel=\"noreferrer noopener\">&#x6c;&#97;n&#x73;&#97;&#100;&#x2d;&#x73;&#101;c&#x72;&#101;t&#x61;&#x72;&#105;a&#x74;&#45;c&#x6f;&#x6e;&#116;a&#x63;&#116;&#64;&#x75;&#x6e;&#105;v&#x2d;&#108;o&#x72;&#x72;&#97;&#x69;&#x6e;&#101;&#46;&#x66;&#114;<\/a> <br><\/td><\/tr><tr><td><strong>Lecteur.rice de Langue en Anglais<\/strong><br>R\u00e9f. du poste : <br>11LECT0773<br><br><a href=\"https:\/\/www.univ-lorraine.fr\/travailler-a-l-ul\/wp-content\/uploads\/sites\/13\/2026\/04\/fiche-de-poste-lansad_11lect0773.pdf\">T\u00e9l\u00e9charger la fiche de poste<\/a> (document PDF)<\/td><td>Temps plein, \u00e0 pourvoir au 01\/09\/2026<\/td><td>UFR LANSAD &#8211; Nancy<\/td><td><strong>Avant le 02\/05\/2026 <\/strong><br><br>Merci d&rsquo;envoyer vos candidatures \u00e0 : <br><a href=\"&#x6d;&#x61;&#105;lt&#x6f;&#x3a;&#108;&#97;n&#x73;&#x61;&#100;&#45;s&#x65;&#x63;&#x72;&#101;ta&#x72;&#x69;&#97;&#116;-&#x63;&#x6f;&#110;&#116;a&#x63;&#x74;&#64;&#117;n&#x69;&#x76;&#x2d;&#108;or&#x72;&#x61;&#105;&#110;e&#x2e;&#x66;&#114;\" target=\"_blank\" rel=\"noreferrer noopener\">&#108;&#x61;&#110;&#x73;a&#100;&#x2d;&#115;&#x65;c&#x72;e&#116;&#x61;&#114;&#x69;a&#x74;&#x2d;&#99;&#x6f;n&#x74;a&#99;&#x74;&#64;&#x75;n&#x69;v&#45;&#x6c;&#111;&#x72;r&#97;&#x69;&#110;&#x65;&#46;&#x66;r<\/a> <\/td><\/tr><tr><td><strong>Lecteur.rice de Langue en Allemand<\/strong><br>R\u00e9f. du poste : <br>12LECT0781<br><br><a href=\"https:\/\/www.univ-lorraine.fr\/travailler-a-l-ul\/wp-content\/uploads\/sites\/13\/2026\/04\/fiche-de-poste-lansad_12lect0781.pdf\">T\u00e9l\u00e9charger la fiche de poste<\/a> (document PDF)<\/td><td>Temps plein, \u00e0 pourvoir au 01\/09\/2026<\/td><td>UFR LANSAD &#8211; Nancy et Metz<\/td><td><strong>Avant le 02\/05\/2026 <\/strong><br><br>Merci d&rsquo;envoyer vos candidatures \u00e0 : <br><a href=\"&#109;&#x61;i&#108;&#x74;o&#58;&#x6c;a&#110;&#x73;a&#100;&#x2d;s&#101;&#x63;r&#101;&#x74;a&#114;&#x69;a&#116;&#x2d;c&#111;&#x6e;t&#97;&#x63;t&#x40;&#x75;n&#x69;&#x76;&#45;&#x6c;&#x6f;&#114;&#x72;&#x61;&#105;&#x6e;&#x65;&#46;&#x66;&#x72;\" target=\"_blank\" rel=\"noreferrer noopener\">l&#97;&#x6e;&#x73;&#x61;d&#45;&#115;&#x65;&#x63;r&#101;&#116;&#x61;&#x72;ia&#116;&#x2d;&#x63;&#x6f;n&#116;&#x61;&#x63;&#x74;&#64;&#117;&#110;&#x69;&#x76;-&#108;&#111;&#x72;&#x72;ai&#110;&#x65;&#x2e;&#x66;r<\/a> <\/td><\/tr><tr><td><strong>Lecteur.rice de Langue en Anglais<\/strong><br>R\u00e9f. du poste : <br>11LECT0718<br><br><a href=\"https:\/\/www.univ-lorraine.fr\/travailler-a-l-ul\/wp-content\/uploads\/sites\/13\/2026\/04\/fiche-de-poste-11lect0718.pdf\">T\u00e9l\u00e9charger la fiche de poste<\/a> (document PDF)<\/td><td>Temps plein, \u00e0 pourvoir au 01\/10\/2026<\/td><td>UFR ALL &#8211; Metz<\/td><td><strong>Avant le 13\/05\/2026<\/strong><br><br>Merci d&rsquo;envoyer vos candidatures \u00e0 :<br><a href=\"ma&#105;&#108;&#116;&#x6f;&#x3a;&#x62;&#x72;ig&#105;&#116;&#116;&#x65;&#x2e;&#x7a;&#x61;ug&#103;&#64;&#117;&#x6e;&#x69;&#x76;&#x2d;lo&#114;&#114;&#97;&#x69;&#x6e;&#x65;&#x2e;fr\" target=\"_blank\" rel=\"noreferrer noopener\">&#98;&#x72;&#105;&#x67;&#105;&#x74;&#116;&#x65;&#46;&#x7a;&#97;&#x75;&#103;&#x67;&#64;&#x75;&#110;&#x69;&#118;&#x2d;&#108;&#x6f;&#114;&#x72;&#97;&#x69;&#110;&#x65;&#46;&#x66;&#114;<\/a> et&nbsp;<a href=\"&#109;&#x61;&#x69;l&#116;&#x6f;:&#99;&#x68;r&#105;&#x73;t&#101;&#x6c;&#x6c;&#101;&#x2e;&#x63;l&#97;&#x75;s&#101;&#x40;u&#110;&#x69;&#x76;&#45;&#x6c;&#x6f;r&#114;&#x61;i&#110;&#x65;&#46;&#102;&#x72;\" target=\"_blank\" rel=\"noreferrer noopener\">c&#104;&#x72;&#x69;&#x73;t&#101;&#x6c;&#x6c;&#x65;&#46;&#99;&#x6c;&#x61;&#x75;s&#101;&#x40;&#x75;&#x6e;i&#118;&#x2d;&#x6c;&#x6f;r&#114;&#x61;&#x69;&#x6e;e&#46;&#x66;&#x72;<\/a><\/td><\/tr><tr><td><strong>Lecteur.rice de Langue en Anglais<\/strong><br>R\u00e9f. du poste : <br>11LECT0725<br><br><a href=\"https:\/\/www.univ-lorraine.fr\/travailler-a-l-ul\/wp-content\/uploads\/sites\/13\/2026\/04\/fiche-de-poste-all-metz_11lect0725.pdf\">T\u00e9l\u00e9charger la fiche de poste<\/a> (document PDF)<\/td><td>Temps plein, \u00e0 pourvoir au 01\/09\/2026<\/td><td>UFR ALL &#8211; Metz<\/td><td><strong>Avant le 02\/05\/2026<\/strong><br><br>Merci d&rsquo;envoyer vos candidatures \u00e0 :<br><a href=\"m&#97;&#x69;&#x6c;&#x74;o&#58;&#x62;&#x72;&#x69;g&#105;&#x74;&#x74;&#x65;&#46;&#122;&#x61;&#x75;&#x67;g&#64;&#x75;&#x6e;&#x69;v&#45;&#x6c;&#x6f;&#x72;r&#97;&#x69;&#x6e;&#x65;&#46;&#102;&#x72;\" target=\"_blank\" rel=\"noreferrer noopener\">&#x62;&#x72;&#x69;&#x67;&#105;&#116;&#116;&#101;&#46;za&#x75;&#x67;&#x67;&#x40;&#x75;&#110;&#105;&#118;-lo&#x72;&#x72;&#x61;&#x69;&#x6e;&#101;&#46;&#102;r<\/a> et&nbsp;<a href=\"&#x6d;&#97;i&#x6c;&#x74;&#111;:&#x63;&#x68;&#114;i&#x73;&#116;e&#x6c;&#x6c;&#101;&#46;&#x63;&#x6c;&#97;u&#x73;&#101;&#64;&#x75;&#x6e;&#105;v&#x2d;&#x6c;&#111;r&#x72;&#97;&#105;n&#x65;&#46;f&#x72;\" target=\"_blank\" rel=\"noreferrer noopener\">&#x63;&#x68;&#114;&#105;s&#x74;&#x65;&#x6c;&#108;&#101;&#46;&#x63;&#x6c;&#x61;&#117;&#115;e&#x40;&#x75;&#x6e;&#105;&#118;-&#x6c;&#x6f;&#x72;&#114;ai&#x6e;&#x65;&#x2e;&#102;r<\/a><\/td><\/tr><tr><td><strong>Lecteur.rice de Langue en Allemand<\/strong><br>R\u00e9f. du poste : <br>12LECT0723<br><br><a href=\"https:\/\/www.univ-lorraine.fr\/travailler-a-l-ul\/wp-content\/uploads\/sites\/13\/2026\/04\/fiche-de-poste-all-metz_12lect0723.pdf\">T\u00e9l\u00e9charger la fiche de poste<\/a> (document PDF)<\/td><td>Temps plein, \u00e0 pourvoir au 01\/09\/2026<\/td><td>UFR ALL &#8211; Metz<\/td><td><strong>Avant le 13\/05\/2026 <\/strong><br><br>Merci d&rsquo;envoyer vos candidatures \u00e0 : <br>&#97;&#110;&#x6e;e&#46;&#x66;&#x65;l&#101;&#x72;&#x40;u&#110;&#x69;v&#45;&#x6c;&#x6f;r&#114;&#x61;&#x69;n&#101;&#x2e;f&#114; et <a href=\"&#x6d;&#97;&#x69;&#x6c;&#116;&#x6f;&#58;c&#x68;&#114;i&#x73;&#116;e&#x6c;&#108;e&#x2e;&#99;&#x6c;&#x61;&#117;&#x73;&#x65;&#64;&#x75;&#110;i&#x76;&#45;l&#x6f;&#114;r&#x61;&#105;n&#x65;&#46;&#x66;&#x72;\" target=\"_blank\" rel=\"noreferrer noopener\">&#x63;&#104;r&#x69;&#115;t&#x65;&#108;l&#x65;&#x2e;&#99;&#x6c;&#x61;&#117;s&#x65;&#64;u&#x6e;&#105;v&#x2d;&#x6c;&#111;&#x72;&#x72;&#97;i&#x6e;&#101;&#46;&#x66;&#114;<\/a><\/td><\/tr><tr><td><strong>Lecteur.rice de Langue en Anglais <\/strong><br>R\u00e9f. du poste : <br>11LECT0790 <br><br><a href=\"https:\/\/www.univ-lorraine.fr\/travailler-a-l-ul\/wp-content\/uploads\/sites\/13\/2026\/04\/11lect0790_lea.pdf\">T\u00e9l\u00e9charger la fiche de poste<\/a> (document PDF)<\/td><td>Temps plein, \u00e0 pourvoir au 01\/09\/2026<\/td><td>UFR ALL &#8211; Nancy<\/td><td><strong>Avant le 01\/05\/2026<\/strong><br><br>Merci d&rsquo;envoyer vos candidatures \u00e0 :<br><br><a href=\"&#x61;l&#x6c;&#45;&#x6e;&#x63;y&#x2d;&#99;&#x6f;&#x6e;t&#x61;&#99;&#x74;&#x40;l&#x6f;&#114;&#x72;&#x61;i&#x6e;&#101;&#x2e;&#x66;r\">&#x61;&#108;&#108;&#x2d;&#x6e;&#99;&#121;&#x2d;&#x63;&#111;&#110;&#x74;&#x61;&#99;&#116;&#x40;&#x6c;&#111;&#114;&#x72;&#x61;&#105;&#110;&#x65;&#x2e;&#102;&#114; <\/a><\/td><\/tr><tr><td><strong>Ma\u00eetre.sse <strong>de Langue<\/strong> en Anglais <\/strong><br>R\u00e9f. du poste : <br>11ML0795<br><br><a href=\"https:\/\/www.univ-lorraine.fr\/travailler-a-l-ul\/wp-content\/uploads\/sites\/13\/2026\/04\/11ml0795_lea.pdf\">T\u00e9l\u00e9charger la fiche de poste<\/a> (document PDF)<\/td><td>Temps plein, \u00e0 pourvoir au 01\/09\/2026<\/td><td>UFR ALL &#8211; Nancy<\/td><td><strong>Avant le 01\/05\/2026<\/strong><br><br>Merci d&rsquo;envoyer vos candidatures \u00e0 :<br><br><a href=\"&#97;&#x6c;&#x6c;-&#110;&#x63;y&#45;&#x63;&#x6f;n&#116;&#x61;c&#116;&#x40;&#x6c;o&#114;&#x72;a&#105;&#x6e;&#x65;&#46;&#102;&#x72;\">all&#45;&#110;&#99;&#x79;&#x2d;&#x63;&#x6f;&#x6e;&#x74;act&#64;&#108;&#111;&#114;&#x72;&#x61;&#x69;&#x6e;&#x65;&#x2e;fr <\/a><\/td><\/tr><tr><td><strong>Ma\u00eetre.sse <strong>de Langue<\/strong> en Anglais <\/strong><br>R\u00e9f. du poste : <br>16734<br><br><a href=\"https:\/\/www.univ-lorraine.fr\/travailler-a-l-ul\/wp-content\/uploads\/sites\/13\/2026\/04\/fiche-de-poste_maitre-de-langues-poste-16734-ml-.pdf\">T\u00e9l\u00e9charger la fiche de poste<\/a> (document PDF)<\/td><td>288 heures TP ou 192 heures TD, \u00e0 pourvoir au 01\/10\/2026<br><\/td><td>UFR ALL &#8211; Metz <\/td><td><strong>Avant le 04\/05\/2026<\/strong><br><br>Merci d&rsquo;envoyer vos candidatures \u00e0 : <br><a href=\"&#99;&#x68;&#114;&#x69;s&#x74;e&#108;&#x6c;&#101;&#x2e;c&#x6c;a&#117;&#x73;&#101;&#x40;u&#x6e;i&#118;&#x2d;&#108;&#x6f;r&#x72;a&#105;&#x6e;&#101;&#x2e;f&#x72;\">&#99;&#x68;r&#x69;&#x73;&#116;&#x65;l&#x6c;&#x65;&#46;&#x63;l&#x61;&#x75;&#115;&#x65;&#64;&#x75;&#x6e;&#105;&#x76;-&#x6c;&#x6f;&#114;&#x72;a&#x69;&#x6e;&#101;&#x2e;f&#x72;<\/a> et <br><a href=\"&#x61;d&#x61;&#109;&#x2e;&#119;i&#x6c;&#115;&#x6f;&#110;&#64;&#x75;&#110;&#x69;&#118;-&#x6c;o&#x72;&#114;&#x61;&#x69;n&#x65;&#46;&#x66;&#114;\">&#97;&#x64;&#97;&#x6d;&#46;&#x77;i&#x6c;s&#x6f;n&#64;&#x75;&#110;&#x69;&#118;&#x2d;&#108;&#x6f;r&#x72;a&#x69;n&#101;&#x2e;&#102;&#x72;<\/a><\/td><\/tr><tr><td><strong>Ma\u00eetre.sse <strong>de Langue<\/strong> en Anglais <\/strong><br>R\u00e9f. du poste : <br>16733<br><br><a href=\"https:\/\/www.univ-lorraine.fr\/travailler-a-l-ul\/wp-content\/uploads\/sites\/13\/2026\/04\/fiche-de-poste_maitre-de-langues-poste-16733-ml-.pdf\">T\u00e9l\u00e9charger la fiche de poste<\/a> (document PDF)<\/td><td>288 heures TP ou 192 heures TD, \u00e0 pourvoir au 01\/10\/2026<\/td><td>UFR ALL &#8211; Metz <\/td><td><strong>Avant le 04\/05\/2026<\/strong><br><br>Merci d&rsquo;envoyer vos candidatures \u00e0 : <br><a href=\"c&#104;&#114;&#x69;&#x73;&#x74;e&#108;&#108;&#x65;&#x2e;&#x63;la&#117;&#x73;&#x65;&#x40;un&#105;&#118;&#x2d;&#x6c;&#x6f;r&#114;&#97;&#x69;&#x6e;&#x65;&#46;&#102;&#114;\">ch&#114;&#105;&#115;&#x74;&#x65;&#x6c;&#x6c;e&#46;&#99;&#108;&#97;&#x75;&#x73;&#x65;&#x40;un&#105;&#118;&#45;&#x6c;&#x6f;&#x72;&#x72;ai&#110;&#101;&#46;&#x66;&#x72;<\/a> et <br><a href=\"&#x61;&#x64;&#x61;&#x6d;&#x2e;&#x77;&#105;&#108;&#115;&#111;n&#64;un&#x69;&#x76;&#x2d;&#x6c;&#x6f;&#x72;&#114;&#97;&#105;&#110;&#101;&#46;fr\">&#x61;&#100;a&#x6d;&#x2e;&#119;i&#x6c;&#x73;&#111;n&#x40;&#117;n&#x69;&#x76;&#45;l&#x6f;&#x72;&#114;a&#x69;&#110;&#101;&#x2e;&#x66;&#114;<\/a><\/td><\/tr><\/tbody><\/table><\/figure>\n\n<\/div><\/div>\n\n\n<p><\/p>\n\n\n\n<p><\/p>\n","protected":false},"excerpt":{"rendered":"<p>Postes ouvertes au recrutement Profil du poste Date de prise de poste Composante Date limite de candidature Lecteur.rice de Langue en AnglaisR\u00e9f. du poste : 11LECT0767 T\u00e9l\u00e9charger la fiche de poste (document PDF) Temps plein, \u00e0 pourvoir au 01\/09\/2026 UFR ALL &#8211; Nancy Avant le 02\/05\/2026 Merci d&rsquo;adresser vos candidatures \u00e0 : &#x61;&#108;&#x6c;&#x2d;n&#x63;&#121;-&#x63;&#111;n&#x74;&#97;&#x63;&#x74;&#64;&#x75;&#110;i&#x76;&#45;l&#x6f;&#114;&#x72;&#x61;&#105;&#x6e;&#x65;&#46;&#x66;&#114; Lecteur.rice de &#8230; <a title=\"Lecteurs et ma\u00eetres de langue \u00e9trang\u00e8re\" class=\"read-more\" href=\"https:\/\/www.univ-lorraine.fr\/travailler-a-l-ul\/recrutement-enseignants-chercheurs\/lecteurs-et-maitres-de-langue-etrangere\/\" aria-label=\"En savoir plus sur Lecteurs et ma\u00eetres de langue \u00e9trang\u00e8re\">Lire plus<\/a><\/p>\n","protected":false},"author":12,"featured_media":0,"parent":41,"menu_order":0,"comment_status":"closed","ping_status":"closed","template":"","meta":{"inline_featured_image":false,"footnotes":""},"class_list":["post-394","page","type-page","status-publish"],"yoast_head":"<!-- This site is optimized with the Yoast SEO plugin v27.4 - https:\/\/yoast.com\/product\/yoast-seo-wordpress\/ -->\n<title>Lecteurs et ma\u00eetres de langue \u00e9trang\u00e8re - Travailler \u00e0 l&#039;UL<\/title>\n<meta name=\"robots\" content=\"index, follow, max-snippet:-1, max-image-preview:large, max-video-preview:-1\" \/>\n<link rel=\"canonical\" href=\"https:\/\/www.univ-lorraine.fr\/travailler-a-l-ul\/recrutement-enseignants-chercheurs\/lecteurs-et-maitres-de-langue-etrangere\/\" \/>\n<meta property=\"og:locale\" content=\"fr_FR\" \/>\n<meta property=\"og:type\" content=\"article\" \/>\n<meta property=\"og:title\" content=\"Lecteurs et ma\u00eetres de langue \u00e9trang\u00e8re - Travailler \u00e0 l&#039;UL\" \/>\n<meta property=\"og:description\" content=\"Postes ouvertes au recrutement Profil du poste Date de prise de poste Composante Date limite de candidature Lecteur.rice de Langue en AnglaisR\u00e9f. du poste : 11LECT0767 T\u00e9l\u00e9charger la fiche de poste (document PDF) Temps plein, \u00e0 pourvoir au 01\/09\/2026 UFR ALL &#8211; Nancy Avant le 02\/05\/2026 Merci d&rsquo;adresser vos candidatures \u00e0 : &#097;&#x6c;&#x6c;-&#110;&#x63;y&#045;&#x63;o&#110;&#x74;a&#099;&#x74;&#x40;&#117;&#x6e;&#x69;v&#045;&#x6c;o&#114;&#x72;a&#105;&#x6e;&#x65;&#046;&#x66;&#x72; Lecteur.rice de ... Lire plus\" \/>\n<meta property=\"og:url\" content=\"https:\/\/www.univ-lorraine.fr\/travailler-a-l-ul\/recrutement-enseignants-chercheurs\/lecteurs-et-maitres-de-langue-etrangere\/\" \/>\n<meta property=\"og:site_name\" content=\"Travailler \u00e0 l&#039;UL\" \/>\n<meta property=\"article:modified_time\" content=\"2026-04-23T14:15:57+00:00\" \/>\n<meta name=\"twitter:card\" content=\"summary_large_image\" \/>\n<meta name=\"twitter:label1\" content=\"Dur\u00e9e de lecture estim\u00e9e\" \/>\n\t<meta name=\"twitter:data1\" content=\"4 minutes\" \/>\n<script type=\"application\/ld+json\" class=\"yoast-schema-graph\">{\"@context\":\"https:\\\/\\\/schema.org\",\"@graph\":[{\"@type\":\"WebPage\",\"@id\":\"https:\\\/\\\/www.univ-lorraine.fr\\\/travailler-a-l-ul\\\/recrutement-enseignants-chercheurs\\\/lecteurs-et-maitres-de-langue-etrangere\\\/\",\"url\":\"https:\\\/\\\/www.univ-lorraine.fr\\\/travailler-a-l-ul\\\/recrutement-enseignants-chercheurs\\\/lecteurs-et-maitres-de-langue-etrangere\\\/\",\"name\":\"Lecteurs et ma\u00eetres de langue \u00e9trang\u00e8re - Travailler \u00e0 l&#039;UL\",\"isPartOf\":{\"@id\":\"https:\\\/\\\/www.univ-lorraine.fr\\\/travailler-a-l-ul\\\/#website\"},\"datePublished\":\"2021-04-13T09:32:46+00:00\",\"dateModified\":\"2026-04-23T14:15:57+00:00\",\"breadcrumb\":{\"@id\":\"https:\\\/\\\/www.univ-lorraine.fr\\\/travailler-a-l-ul\\\/recrutement-enseignants-chercheurs\\\/lecteurs-et-maitres-de-langue-etrangere\\\/#breadcrumb\"},\"inLanguage\":\"fr-FR\",\"potentialAction\":[{\"@type\":\"ReadAction\",\"target\":[\"https:\\\/\\\/www.univ-lorraine.fr\\\/travailler-a-l-ul\\\/recrutement-enseignants-chercheurs\\\/lecteurs-et-maitres-de-langue-etrangere\\\/\"]}]},{\"@type\":\"BreadcrumbList\",\"@id\":\"https:\\\/\\\/www.univ-lorraine.fr\\\/travailler-a-l-ul\\\/recrutement-enseignants-chercheurs\\\/lecteurs-et-maitres-de-langue-etrangere\\\/#breadcrumb\",\"itemListElement\":[{\"@type\":\"ListItem\",\"position\":1,\"name\":\"Accueil\",\"item\":\"https:\\\/\\\/www.univ-lorraine.fr\\\/travailler-a-l-ul\\\/\"},{\"@type\":\"ListItem\",\"position\":2,\"name\":\"Recrutements des enseignants et des enseignants chercheurs\",\"item\":\"https:\\\/\\\/www.univ-lorraine.fr\\\/travailler-a-l-ul\\\/recrutement-enseignants-chercheurs\\\/\"},{\"@type\":\"ListItem\",\"position\":3,\"name\":\"Lecteurs et ma\u00eetres de langue \u00e9trang\u00e8re\"}]},{\"@type\":\"WebSite\",\"@id\":\"https:\\\/\\\/www.univ-lorraine.fr\\\/travailler-a-l-ul\\\/#website\",\"url\":\"https:\\\/\\\/www.univ-lorraine.fr\\\/travailler-a-l-ul\\\/\",\"name\":\"Travailler \u00e0 l&#039;UL\",\"description\":\"\",\"publisher\":{\"@id\":\"https:\\\/\\\/www.univ-lorraine.fr\\\/travailler-a-l-ul\\\/#organization\"},\"potentialAction\":[{\"@type\":\"SearchAction\",\"target\":{\"@type\":\"EntryPoint\",\"urlTemplate\":\"https:\\\/\\\/www.univ-lorraine.fr\\\/travailler-a-l-ul\\\/?s={search_term_string}\"},\"query-input\":{\"@type\":\"PropertyValueSpecification\",\"valueRequired\":true,\"valueName\":\"search_term_string\"}}],\"inLanguage\":\"fr-FR\"},{\"@type\":\"Organization\",\"@id\":\"https:\\\/\\\/www.univ-lorraine.fr\\\/travailler-a-l-ul\\\/#organization\",\"name\":\"Universit\u00e9 de Lorraine\",\"url\":\"https:\\\/\\\/www.univ-lorraine.fr\\\/travailler-a-l-ul\\\/\",\"logo\":{\"@type\":\"ImageObject\",\"inLanguage\":\"fr-FR\",\"@id\":\"https:\\\/\\\/www.univ-lorraine.fr\\\/travailler-a-l-ul\\\/#\\\/schema\\\/logo\\\/image\\\/\",\"url\":\"https:\\\/\\\/www.univ-lorraine.fr\\\/travailler-a-l-ul\\\/wp-content\\\/uploads\\\/sites\\\/13\\\/2021\\\/01\\\/LOGO_UL.png\",\"contentUrl\":\"https:\\\/\\\/www.univ-lorraine.fr\\\/travailler-a-l-ul\\\/wp-content\\\/uploads\\\/sites\\\/13\\\/2021\\\/01\\\/LOGO_UL.png\",\"width\":138,\"height\":48,\"caption\":\"Universit\u00e9 de Lorraine\"},\"image\":{\"@id\":\"https:\\\/\\\/www.univ-lorraine.fr\\\/travailler-a-l-ul\\\/#\\\/schema\\\/logo\\\/image\\\/\"}}]}<\/script>\n<!-- \/ Yoast SEO plugin. -->","yoast_head_json":{"title":"Lecteurs et ma\u00eetres de langue \u00e9trang\u00e8re - Travailler \u00e0 l&#039;UL","robots":{"index":"index","follow":"follow","max-snippet":"max-snippet:-1","max-image-preview":"max-image-preview:large","max-video-preview":"max-video-preview:-1"},"canonical":"https:\/\/www.univ-lorraine.fr\/travailler-a-l-ul\/recrutement-enseignants-chercheurs\/lecteurs-et-maitres-de-langue-etrangere\/","og_locale":"fr_FR","og_type":"article","og_title":"Lecteurs et ma\u00eetres de langue \u00e9trang\u00e8re - Travailler \u00e0 l&#039;UL","og_description":"Postes ouvertes au recrutement Profil du poste Date de prise de poste Composante Date limite de candidature Lecteur.rice de Langue en AnglaisR\u00e9f. du poste : 11LECT0767 T\u00e9l\u00e9charger la fiche de poste (document PDF) Temps plein, \u00e0 pourvoir au 01\/09\/2026 UFR ALL &#8211; Nancy Avant le 02\/05\/2026 Merci d&rsquo;adresser vos candidatures \u00e0 : &#97;&#x6c;&#x6c;-&#110;&#x63;y&#45;&#x63;o&#110;&#x74;a&#99;&#x74;&#x40;&#117;&#x6e;&#x69;v&#45;&#x6c;o&#114;&#x72;a&#105;&#x6e;&#x65;&#46;&#x66;&#x72; Lecteur.rice de ... Lire plus","og_url":"https:\/\/www.univ-lorraine.fr\/travailler-a-l-ul\/recrutement-enseignants-chercheurs\/lecteurs-et-maitres-de-langue-etrangere\/","og_site_name":"Travailler \u00e0 l&#039;UL","article_modified_time":"2026-04-23T14:15:57+00:00","twitter_card":"summary_large_image","twitter_misc":{"Dur\u00e9e de lecture estim\u00e9e":"4 minutes"},"schema":{"@context":"https:\/\/schema.org","@graph":[{"@type":"WebPage","@id":"https:\/\/www.univ-lorraine.fr\/travailler-a-l-ul\/recrutement-enseignants-chercheurs\/lecteurs-et-maitres-de-langue-etrangere\/","url":"https:\/\/www.univ-lorraine.fr\/travailler-a-l-ul\/recrutement-enseignants-chercheurs\/lecteurs-et-maitres-de-langue-etrangere\/","name":"Lecteurs et ma\u00eetres de langue \u00e9trang\u00e8re - Travailler \u00e0 l&#039;UL","isPartOf":{"@id":"https:\/\/www.univ-lorraine.fr\/travailler-a-l-ul\/#website"},"datePublished":"2021-04-13T09:32:46+00:00","dateModified":"2026-04-23T14:15:57+00:00","breadcrumb":{"@id":"https:\/\/www.univ-lorraine.fr\/travailler-a-l-ul\/recrutement-enseignants-chercheurs\/lecteurs-et-maitres-de-langue-etrangere\/#breadcrumb"},"inLanguage":"fr-FR","potentialAction":[{"@type":"ReadAction","target":["https:\/\/www.univ-lorraine.fr\/travailler-a-l-ul\/recrutement-enseignants-chercheurs\/lecteurs-et-maitres-de-langue-etrangere\/"]}]},{"@type":"BreadcrumbList","@id":"https:\/\/www.univ-lorraine.fr\/travailler-a-l-ul\/recrutement-enseignants-chercheurs\/lecteurs-et-maitres-de-langue-etrangere\/#breadcrumb","itemListElement":[{"@type":"ListItem","position":1,"name":"Accueil","item":"https:\/\/www.univ-lorraine.fr\/travailler-a-l-ul\/"},{"@type":"ListItem","position":2,"name":"Recrutements des enseignants et des enseignants chercheurs","item":"https:\/\/www.univ-lorraine.fr\/travailler-a-l-ul\/recrutement-enseignants-chercheurs\/"},{"@type":"ListItem","position":3,"name":"Lecteurs et ma\u00eetres de langue \u00e9trang\u00e8re"}]},{"@type":"WebSite","@id":"https:\/\/www.univ-lorraine.fr\/travailler-a-l-ul\/#website","url":"https:\/\/www.univ-lorraine.fr\/travailler-a-l-ul\/","name":"Travailler \u00e0 l&#039;UL","description":"","publisher":{"@id":"https:\/\/www.univ-lorraine.fr\/travailler-a-l-ul\/#organization"},"potentialAction":[{"@type":"SearchAction","target":{"@type":"EntryPoint","urlTemplate":"https:\/\/www.univ-lorraine.fr\/travailler-a-l-ul\/?s={search_term_string}"},"query-input":{"@type":"PropertyValueSpecification","valueRequired":true,"valueName":"search_term_string"}}],"inLanguage":"fr-FR"},{"@type":"Organization","@id":"https:\/\/www.univ-lorraine.fr\/travailler-a-l-ul\/#organization","name":"Universit\u00e9 de Lorraine","url":"https:\/\/www.univ-lorraine.fr\/travailler-a-l-ul\/","logo":{"@type":"ImageObject","inLanguage":"fr-FR","@id":"https:\/\/www.univ-lorraine.fr\/travailler-a-l-ul\/#\/schema\/logo\/image\/","url":"https:\/\/www.univ-lorraine.fr\/travailler-a-l-ul\/wp-content\/uploads\/sites\/13\/2021\/01\/LOGO_UL.png","contentUrl":"https:\/\/www.univ-lorraine.fr\/travailler-a-l-ul\/wp-content\/uploads\/sites\/13\/2021\/01\/LOGO_UL.png","width":138,"height":48,"caption":"Universit\u00e9 de Lorraine"},"image":{"@id":"https:\/\/www.univ-lorraine.fr\/travailler-a-l-ul\/#\/schema\/logo\/image\/"}}]}},"_links":{"self":[{"href":"https:\/\/www.univ-lorraine.fr\/travailler-a-l-ul\/wp-json\/wp\/v2\/pages\/394","targetHints":{"allow":["GET"]}}],"collection":[{"href":"https:\/\/www.univ-lorraine.fr\/travailler-a-l-ul\/wp-json\/wp\/v2\/pages"}],"about":[{"href":"https:\/\/www.univ-lorraine.fr\/travailler-a-l-ul\/wp-json\/wp\/v2\/types\/page"}],"author":[{"embeddable":true,"href":"https:\/\/www.univ-lorraine.fr\/travailler-a-l-ul\/wp-json\/wp\/v2\/users\/12"}],"replies":[{"embeddable":true,"href":"https:\/\/www.univ-lorraine.fr\/travailler-a-l-ul\/wp-json\/wp\/v2\/comments?post=394"}],"version-history":[{"count":70,"href":"https:\/\/www.univ-lorraine.fr\/travailler-a-l-ul\/wp-json\/wp\/v2\/pages\/394\/revisions"}],"predecessor-version":[{"id":11935,"href":"https:\/\/www.univ-lorraine.fr\/travailler-a-l-ul\/wp-json\/wp\/v2\/pages\/394\/revisions\/11935"}],"up":[{"embeddable":true,"href":"https:\/\/www.univ-lorraine.fr\/travailler-a-l-ul\/wp-json\/wp\/v2\/pages\/41"}],"wp:attachment":[{"href":"https:\/\/www.univ-lorraine.fr\/travailler-a-l-ul\/wp-json\/wp\/v2\/media?parent=394"}],"curies":[{"name":"wp","href":"https:\/\/api.w.org\/{rel}","templated":true}]}}