{"id":8702,"date":"2024-03-04T14:19:55","date_gmt":"2024-03-04T13:19:55","guid":{"rendered":"https:\/\/www.univ-lorraine.fr\/travailler-a-l-ul\/?page_id=8702"},"modified":"2026-04-09T15:51:45","modified_gmt":"2026-04-09T13:51:45","slug":"recrutements-directs","status":"publish","type":"page","link":"https:\/\/www.univ-lorraine.fr\/travailler-a-l-ul\/recrutement-personnels-biatss\/recrutements-directs\/","title":{"rendered":"Recrutements directs"},"content":{"rendered":"<div class=\"gb-container gb-container-9d251a22\">\n<div class=\"gb-container gb-container-442bc752\">\n<div class=\"gb-container gb-container-ea80db87\">\n<div class=\"gb-container gb-container-3c5a1508\">\n\n<h2 class=\"gb-headline gb-headline-c2ec0935 gb-headline-text\">3 postes de cat\u00e9gorie C sont ouverts aux recrutements directs<\/h2>\n\n\n\n<p><strong><strong>Les inscriptions sont ouvertes du 8 avril 2026 au 3 mai 2026.<\/strong><\/strong><\/p>\n\n\n\n<p><\/p>\n\n\n\n<p>Le recrutement direct permet d\u2019\u00eatre titularis\u00e9 sans passer de concours. Il est propos\u00e9 pour certains emplois de cat\u00e9gorie C uniquement. <\/p>\n\n\n\n<p><strong>Attention : aucun dossier ne sera accept\u00e9 avant ou apr\u00e8s la campagne de recrutement.<\/strong><\/p>\n\n<\/div>\n\n<div class=\"gb-container gb-container-404732e4\">\n\n<h2 class=\"gb-headline gb-headline-9dc0fdb7\"><span class=\"gb-icon\"><svg aria-hidden=\"true\" role=\"img\" height=\"1em\" width=\"1em\" viewBox=\"0 0 640 512\" xmlns=\"http:\/\/www.w3.org\/2000\/svg\"><path fill=\"currentColor\" d=\"M497.941 225.941L286.059 14.059A48 48 0 0 0 252.118 0H48C21.49 0 0 21.49 0 48v204.118a48 48 0 0 0 14.059 33.941l211.882 211.882c18.744 18.745 49.136 18.746 67.882 0l204.118-204.118c18.745-18.745 18.745-49.137 0-67.882zM112 160c-26.51 0-48-21.49-48-48s21.49-48 48-48 48 21.49 48 48-21.49 48-48 48zm513.941 133.823L421.823 497.941c-18.745 18.745-49.137 18.745-67.882 0l-.36-.36L527.64 323.522c16.999-16.999 26.36-39.6 26.36-63.64s-9.362-46.641-26.36-63.64L331.397 0h48.721a48 48 0 0 1 33.941 14.059l211.882 211.882c18.745 18.745 18.745 49.137 0 67.882z\"><\/path><\/svg><\/span><span class=\"gb-headline-text\">Liens utiles<\/span><\/h2>\n\n\n\n<div class=\"wp-block-buttons alignwide is-vertical is-content-justification-left is-layout-flex wp-container-core-buttons-is-layout-aacc3761 wp-block-buttons-is-layout-flex\">\n<div class=\"wp-block-button\"><a class=\"wp-block-button__link wp-element-button\" href=\"https:\/\/www.enseignementsup-recherche.gouv.fr\/fr\/recrutements\/itrf\/sans-concours\" target=\"_blank\" rel=\"noreferrer noopener\">Minist\u00e8re de l\u2019Enseignement Sup\u00e9rieur et de la Recherche<\/a><\/div>\n<\/div>\n\n<\/div>\n<\/div>\n<\/div>\n<\/div>\n\n\n<div class=\"wp-block-pb-accordion-item c-accordion__item js-accordion-item no-js\" data-initially-open=\"false\" data-click-to-close=\"true\" data-auto-close=\"true\" data-scroll=\"false\" data-scroll-offset=\"0\"><h2 id=\"at-87020\" class=\"c-accordion__title js-accordion-controller\" role=\"button\"><strong>Conditions d\u2019inscription et de recevabilit\u00e9 des candidatures<\/strong><\/h2><div id=\"ac-87020\" class=\"c-accordion__content\">\n<h3 class=\"gb-headline gb-headline-d847f707 gb-headline-text\"><strong>Conditions g\u00e9n\u00e9rales<\/strong>&nbsp;<\/h3>\n\n\n\n<ul class=\"wp-block-list\">\n<li>\u00eatre de nationalit\u00e9 fran\u00e7aise (notamment pour les m\u00e9tiers li\u00e9s \u00e0 la d\u00e9fense ou de la justice) ou ressortissant d\u2019un \u00c9tat membre de l\u2019UE ;&nbsp;<\/li>\n\n\n\n<li>jouir de vos droits civiques ;&nbsp;<\/li>\n\n\n\n<li>ne pas avoir \u00e9t\u00e9 condamn\u00e9 ;&nbsp;<\/li>\n\n\n\n<li>\u00eatre en r\u00e8gle vis-\u00e0-vis des obligations du service national.&nbsp;<\/li>\n<\/ul>\n\n\n\n<p>Aucun dipl\u00f4me n\u2019est exig\u00e9 pour ce recrutement.<\/p>\n<\/div><\/div>\n\n\n\n<div class=\"wp-block-pb-accordion-item c-accordion__item js-accordion-item no-js\" data-initially-open=\"false\" data-click-to-close=\"true\" data-auto-close=\"true\" data-scroll=\"false\" data-scroll-offset=\"0\"><h3 id=\"at-87021\" class=\"c-accordion__title js-accordion-controller\" role=\"button\"><strong>Calendrier de la session 2026<\/strong><\/h3><div id=\"ac-87021\" class=\"c-accordion__content\">\n<p><strong><strong>Les inscriptions sont ouvertes du 8 avril 2026 au 3 mai 2026.<\/strong><\/strong> <strong>La date de cl\u00f4ture des registres d\u2019inscriptions est \u00e9galement la date limite d\u2019envoi des dossiers par e-mail.&nbsp;<\/strong><\/p>\n\n\n\n<ul class=\"wp-block-list\">\n<li>Admissibilit\u00e9 (\u00e9tude des dossiers) : avril \u00e0 mai 2026&nbsp;<\/li>\n\n\n\n<li>Admission (entretiens) : mai 2026<\/li>\n\n\n\n<li>Affectation : 1er septembre 2026<\/li>\n<\/ul>\n<\/div><\/div>\n\n\n\n<div class=\"wp-block-pb-accordion-item c-accordion__item js-accordion-item no-js\" data-initially-open=\"false\" data-click-to-close=\"true\" data-auto-close=\"true\" data-scroll=\"false\" data-scroll-offset=\"0\"><h3 id=\"at-87022\" class=\"c-accordion__title js-accordion-controller\" role=\"button\"><strong>D\u00e9roulement des \u00e9preuves<\/strong><\/h3><div id=\"ac-87022\" class=\"c-accordion__content\">\n<p><\/p>\n\n\n\n<h4 class=\"gb-headline gb-headline-a960b050 gb-headline-text\"><strong>Envoi du dossier de candidature <\/strong><\/h4>\n\n\n\n<p>Exclusivement \u00e0 l\u2019adresse suivante\u202f: <a href=\"&#x6d;&#97;i&#x6c;&#x74;&#111;:&#x64;&#x61;&#100;r&#x68;&#45;r&#x65;&#x63;&#114;u&#x74;&#x65;&#109;e&#x6e;&#116;&#115;&#x2d;&#x64;&#105;r&#x65;&#x63;&#116;s&#x40;&#117;&#110;i&#x76;&#45;l&#x6f;&#x72;&#114;a&#x69;&#x6e;&#101;&#46;&#x66;&#114;\">&#x64;a&#x64;&#114;&#x68;&#45;r&#x65;c&#x72;&#117;&#x74;&#101;m&#x65;&#110;&#x74;&#115;-&#x64;i&#x72;&#101;&#x63;&#116;s&#x40;u&#x6e;&#105;&#x76;&#x2d;l&#x6f;&#114;&#x72;&#97;i&#x6e;e&#x2e;&#102;&#x72;<\/a><\/p>\n\n\n\n<ul class=\"wp-block-list\">\n<li>un document PDF contenant votre CV et votre lettre de motivation nomm\u00e9 comme suit \u00ab\u202fNOM du candidat_Pr\u00e9nom du candidat\u202f\u00bb ,&nbsp;<\/li>\n\n\n\n<li>une copie de votre carte d\u2019identit\u00e9&nbsp;<\/li>\n<\/ul>\n\n\n\n<p>Merci de mentionner l\u2019emploi sur lequel vous postuler dans le sujet du mail, par exemple \u00ab\u202fcandidature Recrutement direct Magasinier\u202f\u00bb&nbsp;<\/p>\n\n\n\n<p><strong>Attention : aucun dossier ne sera accept\u00e9 avant ou apr\u00e8s les dates d\u2019inscription<\/strong>&nbsp;<\/p>\n\n\n\n<h4 class=\"gb-headline gb-headline-11ba73bd gb-headline-text\"><strong>Admissibilit\u00e9<\/strong>&nbsp;<\/h4>\n\n\n\n<p>Une commission \u00e9tudiera l\u2019ensemble des dossiers, puis les candidats dont le dossier aura \u00e9t\u00e9 retenu seront auditionn\u00e9s.&nbsp;<\/p>\n\n\n\n<h4 class=\"wp-block-heading\"><strong>Admission<\/strong>&nbsp;<\/h4>\n\n\n\n<p>L\u2019entretien avec les membres de la commission, d\u00e9butera par un expos\u00e9 du candidat sur son parcours et son exp\u00e9rience professionnelle d\u2019une dur\u00e9e de 5 minutes au maximum et sera suivi par un \u00e9change de 15 minutes.&nbsp;<\/p>\n<\/div><\/div>\n\n\n<div class=\"gb-container gb-container-504d9d28\">\n\n<h2 class=\"gb-headline gb-headline-cf6be40e gb-headline-text\">Les postes ouverts \u00e0 l&rsquo;Universit\u00e9 de Lorraine<\/h2>\n\n\n\n\n\n<div class=\"wp-block-pb-accordion-item c-accordion__item js-accordion-item no-js\" data-initially-open=\"false\" data-click-to-close=\"true\" data-auto-close=\"true\" data-scroll=\"false\" data-scroll-offset=\"0\" id=\"BAP-F\"><h3 id=\"at-87023\" class=\"c-accordion__title js-accordion-controller\" role=\"button\">BAP F : Culture, communication, production et diffusion des savoirs<br><\/h3><div id=\"ac-87023\" class=\"c-accordion__content\"><div class=\"colonne-3 colonne-3 wp-block-pods-pods-block-list\"><ul class=\"liste-encadres\">\r\n\t<li class=\"encadre aide-dinformation-documentaire-et-de-collections-patrimoniales \">\r\n\t\t<div class=\"conteneur\">\r\n\t\t\t<div class=\"labels\">\r\n\t\t\t\t<p class=\"annee\">2026<\/p>\r\n\t\t\t\t<p>Recrutement sans concours<\/p>\r\n\t\t\t\t<p>BAP F<\/p>\r\n\t\t\t\t<p>ATRF<\/p>\r\n\t\t\t<\/div>\r\n\t\t\t<p class=\"titre\">Aide d&rsquo;information documentaire et de collections patrimoniales<\/p>\r\n\t\t\t\r\n\t\t\t<p class=\"affectation\">Affectation(s) : <\/p>\r\n\t\t\t<ul class=\"affectation-list\"><li>UFR ALL &#8211; Nancy<\/li><\/ul>\r\n\t\t\t\r\n\t\t\t<ul class=\"description\">\r\n\t\t\t\t<li><a href=\"https:\/\/data.enseignementsup-recherche.gouv.fr\/pages\/fiche_emploi_type_referens_iii_itrf\/?refine.referens_id=F5A41#top\" title=\"Fiche m\u00e9tier (s'ouvre dans un nouvel onglet)\" target=\"_blank\" rel=\"noopener\">Fiche m\u00e9tier (R\u00e9F\u00e9rens)<\/a><\/li>\r\n\t\t\t\t\r\n\t\t\t<\/ul>\r\n\t\t\t<div class=\"liens\"><p><a href=\"https:\/\/www.univ-lorraine.fr\/travailler-a-l-ul\/wp-content\/uploads\/sites\/13\/2026\/02\/fp-atrf-bap-f.pdf\">Fiche de Poste<\/a><\/p><\/div>\r\n\t\t<\/div>\r\n\t<\/li>\r\n<\/ul><\/div><\/div><\/div>\n\n\n\n<div class=\"wp-block-pb-accordion-item c-accordion__item js-accordion-item no-js\" data-initially-open=\"false\" data-click-to-close=\"true\" data-auto-close=\"true\" data-scroll=\"false\" data-scroll-offset=\"0\" id=\"BAP-J\"><h3 id=\"at-87024\" class=\"c-accordion__title js-accordion-controller\" role=\"button\">BAP J : Gestion et Pilotage<br><\/h3><div id=\"ac-87024\" class=\"c-accordion__content\"><div class=\"colonne-3 colonne-3 wp-block-pods-pods-block-list\"><ul class=\"liste-encadres\">\r\n\t<li class=\"encadre adjoint-e-en-gestion-administrative-35 \">\r\n\t\t<div class=\"conteneur\">\r\n\t\t\t<div class=\"labels\">\r\n\t\t\t\t<p class=\"annee\">2026<\/p>\r\n\t\t\t\t<p>Recrutement sans concours<\/p>\r\n\t\t\t\t<p>BAP J<\/p>\r\n\t\t\t\t<p>ATRF<\/p>\r\n\t\t\t<\/div>\r\n\t\t\t<p class=\"titre\">Adjoint-e en gestion administrative<\/p>\r\n\t\t\t\r\n\t\t\t<p class=\"affectation\">Affectation(s) : <\/p>\r\n\t\t\t<ul class=\"affectation-list\"><li>Facult\u00e9 de M\u00e9decine &#8211; Vandoeuvre<\/li><\/ul>\r\n\t\t\t\r\n\t\t\t<ul class=\"description\">\r\n\t\t\t\t<li><a href=\"https:\/\/data.enseignementsup-recherche.gouv.fr\/pages\/fiche_emploi_type_referens_iii_itrf\/?refine.referens_id=J5X41#top\" title=\"Fiche m\u00e9tier (s'ouvre dans un nouvel onglet)\" target=\"_blank\" rel=\"noopener\">Fiche m\u00e9tier (R\u00e9F\u00e9rens)<\/a><\/li>\r\n\t\t\t\t\r\n\t\t\t<\/ul>\r\n\t\t\t<div class=\"liens\"><p><a href=\"https:\/\/www.univ-lorraine.fr\/travailler-a-l-ul\/wp-content\/uploads\/sites\/13\/2026\/02\/fp-atrf-bap-j-medecine.pdf\">Fiche de Poste<\/a><\/p><\/div>\r\n\t\t<\/div>\r\n\t<\/li>\r\n\r\n\t<li class=\"encadre adjoint-e-en-gestion-administrative-36 \">\r\n\t\t<div class=\"conteneur\">\r\n\t\t\t<div class=\"labels\">\r\n\t\t\t\t<p class=\"annee\">2026<\/p>\r\n\t\t\t\t<p>Recrutement sans concours<\/p>\r\n\t\t\t\t<p>BAP J<\/p>\r\n\t\t\t\t<p>ATRF<\/p>\r\n\t\t\t<\/div>\r\n\t\t\t<p class=\"titre\">Adjoint-e en gestion administrative<\/p>\r\n\t\t\t\r\n\t\t\t<p class=\"affectation\">Affectation(s) : <\/p>\r\n\t\t\t<ul class=\"affectation-list\"><li>IUT Epinal<\/li><\/ul>\r\n\t\t\t\r\n\t\t\t<ul class=\"description\">\r\n\t\t\t\t<li><a href=\"https:\/\/data.enseignementsup-recherche.gouv.fr\/pages\/fiche_emploi_type_referens_iii_itrf\/?refine.referens_id=J5X41#top\" title=\"Fiche m\u00e9tier (s'ouvre dans un nouvel onglet)\" target=\"_blank\" rel=\"noopener\">Fiche m\u00e9tier (R\u00e9F\u00e9rens)<\/a><\/li>\r\n\t\t\t\t\r\n\t\t\t<\/ul>\r\n\t\t\t<div class=\"liens\"><p><a href=\"https:\/\/www.univ-lorraine.fr\/travailler-a-l-ul\/wp-content\/uploads\/sites\/13\/2026\/02\/fp-atrf-bap-j-iut-epinal.pdf\">Fiche de Poste<\/a><\/p><\/div>\r\n\t\t<\/div>\r\n\t<\/li>\r\n<\/ul><\/div><\/div><\/div>\n\n<\/div>\n\n<div class=\"gb-container gb-container-9f5e0d19\">\n\n<h2 class=\"gb-headline gb-headline-0f18550d gb-headline-text\">Contacter le service des concours<\/h2>\n\n\n\n<div class=\"wp-block-contact-form-7-contact-form-selector\">\n<div class=\"wpcf7 no-js\" id=\"wpcf7-f8812-o1\" lang=\"fr-FR\" dir=\"ltr\" data-wpcf7-id=\"8812\">\n<div class=\"screen-reader-response\"><p role=\"status\" aria-live=\"polite\" aria-atomic=\"true\"><\/p> <ul><\/ul><\/div>\n<form action=\"\/travailler-a-l-ul\/wp-json\/wp\/v2\/pages\/8702#wpcf7-f8812-o1\" method=\"post\" class=\"wpcf7-form init\" aria-label=\"Formulaire de contact\" novalidate=\"novalidate\" data-status=\"init\">\n<fieldset class=\"hidden-fields-container\"><input type=\"hidden\" name=\"_wpcf7\" value=\"8812\" \/><input type=\"hidden\" name=\"_wpcf7_version\" value=\"6.1.5\" \/><input type=\"hidden\" name=\"_wpcf7_locale\" value=\"fr_FR\" \/><input type=\"hidden\" name=\"_wpcf7_unit_tag\" value=\"wpcf7-f8812-o1\" \/><input type=\"hidden\" name=\"_wpcf7_container_post\" value=\"0\" \/><input type=\"hidden\" name=\"_wpcf7_posted_data_hash\" value=\"\" \/><input type=\"hidden\" name=\"_wpcf7cf_hidden_group_fields\" value=\"[]\" \/><input type=\"hidden\" name=\"_wpcf7cf_hidden_groups\" value=\"[]\" \/><input type=\"hidden\" name=\"_wpcf7cf_visible_groups\" value=\"[]\" \/><input type=\"hidden\" name=\"_wpcf7cf_repeaters\" value=\"[]\" \/><input type=\"hidden\" name=\"_wpcf7cf_steps\" value=\"{}\" \/><input type=\"hidden\" name=\"_wpcf7cf_options\" value=\"{&quot;form_id&quot;:8812,&quot;conditions&quot;:[],&quot;settings&quot;:{&quot;animation&quot;:&quot;yes&quot;,&quot;animation_intime&quot;:200,&quot;animation_outtime&quot;:200,&quot;conditions_ui&quot;:&quot;normal&quot;,&quot;notice_dismissed&quot;:false,&quot;notice_dismissed_rollback-cf7-5.8.7&quot;:true}}\" \/>\n<\/fieldset>\n<p><label> Pr\u00e9nom Nom<br \/>\n<span class=\"wpcf7-form-control-wrap\" data-name=\"your-name\"><input size=\"40\" maxlength=\"400\" class=\"wpcf7-form-control wpcf7-text wpcf7-validates-as-required\" aria-required=\"true\" aria-invalid=\"false\" value=\"\" type=\"text\" name=\"your-name\" \/><\/span> <\/label>\n<\/p>\n<p><label> Votre e-mail<br \/>\n<span class=\"wpcf7-form-control-wrap\" data-name=\"your-email\"><input size=\"40\" maxlength=\"400\" class=\"wpcf7-form-control wpcf7-email wpcf7-validates-as-required wpcf7-text wpcf7-validates-as-email\" aria-required=\"true\" aria-invalid=\"false\" value=\"\" type=\"email\" name=\"your-email\" \/><\/span> <\/label>\n<\/p>\n<p><label> Objet de votre demande<br \/>\n<span class=\"wpcf7-form-control-wrap\" data-name=\"your-subject\"><input size=\"40\" maxlength=\"400\" class=\"wpcf7-form-control wpcf7-text wpcf7-validates-as-required\" aria-required=\"true\" aria-invalid=\"false\" value=\"\" type=\"text\" name=\"your-subject\" \/><\/span> <\/label>\n<\/p>\n<p><label> Votre message<br \/>\n<span class=\"wpcf7-form-control-wrap\" data-name=\"your-message\"><textarea cols=\"40\" rows=\"10\" maxlength=\"2000\" class=\"wpcf7-form-control wpcf7-textarea wpcf7-validates-as-required\" aria-required=\"true\" aria-invalid=\"false\" name=\"your-message\"><\/textarea><\/span> <\/label>\n<\/p>\n<p><label for=\"quizz\">Merci de r\u00e9pondre \u00e0 cette question afin de v\u00e9rifier que vous n'\u00eates pas un robot : quel chiffre est le plus grand ?<\/label>\n<\/p>\n<p><span class=\"wpcf7-form-control-wrap\" data-name=\"spam-quiz\"><label><span class=\"wpcf7-quiz-label\">3 ou 8 ?<\/span> <input size=\"40\" class=\"wpcf7-form-control wpcf7-quiz\" autocomplete=\"off\" aria-required=\"true\" aria-invalid=\"false\" type=\"text\" name=\"spam-quiz\" \/><\/label><input type=\"hidden\" name=\"_wpcf7_quiz_answer_spam-quiz\" value=\"46b135a5259e7b68701f15931d1ab5f3\" \/><\/span>\n<\/p>\n<p><span class=\"wpcf7-form-control-wrap\" data-name=\"your-consent\"><span class=\"wpcf7-form-control wpcf7-acceptance\"><span class=\"wpcf7-list-item\"><label><input type=\"checkbox\" name=\"your-consent\" value=\"1\" aria-invalid=\"false\" \/><span class=\"wpcf7-list-item-label\">En soumettant ce formulaire, j\u2019accepte que mes donn\u00e9es soient utilis\u00e9es dans le but d\u2019\u00eatre recontact\u00e9.<\/span><\/label><\/span><\/span><\/span>\n<\/p>\n<p><input class=\"wpcf7-form-control wpcf7-submit has-spinner\" type=\"submit\" value=\"Envoyer\" \/>\n<\/p><p style=\"display: none !important;\" class=\"akismet-fields-container\" data-prefix=\"_wpcf7_ak_\"><label>&#916;<textarea name=\"_wpcf7_ak_hp_textarea\" cols=\"45\" rows=\"8\" maxlength=\"100\"><\/textarea><\/label><input type=\"hidden\" id=\"ak_js_1\" name=\"_wpcf7_ak_js\" value=\"26\"\/><script>\ndocument.getElementById( \"ak_js_1\" ).setAttribute( \"value\", ( new Date() ).getTime() );\n<\/script>\n<\/p><input type='hidden' class='wpcf7-pum' value='{\"closepopup\":false,\"closedelay\":0,\"openpopup\":false,\"openpopup_id\":0}' \/><div class=\"wpcf7-response-output\" aria-hidden=\"true\"><\/div>\n<\/form>\n<\/div>\n<\/div>\n\n<\/div>","protected":false},"excerpt":{"rendered":"<p>3 postes de cat\u00e9gorie C sont ouverts aux recrutements directs Les inscriptions sont ouvertes du 8 avril 2026 au 3 mai 2026. Le recrutement direct permet d\u2019\u00eatre titularis\u00e9 sans passer de concours. Il est propos\u00e9 pour certains emplois de cat\u00e9gorie C uniquement. Attention : aucun dossier ne sera accept\u00e9 avant ou apr\u00e8s la campagne de &#8230; <a title=\"Recrutements directs\" class=\"read-more\" href=\"https:\/\/www.univ-lorraine.fr\/travailler-a-l-ul\/recrutement-personnels-biatss\/recrutements-directs\/\" aria-label=\"En savoir plus sur Recrutements directs\">Lire plus<\/a><\/p>\n","protected":false},"author":7,"featured_media":0,"parent":43,"menu_order":0,"comment_status":"closed","ping_status":"closed","template":"","meta":{"inline_featured_image":false,"footnotes":""},"class_list":["post-8702","page","type-page","status-publish"],"yoast_head":"<!-- This site is optimized with the Yoast SEO plugin v27.4 - https:\/\/yoast.com\/product\/yoast-seo-wordpress\/ -->\n<title>Recrutements directs - Travailler \u00e0 l&#039;UL<\/title>\n<meta name=\"robots\" content=\"index, follow, max-snippet:-1, max-image-preview:large, max-video-preview:-1\" \/>\n<link rel=\"canonical\" href=\"https:\/\/www.univ-lorraine.fr\/travailler-a-l-ul\/recrutement-personnels-biatss\/recrutements-directs\/\" \/>\n<meta property=\"og:locale\" content=\"fr_FR\" \/>\n<meta property=\"og:type\" content=\"article\" \/>\n<meta property=\"og:title\" content=\"Recrutements directs - Travailler \u00e0 l&#039;UL\" \/>\n<meta property=\"og:description\" content=\"3 postes de cat\u00e9gorie C sont ouverts aux recrutements directs Les inscriptions sont ouvertes du 8 avril 2026 au 3 mai 2026. Le recrutement direct permet d\u2019\u00eatre titularis\u00e9 sans passer de concours. Il est propos\u00e9 pour certains emplois de cat\u00e9gorie C uniquement. Attention : aucun dossier ne sera accept\u00e9 avant ou apr\u00e8s la campagne de ... Lire plus\" \/>\n<meta property=\"og:url\" content=\"https:\/\/www.univ-lorraine.fr\/travailler-a-l-ul\/recrutement-personnels-biatss\/recrutements-directs\/\" \/>\n<meta property=\"og:site_name\" content=\"Travailler \u00e0 l&#039;UL\" \/>\n<meta property=\"article:modified_time\" content=\"2026-04-09T13:51:45+00:00\" \/>\n<meta name=\"twitter:card\" content=\"summary_large_image\" \/>\n<meta name=\"twitter:label1\" content=\"Dur\u00e9e de lecture estim\u00e9e\" \/>\n\t<meta name=\"twitter:data1\" content=\"2 minutes\" \/>\n<script type=\"application\/ld+json\" class=\"yoast-schema-graph\">{\"@context\":\"https:\\\/\\\/schema.org\",\"@graph\":[{\"@type\":\"WebPage\",\"@id\":\"https:\\\/\\\/www.univ-lorraine.fr\\\/travailler-a-l-ul\\\/recrutement-personnels-biatss\\\/recrutements-directs\\\/\",\"url\":\"https:\\\/\\\/www.univ-lorraine.fr\\\/travailler-a-l-ul\\\/recrutement-personnels-biatss\\\/recrutements-directs\\\/\",\"name\":\"Recrutements directs - Travailler \u00e0 l&#039;UL\",\"isPartOf\":{\"@id\":\"https:\\\/\\\/www.univ-lorraine.fr\\\/travailler-a-l-ul\\\/#website\"},\"datePublished\":\"2024-03-04T13:19:55+00:00\",\"dateModified\":\"2026-04-09T13:51:45+00:00\",\"breadcrumb\":{\"@id\":\"https:\\\/\\\/www.univ-lorraine.fr\\\/travailler-a-l-ul\\\/recrutement-personnels-biatss\\\/recrutements-directs\\\/#breadcrumb\"},\"inLanguage\":\"fr-FR\",\"potentialAction\":[{\"@type\":\"ReadAction\",\"target\":[\"https:\\\/\\\/www.univ-lorraine.fr\\\/travailler-a-l-ul\\\/recrutement-personnels-biatss\\\/recrutements-directs\\\/\"]}]},{\"@type\":\"BreadcrumbList\",\"@id\":\"https:\\\/\\\/www.univ-lorraine.fr\\\/travailler-a-l-ul\\\/recrutement-personnels-biatss\\\/recrutements-directs\\\/#breadcrumb\",\"itemListElement\":[{\"@type\":\"ListItem\",\"position\":1,\"name\":\"Accueil\",\"item\":\"https:\\\/\\\/www.univ-lorraine.fr\\\/travailler-a-l-ul\\\/\"},{\"@type\":\"ListItem\",\"position\":2,\"name\":\"Recrutement Personnel administratif, technique et des biblioth\u00e8ques\",\"item\":\"https:\\\/\\\/www.univ-lorraine.fr\\\/travailler-a-l-ul\\\/recrutement-personnels-biatss\\\/\"},{\"@type\":\"ListItem\",\"position\":3,\"name\":\"Recrutements directs\"}]},{\"@type\":\"WebSite\",\"@id\":\"https:\\\/\\\/www.univ-lorraine.fr\\\/travailler-a-l-ul\\\/#website\",\"url\":\"https:\\\/\\\/www.univ-lorraine.fr\\\/travailler-a-l-ul\\\/\",\"name\":\"Travailler \u00e0 l&#039;UL\",\"description\":\"\",\"publisher\":{\"@id\":\"https:\\\/\\\/www.univ-lorraine.fr\\\/travailler-a-l-ul\\\/#organization\"},\"potentialAction\":[{\"@type\":\"SearchAction\",\"target\":{\"@type\":\"EntryPoint\",\"urlTemplate\":\"https:\\\/\\\/www.univ-lorraine.fr\\\/travailler-a-l-ul\\\/?s={search_term_string}\"},\"query-input\":{\"@type\":\"PropertyValueSpecification\",\"valueRequired\":true,\"valueName\":\"search_term_string\"}}],\"inLanguage\":\"fr-FR\"},{\"@type\":\"Organization\",\"@id\":\"https:\\\/\\\/www.univ-lorraine.fr\\\/travailler-a-l-ul\\\/#organization\",\"name\":\"Universit\u00e9 de Lorraine\",\"url\":\"https:\\\/\\\/www.univ-lorraine.fr\\\/travailler-a-l-ul\\\/\",\"logo\":{\"@type\":\"ImageObject\",\"inLanguage\":\"fr-FR\",\"@id\":\"https:\\\/\\\/www.univ-lorraine.fr\\\/travailler-a-l-ul\\\/#\\\/schema\\\/logo\\\/image\\\/\",\"url\":\"https:\\\/\\\/www.univ-lorraine.fr\\\/travailler-a-l-ul\\\/wp-content\\\/uploads\\\/sites\\\/13\\\/2021\\\/01\\\/LOGO_UL.png\",\"contentUrl\":\"https:\\\/\\\/www.univ-lorraine.fr\\\/travailler-a-l-ul\\\/wp-content\\\/uploads\\\/sites\\\/13\\\/2021\\\/01\\\/LOGO_UL.png\",\"width\":138,\"height\":48,\"caption\":\"Universit\u00e9 de Lorraine\"},\"image\":{\"@id\":\"https:\\\/\\\/www.univ-lorraine.fr\\\/travailler-a-l-ul\\\/#\\\/schema\\\/logo\\\/image\\\/\"}}]}<\/script>\n<!-- \/ Yoast SEO plugin. -->","yoast_head_json":{"title":"Recrutements directs - Travailler \u00e0 l&#039;UL","robots":{"index":"index","follow":"follow","max-snippet":"max-snippet:-1","max-image-preview":"max-image-preview:large","max-video-preview":"max-video-preview:-1"},"canonical":"https:\/\/www.univ-lorraine.fr\/travailler-a-l-ul\/recrutement-personnels-biatss\/recrutements-directs\/","og_locale":"fr_FR","og_type":"article","og_title":"Recrutements directs - Travailler \u00e0 l&#039;UL","og_description":"3 postes de cat\u00e9gorie C sont ouverts aux recrutements directs Les inscriptions sont ouvertes du 8 avril 2026 au 3 mai 2026. Le recrutement direct permet d\u2019\u00eatre titularis\u00e9 sans passer de concours. Il est propos\u00e9 pour certains emplois de cat\u00e9gorie C uniquement. Attention : aucun dossier ne sera accept\u00e9 avant ou apr\u00e8s la campagne de ... Lire plus","og_url":"https:\/\/www.univ-lorraine.fr\/travailler-a-l-ul\/recrutement-personnels-biatss\/recrutements-directs\/","og_site_name":"Travailler \u00e0 l&#039;UL","article_modified_time":"2026-04-09T13:51:45+00:00","twitter_card":"summary_large_image","twitter_misc":{"Dur\u00e9e de lecture estim\u00e9e":"2 minutes"},"schema":{"@context":"https:\/\/schema.org","@graph":[{"@type":"WebPage","@id":"https:\/\/www.univ-lorraine.fr\/travailler-a-l-ul\/recrutement-personnels-biatss\/recrutements-directs\/","url":"https:\/\/www.univ-lorraine.fr\/travailler-a-l-ul\/recrutement-personnels-biatss\/recrutements-directs\/","name":"Recrutements directs - Travailler \u00e0 l&#039;UL","isPartOf":{"@id":"https:\/\/www.univ-lorraine.fr\/travailler-a-l-ul\/#website"},"datePublished":"2024-03-04T13:19:55+00:00","dateModified":"2026-04-09T13:51:45+00:00","breadcrumb":{"@id":"https:\/\/www.univ-lorraine.fr\/travailler-a-l-ul\/recrutement-personnels-biatss\/recrutements-directs\/#breadcrumb"},"inLanguage":"fr-FR","potentialAction":[{"@type":"ReadAction","target":["https:\/\/www.univ-lorraine.fr\/travailler-a-l-ul\/recrutement-personnels-biatss\/recrutements-directs\/"]}]},{"@type":"BreadcrumbList","@id":"https:\/\/www.univ-lorraine.fr\/travailler-a-l-ul\/recrutement-personnels-biatss\/recrutements-directs\/#breadcrumb","itemListElement":[{"@type":"ListItem","position":1,"name":"Accueil","item":"https:\/\/www.univ-lorraine.fr\/travailler-a-l-ul\/"},{"@type":"ListItem","position":2,"name":"Recrutement Personnel administratif, technique et des biblioth\u00e8ques","item":"https:\/\/www.univ-lorraine.fr\/travailler-a-l-ul\/recrutement-personnels-biatss\/"},{"@type":"ListItem","position":3,"name":"Recrutements directs"}]},{"@type":"WebSite","@id":"https:\/\/www.univ-lorraine.fr\/travailler-a-l-ul\/#website","url":"https:\/\/www.univ-lorraine.fr\/travailler-a-l-ul\/","name":"Travailler \u00e0 l&#039;UL","description":"","publisher":{"@id":"https:\/\/www.univ-lorraine.fr\/travailler-a-l-ul\/#organization"},"potentialAction":[{"@type":"SearchAction","target":{"@type":"EntryPoint","urlTemplate":"https:\/\/www.univ-lorraine.fr\/travailler-a-l-ul\/?s={search_term_string}"},"query-input":{"@type":"PropertyValueSpecification","valueRequired":true,"valueName":"search_term_string"}}],"inLanguage":"fr-FR"},{"@type":"Organization","@id":"https:\/\/www.univ-lorraine.fr\/travailler-a-l-ul\/#organization","name":"Universit\u00e9 de Lorraine","url":"https:\/\/www.univ-lorraine.fr\/travailler-a-l-ul\/","logo":{"@type":"ImageObject","inLanguage":"fr-FR","@id":"https:\/\/www.univ-lorraine.fr\/travailler-a-l-ul\/#\/schema\/logo\/image\/","url":"https:\/\/www.univ-lorraine.fr\/travailler-a-l-ul\/wp-content\/uploads\/sites\/13\/2021\/01\/LOGO_UL.png","contentUrl":"https:\/\/www.univ-lorraine.fr\/travailler-a-l-ul\/wp-content\/uploads\/sites\/13\/2021\/01\/LOGO_UL.png","width":138,"height":48,"caption":"Universit\u00e9 de Lorraine"},"image":{"@id":"https:\/\/www.univ-lorraine.fr\/travailler-a-l-ul\/#\/schema\/logo\/image\/"}}]}},"_links":{"self":[{"href":"https:\/\/www.univ-lorraine.fr\/travailler-a-l-ul\/wp-json\/wp\/v2\/pages\/8702","targetHints":{"allow":["GET"]}}],"collection":[{"href":"https:\/\/www.univ-lorraine.fr\/travailler-a-l-ul\/wp-json\/wp\/v2\/pages"}],"about":[{"href":"https:\/\/www.univ-lorraine.fr\/travailler-a-l-ul\/wp-json\/wp\/v2\/types\/page"}],"author":[{"embeddable":true,"href":"https:\/\/www.univ-lorraine.fr\/travailler-a-l-ul\/wp-json\/wp\/v2\/users\/7"}],"replies":[{"embeddable":true,"href":"https:\/\/www.univ-lorraine.fr\/travailler-a-l-ul\/wp-json\/wp\/v2\/comments?post=8702"}],"version-history":[{"count":35,"href":"https:\/\/www.univ-lorraine.fr\/travailler-a-l-ul\/wp-json\/wp\/v2\/pages\/8702\/revisions"}],"predecessor-version":[{"id":11806,"href":"https:\/\/www.univ-lorraine.fr\/travailler-a-l-ul\/wp-json\/wp\/v2\/pages\/8702\/revisions\/11806"}],"up":[{"embeddable":true,"href":"https:\/\/www.univ-lorraine.fr\/travailler-a-l-ul\/wp-json\/wp\/v2\/pages\/43"}],"wp:attachment":[{"href":"https:\/\/www.univ-lorraine.fr\/travailler-a-l-ul\/wp-json\/wp\/v2\/media?parent=8702"}],"curies":[{"name":"wp","href":"https:\/\/api.w.org\/{rel}","templated":true}]}}