{"id":8753,"date":"2024-03-05T11:17:22","date_gmt":"2024-03-05T10:17:22","guid":{"rendered":"https:\/\/www.univ-lorraine.fr\/travailler-a-l-ul\/?page_id=8753"},"modified":"2026-04-08T09:51:24","modified_gmt":"2026-04-08T07:51:24","slug":"recrutements-pacte","status":"publish","type":"page","link":"https:\/\/www.univ-lorraine.fr\/travailler-a-l-ul\/recrutement-personnels-biatss\/recrutements-pacte\/","title":{"rendered":"Recrutements PACTE"},"content":{"rendered":"<div class=\"gb-container gb-container-9d251a22\">\n\n<h2 class=\"gb-headline gb-headline-c2ec0935 gb-headline-text\">1 poste de cat\u00e9gorie C est ouvert aux recrutements PACTE <\/h2>\n\n\n<div class=\"gb-container gb-container-442bc752\">\n\n<p class=\"has-text-align-center\"><strong><strong>Les inscriptions sont ouvertes du 8 avril 2026 au 6 mai 2026.<\/strong><\/strong><\/p>\n\n\n\n<p>Le PACTE (Parcours d&rsquo;acc\u00e8s aux carri\u00e8res de la fonction publique territoriale, hospitali\u00e8re et d&rsquo;\u00c9tat) est un mode de recrutement sans concours dans la fonction publique pour des emplois de cat\u00e9gorie C.&nbsp;&nbsp;<\/p>\n\n\n\n<p>Un contrat d\u2019une dur\u00e9e de 12 \u00e0 24 mois \u00e0 temps plein contenant une p\u00e9riode d\u2019essai de deux mois est propos\u00e9 au laur\u00e9at. Il int\u00e8gre une formation en alternance en vue d\u2019acqu\u00e9rir une qualification en lien avec l\u2019emploi exerc\u00e9 et per\u00e7oit une r\u00e9mun\u00e9ration \u00e9gale \u00e0 un pourcentage du traitement minimum de la fonction publique selon son statut.&nbsp;<\/p>\n\n\n\n<p>\u00c0 l\u2019issue de ce parcours de professionnalisation, le PACTE permet d\u2019\u00eatre titularis\u00e9 dans le corps ou le cadre d\u2019emplois vis\u00e9, \u00e0 l\u2019\u00e9ch\u00e9ance du contrat et apr\u00e8s v\u00e9rification de vos aptitudes par une commission.&nbsp;<\/p>\n\n\n\n<p><strong>Attention : aucun dossier ne sera accept\u00e9 avant ou apr\u00e8s la campagne de recrutement.<\/strong>&nbsp;<\/p>\n\n\n\n<p><\/p>\n\n<\/div>\n\n<div class=\"gb-container gb-container-404732e4\">\n\n<h2 class=\"gb-headline gb-headline-9dc0fdb7\"><span class=\"gb-icon\"><svg aria-hidden=\"true\" role=\"img\" height=\"1em\" width=\"1em\" viewBox=\"0 0 640 512\" xmlns=\"http:\/\/www.w3.org\/2000\/svg\"><path fill=\"currentColor\" d=\"M497.941 225.941L286.059 14.059A48 48 0 0 0 252.118 0H48C21.49 0 0 21.49 0 48v204.118a48 48 0 0 0 14.059 33.941l211.882 211.882c18.744 18.745 49.136 18.746 67.882 0l204.118-204.118c18.745-18.745 18.745-49.137 0-67.882zM112 160c-26.51 0-48-21.49-48-48s21.49-48 48-48 48 21.49 48 48-21.49 48-48 48zm513.941 133.823L421.823 497.941c-18.745 18.745-49.137 18.745-67.882 0l-.36-.36L527.64 323.522c16.999-16.999 26.36-39.6 26.36-63.64s-9.362-46.641-26.36-63.64L331.397 0h48.721a48 48 0 0 1 33.941 14.059l211.882 211.882c18.745 18.745 18.745 49.137 0 67.882z\"><\/path><\/svg><\/span><span class=\"gb-headline-text\">Liens utiles<\/span><\/h2>\n\n\n\n<div class=\"wp-block-buttons alignwide is-horizontal is-content-justification-left is-layout-flex wp-container-core-buttons-is-layout-779c298f wp-block-buttons-is-layout-flex\">\n<div class=\"wp-block-button\"><a class=\"wp-block-button__link wp-element-button\" href=\"https:\/\/www.francetravail.fr\/candidat\/vos-recherches\/preparer-votre-candidature\/accompagne-dans-sa-recherche\/le-pacte--parcours-dacces-aux-ca.html\" target=\"_blank\" rel=\"noreferrer noopener\">France Travail<\/a><\/div>\n\n\n\n<div class=\"wp-block-button\"><a class=\"wp-block-button__link wp-element-button\" href=\"https:\/\/www.enseignementsup-recherche.gouv.fr\/fr\/recrutements\/itrf\/sans-concours\" target=\"_blank\" rel=\"noreferrer noopener\">Minist\u00e8re de l\u2019Enseignement Sup\u00e9rieur et de la Recherche<\/a><\/div>\n<\/div>\n\n<\/div>\n\n<div class=\"gb-container gb-container-5dbf7f4b\">\n\n<p><a href=\"https:\/\/bul.univ-lorraine.fr\/index.php\/s\/gJKjZk6tk4GBaGk\"><strong>Avis relatif de recrutement au titre de l\u2019ann\u00e9e 2026<\/strong> <strong>d&rsquo;adjoints techniques de recherche et de formation par la voie du parcours d&rsquo;acc\u00e8s aux carri\u00e8res de la fonction publique territoriale, hospitali\u00e8re et de l&rsquo;Etat (PACTE)<\/strong><\/a><\/p>\n\n<\/div>\n<\/div>\n\n\n<div class=\"wp-block-pb-accordion-item c-accordion__item js-accordion-item no-js\" data-initially-open=\"false\" data-click-to-close=\"true\" data-auto-close=\"true\" data-scroll=\"false\" data-scroll-offset=\"0\"><h2 id=\"at-87530\" class=\"c-accordion__title js-accordion-controller\" role=\"button\"><strong>Conditions d\u2019inscription et de recevabilit\u00e9 des candidatures<\/strong><\/h2><div id=\"ac-87530\" class=\"c-accordion__content\">\n<h3 class=\"gb-headline gb-headline-d847f707 gb-headline-text\"><strong>Conditions g\u00e9n\u00e9rales<\/strong>&nbsp;<\/h3>\n\n\n\n<ul class=\"wp-block-list\">\n<li>\u00catre de nationalit\u00e9 fran\u00e7aise ou en cours de naturalisation ou relevez d\u2019un \u00c9tat membre de l\u2019Union europ\u00e9enne ou de l\u2019Espace \u00c9conomique Europ\u00e9en, d&rsquo;Andorre, de Monaco ou de la Suisse.&nbsp;<\/li>\n<\/ul>\n\n\n\n<ul class=\"wp-block-list\">\n<li>Jeunes \u00e2g\u00e9s de 28 ans au plus sans dipl\u00f4me, ni qualification professionnelle ou dont le niveau de qualification est inf\u00e9rieur au bac. Les titulaires d\u2019un BEP ou d\u2019un CAP sont donc \u00e9ligibles au dispositif.&nbsp;<\/li>\n\n\n\n<li>Personnes en situation de ch\u00f4mage de longue dur\u00e9e, \u00e2g\u00e9es de 45 ans et plus, et b\u00e9n\u00e9ficiaires du revenu de solidarit\u00e9 active (RSA), de l\u2019allocation sp\u00e9cifique de solidarit\u00e9 (ASS) ou de l\u2019allocation aux adultes handicap\u00e9s (AAH) et pour les d\u00e9partements d\u2019outre-mer et les collectivit\u00e9s de Saint Barth\u00e9l\u00e9my, Saint Martin et Saint Pierre-et-Miquelon, du revenu minimum d\u2019insertion (RMI) ou de l\u2019allocation de parent isol\u00e9 (API).&nbsp;<\/li>\n<\/ul>\n<\/div><\/div>\n\n\n\n<div class=\"wp-block-pb-accordion-item c-accordion__item js-accordion-item no-js\" data-initially-open=\"false\" data-click-to-close=\"true\" data-auto-close=\"true\" data-scroll=\"false\" data-scroll-offset=\"0\"><h3 id=\"at-87531\" class=\"c-accordion__title js-accordion-controller\" role=\"button\"><strong>Calendrier de la session 2026<\/strong><\/h3><div id=\"ac-87531\" class=\"c-accordion__content\">\n<p><strong><strong>Les inscriptions sont ouvertes du 8 avril 2026 au 6 mai 2026<\/strong> sur le site de France Travail.&nbsp;La date de cl\u00f4ture des registres d\u2019inscriptions est \u00e9galement la date limite d\u2019envoi des dossiers par e-mail.&nbsp;<\/strong><\/p>\n\n\n\n<ul class=\"wp-block-list\">\n<li>Admissibilit\u00e9 (\u00e9tude des dossiers) : avril \u00e0 mai 2026<\/li>\n\n\n\n<li>Admission (entretiens) : mai 2026&nbsp;<\/li>\n\n\n\n<li>Affectation : 1er septembre 2026<\/li>\n<\/ul>\n<\/div><\/div>\n\n\n\n<div class=\"wp-block-pb-accordion-item c-accordion__item js-accordion-item no-js\" data-initially-open=\"false\" data-click-to-close=\"true\" data-auto-close=\"true\" data-scroll=\"false\" data-scroll-offset=\"0\"><h3 id=\"at-87532\" class=\"c-accordion__title js-accordion-controller\" role=\"button\"><strong>D\u00e9roulement des \u00e9preuves<\/strong><\/h3><div id=\"ac-87532\" class=\"c-accordion__content\">\n<p>Les dossiers doivent \u00eatre envoy\u00e9s au p\u00f4le emploi du domicile de r\u00e9sidence de chaque candidat. <\/p>\n\n\n\n<div class=\"wp-block-buttons is-layout-flex wp-block-buttons-is-layout-flex\">\n<div class=\"wp-block-button\"><a class=\"wp-block-button__link wp-element-button\" href=\"https:\/\/www.francetravail.fr\/annuaire\/votre-agence-francetravail.html\">Trouvez votre P\u00f4le Emploi&nbsp;&nbsp;<\/a><\/div>\n<\/div>\n\n\n\n<h4 class=\"gb-headline gb-headline-a960b050 gb-headline-text\"><strong>Envoi du dossier de candidature <\/strong><\/h4>\n\n\n\n<ul class=\"wp-block-list\">\n<li>curriculum vitae d\u00e9taill\u00e9 indiquant le niveau d\u2019\u00e9tude ainsi que la dur\u00e9e des formations suivies et des emplois occup\u00e9s,&nbsp;<\/li>\n\n\n\n<li>copies des dipl\u00f4mes le cas \u00e9ch\u00e9ant,&nbsp;<\/li>\n\n\n\n<li>lettre de motivation,&nbsp;<\/li>\n\n\n\n<li>fiche de candidature compl\u00e9t\u00e9e, dat\u00e9e et sign\u00e9e.&nbsp;<\/li>\n<\/ul>\n\n\n\n<div class=\"wp-block-buttons is-layout-flex wp-block-buttons-is-layout-flex\">\n<div class=\"wp-block-button\"><a class=\"wp-block-button__link wp-element-button\" href=\"https:\/\/www.francetravail.fr\/files\/live\/sites\/PE\/files\/fichiers-en-telechargement\/fichiers-en-telechargement---dem\/fichecandidaturepacte66066.pdf\">Fiche de candidature \u00e0 compl\u00e9ter (France Travail\u202f)<\/a><\/div>\n<\/div>\n\n\n\n<h4 class=\"gb-headline gb-headline-9f5d0391 gb-headline-text\"><strong>Admissibilit\u00e9<\/strong><\/h4>\n\n\n\n<p>Une commission \u00e9tudiera l\u2019ensemble des dossiers des candidats transmis par P\u00f4le-emploi et proc\u00e8dera \u00e0 la s\u00e9lection des candidats pour les auditions.&nbsp;<\/p>\n\n\n\n<h4 class=\"gb-headline gb-headline-6375323b gb-headline-text\"><strong>Admission<\/strong><\/h4>\n\n\n\n<p>L\u2019entretien avec les membres de la commission, d\u00e9butera par un expos\u00e9 du candidat sur son parcours et son exp\u00e9rience professionnelle d\u2019une dur\u00e9e de 5 minutes au maximum et sera suivi par un \u00e9change de 15 minutes.&nbsp;<\/p>\n<\/div><\/div>\n\n\n<div class=\"gb-container gb-container-68902c9f\">\n\n<h2 class=\"gb-headline gb-headline-cf6be40e gb-headline-text\">Les postes ouverts \u00e0 l&rsquo;Universit\u00e9 de Lorraine<\/h2>\n\n\n\n<div class=\"wp-block-pb-accordion-item c-accordion__item js-accordion-item no-js\" data-initially-open=\"false\" data-click-to-close=\"true\" data-auto-close=\"true\" data-scroll=\"false\" data-scroll-offset=\"0\" id=\"BAP-G\"><h3 id=\"at-87533\" class=\"c-accordion__title js-accordion-controller\" role=\"button\">BAP G : Patrimoine immobilier, Logistique, Restauration et Pr\u00e9vention<br><\/h3><div id=\"ac-87533\" class=\"c-accordion__content\"><div class=\"colonne-3 colonne-3 wp-block-pods-pods-block-list\"><ul class=\"liste-encadres\">\r\n\t<li class=\"encadre operateur-trice-logistique-15 \">\r\n\t\t<div class=\"conteneur\">\r\n\t\t\t<div class=\"labels\">\r\n\t\t\t\t<p class=\"annee\">2026<\/p>\r\n\t\t\t\t<p>Recrutements PACTE<\/p>\r\n\t\t\t\t<p>BAP G<\/p>\r\n\t\t\t\t<p>ATRF<\/p>\r\n\t\t\t<\/div>\r\n\t\t\t<p class=\"titre\">Op\u00e9rateur-trice logistique<\/p>\r\n\t\t\t\r\n\t\t\t<p class=\"affectation\">Affectation(s) : <\/p>\r\n\t\t\t<ul class=\"affectation-list\"><li>INSPE &#8211; Montigny les Metz<\/li><\/ul>\r\n\t\t\t\r\n\t\t\t<ul class=\"description\">\r\n\t\t\t\t<li><a href=\"https:\/\/data.enseignementsup-recherche.gouv.fr\/pages\/fiche_emploi_type_referens_iii_itrf\/?refine.referens_id=G5B45#top\" title=\"Fiche m\u00e9tier (s'ouvre dans un nouvel onglet)\" target=\"_blank\" rel=\"noopener\">Fiche m\u00e9tier (R\u00e9F\u00e9rens)<\/a><\/li>\r\n\t\t\t\t\r\n\t\t\t<\/ul>\r\n\t\t\t<div class=\"liens\"><p><a href=\"https:\/\/www.univ-lorraine.fr\/travailler-a-l-ul\/wp-content\/uploads\/sites\/13\/2026\/02\/atrf-bap-g-pacte-46641x.pdf\">Fiche de Poste<\/a><\/p><\/div>\r\n\t\t<\/div>\r\n\t<\/li>\r\n<\/ul><\/div><\/div><\/div>\n\n\n\n<\/div>\n\n<div class=\"gb-container gb-container-9f5e0d19\">\n\n<h2 class=\"gb-headline gb-headline-0f18550d gb-headline-text\">Contacter le service des concours<\/h2>\n\n\n\n<div class=\"wp-block-contact-form-7-contact-form-selector\">\n<div class=\"wpcf7 no-js\" id=\"wpcf7-f8812-o1\" lang=\"fr-FR\" dir=\"ltr\" data-wpcf7-id=\"8812\">\n<div class=\"screen-reader-response\"><p role=\"status\" aria-live=\"polite\" aria-atomic=\"true\"><\/p> <ul><\/ul><\/div>\n<form action=\"\/travailler-a-l-ul\/wp-json\/wp\/v2\/pages\/8753#wpcf7-f8812-o1\" method=\"post\" class=\"wpcf7-form init\" aria-label=\"Formulaire de contact\" novalidate=\"novalidate\" data-status=\"init\">\n<fieldset class=\"hidden-fields-container\"><input type=\"hidden\" name=\"_wpcf7\" value=\"8812\" \/><input type=\"hidden\" name=\"_wpcf7_version\" value=\"6.1.5\" \/><input type=\"hidden\" name=\"_wpcf7_locale\" value=\"fr_FR\" \/><input type=\"hidden\" name=\"_wpcf7_unit_tag\" value=\"wpcf7-f8812-o1\" \/><input type=\"hidden\" name=\"_wpcf7_container_post\" value=\"0\" \/><input type=\"hidden\" name=\"_wpcf7_posted_data_hash\" value=\"\" \/><input type=\"hidden\" name=\"_wpcf7cf_hidden_group_fields\" value=\"[]\" \/><input type=\"hidden\" name=\"_wpcf7cf_hidden_groups\" value=\"[]\" \/><input type=\"hidden\" name=\"_wpcf7cf_visible_groups\" value=\"[]\" \/><input type=\"hidden\" name=\"_wpcf7cf_repeaters\" value=\"[]\" \/><input type=\"hidden\" name=\"_wpcf7cf_steps\" value=\"{}\" \/><input type=\"hidden\" name=\"_wpcf7cf_options\" value=\"{&quot;form_id&quot;:8812,&quot;conditions&quot;:[],&quot;settings&quot;:{&quot;animation&quot;:&quot;yes&quot;,&quot;animation_intime&quot;:200,&quot;animation_outtime&quot;:200,&quot;conditions_ui&quot;:&quot;normal&quot;,&quot;notice_dismissed&quot;:false,&quot;notice_dismissed_rollback-cf7-5.8.7&quot;:true}}\" \/>\n<\/fieldset>\n<p><label> Pr\u00e9nom Nom<br \/>\n<span class=\"wpcf7-form-control-wrap\" data-name=\"your-name\"><input size=\"40\" maxlength=\"400\" class=\"wpcf7-form-control wpcf7-text wpcf7-validates-as-required\" aria-required=\"true\" aria-invalid=\"false\" value=\"\" type=\"text\" name=\"your-name\" \/><\/span> <\/label>\n<\/p>\n<p><label> Votre e-mail<br \/>\n<span class=\"wpcf7-form-control-wrap\" data-name=\"your-email\"><input size=\"40\" maxlength=\"400\" class=\"wpcf7-form-control wpcf7-email wpcf7-validates-as-required wpcf7-text wpcf7-validates-as-email\" aria-required=\"true\" aria-invalid=\"false\" value=\"\" type=\"email\" name=\"your-email\" \/><\/span> <\/label>\n<\/p>\n<p><label> Objet de votre demande<br \/>\n<span class=\"wpcf7-form-control-wrap\" data-name=\"your-subject\"><input size=\"40\" maxlength=\"400\" class=\"wpcf7-form-control wpcf7-text wpcf7-validates-as-required\" aria-required=\"true\" aria-invalid=\"false\" value=\"\" type=\"text\" name=\"your-subject\" \/><\/span> <\/label>\n<\/p>\n<p><label> Votre message<br \/>\n<span class=\"wpcf7-form-control-wrap\" data-name=\"your-message\"><textarea cols=\"40\" rows=\"10\" maxlength=\"2000\" class=\"wpcf7-form-control wpcf7-textarea wpcf7-validates-as-required\" aria-required=\"true\" aria-invalid=\"false\" name=\"your-message\"><\/textarea><\/span> <\/label>\n<\/p>\n<p><label for=\"quizz\">Merci de r\u00e9pondre \u00e0 cette question afin de v\u00e9rifier que vous n'\u00eates pas un robot : quel chiffre est le plus grand ?<\/label>\n<\/p>\n<p><span class=\"wpcf7-form-control-wrap\" data-name=\"spam-quiz\"><label><span class=\"wpcf7-quiz-label\">3 ou 8 ?<\/span> <input size=\"40\" class=\"wpcf7-form-control wpcf7-quiz\" autocomplete=\"off\" aria-required=\"true\" aria-invalid=\"false\" type=\"text\" name=\"spam-quiz\" \/><\/label><input type=\"hidden\" name=\"_wpcf7_quiz_answer_spam-quiz\" value=\"46b135a5259e7b68701f15931d1ab5f3\" \/><\/span>\n<\/p>\n<p><span class=\"wpcf7-form-control-wrap\" data-name=\"your-consent\"><span class=\"wpcf7-form-control wpcf7-acceptance\"><span class=\"wpcf7-list-item\"><label><input type=\"checkbox\" name=\"your-consent\" value=\"1\" aria-invalid=\"false\" \/><span class=\"wpcf7-list-item-label\">En soumettant ce formulaire, j\u2019accepte que mes donn\u00e9es soient utilis\u00e9es dans le but d\u2019\u00eatre recontact\u00e9.<\/span><\/label><\/span><\/span><\/span>\n<\/p>\n<p><input class=\"wpcf7-form-control wpcf7-submit has-spinner\" type=\"submit\" value=\"Envoyer\" \/>\n<\/p><p style=\"display: none !important;\" class=\"akismet-fields-container\" data-prefix=\"_wpcf7_ak_\"><label>&#916;<textarea name=\"_wpcf7_ak_hp_textarea\" cols=\"45\" rows=\"8\" maxlength=\"100\"><\/textarea><\/label><input type=\"hidden\" id=\"ak_js_1\" name=\"_wpcf7_ak_js\" value=\"77\"\/><script>\ndocument.getElementById( \"ak_js_1\" ).setAttribute( \"value\", ( new Date() ).getTime() );\n<\/script>\n<\/p><input type='hidden' class='wpcf7-pum' value='{\"closepopup\":false,\"closedelay\":0,\"openpopup\":false,\"openpopup_id\":0}' \/><div class=\"wpcf7-response-output\" aria-hidden=\"true\"><\/div>\n<\/form>\n<\/div>\n<\/div>\n\n<\/div>","protected":false},"excerpt":{"rendered":"<p>1 poste de cat\u00e9gorie C est ouvert aux recrutements PACTE Les inscriptions sont ouvertes du 8 avril 2026 au 6 mai 2026. Le PACTE (Parcours d&rsquo;acc\u00e8s aux carri\u00e8res de la fonction publique territoriale, hospitali\u00e8re et d&rsquo;\u00c9tat) est un mode de recrutement sans concours dans la fonction publique pour des emplois de cat\u00e9gorie C.&nbsp;&nbsp; Un contrat &#8230; <a title=\"Recrutements PACTE\" class=\"read-more\" href=\"https:\/\/www.univ-lorraine.fr\/travailler-a-l-ul\/recrutement-personnels-biatss\/recrutements-pacte\/\" aria-label=\"En savoir plus sur Recrutements PACTE\">Lire plus<\/a><\/p>\n","protected":false},"author":7,"featured_media":0,"parent":43,"menu_order":0,"comment_status":"closed","ping_status":"closed","template":"","meta":{"inline_featured_image":false,"footnotes":""},"class_list":["post-8753","page","type-page","status-publish"],"yoast_head":"<!-- This site is optimized with the Yoast SEO plugin v27.4 - https:\/\/yoast.com\/product\/yoast-seo-wordpress\/ -->\n<title>Recrutements PACTE - Travailler \u00e0 l&#039;UL<\/title>\n<meta name=\"robots\" content=\"index, follow, max-snippet:-1, max-image-preview:large, max-video-preview:-1\" \/>\n<link rel=\"canonical\" href=\"https:\/\/www.univ-lorraine.fr\/travailler-a-l-ul\/recrutement-personnels-biatss\/recrutements-pacte\/\" \/>\n<meta property=\"og:locale\" content=\"fr_FR\" \/>\n<meta property=\"og:type\" content=\"article\" \/>\n<meta property=\"og:title\" content=\"Recrutements PACTE - Travailler \u00e0 l&#039;UL\" \/>\n<meta property=\"og:description\" content=\"1 poste de cat\u00e9gorie C est ouvert aux recrutements PACTE Les inscriptions sont ouvertes du 8 avril 2026 au 6 mai 2026. Le PACTE (Parcours d&rsquo;acc\u00e8s aux carri\u00e8res de la fonction publique territoriale, hospitali\u00e8re et d&rsquo;\u00c9tat) est un mode de recrutement sans concours dans la fonction publique pour des emplois de cat\u00e9gorie C.&nbsp;&nbsp; Un contrat ... Lire plus\" \/>\n<meta property=\"og:url\" content=\"https:\/\/www.univ-lorraine.fr\/travailler-a-l-ul\/recrutement-personnels-biatss\/recrutements-pacte\/\" \/>\n<meta property=\"og:site_name\" content=\"Travailler \u00e0 l&#039;UL\" \/>\n<meta property=\"article:modified_time\" content=\"2026-04-08T07:51:24+00:00\" \/>\n<meta name=\"twitter:card\" content=\"summary_large_image\" \/>\n<meta name=\"twitter:label1\" content=\"Dur\u00e9e de lecture estim\u00e9e\" \/>\n\t<meta name=\"twitter:data1\" content=\"3 minutes\" \/>\n<script type=\"application\/ld+json\" class=\"yoast-schema-graph\">{\"@context\":\"https:\\\/\\\/schema.org\",\"@graph\":[{\"@type\":\"WebPage\",\"@id\":\"https:\\\/\\\/www.univ-lorraine.fr\\\/travailler-a-l-ul\\\/recrutement-personnels-biatss\\\/recrutements-pacte\\\/\",\"url\":\"https:\\\/\\\/www.univ-lorraine.fr\\\/travailler-a-l-ul\\\/recrutement-personnels-biatss\\\/recrutements-pacte\\\/\",\"name\":\"Recrutements PACTE - Travailler \u00e0 l&#039;UL\",\"isPartOf\":{\"@id\":\"https:\\\/\\\/www.univ-lorraine.fr\\\/travailler-a-l-ul\\\/#website\"},\"datePublished\":\"2024-03-05T10:17:22+00:00\",\"dateModified\":\"2026-04-08T07:51:24+00:00\",\"breadcrumb\":{\"@id\":\"https:\\\/\\\/www.univ-lorraine.fr\\\/travailler-a-l-ul\\\/recrutement-personnels-biatss\\\/recrutements-pacte\\\/#breadcrumb\"},\"inLanguage\":\"fr-FR\",\"potentialAction\":[{\"@type\":\"ReadAction\",\"target\":[\"https:\\\/\\\/www.univ-lorraine.fr\\\/travailler-a-l-ul\\\/recrutement-personnels-biatss\\\/recrutements-pacte\\\/\"]}]},{\"@type\":\"BreadcrumbList\",\"@id\":\"https:\\\/\\\/www.univ-lorraine.fr\\\/travailler-a-l-ul\\\/recrutement-personnels-biatss\\\/recrutements-pacte\\\/#breadcrumb\",\"itemListElement\":[{\"@type\":\"ListItem\",\"position\":1,\"name\":\"Accueil\",\"item\":\"https:\\\/\\\/www.univ-lorraine.fr\\\/travailler-a-l-ul\\\/\"},{\"@type\":\"ListItem\",\"position\":2,\"name\":\"Recrutement Personnel administratif, technique et des biblioth\u00e8ques\",\"item\":\"https:\\\/\\\/www.univ-lorraine.fr\\\/travailler-a-l-ul\\\/recrutement-personnels-biatss\\\/\"},{\"@type\":\"ListItem\",\"position\":3,\"name\":\"Recrutements PACTE\"}]},{\"@type\":\"WebSite\",\"@id\":\"https:\\\/\\\/www.univ-lorraine.fr\\\/travailler-a-l-ul\\\/#website\",\"url\":\"https:\\\/\\\/www.univ-lorraine.fr\\\/travailler-a-l-ul\\\/\",\"name\":\"Travailler \u00e0 l&#039;UL\",\"description\":\"\",\"publisher\":{\"@id\":\"https:\\\/\\\/www.univ-lorraine.fr\\\/travailler-a-l-ul\\\/#organization\"},\"potentialAction\":[{\"@type\":\"SearchAction\",\"target\":{\"@type\":\"EntryPoint\",\"urlTemplate\":\"https:\\\/\\\/www.univ-lorraine.fr\\\/travailler-a-l-ul\\\/?s={search_term_string}\"},\"query-input\":{\"@type\":\"PropertyValueSpecification\",\"valueRequired\":true,\"valueName\":\"search_term_string\"}}],\"inLanguage\":\"fr-FR\"},{\"@type\":\"Organization\",\"@id\":\"https:\\\/\\\/www.univ-lorraine.fr\\\/travailler-a-l-ul\\\/#organization\",\"name\":\"Universit\u00e9 de Lorraine\",\"url\":\"https:\\\/\\\/www.univ-lorraine.fr\\\/travailler-a-l-ul\\\/\",\"logo\":{\"@type\":\"ImageObject\",\"inLanguage\":\"fr-FR\",\"@id\":\"https:\\\/\\\/www.univ-lorraine.fr\\\/travailler-a-l-ul\\\/#\\\/schema\\\/logo\\\/image\\\/\",\"url\":\"https:\\\/\\\/www.univ-lorraine.fr\\\/travailler-a-l-ul\\\/wp-content\\\/uploads\\\/sites\\\/13\\\/2021\\\/01\\\/LOGO_UL.png\",\"contentUrl\":\"https:\\\/\\\/www.univ-lorraine.fr\\\/travailler-a-l-ul\\\/wp-content\\\/uploads\\\/sites\\\/13\\\/2021\\\/01\\\/LOGO_UL.png\",\"width\":138,\"height\":48,\"caption\":\"Universit\u00e9 de Lorraine\"},\"image\":{\"@id\":\"https:\\\/\\\/www.univ-lorraine.fr\\\/travailler-a-l-ul\\\/#\\\/schema\\\/logo\\\/image\\\/\"}}]}<\/script>\n<!-- \/ Yoast SEO plugin. -->","yoast_head_json":{"title":"Recrutements PACTE - Travailler \u00e0 l&#039;UL","robots":{"index":"index","follow":"follow","max-snippet":"max-snippet:-1","max-image-preview":"max-image-preview:large","max-video-preview":"max-video-preview:-1"},"canonical":"https:\/\/www.univ-lorraine.fr\/travailler-a-l-ul\/recrutement-personnels-biatss\/recrutements-pacte\/","og_locale":"fr_FR","og_type":"article","og_title":"Recrutements PACTE - Travailler \u00e0 l&#039;UL","og_description":"1 poste de cat\u00e9gorie C est ouvert aux recrutements PACTE Les inscriptions sont ouvertes du 8 avril 2026 au 6 mai 2026. Le PACTE (Parcours d&rsquo;acc\u00e8s aux carri\u00e8res de la fonction publique territoriale, hospitali\u00e8re et d&rsquo;\u00c9tat) est un mode de recrutement sans concours dans la fonction publique pour des emplois de cat\u00e9gorie C.&nbsp;&nbsp; Un contrat ... Lire plus","og_url":"https:\/\/www.univ-lorraine.fr\/travailler-a-l-ul\/recrutement-personnels-biatss\/recrutements-pacte\/","og_site_name":"Travailler \u00e0 l&#039;UL","article_modified_time":"2026-04-08T07:51:24+00:00","twitter_card":"summary_large_image","twitter_misc":{"Dur\u00e9e de lecture estim\u00e9e":"3 minutes"},"schema":{"@context":"https:\/\/schema.org","@graph":[{"@type":"WebPage","@id":"https:\/\/www.univ-lorraine.fr\/travailler-a-l-ul\/recrutement-personnels-biatss\/recrutements-pacte\/","url":"https:\/\/www.univ-lorraine.fr\/travailler-a-l-ul\/recrutement-personnels-biatss\/recrutements-pacte\/","name":"Recrutements PACTE - Travailler \u00e0 l&#039;UL","isPartOf":{"@id":"https:\/\/www.univ-lorraine.fr\/travailler-a-l-ul\/#website"},"datePublished":"2024-03-05T10:17:22+00:00","dateModified":"2026-04-08T07:51:24+00:00","breadcrumb":{"@id":"https:\/\/www.univ-lorraine.fr\/travailler-a-l-ul\/recrutement-personnels-biatss\/recrutements-pacte\/#breadcrumb"},"inLanguage":"fr-FR","potentialAction":[{"@type":"ReadAction","target":["https:\/\/www.univ-lorraine.fr\/travailler-a-l-ul\/recrutement-personnels-biatss\/recrutements-pacte\/"]}]},{"@type":"BreadcrumbList","@id":"https:\/\/www.univ-lorraine.fr\/travailler-a-l-ul\/recrutement-personnels-biatss\/recrutements-pacte\/#breadcrumb","itemListElement":[{"@type":"ListItem","position":1,"name":"Accueil","item":"https:\/\/www.univ-lorraine.fr\/travailler-a-l-ul\/"},{"@type":"ListItem","position":2,"name":"Recrutement Personnel administratif, technique et des biblioth\u00e8ques","item":"https:\/\/www.univ-lorraine.fr\/travailler-a-l-ul\/recrutement-personnels-biatss\/"},{"@type":"ListItem","position":3,"name":"Recrutements PACTE"}]},{"@type":"WebSite","@id":"https:\/\/www.univ-lorraine.fr\/travailler-a-l-ul\/#website","url":"https:\/\/www.univ-lorraine.fr\/travailler-a-l-ul\/","name":"Travailler \u00e0 l&#039;UL","description":"","publisher":{"@id":"https:\/\/www.univ-lorraine.fr\/travailler-a-l-ul\/#organization"},"potentialAction":[{"@type":"SearchAction","target":{"@type":"EntryPoint","urlTemplate":"https:\/\/www.univ-lorraine.fr\/travailler-a-l-ul\/?s={search_term_string}"},"query-input":{"@type":"PropertyValueSpecification","valueRequired":true,"valueName":"search_term_string"}}],"inLanguage":"fr-FR"},{"@type":"Organization","@id":"https:\/\/www.univ-lorraine.fr\/travailler-a-l-ul\/#organization","name":"Universit\u00e9 de Lorraine","url":"https:\/\/www.univ-lorraine.fr\/travailler-a-l-ul\/","logo":{"@type":"ImageObject","inLanguage":"fr-FR","@id":"https:\/\/www.univ-lorraine.fr\/travailler-a-l-ul\/#\/schema\/logo\/image\/","url":"https:\/\/www.univ-lorraine.fr\/travailler-a-l-ul\/wp-content\/uploads\/sites\/13\/2021\/01\/LOGO_UL.png","contentUrl":"https:\/\/www.univ-lorraine.fr\/travailler-a-l-ul\/wp-content\/uploads\/sites\/13\/2021\/01\/LOGO_UL.png","width":138,"height":48,"caption":"Universit\u00e9 de Lorraine"},"image":{"@id":"https:\/\/www.univ-lorraine.fr\/travailler-a-l-ul\/#\/schema\/logo\/image\/"}}]}},"_links":{"self":[{"href":"https:\/\/www.univ-lorraine.fr\/travailler-a-l-ul\/wp-json\/wp\/v2\/pages\/8753","targetHints":{"allow":["GET"]}}],"collection":[{"href":"https:\/\/www.univ-lorraine.fr\/travailler-a-l-ul\/wp-json\/wp\/v2\/pages"}],"about":[{"href":"https:\/\/www.univ-lorraine.fr\/travailler-a-l-ul\/wp-json\/wp\/v2\/types\/page"}],"author":[{"embeddable":true,"href":"https:\/\/www.univ-lorraine.fr\/travailler-a-l-ul\/wp-json\/wp\/v2\/users\/7"}],"replies":[{"embeddable":true,"href":"https:\/\/www.univ-lorraine.fr\/travailler-a-l-ul\/wp-json\/wp\/v2\/comments?post=8753"}],"version-history":[{"count":39,"href":"https:\/\/www.univ-lorraine.fr\/travailler-a-l-ul\/wp-json\/wp\/v2\/pages\/8753\/revisions"}],"predecessor-version":[{"id":11804,"href":"https:\/\/www.univ-lorraine.fr\/travailler-a-l-ul\/wp-json\/wp\/v2\/pages\/8753\/revisions\/11804"}],"up":[{"embeddable":true,"href":"https:\/\/www.univ-lorraine.fr\/travailler-a-l-ul\/wp-json\/wp\/v2\/pages\/43"}],"wp:attachment":[{"href":"https:\/\/www.univ-lorraine.fr\/travailler-a-l-ul\/wp-json\/wp\/v2\/media?parent=8753"}],"curies":[{"name":"wp","href":"https:\/\/api.w.org\/{rel}","templated":true}]}}